{"id":3801,"date":"2022-01-15T16:05:34","date_gmt":"2022-01-15T16:05:34","guid":{"rendered":"https:\/\/staging.ordemdosfisioterapeutas.pt\/?page_id=3801"},"modified":"2023-06-29T11:07:52","modified_gmt":"2023-06-29T10:07:52","slug":"conselho-geral","status":"publish","type":"page","link":"https:\/\/staging.ordemdosfisioterapeutas.pt\/en\/conselho-geral\/","title":{"rendered":"General Council"},"content":{"rendered":"\t\t<div data-elementor-type=\"wp-page\" data-elementor-id=\"3801\" class=\"elementor elementor-3801\" data-elementor-post-type=\"page\">\n\t\t\t\t\t\t<section class=\"elementor-section elementor-top-section elementor-element elementor-element-5b1ae79 elementor-section-boxed elementor-section-height-default elementor-section-height-default\" data-id=\"5b1ae79\" data-element_type=\"section\" data-e-type=\"section\">\n\t\t\t\t\t\t<div class=\"elementor-container elementor-column-gap-default\">\n\t\t\t\t\t<div class=\"elementor-column elementor-col-20 elementor-top-column elementor-element elementor-element-ee6de6e\" data-id=\"ee6de6e\" data-element_type=\"column\" data-e-type=\"column\">\n\t\t\t<div class=\"elementor-widget-wrap\">\n\t\t\t\t\t\t\t<\/div>\n\t\t<\/div>\n\t\t\t\t<div class=\"elementor-column elementor-col-20 elementor-top-column elementor-element elementor-element-ffb7bb9\" data-id=\"ffb7bb9\" data-element_type=\"column\" data-e-type=\"column\">\n\t\t\t<div class=\"elementor-widget-wrap\">\n\t\t\t\t\t\t\t<\/div>\n\t\t<\/div>\n\t\t\t\t<div class=\"elementor-column elementor-col-20 elementor-top-column elementor-element elementor-element-b4df03d\" data-id=\"b4df03d\" data-element_type=\"column\" data-e-type=\"column\">\n\t\t\t<div class=\"elementor-widget-wrap elementor-element-populated\">\n\t\t\t\t\t\t<section class=\"elementor-section elementor-inner-section elementor-element elementor-element-4d7fb31 elementor-section-boxed elementor-section-height-default elementor-section-height-default\" data-id=\"4d7fb31\" data-element_type=\"section\" data-e-type=\"section\">\n\t\t\t\t\t\t<div class=\"elementor-container elementor-column-gap-default\">\n\t\t\t\t\t<div class=\"elementor-column elementor-col-100 elementor-inner-column elementor-element elementor-element-6055bf7\" data-id=\"6055bf7\" data-element_type=\"column\" data-e-type=\"column\">\n\t\t\t<div class=\"elementor-widget-wrap elementor-element-populated\">\n\t\t\t\t\t\t<div class=\"elementor-element elementor-element-cbd4b5c elementor-widget elementor-widget-hotspot\" data-id=\"cbd4b5c\" data-element_type=\"widget\" data-e-type=\"widget\" data-settings=\"{&quot;hotspot&quot;:[{&quot;_id&quot;:&quot;b629176&quot;,&quot;hotspot_custom_size&quot;:&quot;&quot;,&quot;hotspot_tooltip_content&quot;:&quot;&lt;p&gt;Fisioterapeuta desde 1987, com experi\\u00eancia cl\\u00ednica em institui\\u00e7\\u00f5es publicas e privadas, Mestrado em Sociopsicologia da Sa\\u00fade e Doutoramento em Tecnologias da Sa\\u00fade. Atualmente Professor Coordenador da \\u00e1rea da Fisioterapia na Escola Superior de Sa\\u00fade da Universidade de Aveiro, com interesse na \\u00e1rea disciplinar de Fisioterapia Neurol\\u00f3gica e na investiga\\u00e7\\u00e3o cl\\u00ednica ao n\\u00edvel da Funcionalidade e do movimento humano&lt;\\\/p&gt;&quot;,&quot;hotspot_offset_x&quot;:{&quot;unit&quot;:&quot;%&quot;,&quot;size&quot;:95,&quot;sizes&quot;:[]},&quot;hotspot_offset_y&quot;:{&quot;unit&quot;:&quot;%&quot;,&quot;size&quot;:95,&quot;sizes&quot;:[]},&quot;hotspot_icon&quot;:{&quot;value&quot;:&quot;fas fa-plus-circle&quot;,&quot;library&quot;:&quot;fa-solid&quot;},&quot;hotspot_label&quot;:&quot;&quot;,&quot;hotspot_link&quot;:{&quot;url&quot;:&quot;&quot;,&quot;is_external&quot;:&quot;&quot;,&quot;nofollow&quot;:&quot;&quot;,&quot;custom_attributes&quot;:&quot;&quot;},&quot;hotspot_horizontal&quot;:&quot;left&quot;,&quot;hotspot_vertical&quot;:&quot;top&quot;,&quot;hotspot_tooltip_position&quot;:&quot;no&quot;,&quot;hotspot_position&quot;:null}],&quot;tooltip_position_mobile&quot;:&quot;right&quot;,&quot;hotspot_sequenced_animation&quot;:&quot;no&quot;,&quot;tooltip_position&quot;:&quot;top&quot;,&quot;tooltip_trigger&quot;:&quot;click&quot;,&quot;tooltip_animation&quot;:&quot;e-hotspot--fade-in-out&quot;}\" data-widget_type=\"hotspot.default\">\n\t\t\t\t<div class=\"elementor-widget-container\">\n\t\t\t\t\t<img fetchpriority=\"high\" decoding=\"async\" width=\"550\" height=\"383\" src=\"https:\/\/staging.ordemdosfisioterapeutas.pt\/wp-content\/uploads\/2023\/06\/1-Rui-Dias-Costa_CG.png\" class=\"attachment-large size-large wp-image-5999\" alt=\"\" srcset=\"https:\/\/staging.ordemdosfisioterapeutas.pt\/wp-content\/uploads\/2023\/06\/1-Rui-Dias-Costa_CG.png 550w, https:\/\/staging.ordemdosfisioterapeutas.pt\/wp-content\/uploads\/2023\/06\/1-Rui-Dias-Costa_CG-300x209.png 300w, https:\/\/staging.ordemdosfisioterapeutas.pt\/wp-content\/uploads\/2023\/06\/1-Rui-Dias-Costa_CG-18x12.png 18w\" sizes=\"(max-width: 550px) 100vw, 550px\" \/>\n\t\t\t\t\t\t<div class=\"e-hotspot elementor-repeater-item-b629176  e-hotspot--position-left e-hotspot--position-top   e-hotspot--icon\">\n\n\t\t\t\t\t\t\t\t<div class=\"e-hotspot__button e-hotspot--expand\">\n\t\t\t\t\t\t\t\t\t\t\t\t\t\t\t\t\t\t<div class=\"e-hotspot__icon\"><i class=\"fas fa-plus-circle\"><\/i><\/div>\n\t\t\t\t\t\t\t\t\t\t\t\t\t\t\t\t\t\t\t\t\t<\/div>\n\n\t\t\t\t\t\t\t\t\t\t\t\t\t\t\t\t\t\t<div class=\"e-hotspot__tooltip  e-hotspot--tooltip-position e-hotspot--fade-in-out \" >\n\t\t\t\t\t\t<p>Fisioterapeuta desde 1987, com experi\u00eancia cl\u00ednica em institui\u00e7\u00f5es publicas e privadas, Mestrado em Sociopsicologia da Sa\u00fade e Doutoramento em Tecnologias da Sa\u00fade. Atualmente Professor Coordenador da \u00e1rea da Fisioterapia na Escola Superior de Sa\u00fade da Universidade de Aveiro, com interesse na \u00e1rea disciplinar de Fisioterapia Neurol\u00f3gica e na investiga\u00e7\u00e3o cl\u00ednica ao n\u00edvel da Funcionalidade e do movimento humano<\/p>\t\t\t\t\t<\/div>\n\t\t\t\t\t\t\t\t\t\n\t\t\t<\/div>\n\n\t\n\t\t\t\t\t\t<\/div>\n\t\t\t\t<\/div>\n\t\t\t\t<div class=\"elementor-element elementor-element-9ba2fe6 elementor-widget elementor-widget-heading\" data-id=\"9ba2fe6\" data-element_type=\"widget\" data-e-type=\"widget\" data-widget_type=\"heading.default\">\n\t\t\t\t<div class=\"elementor-widget-container\">\n\t\t\t\t\t<h2 class=\"elementor-heading-title elementor-size-default\">Rui Dias Costa<\/h2>\t\t\t\t<\/div>\n\t\t\t\t<\/div>\n\t\t\t\t<div class=\"elementor-element elementor-element-61605e6 elementor-widget elementor-widget-text-editor\" data-id=\"61605e6\" data-element_type=\"widget\" data-e-type=\"widget\" data-widget_type=\"text-editor.default\">\n\t\t\t\t<div class=\"elementor-widget-container\">\n\t\t\t\t\t\t\t\t\t<p style=\"text-align: center;\">Presidente da Mesa<\/p>\t\t\t\t\t\t\t\t<\/div>\n\t\t\t\t<\/div>\n\t\t\t\t<div class=\"elementor-element elementor-element-b499d49 elementor-widget elementor-widget-text-editor\" data-id=\"b499d49\" data-element_type=\"widget\" data-e-type=\"widget\" data-widget_type=\"text-editor.default\">\n\t\t\t\t<div class=\"elementor-widget-container\">\n\t\t\t\t\t\t\t\t\t<p style=\"text-align: center;\">C\u00e9dula n.\u00ba: 11<\/p>\t\t\t\t\t\t\t\t<\/div>\n\t\t\t\t<\/div>\n\t\t\t\t\t<\/div>\n\t\t<\/div>\n\t\t\t\t\t<\/div>\n\t\t<\/section>\n\t\t\t\t\t<\/div>\n\t\t<\/div>\n\t\t\t\t<div class=\"elementor-column elementor-col-20 elementor-top-column elementor-element elementor-element-33b18a5\" data-id=\"33b18a5\" data-element_type=\"column\" data-e-type=\"column\">\n\t\t\t<div class=\"elementor-widget-wrap\">\n\t\t\t\t\t\t\t<\/div>\n\t\t<\/div>\n\t\t\t\t<div class=\"elementor-column elementor-col-20 elementor-top-column elementor-element elementor-element-b8da88a\" data-id=\"b8da88a\" data-element_type=\"column\" data-e-type=\"column\">\n\t\t\t<div class=\"elementor-widget-wrap\">\n\t\t\t\t\t\t\t<\/div>\n\t\t<\/div>\n\t\t\t\t\t<\/div>\n\t\t<\/section>\n\t\t\t\t<section class=\"elementor-section elementor-top-section elementor-element elementor-element-638380e elementor-section-boxed elementor-section-height-default elementor-section-height-default\" data-id=\"638380e\" data-element_type=\"section\" data-e-type=\"section\">\n\t\t\t\t\t\t<div class=\"elementor-container elementor-column-gap-default\">\n\t\t\t\t\t<div class=\"elementor-column elementor-col-25 elementor-top-column elementor-element elementor-element-179388f\" data-id=\"179388f\" data-element_type=\"column\" data-e-type=\"column\">\n\t\t\t<div class=\"elementor-widget-wrap\">\n\t\t\t\t\t\t\t<\/div>\n\t\t<\/div>\n\t\t\t\t<div class=\"elementor-column elementor-col-25 elementor-top-column elementor-element elementor-element-598a1fd\" data-id=\"598a1fd\" data-element_type=\"column\" data-e-type=\"column\">\n\t\t\t<div class=\"elementor-widget-wrap elementor-element-populated\">\n\t\t\t\t\t\t<section class=\"elementor-section elementor-inner-section elementor-element elementor-element-353760c elementor-section-boxed elementor-section-height-default elementor-section-height-default\" data-id=\"353760c\" data-element_type=\"section\" data-e-type=\"section\">\n\t\t\t\t\t\t<div class=\"elementor-container elementor-column-gap-default\">\n\t\t\t\t\t<div class=\"elementor-column elementor-col-100 elementor-inner-column elementor-element elementor-element-afe5363\" data-id=\"afe5363\" data-element_type=\"column\" data-e-type=\"column\">\n\t\t\t<div class=\"elementor-widget-wrap elementor-element-populated\">\n\t\t\t\t\t\t<div class=\"elementor-element elementor-element-2b2f016 elementor-widget elementor-widget-hotspot\" data-id=\"2b2f016\" data-element_type=\"widget\" data-e-type=\"widget\" data-settings=\"{&quot;hotspot&quot;:[{&quot;_id&quot;:&quot;b629176&quot;,&quot;hotspot_custom_size&quot;:&quot;&quot;,&quot;hotspot_tooltip_content&quot;:&quot;&lt;p&gt;Licenciada em Fisioterapia pela Escola Superior de Sa\\u00fade da Universidade de Aveiro, P\\u00f3s-Graduada em Higiene, Seguran\\u00e7a e Sa\\u00fade no Trabalho pelo Instituto Polit\\u00e9cnico do Porto, Mestre em Gest\\u00e3o e Economia dos Servi\\u00e7os de Sa\\u00fade pela Faculdade de Economia da Universidade do Porto e atualmente a realizar o doutoramento no Instituto de Ci\\u00eancias Biom\\u00e9dicas Abel Salazar. Pr\\u00e1tica cl\\u00ednica no Centro Hospitalar Universit\\u00e1rio de Santo Ant\\u00f3nio na \\u00e1rea da neonatologia e pediatria e assistente convidada na Escola Superior de Sa\\u00fade da Universidade de Aveiro.&lt;\\\/p&gt;&quot;,&quot;hotspot_offset_x&quot;:{&quot;unit&quot;:&quot;%&quot;,&quot;size&quot;:95,&quot;sizes&quot;:[]},&quot;hotspot_offset_y&quot;:{&quot;unit&quot;:&quot;%&quot;,&quot;size&quot;:95,&quot;sizes&quot;:[]},&quot;hotspot_icon&quot;:{&quot;value&quot;:&quot;fas fa-plus-circle&quot;,&quot;library&quot;:&quot;fa-solid&quot;},&quot;hotspot_label&quot;:&quot;&quot;,&quot;hotspot_link&quot;:{&quot;url&quot;:&quot;&quot;,&quot;is_external&quot;:&quot;&quot;,&quot;nofollow&quot;:&quot;&quot;,&quot;custom_attributes&quot;:&quot;&quot;},&quot;hotspot_horizontal&quot;:&quot;left&quot;,&quot;hotspot_vertical&quot;:&quot;top&quot;,&quot;hotspot_tooltip_position&quot;:&quot;no&quot;,&quot;hotspot_position&quot;:null}],&quot;tooltip_position_mobile&quot;:&quot;right&quot;,&quot;hotspot_sequenced_animation&quot;:&quot;no&quot;,&quot;tooltip_position&quot;:&quot;top&quot;,&quot;tooltip_trigger&quot;:&quot;click&quot;,&quot;tooltip_animation&quot;:&quot;e-hotspot--fade-in-out&quot;}\" data-widget_type=\"hotspot.default\">\n\t\t\t\t<div class=\"elementor-widget-container\">\n\t\t\t\t\t<img decoding=\"async\" width=\"550\" height=\"383\" src=\"https:\/\/staging.ordemdosfisioterapeutas.pt\/wp-content\/uploads\/2023\/06\/2-Andreia-Rocha_CG.png\" class=\"attachment-large size-large wp-image-6000\" alt=\"\" srcset=\"https:\/\/staging.ordemdosfisioterapeutas.pt\/wp-content\/uploads\/2023\/06\/2-Andreia-Rocha_CG.png 550w, https:\/\/staging.ordemdosfisioterapeutas.pt\/wp-content\/uploads\/2023\/06\/2-Andreia-Rocha_CG-300x209.png 300w, https:\/\/staging.ordemdosfisioterapeutas.pt\/wp-content\/uploads\/2023\/06\/2-Andreia-Rocha_CG-18x12.png 18w\" sizes=\"(max-width: 550px) 100vw, 550px\" \/>\n\t\t\t\t\t\t<div class=\"e-hotspot elementor-repeater-item-b629176  e-hotspot--position-left e-hotspot--position-top   e-hotspot--icon\">\n\n\t\t\t\t\t\t\t\t<div class=\"e-hotspot__button e-hotspot--expand\">\n\t\t\t\t\t\t\t\t\t\t\t\t\t\t\t\t\t\t<div class=\"e-hotspot__icon\"><i class=\"fas fa-plus-circle\"><\/i><\/div>\n\t\t\t\t\t\t\t\t\t\t\t\t\t\t\t\t\t\t\t\t\t<\/div>\n\n\t\t\t\t\t\t\t\t\t\t\t\t\t\t\t\t\t\t<div class=\"e-hotspot__tooltip  e-hotspot--tooltip-position e-hotspot--fade-in-out \" >\n\t\t\t\t\t\t<p>Licenciada em Fisioterapia pela Escola Superior de Sa\u00fade da Universidade de Aveiro, P\u00f3s-Graduada em Higiene, Seguran\u00e7a e Sa\u00fade no Trabalho pelo Instituto Polit\u00e9cnico do Porto, Mestre em Gest\u00e3o e Economia dos Servi\u00e7os de Sa\u00fade pela Faculdade de Economia da Universidade do Porto e atualmente a realizar o doutoramento no Instituto de Ci\u00eancias Biom\u00e9dicas Abel Salazar. Pr\u00e1tica cl\u00ednica no Centro Hospitalar Universit\u00e1rio de Santo Ant\u00f3nio na \u00e1rea da neonatologia e pediatria e assistente convidada na Escola Superior de Sa\u00fade da Universidade de Aveiro.<\/p>\t\t\t\t\t<\/div>\n\t\t\t\t\t\t\t\t\t\n\t\t\t<\/div>\n\n\t\n\t\t\t\t\t\t<\/div>\n\t\t\t\t<\/div>\n\t\t\t\t<div class=\"elementor-element elementor-element-af5da05 elementor-widget elementor-widget-heading\" data-id=\"af5da05\" data-element_type=\"widget\" data-e-type=\"widget\" data-widget_type=\"heading.default\">\n\t\t\t\t<div class=\"elementor-widget-container\">\n\t\t\t\t\t<h2 class=\"elementor-heading-title elementor-size-default\">Andreia Rocha<\/h2>\t\t\t\t<\/div>\n\t\t\t\t<\/div>\n\t\t\t\t<div class=\"elementor-element elementor-element-0018910 elementor-widget elementor-widget-text-editor\" data-id=\"0018910\" data-element_type=\"widget\" data-e-type=\"widget\" data-widget_type=\"text-editor.default\">\n\t\t\t\t<div class=\"elementor-widget-container\">\n\t\t\t\t\t\t\t\t\t<p style=\"text-align: center;\">Secret\u00e1ria da Mesa<\/p>\t\t\t\t\t\t\t\t<\/div>\n\t\t\t\t<\/div>\n\t\t\t\t<div class=\"elementor-element elementor-element-cc39ecc elementor-widget elementor-widget-text-editor\" data-id=\"cc39ecc\" data-element_type=\"widget\" data-e-type=\"widget\" data-widget_type=\"text-editor.default\">\n\t\t\t\t<div class=\"elementor-widget-container\">\n\t\t\t\t\t\t\t\t\t<p style=\"text-align: center;\">C\u00e9dula n.\u00ba: 1353<\/p>\t\t\t\t\t\t\t\t<\/div>\n\t\t\t\t<\/div>\n\t\t\t\t\t<\/div>\n\t\t<\/div>\n\t\t\t\t\t<\/div>\n\t\t<\/section>\n\t\t\t\t\t<\/div>\n\t\t<\/div>\n\t\t\t\t<div class=\"elementor-column elementor-col-25 elementor-top-column elementor-element elementor-element-940c343\" data-id=\"940c343\" data-element_type=\"column\" data-e-type=\"column\">\n\t\t\t<div class=\"elementor-widget-wrap elementor-element-populated\">\n\t\t\t\t\t\t<section class=\"elementor-section elementor-inner-section elementor-element elementor-element-590ad8a elementor-section-boxed elementor-section-height-default elementor-section-height-default\" data-id=\"590ad8a\" data-element_type=\"section\" data-e-type=\"section\">\n\t\t\t\t\t\t<div class=\"elementor-container elementor-column-gap-default\">\n\t\t\t\t\t<div class=\"elementor-column elementor-col-100 elementor-inner-column elementor-element elementor-element-97aca43\" data-id=\"97aca43\" data-element_type=\"column\" data-e-type=\"column\">\n\t\t\t<div class=\"elementor-widget-wrap elementor-element-populated\">\n\t\t\t\t\t\t<div class=\"elementor-element elementor-element-0457039 elementor-widget elementor-widget-hotspot\" data-id=\"0457039\" data-element_type=\"widget\" data-e-type=\"widget\" data-settings=\"{&quot;hotspot&quot;:[{&quot;_id&quot;:&quot;b629176&quot;,&quot;hotspot_custom_size&quot;:&quot;&quot;,&quot;hotspot_tooltip_content&quot;:&quot;&lt;p&gt;Fisioterapeuta desde 1995 e a trabalhar em Cuidados de Sa\\u00fade Prim\\u00e1rios desde 2004. Experi\\u00eancia profissional anterior em contexto hospitalar, IPSS e cl\\u00ednica privada. Colabora\\u00e7\\u00e3o com grupos de trabalho Ministeriais, com as ARS LVT, Norte e Centro e associa\\u00e7\\u00f5es profissionais. Experi\\u00eancia de Coordena\\u00e7\\u00e3o de Unidade Funcional (URAP) e como Vogal do Conselho Cl\\u00ednico e de Sa\\u00fade (CCS). Orienta\\u00e7\\u00e3o de est\\u00e1gios cl\\u00ednicos desde 2000 e formadora certificada (CCP). P\\u00f3s gradua\\u00e7\\u00e3o em neurodesenvolvimento. Mestranda em Gest\\u00e3o de Sa\\u00fade na Escola Nacional de Sa\\u00fade P\\u00fablica (ENSP).&lt;\\\/p&gt;&quot;,&quot;hotspot_offset_x&quot;:{&quot;unit&quot;:&quot;%&quot;,&quot;size&quot;:95,&quot;sizes&quot;:[]},&quot;hotspot_offset_y&quot;:{&quot;unit&quot;:&quot;%&quot;,&quot;size&quot;:95,&quot;sizes&quot;:[]},&quot;hotspot_icon&quot;:{&quot;value&quot;:&quot;fas fa-plus-circle&quot;,&quot;library&quot;:&quot;fa-solid&quot;},&quot;hotspot_label&quot;:&quot;&quot;,&quot;hotspot_link&quot;:{&quot;url&quot;:&quot;&quot;,&quot;is_external&quot;:&quot;&quot;,&quot;nofollow&quot;:&quot;&quot;,&quot;custom_attributes&quot;:&quot;&quot;},&quot;hotspot_horizontal&quot;:&quot;left&quot;,&quot;hotspot_vertical&quot;:&quot;top&quot;,&quot;hotspot_tooltip_position&quot;:&quot;no&quot;,&quot;hotspot_position&quot;:null}],&quot;tooltip_position_mobile&quot;:&quot;right&quot;,&quot;hotspot_sequenced_animation&quot;:&quot;no&quot;,&quot;tooltip_position&quot;:&quot;top&quot;,&quot;tooltip_trigger&quot;:&quot;click&quot;,&quot;tooltip_animation&quot;:&quot;e-hotspot--fade-in-out&quot;}\" data-widget_type=\"hotspot.default\">\n\t\t\t\t<div class=\"elementor-widget-container\">\n\t\t\t\t\t<img decoding=\"async\" width=\"550\" height=\"383\" src=\"https:\/\/staging.ordemdosfisioterapeutas.pt\/wp-content\/uploads\/2023\/06\/3_ana-casaca_CG.jpg\" class=\"attachment-large size-large wp-image-6001\" alt=\"\" srcset=\"https:\/\/staging.ordemdosfisioterapeutas.pt\/wp-content\/uploads\/2023\/06\/3_ana-casaca_CG.jpg 550w, https:\/\/staging.ordemdosfisioterapeutas.pt\/wp-content\/uploads\/2023\/06\/3_ana-casaca_CG-300x209.jpg 300w, https:\/\/staging.ordemdosfisioterapeutas.pt\/wp-content\/uploads\/2023\/06\/3_ana-casaca_CG-18x12.jpg 18w\" sizes=\"(max-width: 550px) 100vw, 550px\" \/>\n\t\t\t\t\t\t<div class=\"e-hotspot elementor-repeater-item-b629176  e-hotspot--position-left e-hotspot--position-top   e-hotspot--icon\">\n\n\t\t\t\t\t\t\t\t<div class=\"e-hotspot__button e-hotspot--expand\">\n\t\t\t\t\t\t\t\t\t\t\t\t\t\t\t\t\t\t<div class=\"e-hotspot__icon\"><i class=\"fas fa-plus-circle\"><\/i><\/div>\n\t\t\t\t\t\t\t\t\t\t\t\t\t\t\t\t\t\t\t\t\t<\/div>\n\n\t\t\t\t\t\t\t\t\t\t\t\t\t\t\t\t\t\t<div class=\"e-hotspot__tooltip  e-hotspot--tooltip-position e-hotspot--fade-in-out \" >\n\t\t\t\t\t\t<p>Fisioterapeuta desde 1995 e a trabalhar em Cuidados de Sa\u00fade Prim\u00e1rios desde 2004. Experi\u00eancia profissional anterior em contexto hospitalar, IPSS e cl\u00ednica privada. Colabora\u00e7\u00e3o com grupos de trabalho Ministeriais, com as ARS LVT, Norte e Centro e associa\u00e7\u00f5es profissionais. Experi\u00eancia de Coordena\u00e7\u00e3o de Unidade Funcional (URAP) e como Vogal do Conselho Cl\u00ednico e de Sa\u00fade (CCS). Orienta\u00e7\u00e3o de est\u00e1gios cl\u00ednicos desde 2000 e formadora certificada (CCP). P\u00f3s gradua\u00e7\u00e3o em neurodesenvolvimento. Mestranda em Gest\u00e3o de Sa\u00fade na Escola Nacional de Sa\u00fade P\u00fablica (ENSP).<\/p>\t\t\t\t\t<\/div>\n\t\t\t\t\t\t\t\t\t\n\t\t\t<\/div>\n\n\t\n\t\t\t\t\t\t<\/div>\n\t\t\t\t<\/div>\n\t\t\t\t<div class=\"elementor-element elementor-element-b849ee5 elementor-widget elementor-widget-heading\" data-id=\"b849ee5\" data-element_type=\"widget\" data-e-type=\"widget\" data-widget_type=\"heading.default\">\n\t\t\t\t<div class=\"elementor-widget-container\">\n\t\t\t\t\t<h2 class=\"elementor-heading-title elementor-size-default\">Ana Casaca<\/h2>\t\t\t\t<\/div>\n\t\t\t\t<\/div>\n\t\t\t\t<div class=\"elementor-element elementor-element-ea122ea elementor-widget elementor-widget-text-editor\" data-id=\"ea122ea\" data-element_type=\"widget\" data-e-type=\"widget\" data-widget_type=\"text-editor.default\">\n\t\t\t\t<div class=\"elementor-widget-container\">\n\t\t\t\t\t\t\t\t\t<p style=\"text-align: center;\">Secret\u00e1ria da Mesa<\/p>\t\t\t\t\t\t\t\t<\/div>\n\t\t\t\t<\/div>\n\t\t\t\t<div class=\"elementor-element elementor-element-6d8aca7 elementor-widget elementor-widget-text-editor\" data-id=\"6d8aca7\" data-element_type=\"widget\" data-e-type=\"widget\" data-widget_type=\"text-editor.default\">\n\t\t\t\t<div class=\"elementor-widget-container\">\n\t\t\t\t\t\t\t\t\t<p style=\"text-align: center;\">C\u00e9dula n.\u00ba: 1107<\/p>\t\t\t\t\t\t\t\t<\/div>\n\t\t\t\t<\/div>\n\t\t\t\t\t<\/div>\n\t\t<\/div>\n\t\t\t\t\t<\/div>\n\t\t<\/section>\n\t\t\t\t\t<\/div>\n\t\t<\/div>\n\t\t\t\t<div class=\"elementor-column elementor-col-25 elementor-top-column elementor-element elementor-element-ac629b9\" data-id=\"ac629b9\" data-element_type=\"column\" data-e-type=\"column\">\n\t\t\t<div class=\"elementor-widget-wrap\">\n\t\t\t\t\t\t\t<\/div>\n\t\t<\/div>\n\t\t\t\t\t<\/div>\n\t\t<\/section>\n\t\t\t\t<section class=\"elementor-section elementor-top-section elementor-element elementor-element-b1a9e7c elementor-section-boxed elementor-section-height-default elementor-section-height-default\" data-id=\"b1a9e7c\" data-element_type=\"section\" data-e-type=\"section\">\n\t\t\t\t\t\t<div class=\"elementor-container elementor-column-gap-default\">\n\t\t\t\t\t<div class=\"elementor-column elementor-col-20 elementor-top-column elementor-element elementor-element-a0b1deb\" data-id=\"a0b1deb\" data-element_type=\"column\" data-e-type=\"column\">\n\t\t\t<div class=\"elementor-widget-wrap elementor-element-populated\">\n\t\t\t\t\t\t<section class=\"elementor-section elementor-inner-section elementor-element elementor-element-25c007c elementor-section-boxed elementor-section-height-default elementor-section-height-default\" data-id=\"25c007c\" data-element_type=\"section\" data-e-type=\"section\">\n\t\t\t\t\t\t<div class=\"elementor-container elementor-column-gap-default\">\n\t\t\t\t\t<div class=\"elementor-column elementor-col-100 elementor-inner-column elementor-element elementor-element-3717663\" data-id=\"3717663\" data-element_type=\"column\" data-e-type=\"column\">\n\t\t\t<div class=\"elementor-widget-wrap elementor-element-populated\">\n\t\t\t\t\t\t<div class=\"elementor-element elementor-element-1a506c1 elementor-widget elementor-widget-hotspot\" data-id=\"1a506c1\" data-element_type=\"widget\" data-e-type=\"widget\" data-settings=\"{&quot;hotspot&quot;:[{&quot;_id&quot;:&quot;b629176&quot;,&quot;hotspot_custom_size&quot;:&quot;&quot;,&quot;hotspot_tooltip_content&quot;:&quot;&lt;p&gt;Fisioterapeuta desde 2001 (ESTS Porto). Doutorando em Fisioterapia pela Faculdade de Desporto da Universidade do Porto. \\u00c9 docente na Escola Superior de Sa\\u00fade Fernando Pessoa. Exerceu fun\\u00e7\\u00f5es como fisioterapeuta em contexto hospitalar, de cl\\u00ednica de MFR e de unidade de Fisioterapia. Exerce a sua atividade cl\\u00ednica como fisioterapeuta na cl\\u00ednica pedag\\u00f3gica da ESS-FP, que Coordena, em articula\\u00e7\\u00e3o com as atividades letivas. Membro do corpo editorial de revistas cient\\u00edficas internacionais, com publica\\u00e7\\u00f5es em revistas internacionais indexadas.&lt;\\\/p&gt;&quot;,&quot;hotspot_offset_x&quot;:{&quot;unit&quot;:&quot;%&quot;,&quot;size&quot;:95,&quot;sizes&quot;:[]},&quot;hotspot_offset_y&quot;:{&quot;unit&quot;:&quot;%&quot;,&quot;size&quot;:95,&quot;sizes&quot;:[]},&quot;hotspot_icon&quot;:{&quot;value&quot;:&quot;fas fa-plus-circle&quot;,&quot;library&quot;:&quot;fa-solid&quot;},&quot;hotspot_label&quot;:&quot;&quot;,&quot;hotspot_link&quot;:{&quot;url&quot;:&quot;&quot;,&quot;is_external&quot;:&quot;&quot;,&quot;nofollow&quot;:&quot;&quot;,&quot;custom_attributes&quot;:&quot;&quot;},&quot;hotspot_horizontal&quot;:&quot;left&quot;,&quot;hotspot_vertical&quot;:&quot;top&quot;,&quot;hotspot_tooltip_position&quot;:&quot;no&quot;,&quot;hotspot_position&quot;:null}],&quot;tooltip_position_mobile&quot;:&quot;right&quot;,&quot;hotspot_sequenced_animation&quot;:&quot;no&quot;,&quot;tooltip_position&quot;:&quot;top&quot;,&quot;tooltip_trigger&quot;:&quot;click&quot;,&quot;tooltip_animation&quot;:&quot;e-hotspot--fade-in-out&quot;}\" data-widget_type=\"hotspot.default\">\n\t\t\t\t<div class=\"elementor-widget-container\">\n\t\t\t\t\t<img loading=\"lazy\" decoding=\"async\" width=\"550\" height=\"383\" src=\"https:\/\/staging.ordemdosfisioterapeutas.pt\/wp-content\/uploads\/2023\/06\/4-aderito_seixas_CG.png\" class=\"attachment-large size-large wp-image-6005\" alt=\"\" srcset=\"https:\/\/staging.ordemdosfisioterapeutas.pt\/wp-content\/uploads\/2023\/06\/4-aderito_seixas_CG.png 550w, https:\/\/staging.ordemdosfisioterapeutas.pt\/wp-content\/uploads\/2023\/06\/4-aderito_seixas_CG-300x209.png 300w, https:\/\/staging.ordemdosfisioterapeutas.pt\/wp-content\/uploads\/2023\/06\/4-aderito_seixas_CG-18x12.png 18w\" sizes=\"(max-width: 550px) 100vw, 550px\" \/>\n\t\t\t\t\t\t<div class=\"e-hotspot elementor-repeater-item-b629176  e-hotspot--position-left e-hotspot--position-top   e-hotspot--icon\">\n\n\t\t\t\t\t\t\t\t<div class=\"e-hotspot__button e-hotspot--expand\">\n\t\t\t\t\t\t\t\t\t\t\t\t\t\t\t\t\t\t<div class=\"e-hotspot__icon\"><i class=\"fas fa-plus-circle\"><\/i><\/div>\n\t\t\t\t\t\t\t\t\t\t\t\t\t\t\t\t\t\t\t\t\t<\/div>\n\n\t\t\t\t\t\t\t\t\t\t\t\t\t\t\t\t\t\t<div class=\"e-hotspot__tooltip  e-hotspot--tooltip-position e-hotspot--fade-in-out \" >\n\t\t\t\t\t\t<p>Fisioterapeuta desde 2001 (ESTS Porto). Doutorando em Fisioterapia pela Faculdade de Desporto da Universidade do Porto. \u00c9 docente na Escola Superior de Sa\u00fade Fernando Pessoa. Exerceu fun\u00e7\u00f5es como fisioterapeuta em contexto hospitalar, de cl\u00ednica de MFR e de unidade de Fisioterapia. Exerce a sua atividade cl\u00ednica como fisioterapeuta na cl\u00ednica pedag\u00f3gica da ESS-FP, que Coordena, em articula\u00e7\u00e3o com as atividades letivas. Membro do corpo editorial de revistas cient\u00edficas internacionais, com publica\u00e7\u00f5es em revistas internacionais indexadas.<\/p>\t\t\t\t\t<\/div>\n\t\t\t\t\t\t\t\t\t\n\t\t\t<\/div>\n\n\t\n\t\t\t\t\t\t<\/div>\n\t\t\t\t<\/div>\n\t\t\t\t<div class=\"elementor-element elementor-element-668f0c9 elementor-widget elementor-widget-heading\" data-id=\"668f0c9\" data-element_type=\"widget\" data-e-type=\"widget\" data-widget_type=\"heading.default\">\n\t\t\t\t<div class=\"elementor-widget-container\">\n\t\t\t\t\t<h2 class=\"elementor-heading-title elementor-size-default\">Ad\u00e9rito Seixas<\/h2>\t\t\t\t<\/div>\n\t\t\t\t<\/div>\n\t\t\t\t<div class=\"elementor-element elementor-element-932517d elementor-widget elementor-widget-text-editor\" data-id=\"932517d\" data-element_type=\"widget\" data-e-type=\"widget\" data-widget_type=\"text-editor.default\">\n\t\t\t\t<div class=\"elementor-widget-container\">\n\t\t\t\t\t\t\t\t\t<p style=\"text-align: center;\">Conselheiro<\/p>\t\t\t\t\t\t\t\t<\/div>\n\t\t\t\t<\/div>\n\t\t\t\t<div class=\"elementor-element elementor-element-fcc5741 elementor-widget elementor-widget-text-editor\" data-id=\"fcc5741\" data-element_type=\"widget\" data-e-type=\"widget\" data-widget_type=\"text-editor.default\">\n\t\t\t\t<div class=\"elementor-widget-container\">\n\t\t\t\t\t\t\t\t\t<p style=\"text-align: center;\">C\u00e9dula n.\u00ba: 1054<\/p>\t\t\t\t\t\t\t\t<\/div>\n\t\t\t\t<\/div>\n\t\t\t\t\t<\/div>\n\t\t<\/div>\n\t\t\t\t\t<\/div>\n\t\t<\/section>\n\t\t\t\t\t<\/div>\n\t\t<\/div>\n\t\t\t\t<div class=\"elementor-column elementor-col-20 elementor-top-column elementor-element elementor-element-339cb12\" data-id=\"339cb12\" data-element_type=\"column\" data-e-type=\"column\">\n\t\t\t<div class=\"elementor-widget-wrap elementor-element-populated\">\n\t\t\t\t\t\t<section class=\"elementor-section elementor-inner-section elementor-element elementor-element-d2b3656 elementor-section-boxed elementor-section-height-default elementor-section-height-default\" data-id=\"d2b3656\" data-element_type=\"section\" data-e-type=\"section\">\n\t\t\t\t\t\t<div class=\"elementor-container elementor-column-gap-default\">\n\t\t\t\t\t<div class=\"elementor-column elementor-col-100 elementor-inner-column elementor-element elementor-element-fe5ec41\" data-id=\"fe5ec41\" data-element_type=\"column\" data-e-type=\"column\">\n\t\t\t<div class=\"elementor-widget-wrap elementor-element-populated\">\n\t\t\t\t\t\t<div class=\"elementor-element elementor-element-c349f7d elementor-widget elementor-widget-hotspot\" data-id=\"c349f7d\" data-element_type=\"widget\" data-e-type=\"widget\" data-settings=\"{&quot;hotspot&quot;:[{&quot;_id&quot;:&quot;b629176&quot;,&quot;hotspot_custom_size&quot;:&quot;&quot;,&quot;hotspot_tooltip_content&quot;:&quot;&lt;p&gt;Licenciada em Fisioterapia pela Escola Superior de Sa\\u00fade Dr. Lopes Dias do Instituto Polit\\u00e9cnico de Castelo Branco em 2019 P\\u00f3s-graduanda em Neurofisioterapia pela Escola Superior de Sa\\u00fade do Alcoit\\u00e3o Pr\\u00e1tica cl\\u00ednica em Unidades da Rede Nacional de Cuidados Continuados Integrados e Estrutura Residencial para Pessoas Idosas Vogal da Dire\\u00e7\\u00e3o do Grupo de Interesse Movimento Jovem na Fisioterapia da Associa\\u00e7\\u00e3o Portuguesa de Fisioterapeutas de 2017 a 2020&lt;\\\/p&gt;&quot;,&quot;hotspot_offset_x&quot;:{&quot;unit&quot;:&quot;%&quot;,&quot;size&quot;:95,&quot;sizes&quot;:[]},&quot;hotspot_offset_y&quot;:{&quot;unit&quot;:&quot;%&quot;,&quot;size&quot;:95,&quot;sizes&quot;:[]},&quot;hotspot_icon&quot;:{&quot;value&quot;:&quot;fas fa-plus-circle&quot;,&quot;library&quot;:&quot;fa-solid&quot;},&quot;hotspot_label&quot;:&quot;&quot;,&quot;hotspot_link&quot;:{&quot;url&quot;:&quot;&quot;,&quot;is_external&quot;:&quot;&quot;,&quot;nofollow&quot;:&quot;&quot;,&quot;custom_attributes&quot;:&quot;&quot;},&quot;hotspot_horizontal&quot;:&quot;left&quot;,&quot;hotspot_vertical&quot;:&quot;top&quot;,&quot;hotspot_tooltip_position&quot;:&quot;no&quot;,&quot;hotspot_position&quot;:null}],&quot;tooltip_position_mobile&quot;:&quot;right&quot;,&quot;hotspot_sequenced_animation&quot;:&quot;no&quot;,&quot;tooltip_position&quot;:&quot;top&quot;,&quot;tooltip_trigger&quot;:&quot;click&quot;,&quot;tooltip_animation&quot;:&quot;e-hotspot--fade-in-out&quot;}\" data-widget_type=\"hotspot.default\">\n\t\t\t\t<div class=\"elementor-widget-container\">\n\t\t\t\t\t<img loading=\"lazy\" decoding=\"async\" width=\"550\" height=\"383\" src=\"https:\/\/staging.ordemdosfisioterapeutas.pt\/wp-content\/uploads\/2023\/06\/5_ana-filipa_CG.png\" class=\"attachment-large size-large wp-image-6006\" alt=\"\" srcset=\"https:\/\/staging.ordemdosfisioterapeutas.pt\/wp-content\/uploads\/2023\/06\/5_ana-filipa_CG.png 550w, https:\/\/staging.ordemdosfisioterapeutas.pt\/wp-content\/uploads\/2023\/06\/5_ana-filipa_CG-300x209.png 300w, https:\/\/staging.ordemdosfisioterapeutas.pt\/wp-content\/uploads\/2023\/06\/5_ana-filipa_CG-18x12.png 18w\" sizes=\"(max-width: 550px) 100vw, 550px\" \/>\n\t\t\t\t\t\t<div class=\"e-hotspot elementor-repeater-item-b629176  e-hotspot--position-left e-hotspot--position-top   e-hotspot--icon\">\n\n\t\t\t\t\t\t\t\t<div class=\"e-hotspot__button e-hotspot--expand\">\n\t\t\t\t\t\t\t\t\t\t\t\t\t\t\t\t\t\t<div class=\"e-hotspot__icon\"><i class=\"fas fa-plus-circle\"><\/i><\/div>\n\t\t\t\t\t\t\t\t\t\t\t\t\t\t\t\t\t\t\t\t\t<\/div>\n\n\t\t\t\t\t\t\t\t\t\t\t\t\t\t\t\t\t\t<div class=\"e-hotspot__tooltip  e-hotspot--tooltip-position e-hotspot--fade-in-out \" >\n\t\t\t\t\t\t<p>Licenciada em Fisioterapia pela Escola Superior de Sa\u00fade Dr. Lopes Dias do Instituto Polit\u00e9cnico de Castelo Branco em 2019 P\u00f3s-graduanda em Neurofisioterapia pela Escola Superior de Sa\u00fade do Alcoit\u00e3o Pr\u00e1tica cl\u00ednica em Unidades da Rede Nacional de Cuidados Continuados Integrados e Estrutura Residencial para Pessoas Idosas Vogal da Dire\u00e7\u00e3o do Grupo de Interesse Movimento Jovem na Fisioterapia da Associa\u00e7\u00e3o Portuguesa de Fisioterapeutas de 2017 a 2020<\/p>\t\t\t\t\t<\/div>\n\t\t\t\t\t\t\t\t\t\n\t\t\t<\/div>\n\n\t\n\t\t\t\t\t\t<\/div>\n\t\t\t\t<\/div>\n\t\t\t\t<div class=\"elementor-element elementor-element-a000613 elementor-widget elementor-widget-heading\" data-id=\"a000613\" data-element_type=\"widget\" data-e-type=\"widget\" data-widget_type=\"heading.default\">\n\t\t\t\t<div class=\"elementor-widget-container\">\n\t\t\t\t\t<h2 class=\"elementor-heading-title elementor-size-default\">Ana Filipa Ferreira Almeida<\/h2>\t\t\t\t<\/div>\n\t\t\t\t<\/div>\n\t\t\t\t<div class=\"elementor-element elementor-element-a05cbd8 elementor-widget elementor-widget-text-editor\" data-id=\"a05cbd8\" data-element_type=\"widget\" data-e-type=\"widget\" data-widget_type=\"text-editor.default\">\n\t\t\t\t<div class=\"elementor-widget-container\">\n\t\t\t\t\t\t\t\t\t<p style=\"text-align: center;\">Conselheira<\/p>\t\t\t\t\t\t\t\t<\/div>\n\t\t\t\t<\/div>\n\t\t\t\t<div class=\"elementor-element elementor-element-99cc733 elementor-widget elementor-widget-text-editor\" data-id=\"99cc733\" data-element_type=\"widget\" data-e-type=\"widget\" data-widget_type=\"text-editor.default\">\n\t\t\t\t<div class=\"elementor-widget-container\">\n\t\t\t\t\t\t\t\t\t<p style=\"text-align: center;\">C\u00e9dula n.\u00ba: 1713<\/p>\t\t\t\t\t\t\t\t<\/div>\n\t\t\t\t<\/div>\n\t\t\t\t\t<\/div>\n\t\t<\/div>\n\t\t\t\t\t<\/div>\n\t\t<\/section>\n\t\t\t\t\t<\/div>\n\t\t<\/div>\n\t\t\t\t<div class=\"elementor-column elementor-col-20 elementor-top-column elementor-element elementor-element-da22398\" data-id=\"da22398\" data-element_type=\"column\" data-e-type=\"column\">\n\t\t\t<div class=\"elementor-widget-wrap elementor-element-populated\">\n\t\t\t\t\t\t<section class=\"elementor-section elementor-inner-section elementor-element elementor-element-d534248 elementor-section-boxed elementor-section-height-default elementor-section-height-default\" data-id=\"d534248\" data-element_type=\"section\" data-e-type=\"section\">\n\t\t\t\t\t\t<div class=\"elementor-container elementor-column-gap-default\">\n\t\t\t\t\t<div class=\"elementor-column elementor-col-100 elementor-inner-column elementor-element elementor-element-57803fc\" data-id=\"57803fc\" data-element_type=\"column\" data-e-type=\"column\">\n\t\t\t<div class=\"elementor-widget-wrap elementor-element-populated\">\n\t\t\t\t\t\t<div class=\"elementor-element elementor-element-1db0213 elementor-widget elementor-widget-hotspot\" data-id=\"1db0213\" data-element_type=\"widget\" data-e-type=\"widget\" data-settings=\"{&quot;hotspot&quot;:[{&quot;_id&quot;:&quot;b629176&quot;,&quot;hotspot_custom_size&quot;:&quot;&quot;,&quot;hotspot_tooltip_content&quot;:&quot;&lt;p&gt;Fisioterapeuta desde 1991, pela ESTSP. Mestre em Fisioterapia, Terapia Manual Ortop\\u00e9dica desde 2016, pela ESSP. P\\u00f3s-Gradua\\u00e7\\u00e3o em Auditoria em Sa\\u00fade em 2022, no Instituto Piaget. Desempenha fun\\u00e7\\u00f5es nos Cuidados de Sa\\u00fade Prim\\u00e1rios desde 1995, no Centro de Sa\\u00fade de Bar\\u00e3o do Corvo, posteriormente ACeS Gaia. Fundador da UCC \\u00c2ncora, terceiro classificado do Pr\\u00e9mio Hospital do Futuro de 2012, desempenhou fun\\u00e7\\u00f5es na Equipa Regional de Acompanhamento (ERA) da ARS Norte \\u00e9 Respons\\u00e1vel pelo N\\u00facleo de Acompanhamento e Auditoria do ACeS Gaia&lt;\\\/p&gt;&quot;,&quot;hotspot_offset_x&quot;:{&quot;unit&quot;:&quot;%&quot;,&quot;size&quot;:95,&quot;sizes&quot;:[]},&quot;hotspot_offset_y&quot;:{&quot;unit&quot;:&quot;%&quot;,&quot;size&quot;:95,&quot;sizes&quot;:[]},&quot;hotspot_icon&quot;:{&quot;value&quot;:&quot;fas fa-plus-circle&quot;,&quot;library&quot;:&quot;fa-solid&quot;},&quot;hotspot_label&quot;:&quot;&quot;,&quot;hotspot_link&quot;:{&quot;url&quot;:&quot;&quot;,&quot;is_external&quot;:&quot;&quot;,&quot;nofollow&quot;:&quot;&quot;,&quot;custom_attributes&quot;:&quot;&quot;},&quot;hotspot_horizontal&quot;:&quot;left&quot;,&quot;hotspot_vertical&quot;:&quot;top&quot;,&quot;hotspot_tooltip_position&quot;:&quot;no&quot;,&quot;hotspot_position&quot;:null}],&quot;tooltip_position_mobile&quot;:&quot;right&quot;,&quot;hotspot_sequenced_animation&quot;:&quot;no&quot;,&quot;tooltip_position&quot;:&quot;top&quot;,&quot;tooltip_trigger&quot;:&quot;click&quot;,&quot;tooltip_animation&quot;:&quot;e-hotspot--fade-in-out&quot;}\" data-widget_type=\"hotspot.default\">\n\t\t\t\t<div class=\"elementor-widget-container\">\n\t\t\t\t\t<img loading=\"lazy\" decoding=\"async\" width=\"550\" height=\"383\" src=\"https:\/\/staging.ordemdosfisioterapeutas.pt\/wp-content\/uploads\/2023\/06\/6_americo_sousa_CG.png\" class=\"attachment-large size-large wp-image-6007\" alt=\"\" srcset=\"https:\/\/staging.ordemdosfisioterapeutas.pt\/wp-content\/uploads\/2023\/06\/6_americo_sousa_CG.png 550w, https:\/\/staging.ordemdosfisioterapeutas.pt\/wp-content\/uploads\/2023\/06\/6_americo_sousa_CG-300x209.png 300w, https:\/\/staging.ordemdosfisioterapeutas.pt\/wp-content\/uploads\/2023\/06\/6_americo_sousa_CG-18x12.png 18w\" sizes=\"(max-width: 550px) 100vw, 550px\" \/>\n\t\t\t\t\t\t<div class=\"e-hotspot elementor-repeater-item-b629176  e-hotspot--position-left e-hotspot--position-top   e-hotspot--icon\">\n\n\t\t\t\t\t\t\t\t<div class=\"e-hotspot__button e-hotspot--expand\">\n\t\t\t\t\t\t\t\t\t\t\t\t\t\t\t\t\t\t<div class=\"e-hotspot__icon\"><i class=\"fas fa-plus-circle\"><\/i><\/div>\n\t\t\t\t\t\t\t\t\t\t\t\t\t\t\t\t\t\t\t\t\t<\/div>\n\n\t\t\t\t\t\t\t\t\t\t\t\t\t\t\t\t\t\t<div class=\"e-hotspot__tooltip  e-hotspot--tooltip-position e-hotspot--fade-in-out \" >\n\t\t\t\t\t\t<p>Fisioterapeuta desde 1991, pela ESTSP. Mestre em Fisioterapia, Terapia Manual Ortop\u00e9dica desde 2016, pela ESSP. P\u00f3s-Gradua\u00e7\u00e3o em Auditoria em Sa\u00fade em 2022, no Instituto Piaget. Desempenha fun\u00e7\u00f5es nos Cuidados de Sa\u00fade Prim\u00e1rios desde 1995, no Centro de Sa\u00fade de Bar\u00e3o do Corvo, posteriormente ACeS Gaia. Fundador da UCC \u00c2ncora, terceiro classificado do Pr\u00e9mio Hospital do Futuro de 2012, desempenhou fun\u00e7\u00f5es na Equipa Regional de Acompanhamento (ERA) da ARS Norte \u00e9 Respons\u00e1vel pelo N\u00facleo de Acompanhamento e Auditoria do ACeS Gaia<\/p>\t\t\t\t\t<\/div>\n\t\t\t\t\t\t\t\t\t\n\t\t\t<\/div>\n\n\t\n\t\t\t\t\t\t<\/div>\n\t\t\t\t<\/div>\n\t\t\t\t<div class=\"elementor-element elementor-element-9deaefa elementor-widget elementor-widget-heading\" data-id=\"9deaefa\" data-element_type=\"widget\" data-e-type=\"widget\" data-widget_type=\"heading.default\">\n\t\t\t\t<div class=\"elementor-widget-container\">\n\t\t\t\t\t<h2 class=\"elementor-heading-title elementor-size-default\">Am\u00e9rico Sousa<\/h2>\t\t\t\t<\/div>\n\t\t\t\t<\/div>\n\t\t\t\t<div class=\"elementor-element elementor-element-fa905af elementor-widget elementor-widget-text-editor\" data-id=\"fa905af\" data-element_type=\"widget\" data-e-type=\"widget\" data-widget_type=\"text-editor.default\">\n\t\t\t\t<div class=\"elementor-widget-container\">\n\t\t\t\t\t\t\t\t\t<p style=\"text-align: center;\">Conselheiro<\/p>\t\t\t\t\t\t\t\t<\/div>\n\t\t\t\t<\/div>\n\t\t\t\t<div class=\"elementor-element elementor-element-8f0fbbd elementor-widget elementor-widget-text-editor\" data-id=\"8f0fbbd\" data-element_type=\"widget\" data-e-type=\"widget\" data-widget_type=\"text-editor.default\">\n\t\t\t\t<div class=\"elementor-widget-container\">\n\t\t\t\t\t\t\t\t\t<p style=\"text-align: center;\">C\u00e9dula n.\u00ba: 2849<\/p>\t\t\t\t\t\t\t\t<\/div>\n\t\t\t\t<\/div>\n\t\t\t\t\t<\/div>\n\t\t<\/div>\n\t\t\t\t\t<\/div>\n\t\t<\/section>\n\t\t\t\t\t<\/div>\n\t\t<\/div>\n\t\t\t\t<div class=\"elementor-column elementor-col-20 elementor-top-column elementor-element elementor-element-060cf90\" data-id=\"060cf90\" data-element_type=\"column\" data-e-type=\"column\">\n\t\t\t<div class=\"elementor-widget-wrap elementor-element-populated\">\n\t\t\t\t\t\t<section class=\"elementor-section elementor-inner-section elementor-element elementor-element-dfbcc13 elementor-section-boxed elementor-section-height-default elementor-section-height-default\" data-id=\"dfbcc13\" data-element_type=\"section\" data-e-type=\"section\">\n\t\t\t\t\t\t<div class=\"elementor-container elementor-column-gap-default\">\n\t\t\t\t\t<div class=\"elementor-column elementor-col-100 elementor-inner-column elementor-element elementor-element-e69c0e5\" data-id=\"e69c0e5\" data-element_type=\"column\" data-e-type=\"column\">\n\t\t\t<div class=\"elementor-widget-wrap elementor-element-populated\">\n\t\t\t\t\t\t<div class=\"elementor-element elementor-element-5e9d60c elementor-widget elementor-widget-hotspot\" data-id=\"5e9d60c\" data-element_type=\"widget\" data-e-type=\"widget\" data-settings=\"{&quot;hotspot&quot;:[{&quot;_id&quot;:&quot;b629176&quot;,&quot;hotspot_custom_size&quot;:&quot;&quot;,&quot;hotspot_tooltip_content&quot;:&quot;&quot;,&quot;hotspot_offset_x&quot;:{&quot;unit&quot;:&quot;%&quot;,&quot;size&quot;:95,&quot;sizes&quot;:[]},&quot;hotspot_offset_y&quot;:{&quot;unit&quot;:&quot;%&quot;,&quot;size&quot;:95,&quot;sizes&quot;:[]},&quot;hotspot_icon&quot;:{&quot;value&quot;:&quot;fas fa-plus-circle&quot;,&quot;library&quot;:&quot;fa-solid&quot;},&quot;hotspot_label&quot;:&quot;&quot;,&quot;hotspot_link&quot;:{&quot;url&quot;:&quot;&quot;,&quot;is_external&quot;:&quot;&quot;,&quot;nofollow&quot;:&quot;&quot;,&quot;custom_attributes&quot;:&quot;&quot;},&quot;hotspot_horizontal&quot;:&quot;left&quot;,&quot;hotspot_vertical&quot;:&quot;top&quot;,&quot;hotspot_tooltip_position&quot;:&quot;no&quot;,&quot;hotspot_position&quot;:null}],&quot;tooltip_position_mobile&quot;:&quot;right&quot;,&quot;hotspot_sequenced_animation&quot;:&quot;no&quot;,&quot;tooltip_position&quot;:&quot;top&quot;,&quot;tooltip_trigger&quot;:&quot;click&quot;,&quot;tooltip_animation&quot;:&quot;e-hotspot--fade-in-out&quot;}\" data-widget_type=\"hotspot.default\">\n\t\t\t\t<div class=\"elementor-widget-container\">\n\t\t\t\t\t<img loading=\"lazy\" decoding=\"async\" width=\"550\" height=\"383\" src=\"https:\/\/staging.ordemdosfisioterapeutas.pt\/wp-content\/uploads\/2023\/06\/7_ana-luisa_CG__.png\" class=\"attachment-large size-large wp-image-6081\" alt=\"\" srcset=\"https:\/\/staging.ordemdosfisioterapeutas.pt\/wp-content\/uploads\/2023\/06\/7_ana-luisa_CG__.png 550w, https:\/\/staging.ordemdosfisioterapeutas.pt\/wp-content\/uploads\/2023\/06\/7_ana-luisa_CG__-300x209.png 300w, https:\/\/staging.ordemdosfisioterapeutas.pt\/wp-content\/uploads\/2023\/06\/7_ana-luisa_CG__-18x12.png 18w\" sizes=\"(max-width: 550px) 100vw, 550px\" \/>\n\t\t\t\t\t\t<div class=\"e-hotspot elementor-repeater-item-b629176  e-hotspot--position-left e-hotspot--position-top   e-hotspot--icon\">\n\n\t\t\t\t\t\t\t\t<div class=\"e-hotspot__button e-hotspot--expand\">\n\t\t\t\t\t\t\t\t\t\t\t\t\t\t\t\t\t\t<div class=\"e-hotspot__icon\"><i class=\"fas fa-plus-circle\"><\/i><\/div>\n\t\t\t\t\t\t\t\t\t\t\t\t\t\t\t\t\t\t\t\t\t<\/div>\n\n\t\t\t\t\t\t\t\t\n\t\t\t<\/div>\n\n\t\n\t\t\t\t\t\t<\/div>\n\t\t\t\t<\/div>\n\t\t\t\t<div class=\"elementor-element elementor-element-8cdf286 elementor-widget elementor-widget-heading\" data-id=\"8cdf286\" data-element_type=\"widget\" data-e-type=\"widget\" data-widget_type=\"heading.default\">\n\t\t\t\t<div class=\"elementor-widget-container\">\n\t\t\t\t\t<h2 class=\"elementor-heading-title elementor-size-default\">Ana Lu\u00edsa Roque<\/h2>\t\t\t\t<\/div>\n\t\t\t\t<\/div>\n\t\t\t\t<div class=\"elementor-element elementor-element-eb7ac47 elementor-widget elementor-widget-text-editor\" data-id=\"eb7ac47\" data-element_type=\"widget\" data-e-type=\"widget\" data-widget_type=\"text-editor.default\">\n\t\t\t\t<div class=\"elementor-widget-container\">\n\t\t\t\t\t\t\t\t\t<p style=\"text-align: center;\">Conselheira<\/p>\t\t\t\t\t\t\t\t<\/div>\n\t\t\t\t<\/div>\n\t\t\t\t<div class=\"elementor-element elementor-element-3e0b84b elementor-widget elementor-widget-text-editor\" data-id=\"3e0b84b\" data-element_type=\"widget\" data-e-type=\"widget\" data-widget_type=\"text-editor.default\">\n\t\t\t\t<div class=\"elementor-widget-container\">\n\t\t\t\t\t\t\t\t\t<p style=\"text-align: center;\">C\u00e9dula n.\u00ba: 1742<\/p>\t\t\t\t\t\t\t\t<\/div>\n\t\t\t\t<\/div>\n\t\t\t\t\t<\/div>\n\t\t<\/div>\n\t\t\t\t\t<\/div>\n\t\t<\/section>\n\t\t\t\t\t<\/div>\n\t\t<\/div>\n\t\t\t\t<div class=\"elementor-column elementor-col-20 elementor-top-column elementor-element elementor-element-570a075\" data-id=\"570a075\" data-element_type=\"column\" data-e-type=\"column\">\n\t\t\t<div class=\"elementor-widget-wrap elementor-element-populated\">\n\t\t\t\t\t\t<section class=\"elementor-section elementor-inner-section elementor-element elementor-element-8523361 elementor-section-boxed elementor-section-height-default elementor-section-height-default\" data-id=\"8523361\" data-element_type=\"section\" data-e-type=\"section\">\n\t\t\t\t\t\t<div class=\"elementor-container elementor-column-gap-default\">\n\t\t\t\t\t<div class=\"elementor-column elementor-col-100 elementor-inner-column elementor-element elementor-element-f7751da\" data-id=\"f7751da\" data-element_type=\"column\" data-e-type=\"column\">\n\t\t\t<div class=\"elementor-widget-wrap elementor-element-populated\">\n\t\t\t\t\t\t<div class=\"elementor-element elementor-element-0fce56f elementor-widget elementor-widget-hotspot\" data-id=\"0fce56f\" data-element_type=\"widget\" data-e-type=\"widget\" data-settings=\"{&quot;hotspot&quot;:[{&quot;_id&quot;:&quot;b629176&quot;,&quot;hotspot_custom_size&quot;:&quot;&quot;,&quot;hotspot_tooltip_content&quot;:&quot;&quot;,&quot;hotspot_offset_x&quot;:{&quot;unit&quot;:&quot;%&quot;,&quot;size&quot;:95,&quot;sizes&quot;:[]},&quot;hotspot_offset_y&quot;:{&quot;unit&quot;:&quot;%&quot;,&quot;size&quot;:95,&quot;sizes&quot;:[]},&quot;hotspot_icon&quot;:{&quot;value&quot;:&quot;fas fa-plus-circle&quot;,&quot;library&quot;:&quot;fa-solid&quot;},&quot;hotspot_label&quot;:&quot;&quot;,&quot;hotspot_link&quot;:{&quot;url&quot;:&quot;&quot;,&quot;is_external&quot;:&quot;&quot;,&quot;nofollow&quot;:&quot;&quot;,&quot;custom_attributes&quot;:&quot;&quot;},&quot;hotspot_horizontal&quot;:&quot;left&quot;,&quot;hotspot_vertical&quot;:&quot;top&quot;,&quot;hotspot_tooltip_position&quot;:&quot;no&quot;,&quot;hotspot_position&quot;:null}],&quot;tooltip_position_mobile&quot;:&quot;right&quot;,&quot;hotspot_sequenced_animation&quot;:&quot;no&quot;,&quot;tooltip_position&quot;:&quot;top&quot;,&quot;tooltip_trigger&quot;:&quot;click&quot;,&quot;tooltip_animation&quot;:&quot;e-hotspot--fade-in-out&quot;}\" data-widget_type=\"hotspot.default\">\n\t\t\t\t<div class=\"elementor-widget-container\">\n\t\t\t\t\t<img loading=\"lazy\" decoding=\"async\" width=\"550\" height=\"383\" src=\"https:\/\/staging.ordemdosfisioterapeutas.pt\/wp-content\/uploads\/2023\/06\/8_antonio_gaspar_CG.png\" class=\"attachment-large size-large wp-image-6008\" alt=\"\" srcset=\"https:\/\/staging.ordemdosfisioterapeutas.pt\/wp-content\/uploads\/2023\/06\/8_antonio_gaspar_CG.png 550w, https:\/\/staging.ordemdosfisioterapeutas.pt\/wp-content\/uploads\/2023\/06\/8_antonio_gaspar_CG-300x209.png 300w, https:\/\/staging.ordemdosfisioterapeutas.pt\/wp-content\/uploads\/2023\/06\/8_antonio_gaspar_CG-18x12.png 18w\" sizes=\"(max-width: 550px) 100vw, 550px\" \/>\n\t\t\t\t\t\t<div class=\"e-hotspot elementor-repeater-item-b629176  e-hotspot--position-left e-hotspot--position-top   e-hotspot--icon\">\n\n\t\t\t\t\t\t\t\t<div class=\"e-hotspot__button e-hotspot--expand\">\n\t\t\t\t\t\t\t\t\t\t\t\t\t\t\t\t\t\t<div class=\"e-hotspot__icon\"><i class=\"fas fa-plus-circle\"><\/i><\/div>\n\t\t\t\t\t\t\t\t\t\t\t\t\t\t\t\t\t\t\t\t\t<\/div>\n\n\t\t\t\t\t\t\t\t\n\t\t\t<\/div>\n\n\t\n\t\t\t\t\t\t<\/div>\n\t\t\t\t<\/div>\n\t\t\t\t<div class=\"elementor-element elementor-element-cd6e806 elementor-widget elementor-widget-heading\" data-id=\"cd6e806\" data-element_type=\"widget\" data-e-type=\"widget\" data-widget_type=\"heading.default\">\n\t\t\t\t<div class=\"elementor-widget-container\">\n\t\t\t\t\t<h2 class=\"elementor-heading-title elementor-size-default\">Ant\u00f3nio Gaspar<\/h2>\t\t\t\t<\/div>\n\t\t\t\t<\/div>\n\t\t\t\t<div class=\"elementor-element elementor-element-d47f282 elementor-widget elementor-widget-text-editor\" data-id=\"d47f282\" data-element_type=\"widget\" data-e-type=\"widget\" data-widget_type=\"text-editor.default\">\n\t\t\t\t<div class=\"elementor-widget-container\">\n\t\t\t\t\t\t\t\t\t<p style=\"text-align: center;\">Conselheiro<\/p>\t\t\t\t\t\t\t\t<\/div>\n\t\t\t\t<\/div>\n\t\t\t\t<div class=\"elementor-element elementor-element-c2a917b elementor-widget elementor-widget-text-editor\" data-id=\"c2a917b\" data-element_type=\"widget\" data-e-type=\"widget\" data-widget_type=\"text-editor.default\">\n\t\t\t\t<div class=\"elementor-widget-container\">\n\t\t\t\t\t\t\t\t\t<p style=\"text-align: center;\">C\u00e9dula n.\u00ba: 3699<\/p>\t\t\t\t\t\t\t\t<\/div>\n\t\t\t\t<\/div>\n\t\t\t\t\t<\/div>\n\t\t<\/div>\n\t\t\t\t\t<\/div>\n\t\t<\/section>\n\t\t\t\t\t<\/div>\n\t\t<\/div>\n\t\t\t\t\t<\/div>\n\t\t<\/section>\n\t\t\t\t<section class=\"elementor-section elementor-top-section elementor-element elementor-element-5495efc elementor-section-boxed elementor-section-height-default elementor-section-height-default\" data-id=\"5495efc\" data-element_type=\"section\" data-e-type=\"section\">\n\t\t\t\t\t\t<div class=\"elementor-container elementor-column-gap-default\">\n\t\t\t\t\t<div class=\"elementor-column elementor-col-20 elementor-top-column elementor-element elementor-element-07e7241\" data-id=\"07e7241\" data-element_type=\"column\" data-e-type=\"column\">\n\t\t\t<div class=\"elementor-widget-wrap elementor-element-populated\">\n\t\t\t\t\t\t<section class=\"elementor-section elementor-inner-section elementor-element elementor-element-2a89b2f elementor-section-boxed elementor-section-height-default elementor-section-height-default\" data-id=\"2a89b2f\" data-element_type=\"section\" data-e-type=\"section\">\n\t\t\t\t\t\t<div class=\"elementor-container elementor-column-gap-default\">\n\t\t\t\t\t<div class=\"elementor-column elementor-col-100 elementor-inner-column elementor-element elementor-element-ac56310\" data-id=\"ac56310\" data-element_type=\"column\" data-e-type=\"column\">\n\t\t\t<div class=\"elementor-widget-wrap elementor-element-populated\">\n\t\t\t\t\t\t<div class=\"elementor-element elementor-element-84eaca0 elementor-widget elementor-widget-hotspot\" data-id=\"84eaca0\" data-element_type=\"widget\" data-e-type=\"widget\" data-settings=\"{&quot;hotspot&quot;:[{&quot;_id&quot;:&quot;b629176&quot;,&quot;hotspot_custom_size&quot;:&quot;&quot;,&quot;hotspot_tooltip_content&quot;:&quot;&lt;p&gt;Fisioterapeuta desde 1998, com experi\\u00eancia cl\\u00ednica desde essa altura a n\\u00edvel hospitalar, pr\\u00e1tica privada e domicili\\u00e1ria. Mestrado em Fisioterapia e Sa\\u00fade P\\u00fablica. Titulo de especialista em Fisioterapia*. Experi\\u00eancia em diferentes grupos de trabalho a n\\u00edvel hospitalar, incluindo concurso p\\u00fablicos, forma\\u00e7\\u00e3o, gest\\u00e3o da qualidade e implementa\\u00e7\\u00e3o de Programa de Reabilita\\u00e7\\u00e3o Card\\u00edaca. Atualmente em exerc\\u00edcio de fun\\u00e7\\u00f5es no Centro Hospitalar Universit\\u00e1rio Do Algarve, Unidade de Faro e pr\\u00e1tica privada. Interesse particular pelas \\u00e1reas do ensino e educa\\u00e7\\u00e3o, dor, envelhecimento, funcionalidade, movimento e disfun\\u00e7\\u00e3o temporomandibular.&lt;\\\/p&gt;&quot;,&quot;hotspot_offset_x&quot;:{&quot;unit&quot;:&quot;%&quot;,&quot;size&quot;:95,&quot;sizes&quot;:[]},&quot;hotspot_offset_y&quot;:{&quot;unit&quot;:&quot;%&quot;,&quot;size&quot;:95,&quot;sizes&quot;:[]},&quot;hotspot_icon&quot;:{&quot;value&quot;:&quot;fas fa-plus-circle&quot;,&quot;library&quot;:&quot;fa-solid&quot;},&quot;hotspot_label&quot;:&quot;&quot;,&quot;hotspot_link&quot;:{&quot;url&quot;:&quot;&quot;,&quot;is_external&quot;:&quot;&quot;,&quot;nofollow&quot;:&quot;&quot;,&quot;custom_attributes&quot;:&quot;&quot;},&quot;hotspot_horizontal&quot;:&quot;left&quot;,&quot;hotspot_vertical&quot;:&quot;top&quot;,&quot;hotspot_tooltip_position&quot;:&quot;no&quot;,&quot;hotspot_position&quot;:null}],&quot;tooltip_position_mobile&quot;:&quot;right&quot;,&quot;hotspot_sequenced_animation&quot;:&quot;no&quot;,&quot;tooltip_position&quot;:&quot;top&quot;,&quot;tooltip_trigger&quot;:&quot;click&quot;,&quot;tooltip_animation&quot;:&quot;e-hotspot--fade-in-out&quot;}\" data-widget_type=\"hotspot.default\">\n\t\t\t\t<div class=\"elementor-widget-container\">\n\t\t\t\t\t<img loading=\"lazy\" decoding=\"async\" width=\"550\" height=\"383\" src=\"https:\/\/staging.ordemdosfisioterapeutas.pt\/wp-content\/uploads\/2023\/06\/9_ana_tome_CG.png\" class=\"attachment-large size-large wp-image-6013\" alt=\"\" srcset=\"https:\/\/staging.ordemdosfisioterapeutas.pt\/wp-content\/uploads\/2023\/06\/9_ana_tome_CG.png 550w, https:\/\/staging.ordemdosfisioterapeutas.pt\/wp-content\/uploads\/2023\/06\/9_ana_tome_CG-300x209.png 300w, https:\/\/staging.ordemdosfisioterapeutas.pt\/wp-content\/uploads\/2023\/06\/9_ana_tome_CG-18x12.png 18w\" sizes=\"(max-width: 550px) 100vw, 550px\" \/>\n\t\t\t\t\t\t<div class=\"e-hotspot elementor-repeater-item-b629176  e-hotspot--position-left e-hotspot--position-top   e-hotspot--icon\">\n\n\t\t\t\t\t\t\t\t<div class=\"e-hotspot__button e-hotspot--expand\">\n\t\t\t\t\t\t\t\t\t\t\t\t\t\t\t\t\t\t<div class=\"e-hotspot__icon\"><i class=\"fas fa-plus-circle\"><\/i><\/div>\n\t\t\t\t\t\t\t\t\t\t\t\t\t\t\t\t\t\t\t\t\t<\/div>\n\n\t\t\t\t\t\t\t\t\t\t\t\t\t\t\t\t\t\t<div class=\"e-hotspot__tooltip  e-hotspot--tooltip-position e-hotspot--fade-in-out \" >\n\t\t\t\t\t\t<p>Fisioterapeuta desde 1998, com experi\u00eancia cl\u00ednica desde essa altura a n\u00edvel hospitalar, pr\u00e1tica privada e domicili\u00e1ria. Mestrado em Fisioterapia e Sa\u00fade P\u00fablica. Titulo de especialista em Fisioterapia*. Experi\u00eancia em diferentes grupos de trabalho a n\u00edvel hospitalar, incluindo concurso p\u00fablicos, forma\u00e7\u00e3o, gest\u00e3o da qualidade e implementa\u00e7\u00e3o de Programa de Reabilita\u00e7\u00e3o Card\u00edaca. Atualmente em exerc\u00edcio de fun\u00e7\u00f5es no Centro Hospitalar Universit\u00e1rio Do Algarve, Unidade de Faro e pr\u00e1tica privada. Interesse particular pelas \u00e1reas do ensino e educa\u00e7\u00e3o, dor, envelhecimento, funcionalidade, movimento e disfun\u00e7\u00e3o temporomandibular.<\/p>\t\t\t\t\t<\/div>\n\t\t\t\t\t\t\t\t\t\n\t\t\t<\/div>\n\n\t\n\t\t\t\t\t\t<\/div>\n\t\t\t\t<\/div>\n\t\t\t\t<div class=\"elementor-element elementor-element-e844d38 elementor-widget elementor-widget-heading\" data-id=\"e844d38\" data-element_type=\"widget\" data-e-type=\"widget\" data-widget_type=\"heading.default\">\n\t\t\t\t<div class=\"elementor-widget-container\">\n\t\t\t\t\t<h2 class=\"elementor-heading-title elementor-size-default\">Ana Tom\u00e9<\/h2>\t\t\t\t<\/div>\n\t\t\t\t<\/div>\n\t\t\t\t<div class=\"elementor-element elementor-element-97b5f9f elementor-widget elementor-widget-text-editor\" data-id=\"97b5f9f\" data-element_type=\"widget\" data-e-type=\"widget\" data-widget_type=\"text-editor.default\">\n\t\t\t\t<div class=\"elementor-widget-container\">\n\t\t\t\t\t\t\t\t\t<p style=\"text-align: center;\">Conselheira<\/p>\t\t\t\t\t\t\t\t<\/div>\n\t\t\t\t<\/div>\n\t\t\t\t<div class=\"elementor-element elementor-element-12cb2ad elementor-widget elementor-widget-text-editor\" data-id=\"12cb2ad\" data-element_type=\"widget\" data-e-type=\"widget\" data-widget_type=\"text-editor.default\">\n\t\t\t\t<div class=\"elementor-widget-container\">\n\t\t\t\t\t\t\t\t\t<p style=\"text-align: center;\">C\u00e9dula n.\u00ba: 1294<\/p>\t\t\t\t\t\t\t\t<\/div>\n\t\t\t\t<\/div>\n\t\t\t\t\t<\/div>\n\t\t<\/div>\n\t\t\t\t\t<\/div>\n\t\t<\/section>\n\t\t\t\t\t<\/div>\n\t\t<\/div>\n\t\t\t\t<div class=\"elementor-column elementor-col-20 elementor-top-column elementor-element elementor-element-a300f84\" data-id=\"a300f84\" data-element_type=\"column\" data-e-type=\"column\">\n\t\t\t<div class=\"elementor-widget-wrap elementor-element-populated\">\n\t\t\t\t\t\t<section class=\"elementor-section elementor-inner-section elementor-element elementor-element-3cbdd51 elementor-section-boxed elementor-section-height-default elementor-section-height-default\" data-id=\"3cbdd51\" data-element_type=\"section\" data-e-type=\"section\">\n\t\t\t\t\t\t<div class=\"elementor-container elementor-column-gap-default\">\n\t\t\t\t\t<div class=\"elementor-column elementor-col-100 elementor-inner-column elementor-element elementor-element-4532c7a\" data-id=\"4532c7a\" data-element_type=\"column\" data-e-type=\"column\">\n\t\t\t<div class=\"elementor-widget-wrap elementor-element-populated\">\n\t\t\t\t\t\t<div class=\"elementor-element elementor-element-b9504c0 elementor-widget elementor-widget-hotspot\" data-id=\"b9504c0\" data-element_type=\"widget\" data-e-type=\"widget\" data-settings=\"{&quot;hotspot&quot;:[{&quot;_id&quot;:&quot;b629176&quot;,&quot;hotspot_custom_size&quot;:&quot;&quot;,&quot;hotspot_tooltip_content&quot;:&quot;&lt;p&gt;Licenciatura em Fisioterapia pela ESSCVP em 2011 Mestrado em Sa\\u00fade P\\u00fablica pela Escola Nacional de Sa\\u00fade P\\u00fablica em 2020 Palestrante e Formador na \\u00e1rea de M\\u00fasculo-Esquel\\u00e9tica&lt;\\\/p&gt;&quot;,&quot;hotspot_offset_x&quot;:{&quot;unit&quot;:&quot;%&quot;,&quot;size&quot;:95,&quot;sizes&quot;:[]},&quot;hotspot_offset_y&quot;:{&quot;unit&quot;:&quot;%&quot;,&quot;size&quot;:95,&quot;sizes&quot;:[]},&quot;hotspot_icon&quot;:{&quot;value&quot;:&quot;fas fa-plus-circle&quot;,&quot;library&quot;:&quot;fa-solid&quot;},&quot;hotspot_label&quot;:&quot;&quot;,&quot;hotspot_link&quot;:{&quot;url&quot;:&quot;&quot;,&quot;is_external&quot;:&quot;&quot;,&quot;nofollow&quot;:&quot;&quot;,&quot;custom_attributes&quot;:&quot;&quot;},&quot;hotspot_horizontal&quot;:&quot;left&quot;,&quot;hotspot_vertical&quot;:&quot;top&quot;,&quot;hotspot_tooltip_position&quot;:&quot;no&quot;,&quot;hotspot_position&quot;:null}],&quot;tooltip_position_mobile&quot;:&quot;right&quot;,&quot;hotspot_sequenced_animation&quot;:&quot;no&quot;,&quot;tooltip_position&quot;:&quot;top&quot;,&quot;tooltip_trigger&quot;:&quot;click&quot;,&quot;tooltip_animation&quot;:&quot;e-hotspot--fade-in-out&quot;}\" data-widget_type=\"hotspot.default\">\n\t\t\t\t<div class=\"elementor-widget-container\">\n\t\t\t\t\t<img loading=\"lazy\" decoding=\"async\" width=\"550\" height=\"383\" src=\"https:\/\/staging.ordemdosfisioterapeutas.pt\/wp-content\/uploads\/2023\/06\/10_bernardo_pinto_CG.png\" class=\"attachment-large size-large wp-image-6017\" alt=\"\" srcset=\"https:\/\/staging.ordemdosfisioterapeutas.pt\/wp-content\/uploads\/2023\/06\/10_bernardo_pinto_CG.png 550w, https:\/\/staging.ordemdosfisioterapeutas.pt\/wp-content\/uploads\/2023\/06\/10_bernardo_pinto_CG-300x209.png 300w, https:\/\/staging.ordemdosfisioterapeutas.pt\/wp-content\/uploads\/2023\/06\/10_bernardo_pinto_CG-18x12.png 18w\" sizes=\"(max-width: 550px) 100vw, 550px\" \/>\n\t\t\t\t\t\t<div class=\"e-hotspot elementor-repeater-item-b629176  e-hotspot--position-left e-hotspot--position-top   e-hotspot--icon\">\n\n\t\t\t\t\t\t\t\t<div class=\"e-hotspot__button e-hotspot--expand\">\n\t\t\t\t\t\t\t\t\t\t\t\t\t\t\t\t\t\t<div class=\"e-hotspot__icon\"><i class=\"fas fa-plus-circle\"><\/i><\/div>\n\t\t\t\t\t\t\t\t\t\t\t\t\t\t\t\t\t\t\t\t\t<\/div>\n\n\t\t\t\t\t\t\t\t\t\t\t\t\t\t\t\t\t\t<div class=\"e-hotspot__tooltip  e-hotspot--tooltip-position e-hotspot--fade-in-out \" >\n\t\t\t\t\t\t<p>Licenciatura em Fisioterapia pela ESSCVP em 2011 Mestrado em Sa\u00fade P\u00fablica pela Escola Nacional de Sa\u00fade P\u00fablica em 2020 Palestrante e Formador na \u00e1rea de M\u00fasculo-Esquel\u00e9tica<\/p>\t\t\t\t\t<\/div>\n\t\t\t\t\t\t\t\t\t\n\t\t\t<\/div>\n\n\t\n\t\t\t\t\t\t<\/div>\n\t\t\t\t<\/div>\n\t\t\t\t<div class=\"elementor-element elementor-element-ef719c2 elementor-widget elementor-widget-heading\" data-id=\"ef719c2\" data-element_type=\"widget\" data-e-type=\"widget\" data-widget_type=\"heading.default\">\n\t\t\t\t<div class=\"elementor-widget-container\">\n\t\t\t\t\t<h2 class=\"elementor-heading-title elementor-size-default\">Bernardo Pinto<\/h2>\t\t\t\t<\/div>\n\t\t\t\t<\/div>\n\t\t\t\t<div class=\"elementor-element elementor-element-006b10a elementor-widget elementor-widget-text-editor\" data-id=\"006b10a\" data-element_type=\"widget\" data-e-type=\"widget\" data-widget_type=\"text-editor.default\">\n\t\t\t\t<div class=\"elementor-widget-container\">\n\t\t\t\t\t\t\t\t\t<p style=\"text-align: center;\">Conselheiro<\/p>\t\t\t\t\t\t\t\t<\/div>\n\t\t\t\t<\/div>\n\t\t\t\t<div class=\"elementor-element elementor-element-820ddad elementor-widget elementor-widget-text-editor\" data-id=\"820ddad\" data-element_type=\"widget\" data-e-type=\"widget\" data-widget_type=\"text-editor.default\">\n\t\t\t\t<div class=\"elementor-widget-container\">\n\t\t\t\t\t\t\t\t\t<p style=\"text-align: center;\">C\u00e9dula n.\u00ba: 3744<\/p>\t\t\t\t\t\t\t\t<\/div>\n\t\t\t\t<\/div>\n\t\t\t\t\t<\/div>\n\t\t<\/div>\n\t\t\t\t\t<\/div>\n\t\t<\/section>\n\t\t\t\t\t<\/div>\n\t\t<\/div>\n\t\t\t\t<div class=\"elementor-column elementor-col-20 elementor-top-column elementor-element elementor-element-0eb0231\" data-id=\"0eb0231\" data-element_type=\"column\" data-e-type=\"column\">\n\t\t\t<div class=\"elementor-widget-wrap elementor-element-populated\">\n\t\t\t\t\t\t<section class=\"elementor-section elementor-inner-section elementor-element elementor-element-7cd095e elementor-section-boxed elementor-section-height-default elementor-section-height-default\" data-id=\"7cd095e\" data-element_type=\"section\" data-e-type=\"section\">\n\t\t\t\t\t\t<div class=\"elementor-container elementor-column-gap-default\">\n\t\t\t\t\t<div class=\"elementor-column elementor-col-100 elementor-inner-column elementor-element elementor-element-068b6ae\" data-id=\"068b6ae\" data-element_type=\"column\" data-e-type=\"column\">\n\t\t\t<div class=\"elementor-widget-wrap elementor-element-populated\">\n\t\t\t\t\t\t<div class=\"elementor-element elementor-element-cf57a96 elementor-widget elementor-widget-hotspot\" data-id=\"cf57a96\" data-element_type=\"widget\" data-e-type=\"widget\" data-settings=\"{&quot;hotspot&quot;:[{&quot;_id&quot;:&quot;b629176&quot;,&quot;hotspot_custom_size&quot;:&quot;&quot;,&quot;hotspot_tooltip_content&quot;:&quot;&lt;p&gt;Fisioterapeuta desde 2006 com mestrado em Fisioterapia, \\u00e1rea de especializa\\u00e7\\u00e3o m\\u00fasculo-esquel\\u00e9ticas. Com experi\\u00eancia cl\\u00ednica em unidade de internamento de Cuidados Continuados Integrados e atualmente com pr\\u00e1tica privada em contexto de domic\\u00edlio no concelho de Odemira, predominantemente na \\u00e1rea m\\u00fasculo-esquel\\u00e9tica com popula\\u00e7\\u00e3o adulta e idosa.&lt;\\\/p&gt;&quot;,&quot;hotspot_offset_x&quot;:{&quot;unit&quot;:&quot;%&quot;,&quot;size&quot;:95,&quot;sizes&quot;:[]},&quot;hotspot_offset_y&quot;:{&quot;unit&quot;:&quot;%&quot;,&quot;size&quot;:95,&quot;sizes&quot;:[]},&quot;hotspot_icon&quot;:{&quot;value&quot;:&quot;fas fa-plus-circle&quot;,&quot;library&quot;:&quot;fa-solid&quot;},&quot;hotspot_label&quot;:&quot;&quot;,&quot;hotspot_link&quot;:{&quot;url&quot;:&quot;&quot;,&quot;is_external&quot;:&quot;&quot;,&quot;nofollow&quot;:&quot;&quot;,&quot;custom_attributes&quot;:&quot;&quot;},&quot;hotspot_horizontal&quot;:&quot;left&quot;,&quot;hotspot_vertical&quot;:&quot;top&quot;,&quot;hotspot_tooltip_position&quot;:&quot;no&quot;,&quot;hotspot_position&quot;:null}],&quot;tooltip_position_mobile&quot;:&quot;right&quot;,&quot;hotspot_sequenced_animation&quot;:&quot;no&quot;,&quot;tooltip_position&quot;:&quot;top&quot;,&quot;tooltip_trigger&quot;:&quot;click&quot;,&quot;tooltip_animation&quot;:&quot;e-hotspot--fade-in-out&quot;}\" data-widget_type=\"hotspot.default\">\n\t\t\t\t<div class=\"elementor-widget-container\">\n\t\t\t\t\t<img loading=\"lazy\" decoding=\"async\" width=\"550\" height=\"383\" src=\"https:\/\/staging.ordemdosfisioterapeutas.pt\/wp-content\/uploads\/2023\/06\/11_Ana_Semedo_CG.png\" class=\"attachment-large size-large wp-image-6028\" alt=\"\" srcset=\"https:\/\/staging.ordemdosfisioterapeutas.pt\/wp-content\/uploads\/2023\/06\/11_Ana_Semedo_CG.png 550w, https:\/\/staging.ordemdosfisioterapeutas.pt\/wp-content\/uploads\/2023\/06\/11_Ana_Semedo_CG-300x209.png 300w, https:\/\/staging.ordemdosfisioterapeutas.pt\/wp-content\/uploads\/2023\/06\/11_Ana_Semedo_CG-18x12.png 18w\" sizes=\"(max-width: 550px) 100vw, 550px\" \/>\n\t\t\t\t\t\t<div class=\"e-hotspot elementor-repeater-item-b629176  e-hotspot--position-left e-hotspot--position-top   e-hotspot--icon\">\n\n\t\t\t\t\t\t\t\t<div class=\"e-hotspot__button e-hotspot--expand\">\n\t\t\t\t\t\t\t\t\t\t\t\t\t\t\t\t\t\t<div class=\"e-hotspot__icon\"><i class=\"fas fa-plus-circle\"><\/i><\/div>\n\t\t\t\t\t\t\t\t\t\t\t\t\t\t\t\t\t\t\t\t\t<\/div>\n\n\t\t\t\t\t\t\t\t\t\t\t\t\t\t\t\t\t\t<div class=\"e-hotspot__tooltip  e-hotspot--tooltip-position e-hotspot--fade-in-out \" >\n\t\t\t\t\t\t<p>Fisioterapeuta desde 2006 com mestrado em Fisioterapia, \u00e1rea de especializa\u00e7\u00e3o m\u00fasculo-esquel\u00e9ticas. Com experi\u00eancia cl\u00ednica em unidade de internamento de Cuidados Continuados Integrados e atualmente com pr\u00e1tica privada em contexto de domic\u00edlio no concelho de Odemira, predominantemente na \u00e1rea m\u00fasculo-esquel\u00e9tica com popula\u00e7\u00e3o adulta e idosa.<\/p>\t\t\t\t\t<\/div>\n\t\t\t\t\t\t\t\t\t\n\t\t\t<\/div>\n\n\t\n\t\t\t\t\t\t<\/div>\n\t\t\t\t<\/div>\n\t\t\t\t<div class=\"elementor-element elementor-element-01304b9 elementor-widget elementor-widget-heading\" data-id=\"01304b9\" data-element_type=\"widget\" data-e-type=\"widget\" data-widget_type=\"heading.default\">\n\t\t\t\t<div class=\"elementor-widget-container\">\n\t\t\t\t\t<h2 class=\"elementor-heading-title elementor-size-default\">Ana Semedo<\/h2>\t\t\t\t<\/div>\n\t\t\t\t<\/div>\n\t\t\t\t<div class=\"elementor-element elementor-element-5ac1f92 elementor-widget elementor-widget-text-editor\" data-id=\"5ac1f92\" data-element_type=\"widget\" data-e-type=\"widget\" data-widget_type=\"text-editor.default\">\n\t\t\t\t<div class=\"elementor-widget-container\">\n\t\t\t\t\t\t\t\t\t<p style=\"text-align: center;\">Conselheira<\/p>\t\t\t\t\t\t\t\t<\/div>\n\t\t\t\t<\/div>\n\t\t\t\t<div class=\"elementor-element elementor-element-a80765e elementor-widget elementor-widget-text-editor\" data-id=\"a80765e\" data-element_type=\"widget\" data-e-type=\"widget\" data-widget_type=\"text-editor.default\">\n\t\t\t\t<div class=\"elementor-widget-container\">\n\t\t\t\t\t\t\t\t\t<p style=\"text-align: center;\">C\u00e9dula n.\u00ba: 431<\/p>\t\t\t\t\t\t\t\t<\/div>\n\t\t\t\t<\/div>\n\t\t\t\t\t<\/div>\n\t\t<\/div>\n\t\t\t\t\t<\/div>\n\t\t<\/section>\n\t\t\t\t\t<\/div>\n\t\t<\/div>\n\t\t\t\t<div class=\"elementor-column elementor-col-20 elementor-top-column elementor-element elementor-element-bd11ee9\" data-id=\"bd11ee9\" data-element_type=\"column\" data-e-type=\"column\">\n\t\t\t<div class=\"elementor-widget-wrap elementor-element-populated\">\n\t\t\t\t\t\t<section class=\"elementor-section elementor-inner-section elementor-element elementor-element-4e9cbab elementor-section-boxed elementor-section-height-default elementor-section-height-default\" data-id=\"4e9cbab\" data-element_type=\"section\" data-e-type=\"section\">\n\t\t\t\t\t\t<div class=\"elementor-container elementor-column-gap-default\">\n\t\t\t\t\t<div class=\"elementor-column elementor-col-100 elementor-inner-column elementor-element elementor-element-2ed835b\" data-id=\"2ed835b\" data-element_type=\"column\" data-e-type=\"column\">\n\t\t\t<div class=\"elementor-widget-wrap elementor-element-populated\">\n\t\t\t\t\t\t<div class=\"elementor-element elementor-element-b50793a elementor-widget elementor-widget-hotspot\" data-id=\"b50793a\" data-element_type=\"widget\" data-e-type=\"widget\" data-settings=\"{&quot;hotspot&quot;:[{&quot;_id&quot;:&quot;b629176&quot;,&quot;hotspot_custom_size&quot;:&quot;&quot;,&quot;hotspot_tooltip_content&quot;:&quot;&lt;p&gt;- Bacharel, Licenciado e P\\u00f3s-graduado em Fisioterapia. - Atualmente aluno do Programa Doutoral em Ci\\u00eancias da Reabilita\\u00e7\\u00e3o na Univ. de Aveiro - Professor Assistente convidado do Instituto Polit\\u00e9cnico de Leiria de 2018 a 2020 - Orador, palestrante e professor convidado em diversas institui\\u00e7\\u00f5es do ensino superior. - Fundador, Diretor-Geral e Diretor-Cl\\u00ednico do Grupo CMM \\u2013 Centros M\\u00e9dicos e Reabilita\\u00e7\\u00e3o&lt;\\\/p&gt;&quot;,&quot;hotspot_offset_x&quot;:{&quot;unit&quot;:&quot;%&quot;,&quot;size&quot;:95,&quot;sizes&quot;:[]},&quot;hotspot_offset_y&quot;:{&quot;unit&quot;:&quot;%&quot;,&quot;size&quot;:95,&quot;sizes&quot;:[]},&quot;hotspot_icon&quot;:{&quot;value&quot;:&quot;fas fa-plus-circle&quot;,&quot;library&quot;:&quot;fa-solid&quot;},&quot;hotspot_label&quot;:&quot;&quot;,&quot;hotspot_link&quot;:{&quot;url&quot;:&quot;&quot;,&quot;is_external&quot;:&quot;&quot;,&quot;nofollow&quot;:&quot;&quot;,&quot;custom_attributes&quot;:&quot;&quot;},&quot;hotspot_horizontal&quot;:&quot;left&quot;,&quot;hotspot_vertical&quot;:&quot;top&quot;,&quot;hotspot_tooltip_position&quot;:&quot;no&quot;,&quot;hotspot_position&quot;:null}],&quot;tooltip_position_mobile&quot;:&quot;right&quot;,&quot;hotspot_sequenced_animation&quot;:&quot;no&quot;,&quot;tooltip_position&quot;:&quot;top&quot;,&quot;tooltip_trigger&quot;:&quot;click&quot;,&quot;tooltip_animation&quot;:&quot;e-hotspot--fade-in-out&quot;}\" data-widget_type=\"hotspot.default\">\n\t\t\t\t<div class=\"elementor-widget-container\">\n\t\t\t\t\t<img loading=\"lazy\" decoding=\"async\" width=\"550\" height=\"383\" src=\"https:\/\/staging.ordemdosfisioterapeutas.pt\/wp-content\/uploads\/2023\/06\/12_custodio-costa_CG.png\" class=\"attachment-large size-large wp-image-6029\" alt=\"\" srcset=\"https:\/\/staging.ordemdosfisioterapeutas.pt\/wp-content\/uploads\/2023\/06\/12_custodio-costa_CG.png 550w, https:\/\/staging.ordemdosfisioterapeutas.pt\/wp-content\/uploads\/2023\/06\/12_custodio-costa_CG-300x209.png 300w, https:\/\/staging.ordemdosfisioterapeutas.pt\/wp-content\/uploads\/2023\/06\/12_custodio-costa_CG-18x12.png 18w\" sizes=\"(max-width: 550px) 100vw, 550px\" \/>\n\t\t\t\t\t\t<div class=\"e-hotspot elementor-repeater-item-b629176  e-hotspot--position-left e-hotspot--position-top   e-hotspot--icon\">\n\n\t\t\t\t\t\t\t\t<div class=\"e-hotspot__button e-hotspot--expand\">\n\t\t\t\t\t\t\t\t\t\t\t\t\t\t\t\t\t\t<div class=\"e-hotspot__icon\"><i class=\"fas fa-plus-circle\"><\/i><\/div>\n\t\t\t\t\t\t\t\t\t\t\t\t\t\t\t\t\t\t\t\t\t<\/div>\n\n\t\t\t\t\t\t\t\t\t\t\t\t\t\t\t\t\t\t<div class=\"e-hotspot__tooltip  e-hotspot--tooltip-position e-hotspot--fade-in-out \" >\n\t\t\t\t\t\t<p>- Bacharel, Licenciado e P\u00f3s-graduado em Fisioterapia. - Atualmente aluno do Programa Doutoral em Ci\u00eancias da Reabilita\u00e7\u00e3o na Univ. de Aveiro - Professor Assistente convidado do Instituto Polit\u00e9cnico de Leiria de 2018 a 2020 - Orador, palestrante e professor convidado em diversas institui\u00e7\u00f5es do ensino superior. - Fundador, Diretor-Geral e Diretor-Cl\u00ednico do Grupo CMM \u2013 Centros M\u00e9dicos e Reabilita\u00e7\u00e3o<\/p>\t\t\t\t\t<\/div>\n\t\t\t\t\t\t\t\t\t\n\t\t\t<\/div>\n\n\t\n\t\t\t\t\t\t<\/div>\n\t\t\t\t<\/div>\n\t\t\t\t<div class=\"elementor-element elementor-element-7fcf19c elementor-widget elementor-widget-heading\" data-id=\"7fcf19c\" data-element_type=\"widget\" data-e-type=\"widget\" data-widget_type=\"heading.default\">\n\t\t\t\t<div class=\"elementor-widget-container\">\n\t\t\t\t\t<h2 class=\"elementor-heading-title elementor-size-default\">Gabriel Martins da Costa<\/h2>\t\t\t\t<\/div>\n\t\t\t\t<\/div>\n\t\t\t\t<div class=\"elementor-element elementor-element-b491d4f elementor-widget elementor-widget-text-editor\" data-id=\"b491d4f\" data-element_type=\"widget\" data-e-type=\"widget\" data-widget_type=\"text-editor.default\">\n\t\t\t\t<div class=\"elementor-widget-container\">\n\t\t\t\t\t\t\t\t\t<p style=\"text-align: center;\">Conselheiro<\/p>\t\t\t\t\t\t\t\t<\/div>\n\t\t\t\t<\/div>\n\t\t\t\t<div class=\"elementor-element elementor-element-fc07f66 elementor-widget elementor-widget-text-editor\" data-id=\"fc07f66\" data-element_type=\"widget\" data-e-type=\"widget\" data-widget_type=\"text-editor.default\">\n\t\t\t\t<div class=\"elementor-widget-container\">\n\t\t\t\t\t\t\t\t\t<p style=\"text-align: center;\">C\u00e9dula n.\u00ba: 3816<\/p>\t\t\t\t\t\t\t\t<\/div>\n\t\t\t\t<\/div>\n\t\t\t\t\t<\/div>\n\t\t<\/div>\n\t\t\t\t\t<\/div>\n\t\t<\/section>\n\t\t\t\t\t<\/div>\n\t\t<\/div>\n\t\t\t\t<div class=\"elementor-column elementor-col-20 elementor-top-column elementor-element elementor-element-03d4e49\" data-id=\"03d4e49\" data-element_type=\"column\" data-e-type=\"column\">\n\t\t\t<div class=\"elementor-widget-wrap elementor-element-populated\">\n\t\t\t\t\t\t<section class=\"elementor-section elementor-inner-section elementor-element elementor-element-44f3097 elementor-section-boxed elementor-section-height-default elementor-section-height-default\" data-id=\"44f3097\" data-element_type=\"section\" data-e-type=\"section\">\n\t\t\t\t\t\t<div class=\"elementor-container elementor-column-gap-default\">\n\t\t\t\t\t<div class=\"elementor-column elementor-col-100 elementor-inner-column elementor-element elementor-element-a94ab1d\" data-id=\"a94ab1d\" data-element_type=\"column\" data-e-type=\"column\">\n\t\t\t<div class=\"elementor-widget-wrap elementor-element-populated\">\n\t\t\t\t\t\t<div class=\"elementor-element elementor-element-b76d14b elementor-widget elementor-widget-hotspot\" data-id=\"b76d14b\" data-element_type=\"widget\" data-e-type=\"widget\" data-settings=\"{&quot;hotspot&quot;:[{&quot;_id&quot;:&quot;b629176&quot;,&quot;hotspot_custom_size&quot;:&quot;&quot;,&quot;hotspot_tooltip_content&quot;:&quot;&lt;p&gt;Fisioterapeuta desde 1987, mestre em Interven\\u00e7\\u00e3o Socio-Organizacional na Sa\\u00fade e&lt;br \\\/&gt;Especialista em&lt;br \\\/&gt;Fisioterapia - t\\u00edtulo atribu\\u00eddo pelos Institutos Polit\\u00e9cnicos de Lisboa, Porto e Coimbra, com experi\\u00eancia&lt;br \\\/&gt;cl\\u00ednica em organiza\\u00e7\\u00f5es privadas, maioritariamente na \\u00e1rea da FT Pedi\\u00e1trica e tamb\\u00e9m de doc\\u00eancia. Atualmente, fisioterapeuta na Interven\\u00e7\\u00e3o Precoce da CERCI Lisboa que integra a ELI Lisboa Oriental do Sistema Nacional de Interven\\u00e7\\u00e3o Precoce na Inf\\u00e2ncia, professora adjunta a tempo parcial na ESTeSL e Presidente da Dire\\u00e7\\u00e3o do Grupo de Interesse de Fisioterapia em Pediatria da APFisio.&lt;\\\/p&gt;&quot;,&quot;hotspot_offset_x&quot;:{&quot;unit&quot;:&quot;%&quot;,&quot;size&quot;:95,&quot;sizes&quot;:[]},&quot;hotspot_offset_y&quot;:{&quot;unit&quot;:&quot;%&quot;,&quot;size&quot;:95,&quot;sizes&quot;:[]},&quot;hotspot_icon&quot;:{&quot;value&quot;:&quot;fas fa-plus-circle&quot;,&quot;library&quot;:&quot;fa-solid&quot;},&quot;hotspot_label&quot;:&quot;&quot;,&quot;hotspot_link&quot;:{&quot;url&quot;:&quot;&quot;,&quot;is_external&quot;:&quot;&quot;,&quot;nofollow&quot;:&quot;&quot;,&quot;custom_attributes&quot;:&quot;&quot;},&quot;hotspot_horizontal&quot;:&quot;left&quot;,&quot;hotspot_vertical&quot;:&quot;top&quot;,&quot;hotspot_tooltip_position&quot;:&quot;no&quot;,&quot;hotspot_position&quot;:null}],&quot;tooltip_position_mobile&quot;:&quot;right&quot;,&quot;tooltip_position&quot;:&quot;right&quot;,&quot;hotspot_sequenced_animation&quot;:&quot;no&quot;,&quot;tooltip_trigger&quot;:&quot;click&quot;,&quot;tooltip_animation&quot;:&quot;e-hotspot--fade-in-out&quot;}\" data-widget_type=\"hotspot.default\">\n\t\t\t\t<div class=\"elementor-widget-container\">\n\t\t\t\t\t<img loading=\"lazy\" decoding=\"async\" width=\"550\" height=\"383\" src=\"https:\/\/staging.ordemdosfisioterapeutas.pt\/wp-content\/uploads\/2023\/06\/13_ana_saramago_CG.png\" class=\"attachment-large size-large wp-image-6031\" alt=\"\" srcset=\"https:\/\/staging.ordemdosfisioterapeutas.pt\/wp-content\/uploads\/2023\/06\/13_ana_saramago_CG.png 550w, https:\/\/staging.ordemdosfisioterapeutas.pt\/wp-content\/uploads\/2023\/06\/13_ana_saramago_CG-300x209.png 300w, https:\/\/staging.ordemdosfisioterapeutas.pt\/wp-content\/uploads\/2023\/06\/13_ana_saramago_CG-18x12.png 18w\" sizes=\"(max-width: 550px) 100vw, 550px\" \/>\n\t\t\t\t\t\t<div class=\"e-hotspot elementor-repeater-item-b629176  e-hotspot--position-left e-hotspot--position-top   e-hotspot--icon\">\n\n\t\t\t\t\t\t\t\t<div class=\"e-hotspot__button e-hotspot--expand\">\n\t\t\t\t\t\t\t\t\t\t\t\t\t\t\t\t\t\t<div class=\"e-hotspot__icon\"><i class=\"fas fa-plus-circle\"><\/i><\/div>\n\t\t\t\t\t\t\t\t\t\t\t\t\t\t\t\t\t\t\t\t\t<\/div>\n\n\t\t\t\t\t\t\t\t\t\t\t\t\t\t\t\t\t\t<div class=\"e-hotspot__tooltip  e-hotspot--tooltip-position e-hotspot--fade-in-out \" >\n\t\t\t\t\t\t<p>Fisioterapeuta desde 1987, mestre em Interven\u00e7\u00e3o Socio-Organizacional na Sa\u00fade e<br \/>Especialista em<br \/>Fisioterapia - t\u00edtulo atribu\u00eddo pelos Institutos Polit\u00e9cnicos de Lisboa, Porto e Coimbra, com experi\u00eancia<br \/>cl\u00ednica em organiza\u00e7\u00f5es privadas, maioritariamente na \u00e1rea da FT Pedi\u00e1trica e tamb\u00e9m de doc\u00eancia. Atualmente, fisioterapeuta na Interven\u00e7\u00e3o Precoce da CERCI Lisboa que integra a ELI Lisboa Oriental do Sistema Nacional de Interven\u00e7\u00e3o Precoce na Inf\u00e2ncia, professora adjunta a tempo parcial na ESTeSL e Presidente da Dire\u00e7\u00e3o do Grupo de Interesse de Fisioterapia em Pediatria da APFisio.<\/p>\t\t\t\t\t<\/div>\n\t\t\t\t\t\t\t\t\t\n\t\t\t<\/div>\n\n\t\n\t\t\t\t\t\t<\/div>\n\t\t\t\t<\/div>\n\t\t\t\t<div class=\"elementor-element elementor-element-3ac6384 elementor-widget elementor-widget-heading\" data-id=\"3ac6384\" data-element_type=\"widget\" data-e-type=\"widget\" data-widget_type=\"heading.default\">\n\t\t\t\t<div class=\"elementor-widget-container\">\n\t\t\t\t\t<h2 class=\"elementor-heading-title elementor-size-default\">Ana Rita Carujo Saramago<\/h2>\t\t\t\t<\/div>\n\t\t\t\t<\/div>\n\t\t\t\t<div class=\"elementor-element elementor-element-8cddec0 elementor-widget elementor-widget-text-editor\" data-id=\"8cddec0\" data-element_type=\"widget\" data-e-type=\"widget\" data-widget_type=\"text-editor.default\">\n\t\t\t\t<div class=\"elementor-widget-container\">\n\t\t\t\t\t\t\t\t\t<p style=\"text-align: center;\">Conselheira<\/p>\t\t\t\t\t\t\t\t<\/div>\n\t\t\t\t<\/div>\n\t\t\t\t<div class=\"elementor-element elementor-element-6298bfa elementor-widget elementor-widget-text-editor\" data-id=\"6298bfa\" data-element_type=\"widget\" data-e-type=\"widget\" data-widget_type=\"text-editor.default\">\n\t\t\t\t<div class=\"elementor-widget-container\">\n\t\t\t\t\t\t\t\t\t<p style=\"text-align: center;\">C\u00e9dula n.\u00ba: 1066<\/p>\t\t\t\t\t\t\t\t<\/div>\n\t\t\t\t<\/div>\n\t\t\t\t\t<\/div>\n\t\t<\/div>\n\t\t\t\t\t<\/div>\n\t\t<\/section>\n\t\t\t\t\t<\/div>\n\t\t<\/div>\n\t\t\t\t\t<\/div>\n\t\t<\/section>\n\t\t\t\t<section class=\"elementor-section elementor-top-section elementor-element elementor-element-67fade8 elementor-section-boxed elementor-section-height-default elementor-section-height-default\" data-id=\"67fade8\" data-element_type=\"section\" data-e-type=\"section\">\n\t\t\t\t\t\t<div class=\"elementor-container elementor-column-gap-default\">\n\t\t\t\t\t<div class=\"elementor-column elementor-col-20 elementor-top-column elementor-element elementor-element-24f7106\" data-id=\"24f7106\" data-element_type=\"column\" data-e-type=\"column\">\n\t\t\t<div class=\"elementor-widget-wrap elementor-element-populated\">\n\t\t\t\t\t\t<section class=\"elementor-section elementor-inner-section elementor-element elementor-element-2ef98ad elementor-section-boxed elementor-section-height-default elementor-section-height-default\" data-id=\"2ef98ad\" data-element_type=\"section\" data-e-type=\"section\">\n\t\t\t\t\t\t<div class=\"elementor-container elementor-column-gap-default\">\n\t\t\t\t\t<div class=\"elementor-column elementor-col-100 elementor-inner-column elementor-element elementor-element-677abcd\" data-id=\"677abcd\" data-element_type=\"column\" data-e-type=\"column\">\n\t\t\t<div class=\"elementor-widget-wrap elementor-element-populated\">\n\t\t\t\t\t\t<div class=\"elementor-element elementor-element-aa8db5c elementor-widget elementor-widget-hotspot\" data-id=\"aa8db5c\" data-element_type=\"widget\" data-e-type=\"widget\" data-settings=\"{&quot;hotspot&quot;:[{&quot;_id&quot;:&quot;b629176&quot;,&quot;hotspot_custom_size&quot;:&quot;&quot;,&quot;hotspot_tooltip_content&quot;:&quot;&lt;p&gt;Bacharel em Fisioterapia (ESSA); Equiparado a Licenciado (ESTES Coimbra); Mestre em Psicologia Educacional (ISPA); Doutorado em Fisioterapia, (Universidade de Brighton, Reino Unido); P\\u00f3s-Doutoramento na especialidade de Epidemiologia (Escola Nacional de Sa\\u00fade P\\u00fablica da Universidade Nova de Lisboa). Professor Coordenador (ESS-IPS). Presidente do Conselho T\\u00e9cnico-Cient\\u00edfico da ESS-IPS. Investigador Integrado do Comprehensive Health Research Centre (CHRC). Investigador respons\\u00e1vel pelos Projetos: SPLIT; SARA e MyBack.&lt;\\\/p&gt;&quot;,&quot;hotspot_offset_x&quot;:{&quot;unit&quot;:&quot;%&quot;,&quot;size&quot;:95,&quot;sizes&quot;:[]},&quot;hotspot_offset_y&quot;:{&quot;unit&quot;:&quot;%&quot;,&quot;size&quot;:95,&quot;sizes&quot;:[]},&quot;hotspot_icon&quot;:{&quot;value&quot;:&quot;fas fa-plus-circle&quot;,&quot;library&quot;:&quot;fa-solid&quot;},&quot;hotspot_label&quot;:&quot;&quot;,&quot;hotspot_link&quot;:{&quot;url&quot;:&quot;&quot;,&quot;is_external&quot;:&quot;&quot;,&quot;nofollow&quot;:&quot;&quot;,&quot;custom_attributes&quot;:&quot;&quot;},&quot;hotspot_horizontal&quot;:&quot;left&quot;,&quot;hotspot_vertical&quot;:&quot;top&quot;,&quot;hotspot_tooltip_position&quot;:&quot;no&quot;,&quot;hotspot_position&quot;:null}],&quot;tooltip_position_mobile&quot;:&quot;right&quot;,&quot;hotspot_sequenced_animation&quot;:&quot;no&quot;,&quot;tooltip_position&quot;:&quot;top&quot;,&quot;tooltip_trigger&quot;:&quot;click&quot;,&quot;tooltip_animation&quot;:&quot;e-hotspot--fade-in-out&quot;}\" data-widget_type=\"hotspot.default\">\n\t\t\t\t<div class=\"elementor-widget-container\">\n\t\t\t\t\t<img loading=\"lazy\" decoding=\"async\" width=\"550\" height=\"383\" src=\"https:\/\/staging.ordemdosfisioterapeutas.pt\/wp-content\/uploads\/2023\/06\/14_eduardo_cruz_CG.png\" class=\"attachment-large size-large wp-image-6036\" alt=\"\" srcset=\"https:\/\/staging.ordemdosfisioterapeutas.pt\/wp-content\/uploads\/2023\/06\/14_eduardo_cruz_CG.png 550w, https:\/\/staging.ordemdosfisioterapeutas.pt\/wp-content\/uploads\/2023\/06\/14_eduardo_cruz_CG-300x209.png 300w, https:\/\/staging.ordemdosfisioterapeutas.pt\/wp-content\/uploads\/2023\/06\/14_eduardo_cruz_CG-18x12.png 18w\" sizes=\"(max-width: 550px) 100vw, 550px\" \/>\n\t\t\t\t\t\t<div class=\"e-hotspot elementor-repeater-item-b629176  e-hotspot--position-left e-hotspot--position-top   e-hotspot--icon\">\n\n\t\t\t\t\t\t\t\t<div class=\"e-hotspot__button e-hotspot--expand\">\n\t\t\t\t\t\t\t\t\t\t\t\t\t\t\t\t\t\t<div class=\"e-hotspot__icon\"><i class=\"fas fa-plus-circle\"><\/i><\/div>\n\t\t\t\t\t\t\t\t\t\t\t\t\t\t\t\t\t\t\t\t\t<\/div>\n\n\t\t\t\t\t\t\t\t\t\t\t\t\t\t\t\t\t\t<div class=\"e-hotspot__tooltip  e-hotspot--tooltip-position e-hotspot--fade-in-out \" >\n\t\t\t\t\t\t<p>Bacharel em Fisioterapia (ESSA); Equiparado a Licenciado (ESTES Coimbra); Mestre em Psicologia Educacional (ISPA); Doutorado em Fisioterapia, (Universidade de Brighton, Reino Unido); P\u00f3s-Doutoramento na especialidade de Epidemiologia (Escola Nacional de Sa\u00fade P\u00fablica da Universidade Nova de Lisboa). Professor Coordenador (ESS-IPS). Presidente do Conselho T\u00e9cnico-Cient\u00edfico da ESS-IPS. Investigador Integrado do Comprehensive Health Research Centre (CHRC). Investigador respons\u00e1vel pelos Projetos: SPLIT; SARA e MyBack.<\/p>\t\t\t\t\t<\/div>\n\t\t\t\t\t\t\t\t\t\n\t\t\t<\/div>\n\n\t\n\t\t\t\t\t\t<\/div>\n\t\t\t\t<\/div>\n\t\t\t\t<div class=\"elementor-element elementor-element-f315ee7 elementor-widget elementor-widget-heading\" data-id=\"f315ee7\" data-element_type=\"widget\" data-e-type=\"widget\" data-widget_type=\"heading.default\">\n\t\t\t\t<div class=\"elementor-widget-container\">\n\t\t\t\t\t<h2 class=\"elementor-heading-title elementor-size-default\">Eduardo Brazete Cruz<\/h2>\t\t\t\t<\/div>\n\t\t\t\t<\/div>\n\t\t\t\t<div class=\"elementor-element elementor-element-28b27ee elementor-widget elementor-widget-text-editor\" data-id=\"28b27ee\" data-element_type=\"widget\" data-e-type=\"widget\" data-widget_type=\"text-editor.default\">\n\t\t\t\t<div class=\"elementor-widget-container\">\n\t\t\t\t\t\t\t\t\t<p style=\"text-align: center;\">Conselheiro<\/p>\t\t\t\t\t\t\t\t<\/div>\n\t\t\t\t<\/div>\n\t\t\t\t<div class=\"elementor-element elementor-element-526dab1 elementor-widget elementor-widget-text-editor\" data-id=\"526dab1\" data-element_type=\"widget\" data-e-type=\"widget\" data-widget_type=\"text-editor.default\">\n\t\t\t\t<div class=\"elementor-widget-container\">\n\t\t\t\t\t\t\t\t\t<p style=\"text-align: center;\">C\u00e9dula n.\u00ba: 2191<\/p>\t\t\t\t\t\t\t\t<\/div>\n\t\t\t\t<\/div>\n\t\t\t\t\t<\/div>\n\t\t<\/div>\n\t\t\t\t\t<\/div>\n\t\t<\/section>\n\t\t\t\t\t<\/div>\n\t\t<\/div>\n\t\t\t\t<div class=\"elementor-column elementor-col-20 elementor-top-column elementor-element elementor-element-2511e0b\" data-id=\"2511e0b\" data-element_type=\"column\" data-e-type=\"column\">\n\t\t\t<div class=\"elementor-widget-wrap elementor-element-populated\">\n\t\t\t\t\t\t<section class=\"elementor-section elementor-inner-section elementor-element elementor-element-2fd4d4b elementor-section-boxed elementor-section-height-default elementor-section-height-default\" data-id=\"2fd4d4b\" data-element_type=\"section\" data-e-type=\"section\">\n\t\t\t\t\t\t<div class=\"elementor-container elementor-column-gap-default\">\n\t\t\t\t\t<div class=\"elementor-column elementor-col-100 elementor-inner-column elementor-element elementor-element-49909e8\" data-id=\"49909e8\" data-element_type=\"column\" data-e-type=\"column\">\n\t\t\t<div class=\"elementor-widget-wrap elementor-element-populated\">\n\t\t\t\t\t\t<div class=\"elementor-element elementor-element-5c3ee07 elementor-widget elementor-widget-hotspot\" data-id=\"5c3ee07\" data-element_type=\"widget\" data-e-type=\"widget\" data-settings=\"{&quot;hotspot&quot;:[{&quot;_id&quot;:&quot;b629176&quot;,&quot;hotspot_custom_size&quot;:&quot;&quot;,&quot;hotspot_tooltip_content&quot;:&quot;&lt;p&gt;Fisioterapeuta desde 2001, realizou mestrado, doutoramento e p\\u00f3s-doutoramento, os dois \\u00faltimos com bolsa da Funda\\u00e7\\u00e3o para a Ci\\u00eancia e Tecnologia. Em 2021 prestou Provas de Agrega\\u00e7\\u00e3o em Fisioterapia. \\u00c9 professor na Escola Superior de Sa\\u00fade da Universidade de Aveiro e investigador no Instituto de Biomedicina, exercendo fun\\u00e7\\u00f5es de diretor da Licenciatura em Fisioterapia e vice-diretor do Doutoramento em Ci\\u00eancias da Reabilita\\u00e7\\u00e3o.&lt;\\\/p&gt;&quot;,&quot;hotspot_offset_x&quot;:{&quot;unit&quot;:&quot;%&quot;,&quot;size&quot;:95,&quot;sizes&quot;:[]},&quot;hotspot_offset_y&quot;:{&quot;unit&quot;:&quot;%&quot;,&quot;size&quot;:95,&quot;sizes&quot;:[]},&quot;hotspot_icon&quot;:{&quot;value&quot;:&quot;fas fa-plus-circle&quot;,&quot;library&quot;:&quot;fa-solid&quot;},&quot;hotspot_label&quot;:&quot;&quot;,&quot;hotspot_link&quot;:{&quot;url&quot;:&quot;&quot;,&quot;is_external&quot;:&quot;&quot;,&quot;nofollow&quot;:&quot;&quot;,&quot;custom_attributes&quot;:&quot;&quot;},&quot;hotspot_horizontal&quot;:&quot;left&quot;,&quot;hotspot_vertical&quot;:&quot;top&quot;,&quot;hotspot_tooltip_position&quot;:&quot;no&quot;,&quot;hotspot_position&quot;:null}],&quot;tooltip_position_mobile&quot;:&quot;right&quot;,&quot;hotspot_sequenced_animation&quot;:&quot;no&quot;,&quot;tooltip_position&quot;:&quot;top&quot;,&quot;tooltip_trigger&quot;:&quot;click&quot;,&quot;tooltip_animation&quot;:&quot;e-hotspot--fade-in-out&quot;}\" data-widget_type=\"hotspot.default\">\n\t\t\t\t<div class=\"elementor-widget-container\">\n\t\t\t\t\t<img loading=\"lazy\" decoding=\"async\" width=\"550\" height=\"383\" src=\"https:\/\/staging.ordemdosfisioterapeutas.pt\/wp-content\/uploads\/2023\/06\/15_fernando-ribeiro_CG.png\" class=\"attachment-large size-large wp-image-6040\" alt=\"\" srcset=\"https:\/\/staging.ordemdosfisioterapeutas.pt\/wp-content\/uploads\/2023\/06\/15_fernando-ribeiro_CG.png 550w, https:\/\/staging.ordemdosfisioterapeutas.pt\/wp-content\/uploads\/2023\/06\/15_fernando-ribeiro_CG-300x209.png 300w, https:\/\/staging.ordemdosfisioterapeutas.pt\/wp-content\/uploads\/2023\/06\/15_fernando-ribeiro_CG-18x12.png 18w\" sizes=\"(max-width: 550px) 100vw, 550px\" \/>\n\t\t\t\t\t\t<div class=\"e-hotspot elementor-repeater-item-b629176  e-hotspot--position-left e-hotspot--position-top   e-hotspot--icon\">\n\n\t\t\t\t\t\t\t\t<div class=\"e-hotspot__button e-hotspot--expand\">\n\t\t\t\t\t\t\t\t\t\t\t\t\t\t\t\t\t\t<div class=\"e-hotspot__icon\"><i class=\"fas fa-plus-circle\"><\/i><\/div>\n\t\t\t\t\t\t\t\t\t\t\t\t\t\t\t\t\t\t\t\t\t<\/div>\n\n\t\t\t\t\t\t\t\t\t\t\t\t\t\t\t\t\t\t<div class=\"e-hotspot__tooltip  e-hotspot--tooltip-position e-hotspot--fade-in-out \" >\n\t\t\t\t\t\t<p>Fisioterapeuta desde 2001, realizou mestrado, doutoramento e p\u00f3s-doutoramento, os dois \u00faltimos com bolsa da Funda\u00e7\u00e3o para a Ci\u00eancia e Tecnologia. Em 2021 prestou Provas de Agrega\u00e7\u00e3o em Fisioterapia. \u00c9 professor na Escola Superior de Sa\u00fade da Universidade de Aveiro e investigador no Instituto de Biomedicina, exercendo fun\u00e7\u00f5es de diretor da Licenciatura em Fisioterapia e vice-diretor do Doutoramento em Ci\u00eancias da Reabilita\u00e7\u00e3o.<\/p>\t\t\t\t\t<\/div>\n\t\t\t\t\t\t\t\t\t\n\t\t\t<\/div>\n\n\t\n\t\t\t\t\t\t<\/div>\n\t\t\t\t<\/div>\n\t\t\t\t<div class=\"elementor-element elementor-element-0f83523 elementor-widget elementor-widget-heading\" data-id=\"0f83523\" data-element_type=\"widget\" data-e-type=\"widget\" data-widget_type=\"heading.default\">\n\t\t\t\t<div class=\"elementor-widget-container\">\n\t\t\t\t\t<h2 class=\"elementor-heading-title elementor-size-default\">Fernando Ribeiro<\/h2>\t\t\t\t<\/div>\n\t\t\t\t<\/div>\n\t\t\t\t<div class=\"elementor-element elementor-element-b4c6a9c elementor-widget elementor-widget-text-editor\" data-id=\"b4c6a9c\" data-element_type=\"widget\" data-e-type=\"widget\" data-widget_type=\"text-editor.default\">\n\t\t\t\t<div class=\"elementor-widget-container\">\n\t\t\t\t\t\t\t\t\t<p style=\"text-align: center;\">Conselheiro<\/p>\t\t\t\t\t\t\t\t<\/div>\n\t\t\t\t<\/div>\n\t\t\t\t<div class=\"elementor-element elementor-element-9e787a4 elementor-widget elementor-widget-text-editor\" data-id=\"9e787a4\" data-element_type=\"widget\" data-e-type=\"widget\" data-widget_type=\"text-editor.default\">\n\t\t\t\t<div class=\"elementor-widget-container\">\n\t\t\t\t\t\t\t\t\t<p style=\"text-align: center;\">C\u00e9dula n.\u00ba: 2560<\/p>\t\t\t\t\t\t\t\t<\/div>\n\t\t\t\t<\/div>\n\t\t\t\t\t<\/div>\n\t\t<\/div>\n\t\t\t\t\t<\/div>\n\t\t<\/section>\n\t\t\t\t\t<\/div>\n\t\t<\/div>\n\t\t\t\t<div class=\"elementor-column elementor-col-20 elementor-top-column elementor-element elementor-element-481618c\" data-id=\"481618c\" data-element_type=\"column\" data-e-type=\"column\">\n\t\t\t<div class=\"elementor-widget-wrap elementor-element-populated\">\n\t\t\t\t\t\t<section class=\"elementor-section elementor-inner-section elementor-element elementor-element-c94e623 elementor-section-boxed elementor-section-height-default elementor-section-height-default\" data-id=\"c94e623\" data-element_type=\"section\" data-e-type=\"section\">\n\t\t\t\t\t\t<div class=\"elementor-container elementor-column-gap-default\">\n\t\t\t\t\t<div class=\"elementor-column elementor-col-100 elementor-inner-column elementor-element elementor-element-ed4e9ad\" data-id=\"ed4e9ad\" data-element_type=\"column\" data-e-type=\"column\">\n\t\t\t<div class=\"elementor-widget-wrap elementor-element-populated\">\n\t\t\t\t\t\t<div class=\"elementor-element elementor-element-dac0c5f elementor-widget elementor-widget-hotspot\" data-id=\"dac0c5f\" data-element_type=\"widget\" data-e-type=\"widget\" data-settings=\"{&quot;hotspot&quot;:[{&quot;_id&quot;:&quot;b629176&quot;,&quot;hotspot_custom_size&quot;:&quot;&quot;,&quot;hotspot_tooltip_content&quot;:&quot;&lt;p&gt;Fisioterapeuta desde 2016 (ESTeSCoimbra), com experi\\u00eancia em pr\\u00e1tica cl\\u00ednica privada nas \\u00e1reas da sa\\u00fade da mulher e do pavimento p\\u00e9lvico.&lt;\\\/p&gt;&quot;,&quot;hotspot_offset_x&quot;:{&quot;unit&quot;:&quot;%&quot;,&quot;size&quot;:95,&quot;sizes&quot;:[]},&quot;hotspot_offset_y&quot;:{&quot;unit&quot;:&quot;%&quot;,&quot;size&quot;:95,&quot;sizes&quot;:[]},&quot;hotspot_icon&quot;:{&quot;value&quot;:&quot;fas fa-plus-circle&quot;,&quot;library&quot;:&quot;fa-solid&quot;},&quot;hotspot_label&quot;:&quot;&quot;,&quot;hotspot_link&quot;:{&quot;url&quot;:&quot;&quot;,&quot;is_external&quot;:&quot;&quot;,&quot;nofollow&quot;:&quot;&quot;,&quot;custom_attributes&quot;:&quot;&quot;},&quot;hotspot_horizontal&quot;:&quot;left&quot;,&quot;hotspot_vertical&quot;:&quot;top&quot;,&quot;hotspot_tooltip_position&quot;:&quot;no&quot;,&quot;hotspot_position&quot;:null}],&quot;tooltip_position_mobile&quot;:&quot;right&quot;,&quot;hotspot_sequenced_animation&quot;:&quot;no&quot;,&quot;tooltip_position&quot;:&quot;top&quot;,&quot;tooltip_trigger&quot;:&quot;click&quot;,&quot;tooltip_animation&quot;:&quot;e-hotspot--fade-in-out&quot;}\" data-widget_type=\"hotspot.default\">\n\t\t\t\t<div class=\"elementor-widget-container\">\n\t\t\t\t\t<img loading=\"lazy\" decoding=\"async\" width=\"550\" height=\"383\" src=\"https:\/\/staging.ordemdosfisioterapeutas.pt\/wp-content\/uploads\/2023\/06\/16_carla_faria_CG.png\" class=\"attachment-large size-large wp-image-6041\" alt=\"\" srcset=\"https:\/\/staging.ordemdosfisioterapeutas.pt\/wp-content\/uploads\/2023\/06\/16_carla_faria_CG.png 550w, https:\/\/staging.ordemdosfisioterapeutas.pt\/wp-content\/uploads\/2023\/06\/16_carla_faria_CG-300x209.png 300w, https:\/\/staging.ordemdosfisioterapeutas.pt\/wp-content\/uploads\/2023\/06\/16_carla_faria_CG-18x12.png 18w\" sizes=\"(max-width: 550px) 100vw, 550px\" \/>\n\t\t\t\t\t\t<div class=\"e-hotspot elementor-repeater-item-b629176  e-hotspot--position-left e-hotspot--position-top   e-hotspot--icon\">\n\n\t\t\t\t\t\t\t\t<div class=\"e-hotspot__button e-hotspot--expand\">\n\t\t\t\t\t\t\t\t\t\t\t\t\t\t\t\t\t\t<div class=\"e-hotspot__icon\"><i class=\"fas fa-plus-circle\"><\/i><\/div>\n\t\t\t\t\t\t\t\t\t\t\t\t\t\t\t\t\t\t\t\t\t<\/div>\n\n\t\t\t\t\t\t\t\t\t\t\t\t\t\t\t\t\t\t<div class=\"e-hotspot__tooltip  e-hotspot--tooltip-position e-hotspot--fade-in-out \" >\n\t\t\t\t\t\t<p>Fisioterapeuta desde 2016 (ESTeSCoimbra), com experi\u00eancia em pr\u00e1tica cl\u00ednica privada nas \u00e1reas da sa\u00fade da mulher e do pavimento p\u00e9lvico.<\/p>\t\t\t\t\t<\/div>\n\t\t\t\t\t\t\t\t\t\n\t\t\t<\/div>\n\n\t\n\t\t\t\t\t\t<\/div>\n\t\t\t\t<\/div>\n\t\t\t\t<div class=\"elementor-element elementor-element-4b7da6f elementor-widget elementor-widget-heading\" data-id=\"4b7da6f\" data-element_type=\"widget\" data-e-type=\"widget\" data-widget_type=\"heading.default\">\n\t\t\t\t<div class=\"elementor-widget-container\">\n\t\t\t\t\t<h2 class=\"elementor-heading-title elementor-size-default\">Carla S\u00e1 Faria<\/h2>\t\t\t\t<\/div>\n\t\t\t\t<\/div>\n\t\t\t\t<div class=\"elementor-element elementor-element-991ee01 elementor-widget elementor-widget-text-editor\" data-id=\"991ee01\" data-element_type=\"widget\" data-e-type=\"widget\" data-widget_type=\"text-editor.default\">\n\t\t\t\t<div class=\"elementor-widget-container\">\n\t\t\t\t\t\t\t\t\t<p style=\"text-align: center;\">Conselheira<\/p>\t\t\t\t\t\t\t\t<\/div>\n\t\t\t\t<\/div>\n\t\t\t\t<div class=\"elementor-element elementor-element-3894e5d elementor-widget elementor-widget-text-editor\" data-id=\"3894e5d\" data-element_type=\"widget\" data-e-type=\"widget\" data-widget_type=\"text-editor.default\">\n\t\t\t\t<div class=\"elementor-widget-container\">\n\t\t\t\t\t\t\t\t\t<p style=\"text-align: center;\">C\u00e9dula n.\u00ba: 2785<\/p>\t\t\t\t\t\t\t\t<\/div>\n\t\t\t\t<\/div>\n\t\t\t\t\t<\/div>\n\t\t<\/div>\n\t\t\t\t\t<\/div>\n\t\t<\/section>\n\t\t\t\t\t<\/div>\n\t\t<\/div>\n\t\t\t\t<div class=\"elementor-column elementor-col-20 elementor-top-column elementor-element elementor-element-760a4ba\" data-id=\"760a4ba\" data-element_type=\"column\" data-e-type=\"column\">\n\t\t\t<div class=\"elementor-widget-wrap elementor-element-populated\">\n\t\t\t\t\t\t<section class=\"elementor-section elementor-inner-section elementor-element elementor-element-20539ed elementor-section-boxed elementor-section-height-default elementor-section-height-default\" data-id=\"20539ed\" data-element_type=\"section\" data-e-type=\"section\">\n\t\t\t\t\t\t<div class=\"elementor-container elementor-column-gap-default\">\n\t\t\t\t\t<div class=\"elementor-column elementor-col-100 elementor-inner-column elementor-element elementor-element-f409514\" data-id=\"f409514\" data-element_type=\"column\" data-e-type=\"column\">\n\t\t\t<div class=\"elementor-widget-wrap elementor-element-populated\">\n\t\t\t\t\t\t<div class=\"elementor-element elementor-element-5a68d51 elementor-widget elementor-widget-hotspot\" data-id=\"5a68d51\" data-element_type=\"widget\" data-e-type=\"widget\" data-settings=\"{&quot;hotspot&quot;:[{&quot;_id&quot;:&quot;b629176&quot;,&quot;hotspot_custom_size&quot;:&quot;&quot;,&quot;hotspot_tooltip_content&quot;:&quot;&lt;p style=\\&quot;font-weight: 400;\\&quot;&gt;- Licenciado em Fisioterapia pela Escola Superior de Sa\\u00fade do Vale do Sousa.&lt;\\\/p&gt;&lt;p style=\\&quot;font-weight: 400;\\&quot;&gt;- Certificado em Terapia Manual Ortop\\u00e9dica pela Curtin University of Technology (Austr\\u00e1lia).&lt;\\\/p&gt;&lt;p style=\\&quot;font-weight: 400;\\&quot;&gt;- Mestre em Fisioterapia pela University of Brighton (Reino Unido).&lt;\\\/p&gt;&lt;p style=\\&quot;font-weight: 400;\\&quot;&gt;- Director e Fisioterapeuta na cl\\u00ednica FisioNeto - Terapia Manual Ortop\\u00e9dica &amp; Pilates Cl\\u00ednico, onde exerce clinicamente.&lt;\\\/p&gt;&lt;p style=\\&quot;font-weight: 400;\\&quot;&gt;- CEO e Diretor Pedag\\u00f3gico da Formaterapia.&lt;\\\/p&gt;&lt;p style=\\&quot;font-weight: 400;\\&quot;&gt;- Docente\\\/formador a n\\u00edvel nacional e internacional de Fisioterapia M\\u00fasculoesquel\\u00e9tica, particularmente na \\u00e1rea da Terapia Manual e Conceito Mulligan.&lt;\\\/p&gt;&quot;,&quot;hotspot_offset_x&quot;:{&quot;unit&quot;:&quot;%&quot;,&quot;size&quot;:95,&quot;sizes&quot;:[]},&quot;hotspot_offset_y&quot;:{&quot;unit&quot;:&quot;%&quot;,&quot;size&quot;:95,&quot;sizes&quot;:[]},&quot;hotspot_icon&quot;:{&quot;value&quot;:&quot;fas fa-plus-circle&quot;,&quot;library&quot;:&quot;fa-solid&quot;},&quot;hotspot_label&quot;:&quot;&quot;,&quot;hotspot_link&quot;:{&quot;url&quot;:&quot;&quot;,&quot;is_external&quot;:&quot;&quot;,&quot;nofollow&quot;:&quot;&quot;,&quot;custom_attributes&quot;:&quot;&quot;},&quot;hotspot_horizontal&quot;:&quot;left&quot;,&quot;hotspot_vertical&quot;:&quot;top&quot;,&quot;hotspot_tooltip_position&quot;:&quot;no&quot;,&quot;hotspot_position&quot;:null}],&quot;tooltip_position_mobile&quot;:&quot;right&quot;,&quot;hotspot_sequenced_animation&quot;:&quot;no&quot;,&quot;tooltip_position&quot;:&quot;top&quot;,&quot;tooltip_trigger&quot;:&quot;click&quot;,&quot;tooltip_animation&quot;:&quot;e-hotspot--fade-in-out&quot;}\" data-widget_type=\"hotspot.default\">\n\t\t\t\t<div class=\"elementor-widget-container\">\n\t\t\t\t\t<img loading=\"lazy\" decoding=\"async\" width=\"550\" height=\"383\" src=\"https:\/\/staging.ordemdosfisioterapeutas.pt\/wp-content\/uploads\/2023\/06\/17_francisco_neto_CG.png\" class=\"attachment-large size-large wp-image-6042\" alt=\"\" srcset=\"https:\/\/staging.ordemdosfisioterapeutas.pt\/wp-content\/uploads\/2023\/06\/17_francisco_neto_CG.png 550w, https:\/\/staging.ordemdosfisioterapeutas.pt\/wp-content\/uploads\/2023\/06\/17_francisco_neto_CG-300x209.png 300w, https:\/\/staging.ordemdosfisioterapeutas.pt\/wp-content\/uploads\/2023\/06\/17_francisco_neto_CG-18x12.png 18w\" sizes=\"(max-width: 550px) 100vw, 550px\" \/>\n\t\t\t\t\t\t<div class=\"e-hotspot elementor-repeater-item-b629176  e-hotspot--position-left e-hotspot--position-top   e-hotspot--icon\">\n\n\t\t\t\t\t\t\t\t<div class=\"e-hotspot__button e-hotspot--expand\">\n\t\t\t\t\t\t\t\t\t\t\t\t\t\t\t\t\t\t<div class=\"e-hotspot__icon\"><i class=\"fas fa-plus-circle\"><\/i><\/div>\n\t\t\t\t\t\t\t\t\t\t\t\t\t\t\t\t\t\t\t\t\t<\/div>\n\n\t\t\t\t\t\t\t\t\t\t\t\t\t\t\t\t\t\t<div class=\"e-hotspot__tooltip  e-hotspot--tooltip-position e-hotspot--fade-in-out \" >\n\t\t\t\t\t\t<p style=\"font-weight: 400;\">- Licenciado em Fisioterapia pela Escola Superior de Sa\u00fade do Vale do Sousa.<\/p><p style=\"font-weight: 400;\">- Certificado em Terapia Manual Ortop\u00e9dica pela Curtin University of Technology (Austr\u00e1lia).<\/p><p style=\"font-weight: 400;\">- Mestre em Fisioterapia pela University of Brighton (Reino Unido).<\/p><p style=\"font-weight: 400;\">- Director e Fisioterapeuta na cl\u00ednica FisioNeto - Terapia Manual Ortop\u00e9dica &amp; Pilates Cl\u00ednico, onde exerce clinicamente.<\/p><p style=\"font-weight: 400;\">- CEO e Diretor Pedag\u00f3gico da Formaterapia.<\/p><p style=\"font-weight: 400;\">- Docente\/formador a n\u00edvel nacional e internacional de Fisioterapia M\u00fasculoesquel\u00e9tica, particularmente na \u00e1rea da Terapia Manual e Conceito Mulligan.<\/p>\t\t\t\t\t<\/div>\n\t\t\t\t\t\t\t\t\t\n\t\t\t<\/div>\n\n\t\n\t\t\t\t\t\t<\/div>\n\t\t\t\t<\/div>\n\t\t\t\t<div class=\"elementor-element elementor-element-55d5c9f elementor-widget elementor-widget-heading\" data-id=\"55d5c9f\" data-element_type=\"widget\" data-e-type=\"widget\" data-widget_type=\"heading.default\">\n\t\t\t\t<div class=\"elementor-widget-container\">\n\t\t\t\t\t<h2 class=\"elementor-heading-title elementor-size-default\">Francisco Neto<\/h2>\t\t\t\t<\/div>\n\t\t\t\t<\/div>\n\t\t\t\t<div class=\"elementor-element elementor-element-105fc03 elementor-widget elementor-widget-text-editor\" data-id=\"105fc03\" data-element_type=\"widget\" data-e-type=\"widget\" data-widget_type=\"text-editor.default\">\n\t\t\t\t<div class=\"elementor-widget-container\">\n\t\t\t\t\t\t\t\t\t<p style=\"text-align: center;\">Conselheiro<\/p>\t\t\t\t\t\t\t\t<\/div>\n\t\t\t\t<\/div>\n\t\t\t\t<div class=\"elementor-element elementor-element-3c2890f elementor-widget elementor-widget-text-editor\" data-id=\"3c2890f\" data-element_type=\"widget\" data-e-type=\"widget\" data-widget_type=\"text-editor.default\">\n\t\t\t\t<div class=\"elementor-widget-container\">\n\t\t\t\t\t\t\t\t\t<p style=\"text-align: center;\">C\u00e9dula n.\u00ba: 3210<\/p>\t\t\t\t\t\t\t\t<\/div>\n\t\t\t\t<\/div>\n\t\t\t\t\t<\/div>\n\t\t<\/div>\n\t\t\t\t\t<\/div>\n\t\t<\/section>\n\t\t\t\t\t<\/div>\n\t\t<\/div>\n\t\t\t\t<div class=\"elementor-column elementor-col-20 elementor-top-column elementor-element elementor-element-28894a0\" data-id=\"28894a0\" data-element_type=\"column\" data-e-type=\"column\">\n\t\t\t<div class=\"elementor-widget-wrap elementor-element-populated\">\n\t\t\t\t\t\t<section class=\"elementor-section elementor-inner-section elementor-element elementor-element-6ff5a6f elementor-section-boxed elementor-section-height-default elementor-section-height-default\" data-id=\"6ff5a6f\" data-element_type=\"section\" data-e-type=\"section\">\n\t\t\t\t\t\t<div class=\"elementor-container elementor-column-gap-default\">\n\t\t\t\t\t<div class=\"elementor-column elementor-col-100 elementor-inner-column elementor-element elementor-element-8f30579\" data-id=\"8f30579\" data-element_type=\"column\" data-e-type=\"column\">\n\t\t\t<div class=\"elementor-widget-wrap elementor-element-populated\">\n\t\t\t\t\t\t<div class=\"elementor-element elementor-element-a3bfac8 elementor-widget elementor-widget-hotspot\" data-id=\"a3bfac8\" data-element_type=\"widget\" data-e-type=\"widget\" data-settings=\"{&quot;hotspot&quot;:[{&quot;_id&quot;:&quot;b629176&quot;,&quot;hotspot_custom_size&quot;:&quot;&quot;,&quot;hotspot_tooltip_content&quot;:&quot;&lt;p style=\\&quot;font-weight: 400;\\&quot;&gt;Licenciada em Fisioterapia pela Escola Superior de Sa\\u00fade Dr. Lopes Dias (IPCB) em 2012&lt;\\\/p&gt;&lt;p style=\\&quot;font-weight: 400;\\&quot;&gt;Mestre em Fisioterapia Condi\\u00e7\\u00f5es M\\u00fasculo-Esquel\\u00e9ticas pela Faculdade de Ci\\u00eancias M\\u00e9dicas da UNL &amp; Escola Superior de Sa\\u00fade de Set\\u00fabal em 2016 Pr\\u00e1tica Privada em M\\u00fasculo-Esquel\\u00e9tica desde 2012 Forma\\u00e7\\u00e3o em Pilates Cl\\u00ednico.&lt;\\\/p&gt;&quot;,&quot;hotspot_offset_x&quot;:{&quot;unit&quot;:&quot;%&quot;,&quot;size&quot;:95,&quot;sizes&quot;:[]},&quot;hotspot_offset_y&quot;:{&quot;unit&quot;:&quot;%&quot;,&quot;size&quot;:95,&quot;sizes&quot;:[]},&quot;hotspot_icon&quot;:{&quot;value&quot;:&quot;fas fa-plus-circle&quot;,&quot;library&quot;:&quot;fa-solid&quot;},&quot;hotspot_label&quot;:&quot;&quot;,&quot;hotspot_link&quot;:{&quot;url&quot;:&quot;&quot;,&quot;is_external&quot;:&quot;&quot;,&quot;nofollow&quot;:&quot;&quot;,&quot;custom_attributes&quot;:&quot;&quot;},&quot;hotspot_horizontal&quot;:&quot;left&quot;,&quot;hotspot_vertical&quot;:&quot;top&quot;,&quot;hotspot_tooltip_position&quot;:&quot;no&quot;,&quot;hotspot_position&quot;:null}],&quot;tooltip_position_mobile&quot;:&quot;right&quot;,&quot;tooltip_position&quot;:&quot;right&quot;,&quot;hotspot_sequenced_animation&quot;:&quot;no&quot;,&quot;tooltip_trigger&quot;:&quot;click&quot;,&quot;tooltip_animation&quot;:&quot;e-hotspot--fade-in-out&quot;}\" data-widget_type=\"hotspot.default\">\n\t\t\t\t<div class=\"elementor-widget-container\">\n\t\t\t\t\t<img loading=\"lazy\" decoding=\"async\" width=\"550\" height=\"383\" src=\"https:\/\/staging.ordemdosfisioterapeutas.pt\/wp-content\/uploads\/2023\/06\/18_catarina-caldeira_CG.png\" class=\"attachment-large size-large wp-image-6043\" alt=\"\" srcset=\"https:\/\/staging.ordemdosfisioterapeutas.pt\/wp-content\/uploads\/2023\/06\/18_catarina-caldeira_CG.png 550w, https:\/\/staging.ordemdosfisioterapeutas.pt\/wp-content\/uploads\/2023\/06\/18_catarina-caldeira_CG-300x209.png 300w, https:\/\/staging.ordemdosfisioterapeutas.pt\/wp-content\/uploads\/2023\/06\/18_catarina-caldeira_CG-18x12.png 18w\" sizes=\"(max-width: 550px) 100vw, 550px\" \/>\n\t\t\t\t\t\t<div class=\"e-hotspot elementor-repeater-item-b629176  e-hotspot--position-left e-hotspot--position-top   e-hotspot--icon\">\n\n\t\t\t\t\t\t\t\t<div class=\"e-hotspot__button e-hotspot--expand\">\n\t\t\t\t\t\t\t\t\t\t\t\t\t\t\t\t\t\t<div class=\"e-hotspot__icon\"><i class=\"fas fa-plus-circle\"><\/i><\/div>\n\t\t\t\t\t\t\t\t\t\t\t\t\t\t\t\t\t\t\t\t\t<\/div>\n\n\t\t\t\t\t\t\t\t\t\t\t\t\t\t\t\t\t\t<div class=\"e-hotspot__tooltip  e-hotspot--tooltip-position e-hotspot--fade-in-out \" >\n\t\t\t\t\t\t<p style=\"font-weight: 400;\">Licenciada em Fisioterapia pela Escola Superior de Sa\u00fade Dr. Lopes Dias (IPCB) em 2012<\/p><p style=\"font-weight: 400;\">Mestre em Fisioterapia Condi\u00e7\u00f5es M\u00fasculo-Esquel\u00e9ticas pela Faculdade de Ci\u00eancias M\u00e9dicas da UNL &amp; Escola Superior de Sa\u00fade de Set\u00fabal em 2016 Pr\u00e1tica Privada em M\u00fasculo-Esquel\u00e9tica desde 2012 Forma\u00e7\u00e3o em Pilates Cl\u00ednico.<\/p>\t\t\t\t\t<\/div>\n\t\t\t\t\t\t\t\t\t\n\t\t\t<\/div>\n\n\t\n\t\t\t\t\t\t<\/div>\n\t\t\t\t<\/div>\n\t\t\t\t<div class=\"elementor-element elementor-element-c31233d elementor-widget elementor-widget-heading\" data-id=\"c31233d\" data-element_type=\"widget\" data-e-type=\"widget\" data-widget_type=\"heading.default\">\n\t\t\t\t<div class=\"elementor-widget-container\">\n\t\t\t\t\t<h2 class=\"elementor-heading-title elementor-size-default\">Carolina Caldeira<\/h2>\t\t\t\t<\/div>\n\t\t\t\t<\/div>\n\t\t\t\t<div class=\"elementor-element elementor-element-baed95b elementor-widget elementor-widget-text-editor\" data-id=\"baed95b\" data-element_type=\"widget\" data-e-type=\"widget\" data-widget_type=\"text-editor.default\">\n\t\t\t\t<div class=\"elementor-widget-container\">\n\t\t\t\t\t\t\t\t\t<p style=\"text-align: center;\">Conselheira<\/p>\t\t\t\t\t\t\t\t<\/div>\n\t\t\t\t<\/div>\n\t\t\t\t<div class=\"elementor-element elementor-element-30e6e29 elementor-widget elementor-widget-text-editor\" data-id=\"30e6e29\" data-element_type=\"widget\" data-e-type=\"widget\" data-widget_type=\"text-editor.default\">\n\t\t\t\t<div class=\"elementor-widget-container\">\n\t\t\t\t\t\t\t\t\t<p style=\"text-align: center;\">C\u00e9dula n.\u00ba: 424<\/p>\t\t\t\t\t\t\t\t<\/div>\n\t\t\t\t<\/div>\n\t\t\t\t\t<\/div>\n\t\t<\/div>\n\t\t\t\t\t<\/div>\n\t\t<\/section>\n\t\t\t\t\t<\/div>\n\t\t<\/div>\n\t\t\t\t\t<\/div>\n\t\t<\/section>\n\t\t\t\t<section class=\"elementor-section elementor-top-section elementor-element elementor-element-d4ac3bb elementor-section-boxed elementor-section-height-default elementor-section-height-default\" data-id=\"d4ac3bb\" data-element_type=\"section\" data-e-type=\"section\">\n\t\t\t\t\t\t<div class=\"elementor-container elementor-column-gap-default\">\n\t\t\t\t\t<div class=\"elementor-column elementor-col-20 elementor-top-column elementor-element elementor-element-07eccd5\" data-id=\"07eccd5\" data-element_type=\"column\" data-e-type=\"column\">\n\t\t\t<div class=\"elementor-widget-wrap elementor-element-populated\">\n\t\t\t\t\t\t<section class=\"elementor-section elementor-inner-section elementor-element elementor-element-8340aca elementor-section-boxed elementor-section-height-default elementor-section-height-default\" data-id=\"8340aca\" data-element_type=\"section\" data-e-type=\"section\">\n\t\t\t\t\t\t<div class=\"elementor-container elementor-column-gap-default\">\n\t\t\t\t\t<div class=\"elementor-column elementor-col-100 elementor-inner-column elementor-element elementor-element-b639986\" data-id=\"b639986\" data-element_type=\"column\" data-e-type=\"column\">\n\t\t\t<div class=\"elementor-widget-wrap elementor-element-populated\">\n\t\t\t\t\t\t<div class=\"elementor-element elementor-element-1d5d005 elementor-widget elementor-widget-hotspot\" data-id=\"1d5d005\" data-element_type=\"widget\" data-e-type=\"widget\" data-settings=\"{&quot;hotspot&quot;:[{&quot;_id&quot;:&quot;b629176&quot;,&quot;hotspot_custom_size&quot;:&quot;&quot;,&quot;hotspot_tooltip_content&quot;:&quot;&lt;p&gt;Licenciado em Fisioterapia pela Escola Superior de Tecnologia de Sa\\u00fade de Lisboa, p\\u00f3s-graduado em Gest\\u00e3o de Informa\\u00e7\\u00e3o e Business Intelligence em Sa\\u00fade pela NOVA IMS e Mestre em Gest\\u00e3o de Empresas pelo ISCTE Business School.&lt;br \\\/&gt;Atualmente, Fisioterapeuta e Gestor de Projeto da Ant\\u00f3nio Gaspar \\u2013 Physio Therapy &amp; Performance intervindo em condi\\u00e7\\u00f5es musculoesquel\\u00e9ticas e sendo respons\\u00e1vel pela gest\\u00e3o e coordena\\u00e7\\u00e3o da cl\\u00ednica e de projetos em torno desta como forma\\u00e7\\u00e3o, sa\\u00fade laboral e projetos na comunidade.&lt;br \\\/&gt;Membro do European Health Parliament na Comiss\\u00e3o de Preven\\u00e7\\u00e3o e Auto-Cuidado.&lt;\\\/p&gt;&quot;,&quot;hotspot_offset_x&quot;:{&quot;unit&quot;:&quot;%&quot;,&quot;size&quot;:95,&quot;sizes&quot;:[]},&quot;hotspot_offset_y&quot;:{&quot;unit&quot;:&quot;%&quot;,&quot;size&quot;:95,&quot;sizes&quot;:[]},&quot;hotspot_icon&quot;:{&quot;value&quot;:&quot;fas fa-plus-circle&quot;,&quot;library&quot;:&quot;fa-solid&quot;},&quot;hotspot_label&quot;:&quot;&quot;,&quot;hotspot_link&quot;:{&quot;url&quot;:&quot;&quot;,&quot;is_external&quot;:&quot;&quot;,&quot;nofollow&quot;:&quot;&quot;,&quot;custom_attributes&quot;:&quot;&quot;},&quot;hotspot_horizontal&quot;:&quot;left&quot;,&quot;hotspot_vertical&quot;:&quot;top&quot;,&quot;hotspot_tooltip_position&quot;:&quot;no&quot;,&quot;hotspot_position&quot;:null}],&quot;tooltip_position_mobile&quot;:&quot;right&quot;,&quot;hotspot_sequenced_animation&quot;:&quot;no&quot;,&quot;tooltip_position&quot;:&quot;top&quot;,&quot;tooltip_trigger&quot;:&quot;click&quot;,&quot;tooltip_animation&quot;:&quot;e-hotspot--fade-in-out&quot;}\" data-widget_type=\"hotspot.default\">\n\t\t\t\t<div class=\"elementor-widget-container\">\n\t\t\t\t\t<img loading=\"lazy\" decoding=\"async\" width=\"550\" height=\"383\" src=\"https:\/\/staging.ordemdosfisioterapeutas.pt\/wp-content\/uploads\/2023\/06\/19_joao_valeriano_CG.png\" class=\"attachment-large size-large wp-image-6047\" alt=\"\" srcset=\"https:\/\/staging.ordemdosfisioterapeutas.pt\/wp-content\/uploads\/2023\/06\/19_joao_valeriano_CG.png 550w, https:\/\/staging.ordemdosfisioterapeutas.pt\/wp-content\/uploads\/2023\/06\/19_joao_valeriano_CG-300x209.png 300w, https:\/\/staging.ordemdosfisioterapeutas.pt\/wp-content\/uploads\/2023\/06\/19_joao_valeriano_CG-18x12.png 18w\" sizes=\"(max-width: 550px) 100vw, 550px\" \/>\n\t\t\t\t\t\t<div class=\"e-hotspot elementor-repeater-item-b629176  e-hotspot--position-left e-hotspot--position-top   e-hotspot--icon\">\n\n\t\t\t\t\t\t\t\t<div class=\"e-hotspot__button e-hotspot--expand\">\n\t\t\t\t\t\t\t\t\t\t\t\t\t\t\t\t\t\t<div class=\"e-hotspot__icon\"><i class=\"fas fa-plus-circle\"><\/i><\/div>\n\t\t\t\t\t\t\t\t\t\t\t\t\t\t\t\t\t\t\t\t\t<\/div>\n\n\t\t\t\t\t\t\t\t\t\t\t\t\t\t\t\t\t\t<div class=\"e-hotspot__tooltip  e-hotspot--tooltip-position e-hotspot--fade-in-out \" >\n\t\t\t\t\t\t<p>Licenciado em Fisioterapia pela Escola Superior de Tecnologia de Sa\u00fade de Lisboa, p\u00f3s-graduado em Gest\u00e3o de Informa\u00e7\u00e3o e Business Intelligence em Sa\u00fade pela NOVA IMS e Mestre em Gest\u00e3o de Empresas pelo ISCTE Business School.<br \/>Atualmente, Fisioterapeuta e Gestor de Projeto da Ant\u00f3nio Gaspar \u2013 Physio Therapy &amp; Performance intervindo em condi\u00e7\u00f5es musculoesquel\u00e9ticas e sendo respons\u00e1vel pela gest\u00e3o e coordena\u00e7\u00e3o da cl\u00ednica e de projetos em torno desta como forma\u00e7\u00e3o, sa\u00fade laboral e projetos na comunidade.<br \/>Membro do European Health Parliament na Comiss\u00e3o de Preven\u00e7\u00e3o e Auto-Cuidado.<\/p>\t\t\t\t\t<\/div>\n\t\t\t\t\t\t\t\t\t\n\t\t\t<\/div>\n\n\t\n\t\t\t\t\t\t<\/div>\n\t\t\t\t<\/div>\n\t\t\t\t<div class=\"elementor-element elementor-element-9522187 elementor-widget elementor-widget-heading\" data-id=\"9522187\" data-element_type=\"widget\" data-e-type=\"widget\" data-widget_type=\"heading.default\">\n\t\t\t\t<div class=\"elementor-widget-container\">\n\t\t\t\t\t<h2 class=\"elementor-heading-title elementor-size-default\">Jo\u00e3o Valeriano<\/h2>\t\t\t\t<\/div>\n\t\t\t\t<\/div>\n\t\t\t\t<div class=\"elementor-element elementor-element-2c99e94 elementor-widget elementor-widget-text-editor\" data-id=\"2c99e94\" data-element_type=\"widget\" data-e-type=\"widget\" data-widget_type=\"text-editor.default\">\n\t\t\t\t<div class=\"elementor-widget-container\">\n\t\t\t\t\t\t\t\t\t<p style=\"text-align: center;\">Conselheiro<\/p>\t\t\t\t\t\t\t\t<\/div>\n\t\t\t\t<\/div>\n\t\t\t\t<div class=\"elementor-element elementor-element-eb6e88a elementor-widget elementor-widget-text-editor\" data-id=\"eb6e88a\" data-element_type=\"widget\" data-e-type=\"widget\" data-widget_type=\"text-editor.default\">\n\t\t\t\t<div class=\"elementor-widget-container\">\n\t\t\t\t\t\t\t\t\t<p style=\"text-align: center;\">C\u00e9dula n.\u00ba: 129<\/p>\t\t\t\t\t\t\t\t<\/div>\n\t\t\t\t<\/div>\n\t\t\t\t\t<\/div>\n\t\t<\/div>\n\t\t\t\t\t<\/div>\n\t\t<\/section>\n\t\t\t\t\t<\/div>\n\t\t<\/div>\n\t\t\t\t<div class=\"elementor-column elementor-col-20 elementor-top-column elementor-element elementor-element-e07bc84\" data-id=\"e07bc84\" data-element_type=\"column\" data-e-type=\"column\">\n\t\t\t<div class=\"elementor-widget-wrap elementor-element-populated\">\n\t\t\t\t\t\t<section class=\"elementor-section elementor-inner-section elementor-element elementor-element-b00c057 elementor-section-boxed elementor-section-height-default elementor-section-height-default\" data-id=\"b00c057\" data-element_type=\"section\" data-e-type=\"section\">\n\t\t\t\t\t\t<div class=\"elementor-container elementor-column-gap-default\">\n\t\t\t\t\t<div class=\"elementor-column elementor-col-100 elementor-inner-column elementor-element elementor-element-6d25647\" data-id=\"6d25647\" data-element_type=\"column\" data-e-type=\"column\">\n\t\t\t<div class=\"elementor-widget-wrap elementor-element-populated\">\n\t\t\t\t\t\t<div class=\"elementor-element elementor-element-8d2dc2a elementor-widget elementor-widget-hotspot\" data-id=\"8d2dc2a\" data-element_type=\"widget\" data-e-type=\"widget\" data-settings=\"{&quot;hotspot&quot;:[{&quot;_id&quot;:&quot;b629176&quot;,&quot;hotspot_custom_size&quot;:&quot;&quot;,&quot;hotspot_tooltip_content&quot;:&quot;&lt;p&gt;Licenciatura (bi-et\\u00e1pica) desde o ano 2000 pela Escola Superior de Tecnologias da Sa\\u00fade de Coimbra. Curso de P\\u00f3s-Gradua\\u00e7\\u00e3o sobre o Tratamento do Neurodesenvolvimento (BOBATH), Frequ\\u00eancia em Mestrado em Biocin\\u00e9tica do Desenvolvimento. Desde 2000 exer\\u00e7o fun\\u00e7\\u00f5es no Centro de Paralisia Cerebral de Beja. De 2015 at\\u00e9 2022 \\u2013 Coordena\\u00e7\\u00e3o da equipa t\\u00e9cnica da resposta social \\u2013 Ambulat\\u00f3rio.&lt;\\\/p&gt;&quot;,&quot;hotspot_offset_x&quot;:{&quot;unit&quot;:&quot;%&quot;,&quot;size&quot;:95,&quot;sizes&quot;:[]},&quot;hotspot_offset_y&quot;:{&quot;unit&quot;:&quot;%&quot;,&quot;size&quot;:95,&quot;sizes&quot;:[]},&quot;hotspot_icon&quot;:{&quot;value&quot;:&quot;fas fa-plus-circle&quot;,&quot;library&quot;:&quot;fa-solid&quot;},&quot;hotspot_label&quot;:&quot;&quot;,&quot;hotspot_link&quot;:{&quot;url&quot;:&quot;&quot;,&quot;is_external&quot;:&quot;&quot;,&quot;nofollow&quot;:&quot;&quot;,&quot;custom_attributes&quot;:&quot;&quot;},&quot;hotspot_horizontal&quot;:&quot;left&quot;,&quot;hotspot_vertical&quot;:&quot;top&quot;,&quot;hotspot_tooltip_position&quot;:&quot;no&quot;,&quot;hotspot_position&quot;:null}],&quot;tooltip_position_mobile&quot;:&quot;right&quot;,&quot;hotspot_sequenced_animation&quot;:&quot;no&quot;,&quot;tooltip_position&quot;:&quot;top&quot;,&quot;tooltip_trigger&quot;:&quot;click&quot;,&quot;tooltip_animation&quot;:&quot;e-hotspot--fade-in-out&quot;}\" data-widget_type=\"hotspot.default\">\n\t\t\t\t<div class=\"elementor-widget-container\">\n\t\t\t\t\t<img loading=\"lazy\" decoding=\"async\" width=\"550\" height=\"383\" src=\"https:\/\/staging.ordemdosfisioterapeutas.pt\/wp-content\/uploads\/2023\/06\/20_claudia-costa_CG.png\" class=\"attachment-large size-large wp-image-6048\" alt=\"\" srcset=\"https:\/\/staging.ordemdosfisioterapeutas.pt\/wp-content\/uploads\/2023\/06\/20_claudia-costa_CG.png 550w, https:\/\/staging.ordemdosfisioterapeutas.pt\/wp-content\/uploads\/2023\/06\/20_claudia-costa_CG-300x209.png 300w, https:\/\/staging.ordemdosfisioterapeutas.pt\/wp-content\/uploads\/2023\/06\/20_claudia-costa_CG-18x12.png 18w\" sizes=\"(max-width: 550px) 100vw, 550px\" \/>\n\t\t\t\t\t\t<div class=\"e-hotspot elementor-repeater-item-b629176  e-hotspot--position-left e-hotspot--position-top   e-hotspot--icon\">\n\n\t\t\t\t\t\t\t\t<div class=\"e-hotspot__button e-hotspot--expand\">\n\t\t\t\t\t\t\t\t\t\t\t\t\t\t\t\t\t\t<div class=\"e-hotspot__icon\"><i class=\"fas fa-plus-circle\"><\/i><\/div>\n\t\t\t\t\t\t\t\t\t\t\t\t\t\t\t\t\t\t\t\t\t<\/div>\n\n\t\t\t\t\t\t\t\t\t\t\t\t\t\t\t\t\t\t<div class=\"e-hotspot__tooltip  e-hotspot--tooltip-position e-hotspot--fade-in-out \" >\n\t\t\t\t\t\t<p>Licenciatura (bi-et\u00e1pica) desde o ano 2000 pela Escola Superior de Tecnologias da Sa\u00fade de Coimbra. Curso de P\u00f3s-Gradua\u00e7\u00e3o sobre o Tratamento do Neurodesenvolvimento (BOBATH), Frequ\u00eancia em Mestrado em Biocin\u00e9tica do Desenvolvimento. Desde 2000 exer\u00e7o fun\u00e7\u00f5es no Centro de Paralisia Cerebral de Beja. De 2015 at\u00e9 2022 \u2013 Coordena\u00e7\u00e3o da equipa t\u00e9cnica da resposta social \u2013 Ambulat\u00f3rio.<\/p>\t\t\t\t\t<\/div>\n\t\t\t\t\t\t\t\t\t\n\t\t\t<\/div>\n\n\t\n\t\t\t\t\t\t<\/div>\n\t\t\t\t<\/div>\n\t\t\t\t<div class=\"elementor-element elementor-element-3ecb5db elementor-widget elementor-widget-heading\" data-id=\"3ecb5db\" data-element_type=\"widget\" data-e-type=\"widget\" data-widget_type=\"heading.default\">\n\t\t\t\t<div class=\"elementor-widget-container\">\n\t\t\t\t\t<h2 class=\"elementor-heading-title elementor-size-default\">Cl\u00e1udia Secret\u00e1rio Costa<\/h2>\t\t\t\t<\/div>\n\t\t\t\t<\/div>\n\t\t\t\t<div class=\"elementor-element elementor-element-02d9d36 elementor-widget elementor-widget-text-editor\" data-id=\"02d9d36\" data-element_type=\"widget\" data-e-type=\"widget\" data-widget_type=\"text-editor.default\">\n\t\t\t\t<div class=\"elementor-widget-container\">\n\t\t\t\t\t\t\t\t\t<p style=\"text-align: center;\">Conselheira<\/p>\t\t\t\t\t\t\t\t<\/div>\n\t\t\t\t<\/div>\n\t\t\t\t<div class=\"elementor-element elementor-element-c047c1f elementor-widget elementor-widget-text-editor\" data-id=\"c047c1f\" data-element_type=\"widget\" data-e-type=\"widget\" data-widget_type=\"text-editor.default\">\n\t\t\t\t<div class=\"elementor-widget-container\">\n\t\t\t\t\t\t\t\t\t<p style=\"text-align: center;\">C\u00e9dula n.\u00ba: 4100<\/p>\t\t\t\t\t\t\t\t<\/div>\n\t\t\t\t<\/div>\n\t\t\t\t\t<\/div>\n\t\t<\/div>\n\t\t\t\t\t<\/div>\n\t\t<\/section>\n\t\t\t\t\t<\/div>\n\t\t<\/div>\n\t\t\t\t<div class=\"elementor-column elementor-col-20 elementor-top-column elementor-element elementor-element-c6bdb60\" data-id=\"c6bdb60\" data-element_type=\"column\" data-e-type=\"column\">\n\t\t\t<div class=\"elementor-widget-wrap elementor-element-populated\">\n\t\t\t\t\t\t<section class=\"elementor-section elementor-inner-section elementor-element elementor-element-d6ca39a elementor-section-boxed elementor-section-height-default elementor-section-height-default\" data-id=\"d6ca39a\" data-element_type=\"section\" data-e-type=\"section\">\n\t\t\t\t\t\t<div class=\"elementor-container elementor-column-gap-default\">\n\t\t\t\t\t<div class=\"elementor-column elementor-col-100 elementor-inner-column elementor-element elementor-element-eb42e1f\" data-id=\"eb42e1f\" data-element_type=\"column\" data-e-type=\"column\">\n\t\t\t<div class=\"elementor-widget-wrap elementor-element-populated\">\n\t\t\t\t\t\t<div class=\"elementor-element elementor-element-c797dbf elementor-widget elementor-widget-hotspot\" data-id=\"c797dbf\" data-element_type=\"widget\" data-e-type=\"widget\" data-settings=\"{&quot;hotspot&quot;:[{&quot;_id&quot;:&quot;b629176&quot;,&quot;hotspot_custom_size&quot;:&quot;&quot;,&quot;hotspot_tooltip_content&quot;:&quot;&lt;p&gt;Experi\\u00eancia Cl\\u00ednica Hospitalar desde 1985 inicialmente no Hospital Distrital do Montijo hoje Centro Hospitalar Barreiro Montijo&lt;br \\\/&gt;Atualmente Fisioterapeuta Especialista Principal e Coordenador da Unidade de Fisioterapia do Montijo&lt;br \\\/&gt;Experi\\u00eancia na pr\\u00e1tica rivadas e na gest\\u00e3o com a dire\\u00e7\\u00e3o t\\u00e9cnica da Cl\\u00ednica Sa\\u00fade e Desporto; Lda desde 1998&lt;br \\\/&gt;MBA em gest\\u00e3o de Unidades de Sa\\u00fade na Universidade da Beira Interior&lt;br \\\/&gt;Interesse essencialmente na \\u00e1rea M\\u00fasculo Esquel\\u00e9tica, Medicina Desportiva e Pr\\u00e1tica Hospitalar&lt;\\\/p&gt;&quot;,&quot;hotspot_offset_x&quot;:{&quot;unit&quot;:&quot;%&quot;,&quot;size&quot;:95,&quot;sizes&quot;:[]},&quot;hotspot_offset_y&quot;:{&quot;unit&quot;:&quot;%&quot;,&quot;size&quot;:95,&quot;sizes&quot;:[]},&quot;hotspot_icon&quot;:{&quot;value&quot;:&quot;fas fa-plus-circle&quot;,&quot;library&quot;:&quot;fa-solid&quot;},&quot;hotspot_label&quot;:&quot;&quot;,&quot;hotspot_link&quot;:{&quot;url&quot;:&quot;&quot;,&quot;is_external&quot;:&quot;&quot;,&quot;nofollow&quot;:&quot;&quot;,&quot;custom_attributes&quot;:&quot;&quot;},&quot;hotspot_horizontal&quot;:&quot;left&quot;,&quot;hotspot_vertical&quot;:&quot;top&quot;,&quot;hotspot_tooltip_position&quot;:&quot;no&quot;,&quot;hotspot_position&quot;:null}],&quot;tooltip_position_mobile&quot;:&quot;right&quot;,&quot;hotspot_sequenced_animation&quot;:&quot;no&quot;,&quot;tooltip_position&quot;:&quot;top&quot;,&quot;tooltip_trigger&quot;:&quot;click&quot;,&quot;tooltip_animation&quot;:&quot;e-hotspot--fade-in-out&quot;}\" data-widget_type=\"hotspot.default\">\n\t\t\t\t<div class=\"elementor-widget-container\">\n\t\t\t\t\t<img loading=\"lazy\" decoding=\"async\" width=\"550\" height=\"383\" src=\"https:\/\/staging.ordemdosfisioterapeutas.pt\/wp-content\/uploads\/2023\/06\/21_jose_pedro-marques_CG.png\" class=\"attachment-large size-large wp-image-6049\" alt=\"\" srcset=\"https:\/\/staging.ordemdosfisioterapeutas.pt\/wp-content\/uploads\/2023\/06\/21_jose_pedro-marques_CG.png 550w, https:\/\/staging.ordemdosfisioterapeutas.pt\/wp-content\/uploads\/2023\/06\/21_jose_pedro-marques_CG-300x209.png 300w, https:\/\/staging.ordemdosfisioterapeutas.pt\/wp-content\/uploads\/2023\/06\/21_jose_pedro-marques_CG-18x12.png 18w\" sizes=\"(max-width: 550px) 100vw, 550px\" \/>\n\t\t\t\t\t\t<div class=\"e-hotspot elementor-repeater-item-b629176  e-hotspot--position-left e-hotspot--position-top   e-hotspot--icon\">\n\n\t\t\t\t\t\t\t\t<div class=\"e-hotspot__button e-hotspot--expand\">\n\t\t\t\t\t\t\t\t\t\t\t\t\t\t\t\t\t\t<div class=\"e-hotspot__icon\"><i class=\"fas fa-plus-circle\"><\/i><\/div>\n\t\t\t\t\t\t\t\t\t\t\t\t\t\t\t\t\t\t\t\t\t<\/div>\n\n\t\t\t\t\t\t\t\t\t\t\t\t\t\t\t\t\t\t<div class=\"e-hotspot__tooltip  e-hotspot--tooltip-position e-hotspot--fade-in-out \" >\n\t\t\t\t\t\t<p>Experi\u00eancia Cl\u00ednica Hospitalar desde 1985 inicialmente no Hospital Distrital do Montijo hoje Centro Hospitalar Barreiro Montijo<br \/>Atualmente Fisioterapeuta Especialista Principal e Coordenador da Unidade de Fisioterapia do Montijo<br \/>Experi\u00eancia na pr\u00e1tica rivadas e na gest\u00e3o com a dire\u00e7\u00e3o t\u00e9cnica da Cl\u00ednica Sa\u00fade e Desporto; Lda desde 1998<br \/>MBA em gest\u00e3o de Unidades de Sa\u00fade na Universidade da Beira Interior<br \/>Interesse essencialmente na \u00e1rea M\u00fasculo Esquel\u00e9tica, Medicina Desportiva e Pr\u00e1tica Hospitalar<\/p>\t\t\t\t\t<\/div>\n\t\t\t\t\t\t\t\t\t\n\t\t\t<\/div>\n\n\t\n\t\t\t\t\t\t<\/div>\n\t\t\t\t<\/div>\n\t\t\t\t<div class=\"elementor-element elementor-element-1dbd7a6 elementor-widget elementor-widget-heading\" data-id=\"1dbd7a6\" data-element_type=\"widget\" data-e-type=\"widget\" data-widget_type=\"heading.default\">\n\t\t\t\t<div class=\"elementor-widget-container\">\n\t\t\t\t\t<h2 class=\"elementor-heading-title elementor-size-default\">Jos\u00e9 Pedro Marques<\/h2>\t\t\t\t<\/div>\n\t\t\t\t<\/div>\n\t\t\t\t<div class=\"elementor-element elementor-element-113d499 elementor-widget elementor-widget-text-editor\" data-id=\"113d499\" data-element_type=\"widget\" data-e-type=\"widget\" data-widget_type=\"text-editor.default\">\n\t\t\t\t<div class=\"elementor-widget-container\">\n\t\t\t\t\t\t\t\t\t<p style=\"text-align: center;\">Conselheiro<\/p>\t\t\t\t\t\t\t\t<\/div>\n\t\t\t\t<\/div>\n\t\t\t\t<div class=\"elementor-element elementor-element-cc6de38 elementor-widget elementor-widget-text-editor\" data-id=\"cc6de38\" data-element_type=\"widget\" data-e-type=\"widget\" data-widget_type=\"text-editor.default\">\n\t\t\t\t<div class=\"elementor-widget-container\">\n\t\t\t\t\t\t\t\t\t<p style=\"text-align: center;\">C\u00e9dula n.\u00ba: 1766<\/p>\t\t\t\t\t\t\t\t<\/div>\n\t\t\t\t<\/div>\n\t\t\t\t\t<\/div>\n\t\t<\/div>\n\t\t\t\t\t<\/div>\n\t\t<\/section>\n\t\t\t\t\t<\/div>\n\t\t<\/div>\n\t\t\t\t<div class=\"elementor-column elementor-col-20 elementor-top-column elementor-element elementor-element-a36408f\" data-id=\"a36408f\" data-element_type=\"column\" data-e-type=\"column\">\n\t\t\t<div class=\"elementor-widget-wrap elementor-element-populated\">\n\t\t\t\t\t\t<section class=\"elementor-section elementor-inner-section elementor-element elementor-element-986cf3e elementor-section-boxed elementor-section-height-default elementor-section-height-default\" data-id=\"986cf3e\" data-element_type=\"section\" data-e-type=\"section\">\n\t\t\t\t\t\t<div class=\"elementor-container elementor-column-gap-default\">\n\t\t\t\t\t<div class=\"elementor-column elementor-col-100 elementor-inner-column elementor-element elementor-element-e32077b\" data-id=\"e32077b\" data-element_type=\"column\" data-e-type=\"column\">\n\t\t\t<div class=\"elementor-widget-wrap elementor-element-populated\">\n\t\t\t\t\t\t<div class=\"elementor-element elementor-element-fe54b90 elementor-widget elementor-widget-hotspot\" data-id=\"fe54b90\" data-element_type=\"widget\" data-e-type=\"widget\" data-settings=\"{&quot;hotspot&quot;:[{&quot;_id&quot;:&quot;b629176&quot;,&quot;hotspot_custom_size&quot;:&quot;&quot;,&quot;hotspot_tooltip_content&quot;:&quot;&lt;p&gt;Fisioterapeuta desde 1983, com experi\\u00eancia clinica em institui\\u00e7\\u00f5es privadas, licenciatura em Psicologia Social e das Organiza\\u00e7\\u00f5es, e experi\\u00eancia na Qualidade em Sa\\u00fade. Atualmente \\u00e9 membro do Gabinete de Gest\\u00e3o da Qualidade, membro da Comiss\\u00e3o da Qualidade e Seguran\\u00e7a do Doente, e da Comiss\\u00e3o de Gest\\u00e3o do Risco no Centro Hospitalar Psiqui\\u00e1trico de Lisboa. As suas \\u00e1reas de interesse situam-se na Qualidade em Sa\\u00fade, forma\\u00e7\\u00e3o de compet\\u00eancias, e Seguran\\u00e7a do Doente.&lt;\\\/p&gt;&quot;,&quot;hotspot_offset_x&quot;:{&quot;unit&quot;:&quot;%&quot;,&quot;size&quot;:95,&quot;sizes&quot;:[]},&quot;hotspot_offset_y&quot;:{&quot;unit&quot;:&quot;%&quot;,&quot;size&quot;:95,&quot;sizes&quot;:[]},&quot;hotspot_icon&quot;:{&quot;value&quot;:&quot;fas fa-plus-circle&quot;,&quot;library&quot;:&quot;fa-solid&quot;},&quot;hotspot_label&quot;:&quot;&quot;,&quot;hotspot_link&quot;:{&quot;url&quot;:&quot;&quot;,&quot;is_external&quot;:&quot;&quot;,&quot;nofollow&quot;:&quot;&quot;,&quot;custom_attributes&quot;:&quot;&quot;},&quot;hotspot_horizontal&quot;:&quot;left&quot;,&quot;hotspot_vertical&quot;:&quot;top&quot;,&quot;hotspot_tooltip_position&quot;:&quot;no&quot;,&quot;hotspot_position&quot;:null}],&quot;tooltip_position_mobile&quot;:&quot;right&quot;,&quot;hotspot_sequenced_animation&quot;:&quot;no&quot;,&quot;tooltip_position&quot;:&quot;top&quot;,&quot;tooltip_trigger&quot;:&quot;click&quot;,&quot;tooltip_animation&quot;:&quot;e-hotspot--fade-in-out&quot;}\" data-widget_type=\"hotspot.default\">\n\t\t\t\t<div class=\"elementor-widget-container\">\n\t\t\t\t\t<img loading=\"lazy\" decoding=\"async\" width=\"550\" height=\"383\" src=\"https:\/\/staging.ordemdosfisioterapeutas.pt\/wp-content\/uploads\/2023\/06\/22_elsa-silva_CG.png\" class=\"attachment-large size-large wp-image-6050\" alt=\"\" srcset=\"https:\/\/staging.ordemdosfisioterapeutas.pt\/wp-content\/uploads\/2023\/06\/22_elsa-silva_CG.png 550w, https:\/\/staging.ordemdosfisioterapeutas.pt\/wp-content\/uploads\/2023\/06\/22_elsa-silva_CG-300x209.png 300w, https:\/\/staging.ordemdosfisioterapeutas.pt\/wp-content\/uploads\/2023\/06\/22_elsa-silva_CG-18x12.png 18w\" sizes=\"(max-width: 550px) 100vw, 550px\" \/>\n\t\t\t\t\t\t<div class=\"e-hotspot elementor-repeater-item-b629176  e-hotspot--position-left e-hotspot--position-top   e-hotspot--icon\">\n\n\t\t\t\t\t\t\t\t<div class=\"e-hotspot__button e-hotspot--expand\">\n\t\t\t\t\t\t\t\t\t\t\t\t\t\t\t\t\t\t<div class=\"e-hotspot__icon\"><i class=\"fas fa-plus-circle\"><\/i><\/div>\n\t\t\t\t\t\t\t\t\t\t\t\t\t\t\t\t\t\t\t\t\t<\/div>\n\n\t\t\t\t\t\t\t\t\t\t\t\t\t\t\t\t\t\t<div class=\"e-hotspot__tooltip  e-hotspot--tooltip-position e-hotspot--fade-in-out \" >\n\t\t\t\t\t\t<p>Fisioterapeuta desde 1983, com experi\u00eancia clinica em institui\u00e7\u00f5es privadas, licenciatura em Psicologia Social e das Organiza\u00e7\u00f5es, e experi\u00eancia na Qualidade em Sa\u00fade. Atualmente \u00e9 membro do Gabinete de Gest\u00e3o da Qualidade, membro da Comiss\u00e3o da Qualidade e Seguran\u00e7a do Doente, e da Comiss\u00e3o de Gest\u00e3o do Risco no Centro Hospitalar Psiqui\u00e1trico de Lisboa. As suas \u00e1reas de interesse situam-se na Qualidade em Sa\u00fade, forma\u00e7\u00e3o de compet\u00eancias, e Seguran\u00e7a do Doente.<\/p>\t\t\t\t\t<\/div>\n\t\t\t\t\t\t\t\t\t\n\t\t\t<\/div>\n\n\t\n\t\t\t\t\t\t<\/div>\n\t\t\t\t<\/div>\n\t\t\t\t<div class=\"elementor-element elementor-element-85cd093 elementor-widget elementor-widget-heading\" data-id=\"85cd093\" data-element_type=\"widget\" data-e-type=\"widget\" data-widget_type=\"heading.default\">\n\t\t\t\t<div class=\"elementor-widget-container\">\n\t\t\t\t\t<h2 class=\"elementor-heading-title elementor-size-default\">Elsa Silva<\/h2>\t\t\t\t<\/div>\n\t\t\t\t<\/div>\n\t\t\t\t<div class=\"elementor-element elementor-element-3f5ed08 elementor-widget elementor-widget-text-editor\" data-id=\"3f5ed08\" data-element_type=\"widget\" data-e-type=\"widget\" data-widget_type=\"text-editor.default\">\n\t\t\t\t<div class=\"elementor-widget-container\">\n\t\t\t\t\t\t\t\t\t<p style=\"text-align: center;\">Conselheira<\/p>\t\t\t\t\t\t\t\t<\/div>\n\t\t\t\t<\/div>\n\t\t\t\t<div class=\"elementor-element elementor-element-38acf50 elementor-widget elementor-widget-text-editor\" data-id=\"38acf50\" data-element_type=\"widget\" data-e-type=\"widget\" data-widget_type=\"text-editor.default\">\n\t\t\t\t<div class=\"elementor-widget-container\">\n\t\t\t\t\t\t\t\t\t<p style=\"text-align: center;\">C\u00e9dula n.\u00ba: 3515<\/p>\t\t\t\t\t\t\t\t<\/div>\n\t\t\t\t<\/div>\n\t\t\t\t\t<\/div>\n\t\t<\/div>\n\t\t\t\t\t<\/div>\n\t\t<\/section>\n\t\t\t\t\t<\/div>\n\t\t<\/div>\n\t\t\t\t<div class=\"elementor-column elementor-col-20 elementor-top-column elementor-element elementor-element-612d8ac\" data-id=\"612d8ac\" data-element_type=\"column\" data-e-type=\"column\">\n\t\t\t<div class=\"elementor-widget-wrap elementor-element-populated\">\n\t\t\t\t\t\t<section class=\"elementor-section elementor-inner-section elementor-element elementor-element-ff51bb4 elementor-section-boxed elementor-section-height-default elementor-section-height-default\" data-id=\"ff51bb4\" data-element_type=\"section\" data-e-type=\"section\">\n\t\t\t\t\t\t<div class=\"elementor-container elementor-column-gap-default\">\n\t\t\t\t\t<div class=\"elementor-column elementor-col-100 elementor-inner-column elementor-element elementor-element-2112ad7\" data-id=\"2112ad7\" data-element_type=\"column\" data-e-type=\"column\">\n\t\t\t<div class=\"elementor-widget-wrap elementor-element-populated\">\n\t\t\t\t\t\t<div class=\"elementor-element elementor-element-05b3d1b elementor-widget elementor-widget-hotspot\" data-id=\"05b3d1b\" data-element_type=\"widget\" data-e-type=\"widget\" data-settings=\"{&quot;hotspot&quot;:[{&quot;_id&quot;:&quot;b629176&quot;,&quot;hotspot_custom_size&quot;:&quot;&quot;,&quot;hotspot_tooltip_content&quot;:&quot;&quot;,&quot;hotspot_offset_x&quot;:{&quot;unit&quot;:&quot;%&quot;,&quot;size&quot;:95,&quot;sizes&quot;:[]},&quot;hotspot_offset_y&quot;:{&quot;unit&quot;:&quot;%&quot;,&quot;size&quot;:95,&quot;sizes&quot;:[]},&quot;hotspot_icon&quot;:{&quot;value&quot;:&quot;fas fa-plus-circle&quot;,&quot;library&quot;:&quot;fa-solid&quot;},&quot;hotspot_label&quot;:&quot;&quot;,&quot;hotspot_link&quot;:{&quot;url&quot;:&quot;&quot;,&quot;is_external&quot;:&quot;&quot;,&quot;nofollow&quot;:&quot;&quot;,&quot;custom_attributes&quot;:&quot;&quot;},&quot;hotspot_horizontal&quot;:&quot;left&quot;,&quot;hotspot_vertical&quot;:&quot;top&quot;,&quot;hotspot_tooltip_position&quot;:&quot;no&quot;,&quot;hotspot_position&quot;:null}],&quot;tooltip_position_mobile&quot;:&quot;right&quot;,&quot;hotspot_sequenced_animation&quot;:&quot;no&quot;,&quot;tooltip_position&quot;:&quot;top&quot;,&quot;tooltip_trigger&quot;:&quot;click&quot;,&quot;tooltip_animation&quot;:&quot;e-hotspot--fade-in-out&quot;}\" data-widget_type=\"hotspot.default\">\n\t\t\t\t<div class=\"elementor-widget-container\">\n\t\t\t\t\t<img loading=\"lazy\" decoding=\"async\" width=\"550\" height=\"383\" src=\"https:\/\/staging.ordemdosfisioterapeutas.pt\/wp-content\/uploads\/2023\/06\/23_nuno_filipe_pina_CG.png\" class=\"attachment-large size-large wp-image-6051\" alt=\"\" srcset=\"https:\/\/staging.ordemdosfisioterapeutas.pt\/wp-content\/uploads\/2023\/06\/23_nuno_filipe_pina_CG.png 550w, https:\/\/staging.ordemdosfisioterapeutas.pt\/wp-content\/uploads\/2023\/06\/23_nuno_filipe_pina_CG-300x209.png 300w, https:\/\/staging.ordemdosfisioterapeutas.pt\/wp-content\/uploads\/2023\/06\/23_nuno_filipe_pina_CG-18x12.png 18w\" sizes=\"(max-width: 550px) 100vw, 550px\" \/>\n\t\t\t\t\t\t<div class=\"e-hotspot elementor-repeater-item-b629176  e-hotspot--position-left e-hotspot--position-top   e-hotspot--icon\">\n\n\t\t\t\t\t\t\t\t<div class=\"e-hotspot__button e-hotspot--expand\">\n\t\t\t\t\t\t\t\t\t\t\t\t\t\t\t\t\t\t<div class=\"e-hotspot__icon\"><i class=\"fas fa-plus-circle\"><\/i><\/div>\n\t\t\t\t\t\t\t\t\t\t\t\t\t\t\t\t\t\t\t\t\t<\/div>\n\n\t\t\t\t\t\t\t\t\n\t\t\t<\/div>\n\n\t\n\t\t\t\t\t\t<\/div>\n\t\t\t\t<\/div>\n\t\t\t\t<div class=\"elementor-element elementor-element-c66389c elementor-widget elementor-widget-heading\" data-id=\"c66389c\" data-element_type=\"widget\" data-e-type=\"widget\" data-widget_type=\"heading.default\">\n\t\t\t\t<div class=\"elementor-widget-container\">\n\t\t\t\t\t<h2 class=\"elementor-heading-title elementor-size-default\">Nuno Filipe Pina<\/h2>\t\t\t\t<\/div>\n\t\t\t\t<\/div>\n\t\t\t\t<div class=\"elementor-element elementor-element-0e6eed9 elementor-widget elementor-widget-text-editor\" data-id=\"0e6eed9\" data-element_type=\"widget\" data-e-type=\"widget\" data-widget_type=\"text-editor.default\">\n\t\t\t\t<div class=\"elementor-widget-container\">\n\t\t\t\t\t\t\t\t\t<p style=\"text-align: center;\">Conselheiro<\/p>\t\t\t\t\t\t\t\t<\/div>\n\t\t\t\t<\/div>\n\t\t\t\t<div class=\"elementor-element elementor-element-f6caf87 elementor-widget elementor-widget-text-editor\" data-id=\"f6caf87\" data-element_type=\"widget\" data-e-type=\"widget\" data-widget_type=\"text-editor.default\">\n\t\t\t\t<div class=\"elementor-widget-container\">\n\t\t\t\t\t\t\t\t\t<p style=\"text-align: center;\">C\u00e9dula n.\u00ba: 3894<\/p>\t\t\t\t\t\t\t\t<\/div>\n\t\t\t\t<\/div>\n\t\t\t\t\t<\/div>\n\t\t<\/div>\n\t\t\t\t\t<\/div>\n\t\t<\/section>\n\t\t\t\t\t<\/div>\n\t\t<\/div>\n\t\t\t\t\t<\/div>\n\t\t<\/section>\n\t\t\t\t<section class=\"elementor-section elementor-top-section elementor-element elementor-element-0df4e8d elementor-section-boxed elementor-section-height-default elementor-section-height-default\" data-id=\"0df4e8d\" data-element_type=\"section\" data-e-type=\"section\">\n\t\t\t\t\t\t<div class=\"elementor-container elementor-column-gap-default\">\n\t\t\t\t\t<div class=\"elementor-column elementor-col-20 elementor-top-column elementor-element elementor-element-d26d2fa\" data-id=\"d26d2fa\" data-element_type=\"column\" data-e-type=\"column\">\n\t\t\t<div class=\"elementor-widget-wrap elementor-element-populated\">\n\t\t\t\t\t\t<section class=\"elementor-section elementor-inner-section elementor-element elementor-element-9fe46e8 elementor-section-boxed elementor-section-height-default elementor-section-height-default\" data-id=\"9fe46e8\" data-element_type=\"section\" data-e-type=\"section\">\n\t\t\t\t\t\t<div class=\"elementor-container elementor-column-gap-default\">\n\t\t\t\t\t<div class=\"elementor-column elementor-col-100 elementor-inner-column elementor-element elementor-element-f247fb7\" data-id=\"f247fb7\" data-element_type=\"column\" data-e-type=\"column\">\n\t\t\t<div class=\"elementor-widget-wrap elementor-element-populated\">\n\t\t\t\t\t\t<div class=\"elementor-element elementor-element-488d024 elementor-widget elementor-widget-hotspot\" data-id=\"488d024\" data-element_type=\"widget\" data-e-type=\"widget\" data-settings=\"{&quot;hotspot&quot;:[{&quot;_id&quot;:&quot;b629176&quot;,&quot;hotspot_custom_size&quot;:&quot;&quot;,&quot;hotspot_tooltip_content&quot;:&quot;&lt;p&gt;licenciada em Fisioterapia desde 2000 pela Escola Superior de Tecnologias da Sa\\u00fade de Coimbra;&lt;br \\\/&gt;Mestre em Ci\\u00eancias da Fisioterapia pela Faculdade de Motricidade Humana desde 2005;&lt;br \\\/&gt;Em exerc\\u00edcio no Centro de Sa\\u00fade da Calheta \\u2013 Unidade de Sa\\u00fade de Ilha de S\\u00e3o Jorge (A\\u00e7ores) desde 2007.&lt;\\\/p&gt;&quot;,&quot;hotspot_offset_x&quot;:{&quot;unit&quot;:&quot;%&quot;,&quot;size&quot;:95,&quot;sizes&quot;:[]},&quot;hotspot_offset_y&quot;:{&quot;unit&quot;:&quot;%&quot;,&quot;size&quot;:95,&quot;sizes&quot;:[]},&quot;hotspot_icon&quot;:{&quot;value&quot;:&quot;fas fa-plus-circle&quot;,&quot;library&quot;:&quot;fa-solid&quot;},&quot;hotspot_label&quot;:&quot;&quot;,&quot;hotspot_link&quot;:{&quot;url&quot;:&quot;&quot;,&quot;is_external&quot;:&quot;&quot;,&quot;nofollow&quot;:&quot;&quot;,&quot;custom_attributes&quot;:&quot;&quot;},&quot;hotspot_horizontal&quot;:&quot;left&quot;,&quot;hotspot_vertical&quot;:&quot;top&quot;,&quot;hotspot_tooltip_position&quot;:&quot;no&quot;,&quot;hotspot_position&quot;:null}],&quot;tooltip_position_mobile&quot;:&quot;right&quot;,&quot;hotspot_sequenced_animation&quot;:&quot;no&quot;,&quot;tooltip_position&quot;:&quot;top&quot;,&quot;tooltip_trigger&quot;:&quot;click&quot;,&quot;tooltip_animation&quot;:&quot;e-hotspot--fade-in-out&quot;}\" data-widget_type=\"hotspot.default\">\n\t\t\t\t<div class=\"elementor-widget-container\">\n\t\t\t\t\t<img loading=\"lazy\" decoding=\"async\" width=\"550\" height=\"383\" src=\"https:\/\/staging.ordemdosfisioterapeutas.pt\/wp-content\/uploads\/2023\/06\/24_luciana-silva_CG.png\" class=\"attachment-large size-large wp-image-6056\" alt=\"\" srcset=\"https:\/\/staging.ordemdosfisioterapeutas.pt\/wp-content\/uploads\/2023\/06\/24_luciana-silva_CG.png 550w, https:\/\/staging.ordemdosfisioterapeutas.pt\/wp-content\/uploads\/2023\/06\/24_luciana-silva_CG-300x209.png 300w, https:\/\/staging.ordemdosfisioterapeutas.pt\/wp-content\/uploads\/2023\/06\/24_luciana-silva_CG-18x12.png 18w\" sizes=\"(max-width: 550px) 100vw, 550px\" \/>\n\t\t\t\t\t\t<div class=\"e-hotspot elementor-repeater-item-b629176  e-hotspot--position-left e-hotspot--position-top   e-hotspot--icon\">\n\n\t\t\t\t\t\t\t\t<div class=\"e-hotspot__button e-hotspot--expand\">\n\t\t\t\t\t\t\t\t\t\t\t\t\t\t\t\t\t\t<div class=\"e-hotspot__icon\"><i class=\"fas fa-plus-circle\"><\/i><\/div>\n\t\t\t\t\t\t\t\t\t\t\t\t\t\t\t\t\t\t\t\t\t<\/div>\n\n\t\t\t\t\t\t\t\t\t\t\t\t\t\t\t\t\t\t<div class=\"e-hotspot__tooltip  e-hotspot--tooltip-position e-hotspot--fade-in-out \" >\n\t\t\t\t\t\t<p>licenciada em Fisioterapia desde 2000 pela Escola Superior de Tecnologias da Sa\u00fade de Coimbra;<br \/>Mestre em Ci\u00eancias da Fisioterapia pela Faculdade de Motricidade Humana desde 2005;<br \/>Em exerc\u00edcio no Centro de Sa\u00fade da Calheta \u2013 Unidade de Sa\u00fade de Ilha de S\u00e3o Jorge (A\u00e7ores) desde 2007.<\/p>\t\t\t\t\t<\/div>\n\t\t\t\t\t\t\t\t\t\n\t\t\t<\/div>\n\n\t\n\t\t\t\t\t\t<\/div>\n\t\t\t\t<\/div>\n\t\t\t\t<div class=\"elementor-element elementor-element-1dd6e94 elementor-widget elementor-widget-heading\" data-id=\"1dd6e94\" data-element_type=\"widget\" data-e-type=\"widget\" data-widget_type=\"heading.default\">\n\t\t\t\t<div class=\"elementor-widget-container\">\n\t\t\t\t\t<h2 class=\"elementor-heading-title elementor-size-default\">Luciana Lib\u00e2nio da Silva<\/h2>\t\t\t\t<\/div>\n\t\t\t\t<\/div>\n\t\t\t\t<div class=\"elementor-element elementor-element-e2af9b6 elementor-widget elementor-widget-text-editor\" data-id=\"e2af9b6\" data-element_type=\"widget\" data-e-type=\"widget\" data-widget_type=\"text-editor.default\">\n\t\t\t\t<div class=\"elementor-widget-container\">\n\t\t\t\t\t\t\t\t\t<p style=\"text-align: center;\">Conselheira<\/p>\t\t\t\t\t\t\t\t<\/div>\n\t\t\t\t<\/div>\n\t\t\t\t<div class=\"elementor-element elementor-element-c212807 elementor-widget elementor-widget-text-editor\" data-id=\"c212807\" data-element_type=\"widget\" data-e-type=\"widget\" data-widget_type=\"text-editor.default\">\n\t\t\t\t<div class=\"elementor-widget-container\">\n\t\t\t\t\t\t\t\t\t<p style=\"text-align: center;\">C\u00e9dula n.\u00ba: 3477<\/p>\t\t\t\t\t\t\t\t<\/div>\n\t\t\t\t<\/div>\n\t\t\t\t\t<\/div>\n\t\t<\/div>\n\t\t\t\t\t<\/div>\n\t\t<\/section>\n\t\t\t\t\t<\/div>\n\t\t<\/div>\n\t\t\t\t<div class=\"elementor-column elementor-col-20 elementor-top-column elementor-element elementor-element-724052a\" data-id=\"724052a\" data-element_type=\"column\" data-e-type=\"column\">\n\t\t\t<div class=\"elementor-widget-wrap elementor-element-populated\">\n\t\t\t\t\t\t<section class=\"elementor-section elementor-inner-section elementor-element elementor-element-b09f6e0 elementor-section-boxed elementor-section-height-default elementor-section-height-default\" data-id=\"b09f6e0\" data-element_type=\"section\" data-e-type=\"section\">\n\t\t\t\t\t\t<div class=\"elementor-container elementor-column-gap-default\">\n\t\t\t\t\t<div class=\"elementor-column elementor-col-100 elementor-inner-column elementor-element elementor-element-b6eb34e\" data-id=\"b6eb34e\" data-element_type=\"column\" data-e-type=\"column\">\n\t\t\t<div class=\"elementor-widget-wrap elementor-element-populated\">\n\t\t\t\t\t\t<div class=\"elementor-element elementor-element-89148d1 elementor-widget elementor-widget-hotspot\" data-id=\"89148d1\" data-element_type=\"widget\" data-e-type=\"widget\" data-settings=\"{&quot;hotspot&quot;:[{&quot;_id&quot;:&quot;b629176&quot;,&quot;hotspot_custom_size&quot;:&quot;&quot;,&quot;hotspot_tooltip_content&quot;:&quot;&lt;p&gt;Fisioterapeuta, doutorada em Fisioterapia no Kings College London, University of London, em 2002. \\u00c9 Professora Coordenadora na Escola Superior de Sa\\u00fade do Instituto Polit\\u00e9cnico de Set\\u00fabal, onde exerce atualmente fun\\u00e7\\u00f5es de Subdiretora. A sua \\u00e1rea de expertise \\u00e9 o envelhecimento bem-sucedido, a promo\\u00e7\\u00e3o da independ\\u00eancia e respetiva integridade do movimento e fun\\u00e7\\u00e3o. Pedagogicamente, foca-se no desenvolvimento da internacionaliza\\u00e7\\u00e3o como estrat\\u00e9gia privilegiada para o desenvolvimento de compet\\u00eancias nos profissionais de sa\\u00fade.&lt;\\\/p&gt;&quot;,&quot;hotspot_offset_x&quot;:{&quot;unit&quot;:&quot;%&quot;,&quot;size&quot;:95,&quot;sizes&quot;:[]},&quot;hotspot_offset_y&quot;:{&quot;unit&quot;:&quot;%&quot;,&quot;size&quot;:95,&quot;sizes&quot;:[]},&quot;hotspot_icon&quot;:{&quot;value&quot;:&quot;fas fa-plus-circle&quot;,&quot;library&quot;:&quot;fa-solid&quot;},&quot;hotspot_label&quot;:&quot;&quot;,&quot;hotspot_link&quot;:{&quot;url&quot;:&quot;&quot;,&quot;is_external&quot;:&quot;&quot;,&quot;nofollow&quot;:&quot;&quot;,&quot;custom_attributes&quot;:&quot;&quot;},&quot;hotspot_horizontal&quot;:&quot;left&quot;,&quot;hotspot_vertical&quot;:&quot;top&quot;,&quot;hotspot_tooltip_position&quot;:&quot;no&quot;,&quot;hotspot_position&quot;:null}],&quot;tooltip_position_mobile&quot;:&quot;right&quot;,&quot;hotspot_sequenced_animation&quot;:&quot;no&quot;,&quot;tooltip_position&quot;:&quot;top&quot;,&quot;tooltip_trigger&quot;:&quot;click&quot;,&quot;tooltip_animation&quot;:&quot;e-hotspot--fade-in-out&quot;}\" data-widget_type=\"hotspot.default\">\n\t\t\t\t<div class=\"elementor-widget-container\">\n\t\t\t\t\t<img loading=\"lazy\" decoding=\"async\" width=\"550\" height=\"383\" src=\"https:\/\/staging.ordemdosfisioterapeutas.pt\/wp-content\/uploads\/2023\/06\/25_madalena-gomes-silva_CG.png\" class=\"attachment-large size-large wp-image-6057\" alt=\"\" srcset=\"https:\/\/staging.ordemdosfisioterapeutas.pt\/wp-content\/uploads\/2023\/06\/25_madalena-gomes-silva_CG.png 550w, https:\/\/staging.ordemdosfisioterapeutas.pt\/wp-content\/uploads\/2023\/06\/25_madalena-gomes-silva_CG-300x209.png 300w, https:\/\/staging.ordemdosfisioterapeutas.pt\/wp-content\/uploads\/2023\/06\/25_madalena-gomes-silva_CG-18x12.png 18w\" sizes=\"(max-width: 550px) 100vw, 550px\" \/>\n\t\t\t\t\t\t<div class=\"e-hotspot elementor-repeater-item-b629176  e-hotspot--position-left e-hotspot--position-top   e-hotspot--icon\">\n\n\t\t\t\t\t\t\t\t<div class=\"e-hotspot__button e-hotspot--expand\">\n\t\t\t\t\t\t\t\t\t\t\t\t\t\t\t\t\t\t<div class=\"e-hotspot__icon\"><i class=\"fas fa-plus-circle\"><\/i><\/div>\n\t\t\t\t\t\t\t\t\t\t\t\t\t\t\t\t\t\t\t\t\t<\/div>\n\n\t\t\t\t\t\t\t\t\t\t\t\t\t\t\t\t\t\t<div class=\"e-hotspot__tooltip  e-hotspot--tooltip-position e-hotspot--fade-in-out \" >\n\t\t\t\t\t\t<p>Fisioterapeuta, doutorada em Fisioterapia no Kings College London, University of London, em 2002. \u00c9 Professora Coordenadora na Escola Superior de Sa\u00fade do Instituto Polit\u00e9cnico de Set\u00fabal, onde exerce atualmente fun\u00e7\u00f5es de Subdiretora. A sua \u00e1rea de expertise \u00e9 o envelhecimento bem-sucedido, a promo\u00e7\u00e3o da independ\u00eancia e respetiva integridade do movimento e fun\u00e7\u00e3o. Pedagogicamente, foca-se no desenvolvimento da internacionaliza\u00e7\u00e3o como estrat\u00e9gia privilegiada para o desenvolvimento de compet\u00eancias nos profissionais de sa\u00fade.<\/p>\t\t\t\t\t<\/div>\n\t\t\t\t\t\t\t\t\t\n\t\t\t<\/div>\n\n\t\n\t\t\t\t\t\t<\/div>\n\t\t\t\t<\/div>\n\t\t\t\t<div class=\"elementor-element elementor-element-6bf780a elementor-widget elementor-widget-heading\" data-id=\"6bf780a\" data-element_type=\"widget\" data-e-type=\"widget\" data-widget_type=\"heading.default\">\n\t\t\t\t<div class=\"elementor-widget-container\">\n\t\t\t\t\t<h2 class=\"elementor-heading-title elementor-size-default\">Madalena Gomes da Silva<\/h2>\t\t\t\t<\/div>\n\t\t\t\t<\/div>\n\t\t\t\t<div class=\"elementor-element elementor-element-0523c9c elementor-widget elementor-widget-text-editor\" data-id=\"0523c9c\" data-element_type=\"widget\" data-e-type=\"widget\" data-widget_type=\"text-editor.default\">\n\t\t\t\t<div class=\"elementor-widget-container\">\n\t\t\t\t\t\t\t\t\t<p style=\"text-align: center;\">Conselheira<\/p>\t\t\t\t\t\t\t\t<\/div>\n\t\t\t\t<\/div>\n\t\t\t\t<div class=\"elementor-element elementor-element-a01b579 elementor-widget elementor-widget-text-editor\" data-id=\"a01b579\" data-element_type=\"widget\" data-e-type=\"widget\" data-widget_type=\"text-editor.default\">\n\t\t\t\t<div class=\"elementor-widget-container\">\n\t\t\t\t\t\t\t\t\t<p style=\"text-align: center;\">C\u00e9dula n.\u00ba: 9<\/p>\t\t\t\t\t\t\t\t<\/div>\n\t\t\t\t<\/div>\n\t\t\t\t\t<\/div>\n\t\t<\/div>\n\t\t\t\t\t<\/div>\n\t\t<\/section>\n\t\t\t\t\t<\/div>\n\t\t<\/div>\n\t\t\t\t<div class=\"elementor-column elementor-col-20 elementor-top-column elementor-element elementor-element-2198c30\" data-id=\"2198c30\" data-element_type=\"column\" data-e-type=\"column\">\n\t\t\t<div class=\"elementor-widget-wrap elementor-element-populated\">\n\t\t\t\t\t\t<section class=\"elementor-section elementor-inner-section elementor-element elementor-element-0ad73d1 elementor-section-boxed elementor-section-height-default elementor-section-height-default\" data-id=\"0ad73d1\" data-element_type=\"section\" data-e-type=\"section\">\n\t\t\t\t\t\t<div class=\"elementor-container elementor-column-gap-default\">\n\t\t\t\t\t<div class=\"elementor-column elementor-col-100 elementor-inner-column elementor-element elementor-element-2028441\" data-id=\"2028441\" data-element_type=\"column\" data-e-type=\"column\">\n\t\t\t<div class=\"elementor-widget-wrap elementor-element-populated\">\n\t\t\t\t\t\t<div class=\"elementor-element elementor-element-877ffde elementor-widget elementor-widget-hotspot\" data-id=\"877ffde\" data-element_type=\"widget\" data-e-type=\"widget\" data-settings=\"{&quot;hotspot&quot;:[{&quot;_id&quot;:&quot;b629176&quot;,&quot;hotspot_custom_size&quot;:&quot;&quot;,&quot;hotspot_tooltip_content&quot;:&quot;&lt;p&gt;Fisioterapeuta licenciado pela Escola de Reabilita\\u00e7\\u00e3o do Alcoit\\u00e3o (1982\\\/1985), com forma\\u00e7\\u00e3o diversificada ao longo dos anos, da qual se destaca o \\&quot;Curso de Cadeias Fisiol\\u00f3gicas\\\/Musculares\\&quot; &lt;br \\\/&gt;lecionado por Leopold Busquet, do qual se tornou representante em Portugal entre 1996 e 2010 com vasta experi\\u00eancia profissional.&lt;br \\\/&gt;Fundador de v\\u00e1rias cl\\u00ednicas de fisioterapia, sendo o seu \\u00faltimo projeto, a cl\\u00ednica \\&quot;NovaPhysio\\&quot; (set.2004\\\/at\\u00e9 \\u00e0 data).&lt;br \\\/&gt;Director da Revista de Fisioterapia Desportiva e Sub Director da Revista de Medicina Desportiva.&lt;\\\/p&gt;&quot;,&quot;hotspot_offset_x&quot;:{&quot;unit&quot;:&quot;%&quot;,&quot;size&quot;:95,&quot;sizes&quot;:[]},&quot;hotspot_offset_y&quot;:{&quot;unit&quot;:&quot;%&quot;,&quot;size&quot;:95,&quot;sizes&quot;:[]},&quot;hotspot_icon&quot;:{&quot;value&quot;:&quot;fas fa-plus-circle&quot;,&quot;library&quot;:&quot;fa-solid&quot;},&quot;hotspot_label&quot;:&quot;&quot;,&quot;hotspot_link&quot;:{&quot;url&quot;:&quot;&quot;,&quot;is_external&quot;:&quot;&quot;,&quot;nofollow&quot;:&quot;&quot;,&quot;custom_attributes&quot;:&quot;&quot;},&quot;hotspot_horizontal&quot;:&quot;left&quot;,&quot;hotspot_vertical&quot;:&quot;top&quot;,&quot;hotspot_tooltip_position&quot;:&quot;no&quot;,&quot;hotspot_position&quot;:null}],&quot;tooltip_position_mobile&quot;:&quot;right&quot;,&quot;hotspot_sequenced_animation&quot;:&quot;no&quot;,&quot;tooltip_position&quot;:&quot;top&quot;,&quot;tooltip_trigger&quot;:&quot;click&quot;,&quot;tooltip_animation&quot;:&quot;e-hotspot--fade-in-out&quot;}\" data-widget_type=\"hotspot.default\">\n\t\t\t\t<div class=\"elementor-widget-container\">\n\t\t\t\t\t<img loading=\"lazy\" decoding=\"async\" width=\"550\" height=\"383\" src=\"https:\/\/staging.ordemdosfisioterapeutas.pt\/wp-content\/uploads\/2023\/06\/26_nuno_pombeiro_CG.png\" class=\"attachment-large size-large wp-image-6058\" alt=\"\" srcset=\"https:\/\/staging.ordemdosfisioterapeutas.pt\/wp-content\/uploads\/2023\/06\/26_nuno_pombeiro_CG.png 550w, https:\/\/staging.ordemdosfisioterapeutas.pt\/wp-content\/uploads\/2023\/06\/26_nuno_pombeiro_CG-300x209.png 300w, https:\/\/staging.ordemdosfisioterapeutas.pt\/wp-content\/uploads\/2023\/06\/26_nuno_pombeiro_CG-18x12.png 18w\" sizes=\"(max-width: 550px) 100vw, 550px\" \/>\n\t\t\t\t\t\t<div class=\"e-hotspot elementor-repeater-item-b629176  e-hotspot--position-left e-hotspot--position-top   e-hotspot--icon\">\n\n\t\t\t\t\t\t\t\t<div class=\"e-hotspot__button e-hotspot--expand\">\n\t\t\t\t\t\t\t\t\t\t\t\t\t\t\t\t\t\t<div class=\"e-hotspot__icon\"><i class=\"fas fa-plus-circle\"><\/i><\/div>\n\t\t\t\t\t\t\t\t\t\t\t\t\t\t\t\t\t\t\t\t\t<\/div>\n\n\t\t\t\t\t\t\t\t\t\t\t\t\t\t\t\t\t\t<div class=\"e-hotspot__tooltip  e-hotspot--tooltip-position e-hotspot--fade-in-out \" >\n\t\t\t\t\t\t<p>Fisioterapeuta licenciado pela Escola de Reabilita\u00e7\u00e3o do Alcoit\u00e3o (1982\/1985), com forma\u00e7\u00e3o diversificada ao longo dos anos, da qual se destaca o \"Curso de Cadeias Fisiol\u00f3gicas\/Musculares\" <br \/>lecionado por Leopold Busquet, do qual se tornou representante em Portugal entre 1996 e 2010 com vasta experi\u00eancia profissional.<br \/>Fundador de v\u00e1rias cl\u00ednicas de fisioterapia, sendo o seu \u00faltimo projeto, a cl\u00ednica \"NovaPhysio\" (set.2004\/at\u00e9 \u00e0 data).<br \/>Director da Revista de Fisioterapia Desportiva e Sub Director da Revista de Medicina Desportiva.<\/p>\t\t\t\t\t<\/div>\n\t\t\t\t\t\t\t\t\t\n\t\t\t<\/div>\n\n\t\n\t\t\t\t\t\t<\/div>\n\t\t\t\t<\/div>\n\t\t\t\t<div class=\"elementor-element elementor-element-a094ce1 elementor-widget elementor-widget-heading\" data-id=\"a094ce1\" data-element_type=\"widget\" data-e-type=\"widget\" data-widget_type=\"heading.default\">\n\t\t\t\t<div class=\"elementor-widget-container\">\n\t\t\t\t\t<h2 class=\"elementor-heading-title elementor-size-default\">Nuno Arnaut Pombeiro<\/h2>\t\t\t\t<\/div>\n\t\t\t\t<\/div>\n\t\t\t\t<div class=\"elementor-element elementor-element-76428aa elementor-widget elementor-widget-text-editor\" data-id=\"76428aa\" data-element_type=\"widget\" data-e-type=\"widget\" data-widget_type=\"text-editor.default\">\n\t\t\t\t<div class=\"elementor-widget-container\">\n\t\t\t\t\t\t\t\t\t<p style=\"text-align: center;\">Conselheiro<\/p>\t\t\t\t\t\t\t\t<\/div>\n\t\t\t\t<\/div>\n\t\t\t\t<div class=\"elementor-element elementor-element-8d9ffcb elementor-widget elementor-widget-text-editor\" data-id=\"8d9ffcb\" data-element_type=\"widget\" data-e-type=\"widget\" data-widget_type=\"text-editor.default\">\n\t\t\t\t<div class=\"elementor-widget-container\">\n\t\t\t\t\t\t\t\t\t<p style=\"text-align: center;\">C\u00e9dula n.\u00ba: 3724<\/p>\t\t\t\t\t\t\t\t<\/div>\n\t\t\t\t<\/div>\n\t\t\t\t\t<\/div>\n\t\t<\/div>\n\t\t\t\t\t<\/div>\n\t\t<\/section>\n\t\t\t\t\t<\/div>\n\t\t<\/div>\n\t\t\t\t<div class=\"elementor-column elementor-col-20 elementor-top-column elementor-element elementor-element-26b3bbb\" data-id=\"26b3bbb\" data-element_type=\"column\" data-e-type=\"column\">\n\t\t\t<div class=\"elementor-widget-wrap elementor-element-populated\">\n\t\t\t\t\t\t<section class=\"elementor-section elementor-inner-section elementor-element elementor-element-a89fa20 elementor-section-boxed elementor-section-height-default elementor-section-height-default\" data-id=\"a89fa20\" data-element_type=\"section\" data-e-type=\"section\">\n\t\t\t\t\t\t<div class=\"elementor-container elementor-column-gap-default\">\n\t\t\t\t\t<div class=\"elementor-column elementor-col-100 elementor-inner-column elementor-element elementor-element-a3ef8a5\" data-id=\"a3ef8a5\" data-element_type=\"column\" data-e-type=\"column\">\n\t\t\t<div class=\"elementor-widget-wrap elementor-element-populated\">\n\t\t\t\t\t\t<div class=\"elementor-element elementor-element-ee2b8bc elementor-widget elementor-widget-hotspot\" data-id=\"ee2b8bc\" data-element_type=\"widget\" data-e-type=\"widget\" data-settings=\"{&quot;hotspot&quot;:[{&quot;_id&quot;:&quot;b629176&quot;,&quot;hotspot_custom_size&quot;:&quot;&quot;,&quot;hotspot_tooltip_content&quot;:&quot;&lt;p&gt;Fisioterapeuta a exercer no Centro Hospitalar T\\u00e2mega e Sousa desde 1986, Fisioterapeuta Coordenadora ( TSDT especialista Principal); Mestrado em Gest\\u00e3o das Organiza\\u00e7\\u00f5es - Ramo Unidades de Sa\\u00fade P\\u00f3s graduada em Gest\\u00e3o e Administra\\u00e7\\u00e3o em Sa\\u00fade. Varias forma\\u00e7\\u00f5es p\\u00f3s base na \\u00e1rea da Sa\\u00fade da mulher, Neurologia Adultos e na \\u00e1rea de pediatria .&lt;br \\\/&gt;Docente do curso de Fisioterapia na \\u00e1rea de Neurologia no IPSN- Cespu, detentora do grau de especialista em Reabilita\\u00e7\\u00e3o.&lt;\\\/p&gt;&quot;,&quot;hotspot_offset_x&quot;:{&quot;unit&quot;:&quot;%&quot;,&quot;size&quot;:95,&quot;sizes&quot;:[]},&quot;hotspot_offset_y&quot;:{&quot;unit&quot;:&quot;%&quot;,&quot;size&quot;:95,&quot;sizes&quot;:[]},&quot;hotspot_icon&quot;:{&quot;value&quot;:&quot;fas fa-plus-circle&quot;,&quot;library&quot;:&quot;fa-solid&quot;},&quot;hotspot_label&quot;:&quot;&quot;,&quot;hotspot_link&quot;:{&quot;url&quot;:&quot;&quot;,&quot;is_external&quot;:&quot;&quot;,&quot;nofollow&quot;:&quot;&quot;,&quot;custom_attributes&quot;:&quot;&quot;},&quot;hotspot_horizontal&quot;:&quot;left&quot;,&quot;hotspot_vertical&quot;:&quot;top&quot;,&quot;hotspot_tooltip_position&quot;:&quot;no&quot;,&quot;hotspot_position&quot;:null}],&quot;tooltip_position_mobile&quot;:&quot;right&quot;,&quot;hotspot_sequenced_animation&quot;:&quot;no&quot;,&quot;tooltip_position&quot;:&quot;top&quot;,&quot;tooltip_trigger&quot;:&quot;click&quot;,&quot;tooltip_animation&quot;:&quot;e-hotspot--fade-in-out&quot;}\" data-widget_type=\"hotspot.default\">\n\t\t\t\t<div class=\"elementor-widget-container\">\n\t\t\t\t\t<img loading=\"lazy\" decoding=\"async\" width=\"550\" height=\"383\" src=\"https:\/\/staging.ordemdosfisioterapeutas.pt\/wp-content\/uploads\/2023\/06\/27_manuela-martinho_CG.png\" class=\"attachment-large size-large wp-image-6059\" alt=\"\" srcset=\"https:\/\/staging.ordemdosfisioterapeutas.pt\/wp-content\/uploads\/2023\/06\/27_manuela-martinho_CG.png 550w, https:\/\/staging.ordemdosfisioterapeutas.pt\/wp-content\/uploads\/2023\/06\/27_manuela-martinho_CG-300x209.png 300w, https:\/\/staging.ordemdosfisioterapeutas.pt\/wp-content\/uploads\/2023\/06\/27_manuela-martinho_CG-18x12.png 18w\" sizes=\"(max-width: 550px) 100vw, 550px\" \/>\n\t\t\t\t\t\t<div class=\"e-hotspot elementor-repeater-item-b629176  e-hotspot--position-left e-hotspot--position-top   e-hotspot--icon\">\n\n\t\t\t\t\t\t\t\t<div class=\"e-hotspot__button e-hotspot--expand\">\n\t\t\t\t\t\t\t\t\t\t\t\t\t\t\t\t\t\t<div class=\"e-hotspot__icon\"><i class=\"fas fa-plus-circle\"><\/i><\/div>\n\t\t\t\t\t\t\t\t\t\t\t\t\t\t\t\t\t\t\t\t\t<\/div>\n\n\t\t\t\t\t\t\t\t\t\t\t\t\t\t\t\t\t\t<div class=\"e-hotspot__tooltip  e-hotspot--tooltip-position e-hotspot--fade-in-out \" >\n\t\t\t\t\t\t<p>Fisioterapeuta a exercer no Centro Hospitalar T\u00e2mega e Sousa desde 1986, Fisioterapeuta Coordenadora ( TSDT especialista Principal); Mestrado em Gest\u00e3o das Organiza\u00e7\u00f5es - Ramo Unidades de Sa\u00fade P\u00f3s graduada em Gest\u00e3o e Administra\u00e7\u00e3o em Sa\u00fade. Varias forma\u00e7\u00f5es p\u00f3s base na \u00e1rea da Sa\u00fade da mulher, Neurologia Adultos e na \u00e1rea de pediatria .<br \/>Docente do curso de Fisioterapia na \u00e1rea de Neurologia no IPSN- Cespu, detentora do grau de especialista em Reabilita\u00e7\u00e3o.<\/p>\t\t\t\t\t<\/div>\n\t\t\t\t\t\t\t\t\t\n\t\t\t<\/div>\n\n\t\n\t\t\t\t\t\t<\/div>\n\t\t\t\t<\/div>\n\t\t\t\t<div class=\"elementor-element elementor-element-2e4836c elementor-widget elementor-widget-heading\" data-id=\"2e4836c\" data-element_type=\"widget\" data-e-type=\"widget\" data-widget_type=\"heading.default\">\n\t\t\t\t<div class=\"elementor-widget-container\">\n\t\t\t\t\t<h2 class=\"elementor-heading-title elementor-size-default\">Manuela Martinho<\/h2>\t\t\t\t<\/div>\n\t\t\t\t<\/div>\n\t\t\t\t<div class=\"elementor-element elementor-element-0901219 elementor-widget elementor-widget-text-editor\" data-id=\"0901219\" data-element_type=\"widget\" data-e-type=\"widget\" data-widget_type=\"text-editor.default\">\n\t\t\t\t<div class=\"elementor-widget-container\">\n\t\t\t\t\t\t\t\t\t<p style=\"text-align: center;\">Conselheira<\/p>\t\t\t\t\t\t\t\t<\/div>\n\t\t\t\t<\/div>\n\t\t\t\t<div class=\"elementor-element elementor-element-b144312 elementor-widget elementor-widget-text-editor\" data-id=\"b144312\" data-element_type=\"widget\" data-e-type=\"widget\" data-widget_type=\"text-editor.default\">\n\t\t\t\t<div class=\"elementor-widget-container\">\n\t\t\t\t\t\t\t\t\t<p style=\"text-align: center;\">C\u00e9dula n.\u00ba: 4014<\/p>\t\t\t\t\t\t\t\t<\/div>\n\t\t\t\t<\/div>\n\t\t\t\t\t<\/div>\n\t\t<\/div>\n\t\t\t\t\t<\/div>\n\t\t<\/section>\n\t\t\t\t\t<\/div>\n\t\t<\/div>\n\t\t\t\t<div class=\"elementor-column elementor-col-20 elementor-top-column elementor-element elementor-element-4a81afe\" data-id=\"4a81afe\" data-element_type=\"column\" data-e-type=\"column\">\n\t\t\t<div class=\"elementor-widget-wrap elementor-element-populated\">\n\t\t\t\t\t\t<section class=\"elementor-section elementor-inner-section elementor-element elementor-element-e4654e3 elementor-section-boxed elementor-section-height-default elementor-section-height-default\" data-id=\"e4654e3\" data-element_type=\"section\" data-e-type=\"section\">\n\t\t\t\t\t\t<div class=\"elementor-container elementor-column-gap-default\">\n\t\t\t\t\t<div class=\"elementor-column elementor-col-100 elementor-inner-column elementor-element elementor-element-1d14356\" data-id=\"1d14356\" data-element_type=\"column\" data-e-type=\"column\">\n\t\t\t<div class=\"elementor-widget-wrap elementor-element-populated\">\n\t\t\t\t\t\t<div class=\"elementor-element elementor-element-c81c566 elementor-widget elementor-widget-hotspot\" data-id=\"c81c566\" data-element_type=\"widget\" data-e-type=\"widget\" data-settings=\"{&quot;hotspot&quot;:[{&quot;_id&quot;:&quot;b629176&quot;,&quot;hotspot_custom_size&quot;:&quot;&quot;,&quot;hotspot_tooltip_content&quot;:&quot;&lt;p&gt;- Curso de fisioterapia efetuado na ESSA em 1980\\\/83&lt;br \\\/&gt;- Diretor t\\u00e9cnico da cl\\u00ednica Fisio Roma&lt;br \\\/&gt;- Consultor na \\u00e1rea da fisioterapia na Companhia de seguros Allianz&lt;\\\/p&gt;&quot;,&quot;hotspot_offset_x&quot;:{&quot;unit&quot;:&quot;%&quot;,&quot;size&quot;:95,&quot;sizes&quot;:[]},&quot;hotspot_offset_y&quot;:{&quot;unit&quot;:&quot;%&quot;,&quot;size&quot;:95,&quot;sizes&quot;:[]},&quot;hotspot_icon&quot;:{&quot;value&quot;:&quot;fas fa-plus-circle&quot;,&quot;library&quot;:&quot;fa-solid&quot;},&quot;hotspot_label&quot;:&quot;&quot;,&quot;hotspot_link&quot;:{&quot;url&quot;:&quot;&quot;,&quot;is_external&quot;:&quot;&quot;,&quot;nofollow&quot;:&quot;&quot;,&quot;custom_attributes&quot;:&quot;&quot;},&quot;hotspot_horizontal&quot;:&quot;left&quot;,&quot;hotspot_vertical&quot;:&quot;top&quot;,&quot;hotspot_tooltip_position&quot;:&quot;no&quot;,&quot;hotspot_position&quot;:null}],&quot;tooltip_position_mobile&quot;:&quot;right&quot;,&quot;tooltip_position&quot;:&quot;right&quot;,&quot;hotspot_sequenced_animation&quot;:&quot;no&quot;,&quot;tooltip_trigger&quot;:&quot;click&quot;,&quot;tooltip_animation&quot;:&quot;e-hotspot--fade-in-out&quot;}\" data-widget_type=\"hotspot.default\">\n\t\t\t\t<div class=\"elementor-widget-container\">\n\t\t\t\t\t<img loading=\"lazy\" decoding=\"async\" width=\"550\" height=\"383\" src=\"https:\/\/staging.ordemdosfisioterapeutas.pt\/wp-content\/uploads\/2023\/06\/28_olimpio_CG.png\" class=\"attachment-large size-large wp-image-6082\" alt=\"\" srcset=\"https:\/\/staging.ordemdosfisioterapeutas.pt\/wp-content\/uploads\/2023\/06\/28_olimpio_CG.png 550w, https:\/\/staging.ordemdosfisioterapeutas.pt\/wp-content\/uploads\/2023\/06\/28_olimpio_CG-300x209.png 300w, https:\/\/staging.ordemdosfisioterapeutas.pt\/wp-content\/uploads\/2023\/06\/28_olimpio_CG-18x12.png 18w\" sizes=\"(max-width: 550px) 100vw, 550px\" \/>\n\t\t\t\t\t\t<div class=\"e-hotspot elementor-repeater-item-b629176  e-hotspot--position-left e-hotspot--position-top   e-hotspot--icon\">\n\n\t\t\t\t\t\t\t\t<div class=\"e-hotspot__button e-hotspot--expand\">\n\t\t\t\t\t\t\t\t\t\t\t\t\t\t\t\t\t\t<div class=\"e-hotspot__icon\"><i class=\"fas fa-plus-circle\"><\/i><\/div>\n\t\t\t\t\t\t\t\t\t\t\t\t\t\t\t\t\t\t\t\t\t<\/div>\n\n\t\t\t\t\t\t\t\t\t\t\t\t\t\t\t\t\t\t<div class=\"e-hotspot__tooltip  e-hotspot--tooltip-position e-hotspot--fade-in-out \" >\n\t\t\t\t\t\t<p>- Curso de fisioterapia efetuado na ESSA em 1980\/83<br \/>- Diretor t\u00e9cnico da cl\u00ednica Fisio Roma<br \/>- Consultor na \u00e1rea da fisioterapia na Companhia de seguros Allianz<\/p>\t\t\t\t\t<\/div>\n\t\t\t\t\t\t\t\t\t\n\t\t\t<\/div>\n\n\t\n\t\t\t\t\t\t<\/div>\n\t\t\t\t<\/div>\n\t\t\t\t<div class=\"elementor-element elementor-element-345f7dc elementor-widget elementor-widget-heading\" data-id=\"345f7dc\" data-element_type=\"widget\" data-e-type=\"widget\" data-widget_type=\"heading.default\">\n\t\t\t\t<div class=\"elementor-widget-container\">\n\t\t\t\t\t<h2 class=\"elementor-heading-title elementor-size-default\">Ol\u00edmpio Manuel Gouveia Pereira<\/h2>\t\t\t\t<\/div>\n\t\t\t\t<\/div>\n\t\t\t\t<div class=\"elementor-element elementor-element-85323cf elementor-widget elementor-widget-text-editor\" data-id=\"85323cf\" data-element_type=\"widget\" data-e-type=\"widget\" data-widget_type=\"text-editor.default\">\n\t\t\t\t<div class=\"elementor-widget-container\">\n\t\t\t\t\t\t\t\t\t<p style=\"text-align: center;\">Conselheiro<\/p>\t\t\t\t\t\t\t\t<\/div>\n\t\t\t\t<\/div>\n\t\t\t\t<div class=\"elementor-element elementor-element-dbd76ad elementor-widget elementor-widget-text-editor\" data-id=\"dbd76ad\" data-element_type=\"widget\" data-e-type=\"widget\" data-widget_type=\"text-editor.default\">\n\t\t\t\t<div class=\"elementor-widget-container\">\n\t\t\t\t\t\t\t\t\t<p style=\"text-align: center;\">C\u00e9dula n.\u00ba: 3<\/p>\t\t\t\t\t\t\t\t<\/div>\n\t\t\t\t<\/div>\n\t\t\t\t\t<\/div>\n\t\t<\/div>\n\t\t\t\t\t<\/div>\n\t\t<\/section>\n\t\t\t\t\t<\/div>\n\t\t<\/div>\n\t\t\t\t\t<\/div>\n\t\t<\/section>\n\t\t\t\t<section class=\"elementor-section elementor-top-section elementor-element elementor-element-a512be5 elementor-section-boxed elementor-section-height-default elementor-section-height-default\" data-id=\"a512be5\" data-element_type=\"section\" data-e-type=\"section\">\n\t\t\t\t\t\t<div class=\"elementor-container elementor-column-gap-default\">\n\t\t\t\t\t<div class=\"elementor-column elementor-col-20 elementor-top-column elementor-element elementor-element-3db5d68\" data-id=\"3db5d68\" data-element_type=\"column\" data-e-type=\"column\">\n\t\t\t<div class=\"elementor-widget-wrap elementor-element-populated\">\n\t\t\t\t\t\t<section class=\"elementor-section elementor-inner-section elementor-element elementor-element-76ed3bd elementor-section-boxed elementor-section-height-default elementor-section-height-default\" data-id=\"76ed3bd\" data-element_type=\"section\" data-e-type=\"section\">\n\t\t\t\t\t\t<div class=\"elementor-container elementor-column-gap-default\">\n\t\t\t\t\t<div class=\"elementor-column elementor-col-100 elementor-inner-column elementor-element elementor-element-be7e27e\" data-id=\"be7e27e\" data-element_type=\"column\" data-e-type=\"column\">\n\t\t\t<div class=\"elementor-widget-wrap elementor-element-populated\">\n\t\t\t\t\t\t<div class=\"elementor-element elementor-element-ab2fd8c elementor-widget elementor-widget-hotspot\" data-id=\"ab2fd8c\" data-element_type=\"widget\" data-e-type=\"widget\" data-settings=\"{&quot;hotspot&quot;:[{&quot;_id&quot;:&quot;b629176&quot;,&quot;hotspot_custom_size&quot;:&quot;&quot;,&quot;hotspot_tooltip_content&quot;:&quot;&lt;p&gt;Fisioterapeuta, Doutorada em Fisioterapia com P\\u00f3s\\u2013Doutoramento em Comportamento Motor. Prof\\u00aa Coordenadora da EssLei \\u2013 IP Leiria. Investigadora do CEMMPRE- ARISE. Autoria de v\\u00e1rias publica\\u00e7\\u00f5es cient\\u00edficas e comunica\\u00e7\\u00f5es. Membro de comiss\\u00f5es cient\\u00edficas, j\\u00faris e revisora em revistas nacionais e internacionais. Fundadora do Sindicato dos Fisioterapeutas Portugueses. Pr\\u00e1tica cl\\u00ednica em desporto e promo\\u00e7\\u00e3o da sa\\u00fade. ORCID iD0000-0002-1500-355X Ci\\u00eanciaVitae ID3914-A4F3-5395.&lt;\\\/p&gt;&quot;,&quot;hotspot_offset_x&quot;:{&quot;unit&quot;:&quot;%&quot;,&quot;size&quot;:95,&quot;sizes&quot;:[]},&quot;hotspot_offset_y&quot;:{&quot;unit&quot;:&quot;%&quot;,&quot;size&quot;:95,&quot;sizes&quot;:[]},&quot;hotspot_icon&quot;:{&quot;value&quot;:&quot;fas fa-plus-circle&quot;,&quot;library&quot;:&quot;fa-solid&quot;},&quot;hotspot_label&quot;:&quot;&quot;,&quot;hotspot_link&quot;:{&quot;url&quot;:&quot;&quot;,&quot;is_external&quot;:&quot;&quot;,&quot;nofollow&quot;:&quot;&quot;,&quot;custom_attributes&quot;:&quot;&quot;},&quot;hotspot_horizontal&quot;:&quot;left&quot;,&quot;hotspot_vertical&quot;:&quot;top&quot;,&quot;hotspot_tooltip_position&quot;:&quot;no&quot;,&quot;hotspot_position&quot;:null}],&quot;tooltip_position_mobile&quot;:&quot;right&quot;,&quot;hotspot_sequenced_animation&quot;:&quot;no&quot;,&quot;tooltip_position&quot;:&quot;top&quot;,&quot;tooltip_trigger&quot;:&quot;click&quot;,&quot;tooltip_animation&quot;:&quot;e-hotspot--fade-in-out&quot;}\" data-widget_type=\"hotspot.default\">\n\t\t\t\t<div class=\"elementor-widget-container\">\n\t\t\t\t\t<img loading=\"lazy\" decoding=\"async\" width=\"550\" height=\"383\" src=\"https:\/\/staging.ordemdosfisioterapeutas.pt\/wp-content\/uploads\/2023\/06\/29_maria-antonio-castro.png\" class=\"attachment-large size-large wp-image-6060\" alt=\"\" srcset=\"https:\/\/staging.ordemdosfisioterapeutas.pt\/wp-content\/uploads\/2023\/06\/29_maria-antonio-castro.png 550w, https:\/\/staging.ordemdosfisioterapeutas.pt\/wp-content\/uploads\/2023\/06\/29_maria-antonio-castro-300x209.png 300w, https:\/\/staging.ordemdosfisioterapeutas.pt\/wp-content\/uploads\/2023\/06\/29_maria-antonio-castro-18x12.png 18w\" sizes=\"(max-width: 550px) 100vw, 550px\" \/>\n\t\t\t\t\t\t<div class=\"e-hotspot elementor-repeater-item-b629176  e-hotspot--position-left e-hotspot--position-top   e-hotspot--icon\">\n\n\t\t\t\t\t\t\t\t<div class=\"e-hotspot__button e-hotspot--expand\">\n\t\t\t\t\t\t\t\t\t\t\t\t\t\t\t\t\t\t<div class=\"e-hotspot__icon\"><i class=\"fas fa-plus-circle\"><\/i><\/div>\n\t\t\t\t\t\t\t\t\t\t\t\t\t\t\t\t\t\t\t\t\t<\/div>\n\n\t\t\t\t\t\t\t\t\t\t\t\t\t\t\t\t\t\t<div class=\"e-hotspot__tooltip  e-hotspot--tooltip-position e-hotspot--fade-in-out \" >\n\t\t\t\t\t\t<p>Fisioterapeuta, Doutorada em Fisioterapia com P\u00f3s\u2013Doutoramento em Comportamento Motor. Prof\u00aa Coordenadora da EssLei \u2013 IP Leiria. Investigadora do CEMMPRE- ARISE. Autoria de v\u00e1rias publica\u00e7\u00f5es cient\u00edficas e comunica\u00e7\u00f5es. Membro de comiss\u00f5es cient\u00edficas, j\u00faris e revisora em revistas nacionais e internacionais. Fundadora do Sindicato dos Fisioterapeutas Portugueses. Pr\u00e1tica cl\u00ednica em desporto e promo\u00e7\u00e3o da sa\u00fade. ORCID iD0000-0002-1500-355X Ci\u00eanciaVitae ID3914-A4F3-5395.<\/p>\t\t\t\t\t<\/div>\n\t\t\t\t\t\t\t\t\t\n\t\t\t<\/div>\n\n\t\n\t\t\t\t\t\t<\/div>\n\t\t\t\t<\/div>\n\t\t\t\t<div class=\"elementor-element elementor-element-65846ae elementor-widget elementor-widget-heading\" data-id=\"65846ae\" data-element_type=\"widget\" data-e-type=\"widget\" data-widget_type=\"heading.default\">\n\t\t\t\t<div class=\"elementor-widget-container\">\n\t\t\t\t\t<h2 class=\"elementor-heading-title elementor-size-default\">Maria Ant\u00f3nio Castro<\/h2>\t\t\t\t<\/div>\n\t\t\t\t<\/div>\n\t\t\t\t<div class=\"elementor-element elementor-element-72317d7 elementor-widget elementor-widget-text-editor\" data-id=\"72317d7\" data-element_type=\"widget\" data-e-type=\"widget\" data-widget_type=\"text-editor.default\">\n\t\t\t\t<div class=\"elementor-widget-container\">\n\t\t\t\t\t\t\t\t\t<p style=\"text-align: center;\">Conselheira<\/p>\t\t\t\t\t\t\t\t<\/div>\n\t\t\t\t<\/div>\n\t\t\t\t<div class=\"elementor-element elementor-element-920a930 elementor-widget elementor-widget-text-editor\" data-id=\"920a930\" data-element_type=\"widget\" data-e-type=\"widget\" data-widget_type=\"text-editor.default\">\n\t\t\t\t<div class=\"elementor-widget-container\">\n\t\t\t\t\t\t\t\t\t<p style=\"text-align: center;\">C\u00e9dula n.\u00ba: 410<\/p>\t\t\t\t\t\t\t\t<\/div>\n\t\t\t\t<\/div>\n\t\t\t\t\t<\/div>\n\t\t<\/div>\n\t\t\t\t\t<\/div>\n\t\t<\/section>\n\t\t\t\t\t<\/div>\n\t\t<\/div>\n\t\t\t\t<div class=\"elementor-column elementor-col-20 elementor-top-column elementor-element elementor-element-36b1b9a\" data-id=\"36b1b9a\" data-element_type=\"column\" data-e-type=\"column\">\n\t\t\t<div class=\"elementor-widget-wrap elementor-element-populated\">\n\t\t\t\t\t\t<section class=\"elementor-section elementor-inner-section elementor-element elementor-element-d3c75ae elementor-section-boxed elementor-section-height-default elementor-section-height-default\" data-id=\"d3c75ae\" data-element_type=\"section\" data-e-type=\"section\">\n\t\t\t\t\t\t<div class=\"elementor-container elementor-column-gap-default\">\n\t\t\t\t\t<div class=\"elementor-column elementor-col-100 elementor-inner-column elementor-element elementor-element-d85c8c7\" data-id=\"d85c8c7\" data-element_type=\"column\" data-e-type=\"column\">\n\t\t\t<div class=\"elementor-widget-wrap elementor-element-populated\">\n\t\t\t\t\t\t<div class=\"elementor-element elementor-element-468ba69 elementor-widget elementor-widget-hotspot\" data-id=\"468ba69\" data-element_type=\"widget\" data-e-type=\"widget\" data-settings=\"{&quot;hotspot&quot;:[{&quot;_id&quot;:&quot;b629176&quot;,&quot;hotspot_custom_size&quot;:&quot;&quot;,&quot;hotspot_tooltip_content&quot;:&quot;&lt;p&gt;Fisioterapeuta desde 1985. Pr\\u00e1tica hospitalar durante 12 anos, predominantemente na \\u00e1rea respirat\\u00f3ria. Professor a tempo integral durante 10 anos (ESSA). Atualmente a exercer em pr\\u00e1tica privada (domic\\u00edlio e unidade privada) e docente a tempo parcial da ESS-IPPorto. Formador a n\\u00edvel nacional na \\u00e1rea da Fisioterapia Respirat\\u00f3ria desde 1997 e docente convidado de v\\u00e1rias escolas de Fisioterapia no ensino graduado e p\\u00f3s-graduado. Foi Presidente do Grupo de Interesse em Fisioterapia Cardiorrespirat\\u00f3ria da APFisio (1999-2014).&lt;\\\/p&gt;&quot;,&quot;hotspot_offset_x&quot;:{&quot;unit&quot;:&quot;%&quot;,&quot;size&quot;:95,&quot;sizes&quot;:[]},&quot;hotspot_offset_y&quot;:{&quot;unit&quot;:&quot;%&quot;,&quot;size&quot;:95,&quot;sizes&quot;:[]},&quot;hotspot_icon&quot;:{&quot;value&quot;:&quot;fas fa-plus-circle&quot;,&quot;library&quot;:&quot;fa-solid&quot;},&quot;hotspot_label&quot;:&quot;&quot;,&quot;hotspot_link&quot;:{&quot;url&quot;:&quot;&quot;,&quot;is_external&quot;:&quot;&quot;,&quot;nofollow&quot;:&quot;&quot;,&quot;custom_attributes&quot;:&quot;&quot;},&quot;hotspot_horizontal&quot;:&quot;left&quot;,&quot;hotspot_vertical&quot;:&quot;top&quot;,&quot;hotspot_tooltip_position&quot;:&quot;no&quot;,&quot;hotspot_position&quot;:null}],&quot;tooltip_position_mobile&quot;:&quot;right&quot;,&quot;hotspot_sequenced_animation&quot;:&quot;no&quot;,&quot;tooltip_position&quot;:&quot;top&quot;,&quot;tooltip_trigger&quot;:&quot;click&quot;,&quot;tooltip_animation&quot;:&quot;e-hotspot--fade-in-out&quot;}\" data-widget_type=\"hotspot.default\">\n\t\t\t\t<div class=\"elementor-widget-container\">\n\t\t\t\t\t<img loading=\"lazy\" decoding=\"async\" width=\"550\" height=\"383\" src=\"https:\/\/staging.ordemdosfisioterapeutas.pt\/wp-content\/uploads\/2023\/06\/30_paulo_abreu_CG.png\" class=\"attachment-large size-large wp-image-6083\" alt=\"\" srcset=\"https:\/\/staging.ordemdosfisioterapeutas.pt\/wp-content\/uploads\/2023\/06\/30_paulo_abreu_CG.png 550w, https:\/\/staging.ordemdosfisioterapeutas.pt\/wp-content\/uploads\/2023\/06\/30_paulo_abreu_CG-300x209.png 300w, https:\/\/staging.ordemdosfisioterapeutas.pt\/wp-content\/uploads\/2023\/06\/30_paulo_abreu_CG-18x12.png 18w\" sizes=\"(max-width: 550px) 100vw, 550px\" \/>\n\t\t\t\t\t\t<div class=\"e-hotspot elementor-repeater-item-b629176  e-hotspot--position-left e-hotspot--position-top   e-hotspot--icon\">\n\n\t\t\t\t\t\t\t\t<div class=\"e-hotspot__button e-hotspot--expand\">\n\t\t\t\t\t\t\t\t\t\t\t\t\t\t\t\t\t\t<div class=\"e-hotspot__icon\"><i class=\"fas fa-plus-circle\"><\/i><\/div>\n\t\t\t\t\t\t\t\t\t\t\t\t\t\t\t\t\t\t\t\t\t<\/div>\n\n\t\t\t\t\t\t\t\t\t\t\t\t\t\t\t\t\t\t<div class=\"e-hotspot__tooltip  e-hotspot--tooltip-position e-hotspot--fade-in-out \" >\n\t\t\t\t\t\t<p>Fisioterapeuta desde 1985. Pr\u00e1tica hospitalar durante 12 anos, predominantemente na \u00e1rea respirat\u00f3ria. Professor a tempo integral durante 10 anos (ESSA). Atualmente a exercer em pr\u00e1tica privada (domic\u00edlio e unidade privada) e docente a tempo parcial da ESS-IPPorto. Formador a n\u00edvel nacional na \u00e1rea da Fisioterapia Respirat\u00f3ria desde 1997 e docente convidado de v\u00e1rias escolas de Fisioterapia no ensino graduado e p\u00f3s-graduado. Foi Presidente do Grupo de Interesse em Fisioterapia Cardiorrespirat\u00f3ria da APFisio (1999-2014).<\/p>\t\t\t\t\t<\/div>\n\t\t\t\t\t\t\t\t\t\n\t\t\t<\/div>\n\n\t\n\t\t\t\t\t\t<\/div>\n\t\t\t\t<\/div>\n\t\t\t\t<div class=\"elementor-element elementor-element-57601f9 elementor-widget elementor-widget-heading\" data-id=\"57601f9\" data-element_type=\"widget\" data-e-type=\"widget\" data-widget_type=\"heading.default\">\n\t\t\t\t<div class=\"elementor-widget-container\">\n\t\t\t\t\t<h2 class=\"elementor-heading-title elementor-size-default\">Paulo Abreu<\/h2>\t\t\t\t<\/div>\n\t\t\t\t<\/div>\n\t\t\t\t<div class=\"elementor-element elementor-element-cb9b87b elementor-widget elementor-widget-text-editor\" data-id=\"cb9b87b\" data-element_type=\"widget\" data-e-type=\"widget\" data-widget_type=\"text-editor.default\">\n\t\t\t\t<div class=\"elementor-widget-container\">\n\t\t\t\t\t\t\t\t\t<p style=\"text-align: center;\">Conselheiro<\/p>\t\t\t\t\t\t\t\t<\/div>\n\t\t\t\t<\/div>\n\t\t\t\t<div class=\"elementor-element elementor-element-e9cfb0e elementor-widget elementor-widget-text-editor\" data-id=\"e9cfb0e\" data-element_type=\"widget\" data-e-type=\"widget\" data-widget_type=\"text-editor.default\">\n\t\t\t\t<div class=\"elementor-widget-container\">\n\t\t\t\t\t\t\t\t\t<p style=\"text-align: center;\">C\u00e9dula n.\u00ba: 1292<\/p>\t\t\t\t\t\t\t\t<\/div>\n\t\t\t\t<\/div>\n\t\t\t\t\t<\/div>\n\t\t<\/div>\n\t\t\t\t\t<\/div>\n\t\t<\/section>\n\t\t\t\t\t<\/div>\n\t\t<\/div>\n\t\t\t\t<div class=\"elementor-column elementor-col-20 elementor-top-column elementor-element elementor-element-b929533\" data-id=\"b929533\" data-element_type=\"column\" data-e-type=\"column\">\n\t\t\t<div class=\"elementor-widget-wrap elementor-element-populated\">\n\t\t\t\t\t\t<section class=\"elementor-section elementor-inner-section elementor-element elementor-element-699d527 elementor-section-boxed elementor-section-height-default elementor-section-height-default\" data-id=\"699d527\" data-element_type=\"section\" data-e-type=\"section\">\n\t\t\t\t\t\t<div class=\"elementor-container elementor-column-gap-default\">\n\t\t\t\t\t<div class=\"elementor-column elementor-col-100 elementor-inner-column elementor-element elementor-element-bbd9eed\" data-id=\"bbd9eed\" data-element_type=\"column\" data-e-type=\"column\">\n\t\t\t<div class=\"elementor-widget-wrap elementor-element-populated\">\n\t\t\t\t\t\t<div class=\"elementor-element elementor-element-ed849c7 elementor-widget elementor-widget-hotspot\" data-id=\"ed849c7\" data-element_type=\"widget\" data-e-type=\"widget\" data-settings=\"{&quot;hotspot&quot;:[{&quot;_id&quot;:&quot;b629176&quot;,&quot;hotspot_custom_size&quot;:&quot;&quot;,&quot;hotspot_tooltip_content&quot;:&quot;&lt;p&gt;Fisioterapeuta Especialista na Unidade Local de Sa\\u00fade de Matosinhos, SNS.&lt;br \\\/&gt;Professor Adjunto-convidado na Escola Superior de Sa\\u00fade do Porto, IPP.&lt;br \\\/&gt;Membro do Conselho de Administra\\u00e7\\u00e3o da Funda\\u00e7\\u00e3o para a Sa\\u00fade \\u2013 SNS.&lt;br \\\/&gt;Consultor Ministerial em diferentes grupos de trabalho operacional e estrat\\u00e9gicos ao n\\u00edvel dos cuidados de fisioterapia em Cuidados de Sa\\u00fade Prim\\u00e1rios.&lt;br \\\/&gt;Doutorando Sa\\u00fade P\\u00fablica, ISPUP, Universidade do Porto&lt;\\\/p&gt;&quot;,&quot;hotspot_offset_x&quot;:{&quot;unit&quot;:&quot;%&quot;,&quot;size&quot;:95,&quot;sizes&quot;:[]},&quot;hotspot_offset_y&quot;:{&quot;unit&quot;:&quot;%&quot;,&quot;size&quot;:95,&quot;sizes&quot;:[]},&quot;hotspot_icon&quot;:{&quot;value&quot;:&quot;fas fa-plus-circle&quot;,&quot;library&quot;:&quot;fa-solid&quot;},&quot;hotspot_label&quot;:&quot;&quot;,&quot;hotspot_link&quot;:{&quot;url&quot;:&quot;&quot;,&quot;is_external&quot;:&quot;&quot;,&quot;nofollow&quot;:&quot;&quot;,&quot;custom_attributes&quot;:&quot;&quot;},&quot;hotspot_horizontal&quot;:&quot;left&quot;,&quot;hotspot_vertical&quot;:&quot;top&quot;,&quot;hotspot_tooltip_position&quot;:&quot;no&quot;,&quot;hotspot_position&quot;:null}],&quot;tooltip_position_mobile&quot;:&quot;right&quot;,&quot;hotspot_sequenced_animation&quot;:&quot;no&quot;,&quot;tooltip_position&quot;:&quot;top&quot;,&quot;tooltip_trigger&quot;:&quot;click&quot;,&quot;tooltip_animation&quot;:&quot;e-hotspot--fade-in-out&quot;}\" data-widget_type=\"hotspot.default\">\n\t\t\t\t<div class=\"elementor-widget-container\">\n\t\t\t\t\t<img loading=\"lazy\" decoding=\"async\" width=\"550\" height=\"383\" src=\"https:\/\/staging.ordemdosfisioterapeutas.pt\/wp-content\/uploads\/2023\/06\/31-pedro-maciel-barbosa_CG.png\" class=\"attachment-large size-large wp-image-6061\" alt=\"\" srcset=\"https:\/\/staging.ordemdosfisioterapeutas.pt\/wp-content\/uploads\/2023\/06\/31-pedro-maciel-barbosa_CG.png 550w, https:\/\/staging.ordemdosfisioterapeutas.pt\/wp-content\/uploads\/2023\/06\/31-pedro-maciel-barbosa_CG-300x209.png 300w, https:\/\/staging.ordemdosfisioterapeutas.pt\/wp-content\/uploads\/2023\/06\/31-pedro-maciel-barbosa_CG-18x12.png 18w\" sizes=\"(max-width: 550px) 100vw, 550px\" \/>\n\t\t\t\t\t\t<div class=\"e-hotspot elementor-repeater-item-b629176  e-hotspot--position-left e-hotspot--position-top   e-hotspot--icon\">\n\n\t\t\t\t\t\t\t\t<div class=\"e-hotspot__button e-hotspot--expand\">\n\t\t\t\t\t\t\t\t\t\t\t\t\t\t\t\t\t\t<div class=\"e-hotspot__icon\"><i class=\"fas fa-plus-circle\"><\/i><\/div>\n\t\t\t\t\t\t\t\t\t\t\t\t\t\t\t\t\t\t\t\t\t<\/div>\n\n\t\t\t\t\t\t\t\t\t\t\t\t\t\t\t\t\t\t<div class=\"e-hotspot__tooltip  e-hotspot--tooltip-position e-hotspot--fade-in-out \" >\n\t\t\t\t\t\t<p>Fisioterapeuta Especialista na Unidade Local de Sa\u00fade de Matosinhos, SNS.<br \/>Professor Adjunto-convidado na Escola Superior de Sa\u00fade do Porto, IPP.<br \/>Membro do Conselho de Administra\u00e7\u00e3o da Funda\u00e7\u00e3o para a Sa\u00fade \u2013 SNS.<br \/>Consultor Ministerial em diferentes grupos de trabalho operacional e estrat\u00e9gicos ao n\u00edvel dos cuidados de fisioterapia em Cuidados de Sa\u00fade Prim\u00e1rios.<br \/>Doutorando Sa\u00fade P\u00fablica, ISPUP, Universidade do Porto<\/p>\t\t\t\t\t<\/div>\n\t\t\t\t\t\t\t\t\t\n\t\t\t<\/div>\n\n\t\n\t\t\t\t\t\t<\/div>\n\t\t\t\t<\/div>\n\t\t\t\t<div class=\"elementor-element elementor-element-dff86b1 elementor-widget elementor-widget-heading\" data-id=\"dff86b1\" data-element_type=\"widget\" data-e-type=\"widget\" data-widget_type=\"heading.default\">\n\t\t\t\t<div class=\"elementor-widget-container\">\n\t\t\t\t\t<h2 class=\"elementor-heading-title elementor-size-default\">Pedro Maciel Barbosa<\/h2>\t\t\t\t<\/div>\n\t\t\t\t<\/div>\n\t\t\t\t<div class=\"elementor-element elementor-element-a5e4412 elementor-widget elementor-widget-text-editor\" data-id=\"a5e4412\" data-element_type=\"widget\" data-e-type=\"widget\" data-widget_type=\"text-editor.default\">\n\t\t\t\t<div class=\"elementor-widget-container\">\n\t\t\t\t\t\t\t\t\t<p style=\"text-align: center;\">Conselheiro<\/p>\t\t\t\t\t\t\t\t<\/div>\n\t\t\t\t<\/div>\n\t\t\t\t<div class=\"elementor-element elementor-element-7688441 elementor-widget elementor-widget-text-editor\" data-id=\"7688441\" data-element_type=\"widget\" data-e-type=\"widget\" data-widget_type=\"text-editor.default\">\n\t\t\t\t<div class=\"elementor-widget-container\">\n\t\t\t\t\t\t\t\t\t<p style=\"text-align: center;\">C\u00e9dula n.\u00ba: 1010<\/p>\t\t\t\t\t\t\t\t<\/div>\n\t\t\t\t<\/div>\n\t\t\t\t\t<\/div>\n\t\t<\/div>\n\t\t\t\t\t<\/div>\n\t\t<\/section>\n\t\t\t\t\t<\/div>\n\t\t<\/div>\n\t\t\t\t<div class=\"elementor-column elementor-col-20 elementor-top-column elementor-element elementor-element-49a53f3\" data-id=\"49a53f3\" data-element_type=\"column\" data-e-type=\"column\">\n\t\t\t<div class=\"elementor-widget-wrap elementor-element-populated\">\n\t\t\t\t\t\t<section class=\"elementor-section elementor-inner-section elementor-element elementor-element-c178a9f elementor-section-boxed elementor-section-height-default elementor-section-height-default\" data-id=\"c178a9f\" data-element_type=\"section\" data-e-type=\"section\">\n\t\t\t\t\t\t<div class=\"elementor-container elementor-column-gap-default\">\n\t\t\t\t\t<div class=\"elementor-column elementor-col-100 elementor-inner-column elementor-element elementor-element-d3713cb\" data-id=\"d3713cb\" data-element_type=\"column\" data-e-type=\"column\">\n\t\t\t<div class=\"elementor-widget-wrap elementor-element-populated\">\n\t\t\t\t\t\t<div class=\"elementor-element elementor-element-2284066 elementor-widget elementor-widget-hotspot\" data-id=\"2284066\" data-element_type=\"widget\" data-e-type=\"widget\" data-settings=\"{&quot;hotspot&quot;:[{&quot;_id&quot;:&quot;b629176&quot;,&quot;hotspot_custom_size&quot;:&quot;&quot;,&quot;hotspot_tooltip_content&quot;:&quot;&lt;p&gt;1. Licenciada em fisioterapia pela ESTESP em 2001, e a exercer fun\\u00e7\\u00f5es na ULSNE. 2. Mestre em Gest\\u00e3o de servi\\u00e7os de sa\\u00fade pela UTAD em 2010 e Doutorada em gest\\u00e3o pela UTAD em 2015.&lt;br \\\/&gt;3. Investigadora no Cetrad da Universidade de Tr\\u00e1s os Montes e Alto Douro desde 2015, e professora auxiliar convidada na UTAD (curso na \\u00e1rea da gest\\u00e3o e economia) desde 2016 at\\u00e9 2019.&lt;br \\\/&gt;4. T\\u00edtulo de especialista em fisioterapia pela UA em 2021. &lt;br \\\/&gt;5. Professora adjunta convidada\\\/coordenadora da licenciatura em fisioterapia no IPB - ESSA desde 2022.Tendo iniciado a a doc\\u00eancia na \\u00e1rea da gest\\u00e3o em sa\\u00fade no IPB - ESSA em 2018.&lt;br \\\/&gt;6. Gestora executiva de duas empresas de sa\\u00fade desde 2001&lt;br \\\/&gt;7. P\\u00f3s-graduada em Executive Women&#039;s Leadership na Nova SBE Executive Education&lt;\\\/p&gt;&quot;,&quot;hotspot_offset_x&quot;:{&quot;unit&quot;:&quot;%&quot;,&quot;size&quot;:95,&quot;sizes&quot;:[]},&quot;hotspot_offset_y&quot;:{&quot;unit&quot;:&quot;%&quot;,&quot;size&quot;:95,&quot;sizes&quot;:[]},&quot;hotspot_icon&quot;:{&quot;value&quot;:&quot;fas fa-plus-circle&quot;,&quot;library&quot;:&quot;fa-solid&quot;},&quot;hotspot_label&quot;:&quot;&quot;,&quot;hotspot_link&quot;:{&quot;url&quot;:&quot;&quot;,&quot;is_external&quot;:&quot;&quot;,&quot;nofollow&quot;:&quot;&quot;,&quot;custom_attributes&quot;:&quot;&quot;},&quot;hotspot_horizontal&quot;:&quot;left&quot;,&quot;hotspot_vertical&quot;:&quot;top&quot;,&quot;hotspot_tooltip_position&quot;:&quot;no&quot;,&quot;hotspot_position&quot;:null}],&quot;tooltip_position_mobile&quot;:&quot;right&quot;,&quot;hotspot_sequenced_animation&quot;:&quot;no&quot;,&quot;tooltip_position&quot;:&quot;top&quot;,&quot;tooltip_trigger&quot;:&quot;click&quot;,&quot;tooltip_animation&quot;:&quot;e-hotspot--fade-in-out&quot;}\" data-widget_type=\"hotspot.default\">\n\t\t\t\t<div class=\"elementor-widget-container\">\n\t\t\t\t\t<img loading=\"lazy\" decoding=\"async\" width=\"550\" height=\"383\" src=\"https:\/\/staging.ordemdosfisioterapeutas.pt\/wp-content\/uploads\/2023\/06\/32_marisa-lages_CG.png\" class=\"attachment-large size-large wp-image-6112\" alt=\"\" srcset=\"https:\/\/staging.ordemdosfisioterapeutas.pt\/wp-content\/uploads\/2023\/06\/32_marisa-lages_CG.png 550w, https:\/\/staging.ordemdosfisioterapeutas.pt\/wp-content\/uploads\/2023\/06\/32_marisa-lages_CG-300x209.png 300w, https:\/\/staging.ordemdosfisioterapeutas.pt\/wp-content\/uploads\/2023\/06\/32_marisa-lages_CG-18x12.png 18w\" sizes=\"(max-width: 550px) 100vw, 550px\" \/>\n\t\t\t\t\t\t<div class=\"e-hotspot elementor-repeater-item-b629176  e-hotspot--position-left e-hotspot--position-top   e-hotspot--icon\">\n\n\t\t\t\t\t\t\t\t<div class=\"e-hotspot__button e-hotspot--expand\">\n\t\t\t\t\t\t\t\t\t\t\t\t\t\t\t\t\t\t<div class=\"e-hotspot__icon\"><i class=\"fas fa-plus-circle\"><\/i><\/div>\n\t\t\t\t\t\t\t\t\t\t\t\t\t\t\t\t\t\t\t\t\t<\/div>\n\n\t\t\t\t\t\t\t\t\t\t\t\t\t\t\t\t\t\t<div class=\"e-hotspot__tooltip  e-hotspot--tooltip-position e-hotspot--fade-in-out \" >\n\t\t\t\t\t\t<p>1. Licenciada em fisioterapia pela ESTESP em 2001, e a exercer fun\u00e7\u00f5es na ULSNE. 2. Mestre em Gest\u00e3o de servi\u00e7os de sa\u00fade pela UTAD em 2010 e Doutorada em gest\u00e3o pela UTAD em 2015.<br \/>3. Investigadora no Cetrad da Universidade de Tr\u00e1s os Montes e Alto Douro desde 2015, e professora auxiliar convidada na UTAD (curso na \u00e1rea da gest\u00e3o e economia) desde 2016 at\u00e9 2019.<br \/>4. T\u00edtulo de especialista em fisioterapia pela UA em 2021. <br \/>5. Professora adjunta convidada\/coordenadora da licenciatura em fisioterapia no IPB - ESSA desde 2022.Tendo iniciado a a doc\u00eancia na \u00e1rea da gest\u00e3o em sa\u00fade no IPB - ESSA em 2018.<br \/>6. Gestora executiva de duas empresas de sa\u00fade desde 2001<br \/>7. P\u00f3s-graduada em Executive Women's Leadership na Nova SBE Executive Education<\/p>\t\t\t\t\t<\/div>\n\t\t\t\t\t\t\t\t\t\n\t\t\t<\/div>\n\n\t\n\t\t\t\t\t\t<\/div>\n\t\t\t\t<\/div>\n\t\t\t\t<div class=\"elementor-element elementor-element-108cbfc elementor-widget elementor-widget-heading\" data-id=\"108cbfc\" data-element_type=\"widget\" data-e-type=\"widget\" data-widget_type=\"heading.default\">\n\t\t\t\t<div class=\"elementor-widget-container\">\n\t\t\t\t\t<h2 class=\"elementor-heading-title elementor-size-default\">Marisa Filipa Dos Santos Lages<\/h2>\t\t\t\t<\/div>\n\t\t\t\t<\/div>\n\t\t\t\t<div class=\"elementor-element elementor-element-12b9784 elementor-widget elementor-widget-text-editor\" data-id=\"12b9784\" data-element_type=\"widget\" data-e-type=\"widget\" data-widget_type=\"text-editor.default\">\n\t\t\t\t<div class=\"elementor-widget-container\">\n\t\t\t\t\t\t\t\t\t<p style=\"text-align: center;\">Conselheira<\/p>\t\t\t\t\t\t\t\t<\/div>\n\t\t\t\t<\/div>\n\t\t\t\t<div class=\"elementor-element elementor-element-f142abe elementor-widget elementor-widget-text-editor\" data-id=\"f142abe\" data-element_type=\"widget\" data-e-type=\"widget\" data-widget_type=\"text-editor.default\">\n\t\t\t\t<div class=\"elementor-widget-container\">\n\t\t\t\t\t\t\t\t\t<p style=\"text-align: center;\">C\u00e9dula n.\u00ba: 2966<\/p>\t\t\t\t\t\t\t\t<\/div>\n\t\t\t\t<\/div>\n\t\t\t\t\t<\/div>\n\t\t<\/div>\n\t\t\t\t\t<\/div>\n\t\t<\/section>\n\t\t\t\t\t<\/div>\n\t\t<\/div>\n\t\t\t\t<div class=\"elementor-column elementor-col-20 elementor-top-column elementor-element elementor-element-63e89b0\" data-id=\"63e89b0\" data-element_type=\"column\" data-e-type=\"column\">\n\t\t\t<div class=\"elementor-widget-wrap elementor-element-populated\">\n\t\t\t\t\t\t<section class=\"elementor-section elementor-inner-section elementor-element elementor-element-9868d41 elementor-section-boxed elementor-section-height-default elementor-section-height-default\" data-id=\"9868d41\" data-element_type=\"section\" data-e-type=\"section\">\n\t\t\t\t\t\t<div class=\"elementor-container elementor-column-gap-default\">\n\t\t\t\t\t<div class=\"elementor-column elementor-col-100 elementor-inner-column elementor-element elementor-element-db54004\" data-id=\"db54004\" data-element_type=\"column\" data-e-type=\"column\">\n\t\t\t<div class=\"elementor-widget-wrap elementor-element-populated\">\n\t\t\t\t\t\t<div class=\"elementor-element elementor-element-af7e95d elementor-widget elementor-widget-hotspot\" data-id=\"af7e95d\" data-element_type=\"widget\" data-e-type=\"widget\" data-settings=\"{&quot;hotspot&quot;:[{&quot;_id&quot;:&quot;b629176&quot;,&quot;hotspot_custom_size&quot;:&quot;&quot;,&quot;hotspot_tooltip_content&quot;:&quot;&lt;p&gt;Fisioterapeuta desde 1982, com pr\\u00e1tica clinica em institui\\u00e7\\u00f5es p\\u00fablicas (Hospitais) e em contexto de clinica privada e desporto. Docente e Investigador na Faculdade de Motricidade Humana da Universidade de Lisboa. Colabora com diversas escolas\\\/faculdades de Fisioterapia a n\\u00edvel nacional e internacional. Orientador de alunos de Doutoramento e Mestrado e revisor de revistas nacionais e internacionais.&lt;\\\/p&gt;&quot;,&quot;hotspot_offset_x&quot;:{&quot;unit&quot;:&quot;%&quot;,&quot;size&quot;:95,&quot;sizes&quot;:[]},&quot;hotspot_offset_y&quot;:{&quot;unit&quot;:&quot;%&quot;,&quot;size&quot;:95,&quot;sizes&quot;:[]},&quot;hotspot_icon&quot;:{&quot;value&quot;:&quot;fas fa-plus-circle&quot;,&quot;library&quot;:&quot;fa-solid&quot;},&quot;hotspot_label&quot;:&quot;&quot;,&quot;hotspot_link&quot;:{&quot;url&quot;:&quot;&quot;,&quot;is_external&quot;:&quot;&quot;,&quot;nofollow&quot;:&quot;&quot;,&quot;custom_attributes&quot;:&quot;&quot;},&quot;hotspot_horizontal&quot;:&quot;left&quot;,&quot;hotspot_vertical&quot;:&quot;top&quot;,&quot;hotspot_tooltip_position&quot;:&quot;no&quot;,&quot;hotspot_position&quot;:null}],&quot;tooltip_position_mobile&quot;:&quot;right&quot;,&quot;tooltip_position&quot;:&quot;right&quot;,&quot;hotspot_sequenced_animation&quot;:&quot;no&quot;,&quot;tooltip_trigger&quot;:&quot;click&quot;,&quot;tooltip_animation&quot;:&quot;e-hotspot--fade-in-out&quot;}\" data-widget_type=\"hotspot.default\">\n\t\t\t\t<div class=\"elementor-widget-container\">\n\t\t\t\t\t<img loading=\"lazy\" decoding=\"async\" width=\"550\" height=\"383\" src=\"https:\/\/staging.ordemdosfisioterapeutas.pt\/wp-content\/uploads\/2023\/06\/33_raul_oliveira_CG.png\" class=\"attachment-large size-large wp-image-6062\" alt=\"\" srcset=\"https:\/\/staging.ordemdosfisioterapeutas.pt\/wp-content\/uploads\/2023\/06\/33_raul_oliveira_CG.png 550w, https:\/\/staging.ordemdosfisioterapeutas.pt\/wp-content\/uploads\/2023\/06\/33_raul_oliveira_CG-300x209.png 300w, https:\/\/staging.ordemdosfisioterapeutas.pt\/wp-content\/uploads\/2023\/06\/33_raul_oliveira_CG-18x12.png 18w\" sizes=\"(max-width: 550px) 100vw, 550px\" \/>\n\t\t\t\t\t\t<div class=\"e-hotspot elementor-repeater-item-b629176  e-hotspot--position-left e-hotspot--position-top   e-hotspot--icon\">\n\n\t\t\t\t\t\t\t\t<div class=\"e-hotspot__button e-hotspot--expand\">\n\t\t\t\t\t\t\t\t\t\t\t\t\t\t\t\t\t\t<div class=\"e-hotspot__icon\"><i class=\"fas fa-plus-circle\"><\/i><\/div>\n\t\t\t\t\t\t\t\t\t\t\t\t\t\t\t\t\t\t\t\t\t<\/div>\n\n\t\t\t\t\t\t\t\t\t\t\t\t\t\t\t\t\t\t<div class=\"e-hotspot__tooltip  e-hotspot--tooltip-position e-hotspot--fade-in-out \" >\n\t\t\t\t\t\t<p>Fisioterapeuta desde 1982, com pr\u00e1tica clinica em institui\u00e7\u00f5es p\u00fablicas (Hospitais) e em contexto de clinica privada e desporto. Docente e Investigador na Faculdade de Motricidade Humana da Universidade de Lisboa. Colabora com diversas escolas\/faculdades de Fisioterapia a n\u00edvel nacional e internacional. Orientador de alunos de Doutoramento e Mestrado e revisor de revistas nacionais e internacionais.<\/p>\t\t\t\t\t<\/div>\n\t\t\t\t\t\t\t\t\t\n\t\t\t<\/div>\n\n\t\n\t\t\t\t\t\t<\/div>\n\t\t\t\t<\/div>\n\t\t\t\t<div class=\"elementor-element elementor-element-45edc66 elementor-widget elementor-widget-heading\" data-id=\"45edc66\" data-element_type=\"widget\" data-e-type=\"widget\" data-widget_type=\"heading.default\">\n\t\t\t\t<div class=\"elementor-widget-container\">\n\t\t\t\t\t<h2 class=\"elementor-heading-title elementor-size-default\">Raul Oliveira<\/h2>\t\t\t\t<\/div>\n\t\t\t\t<\/div>\n\t\t\t\t<div class=\"elementor-element elementor-element-710eaf3 elementor-widget elementor-widget-text-editor\" data-id=\"710eaf3\" data-element_type=\"widget\" data-e-type=\"widget\" data-widget_type=\"text-editor.default\">\n\t\t\t\t<div class=\"elementor-widget-container\">\n\t\t\t\t\t\t\t\t\t<p style=\"text-align: center;\">Conselheiro<\/p>\t\t\t\t\t\t\t\t<\/div>\n\t\t\t\t<\/div>\n\t\t\t\t<div class=\"elementor-element elementor-element-7ab0489 elementor-widget elementor-widget-text-editor\" data-id=\"7ab0489\" data-element_type=\"widget\" data-e-type=\"widget\" data-widget_type=\"text-editor.default\">\n\t\t\t\t<div class=\"elementor-widget-container\">\n\t\t\t\t\t\t\t\t\t<p style=\"text-align: center;\">C\u00e9dula n.\u00ba: 349<\/p>\t\t\t\t\t\t\t\t<\/div>\n\t\t\t\t<\/div>\n\t\t\t\t\t<\/div>\n\t\t<\/div>\n\t\t\t\t\t<\/div>\n\t\t<\/section>\n\t\t\t\t\t<\/div>\n\t\t<\/div>\n\t\t\t\t\t<\/div>\n\t\t<\/section>\n\t\t\t\t<section class=\"elementor-section elementor-top-section elementor-element elementor-element-2062a63 elementor-section-boxed elementor-section-height-default elementor-section-height-default\" data-id=\"2062a63\" data-element_type=\"section\" data-e-type=\"section\">\n\t\t\t\t\t\t<div class=\"elementor-container elementor-column-gap-default\">\n\t\t\t\t\t<div class=\"elementor-column elementor-col-20 elementor-top-column elementor-element elementor-element-491eedd\" data-id=\"491eedd\" data-element_type=\"column\" data-e-type=\"column\">\n\t\t\t<div class=\"elementor-widget-wrap elementor-element-populated\">\n\t\t\t\t\t\t<section class=\"elementor-section elementor-inner-section elementor-element elementor-element-007fdcd elementor-section-boxed elementor-section-height-default elementor-section-height-default\" data-id=\"007fdcd\" data-element_type=\"section\" data-e-type=\"section\">\n\t\t\t\t\t\t<div class=\"elementor-container elementor-column-gap-default\">\n\t\t\t\t\t<div class=\"elementor-column elementor-col-100 elementor-inner-column elementor-element elementor-element-4bb3360\" data-id=\"4bb3360\" data-element_type=\"column\" data-e-type=\"column\">\n\t\t\t<div class=\"elementor-widget-wrap elementor-element-populated\">\n\t\t\t\t\t\t<div class=\"elementor-element elementor-element-cf32210 elementor-widget elementor-widget-hotspot\" data-id=\"cf32210\" data-element_type=\"widget\" data-e-type=\"widget\" data-settings=\"{&quot;hotspot&quot;:[{&quot;_id&quot;:&quot;b629176&quot;,&quot;hotspot_custom_size&quot;:&quot;&quot;,&quot;hotspot_tooltip_content&quot;:&quot;&lt;p&gt;Fisioterapeuta desde 2007 pela Escola Superior de Sa\\u00fade Vale do Ave. Especialista na \\u00e1rea cient\\u00edfica de Terapia e Reabilita\\u00e7\\u00e3o - Fisioterapia ao abrigo do Decreto-Lei n.\\u00ba 206\\\/2009, de 31 de Agosto. Mestre em Fisioterapia (Reabilita\\u00e7\\u00e3o Neurol\\u00f3gica pela ESSA\\\/ UCP) e Doutoranda em Fisioterapia na FADEUP. &lt;br \\\/&gt;Entusiasta pelas Neuroci\\u00eancias e Reabilita\\u00e7\\u00e3o Neurol\\u00f3gica, exerce fun\\u00e7\\u00f5es de docente no Departamento de Fisioterapia da Escola Superior de Sa\\u00fade Vale do Ave e pr\\u00e1tica cl\\u00ednica em contexto privado, exclusivamente na \\u00e1rea da fisioterapia neurofuncional.&lt;\\\/p&gt;&quot;,&quot;hotspot_offset_x&quot;:{&quot;unit&quot;:&quot;%&quot;,&quot;size&quot;:95,&quot;sizes&quot;:[]},&quot;hotspot_offset_y&quot;:{&quot;unit&quot;:&quot;%&quot;,&quot;size&quot;:95,&quot;sizes&quot;:[]},&quot;hotspot_icon&quot;:{&quot;value&quot;:&quot;fas fa-plus-circle&quot;,&quot;library&quot;:&quot;fa-solid&quot;},&quot;hotspot_label&quot;:&quot;&quot;,&quot;hotspot_link&quot;:{&quot;url&quot;:&quot;&quot;,&quot;is_external&quot;:&quot;&quot;,&quot;nofollow&quot;:&quot;&quot;,&quot;custom_attributes&quot;:&quot;&quot;},&quot;hotspot_horizontal&quot;:&quot;left&quot;,&quot;hotspot_vertical&quot;:&quot;top&quot;,&quot;hotspot_tooltip_position&quot;:&quot;no&quot;,&quot;hotspot_position&quot;:null}],&quot;tooltip_position_mobile&quot;:&quot;right&quot;,&quot;hotspot_sequenced_animation&quot;:&quot;no&quot;,&quot;tooltip_position&quot;:&quot;top&quot;,&quot;tooltip_trigger&quot;:&quot;click&quot;,&quot;tooltip_animation&quot;:&quot;e-hotspot--fade-in-out&quot;}\" data-widget_type=\"hotspot.default\">\n\t\t\t\t<div class=\"elementor-widget-container\">\n\t\t\t\t\t<img loading=\"lazy\" decoding=\"async\" width=\"550\" height=\"383\" src=\"https:\/\/staging.ordemdosfisioterapeutas.pt\/wp-content\/uploads\/2023\/06\/34_marta_freitas_CG.png\" class=\"attachment-large size-large wp-image-6087\" alt=\"\" srcset=\"https:\/\/staging.ordemdosfisioterapeutas.pt\/wp-content\/uploads\/2023\/06\/34_marta_freitas_CG.png 550w, https:\/\/staging.ordemdosfisioterapeutas.pt\/wp-content\/uploads\/2023\/06\/34_marta_freitas_CG-300x209.png 300w, https:\/\/staging.ordemdosfisioterapeutas.pt\/wp-content\/uploads\/2023\/06\/34_marta_freitas_CG-18x12.png 18w\" sizes=\"(max-width: 550px) 100vw, 550px\" \/>\n\t\t\t\t\t\t<div class=\"e-hotspot elementor-repeater-item-b629176  e-hotspot--position-left e-hotspot--position-top   e-hotspot--icon\">\n\n\t\t\t\t\t\t\t\t<div class=\"e-hotspot__button e-hotspot--expand\">\n\t\t\t\t\t\t\t\t\t\t\t\t\t\t\t\t\t\t<div class=\"e-hotspot__icon\"><i class=\"fas fa-plus-circle\"><\/i><\/div>\n\t\t\t\t\t\t\t\t\t\t\t\t\t\t\t\t\t\t\t\t\t<\/div>\n\n\t\t\t\t\t\t\t\t\t\t\t\t\t\t\t\t\t\t<div class=\"e-hotspot__tooltip  e-hotspot--tooltip-position e-hotspot--fade-in-out \" >\n\t\t\t\t\t\t<p>Fisioterapeuta desde 2007 pela Escola Superior de Sa\u00fade Vale do Ave. Especialista na \u00e1rea cient\u00edfica de Terapia e Reabilita\u00e7\u00e3o - Fisioterapia ao abrigo do Decreto-Lei n.\u00ba 206\/2009, de 31 de Agosto. Mestre em Fisioterapia (Reabilita\u00e7\u00e3o Neurol\u00f3gica pela ESSA\/ UCP) e Doutoranda em Fisioterapia na FADEUP. <br \/>Entusiasta pelas Neuroci\u00eancias e Reabilita\u00e7\u00e3o Neurol\u00f3gica, exerce fun\u00e7\u00f5es de docente no Departamento de Fisioterapia da Escola Superior de Sa\u00fade Vale do Ave e pr\u00e1tica cl\u00ednica em contexto privado, exclusivamente na \u00e1rea da fisioterapia neurofuncional.<\/p>\t\t\t\t\t<\/div>\n\t\t\t\t\t\t\t\t\t\n\t\t\t<\/div>\n\n\t\n\t\t\t\t\t\t<\/div>\n\t\t\t\t<\/div>\n\t\t\t\t<div class=\"elementor-element elementor-element-0411030 elementor-widget elementor-widget-heading\" data-id=\"0411030\" data-element_type=\"widget\" data-e-type=\"widget\" data-widget_type=\"heading.default\">\n\t\t\t\t<div class=\"elementor-widget-container\">\n\t\t\t\t\t<h2 class=\"elementor-heading-title elementor-size-default\">Marta Freitas<\/h2>\t\t\t\t<\/div>\n\t\t\t\t<\/div>\n\t\t\t\t<div class=\"elementor-element elementor-element-1236f9b elementor-widget elementor-widget-text-editor\" data-id=\"1236f9b\" data-element_type=\"widget\" data-e-type=\"widget\" data-widget_type=\"text-editor.default\">\n\t\t\t\t<div class=\"elementor-widget-container\">\n\t\t\t\t\t\t\t\t\t<p style=\"text-align: center;\">Conselheira<\/p>\t\t\t\t\t\t\t\t<\/div>\n\t\t\t\t<\/div>\n\t\t\t\t<div class=\"elementor-element elementor-element-facaefd elementor-widget elementor-widget-text-editor\" data-id=\"facaefd\" data-element_type=\"widget\" data-e-type=\"widget\" data-widget_type=\"text-editor.default\">\n\t\t\t\t<div class=\"elementor-widget-container\">\n\t\t\t\t\t\t\t\t\t<p style=\"text-align: center;\">C\u00e9dula n.\u00ba: 106<\/p>\t\t\t\t\t\t\t\t<\/div>\n\t\t\t\t<\/div>\n\t\t\t\t\t<\/div>\n\t\t<\/div>\n\t\t\t\t\t<\/div>\n\t\t<\/section>\n\t\t\t\t\t<\/div>\n\t\t<\/div>\n\t\t\t\t<div class=\"elementor-column elementor-col-20 elementor-top-column elementor-element elementor-element-457fd55\" data-id=\"457fd55\" data-element_type=\"column\" data-e-type=\"column\">\n\t\t\t<div class=\"elementor-widget-wrap elementor-element-populated\">\n\t\t\t\t\t\t<section class=\"elementor-section elementor-inner-section elementor-element elementor-element-ee75e4a elementor-section-boxed elementor-section-height-default elementor-section-height-default\" data-id=\"ee75e4a\" data-element_type=\"section\" data-e-type=\"section\">\n\t\t\t\t\t\t<div class=\"elementor-container elementor-column-gap-default\">\n\t\t\t\t\t<div class=\"elementor-column elementor-col-100 elementor-inner-column elementor-element elementor-element-4a627fc\" data-id=\"4a627fc\" data-element_type=\"column\" data-e-type=\"column\">\n\t\t\t<div class=\"elementor-widget-wrap elementor-element-populated\">\n\t\t\t\t\t\t<div class=\"elementor-element elementor-element-d6aa82e elementor-widget elementor-widget-hotspot\" data-id=\"d6aa82e\" data-element_type=\"widget\" data-e-type=\"widget\" data-settings=\"{&quot;hotspot&quot;:[{&quot;_id&quot;:&quot;b629176&quot;,&quot;hotspot_custom_size&quot;:&quot;&quot;,&quot;hotspot_tooltip_content&quot;:&quot;&lt;p style=\\&quot;font-weight: 400;\\&quot;&gt;&lt;em&gt;Fisioterapeuta desde 1996. Licenciatura em Fisioterapia pela Escola Superior de Sa\\u00fade - Polit\\u00e9cnico do Porto. Mestrado e Doutoramento pela Universidade do Porto.&lt;\\\/em&gt;&lt;\\\/p&gt;&lt;p style=\\&quot;font-weight: 400;\\&quot;&gt;&lt;em&gt;Fisioterapeuta do Centro Hospitalar Universit\\u00e1rio de S\\u00e3o Jo\\u00e3o. Professor Adjunto da Escola Superior Fernando Pessoa e Coordenador do Mestrado em Fisioterapia Materno-Infantil.&lt;\\\/em&gt;&lt;\\\/p&gt;&lt;p style=\\&quot;font-weight: 400;\\&quot;&gt;&lt;em&gt;\\u00c1reas de especializa\\u00e7\\u00e3o em Fisioterapia do Pavimento P\\u00e9lvico e Fisioterapia Respirat\\u00f3ria. Investiga\\u00e7\\u00e3o em Disfun\\u00e7\\u00f5es Uroginecol\\u00f3gicas, Disfun\\u00e7\\u00f5es Respirat\\u00f3rias, Exerc\\u00edcio e Biomec\\u00e2nica.&lt;\\\/em&gt;&lt;\\\/p&gt;&quot;,&quot;hotspot_offset_x&quot;:{&quot;unit&quot;:&quot;%&quot;,&quot;size&quot;:95,&quot;sizes&quot;:[]},&quot;hotspot_offset_y&quot;:{&quot;unit&quot;:&quot;%&quot;,&quot;size&quot;:95,&quot;sizes&quot;:[]},&quot;hotspot_icon&quot;:{&quot;value&quot;:&quot;fas fa-plus-circle&quot;,&quot;library&quot;:&quot;fa-solid&quot;},&quot;hotspot_label&quot;:&quot;&quot;,&quot;hotspot_link&quot;:{&quot;url&quot;:&quot;&quot;,&quot;is_external&quot;:&quot;&quot;,&quot;nofollow&quot;:&quot;&quot;,&quot;custom_attributes&quot;:&quot;&quot;},&quot;hotspot_horizontal&quot;:&quot;left&quot;,&quot;hotspot_vertical&quot;:&quot;top&quot;,&quot;hotspot_tooltip_position&quot;:&quot;no&quot;,&quot;hotspot_position&quot;:null}],&quot;tooltip_position_mobile&quot;:&quot;right&quot;,&quot;hotspot_sequenced_animation&quot;:&quot;no&quot;,&quot;tooltip_position&quot;:&quot;top&quot;,&quot;tooltip_trigger&quot;:&quot;click&quot;,&quot;tooltip_animation&quot;:&quot;e-hotspot--fade-in-out&quot;}\" data-widget_type=\"hotspot.default\">\n\t\t\t\t<div class=\"elementor-widget-container\">\n\t\t\t\t\t<img loading=\"lazy\" decoding=\"async\" width=\"550\" height=\"383\" src=\"https:\/\/staging.ordemdosfisioterapeutas.pt\/wp-content\/uploads\/2023\/06\/35_rui_antunes_viana_CG.png\" class=\"attachment-large size-large wp-image-6088\" alt=\"\" srcset=\"https:\/\/staging.ordemdosfisioterapeutas.pt\/wp-content\/uploads\/2023\/06\/35_rui_antunes_viana_CG.png 550w, https:\/\/staging.ordemdosfisioterapeutas.pt\/wp-content\/uploads\/2023\/06\/35_rui_antunes_viana_CG-300x209.png 300w, https:\/\/staging.ordemdosfisioterapeutas.pt\/wp-content\/uploads\/2023\/06\/35_rui_antunes_viana_CG-18x12.png 18w\" sizes=\"(max-width: 550px) 100vw, 550px\" \/>\n\t\t\t\t\t\t<div class=\"e-hotspot elementor-repeater-item-b629176  e-hotspot--position-left e-hotspot--position-top   e-hotspot--icon\">\n\n\t\t\t\t\t\t\t\t<div class=\"e-hotspot__button e-hotspot--expand\">\n\t\t\t\t\t\t\t\t\t\t\t\t\t\t\t\t\t\t<div class=\"e-hotspot__icon\"><i class=\"fas fa-plus-circle\"><\/i><\/div>\n\t\t\t\t\t\t\t\t\t\t\t\t\t\t\t\t\t\t\t\t\t<\/div>\n\n\t\t\t\t\t\t\t\t\t\t\t\t\t\t\t\t\t\t<div class=\"e-hotspot__tooltip  e-hotspot--tooltip-position e-hotspot--fade-in-out \" >\n\t\t\t\t\t\t<p style=\"font-weight: 400;\"><em>Fisioterapeuta desde 1996. Licenciatura em Fisioterapia pela Escola Superior de Sa\u00fade - Polit\u00e9cnico do Porto. Mestrado e Doutoramento pela Universidade do Porto.<\/em><\/p><p style=\"font-weight: 400;\"><em>Fisioterapeuta do Centro Hospitalar Universit\u00e1rio de S\u00e3o Jo\u00e3o. Professor Adjunto da Escola Superior Fernando Pessoa e Coordenador do Mestrado em Fisioterapia Materno-Infantil.<\/em><\/p><p style=\"font-weight: 400;\"><em>\u00c1reas de especializa\u00e7\u00e3o em Fisioterapia do Pavimento P\u00e9lvico e Fisioterapia Respirat\u00f3ria. Investiga\u00e7\u00e3o em Disfun\u00e7\u00f5es Uroginecol\u00f3gicas, Disfun\u00e7\u00f5es Respirat\u00f3rias, Exerc\u00edcio e Biomec\u00e2nica.<\/em><\/p>\t\t\t\t\t<\/div>\n\t\t\t\t\t\t\t\t\t\n\t\t\t<\/div>\n\n\t\n\t\t\t\t\t\t<\/div>\n\t\t\t\t<\/div>\n\t\t\t\t<div class=\"elementor-element elementor-element-ce53eea elementor-widget elementor-widget-heading\" data-id=\"ce53eea\" data-element_type=\"widget\" data-e-type=\"widget\" data-widget_type=\"heading.default\">\n\t\t\t\t<div class=\"elementor-widget-container\">\n\t\t\t\t\t<h2 class=\"elementor-heading-title elementor-size-default\">Rui Antunes Viana<\/h2>\t\t\t\t<\/div>\n\t\t\t\t<\/div>\n\t\t\t\t<div class=\"elementor-element elementor-element-3f18084 elementor-widget elementor-widget-text-editor\" data-id=\"3f18084\" data-element_type=\"widget\" data-e-type=\"widget\" data-widget_type=\"text-editor.default\">\n\t\t\t\t<div class=\"elementor-widget-container\">\n\t\t\t\t\t\t\t\t\t<p style=\"text-align: center;\">Conselheiro<\/p>\t\t\t\t\t\t\t\t<\/div>\n\t\t\t\t<\/div>\n\t\t\t\t<div class=\"elementor-element elementor-element-8382bae elementor-widget elementor-widget-text-editor\" data-id=\"8382bae\" data-element_type=\"widget\" data-e-type=\"widget\" data-widget_type=\"text-editor.default\">\n\t\t\t\t<div class=\"elementor-widget-container\">\n\t\t\t\t\t\t\t\t\t<p style=\"text-align: center;\">C\u00e9dula n.\u00ba: 1956<\/p>\t\t\t\t\t\t\t\t<\/div>\n\t\t\t\t<\/div>\n\t\t\t\t\t<\/div>\n\t\t<\/div>\n\t\t\t\t\t<\/div>\n\t\t<\/section>\n\t\t\t\t\t<\/div>\n\t\t<\/div>\n\t\t\t\t<div class=\"elementor-column elementor-col-20 elementor-top-column elementor-element elementor-element-fb08c68\" data-id=\"fb08c68\" data-element_type=\"column\" data-e-type=\"column\">\n\t\t\t<div class=\"elementor-widget-wrap elementor-element-populated\">\n\t\t\t\t\t\t<section class=\"elementor-section elementor-inner-section elementor-element elementor-element-4490127 elementor-section-boxed elementor-section-height-default elementor-section-height-default\" data-id=\"4490127\" data-element_type=\"section\" data-e-type=\"section\">\n\t\t\t\t\t\t<div class=\"elementor-container elementor-column-gap-default\">\n\t\t\t\t\t<div class=\"elementor-column elementor-col-100 elementor-inner-column elementor-element elementor-element-53ce3bd\" data-id=\"53ce3bd\" data-element_type=\"column\" data-e-type=\"column\">\n\t\t\t<div class=\"elementor-widget-wrap elementor-element-populated\">\n\t\t\t\t\t\t<div class=\"elementor-element elementor-element-85dfc12 elementor-widget elementor-widget-hotspot\" data-id=\"85dfc12\" data-element_type=\"widget\" data-e-type=\"widget\" data-settings=\"{&quot;hotspot&quot;:[{&quot;_id&quot;:&quot;b629176&quot;,&quot;hotspot_custom_size&quot;:&quot;&quot;,&quot;hotspot_tooltip_content&quot;:&quot;&lt;p&gt;Licenciatura em Fisioterapia, ESSAlcoit\\u00e3o (2003-2007) . Mestrado em Fisioterapia, ramo de especializa\\u00e7\\u00e3o em M\\u00fasculo-Esquel\\u00e9tica, ESS-IPSet\\u00fabal e Nova Medical School (2009-2012) . P\\u00f3s-gradua\\u00e7\\u00e3o em Gest\\u00e3o na Sa\\u00fade, NOVA School of Business and Economics (2021-2022) . Fundador e Director Cl\\u00ednico - Cl\\u00ednica Neurodor (2015-presente) . Docente do Ensino Superior (P\\u00f3s-Gradua\\u00e7\\u00f5es e Mestrados em&lt;br \\\/&gt;Fisioterapia) e Consultor em Sa\\u00fade (2007-presente)&lt;\\\/p&gt;&quot;,&quot;hotspot_offset_x&quot;:{&quot;unit&quot;:&quot;%&quot;,&quot;size&quot;:95,&quot;sizes&quot;:[]},&quot;hotspot_offset_y&quot;:{&quot;unit&quot;:&quot;%&quot;,&quot;size&quot;:95,&quot;sizes&quot;:[]},&quot;hotspot_icon&quot;:{&quot;value&quot;:&quot;fas fa-plus-circle&quot;,&quot;library&quot;:&quot;fa-solid&quot;},&quot;hotspot_label&quot;:&quot;&quot;,&quot;hotspot_link&quot;:{&quot;url&quot;:&quot;&quot;,&quot;is_external&quot;:&quot;&quot;,&quot;nofollow&quot;:&quot;&quot;,&quot;custom_attributes&quot;:&quot;&quot;},&quot;hotspot_horizontal&quot;:&quot;left&quot;,&quot;hotspot_vertical&quot;:&quot;top&quot;,&quot;hotspot_tooltip_position&quot;:&quot;no&quot;,&quot;hotspot_position&quot;:null}],&quot;hotspot_sequenced_animation&quot;:&quot;no&quot;,&quot;tooltip_position&quot;:&quot;top&quot;,&quot;tooltip_trigger&quot;:&quot;click&quot;,&quot;tooltip_animation&quot;:&quot;e-hotspot--fade-in-out&quot;}\" data-widget_type=\"hotspot.default\">\n\t\t\t\t<div class=\"elementor-widget-container\">\n\t\t\t\t\t<img loading=\"lazy\" decoding=\"async\" width=\"550\" height=\"383\" src=\"https:\/\/staging.ordemdosfisioterapeutas.pt\/wp-content\/uploads\/2023\/06\/36_tiago-freitas_CG.png\" class=\"attachment-large size-large wp-image-6129\" alt=\"\" srcset=\"https:\/\/staging.ordemdosfisioterapeutas.pt\/wp-content\/uploads\/2023\/06\/36_tiago-freitas_CG.png 550w, https:\/\/staging.ordemdosfisioterapeutas.pt\/wp-content\/uploads\/2023\/06\/36_tiago-freitas_CG-300x209.png 300w, https:\/\/staging.ordemdosfisioterapeutas.pt\/wp-content\/uploads\/2023\/06\/36_tiago-freitas_CG-18x12.png 18w\" sizes=\"(max-width: 550px) 100vw, 550px\" \/>\n\t\t\t\t\t\t<div class=\"e-hotspot elementor-repeater-item-b629176  e-hotspot--position-left e-hotspot--position-top   e-hotspot--icon\">\n\n\t\t\t\t\t\t\t\t<div class=\"e-hotspot__button e-hotspot--expand\">\n\t\t\t\t\t\t\t\t\t\t\t\t\t\t\t\t\t\t<div class=\"e-hotspot__icon\"><i class=\"fas fa-plus-circle\"><\/i><\/div>\n\t\t\t\t\t\t\t\t\t\t\t\t\t\t\t\t\t\t\t\t\t<\/div>\n\n\t\t\t\t\t\t\t\t\t\t\t\t\t\t\t\t\t\t<div class=\"e-hotspot__tooltip  e-hotspot--tooltip-position e-hotspot--fade-in-out \" >\n\t\t\t\t\t\t<p>Licenciatura em Fisioterapia, ESSAlcoit\u00e3o (2003-2007) . Mestrado em Fisioterapia, ramo de especializa\u00e7\u00e3o em M\u00fasculo-Esquel\u00e9tica, ESS-IPSet\u00fabal e Nova Medical School (2009-2012) . P\u00f3s-gradua\u00e7\u00e3o em Gest\u00e3o na Sa\u00fade, NOVA School of Business and Economics (2021-2022) . Fundador e Director Cl\u00ednico - Cl\u00ednica Neurodor (2015-presente) . Docente do Ensino Superior (P\u00f3s-Gradua\u00e7\u00f5es e Mestrados em<br \/>Fisioterapia) e Consultor em Sa\u00fade (2007-presente)<\/p>\t\t\t\t\t<\/div>\n\t\t\t\t\t\t\t\t\t\n\t\t\t<\/div>\n\n\t\n\t\t\t\t\t\t<\/div>\n\t\t\t\t<\/div>\n\t\t\t\t<div class=\"elementor-element elementor-element-4a2c8f3 elementor-widget elementor-widget-heading\" data-id=\"4a2c8f3\" data-element_type=\"widget\" data-e-type=\"widget\" data-widget_type=\"heading.default\">\n\t\t\t\t<div class=\"elementor-widget-container\">\n\t\t\t\t\t<h2 class=\"elementor-heading-title elementor-size-default\">Tiago Freitas<\/h2>\t\t\t\t<\/div>\n\t\t\t\t<\/div>\n\t\t\t\t<div class=\"elementor-element elementor-element-e28a785 elementor-widget elementor-widget-text-editor\" data-id=\"e28a785\" data-element_type=\"widget\" data-e-type=\"widget\" data-widget_type=\"text-editor.default\">\n\t\t\t\t<div class=\"elementor-widget-container\">\n\t\t\t\t\t\t\t\t\t<p style=\"text-align: center;\">Conselheiro<\/p>\t\t\t\t\t\t\t\t<\/div>\n\t\t\t\t<\/div>\n\t\t\t\t<div class=\"elementor-element elementor-element-26bb611 elementor-widget elementor-widget-text-editor\" data-id=\"26bb611\" data-element_type=\"widget\" data-e-type=\"widget\" data-widget_type=\"text-editor.default\">\n\t\t\t\t<div class=\"elementor-widget-container\">\n\t\t\t\t\t\t\t\t\t<p style=\"text-align: center;\">C\u00e9dula n.\u00ba: 1527<\/p>\t\t\t\t\t\t\t\t<\/div>\n\t\t\t\t<\/div>\n\t\t\t\t\t<\/div>\n\t\t<\/div>\n\t\t\t\t\t<\/div>\n\t\t<\/section>\n\t\t\t\t\t<\/div>\n\t\t<\/div>\n\t\t\t\t<div class=\"elementor-column elementor-col-20 elementor-top-column elementor-element elementor-element-59bf113\" data-id=\"59bf113\" data-element_type=\"column\" data-e-type=\"column\">\n\t\t\t<div class=\"elementor-widget-wrap elementor-element-populated\">\n\t\t\t\t\t\t<section class=\"elementor-section elementor-inner-section elementor-element elementor-element-e428e93 elementor-section-boxed elementor-section-height-default elementor-section-height-default\" data-id=\"e428e93\" data-element_type=\"section\" data-e-type=\"section\">\n\t\t\t\t\t\t<div class=\"elementor-container elementor-column-gap-default\">\n\t\t\t\t\t<div class=\"elementor-column elementor-col-100 elementor-inner-column elementor-element elementor-element-d65f88d\" data-id=\"d65f88d\" data-element_type=\"column\" data-e-type=\"column\">\n\t\t\t<div class=\"elementor-widget-wrap elementor-element-populated\">\n\t\t\t\t\t\t<div class=\"elementor-element elementor-element-6232faa elementor-widget elementor-widget-hotspot\" data-id=\"6232faa\" data-element_type=\"widget\" data-e-type=\"widget\" data-settings=\"{&quot;hotspot&quot;:[{&quot;_id&quot;:&quot;b629176&quot;,&quot;hotspot_custom_size&quot;:&quot;&quot;,&quot;hotspot_tooltip_content&quot;:&quot;&lt;p&gt;Licenciatura em Fisioterapia pela ESTSCoimbra em 2002 Pr\\u00e1tica cl\\u00ednica exclusiva na \\u00e1rea da disfun\\u00e7\\u00e3o temporomandibular, dor orofacial e apneia obstrutiva do sono Formador na \\u00e1rea da disfun\\u00e7\\u00e3o temporomandibular Presidente da Assembleia Geral e s\\u00f3cio fundador da Sociedade Portuguesa de Disfun\\u00e7\\u00e3o Temporomandibular, Dor Orofacial e Sono&lt;\\\/p&gt;&quot;,&quot;hotspot_offset_x&quot;:{&quot;unit&quot;:&quot;%&quot;,&quot;size&quot;:95,&quot;sizes&quot;:[]},&quot;hotspot_offset_y&quot;:{&quot;unit&quot;:&quot;%&quot;,&quot;size&quot;:95,&quot;sizes&quot;:[]},&quot;hotspot_icon&quot;:{&quot;value&quot;:&quot;fas fa-plus-circle&quot;,&quot;library&quot;:&quot;fa-solid&quot;},&quot;hotspot_label&quot;:&quot;&quot;,&quot;hotspot_link&quot;:{&quot;url&quot;:&quot;&quot;,&quot;is_external&quot;:&quot;&quot;,&quot;nofollow&quot;:&quot;&quot;,&quot;custom_attributes&quot;:&quot;&quot;},&quot;hotspot_horizontal&quot;:&quot;left&quot;,&quot;hotspot_vertical&quot;:&quot;top&quot;,&quot;hotspot_tooltip_position&quot;:&quot;no&quot;,&quot;hotspot_position&quot;:null}],&quot;tooltip_position_mobile&quot;:&quot;right&quot;,&quot;hotspot_sequenced_animation&quot;:&quot;no&quot;,&quot;tooltip_position&quot;:&quot;top&quot;,&quot;tooltip_trigger&quot;:&quot;click&quot;,&quot;tooltip_animation&quot;:&quot;e-hotspot--fade-in-out&quot;}\" data-widget_type=\"hotspot.default\">\n\t\t\t\t<div class=\"elementor-widget-container\">\n\t\t\t\t\t<img loading=\"lazy\" decoding=\"async\" width=\"550\" height=\"383\" src=\"https:\/\/staging.ordemdosfisioterapeutas.pt\/wp-content\/uploads\/2023\/06\/37_tiago_oliveira_CG.png\" class=\"attachment-large size-large wp-image-6089\" alt=\"\" srcset=\"https:\/\/staging.ordemdosfisioterapeutas.pt\/wp-content\/uploads\/2023\/06\/37_tiago_oliveira_CG.png 550w, https:\/\/staging.ordemdosfisioterapeutas.pt\/wp-content\/uploads\/2023\/06\/37_tiago_oliveira_CG-300x209.png 300w, https:\/\/staging.ordemdosfisioterapeutas.pt\/wp-content\/uploads\/2023\/06\/37_tiago_oliveira_CG-18x12.png 18w\" sizes=\"(max-width: 550px) 100vw, 550px\" \/>\n\t\t\t\t\t\t<div class=\"e-hotspot elementor-repeater-item-b629176  e-hotspot--position-left e-hotspot--position-top   e-hotspot--icon\">\n\n\t\t\t\t\t\t\t\t<div class=\"e-hotspot__button e-hotspot--expand\">\n\t\t\t\t\t\t\t\t\t\t\t\t\t\t\t\t\t\t<div class=\"e-hotspot__icon\"><i class=\"fas fa-plus-circle\"><\/i><\/div>\n\t\t\t\t\t\t\t\t\t\t\t\t\t\t\t\t\t\t\t\t\t<\/div>\n\n\t\t\t\t\t\t\t\t\t\t\t\t\t\t\t\t\t\t<div class=\"e-hotspot__tooltip  e-hotspot--tooltip-position e-hotspot--fade-in-out \" >\n\t\t\t\t\t\t<p>Licenciatura em Fisioterapia pela ESTSCoimbra em 2002 Pr\u00e1tica cl\u00ednica exclusiva na \u00e1rea da disfun\u00e7\u00e3o temporomandibular, dor orofacial e apneia obstrutiva do sono Formador na \u00e1rea da disfun\u00e7\u00e3o temporomandibular Presidente da Assembleia Geral e s\u00f3cio fundador da Sociedade Portuguesa de Disfun\u00e7\u00e3o Temporomandibular, Dor Orofacial e Sono<\/p>\t\t\t\t\t<\/div>\n\t\t\t\t\t\t\t\t\t\n\t\t\t<\/div>\n\n\t\n\t\t\t\t\t\t<\/div>\n\t\t\t\t<\/div>\n\t\t\t\t<div class=\"elementor-element elementor-element-212f8d2 elementor-widget elementor-widget-heading\" data-id=\"212f8d2\" data-element_type=\"widget\" data-e-type=\"widget\" data-widget_type=\"heading.default\">\n\t\t\t\t<div class=\"elementor-widget-container\">\n\t\t\t\t\t<h2 class=\"elementor-heading-title elementor-size-default\">Tiago Oliveira<\/h2>\t\t\t\t<\/div>\n\t\t\t\t<\/div>\n\t\t\t\t<div class=\"elementor-element elementor-element-946083a elementor-widget elementor-widget-text-editor\" data-id=\"946083a\" data-element_type=\"widget\" data-e-type=\"widget\" data-widget_type=\"text-editor.default\">\n\t\t\t\t<div class=\"elementor-widget-container\">\n\t\t\t\t\t\t\t\t\t<p style=\"text-align: center;\">Conselheiro<\/p>\t\t\t\t\t\t\t\t<\/div>\n\t\t\t\t<\/div>\n\t\t\t\t<div class=\"elementor-element elementor-element-c65a62e elementor-widget elementor-widget-text-editor\" data-id=\"c65a62e\" data-element_type=\"widget\" data-e-type=\"widget\" data-widget_type=\"text-editor.default\">\n\t\t\t\t<div class=\"elementor-widget-container\">\n\t\t\t\t\t\t\t\t\t<p style=\"text-align: center;\">C\u00e9dula n.\u00ba: 865<\/p>\t\t\t\t\t\t\t\t<\/div>\n\t\t\t\t<\/div>\n\t\t\t\t\t<\/div>\n\t\t<\/div>\n\t\t\t\t\t<\/div>\n\t\t<\/section>\n\t\t\t\t\t<\/div>\n\t\t<\/div>\n\t\t\t\t<div class=\"elementor-column elementor-col-20 elementor-top-column elementor-element elementor-element-2fb9726\" data-id=\"2fb9726\" data-element_type=\"column\" data-e-type=\"column\">\n\t\t\t<div class=\"elementor-widget-wrap elementor-element-populated\">\n\t\t\t\t\t\t<section class=\"elementor-section elementor-inner-section elementor-element elementor-element-3109f7b elementor-section-boxed elementor-section-height-default elementor-section-height-default\" data-id=\"3109f7b\" data-element_type=\"section\" data-e-type=\"section\">\n\t\t\t\t\t\t<div class=\"elementor-container elementor-column-gap-default\">\n\t\t\t\t\t<div class=\"elementor-column elementor-col-100 elementor-inner-column elementor-element elementor-element-9380211\" data-id=\"9380211\" data-element_type=\"column\" data-e-type=\"column\">\n\t\t\t<div class=\"elementor-widget-wrap elementor-element-populated\">\n\t\t\t\t\t\t<div class=\"elementor-element elementor-element-0f3cc95 elementor-widget elementor-widget-hotspot\" data-id=\"0f3cc95\" data-element_type=\"widget\" data-e-type=\"widget\" data-settings=\"{&quot;hotspot&quot;:[{&quot;_id&quot;:&quot;b629176&quot;,&quot;hotspot_custom_size&quot;:&quot;&quot;,&quot;hotspot_tooltip_content&quot;:&quot;&lt;p&gt;Sou Fisioterapeuta h\\u00e1 18 anos. Trabalho no Centro Hospitalar de Tr\\u00e1s-os_Montes e Alto Douro - Vila Real. Tenho mestrado em fisioterapia, Doutoramento em ci\\u00eancis do desporto, T\\u00edtulo de Especialista em Fisioterapia, P\\u00f3s-Gradua\\u00e7\\u00e3o em Gest\\u00e3o de Recuros Humanos, P\\u00f3s-Gradua\\u00e7\\u00e3o em Administra\\u00e7\\u00e3o e Gest\\u00e3o de Unidades de Sa\\u00fade e ainda a frequentar P\\u00f3s-Gradua\\u00e7\\u00e3o em Inova\\u00e7\\u00e3o, Gest\\u00e3o da Qualidade e Auditoria em sa\\u00fade. &lt;br \\\/&gt;Colaboro, como docente do Ensino Superior, com o Instituto Polit\\u00e9cnico de Bragan\\u00e7a, com o Instituto Jean Piaget Viseu e com a Universidade de Tr\\u00e1s-os-Montes e Alto Douro.&lt;\\\/p&gt;&quot;,&quot;hotspot_offset_x&quot;:{&quot;unit&quot;:&quot;%&quot;,&quot;size&quot;:95,&quot;sizes&quot;:[]},&quot;hotspot_offset_y&quot;:{&quot;unit&quot;:&quot;%&quot;,&quot;size&quot;:95,&quot;sizes&quot;:[]},&quot;hotspot_icon&quot;:{&quot;value&quot;:&quot;fas fa-plus-circle&quot;,&quot;library&quot;:&quot;fa-solid&quot;},&quot;hotspot_label&quot;:&quot;&quot;,&quot;hotspot_link&quot;:{&quot;url&quot;:&quot;&quot;,&quot;is_external&quot;:&quot;&quot;,&quot;nofollow&quot;:&quot;&quot;,&quot;custom_attributes&quot;:&quot;&quot;},&quot;hotspot_horizontal&quot;:&quot;left&quot;,&quot;hotspot_vertical&quot;:&quot;top&quot;,&quot;hotspot_tooltip_position&quot;:&quot;no&quot;,&quot;hotspot_position&quot;:null}],&quot;tooltip_position_mobile&quot;:&quot;right&quot;,&quot;tooltip_position&quot;:&quot;right&quot;,&quot;hotspot_sequenced_animation&quot;:&quot;no&quot;,&quot;tooltip_trigger&quot;:&quot;click&quot;,&quot;tooltip_animation&quot;:&quot;e-hotspot--fade-in-out&quot;}\" data-widget_type=\"hotspot.default\">\n\t\t\t\t<div class=\"elementor-widget-container\">\n\t\t\t\t\t<img loading=\"lazy\" decoding=\"async\" width=\"550\" height=\"383\" src=\"https:\/\/staging.ordemdosfisioterapeutas.pt\/wp-content\/uploads\/2023\/06\/38_telma-pires_CG.png\" class=\"attachment-large size-large wp-image-6064\" alt=\"\" srcset=\"https:\/\/staging.ordemdosfisioterapeutas.pt\/wp-content\/uploads\/2023\/06\/38_telma-pires_CG.png 550w, https:\/\/staging.ordemdosfisioterapeutas.pt\/wp-content\/uploads\/2023\/06\/38_telma-pires_CG-300x209.png 300w, https:\/\/staging.ordemdosfisioterapeutas.pt\/wp-content\/uploads\/2023\/06\/38_telma-pires_CG-18x12.png 18w\" sizes=\"(max-width: 550px) 100vw, 550px\" \/>\n\t\t\t\t\t\t<div class=\"e-hotspot elementor-repeater-item-b629176  e-hotspot--position-left e-hotspot--position-top   e-hotspot--icon\">\n\n\t\t\t\t\t\t\t\t<div class=\"e-hotspot__button e-hotspot--expand\">\n\t\t\t\t\t\t\t\t\t\t\t\t\t\t\t\t\t\t<div class=\"e-hotspot__icon\"><i class=\"fas fa-plus-circle\"><\/i><\/div>\n\t\t\t\t\t\t\t\t\t\t\t\t\t\t\t\t\t\t\t\t\t<\/div>\n\n\t\t\t\t\t\t\t\t\t\t\t\t\t\t\t\t\t\t<div class=\"e-hotspot__tooltip  e-hotspot--tooltip-position e-hotspot--fade-in-out \" >\n\t\t\t\t\t\t<p>Sou Fisioterapeuta h\u00e1 18 anos. Trabalho no Centro Hospitalar de Tr\u00e1s-os_Montes e Alto Douro - Vila Real. Tenho mestrado em fisioterapia, Doutoramento em ci\u00eancis do desporto, T\u00edtulo de Especialista em Fisioterapia, P\u00f3s-Gradua\u00e7\u00e3o em Gest\u00e3o de Recuros Humanos, P\u00f3s-Gradua\u00e7\u00e3o em Administra\u00e7\u00e3o e Gest\u00e3o de Unidades de Sa\u00fade e ainda a frequentar P\u00f3s-Gradua\u00e7\u00e3o em Inova\u00e7\u00e3o, Gest\u00e3o da Qualidade e Auditoria em sa\u00fade. <br \/>Colaboro, como docente do Ensino Superior, com o Instituto Polit\u00e9cnico de Bragan\u00e7a, com o Instituto Jean Piaget Viseu e com a Universidade de Tr\u00e1s-os-Montes e Alto Douro.<\/p>\t\t\t\t\t<\/div>\n\t\t\t\t\t\t\t\t\t\n\t\t\t<\/div>\n\n\t\n\t\t\t\t\t\t<\/div>\n\t\t\t\t<\/div>\n\t\t\t\t<div class=\"elementor-element elementor-element-1408dd1 elementor-widget elementor-widget-heading\" data-id=\"1408dd1\" data-element_type=\"widget\" data-e-type=\"widget\" data-widget_type=\"heading.default\">\n\t\t\t\t<div class=\"elementor-widget-container\">\n\t\t\t\t\t<h2 class=\"elementor-heading-title elementor-size-default\">Telma Filipa Pires<\/h2>\t\t\t\t<\/div>\n\t\t\t\t<\/div>\n\t\t\t\t<div class=\"elementor-element elementor-element-4fb302a elementor-widget elementor-widget-text-editor\" data-id=\"4fb302a\" data-element_type=\"widget\" data-e-type=\"widget\" data-widget_type=\"text-editor.default\">\n\t\t\t\t<div class=\"elementor-widget-container\">\n\t\t\t\t\t\t\t\t\t<p style=\"text-align: center;\">Conselheira<\/p>\t\t\t\t\t\t\t\t<\/div>\n\t\t\t\t<\/div>\n\t\t\t\t<div class=\"elementor-element elementor-element-bc8b2fc elementor-widget elementor-widget-text-editor\" data-id=\"bc8b2fc\" data-element_type=\"widget\" data-e-type=\"widget\" data-widget_type=\"text-editor.default\">\n\t\t\t\t<div class=\"elementor-widget-container\">\n\t\t\t\t\t\t\t\t\t<p style=\"text-align: center;\">C\u00e9dula n.\u00ba: 2847<\/p>\t\t\t\t\t\t\t\t<\/div>\n\t\t\t\t<\/div>\n\t\t\t\t\t<\/div>\n\t\t<\/div>\n\t\t\t\t\t<\/div>\n\t\t<\/section>\n\t\t\t\t\t<\/div>\n\t\t<\/div>\n\t\t\t\t\t<\/div>\n\t\t<\/section>\n\t\t\t\t<section class=\"elementor-section elementor-top-section elementor-element elementor-element-ac8e647 elementor-section-boxed elementor-section-height-default elementor-section-height-default\" data-id=\"ac8e647\" data-element_type=\"section\" data-e-type=\"section\">\n\t\t\t\t\t\t<div class=\"elementor-container elementor-column-gap-default\">\n\t\t\t\t\t<div class=\"elementor-column elementor-col-20 elementor-top-column elementor-element elementor-element-4463527\" data-id=\"4463527\" data-element_type=\"column\" data-e-type=\"column\">\n\t\t\t<div class=\"elementor-widget-wrap elementor-element-populated\">\n\t\t\t\t\t\t<section class=\"elementor-section elementor-inner-section elementor-element elementor-element-91e9bef elementor-section-boxed elementor-section-height-default elementor-section-height-default\" data-id=\"91e9bef\" data-element_type=\"section\" data-e-type=\"section\">\n\t\t\t\t\t\t<div class=\"elementor-container elementor-column-gap-default\">\n\t\t\t\t\t<div class=\"elementor-column elementor-col-100 elementor-inner-column elementor-element elementor-element-3a0863d\" data-id=\"3a0863d\" data-element_type=\"column\" data-e-type=\"column\">\n\t\t\t<div class=\"elementor-widget-wrap elementor-element-populated\">\n\t\t\t\t\t\t<div class=\"elementor-element elementor-element-0635e95 elementor-widget elementor-widget-hotspot\" data-id=\"0635e95\" data-element_type=\"widget\" data-e-type=\"widget\" data-settings=\"{&quot;hotspot&quot;:[{&quot;_id&quot;:&quot;b629176&quot;,&quot;hotspot_custom_size&quot;:&quot;&quot;,&quot;hotspot_tooltip_content&quot;:&quot;&lt;p style=\\&quot;font-weight: 400;\\&quot;&gt;Fisioterapeuta Respirat\\u00f3rio e Intensivista no Hospital Egas Moniz - CHLO&lt;\\\/p&gt;&lt;p style=\\&quot;font-weight: 400;\\&quot;&gt;Professor Assistente Convidado na Escola Superior de Sa\\u00fade do Alcoit\\u00e3o, ESS do Polit\\u00e9cnico do Porto, CESPU, ESS da Universidade de Aveiro, ESS do Polit\\u00e9cnico de Leiria, ESTeS Coimbra&lt;\\\/p&gt;&lt;p style=\\&quot;font-weight: 400;\\&quot;&gt;Formador e Palestrante em Fisioterapia Respirat\\u00f3ria, Fisiologia, Ventila\\u00e7\\u00e3o Mec\\u00e2nica, Ecografia para Fisioterapeutas, Exerc\\u00edcio em Contextos Cl\\u00ednicos e Mobiliza\\u00e7\\u00e3o Precoce&lt;\\\/p&gt;&quot;,&quot;hotspot_offset_x&quot;:{&quot;unit&quot;:&quot;%&quot;,&quot;size&quot;:95,&quot;sizes&quot;:[]},&quot;hotspot_offset_y&quot;:{&quot;unit&quot;:&quot;%&quot;,&quot;size&quot;:95,&quot;sizes&quot;:[]},&quot;hotspot_icon&quot;:{&quot;value&quot;:&quot;fas fa-plus-circle&quot;,&quot;library&quot;:&quot;fa-solid&quot;},&quot;hotspot_label&quot;:&quot;&quot;,&quot;hotspot_link&quot;:{&quot;url&quot;:&quot;&quot;,&quot;is_external&quot;:&quot;&quot;,&quot;nofollow&quot;:&quot;&quot;,&quot;custom_attributes&quot;:&quot;&quot;},&quot;hotspot_horizontal&quot;:&quot;left&quot;,&quot;hotspot_vertical&quot;:&quot;top&quot;,&quot;hotspot_tooltip_position&quot;:&quot;no&quot;,&quot;hotspot_position&quot;:null}],&quot;tooltip_position_mobile&quot;:&quot;right&quot;,&quot;hotspot_sequenced_animation&quot;:&quot;no&quot;,&quot;tooltip_position&quot;:&quot;top&quot;,&quot;tooltip_trigger&quot;:&quot;click&quot;,&quot;tooltip_animation&quot;:&quot;e-hotspot--fade-in-out&quot;}\" data-widget_type=\"hotspot.default\">\n\t\t\t\t<div class=\"elementor-widget-container\">\n\t\t\t\t\t<img loading=\"lazy\" decoding=\"async\" width=\"550\" height=\"383\" src=\"https:\/\/staging.ordemdosfisioterapeutas.pt\/wp-content\/uploads\/2023\/06\/39_vitor_hugo_CG.png\" class=\"attachment-large size-large wp-image-6090\" alt=\"\" srcset=\"https:\/\/staging.ordemdosfisioterapeutas.pt\/wp-content\/uploads\/2023\/06\/39_vitor_hugo_CG.png 550w, https:\/\/staging.ordemdosfisioterapeutas.pt\/wp-content\/uploads\/2023\/06\/39_vitor_hugo_CG-300x209.png 300w, https:\/\/staging.ordemdosfisioterapeutas.pt\/wp-content\/uploads\/2023\/06\/39_vitor_hugo_CG-18x12.png 18w\" sizes=\"(max-width: 550px) 100vw, 550px\" \/>\n\t\t\t\t\t\t<div class=\"e-hotspot elementor-repeater-item-b629176  e-hotspot--position-left e-hotspot--position-top   e-hotspot--icon\">\n\n\t\t\t\t\t\t\t\t<div class=\"e-hotspot__button e-hotspot--expand\">\n\t\t\t\t\t\t\t\t\t\t\t\t\t\t\t\t\t\t<div class=\"e-hotspot__icon\"><i class=\"fas fa-plus-circle\"><\/i><\/div>\n\t\t\t\t\t\t\t\t\t\t\t\t\t\t\t\t\t\t\t\t\t<\/div>\n\n\t\t\t\t\t\t\t\t\t\t\t\t\t\t\t\t\t\t<div class=\"e-hotspot__tooltip  e-hotspot--tooltip-position e-hotspot--fade-in-out \" >\n\t\t\t\t\t\t<p style=\"font-weight: 400;\">Fisioterapeuta Respirat\u00f3rio e Intensivista no Hospital Egas Moniz - CHLO<\/p><p style=\"font-weight: 400;\">Professor Assistente Convidado na Escola Superior de Sa\u00fade do Alcoit\u00e3o, ESS do Polit\u00e9cnico do Porto, CESPU, ESS da Universidade de Aveiro, ESS do Polit\u00e9cnico de Leiria, ESTeS Coimbra<\/p><p style=\"font-weight: 400;\">Formador e Palestrante em Fisioterapia Respirat\u00f3ria, Fisiologia, Ventila\u00e7\u00e3o Mec\u00e2nica, Ecografia para Fisioterapeutas, Exerc\u00edcio em Contextos Cl\u00ednicos e Mobiliza\u00e7\u00e3o Precoce<\/p>\t\t\t\t\t<\/div>\n\t\t\t\t\t\t\t\t\t\n\t\t\t<\/div>\n\n\t\n\t\t\t\t\t\t<\/div>\n\t\t\t\t<\/div>\n\t\t\t\t<div class=\"elementor-element elementor-element-86b38b7 elementor-widget elementor-widget-heading\" data-id=\"86b38b7\" data-element_type=\"widget\" data-e-type=\"widget\" data-widget_type=\"heading.default\">\n\t\t\t\t<div class=\"elementor-widget-container\">\n\t\t\t\t\t<h2 class=\"elementor-heading-title elementor-size-default\">Vitor Hugo Azevedo<\/h2>\t\t\t\t<\/div>\n\t\t\t\t<\/div>\n\t\t\t\t<div class=\"elementor-element elementor-element-a3fe3e4 elementor-widget elementor-widget-text-editor\" data-id=\"a3fe3e4\" data-element_type=\"widget\" data-e-type=\"widget\" data-widget_type=\"text-editor.default\">\n\t\t\t\t<div class=\"elementor-widget-container\">\n\t\t\t\t\t\t\t\t\t<p style=\"text-align: center;\">Conselheiro<\/p>\t\t\t\t\t\t\t\t<\/div>\n\t\t\t\t<\/div>\n\t\t\t\t<div class=\"elementor-element elementor-element-55cfcce elementor-widget elementor-widget-text-editor\" data-id=\"55cfcce\" data-element_type=\"widget\" data-e-type=\"widget\" data-widget_type=\"text-editor.default\">\n\t\t\t\t<div class=\"elementor-widget-container\">\n\t\t\t\t\t\t\t\t\t<p style=\"text-align: center;\">C\u00e9dula n.\u00ba: 2358<\/p>\t\t\t\t\t\t\t\t<\/div>\n\t\t\t\t<\/div>\n\t\t\t\t\t<\/div>\n\t\t<\/div>\n\t\t\t\t\t<\/div>\n\t\t<\/section>\n\t\t\t\t\t<\/div>\n\t\t<\/div>\n\t\t\t\t<div class=\"elementor-column elementor-col-20 elementor-top-column elementor-element elementor-element-0e67edf\" data-id=\"0e67edf\" data-element_type=\"column\" data-e-type=\"column\">\n\t\t\t<div class=\"elementor-widget-wrap elementor-element-populated\">\n\t\t\t\t\t\t<section class=\"elementor-section elementor-inner-section elementor-element elementor-element-a25c0ff elementor-section-boxed elementor-section-height-default elementor-section-height-default\" data-id=\"a25c0ff\" data-element_type=\"section\" data-e-type=\"section\">\n\t\t\t\t\t\t<div class=\"elementor-container elementor-column-gap-default\">\n\t\t\t\t\t<div class=\"elementor-column elementor-col-100 elementor-inner-column elementor-element elementor-element-3ea35f2\" data-id=\"3ea35f2\" data-element_type=\"column\" data-e-type=\"column\">\n\t\t\t<div class=\"elementor-widget-wrap elementor-element-populated\">\n\t\t\t\t\t\t<div class=\"elementor-element elementor-element-f16a74d elementor-widget elementor-widget-hotspot\" data-id=\"f16a74d\" data-element_type=\"widget\" data-e-type=\"widget\" data-settings=\"{&quot;hotspot&quot;:[{&quot;_id&quot;:&quot;b629176&quot;,&quot;hotspot_custom_size&quot;:&quot;&quot;,&quot;hotspot_tooltip_content&quot;:&quot;&lt;p style=\\&quot;font-weight: 400;\\&quot;&gt;- Licenciada em Fisioterapia pela Escola Superior de Sa\\u00fade da Universidade de Aveiro (ESSUA) (2016-2020), com forma\\u00e7\\u00e3o em Pilates Cl\\u00ednico (2020);&lt;\\\/p&gt;&lt;p style=\\&quot;font-weight: 400;\\&quot;&gt;- Suplente da \\u00e1rea de Comunica\\u00e7\\u00e3o do Grupo de Interesse - Movimento Jovem na Fisioterapia (GIMJF) (2019-2021).&lt;\\\/p&gt;&lt;p style=\\&quot;font-weight: 400;\\&quot;&gt;- Fisioterapeuta em contexto particular, com \\u00eanfase nas \\u00e1reas desportiva e m\\u00fasculo-esqu\\u00e9l\\u00e9tica, no Crossfit Special Force e na Dance Soul Academy (2021-presente);&lt;\\\/p&gt;&lt;p style=\\&quot;font-weight: 400;\\&quot;&gt;- Fisioterapeuta na Federa\\u00e7\\u00e3o de Patinagem de Portugal (FPP), nas modalidades de patinagem de velocidade, patinagem art\\u00edstica e h\\u00f3quei em patins (2021-presente);&lt;\\\/p&gt;&lt;p style=\\&quot;font-weight: 400;\\&quot;&gt;- Presidente da Dire\\u00e7\\u00e3o, e S\\u00f3cia Fundadora, da Associa\\u00e7\\u00e3o Nacional de Jovens na Fisioterapia (ANJF) (2021-2022);&lt;\\\/p&gt;&lt;p style=\\&quot;font-weight: 400;\\&quot;&gt;- Presidente do Conselho Fiscal da ANJF (2022-presente);&lt;\\\/p&gt;&lt;p style=\\&quot;font-weight: 400;\\&quot;&gt;- Fisioterapeuta no ALAVARIUM - Andebol Clube de Aveiro (2022-2023).&lt;\\\/p&gt;&quot;,&quot;hotspot_offset_x&quot;:{&quot;unit&quot;:&quot;%&quot;,&quot;size&quot;:95,&quot;sizes&quot;:[]},&quot;hotspot_offset_y&quot;:{&quot;unit&quot;:&quot;%&quot;,&quot;size&quot;:95,&quot;sizes&quot;:[]},&quot;hotspot_icon&quot;:{&quot;value&quot;:&quot;fas fa-plus-circle&quot;,&quot;library&quot;:&quot;fa-solid&quot;},&quot;hotspot_label&quot;:&quot;&quot;,&quot;hotspot_link&quot;:{&quot;url&quot;:&quot;&quot;,&quot;is_external&quot;:&quot;&quot;,&quot;nofollow&quot;:&quot;&quot;,&quot;custom_attributes&quot;:&quot;&quot;},&quot;hotspot_horizontal&quot;:&quot;left&quot;,&quot;hotspot_vertical&quot;:&quot;top&quot;,&quot;hotspot_tooltip_position&quot;:&quot;no&quot;,&quot;hotspot_position&quot;:null}],&quot;tooltip_position_mobile&quot;:&quot;right&quot;,&quot;hotspot_sequenced_animation&quot;:&quot;no&quot;,&quot;tooltip_position&quot;:&quot;top&quot;,&quot;tooltip_trigger&quot;:&quot;click&quot;,&quot;tooltip_animation&quot;:&quot;e-hotspot--fade-in-out&quot;}\" data-widget_type=\"hotspot.default\">\n\t\t\t\t<div class=\"elementor-widget-container\">\n\t\t\t\t\t<img loading=\"lazy\" decoding=\"async\" width=\"550\" height=\"383\" src=\"https:\/\/staging.ordemdosfisioterapeutas.pt\/wp-content\/uploads\/2023\/06\/40_teresa_miguel_CG.png\" class=\"attachment-large size-large wp-image-6091\" alt=\"\" srcset=\"https:\/\/staging.ordemdosfisioterapeutas.pt\/wp-content\/uploads\/2023\/06\/40_teresa_miguel_CG.png 550w, https:\/\/staging.ordemdosfisioterapeutas.pt\/wp-content\/uploads\/2023\/06\/40_teresa_miguel_CG-300x209.png 300w, https:\/\/staging.ordemdosfisioterapeutas.pt\/wp-content\/uploads\/2023\/06\/40_teresa_miguel_CG-18x12.png 18w\" sizes=\"(max-width: 550px) 100vw, 550px\" \/>\n\t\t\t\t\t\t<div class=\"e-hotspot elementor-repeater-item-b629176  e-hotspot--position-left e-hotspot--position-top   e-hotspot--icon\">\n\n\t\t\t\t\t\t\t\t<div class=\"e-hotspot__button e-hotspot--expand\">\n\t\t\t\t\t\t\t\t\t\t\t\t\t\t\t\t\t\t<div class=\"e-hotspot__icon\"><i class=\"fas fa-plus-circle\"><\/i><\/div>\n\t\t\t\t\t\t\t\t\t\t\t\t\t\t\t\t\t\t\t\t\t<\/div>\n\n\t\t\t\t\t\t\t\t\t\t\t\t\t\t\t\t\t\t<div class=\"e-hotspot__tooltip  e-hotspot--tooltip-position e-hotspot--fade-in-out \" >\n\t\t\t\t\t\t<p style=\"font-weight: 400;\">- Licenciada em Fisioterapia pela Escola Superior de Sa\u00fade da Universidade de Aveiro (ESSUA) (2016-2020), com forma\u00e7\u00e3o em Pilates Cl\u00ednico (2020);<\/p><p style=\"font-weight: 400;\">- Suplente da \u00e1rea de Comunica\u00e7\u00e3o do Grupo de Interesse - Movimento Jovem na Fisioterapia (GIMJF) (2019-2021).<\/p><p style=\"font-weight: 400;\">- Fisioterapeuta em contexto particular, com \u00eanfase nas \u00e1reas desportiva e m\u00fasculo-esqu\u00e9l\u00e9tica, no Crossfit Special Force e na Dance Soul Academy (2021-presente);<\/p><p style=\"font-weight: 400;\">- Fisioterapeuta na Federa\u00e7\u00e3o de Patinagem de Portugal (FPP), nas modalidades de patinagem de velocidade, patinagem art\u00edstica e h\u00f3quei em patins (2021-presente);<\/p><p style=\"font-weight: 400;\">- Presidente da Dire\u00e7\u00e3o, e S\u00f3cia Fundadora, da Associa\u00e7\u00e3o Nacional de Jovens na Fisioterapia (ANJF) (2021-2022);<\/p><p style=\"font-weight: 400;\">- Presidente do Conselho Fiscal da ANJF (2022-presente);<\/p><p style=\"font-weight: 400;\">- Fisioterapeuta no ALAVARIUM - Andebol Clube de Aveiro (2022-2023).<\/p>\t\t\t\t\t<\/div>\n\t\t\t\t\t\t\t\t\t\n\t\t\t<\/div>\n\n\t\n\t\t\t\t\t\t<\/div>\n\t\t\t\t<\/div>\n\t\t\t\t<div class=\"elementor-element elementor-element-fa8fca6 elementor-widget elementor-widget-heading\" data-id=\"fa8fca6\" data-element_type=\"widget\" data-e-type=\"widget\" data-widget_type=\"heading.default\">\n\t\t\t\t<div class=\"elementor-widget-container\">\n\t\t\t\t\t<h2 class=\"elementor-heading-title elementor-size-default\">Teresa Miguel<\/h2>\t\t\t\t<\/div>\n\t\t\t\t<\/div>\n\t\t\t\t<div class=\"elementor-element elementor-element-b04c317 elementor-widget elementor-widget-text-editor\" data-id=\"b04c317\" data-element_type=\"widget\" data-e-type=\"widget\" data-widget_type=\"text-editor.default\">\n\t\t\t\t<div class=\"elementor-widget-container\">\n\t\t\t\t\t\t\t\t\t<p style=\"text-align: center;\">Conselheira<\/p>\t\t\t\t\t\t\t\t<\/div>\n\t\t\t\t<\/div>\n\t\t\t\t<div class=\"elementor-element elementor-element-5290403 elementor-widget elementor-widget-text-editor\" data-id=\"5290403\" data-element_type=\"widget\" data-e-type=\"widget\" data-widget_type=\"text-editor.default\">\n\t\t\t\t<div class=\"elementor-widget-container\">\n\t\t\t\t\t\t\t\t\t<p style=\"text-align: center;\">C\u00e9dula n.\u00ba: 2224<\/p>\t\t\t\t\t\t\t\t<\/div>\n\t\t\t\t<\/div>\n\t\t\t\t\t<\/div>\n\t\t<\/div>\n\t\t\t\t\t<\/div>\n\t\t<\/section>\n\t\t\t\t\t<\/div>\n\t\t<\/div>\n\t\t\t\t<div class=\"elementor-column elementor-col-20 elementor-top-column elementor-element elementor-element-607d530\" data-id=\"607d530\" data-element_type=\"column\" data-e-type=\"column\">\n\t\t\t<div class=\"elementor-widget-wrap elementor-element-populated\">\n\t\t\t\t\t\t<section class=\"elementor-section elementor-inner-section elementor-element elementor-element-ecb17bb elementor-section-boxed elementor-section-height-default elementor-section-height-default\" data-id=\"ecb17bb\" data-element_type=\"section\" data-e-type=\"section\">\n\t\t\t\t\t\t<div class=\"elementor-container elementor-column-gap-default\">\n\t\t\t\t\t<div class=\"elementor-column elementor-col-100 elementor-inner-column elementor-element elementor-element-b6b09a7\" data-id=\"b6b09a7\" data-element_type=\"column\" data-e-type=\"column\">\n\t\t\t<div class=\"elementor-widget-wrap elementor-element-populated\">\n\t\t\t\t\t\t<div class=\"elementor-element elementor-element-954fe39 elementor-widget elementor-widget-hotspot\" data-id=\"954fe39\" data-element_type=\"widget\" data-e-type=\"widget\" data-settings=\"{&quot;hotspot&quot;:[{&quot;_id&quot;:&quot;b629176&quot;,&quot;hotspot_custom_size&quot;:&quot;&quot;,&quot;hotspot_tooltip_content&quot;:&quot;&lt;p style=\\&quot;font-weight: 400;\\&quot;&gt;Fisioterapeuta pela ESSA desde 2001&lt;\\\/p&gt;&lt;p style=\\&quot;font-weight: 400;\\&quot;&gt;Doutoramento pela Faculdade de Medicina da Universidade\\u00a0 do Porto desde 2010&lt;\\\/p&gt;&lt;p style=\\&quot;font-weight: 400;\\&quot;&gt;Unidade de Fisiopatologia Respirat\\u00f3ria e Suporte Ventilat\\u00f3rio - Servi\\u00e7o de Pneumologia; Servi\\u00e7o de Urg\\u00eancia e Medicina Intensiva&lt;\\\/p&gt;&lt;p style=\\&quot;font-weight: 400;\\&quot;&gt;Centro Hospitalar Universit\\u00e1rio de S. Jo\\u00e3o. Porto.&lt;\\\/p&gt;&lt;p style=\\&quot;font-weight: 400;\\&quot;&gt;Coordenador do Programa de Ventila\\u00e7\\u00e3o Mec\\u00e2nica Prolongada Domicili\\u00e1ria do CHUSJ.&lt;\\\/p&gt;&lt;p style=\\&quot;font-weight: 400;\\&quot;&gt;Professor Associado da Faculdade de Medicina da Universidade do Porto.&lt;\\\/p&gt;&lt;p style=\\&quot;font-weight: 400;\\&quot;&gt;Coordenador do Curso de Especializa\\u00e7\\u00e3o em Suporte Ventilat\\u00f3rio no Doente Cr\\u00edtico Adulto da FMUP&lt;\\\/p&gt;&lt;p style=\\&quot;font-weight: 400;\\&quot;&gt;Coordenador do N\\u00facleo de Fisioterapeutas Respirat\\u00f3rios da Sociedade Portuguesa de Pneumologia.&lt;\\\/p&gt;&lt;p style=\\&quot;font-weight: 400;\\&quot;&gt;Membro do Corpo Editorial e\\u00a0Revisor convidado de v\\u00e1rias revistas internacionais indexadas.&lt;\\\/p&gt;&lt;p style=\\&quot;font-weight: 400;\\&quot;&gt;Autor e co- autor de v\\u00e1rios cap\\u00edtulos de livros, de 1 Livro\\\/Compendium e de v\\u00e1rias dezenas de artigos cient\\u00edficos publicados em revistas cient\\u00edficas\\u00a0indexadas internacionais.&lt;\\\/p&gt;&lt;p style=\\&quot;font-weight: 400;\\&quot;&gt;Moderador e Palestrante convidado em cerca de 450 confer\\u00eancias em Congressos cient\\u00edficos e cursos te\\u00f3rico-pr\\u00e1ticos em 36 pa\\u00edses.&lt;\\\/p&gt;&quot;,&quot;hotspot_offset_x&quot;:{&quot;unit&quot;:&quot;%&quot;,&quot;size&quot;:95,&quot;sizes&quot;:[]},&quot;hotspot_offset_y&quot;:{&quot;unit&quot;:&quot;%&quot;,&quot;size&quot;:95,&quot;sizes&quot;:[]},&quot;hotspot_icon&quot;:{&quot;value&quot;:&quot;fas fa-plus-circle&quot;,&quot;library&quot;:&quot;fa-solid&quot;},&quot;hotspot_label&quot;:&quot;&quot;,&quot;hotspot_link&quot;:{&quot;url&quot;:&quot;&quot;,&quot;is_external&quot;:&quot;&quot;,&quot;nofollow&quot;:&quot;&quot;,&quot;custom_attributes&quot;:&quot;&quot;},&quot;hotspot_horizontal&quot;:&quot;left&quot;,&quot;hotspot_vertical&quot;:&quot;top&quot;,&quot;hotspot_tooltip_position&quot;:&quot;no&quot;,&quot;hotspot_position&quot;:null}],&quot;tooltip_position_mobile&quot;:&quot;right&quot;,&quot;hotspot_sequenced_animation&quot;:&quot;no&quot;,&quot;tooltip_position&quot;:&quot;top&quot;,&quot;tooltip_trigger&quot;:&quot;click&quot;,&quot;tooltip_animation&quot;:&quot;e-hotspot--fade-in-out&quot;}\" data-widget_type=\"hotspot.default\">\n\t\t\t\t<div class=\"elementor-widget-container\">\n\t\t\t\t\t<img loading=\"lazy\" decoding=\"async\" width=\"550\" height=\"383\" src=\"https:\/\/staging.ordemdosfisioterapeutas.pt\/wp-content\/uploads\/2023\/06\/41_miguel-goncalves_CG.png\" class=\"attachment-large size-large wp-image-6092\" alt=\"\" srcset=\"https:\/\/staging.ordemdosfisioterapeutas.pt\/wp-content\/uploads\/2023\/06\/41_miguel-goncalves_CG.png 550w, https:\/\/staging.ordemdosfisioterapeutas.pt\/wp-content\/uploads\/2023\/06\/41_miguel-goncalves_CG-300x209.png 300w, https:\/\/staging.ordemdosfisioterapeutas.pt\/wp-content\/uploads\/2023\/06\/41_miguel-goncalves_CG-18x12.png 18w\" sizes=\"(max-width: 550px) 100vw, 550px\" \/>\n\t\t\t\t\t\t<div class=\"e-hotspot elementor-repeater-item-b629176  e-hotspot--position-left e-hotspot--position-top   e-hotspot--icon\">\n\n\t\t\t\t\t\t\t\t<div class=\"e-hotspot__button e-hotspot--expand\">\n\t\t\t\t\t\t\t\t\t\t\t\t\t\t\t\t\t\t<div class=\"e-hotspot__icon\"><i class=\"fas fa-plus-circle\"><\/i><\/div>\n\t\t\t\t\t\t\t\t\t\t\t\t\t\t\t\t\t\t\t\t\t<\/div>\n\n\t\t\t\t\t\t\t\t\t\t\t\t\t\t\t\t\t\t<div class=\"e-hotspot__tooltip  e-hotspot--tooltip-position e-hotspot--fade-in-out \" >\n\t\t\t\t\t\t<p style=\"font-weight: 400;\">Fisioterapeuta pela ESSA desde 2001<\/p><p style=\"font-weight: 400;\">Doutoramento pela Faculdade de Medicina da Universidade\u00a0 do Porto desde 2010<\/p><p style=\"font-weight: 400;\">Unidade de Fisiopatologia Respirat\u00f3ria e Suporte Ventilat\u00f3rio - Servi\u00e7o de Pneumologia; Servi\u00e7o de Urg\u00eancia e Medicina Intensiva<\/p><p style=\"font-weight: 400;\">Centro Hospitalar Universit\u00e1rio de S. Jo\u00e3o. Porto.<\/p><p style=\"font-weight: 400;\">Coordenador do Programa de Ventila\u00e7\u00e3o Mec\u00e2nica Prolongada Domicili\u00e1ria do CHUSJ.<\/p><p style=\"font-weight: 400;\">Professor Associado da Faculdade de Medicina da Universidade do Porto.<\/p><p style=\"font-weight: 400;\">Coordenador do Curso de Especializa\u00e7\u00e3o em Suporte Ventilat\u00f3rio no Doente Cr\u00edtico Adulto da FMUP<\/p><p style=\"font-weight: 400;\">Coordenador do N\u00facleo de Fisioterapeutas Respirat\u00f3rios da Sociedade Portuguesa de Pneumologia.<\/p><p style=\"font-weight: 400;\">Membro do Corpo Editorial e\u00a0Revisor convidado de v\u00e1rias revistas internacionais indexadas.<\/p><p style=\"font-weight: 400;\">Autor e co- autor de v\u00e1rios cap\u00edtulos de livros, de 1 Livro\/Compendium e de v\u00e1rias dezenas de artigos cient\u00edficos publicados em revistas cient\u00edficas\u00a0indexadas internacionais.<\/p><p style=\"font-weight: 400;\">Moderador e Palestrante convidado em cerca de 450 confer\u00eancias em Congressos cient\u00edficos e cursos te\u00f3rico-pr\u00e1ticos em 36 pa\u00edses.<\/p>\t\t\t\t\t<\/div>\n\t\t\t\t\t\t\t\t\t\n\t\t\t<\/div>\n\n\t\n\t\t\t\t\t\t<\/div>\n\t\t\t\t<\/div>\n\t\t\t\t<div class=\"elementor-element elementor-element-e7da838 elementor-widget elementor-widget-heading\" data-id=\"e7da838\" data-element_type=\"widget\" data-e-type=\"widget\" data-widget_type=\"heading.default\">\n\t\t\t\t<div class=\"elementor-widget-container\">\n\t\t\t\t\t<h2 class=\"elementor-heading-title elementor-size-default\">Miguel Gon\u00e7alves<\/h2>\t\t\t\t<\/div>\n\t\t\t\t<\/div>\n\t\t\t\t<div class=\"elementor-element elementor-element-28cb14b elementor-widget elementor-widget-text-editor\" data-id=\"28cb14b\" data-element_type=\"widget\" data-e-type=\"widget\" data-widget_type=\"text-editor.default\">\n\t\t\t\t<div class=\"elementor-widget-container\">\n\t\t\t\t\t\t\t\t\t<p style=\"text-align: center;\">Conselheiro<\/p>\t\t\t\t\t\t\t\t<\/div>\n\t\t\t\t<\/div>\n\t\t\t\t<div class=\"elementor-element elementor-element-28025bc elementor-widget elementor-widget-text-editor\" data-id=\"28025bc\" data-element_type=\"widget\" data-e-type=\"widget\" data-widget_type=\"text-editor.default\">\n\t\t\t\t<div class=\"elementor-widget-container\">\n\t\t\t\t\t\t\t\t\t<p style=\"text-align: center;\">C\u00e9dula n.\u00ba: 4367<\/p>\t\t\t\t\t\t\t\t<\/div>\n\t\t\t\t<\/div>\n\t\t\t\t\t<\/div>\n\t\t<\/div>\n\t\t\t\t\t<\/div>\n\t\t<\/section>\n\t\t\t\t\t<\/div>\n\t\t<\/div>\n\t\t\t\t<div class=\"elementor-column elementor-col-20 elementor-top-column elementor-element elementor-element-e13aa7c\" data-id=\"e13aa7c\" data-element_type=\"column\" data-e-type=\"column\">\n\t\t\t<div class=\"elementor-widget-wrap elementor-element-populated\">\n\t\t\t\t\t\t<section class=\"elementor-section elementor-inner-section elementor-element elementor-element-0a48658 elementor-section-boxed elementor-section-height-default elementor-section-height-default\" data-id=\"0a48658\" data-element_type=\"section\" data-e-type=\"section\">\n\t\t\t\t\t\t<div class=\"elementor-container elementor-column-gap-default\">\n\t\t\t\t\t<div class=\"elementor-column elementor-col-100 elementor-inner-column elementor-element elementor-element-69fe910\" data-id=\"69fe910\" data-element_type=\"column\" data-e-type=\"column\">\n\t\t\t<div class=\"elementor-widget-wrap elementor-element-populated\">\n\t\t\t\t\t\t<div class=\"elementor-element elementor-element-64795c0 elementor-widget elementor-widget-hotspot\" data-id=\"64795c0\" data-element_type=\"widget\" data-e-type=\"widget\" data-settings=\"{&quot;hotspot&quot;:[{&quot;_id&quot;:&quot;b629176&quot;,&quot;hotspot_custom_size&quot;:&quot;&quot;,&quot;hotspot_tooltip_content&quot;:&quot;&lt;p&gt;Licenciada em Fisioterapia pela ESTeSC, mestre em Engenharia Humana pela Universidade do Minho e doutoranda em Fisioterapia pela Faculdade Desporto da Universidade do Porto. T\\u00e9cnica Superior Sa\\u00fade Higiene e Seguran\\u00e7a no trabalho. Professora adjunta e coordenadora de Ensinos Cl\\u00ednicos do curso fisioterapia do Instituto Piaget Viseu. Fundadora e S\\u00f3cia Gerente da Planycorpo, Fisioterapia Lda. Coordenadora do departamento de ergonomia da Planycorpo. Fisioterapeuta do Centro hospitalar Tondela Viseu de 1999 a 2012 na \\u00e1rea cardiorespirat\\u00f3ria.&lt;\\\/p&gt;&quot;,&quot;hotspot_offset_x&quot;:{&quot;unit&quot;:&quot;%&quot;,&quot;size&quot;:95,&quot;sizes&quot;:[]},&quot;hotspot_offset_y&quot;:{&quot;unit&quot;:&quot;%&quot;,&quot;size&quot;:95,&quot;sizes&quot;:[]},&quot;hotspot_icon&quot;:{&quot;value&quot;:&quot;fas fa-plus-circle&quot;,&quot;library&quot;:&quot;fa-solid&quot;},&quot;hotspot_label&quot;:&quot;&quot;,&quot;hotspot_link&quot;:{&quot;url&quot;:&quot;&quot;,&quot;is_external&quot;:&quot;&quot;,&quot;nofollow&quot;:&quot;&quot;,&quot;custom_attributes&quot;:&quot;&quot;},&quot;hotspot_horizontal&quot;:&quot;left&quot;,&quot;hotspot_vertical&quot;:&quot;top&quot;,&quot;hotspot_tooltip_position&quot;:&quot;no&quot;,&quot;hotspot_position&quot;:null}],&quot;tooltip_position_mobile&quot;:&quot;right&quot;,&quot;hotspot_sequenced_animation&quot;:&quot;no&quot;,&quot;tooltip_position&quot;:&quot;top&quot;,&quot;tooltip_trigger&quot;:&quot;click&quot;,&quot;tooltip_animation&quot;:&quot;e-hotspot--fade-in-out&quot;}\" data-widget_type=\"hotspot.default\">\n\t\t\t\t<div class=\"elementor-widget-container\">\n\t\t\t\t\t<img loading=\"lazy\" decoding=\"async\" width=\"550\" height=\"383\" src=\"https:\/\/staging.ordemdosfisioterapeutas.pt\/wp-content\/uploads\/2023\/06\/42_sandra-gogulic_CG.png\" class=\"attachment-large size-large wp-image-6068\" alt=\"\" srcset=\"https:\/\/staging.ordemdosfisioterapeutas.pt\/wp-content\/uploads\/2023\/06\/42_sandra-gogulic_CG.png 550w, https:\/\/staging.ordemdosfisioterapeutas.pt\/wp-content\/uploads\/2023\/06\/42_sandra-gogulic_CG-300x209.png 300w, https:\/\/staging.ordemdosfisioterapeutas.pt\/wp-content\/uploads\/2023\/06\/42_sandra-gogulic_CG-18x12.png 18w\" sizes=\"(max-width: 550px) 100vw, 550px\" \/>\n\t\t\t\t\t\t<div class=\"e-hotspot elementor-repeater-item-b629176  e-hotspot--position-left e-hotspot--position-top   e-hotspot--icon\">\n\n\t\t\t\t\t\t\t\t<div class=\"e-hotspot__button e-hotspot--expand\">\n\t\t\t\t\t\t\t\t\t\t\t\t\t\t\t\t\t\t<div class=\"e-hotspot__icon\"><i class=\"fas fa-plus-circle\"><\/i><\/div>\n\t\t\t\t\t\t\t\t\t\t\t\t\t\t\t\t\t\t\t\t\t<\/div>\n\n\t\t\t\t\t\t\t\t\t\t\t\t\t\t\t\t\t\t<div class=\"e-hotspot__tooltip  e-hotspot--tooltip-position e-hotspot--fade-in-out \" >\n\t\t\t\t\t\t<p>Licenciada em Fisioterapia pela ESTeSC, mestre em Engenharia Humana pela Universidade do Minho e doutoranda em Fisioterapia pela Faculdade Desporto da Universidade do Porto. T\u00e9cnica Superior Sa\u00fade Higiene e Seguran\u00e7a no trabalho. Professora adjunta e coordenadora de Ensinos Cl\u00ednicos do curso fisioterapia do Instituto Piaget Viseu. Fundadora e S\u00f3cia Gerente da Planycorpo, Fisioterapia Lda. Coordenadora do departamento de ergonomia da Planycorpo. Fisioterapeuta do Centro hospitalar Tondela Viseu de 1999 a 2012 na \u00e1rea cardiorespirat\u00f3ria.<\/p>\t\t\t\t\t<\/div>\n\t\t\t\t\t\t\t\t\t\n\t\t\t<\/div>\n\n\t\n\t\t\t\t\t\t<\/div>\n\t\t\t\t<\/div>\n\t\t\t\t<div class=\"elementor-element elementor-element-f18e6bf elementor-widget elementor-widget-heading\" data-id=\"f18e6bf\" data-element_type=\"widget\" data-e-type=\"widget\" data-widget_type=\"heading.default\">\n\t\t\t\t<div class=\"elementor-widget-container\">\n\t\t\t\t\t<h2 class=\"elementor-heading-title elementor-size-default\">Sandra Gagulic<\/h2>\t\t\t\t<\/div>\n\t\t\t\t<\/div>\n\t\t\t\t<div class=\"elementor-element elementor-element-0afac53 elementor-widget elementor-widget-text-editor\" data-id=\"0afac53\" data-element_type=\"widget\" data-e-type=\"widget\" data-widget_type=\"text-editor.default\">\n\t\t\t\t<div class=\"elementor-widget-container\">\n\t\t\t\t\t\t\t\t\t<p style=\"text-align: center;\">Conselheira<\/p>\t\t\t\t\t\t\t\t<\/div>\n\t\t\t\t<\/div>\n\t\t\t\t<div class=\"elementor-element elementor-element-df0fcc4 elementor-widget elementor-widget-text-editor\" data-id=\"df0fcc4\" data-element_type=\"widget\" data-e-type=\"widget\" data-widget_type=\"text-editor.default\">\n\t\t\t\t<div class=\"elementor-widget-container\">\n\t\t\t\t\t\t\t\t\t<p style=\"text-align: center;\">C\u00e9dula n.\u00ba: 4038<\/p>\t\t\t\t\t\t\t\t<\/div>\n\t\t\t\t<\/div>\n\t\t\t\t\t<\/div>\n\t\t<\/div>\n\t\t\t\t\t<\/div>\n\t\t<\/section>\n\t\t\t\t\t<\/div>\n\t\t<\/div>\n\t\t\t\t<div class=\"elementor-column elementor-col-20 elementor-top-column elementor-element elementor-element-236813e\" data-id=\"236813e\" data-element_type=\"column\" data-e-type=\"column\">\n\t\t\t<div class=\"elementor-widget-wrap elementor-element-populated\">\n\t\t\t\t\t\t<section class=\"elementor-section elementor-inner-section elementor-element elementor-element-6553eb3 elementor-section-boxed elementor-section-height-default elementor-section-height-default\" data-id=\"6553eb3\" data-element_type=\"section\" data-e-type=\"section\">\n\t\t\t\t\t\t<div class=\"elementor-container elementor-column-gap-default\">\n\t\t\t\t\t<div class=\"elementor-column elementor-col-100 elementor-inner-column elementor-element elementor-element-18812ab\" data-id=\"18812ab\" data-element_type=\"column\" data-e-type=\"column\">\n\t\t\t<div class=\"elementor-widget-wrap elementor-element-populated\">\n\t\t\t\t\t\t<div class=\"elementor-element elementor-element-8b6d79e elementor-widget elementor-widget-hotspot\" data-id=\"8b6d79e\" data-element_type=\"widget\" data-e-type=\"widget\" data-settings=\"{&quot;hotspot&quot;:[{&quot;_id&quot;:&quot;b629176&quot;,&quot;hotspot_custom_size&quot;:&quot;&quot;,&quot;hotspot_tooltip_content&quot;:&quot;&lt;p&gt;Fisioterapeuta, mestre em Fisioterapia em condi\\u00e7\\u00f5es m\\u00fasculo-esquel\\u00e9ticas e doutorada em sa\\u00fade p\\u00fablica (epidemiologia). Docente na Escola Superior de Sa\\u00fade do Alcoit\\u00e3o e Escola Superior de Sa\\u00fade do I.P.Set\\u00fabal. Membro do Comprehensive Health Research Center; tem desenvolvido investiga\\u00e7\\u00e3o na \\u00e1rea da Osteoartrose e modelos de cuidados, com v\\u00e1rios artigos publicados em revistas indexadas. Experi\\u00eancia cl\\u00ednica em contexto hospitalar e pr\\u00e1tica privada.&lt;\\\/p&gt;&quot;,&quot;hotspot_offset_x&quot;:{&quot;unit&quot;:&quot;%&quot;,&quot;size&quot;:95,&quot;sizes&quot;:[]},&quot;hotspot_offset_y&quot;:{&quot;unit&quot;:&quot;%&quot;,&quot;size&quot;:95,&quot;sizes&quot;:[]},&quot;hotspot_icon&quot;:{&quot;value&quot;:&quot;fas fa-plus-circle&quot;,&quot;library&quot;:&quot;fa-solid&quot;},&quot;hotspot_label&quot;:&quot;&quot;,&quot;hotspot_link&quot;:{&quot;url&quot;:&quot;&quot;,&quot;is_external&quot;:&quot;&quot;,&quot;nofollow&quot;:&quot;&quot;,&quot;custom_attributes&quot;:&quot;&quot;},&quot;hotspot_horizontal&quot;:&quot;left&quot;,&quot;hotspot_vertical&quot;:&quot;top&quot;,&quot;hotspot_tooltip_position&quot;:&quot;no&quot;,&quot;hotspot_position&quot;:null}],&quot;tooltip_position_mobile&quot;:&quot;right&quot;,&quot;tooltip_position&quot;:&quot;right&quot;,&quot;hotspot_sequenced_animation&quot;:&quot;no&quot;,&quot;tooltip_trigger&quot;:&quot;click&quot;,&quot;tooltip_animation&quot;:&quot;e-hotspot--fade-in-out&quot;}\" data-widget_type=\"hotspot.default\">\n\t\t\t\t<div class=\"elementor-widget-container\">\n\t\t\t\t\t<img loading=\"lazy\" decoding=\"async\" width=\"550\" height=\"383\" src=\"https:\/\/staging.ordemdosfisioterapeutas.pt\/wp-content\/uploads\/2023\/06\/43_daniela_costa_CG.png\" class=\"attachment-large size-large wp-image-6093\" alt=\"\" srcset=\"https:\/\/staging.ordemdosfisioterapeutas.pt\/wp-content\/uploads\/2023\/06\/43_daniela_costa_CG.png 550w, https:\/\/staging.ordemdosfisioterapeutas.pt\/wp-content\/uploads\/2023\/06\/43_daniela_costa_CG-300x209.png 300w, https:\/\/staging.ordemdosfisioterapeutas.pt\/wp-content\/uploads\/2023\/06\/43_daniela_costa_CG-18x12.png 18w\" sizes=\"(max-width: 550px) 100vw, 550px\" \/>\n\t\t\t\t\t\t<div class=\"e-hotspot elementor-repeater-item-b629176  e-hotspot--position-left e-hotspot--position-top   e-hotspot--icon\">\n\n\t\t\t\t\t\t\t\t<div class=\"e-hotspot__button e-hotspot--expand\">\n\t\t\t\t\t\t\t\t\t\t\t\t\t\t\t\t\t\t<div class=\"e-hotspot__icon\"><i class=\"fas fa-plus-circle\"><\/i><\/div>\n\t\t\t\t\t\t\t\t\t\t\t\t\t\t\t\t\t\t\t\t\t<\/div>\n\n\t\t\t\t\t\t\t\t\t\t\t\t\t\t\t\t\t\t<div class=\"e-hotspot__tooltip  e-hotspot--tooltip-position e-hotspot--fade-in-out \" >\n\t\t\t\t\t\t<p>Fisioterapeuta, mestre em Fisioterapia em condi\u00e7\u00f5es m\u00fasculo-esquel\u00e9ticas e doutorada em sa\u00fade p\u00fablica (epidemiologia). Docente na Escola Superior de Sa\u00fade do Alcoit\u00e3o e Escola Superior de Sa\u00fade do I.P.Set\u00fabal. Membro do Comprehensive Health Research Center; tem desenvolvido investiga\u00e7\u00e3o na \u00e1rea da Osteoartrose e modelos de cuidados, com v\u00e1rios artigos publicados em revistas indexadas. Experi\u00eancia cl\u00ednica em contexto hospitalar e pr\u00e1tica privada.<\/p>\t\t\t\t\t<\/div>\n\t\t\t\t\t\t\t\t\t\n\t\t\t<\/div>\n\n\t\n\t\t\t\t\t\t<\/div>\n\t\t\t\t<\/div>\n\t\t\t\t<div class=\"elementor-element elementor-element-211a636 elementor-widget elementor-widget-heading\" data-id=\"211a636\" data-element_type=\"widget\" data-e-type=\"widget\" data-widget_type=\"heading.default\">\n\t\t\t\t<div class=\"elementor-widget-container\">\n\t\t\t\t\t<h2 class=\"elementor-heading-title elementor-size-default\">Daniela Costa<\/h2>\t\t\t\t<\/div>\n\t\t\t\t<\/div>\n\t\t\t\t<div class=\"elementor-element elementor-element-99c1526 elementor-widget elementor-widget-text-editor\" data-id=\"99c1526\" data-element_type=\"widget\" data-e-type=\"widget\" data-widget_type=\"text-editor.default\">\n\t\t\t\t<div class=\"elementor-widget-container\">\n\t\t\t\t\t\t\t\t\t<p style=\"text-align: center;\">Conselheira<\/p>\t\t\t\t\t\t\t\t<\/div>\n\t\t\t\t<\/div>\n\t\t\t\t<div class=\"elementor-element elementor-element-0c5ef16 elementor-widget elementor-widget-text-editor\" data-id=\"0c5ef16\" data-element_type=\"widget\" data-e-type=\"widget\" data-widget_type=\"text-editor.default\">\n\t\t\t\t<div class=\"elementor-widget-container\">\n\t\t\t\t\t\t\t\t\t<p style=\"text-align: center;\">C\u00e9dula n.\u00ba: 2928<\/p>\t\t\t\t\t\t\t\t<\/div>\n\t\t\t\t<\/div>\n\t\t\t\t\t<\/div>\n\t\t<\/div>\n\t\t\t\t\t<\/div>\n\t\t<\/section>\n\t\t\t\t\t<\/div>\n\t\t<\/div>\n\t\t\t\t\t<\/div>\n\t\t<\/section>\n\t\t\t\t<section class=\"elementor-section elementor-top-section elementor-element elementor-element-235c096 elementor-section-boxed elementor-section-height-default elementor-section-height-default\" data-id=\"235c096\" data-element_type=\"section\" data-e-type=\"section\">\n\t\t\t\t\t\t<div class=\"elementor-container elementor-column-gap-default\">\n\t\t\t\t\t<div class=\"elementor-column elementor-col-20 elementor-top-column elementor-element elementor-element-377b735\" data-id=\"377b735\" data-element_type=\"column\" data-e-type=\"column\">\n\t\t\t<div class=\"elementor-widget-wrap elementor-element-populated\">\n\t\t\t\t\t\t<section class=\"elementor-section elementor-inner-section elementor-element elementor-element-aca8bd7 elementor-section-boxed elementor-section-height-default elementor-section-height-default\" data-id=\"aca8bd7\" data-element_type=\"section\" data-e-type=\"section\">\n\t\t\t\t\t\t<div class=\"elementor-container elementor-column-gap-default\">\n\t\t\t\t\t<div class=\"elementor-column elementor-col-100 elementor-inner-column elementor-element elementor-element-b238b65\" data-id=\"b238b65\" data-element_type=\"column\" data-e-type=\"column\">\n\t\t\t<div class=\"elementor-widget-wrap elementor-element-populated\">\n\t\t\t\t\t\t<div class=\"elementor-element elementor-element-e52a3bf elementor-widget elementor-widget-hotspot\" data-id=\"e52a3bf\" data-element_type=\"widget\" data-e-type=\"widget\" data-settings=\"{&quot;hotspot&quot;:[{&quot;_id&quot;:&quot;b629176&quot;,&quot;hotspot_custom_size&quot;:&quot;&quot;,&quot;hotspot_tooltip_content&quot;:&quot;&lt;p&gt;1986 - Escola Superior de Reabilita\\u00e7\\u00e3o de Alcoit\\u00e3o&lt;br \\\/&gt;Curso de Fisioterapia 15 valores &lt;br \\\/&gt;2002 - Escola Superior de Reabilita\\u00e7\\u00e3o de Alcoit\\u00e3o&lt;br \\\/&gt;2o ciclo do curso Biet\\u00e1pico de Licenciatura,16 valores &lt;br \\\/&gt;Desde 2001 at\\u00e9 \\u00e0 presente data - Fisiotrauma, Lda Administrador &lt;br \\\/&gt;De 1987 a 2000 - Gabinete de Fisioterapia no Desporto em Oeiras S\\u00f3cio gerente e Fisioterapeuta &lt;br \\\/&gt;De 1987 a 1999 - Hospital Egas Moniz&lt;br \\\/&gt;Respons\\u00e1vel da \\u00e1rea: neurocir\\u00fargicas cardiorrespirat\\u00f3rias;&lt;br \\\/&gt;de orto-traumatologia, musculo-esquel\\u00e9ticas, hidroterapia. &lt;br \\\/&gt;De 1991 a 1994 - Escola Superior de Tecnologias da Sa\\u00fade de Coimbra, Escola de Reabilita\\u00e7\\u00e3o de Alcoit\\u00e3o, lessinando: \\u201cLigaduras funcionais\\u201d, \\u201cT\\u00e9cnicas de avalia\\u00e7\\u00e3o e interven\\u00e7\\u00e3o em Fisioterapia\\u201d, \\u201cFisioterapia em ortopedia\\u201d, \\u201cFisioterapia em neurologia\\u201d, \\u201cModelos e metodologias de interven\\u00e7\\u00e3o \\u2013 traumatismos cranianos\\u201d.&lt;\\\/p&gt;&quot;,&quot;hotspot_offset_x&quot;:{&quot;unit&quot;:&quot;%&quot;,&quot;size&quot;:95,&quot;sizes&quot;:[]},&quot;hotspot_offset_y&quot;:{&quot;unit&quot;:&quot;%&quot;,&quot;size&quot;:95,&quot;sizes&quot;:[]},&quot;hotspot_icon&quot;:{&quot;value&quot;:&quot;fas fa-plus-circle&quot;,&quot;library&quot;:&quot;fa-solid&quot;},&quot;hotspot_label&quot;:&quot;&quot;,&quot;hotspot_link&quot;:{&quot;url&quot;:&quot;&quot;,&quot;is_external&quot;:&quot;&quot;,&quot;nofollow&quot;:&quot;&quot;,&quot;custom_attributes&quot;:&quot;&quot;},&quot;hotspot_horizontal&quot;:&quot;left&quot;,&quot;hotspot_vertical&quot;:&quot;top&quot;,&quot;hotspot_tooltip_position&quot;:&quot;no&quot;,&quot;hotspot_position&quot;:null}],&quot;tooltip_position_mobile&quot;:&quot;right&quot;,&quot;hotspot_sequenced_animation&quot;:&quot;no&quot;,&quot;tooltip_position&quot;:&quot;top&quot;,&quot;tooltip_trigger&quot;:&quot;click&quot;,&quot;tooltip_animation&quot;:&quot;e-hotspot--fade-in-out&quot;}\" data-widget_type=\"hotspot.default\">\n\t\t\t\t<div class=\"elementor-widget-container\">\n\t\t\t\t\t<img loading=\"lazy\" decoding=\"async\" width=\"550\" height=\"383\" src=\"https:\/\/staging.ordemdosfisioterapeutas.pt\/wp-content\/uploads\/2023\/06\/44_nuno_morais_CG.png\" class=\"attachment-large size-large wp-image-6094\" alt=\"\" srcset=\"https:\/\/staging.ordemdosfisioterapeutas.pt\/wp-content\/uploads\/2023\/06\/44_nuno_morais_CG.png 550w, https:\/\/staging.ordemdosfisioterapeutas.pt\/wp-content\/uploads\/2023\/06\/44_nuno_morais_CG-300x209.png 300w, https:\/\/staging.ordemdosfisioterapeutas.pt\/wp-content\/uploads\/2023\/06\/44_nuno_morais_CG-18x12.png 18w\" sizes=\"(max-width: 550px) 100vw, 550px\" \/>\n\t\t\t\t\t\t<div class=\"e-hotspot elementor-repeater-item-b629176  e-hotspot--position-left e-hotspot--position-top   e-hotspot--icon\">\n\n\t\t\t\t\t\t\t\t<div class=\"e-hotspot__button e-hotspot--expand\">\n\t\t\t\t\t\t\t\t\t\t\t\t\t\t\t\t\t\t<div class=\"e-hotspot__icon\"><i class=\"fas fa-plus-circle\"><\/i><\/div>\n\t\t\t\t\t\t\t\t\t\t\t\t\t\t\t\t\t\t\t\t\t<\/div>\n\n\t\t\t\t\t\t\t\t\t\t\t\t\t\t\t\t\t\t<div class=\"e-hotspot__tooltip  e-hotspot--tooltip-position e-hotspot--fade-in-out \" >\n\t\t\t\t\t\t<p>1986 - Escola Superior de Reabilita\u00e7\u00e3o de Alcoit\u00e3o<br \/>Curso de Fisioterapia 15 valores <br \/>2002 - Escola Superior de Reabilita\u00e7\u00e3o de Alcoit\u00e3o<br \/>2o ciclo do curso Biet\u00e1pico de Licenciatura,16 valores <br \/>Desde 2001 at\u00e9 \u00e0 presente data - Fisiotrauma, Lda Administrador <br \/>De 1987 a 2000 - Gabinete de Fisioterapia no Desporto em Oeiras S\u00f3cio gerente e Fisioterapeuta <br \/>De 1987 a 1999 - Hospital Egas Moniz<br \/>Respons\u00e1vel da \u00e1rea: neurocir\u00fargicas cardiorrespirat\u00f3rias;<br \/>de orto-traumatologia, musculo-esquel\u00e9ticas, hidroterapia. <br \/>De 1991 a 1994 - Escola Superior de Tecnologias da Sa\u00fade de Coimbra, Escola de Reabilita\u00e7\u00e3o de Alcoit\u00e3o, lessinando: \u201cLigaduras funcionais\u201d, \u201cT\u00e9cnicas de avalia\u00e7\u00e3o e interven\u00e7\u00e3o em Fisioterapia\u201d, \u201cFisioterapia em ortopedia\u201d, \u201cFisioterapia em neurologia\u201d, \u201cModelos e metodologias de interven\u00e7\u00e3o \u2013 traumatismos cranianos\u201d.<\/p>\t\t\t\t\t<\/div>\n\t\t\t\t\t\t\t\t\t\n\t\t\t<\/div>\n\n\t\n\t\t\t\t\t\t<\/div>\n\t\t\t\t<\/div>\n\t\t\t\t<div class=\"elementor-element elementor-element-73392e4 elementor-widget elementor-widget-heading\" data-id=\"73392e4\" data-element_type=\"widget\" data-e-type=\"widget\" data-widget_type=\"heading.default\">\n\t\t\t\t<div class=\"elementor-widget-container\">\n\t\t\t\t\t<h2 class=\"elementor-heading-title elementor-size-default\">Nuno Morais<\/h2>\t\t\t\t<\/div>\n\t\t\t\t<\/div>\n\t\t\t\t<div class=\"elementor-element elementor-element-9917a61 elementor-widget elementor-widget-text-editor\" data-id=\"9917a61\" data-element_type=\"widget\" data-e-type=\"widget\" data-widget_type=\"text-editor.default\">\n\t\t\t\t<div class=\"elementor-widget-container\">\n\t\t\t\t\t\t\t\t\t<p style=\"text-align: center;\">Conselheiro<\/p>\t\t\t\t\t\t\t\t<\/div>\n\t\t\t\t<\/div>\n\t\t\t\t<div class=\"elementor-element elementor-element-a098609 elementor-widget elementor-widget-text-editor\" data-id=\"a098609\" data-element_type=\"widget\" data-e-type=\"widget\" data-widget_type=\"text-editor.default\">\n\t\t\t\t<div class=\"elementor-widget-container\">\n\t\t\t\t\t\t\t\t\t<p style=\"text-align: center;\">C\u00e9dula n.\u00ba: 2382<\/p>\t\t\t\t\t\t\t\t<\/div>\n\t\t\t\t<\/div>\n\t\t\t\t\t<\/div>\n\t\t<\/div>\n\t\t\t\t\t<\/div>\n\t\t<\/section>\n\t\t\t\t\t<\/div>\n\t\t<\/div>\n\t\t\t\t<div class=\"elementor-column elementor-col-20 elementor-top-column elementor-element elementor-element-34536a1\" data-id=\"34536a1\" data-element_type=\"column\" data-e-type=\"column\">\n\t\t\t<div class=\"elementor-widget-wrap elementor-element-populated\">\n\t\t\t\t\t\t<section class=\"elementor-section elementor-inner-section elementor-element elementor-element-4cd1f9b elementor-section-boxed elementor-section-height-default elementor-section-height-default\" data-id=\"4cd1f9b\" data-element_type=\"section\" data-e-type=\"section\">\n\t\t\t\t\t\t<div class=\"elementor-container elementor-column-gap-default\">\n\t\t\t\t\t<div class=\"elementor-column elementor-col-100 elementor-inner-column elementor-element elementor-element-b625a79\" data-id=\"b625a79\" data-element_type=\"column\" data-e-type=\"column\">\n\t\t\t<div class=\"elementor-widget-wrap elementor-element-populated\">\n\t\t\t\t\t\t<div class=\"elementor-element elementor-element-fb5df80 elementor-widget elementor-widget-hotspot\" data-id=\"fb5df80\" data-element_type=\"widget\" data-e-type=\"widget\" data-settings=\"{&quot;hotspot&quot;:[{&quot;_id&quot;:&quot;b629176&quot;,&quot;hotspot_custom_size&quot;:&quot;&quot;,&quot;hotspot_tooltip_content&quot;:&quot;&lt;p&gt;Fisioterapeuta desde 2004, com experi\\u00eancia profissional em contexto de cl\\u00ednica, ERPI, RNCCI e pr\\u00e1tica privada. Licenciada pela ESS de Set\\u00fabal, Mestre em treino de alto rendimento pela FMH. Atualmente a exercer atividade de docente na ESALD e de fisioterapeuta na RNCCI.&lt;\\\/p&gt;&quot;,&quot;hotspot_offset_x&quot;:{&quot;unit&quot;:&quot;%&quot;,&quot;size&quot;:95,&quot;sizes&quot;:[]},&quot;hotspot_offset_y&quot;:{&quot;unit&quot;:&quot;%&quot;,&quot;size&quot;:95,&quot;sizes&quot;:[]},&quot;hotspot_icon&quot;:{&quot;value&quot;:&quot;fas fa-plus-circle&quot;,&quot;library&quot;:&quot;fa-solid&quot;},&quot;hotspot_label&quot;:&quot;&quot;,&quot;hotspot_link&quot;:{&quot;url&quot;:&quot;&quot;,&quot;is_external&quot;:&quot;&quot;,&quot;nofollow&quot;:&quot;&quot;,&quot;custom_attributes&quot;:&quot;&quot;},&quot;hotspot_horizontal&quot;:&quot;left&quot;,&quot;hotspot_vertical&quot;:&quot;top&quot;,&quot;hotspot_tooltip_position&quot;:&quot;no&quot;,&quot;hotspot_position&quot;:null}],&quot;tooltip_position_mobile&quot;:&quot;right&quot;,&quot;hotspot_sequenced_animation&quot;:&quot;no&quot;,&quot;tooltip_position&quot;:&quot;top&quot;,&quot;tooltip_trigger&quot;:&quot;click&quot;,&quot;tooltip_animation&quot;:&quot;e-hotspot--fade-in-out&quot;}\" data-widget_type=\"hotspot.default\">\n\t\t\t\t<div class=\"elementor-widget-container\">\n\t\t\t\t\t<img loading=\"lazy\" decoding=\"async\" width=\"550\" height=\"383\" src=\"https:\/\/staging.ordemdosfisioterapeutas.pt\/wp-content\/uploads\/2023\/06\/45_vanessa_alpalhao_CG.png\" class=\"attachment-large size-large wp-image-6095\" alt=\"\" srcset=\"https:\/\/staging.ordemdosfisioterapeutas.pt\/wp-content\/uploads\/2023\/06\/45_vanessa_alpalhao_CG.png 550w, https:\/\/staging.ordemdosfisioterapeutas.pt\/wp-content\/uploads\/2023\/06\/45_vanessa_alpalhao_CG-300x209.png 300w, https:\/\/staging.ordemdosfisioterapeutas.pt\/wp-content\/uploads\/2023\/06\/45_vanessa_alpalhao_CG-18x12.png 18w\" sizes=\"(max-width: 550px) 100vw, 550px\" \/>\n\t\t\t\t\t\t<div class=\"e-hotspot elementor-repeater-item-b629176  e-hotspot--position-left e-hotspot--position-top   e-hotspot--icon\">\n\n\t\t\t\t\t\t\t\t<div class=\"e-hotspot__button e-hotspot--expand\">\n\t\t\t\t\t\t\t\t\t\t\t\t\t\t\t\t\t\t<div class=\"e-hotspot__icon\"><i class=\"fas fa-plus-circle\"><\/i><\/div>\n\t\t\t\t\t\t\t\t\t\t\t\t\t\t\t\t\t\t\t\t\t<\/div>\n\n\t\t\t\t\t\t\t\t\t\t\t\t\t\t\t\t\t\t<div class=\"e-hotspot__tooltip  e-hotspot--tooltip-position e-hotspot--fade-in-out \" >\n\t\t\t\t\t\t<p>Fisioterapeuta desde 2004, com experi\u00eancia profissional em contexto de cl\u00ednica, ERPI, RNCCI e pr\u00e1tica privada. Licenciada pela ESS de Set\u00fabal, Mestre em treino de alto rendimento pela FMH. Atualmente a exercer atividade de docente na ESALD e de fisioterapeuta na RNCCI.<\/p>\t\t\t\t\t<\/div>\n\t\t\t\t\t\t\t\t\t\n\t\t\t<\/div>\n\n\t\n\t\t\t\t\t\t<\/div>\n\t\t\t\t<\/div>\n\t\t\t\t<div class=\"elementor-element elementor-element-5374523 elementor-widget elementor-widget-heading\" data-id=\"5374523\" data-element_type=\"widget\" data-e-type=\"widget\" data-widget_type=\"heading.default\">\n\t\t\t\t<div class=\"elementor-widget-container\">\n\t\t\t\t\t<h2 class=\"elementor-heading-title elementor-size-default\">Vanessa Alpalh\u00e3o<\/h2>\t\t\t\t<\/div>\n\t\t\t\t<\/div>\n\t\t\t\t<div class=\"elementor-element elementor-element-55cecbf elementor-widget elementor-widget-text-editor\" data-id=\"55cecbf\" data-element_type=\"widget\" data-e-type=\"widget\" data-widget_type=\"text-editor.default\">\n\t\t\t\t<div class=\"elementor-widget-container\">\n\t\t\t\t\t\t\t\t\t<p style=\"text-align: center;\">Conselheira<\/p>\t\t\t\t\t\t\t\t<\/div>\n\t\t\t\t<\/div>\n\t\t\t\t<div class=\"elementor-element elementor-element-71cffee elementor-widget elementor-widget-text-editor\" data-id=\"71cffee\" data-element_type=\"widget\" data-e-type=\"widget\" data-widget_type=\"text-editor.default\">\n\t\t\t\t<div class=\"elementor-widget-container\">\n\t\t\t\t\t\t\t\t\t<p style=\"text-align: center;\">C\u00e9dula n.\u00ba: 1705<\/p>\t\t\t\t\t\t\t\t<\/div>\n\t\t\t\t<\/div>\n\t\t\t\t\t<\/div>\n\t\t<\/div>\n\t\t\t\t\t<\/div>\n\t\t<\/section>\n\t\t\t\t\t<\/div>\n\t\t<\/div>\n\t\t\t\t<div class=\"elementor-column elementor-col-20 elementor-top-column elementor-element elementor-element-a4440b0\" data-id=\"a4440b0\" data-element_type=\"column\" data-e-type=\"column\">\n\t\t\t<div class=\"elementor-widget-wrap elementor-element-populated\">\n\t\t\t\t\t\t<section class=\"elementor-section elementor-inner-section elementor-element elementor-element-873816a elementor-section-boxed elementor-section-height-default elementor-section-height-default\" data-id=\"873816a\" data-element_type=\"section\" data-e-type=\"section\">\n\t\t\t\t\t\t<div class=\"elementor-container elementor-column-gap-default\">\n\t\t\t\t\t<div class=\"elementor-column elementor-col-100 elementor-inner-column elementor-element elementor-element-c7d965c\" data-id=\"c7d965c\" data-element_type=\"column\" data-e-type=\"column\">\n\t\t\t<div class=\"elementor-widget-wrap elementor-element-populated\">\n\t\t\t\t\t\t<div class=\"elementor-element elementor-element-0ed6549 elementor-widget elementor-widget-hotspot\" data-id=\"0ed6549\" data-element_type=\"widget\" data-e-type=\"widget\" data-settings=\"{&quot;hotspot&quot;:[{&quot;_id&quot;:&quot;b629176&quot;,&quot;hotspot_custom_size&quot;:&quot;&quot;,&quot;hotspot_tooltip_content&quot;:&quot;&lt;p style=\\&quot;font-weight: 400;\\&quot;&gt;Bacharelato em Fisioterapia, ESSAlcoit\\u00e3o (1994-1997) . Licenciatura em Fisioterapia, ESSAlcoit\\u00e3o (2003-2005) . Mestrado em Fisioterapia, \\u00e1rea de especializa\\u00e7\\u00e3o em Musculo-Esquel\\u00e9tica, ESS-IPSet\\u00fabal em associa\\u00e7\\u00e3o com a Faculdade de Ci\\u00eancias M\\u00e9dicas e a Escola Nacional de Sa\\u00fade P\\u00fablica da Universidade Nova de Lisboa (2015-2019) . Fisioterapeuta e Gerente de uma rede de Unidades Privadas de Fisioterapia \\u2013 Physioclem (2002-presente)&lt;\\\/p&gt;&quot;,&quot;hotspot_offset_x&quot;:{&quot;unit&quot;:&quot;%&quot;,&quot;size&quot;:95,&quot;sizes&quot;:[]},&quot;hotspot_offset_y&quot;:{&quot;unit&quot;:&quot;%&quot;,&quot;size&quot;:95,&quot;sizes&quot;:[]},&quot;hotspot_icon&quot;:{&quot;value&quot;:&quot;fas fa-plus-circle&quot;,&quot;library&quot;:&quot;fa-solid&quot;},&quot;hotspot_label&quot;:&quot;&quot;,&quot;hotspot_link&quot;:{&quot;url&quot;:&quot;&quot;,&quot;is_external&quot;:&quot;&quot;,&quot;nofollow&quot;:&quot;&quot;,&quot;custom_attributes&quot;:&quot;&quot;},&quot;hotspot_horizontal&quot;:&quot;left&quot;,&quot;hotspot_vertical&quot;:&quot;top&quot;,&quot;hotspot_tooltip_position&quot;:&quot;no&quot;,&quot;hotspot_position&quot;:null}],&quot;tooltip_position_mobile&quot;:&quot;right&quot;,&quot;hotspot_sequenced_animation&quot;:&quot;no&quot;,&quot;tooltip_position&quot;:&quot;top&quot;,&quot;tooltip_trigger&quot;:&quot;click&quot;,&quot;tooltip_animation&quot;:&quot;e-hotspot--fade-in-out&quot;}\" data-widget_type=\"hotspot.default\">\n\t\t\t\t<div class=\"elementor-widget-container\">\n\t\t\t\t\t<img loading=\"lazy\" decoding=\"async\" width=\"550\" height=\"383\" src=\"https:\/\/staging.ordemdosfisioterapeutas.pt\/wp-content\/uploads\/2023\/06\/WhatsApp-Image-2023-06-16-at-11.33.18.jpeg\" class=\"attachment-large size-large wp-image-6174\" alt=\"\" srcset=\"https:\/\/staging.ordemdosfisioterapeutas.pt\/wp-content\/uploads\/2023\/06\/WhatsApp-Image-2023-06-16-at-11.33.18.jpeg 550w, https:\/\/staging.ordemdosfisioterapeutas.pt\/wp-content\/uploads\/2023\/06\/WhatsApp-Image-2023-06-16-at-11.33.18-300x209.jpeg 300w, https:\/\/staging.ordemdosfisioterapeutas.pt\/wp-content\/uploads\/2023\/06\/WhatsApp-Image-2023-06-16-at-11.33.18-18x12.jpeg 18w\" sizes=\"(max-width: 550px) 100vw, 550px\" \/>\n\t\t\t\t\t\t<div class=\"e-hotspot elementor-repeater-item-b629176  e-hotspot--position-left e-hotspot--position-top   e-hotspot--icon\">\n\n\t\t\t\t\t\t\t\t<div class=\"e-hotspot__button e-hotspot--expand\">\n\t\t\t\t\t\t\t\t\t\t\t\t\t\t\t\t\t\t<div class=\"e-hotspot__icon\"><i class=\"fas fa-plus-circle\"><\/i><\/div>\n\t\t\t\t\t\t\t\t\t\t\t\t\t\t\t\t\t\t\t\t\t<\/div>\n\n\t\t\t\t\t\t\t\t\t\t\t\t\t\t\t\t\t\t<div class=\"e-hotspot__tooltip  e-hotspot--tooltip-position e-hotspot--fade-in-out \" >\n\t\t\t\t\t\t<p style=\"font-weight: 400;\">Bacharelato em Fisioterapia, ESSAlcoit\u00e3o (1994-1997) . Licenciatura em Fisioterapia, ESSAlcoit\u00e3o (2003-2005) . Mestrado em Fisioterapia, \u00e1rea de especializa\u00e7\u00e3o em Musculo-Esquel\u00e9tica, ESS-IPSet\u00fabal em associa\u00e7\u00e3o com a Faculdade de Ci\u00eancias M\u00e9dicas e a Escola Nacional de Sa\u00fade P\u00fablica da Universidade Nova de Lisboa (2015-2019) . Fisioterapeuta e Gerente de uma rede de Unidades Privadas de Fisioterapia \u2013 Physioclem (2002-presente)<\/p>\t\t\t\t\t<\/div>\n\t\t\t\t\t\t\t\t\t\n\t\t\t<\/div>\n\n\t\n\t\t\t\t\t\t<\/div>\n\t\t\t\t<\/div>\n\t\t\t\t<div class=\"elementor-element elementor-element-6e19854 elementor-widget elementor-widget-heading\" data-id=\"6e19854\" data-element_type=\"widget\" data-e-type=\"widget\" data-widget_type=\"heading.default\">\n\t\t\t\t<div class=\"elementor-widget-container\">\n\t\t\t\t\t<h2 class=\"elementor-heading-title elementor-size-default\">Marco Clemente<\/h2>\t\t\t\t<\/div>\n\t\t\t\t<\/div>\n\t\t\t\t<div class=\"elementor-element elementor-element-b291ada elementor-widget elementor-widget-text-editor\" data-id=\"b291ada\" data-element_type=\"widget\" data-e-type=\"widget\" data-widget_type=\"text-editor.default\">\n\t\t\t\t<div class=\"elementor-widget-container\">\n\t\t\t\t\t\t\t\t\t<p style=\"text-align: center;\">Conselheiro<\/p>\t\t\t\t\t\t\t\t<\/div>\n\t\t\t\t<\/div>\n\t\t\t\t<div class=\"elementor-element elementor-element-4fc50f2 elementor-widget elementor-widget-text-editor\" data-id=\"4fc50f2\" data-element_type=\"widget\" data-e-type=\"widget\" data-widget_type=\"text-editor.default\">\n\t\t\t\t<div class=\"elementor-widget-container\">\n\t\t\t\t\t\t\t\t\t<p style=\"text-align: center;\">C\u00e9dula n.\u00ba: 1165<\/p>\t\t\t\t\t\t\t\t<\/div>\n\t\t\t\t<\/div>\n\t\t\t\t\t<\/div>\n\t\t<\/div>\n\t\t\t\t\t<\/div>\n\t\t<\/section>\n\t\t\t\t\t<\/div>\n\t\t<\/div>\n\t\t\t\t<div class=\"elementor-column elementor-col-20 elementor-top-column elementor-element elementor-element-b2c9f69\" data-id=\"b2c9f69\" data-element_type=\"column\" data-e-type=\"column\">\n\t\t\t<div class=\"elementor-widget-wrap elementor-element-populated\">\n\t\t\t\t\t\t<section class=\"elementor-section elementor-inner-section elementor-element elementor-element-f7761e1 elementor-section-boxed elementor-section-height-default elementor-section-height-default\" data-id=\"f7761e1\" data-element_type=\"section\" data-e-type=\"section\">\n\t\t\t\t\t\t<div class=\"elementor-container elementor-column-gap-default\">\n\t\t\t\t\t<div class=\"elementor-column elementor-col-100 elementor-inner-column elementor-element elementor-element-7f62607\" data-id=\"7f62607\" data-element_type=\"column\" data-e-type=\"column\">\n\t\t\t<div class=\"elementor-widget-wrap elementor-element-populated\">\n\t\t\t\t\t\t<div class=\"elementor-element elementor-element-a986984 elementor-widget elementor-widget-hotspot\" data-id=\"a986984\" data-element_type=\"widget\" data-e-type=\"widget\" data-settings=\"{&quot;hotspot&quot;:[{&quot;_id&quot;:&quot;b629176&quot;,&quot;hotspot_custom_size&quot;:&quot;&quot;,&quot;hotspot_tooltip_content&quot;:&quot;&lt;p&gt;Curso de Fisioterapia (ESSA 1991); Licenciatura em Fisioterapia (ESS IPSet\\u00fabal 2009); Fisioterapeuta SubCoordenador do HDESPD EPER (desde 2011); Conselheiro do Conselho Regional de Sa\\u00fade dos A\\u00e7ores (2017-2019); Presidente da C. Instaladora da Regi\\u00e3o A\\u00e7ores da APFISIO (2018-2022); Membro da Dire\\u00e7\\u00e3o do Sindicato dos Fisioterapeutas Portugueses (2019-2021); Presidente da C. Organizadora do 1\\u00ba Congresso de Fisioterapia do Atl\\u00e2ntico (2018).&lt;\\\/p&gt;&quot;,&quot;hotspot_offset_x&quot;:{&quot;unit&quot;:&quot;%&quot;,&quot;size&quot;:95,&quot;sizes&quot;:[]},&quot;hotspot_offset_y&quot;:{&quot;unit&quot;:&quot;%&quot;,&quot;size&quot;:95,&quot;sizes&quot;:[]},&quot;hotspot_icon&quot;:{&quot;value&quot;:&quot;fas fa-plus-circle&quot;,&quot;library&quot;:&quot;fa-solid&quot;},&quot;hotspot_label&quot;:&quot;&quot;,&quot;hotspot_link&quot;:{&quot;url&quot;:&quot;&quot;,&quot;is_external&quot;:&quot;&quot;,&quot;nofollow&quot;:&quot;&quot;,&quot;custom_attributes&quot;:&quot;&quot;},&quot;hotspot_horizontal&quot;:&quot;left&quot;,&quot;hotspot_vertical&quot;:&quot;top&quot;,&quot;hotspot_tooltip_position&quot;:&quot;no&quot;,&quot;hotspot_position&quot;:null}],&quot;tooltip_position_mobile&quot;:&quot;right&quot;,&quot;hotspot_sequenced_animation&quot;:&quot;no&quot;,&quot;tooltip_position&quot;:&quot;top&quot;,&quot;tooltip_trigger&quot;:&quot;click&quot;,&quot;tooltip_animation&quot;:&quot;e-hotspot--fade-in-out&quot;}\" data-widget_type=\"hotspot.default\">\n\t\t\t\t<div class=\"elementor-widget-container\">\n\t\t\t\t\t<img loading=\"lazy\" decoding=\"async\" width=\"550\" height=\"383\" src=\"https:\/\/staging.ordemdosfisioterapeutas.pt\/wp-content\/uploads\/2023\/06\/47_manuel-medeiros_CG.png\" class=\"attachment-large size-large wp-image-6069\" alt=\"\" srcset=\"https:\/\/staging.ordemdosfisioterapeutas.pt\/wp-content\/uploads\/2023\/06\/47_manuel-medeiros_CG.png 550w, https:\/\/staging.ordemdosfisioterapeutas.pt\/wp-content\/uploads\/2023\/06\/47_manuel-medeiros_CG-300x209.png 300w, https:\/\/staging.ordemdosfisioterapeutas.pt\/wp-content\/uploads\/2023\/06\/47_manuel-medeiros_CG-18x12.png 18w\" sizes=\"(max-width: 550px) 100vw, 550px\" \/>\n\t\t\t\t\t\t<div class=\"e-hotspot elementor-repeater-item-b629176  e-hotspot--position-left e-hotspot--position-top   e-hotspot--icon\">\n\n\t\t\t\t\t\t\t\t<div class=\"e-hotspot__button e-hotspot--expand\">\n\t\t\t\t\t\t\t\t\t\t\t\t\t\t\t\t\t\t<div class=\"e-hotspot__icon\"><i class=\"fas fa-plus-circle\"><\/i><\/div>\n\t\t\t\t\t\t\t\t\t\t\t\t\t\t\t\t\t\t\t\t\t<\/div>\n\n\t\t\t\t\t\t\t\t\t\t\t\t\t\t\t\t\t\t<div class=\"e-hotspot__tooltip  e-hotspot--tooltip-position e-hotspot--fade-in-out \" >\n\t\t\t\t\t\t<p>Curso de Fisioterapia (ESSA 1991); Licenciatura em Fisioterapia (ESS IPSet\u00fabal 2009); Fisioterapeuta SubCoordenador do HDESPD EPER (desde 2011); Conselheiro do Conselho Regional de Sa\u00fade dos A\u00e7ores (2017-2019); Presidente da C. Instaladora da Regi\u00e3o A\u00e7ores da APFISIO (2018-2022); Membro da Dire\u00e7\u00e3o do Sindicato dos Fisioterapeutas Portugueses (2019-2021); Presidente da C. Organizadora do 1\u00ba Congresso de Fisioterapia do Atl\u00e2ntico (2018).<\/p>\t\t\t\t\t<\/div>\n\t\t\t\t\t\t\t\t\t\n\t\t\t<\/div>\n\n\t\n\t\t\t\t\t\t<\/div>\n\t\t\t\t<\/div>\n\t\t\t\t<div class=\"elementor-element elementor-element-26bcd3e elementor-widget elementor-widget-heading\" data-id=\"26bcd3e\" data-element_type=\"widget\" data-e-type=\"widget\" data-widget_type=\"heading.default\">\n\t\t\t\t<div class=\"elementor-widget-container\">\n\t\t\t\t\t<h2 class=\"elementor-heading-title elementor-size-default\">Francisco Medeiros<\/h2>\t\t\t\t<\/div>\n\t\t\t\t<\/div>\n\t\t\t\t<div class=\"elementor-element elementor-element-11e6393 elementor-widget elementor-widget-text-editor\" data-id=\"11e6393\" data-element_type=\"widget\" data-e-type=\"widget\" data-widget_type=\"text-editor.default\">\n\t\t\t\t<div class=\"elementor-widget-container\">\n\t\t\t\t\t\t\t\t\t<p style=\"text-align: center;\">Conselheiro<\/p>\t\t\t\t\t\t\t\t<\/div>\n\t\t\t\t<\/div>\n\t\t\t\t<div class=\"elementor-element elementor-element-5dff5ed elementor-widget elementor-widget-text-editor\" data-id=\"5dff5ed\" data-element_type=\"widget\" data-e-type=\"widget\" data-widget_type=\"text-editor.default\">\n\t\t\t\t<div class=\"elementor-widget-container\">\n\t\t\t\t\t\t\t\t\t<p style=\"text-align: center;\">C\u00e9dula n.\u00ba: 3119<\/p>\t\t\t\t\t\t\t\t<\/div>\n\t\t\t\t<\/div>\n\t\t\t\t\t<\/div>\n\t\t<\/div>\n\t\t\t\t\t<\/div>\n\t\t<\/section>\n\t\t\t\t\t<\/div>\n\t\t<\/div>\n\t\t\t\t<div class=\"elementor-column elementor-col-20 elementor-top-column elementor-element elementor-element-68bb8c4\" data-id=\"68bb8c4\" data-element_type=\"column\" data-e-type=\"column\">\n\t\t\t<div class=\"elementor-widget-wrap elementor-element-populated\">\n\t\t\t\t\t\t<section class=\"elementor-section elementor-inner-section elementor-element elementor-element-66e192a elementor-section-boxed elementor-section-height-default elementor-section-height-default\" data-id=\"66e192a\" data-element_type=\"section\" data-e-type=\"section\">\n\t\t\t\t\t\t<div class=\"elementor-container elementor-column-gap-default\">\n\t\t\t\t\t<div class=\"elementor-column elementor-col-100 elementor-inner-column elementor-element elementor-element-02b40a1\" data-id=\"02b40a1\" data-element_type=\"column\" data-e-type=\"column\">\n\t\t\t<div class=\"elementor-widget-wrap elementor-element-populated\">\n\t\t\t\t\t\t<div class=\"elementor-element elementor-element-b250c7a elementor-widget elementor-widget-hotspot\" data-id=\"b250c7a\" data-element_type=\"widget\" data-e-type=\"widget\" data-settings=\"{&quot;hotspot&quot;:[{&quot;_id&quot;:&quot;b629176&quot;,&quot;hotspot_custom_size&quot;:&quot;&quot;,&quot;hotspot_tooltip_content&quot;:&quot;&lt;p&gt;Fisioterapeuta desde 1989 com Licenciatura em Fisioterapia pela ESTES Coimbra desde 1999.&lt;br \\\/&gt;Trabalou no Centro de Reabilita\\u00e7\\u00e3o de Paralisia Cerebral de Coimbra entre 1989 e 1999. De 1999 \\u00e0 atualidade trabalha nos CSP - Centro de Sa\\u00fade de Viseu 3, onde, al\\u00e9m das fun\\u00e7\\u00f5es de fisioterapeuta, exerceu fun\\u00e7\\u00f5es de coordena\\u00e7\\u00e3o da URAP D\\u00e3o Laf\\u00f5es, exercendo presentemente fun\\u00e7\\u00f5es de coordenador de fisioterapeutas do ACES D\\u00e3o Laf\\u00f5es.&lt;br \\\/&gt;Colabora como formador em est\\u00e1gios das licenciaturas em Fisioterapia da ESTES Coimbra e da Universidade de Aveiro.&lt;br \\\/&gt;Colaborou em grupos de trabalho no Minist\\u00e9rio da Sa\\u00fade no \\u00e2mbito da Fisioterapia nos CSP e no \\u00e2mbito da reforma dos CSP.&lt;\\\/p&gt;&quot;,&quot;hotspot_offset_x&quot;:{&quot;unit&quot;:&quot;%&quot;,&quot;size&quot;:95,&quot;sizes&quot;:[]},&quot;hotspot_offset_y&quot;:{&quot;unit&quot;:&quot;%&quot;,&quot;size&quot;:95,&quot;sizes&quot;:[]},&quot;hotspot_icon&quot;:{&quot;value&quot;:&quot;fas fa-plus-circle&quot;,&quot;library&quot;:&quot;fa-solid&quot;},&quot;hotspot_label&quot;:&quot;&quot;,&quot;hotspot_link&quot;:{&quot;url&quot;:&quot;&quot;,&quot;is_external&quot;:&quot;&quot;,&quot;nofollow&quot;:&quot;&quot;,&quot;custom_attributes&quot;:&quot;&quot;},&quot;hotspot_horizontal&quot;:&quot;left&quot;,&quot;hotspot_vertical&quot;:&quot;top&quot;,&quot;hotspot_tooltip_position&quot;:&quot;no&quot;,&quot;hotspot_position&quot;:null}],&quot;tooltip_position_mobile&quot;:&quot;right&quot;,&quot;tooltip_position&quot;:&quot;right&quot;,&quot;hotspot_sequenced_animation&quot;:&quot;no&quot;,&quot;tooltip_trigger&quot;:&quot;click&quot;,&quot;tooltip_animation&quot;:&quot;e-hotspot--fade-in-out&quot;}\" data-widget_type=\"hotspot.default\">\n\t\t\t\t<div class=\"elementor-widget-container\">\n\t\t\t\t\t<img loading=\"lazy\" decoding=\"async\" width=\"550\" height=\"383\" src=\"https:\/\/staging.ordemdosfisioterapeutas.pt\/wp-content\/uploads\/2023\/06\/48_paulo_pereira_CG.png\" class=\"attachment-large size-large wp-image-6097\" alt=\"\" srcset=\"https:\/\/staging.ordemdosfisioterapeutas.pt\/wp-content\/uploads\/2023\/06\/48_paulo_pereira_CG.png 550w, https:\/\/staging.ordemdosfisioterapeutas.pt\/wp-content\/uploads\/2023\/06\/48_paulo_pereira_CG-300x209.png 300w, https:\/\/staging.ordemdosfisioterapeutas.pt\/wp-content\/uploads\/2023\/06\/48_paulo_pereira_CG-18x12.png 18w\" sizes=\"(max-width: 550px) 100vw, 550px\" \/>\n\t\t\t\t\t\t<div class=\"e-hotspot elementor-repeater-item-b629176  e-hotspot--position-left e-hotspot--position-top   e-hotspot--icon\">\n\n\t\t\t\t\t\t\t\t<div class=\"e-hotspot__button e-hotspot--expand\">\n\t\t\t\t\t\t\t\t\t\t\t\t\t\t\t\t\t\t<div class=\"e-hotspot__icon\"><i class=\"fas fa-plus-circle\"><\/i><\/div>\n\t\t\t\t\t\t\t\t\t\t\t\t\t\t\t\t\t\t\t\t\t<\/div>\n\n\t\t\t\t\t\t\t\t\t\t\t\t\t\t\t\t\t\t<div class=\"e-hotspot__tooltip  e-hotspot--tooltip-position e-hotspot--fade-in-out \" >\n\t\t\t\t\t\t<p>Fisioterapeuta desde 1989 com Licenciatura em Fisioterapia pela ESTES Coimbra desde 1999.<br \/>Trabalou no Centro de Reabilita\u00e7\u00e3o de Paralisia Cerebral de Coimbra entre 1989 e 1999. De 1999 \u00e0 atualidade trabalha nos CSP - Centro de Sa\u00fade de Viseu 3, onde, al\u00e9m das fun\u00e7\u00f5es de fisioterapeuta, exerceu fun\u00e7\u00f5es de coordena\u00e7\u00e3o da URAP D\u00e3o Laf\u00f5es, exercendo presentemente fun\u00e7\u00f5es de coordenador de fisioterapeutas do ACES D\u00e3o Laf\u00f5es.<br \/>Colabora como formador em est\u00e1gios das licenciaturas em Fisioterapia da ESTES Coimbra e da Universidade de Aveiro.<br \/>Colaborou em grupos de trabalho no Minist\u00e9rio da Sa\u00fade no \u00e2mbito da Fisioterapia nos CSP e no \u00e2mbito da reforma dos CSP.<\/p>\t\t\t\t\t<\/div>\n\t\t\t\t\t\t\t\t\t\n\t\t\t<\/div>\n\n\t\n\t\t\t\t\t\t<\/div>\n\t\t\t\t<\/div>\n\t\t\t\t<div class=\"elementor-element elementor-element-2366c92 elementor-widget elementor-widget-heading\" data-id=\"2366c92\" data-element_type=\"widget\" data-e-type=\"widget\" data-widget_type=\"heading.default\">\n\t\t\t\t<div class=\"elementor-widget-container\">\n\t\t\t\t\t<h2 class=\"elementor-heading-title elementor-size-default\">Paulo Jorge Pereira<\/h2>\t\t\t\t<\/div>\n\t\t\t\t<\/div>\n\t\t\t\t<div class=\"elementor-element elementor-element-ebd3a8f elementor-widget elementor-widget-text-editor\" data-id=\"ebd3a8f\" data-element_type=\"widget\" data-e-type=\"widget\" data-widget_type=\"text-editor.default\">\n\t\t\t\t<div class=\"elementor-widget-container\">\n\t\t\t\t\t\t\t\t\t<p style=\"text-align: center;\">Conselheiro<\/p>\t\t\t\t\t\t\t\t<\/div>\n\t\t\t\t<\/div>\n\t\t\t\t<div class=\"elementor-element elementor-element-d9062e2 elementor-widget elementor-widget-text-editor\" data-id=\"d9062e2\" data-element_type=\"widget\" data-e-type=\"widget\" data-widget_type=\"text-editor.default\">\n\t\t\t\t<div class=\"elementor-widget-container\">\n\t\t\t\t\t\t\t\t\t<p style=\"text-align: center;\">C\u00e9dula n.\u00ba: 242<\/p>\t\t\t\t\t\t\t\t<\/div>\n\t\t\t\t<\/div>\n\t\t\t\t\t<\/div>\n\t\t<\/div>\n\t\t\t\t\t<\/div>\n\t\t<\/section>\n\t\t\t\t\t<\/div>\n\t\t<\/div>\n\t\t\t\t\t<\/div>\n\t\t<\/section>\n\t\t\t\t<section class=\"elementor-section elementor-top-section elementor-element elementor-element-b7f3270 elementor-section-boxed elementor-section-height-default elementor-section-height-default\" data-id=\"b7f3270\" data-element_type=\"section\" data-e-type=\"section\">\n\t\t\t\t\t\t<div class=\"elementor-container elementor-column-gap-default\">\n\t\t\t\t\t<div class=\"elementor-column elementor-col-25 elementor-top-column elementor-element elementor-element-c68876c\" data-id=\"c68876c\" data-element_type=\"column\" data-e-type=\"column\">\n\t\t\t<div class=\"elementor-widget-wrap\">\n\t\t\t\t\t\t\t<\/div>\n\t\t<\/div>\n\t\t\t\t<div class=\"elementor-column elementor-col-25 elementor-top-column elementor-element elementor-element-e144cf2\" data-id=\"e144cf2\" data-element_type=\"column\" data-e-type=\"column\">\n\t\t\t<div class=\"elementor-widget-wrap elementor-element-populated\">\n\t\t\t\t\t\t<section class=\"elementor-section elementor-inner-section elementor-element elementor-element-db048ff elementor-section-boxed elementor-section-height-default elementor-section-height-default\" data-id=\"db048ff\" data-element_type=\"section\" data-e-type=\"section\">\n\t\t\t\t\t\t<div class=\"elementor-container elementor-column-gap-default\">\n\t\t\t\t\t<div class=\"elementor-column elementor-col-100 elementor-inner-column elementor-element elementor-element-170a3c5\" data-id=\"170a3c5\" data-element_type=\"column\" data-e-type=\"column\">\n\t\t\t<div class=\"elementor-widget-wrap elementor-element-populated\">\n\t\t\t\t\t\t<div class=\"elementor-element elementor-element-c3607e1 elementor-widget elementor-widget-hotspot\" data-id=\"c3607e1\" data-element_type=\"widget\" data-e-type=\"widget\" data-settings=\"{&quot;hotspot&quot;:[{&quot;_id&quot;:&quot;b629176&quot;,&quot;hotspot_custom_size&quot;:&quot;&quot;,&quot;hotspot_tooltip_content&quot;:&quot;&lt;p&gt;Fisioterapeuta licenciada desde 2018, a realizar Mestrado em Fisioterapia em Condi\\u00e7\\u00f5es M\\u00fasculo-Esquel\\u00e9ticas pela Escola Superior de Sa\\u00fade do Instituto Polit\\u00e9cnico de Set\\u00fabal. Pr\\u00e1tica cl\\u00ednica em contexto privado no \\u00e2mbito das Condi\\u00e7\\u00f5es M\\u00fasculo-Esquel\\u00e9ticas e Oncol\\u00f3gicas.&lt;\\\/p&gt;&quot;,&quot;hotspot_offset_x&quot;:{&quot;unit&quot;:&quot;%&quot;,&quot;size&quot;:95,&quot;sizes&quot;:[]},&quot;hotspot_offset_y&quot;:{&quot;unit&quot;:&quot;%&quot;,&quot;size&quot;:95,&quot;sizes&quot;:[]},&quot;hotspot_icon&quot;:{&quot;value&quot;:&quot;fas fa-plus-circle&quot;,&quot;library&quot;:&quot;fa-solid&quot;},&quot;hotspot_label&quot;:&quot;&quot;,&quot;hotspot_link&quot;:{&quot;url&quot;:&quot;&quot;,&quot;is_external&quot;:&quot;&quot;,&quot;nofollow&quot;:&quot;&quot;,&quot;custom_attributes&quot;:&quot;&quot;},&quot;hotspot_horizontal&quot;:&quot;left&quot;,&quot;hotspot_vertical&quot;:&quot;top&quot;,&quot;hotspot_tooltip_position&quot;:&quot;no&quot;,&quot;hotspot_position&quot;:null}],&quot;tooltip_position_mobile&quot;:&quot;right&quot;,&quot;hotspot_sequenced_animation&quot;:&quot;no&quot;,&quot;tooltip_position&quot;:&quot;top&quot;,&quot;tooltip_trigger&quot;:&quot;click&quot;,&quot;tooltip_animation&quot;:&quot;e-hotspot--fade-in-out&quot;}\" data-widget_type=\"hotspot.default\">\n\t\t\t\t<div class=\"elementor-widget-container\">\n\t\t\t\t\t<img loading=\"lazy\" decoding=\"async\" width=\"550\" height=\"383\" src=\"https:\/\/staging.ordemdosfisioterapeutas.pt\/wp-content\/uploads\/2023\/06\/49_catarina_lourenco_CG.png\" class=\"attachment-large size-large wp-image-6070\" alt=\"\" srcset=\"https:\/\/staging.ordemdosfisioterapeutas.pt\/wp-content\/uploads\/2023\/06\/49_catarina_lourenco_CG.png 550w, https:\/\/staging.ordemdosfisioterapeutas.pt\/wp-content\/uploads\/2023\/06\/49_catarina_lourenco_CG-300x209.png 300w, https:\/\/staging.ordemdosfisioterapeutas.pt\/wp-content\/uploads\/2023\/06\/49_catarina_lourenco_CG-18x12.png 18w\" sizes=\"(max-width: 550px) 100vw, 550px\" \/>\n\t\t\t\t\t\t<div class=\"e-hotspot elementor-repeater-item-b629176  e-hotspot--position-left e-hotspot--position-top   e-hotspot--icon\">\n\n\t\t\t\t\t\t\t\t<div class=\"e-hotspot__button e-hotspot--expand\">\n\t\t\t\t\t\t\t\t\t\t\t\t\t\t\t\t\t\t<div class=\"e-hotspot__icon\"><i class=\"fas fa-plus-circle\"><\/i><\/div>\n\t\t\t\t\t\t\t\t\t\t\t\t\t\t\t\t\t\t\t\t\t<\/div>\n\n\t\t\t\t\t\t\t\t\t\t\t\t\t\t\t\t\t\t<div class=\"e-hotspot__tooltip  e-hotspot--tooltip-position e-hotspot--fade-in-out \" >\n\t\t\t\t\t\t<p>Fisioterapeuta licenciada desde 2018, a realizar Mestrado em Fisioterapia em Condi\u00e7\u00f5es M\u00fasculo-Esquel\u00e9ticas pela Escola Superior de Sa\u00fade do Instituto Polit\u00e9cnico de Set\u00fabal. Pr\u00e1tica cl\u00ednica em contexto privado no \u00e2mbito das Condi\u00e7\u00f5es M\u00fasculo-Esquel\u00e9ticas e Oncol\u00f3gicas.<\/p>\t\t\t\t\t<\/div>\n\t\t\t\t\t\t\t\t\t\n\t\t\t<\/div>\n\n\t\n\t\t\t\t\t\t<\/div>\n\t\t\t\t<\/div>\n\t\t\t\t<div class=\"elementor-element elementor-element-3082bdc elementor-widget elementor-widget-heading\" data-id=\"3082bdc\" data-element_type=\"widget\" data-e-type=\"widget\" data-widget_type=\"heading.default\">\n\t\t\t\t<div class=\"elementor-widget-container\">\n\t\t\t\t\t<h2 class=\"elementor-heading-title elementor-size-default\">Catarina Louren\u00e7o<\/h2>\t\t\t\t<\/div>\n\t\t\t\t<\/div>\n\t\t\t\t<div class=\"elementor-element elementor-element-6fed193 elementor-widget elementor-widget-text-editor\" data-id=\"6fed193\" data-element_type=\"widget\" data-e-type=\"widget\" data-widget_type=\"text-editor.default\">\n\t\t\t\t<div class=\"elementor-widget-container\">\n\t\t\t\t\t\t\t\t\t<p style=\"text-align: center;\">Conselheira<\/p>\t\t\t\t\t\t\t\t<\/div>\n\t\t\t\t<\/div>\n\t\t\t\t<div class=\"elementor-element elementor-element-911b899 elementor-widget elementor-widget-text-editor\" data-id=\"911b899\" data-element_type=\"widget\" data-e-type=\"widget\" data-widget_type=\"text-editor.default\">\n\t\t\t\t<div class=\"elementor-widget-container\">\n\t\t\t\t\t\t\t\t\t<p style=\"text-align: center;\">C\u00e9dula n.\u00ba: 2842<\/p>\t\t\t\t\t\t\t\t<\/div>\n\t\t\t\t<\/div>\n\t\t\t\t\t<\/div>\n\t\t<\/div>\n\t\t\t\t\t<\/div>\n\t\t<\/section>\n\t\t\t\t\t<\/div>\n\t\t<\/div>\n\t\t\t\t<div class=\"elementor-column elementor-col-25 elementor-top-column elementor-element elementor-element-0babc1e\" data-id=\"0babc1e\" data-element_type=\"column\" data-e-type=\"column\">\n\t\t\t<div class=\"elementor-widget-wrap elementor-element-populated\">\n\t\t\t\t\t\t<section class=\"elementor-section elementor-inner-section elementor-element elementor-element-ed331ae elementor-section-boxed elementor-section-height-default elementor-section-height-default\" data-id=\"ed331ae\" data-element_type=\"section\" data-e-type=\"section\">\n\t\t\t\t\t\t<div class=\"elementor-container elementor-column-gap-default\">\n\t\t\t\t\t<div class=\"elementor-column elementor-col-100 elementor-inner-column elementor-element elementor-element-ccc9265\" data-id=\"ccc9265\" data-element_type=\"column\" data-e-type=\"column\">\n\t\t\t<div class=\"elementor-widget-wrap elementor-element-populated\">\n\t\t\t\t\t\t<div class=\"elementor-element elementor-element-3c87443 elementor-widget elementor-widget-hotspot\" data-id=\"3c87443\" data-element_type=\"widget\" data-e-type=\"widget\" data-settings=\"{&quot;hotspot&quot;:[{&quot;_id&quot;:&quot;b629176&quot;,&quot;hotspot_custom_size&quot;:&quot;&quot;,&quot;hotspot_tooltip_content&quot;:&quot;&lt;p&gt;Doutorada em Fisioterapia pela FADE-UP (2019), mestre em Geriatria e Gerontologia pela UA (2008) e licenciada em Fisioterapia pela ESTeSCoimbra (2002). Entre 1986 a 2022 foi fisioterapeuta especialista hospitalar. Desde 09\\\/2022 \\u00e9 Professora Adjunta na ESSNorteCVP, coordenadora do Curso de Licenciatura em Fisioterapia. Investiga em fisioterapia aqu\\u00e1tica, geri\\u00e1trica visando a promo\\u00e7\\u00e3o da sa\\u00fade f\\u00edsica e mental, bem como na preven\\u00e7\\u00e3o de quedas nos seniores.&lt;\\\/p&gt;&quot;,&quot;hotspot_offset_x&quot;:{&quot;unit&quot;:&quot;%&quot;,&quot;size&quot;:95,&quot;sizes&quot;:[]},&quot;hotspot_offset_y&quot;:{&quot;unit&quot;:&quot;%&quot;,&quot;size&quot;:95,&quot;sizes&quot;:[]},&quot;hotspot_icon&quot;:{&quot;value&quot;:&quot;fas fa-plus-circle&quot;,&quot;library&quot;:&quot;fa-solid&quot;},&quot;hotspot_label&quot;:&quot;&quot;,&quot;hotspot_link&quot;:{&quot;url&quot;:&quot;&quot;,&quot;is_external&quot;:&quot;&quot;,&quot;nofollow&quot;:&quot;&quot;,&quot;custom_attributes&quot;:&quot;&quot;},&quot;hotspot_horizontal&quot;:&quot;left&quot;,&quot;hotspot_vertical&quot;:&quot;top&quot;,&quot;hotspot_tooltip_position&quot;:&quot;no&quot;,&quot;hotspot_position&quot;:null}],&quot;tooltip_position_mobile&quot;:&quot;right&quot;,&quot;hotspot_sequenced_animation&quot;:&quot;no&quot;,&quot;tooltip_position&quot;:&quot;top&quot;,&quot;tooltip_trigger&quot;:&quot;click&quot;,&quot;tooltip_animation&quot;:&quot;e-hotspot--fade-in-out&quot;}\" data-widget_type=\"hotspot.default\">\n\t\t\t\t<div class=\"elementor-widget-container\">\n\t\t\t\t\t<img loading=\"lazy\" decoding=\"async\" width=\"550\" height=\"383\" src=\"https:\/\/staging.ordemdosfisioterapeutas.pt\/wp-content\/uploads\/2023\/06\/50_maria_graca_CG.png\" class=\"attachment-large size-large wp-image-6074\" alt=\"\" srcset=\"https:\/\/staging.ordemdosfisioterapeutas.pt\/wp-content\/uploads\/2023\/06\/50_maria_graca_CG.png 550w, https:\/\/staging.ordemdosfisioterapeutas.pt\/wp-content\/uploads\/2023\/06\/50_maria_graca_CG-300x209.png 300w, https:\/\/staging.ordemdosfisioterapeutas.pt\/wp-content\/uploads\/2023\/06\/50_maria_graca_CG-18x12.png 18w\" sizes=\"(max-width: 550px) 100vw, 550px\" \/>\n\t\t\t\t\t\t<div class=\"e-hotspot elementor-repeater-item-b629176  e-hotspot--position-left e-hotspot--position-top   e-hotspot--icon\">\n\n\t\t\t\t\t\t\t\t<div class=\"e-hotspot__button e-hotspot--expand\">\n\t\t\t\t\t\t\t\t\t\t\t\t\t\t\t\t\t\t<div class=\"e-hotspot__icon\"><i class=\"fas fa-plus-circle\"><\/i><\/div>\n\t\t\t\t\t\t\t\t\t\t\t\t\t\t\t\t\t\t\t\t\t<\/div>\n\n\t\t\t\t\t\t\t\t\t\t\t\t\t\t\t\t\t\t<div class=\"e-hotspot__tooltip  e-hotspot--tooltip-position e-hotspot--fade-in-out \" >\n\t\t\t\t\t\t<p>Doutorada em Fisioterapia pela FADE-UP (2019), mestre em Geriatria e Gerontologia pela UA (2008) e licenciada em Fisioterapia pela ESTeSCoimbra (2002). Entre 1986 a 2022 foi fisioterapeuta especialista hospitalar. Desde 09\/2022 \u00e9 Professora Adjunta na ESSNorteCVP, coordenadora do Curso de Licenciatura em Fisioterapia. Investiga em fisioterapia aqu\u00e1tica, geri\u00e1trica visando a promo\u00e7\u00e3o da sa\u00fade f\u00edsica e mental, bem como na preven\u00e7\u00e3o de quedas nos seniores.<\/p>\t\t\t\t\t<\/div>\n\t\t\t\t\t\t\t\t\t\n\t\t\t<\/div>\n\n\t\n\t\t\t\t\t\t<\/div>\n\t\t\t\t<\/div>\n\t\t\t\t<div class=\"elementor-element elementor-element-6ac2c53 elementor-widget elementor-widget-heading\" data-id=\"6ac2c53\" data-element_type=\"widget\" data-e-type=\"widget\" data-widget_type=\"heading.default\">\n\t\t\t\t<div class=\"elementor-widget-container\">\n\t\t\t\t\t<h2 class=\"elementor-heading-title elementor-size-default\">Maria da Concei\u00e7\u00e3o Gra\u00e7a<\/h2>\t\t\t\t<\/div>\n\t\t\t\t<\/div>\n\t\t\t\t<div class=\"elementor-element elementor-element-7004484 elementor-widget elementor-widget-text-editor\" data-id=\"7004484\" data-element_type=\"widget\" data-e-type=\"widget\" data-widget_type=\"text-editor.default\">\n\t\t\t\t<div class=\"elementor-widget-container\">\n\t\t\t\t\t\t\t\t\t<p style=\"text-align: center;\">Conselheira<\/p>\t\t\t\t\t\t\t\t<\/div>\n\t\t\t\t<\/div>\n\t\t\t\t<div class=\"elementor-element elementor-element-c23ab5b elementor-widget elementor-widget-text-editor\" data-id=\"c23ab5b\" data-element_type=\"widget\" data-e-type=\"widget\" data-widget_type=\"text-editor.default\">\n\t\t\t\t<div class=\"elementor-widget-container\">\n\t\t\t\t\t\t\t\t\t<p style=\"text-align: center;\">C\u00e9dula n.\u00ba: 1268<\/p>\t\t\t\t\t\t\t\t<\/div>\n\t\t\t\t<\/div>\n\t\t\t\t\t<\/div>\n\t\t<\/div>\n\t\t\t\t\t<\/div>\n\t\t<\/section>\n\t\t\t\t\t<\/div>\n\t\t<\/div>\n\t\t\t\t<div class=\"elementor-column elementor-col-25 elementor-top-column elementor-element elementor-element-328cd10\" data-id=\"328cd10\" data-element_type=\"column\" data-e-type=\"column\">\n\t\t\t<div class=\"elementor-widget-wrap\">\n\t\t\t\t\t\t\t<\/div>\n\t\t<\/div>\n\t\t\t\t\t<\/div>\n\t\t<\/section>\n\t\t\t\t<\/div>\n\t\t","protected":false},"excerpt":{"rendered":"<p>Physiotherapist since 1987, with clinical experience in public and private institutions, Master's degree in Health Sociopsychology and PhD in Health Technologies. He is currently Professor of Physiotherapy at the University of Aveiro's School of Health, with an interest in Neurological Physiotherapy and clinical research into Functionality and ... <a title=\"General Council\" class=\"read-more\" href=\"https:\/\/staging.ordemdosfisioterapeutas.pt\/en\/conselho-geral\/\" aria-label=\"Read more about General Council\">Read more<\/a><\/p>","protected":false},"author":1,"featured_media":0,"parent":0,"menu_order":0,"comment_status":"closed","ping_status":"closed","template":"","meta":{"footnotes":""},"class_list":["post-3801","page","type-page","status-publish"],"_links":{"self":[{"href":"https:\/\/staging.ordemdosfisioterapeutas.pt\/en\/wp-json\/wp\/v2\/pages\/3801","targetHints":{"allow":["GET"]}}],"collection":[{"href":"https:\/\/staging.ordemdosfisioterapeutas.pt\/en\/wp-json\/wp\/v2\/pages"}],"about":[{"href":"https:\/\/staging.ordemdosfisioterapeutas.pt\/en\/wp-json\/wp\/v2\/types\/page"}],"author":[{"embeddable":true,"href":"https:\/\/staging.ordemdosfisioterapeutas.pt\/en\/wp-json\/wp\/v2\/users\/1"}],"replies":[{"embeddable":true,"href":"https:\/\/staging.ordemdosfisioterapeutas.pt\/en\/wp-json\/wp\/v2\/comments?post=3801"}],"version-history":[{"count":0,"href":"https:\/\/staging.ordemdosfisioterapeutas.pt\/en\/wp-json\/wp\/v2\/pages\/3801\/revisions"}],"wp:attachment":[{"href":"https:\/\/staging.ordemdosfisioterapeutas.pt\/en\/wp-json\/wp\/v2\/media?parent=3801"}],"curies":[{"name":"wp","href":"https:\/\/api.w.org\/{rel}","templated":true}]}}