{"id":3813,"date":"2022-01-15T16:28:43","date_gmt":"2022-01-15T16:28:43","guid":{"rendered":"https:\/\/staging.ordemdosfisioterapeutas.pt\/?page_id=3813"},"modified":"2023-09-26T16:56:47","modified_gmt":"2023-09-26T15:56:47","slug":"conselho-jurisdicional","status":"publish","type":"page","link":"https:\/\/staging.ordemdosfisioterapeutas.pt\/en\/conselho-jurisdicional\/","title":{"rendered":"Jurisdictional Council"},"content":{"rendered":"<div data-elementor-type=\"wp-page\" data-elementor-id=\"3813\" class=\"elementor elementor-3813\" data-elementor-post-type=\"page\">\n\t\t\t\t\t\t<section class=\"elementor-section elementor-top-section elementor-element elementor-element-f1f2020 elementor-section-boxed elementor-section-height-default elementor-section-height-default\" data-id=\"f1f2020\" data-element_type=\"section\" data-e-type=\"section\">\n\t\t\t\t\t\t<div class=\"elementor-container elementor-column-gap-default\">\n\t\t\t\t\t<div class=\"elementor-column elementor-col-33 elementor-top-column elementor-element elementor-element-54ae8b7\" data-id=\"54ae8b7\" data-element_type=\"column\" data-e-type=\"column\">\n\t\t\t<div class=\"elementor-widget-wrap\">\n\t\t\t\t\t\t\t<\/div>\n\t\t<\/div>\n\t\t\t\t<div class=\"elementor-column elementor-col-33 elementor-top-column elementor-element elementor-element-edb1505\" data-id=\"edb1505\" data-element_type=\"column\" data-e-type=\"column\">\n\t\t\t<div class=\"elementor-widget-wrap elementor-element-populated\">\n\t\t\t\t\t\t<div class=\"elementor-element elementor-element-04ccd63 elementor-position-top elementor-widget elementor-widget-image-box\" data-id=\"04ccd63\" data-element_type=\"widget\" data-e-type=\"widget\" data-widget_type=\"image-box.default\">\n\t\t\t\t<div class=\"elementor-widget-container\">\n\t\t\t\t\t<div class=\"elementor-image-box-wrapper\"><figure class=\"elementor-image-box-img\"><a href=\"#\" target=\"_blank\" tabindex=\"-1\"><img fetchpriority=\"high\" decoding=\"async\" width=\"550\" height=\"383\" src=\"https:\/\/staging.ordemdosfisioterapeutas.pt\/wp-content\/uploads\/2022\/01\/CJ_Isabel_Souza_Guerra.png\" class=\"attachment-full size-full wp-image-3887\" alt=\"Isabel Souza Guerra\" srcset=\"https:\/\/staging.ordemdosfisioterapeutas.pt\/wp-content\/uploads\/2022\/01\/CJ_Isabel_Souza_Guerra.png 550w, https:\/\/staging.ordemdosfisioterapeutas.pt\/wp-content\/uploads\/2022\/01\/CJ_Isabel_Souza_Guerra-300x209.png 300w, https:\/\/staging.ordemdosfisioterapeutas.pt\/wp-content\/uploads\/2022\/01\/CJ_Isabel_Souza_Guerra-18x12.png 18w\" sizes=\"(max-width: 550px) 100vw, 550px\" \/><\/a><\/figure><div class=\"elementor-image-box-content\"><h3 class=\"elementor-image-box-title\"><a href=\"#\" target=\"_blank\">Isabel Souza Guerra<\/a><\/h3><p class=\"elementor-image-box-description\">President\n<br>\nC\u00e9dula n.\u00ba: 1<\/p><\/div><\/div>\t\t\t\t<\/div>\n\t\t\t\t<\/div>\n\t\t\t\t\t<\/div>\n\t\t<\/div>\n\t\t\t\t<div class=\"elementor-column elementor-col-33 elementor-top-column elementor-element elementor-element-22554b4\" data-id=\"22554b4\" data-element_type=\"column\" data-e-type=\"column\">\n\t\t\t<div class=\"elementor-widget-wrap\">\n\t\t\t\t\t\t\t<\/div>\n\t\t<\/div>\n\t\t\t\t\t<\/div>\n\t\t<\/section>\n\t\t\t\t<section class=\"elementor-section elementor-top-section elementor-element elementor-element-af06c80 elementor-section-boxed elementor-section-height-default elementor-section-height-default\" data-id=\"af06c80\" data-element_type=\"section\" data-e-type=\"section\">\n\t\t\t\t\t\t<div class=\"elementor-container elementor-column-gap-default\">\n\t\t\t\t\t<div class=\"elementor-column elementor-col-25 elementor-top-column elementor-element elementor-element-469c728\" data-id=\"469c728\" data-element_type=\"column\" data-e-type=\"column\">\n\t\t\t<div class=\"elementor-widget-wrap elementor-element-populated\">\n\t\t\t\t\t\t<div class=\"elementor-element elementor-element-3a29f38 elementor-position-top elementor-widget elementor-widget-image-box\" data-id=\"3a29f38\" data-element_type=\"widget\" data-e-type=\"widget\" data-widget_type=\"image-box.default\">\n\t\t\t\t<div class=\"elementor-widget-container\">\n\t\t\t\t\t<div class=\"elementor-image-box-wrapper\"><figure class=\"elementor-image-box-img\"><a href=\"#\" target=\"_blank\" tabindex=\"-1\"><img decoding=\"async\" width=\"550\" height=\"383\" src=\"https:\/\/staging.ordemdosfisioterapeutas.pt\/wp-content\/uploads\/2022\/01\/CJ_Ana_Menezes.png\" class=\"attachment-full size-full wp-image-3888\" alt=\"Ana Menezes\" srcset=\"https:\/\/staging.ordemdosfisioterapeutas.pt\/wp-content\/uploads\/2022\/01\/CJ_Ana_Menezes.png 550w, https:\/\/staging.ordemdosfisioterapeutas.pt\/wp-content\/uploads\/2022\/01\/CJ_Ana_Menezes-300x209.png 300w, https:\/\/staging.ordemdosfisioterapeutas.pt\/wp-content\/uploads\/2022\/01\/CJ_Ana_Menezes-18x12.png 18w\" sizes=\"(max-width: 550px) 100vw, 550px\" \/><\/a><\/figure><div class=\"elementor-image-box-content\"><h3 class=\"elementor-image-box-title\"><a href=\"#\" target=\"_blank\">Ana Menezes<\/a><\/h3><p class=\"elementor-image-box-description\"><br>\nC\u00e9dula n.\u00ba: 3230<\/p><\/div><\/div>\t\t\t\t<\/div>\n\t\t\t\t<\/div>\n\t\t\t\t\t<\/div>\n\t\t<\/div>\n\t\t\t\t<div class=\"elementor-column elementor-col-25 elementor-top-column elementor-element elementor-element-4b5fe74\" data-id=\"4b5fe74\" data-element_type=\"column\" data-e-type=\"column\">\n\t\t\t<div class=\"elementor-widget-wrap elementor-element-populated\">\n\t\t\t\t\t\t<div class=\"elementor-element elementor-element-0ee9100 elementor-position-top elementor-widget elementor-widget-image-box\" data-id=\"0ee9100\" data-element_type=\"widget\" data-e-type=\"widget\" data-widget_type=\"image-box.default\">\n\t\t\t\t<div class=\"elementor-widget-container\">\n\t\t\t\t\t<div class=\"elementor-image-box-wrapper\"><figure class=\"elementor-image-box-img\"><a href=\"#\" target=\"_blank\" tabindex=\"-1\"><img decoding=\"async\" width=\"550\" height=\"383\" src=\"https:\/\/staging.ordemdosfisioterapeutas.pt\/wp-content\/uploads\/2022\/01\/CJ_Rui_Goncalves.png\" class=\"attachment-full size-full wp-image-3889\" alt=\"Rui Gon\u00e7alves\" srcset=\"https:\/\/staging.ordemdosfisioterapeutas.pt\/wp-content\/uploads\/2022\/01\/CJ_Rui_Goncalves.png 550w, https:\/\/staging.ordemdosfisioterapeutas.pt\/wp-content\/uploads\/2022\/01\/CJ_Rui_Goncalves-300x209.png 300w, https:\/\/staging.ordemdosfisioterapeutas.pt\/wp-content\/uploads\/2022\/01\/CJ_Rui_Goncalves-18x12.png 18w\" sizes=\"(max-width: 550px) 100vw, 550px\" \/><\/a><\/figure><div class=\"elementor-image-box-content\"><h3 class=\"elementor-image-box-title\"><a href=\"#\" target=\"_blank\">Rui Gon\u00e7alves<\/a><\/h3><p class=\"elementor-image-box-description\"><br>\nC\u00e9dula n.\u00ba: 15<\/p><\/div><\/div>\t\t\t\t<\/div>\n\t\t\t\t<\/div>\n\t\t\t\t\t<\/div>\n\t\t<\/div>\n\t\t\t\t<div class=\"elementor-column elementor-col-25 elementor-top-column elementor-element elementor-element-ff3bfb7\" data-id=\"ff3bfb7\" data-element_type=\"column\" data-e-type=\"column\">\n\t\t\t<div class=\"elementor-widget-wrap elementor-element-populated\">\n\t\t\t\t\t\t<div class=\"elementor-element elementor-element-c202e86 elementor-position-top elementor-widget elementor-widget-image-box\" data-id=\"c202e86\" data-element_type=\"widget\" data-e-type=\"widget\" data-widget_type=\"image-box.default\">\n\t\t\t\t<div class=\"elementor-widget-container\">\n\t\t\t\t\t<div class=\"elementor-image-box-wrapper\"><figure class=\"elementor-image-box-img\"><a href=\"#\" target=\"_blank\" tabindex=\"-1\"><img loading=\"lazy\" decoding=\"async\" width=\"550\" height=\"383\" src=\"https:\/\/staging.ordemdosfisioterapeutas.pt\/wp-content\/uploads\/2022\/01\/CJ_Rui_Cintra.png\" class=\"attachment-full size-full wp-image-3890\" alt=\"Rui Cintra\" srcset=\"https:\/\/staging.ordemdosfisioterapeutas.pt\/wp-content\/uploads\/2022\/01\/CJ_Rui_Cintra.png 550w, https:\/\/staging.ordemdosfisioterapeutas.pt\/wp-content\/uploads\/2022\/01\/CJ_Rui_Cintra-300x209.png 300w, https:\/\/staging.ordemdosfisioterapeutas.pt\/wp-content\/uploads\/2022\/01\/CJ_Rui_Cintra-18x12.png 18w\" sizes=\"(max-width: 550px) 100vw, 550px\" \/><\/a><\/figure><div class=\"elementor-image-box-content\"><h3 class=\"elementor-image-box-title\"><a href=\"#\" target=\"_blank\">Rui Cintra<\/a><\/h3><p class=\"elementor-image-box-description\"><br>\nC\u00e9dula n.\u00ba: 2697<\/p><\/div><\/div>\t\t\t\t<\/div>\n\t\t\t\t<\/div>\n\t\t\t\t\t<\/div>\n\t\t<\/div>\n\t\t\t\t<div class=\"elementor-column elementor-col-25 elementor-top-column elementor-element elementor-element-25ba2a3\" data-id=\"25ba2a3\" data-element_type=\"column\" data-e-type=\"column\">\n\t\t\t<div class=\"elementor-widget-wrap elementor-element-populated\">\n\t\t\t\t\t\t<div class=\"elementor-element elementor-element-8304a0e elementor-position-top elementor-widget elementor-widget-image-box\" data-id=\"8304a0e\" data-element_type=\"widget\" data-e-type=\"widget\" data-widget_type=\"image-box.default\">\n\t\t\t\t<div class=\"elementor-widget-container\">\n\t\t\t\t\t<div class=\"elementor-image-box-wrapper\"><figure class=\"elementor-image-box-img\"><a href=\"#\" target=\"_blank\" tabindex=\"-1\"><img loading=\"lazy\" decoding=\"async\" width=\"550\" height=\"383\" src=\"https:\/\/staging.ordemdosfisioterapeutas.pt\/wp-content\/uploads\/2022\/01\/CJ_Rui_Torres.png\" class=\"attachment-full size-full wp-image-3891\" alt=\"Rui Torres\" srcset=\"https:\/\/staging.ordemdosfisioterapeutas.pt\/wp-content\/uploads\/2022\/01\/CJ_Rui_Torres.png 550w, https:\/\/staging.ordemdosfisioterapeutas.pt\/wp-content\/uploads\/2022\/01\/CJ_Rui_Torres-300x209.png 300w, https:\/\/staging.ordemdosfisioterapeutas.pt\/wp-content\/uploads\/2022\/01\/CJ_Rui_Torres-18x12.png 18w\" sizes=\"(max-width: 550px) 100vw, 550px\" \/><\/a><\/figure><div class=\"elementor-image-box-content\"><h3 class=\"elementor-image-box-title\"><a href=\"#\" target=\"_blank\">Rui Torres<\/a><\/h3><p class=\"elementor-image-box-description\"><br>\nC\u00e9dula n.\u00ba: 3050<\/p><\/div><\/div>\t\t\t\t<\/div>\n\t\t\t\t<\/div>\n\t\t\t\t\t<\/div>\n\t\t<\/div>\n\t\t\t\t\t<\/div>\n\t\t<\/section>\n\t\t\t\t<\/div>","protected":false},"excerpt":{"rendered":"<p>Isabel Souza Guerra President C\u00e9dula no.: 1 Ana Menezes C\u00e9dula no.: 3230 Rui Gon\u00e7alves C\u00e9dula no.: 15 Rui Cintra C\u00e9dula no.: 2697 Rui Torres C\u00e9dula no.: 3050<\/p>","protected":false},"author":1,"featured_media":0,"parent":0,"menu_order":0,"comment_status":"closed","ping_status":"closed","template":"","meta":{"footnotes":""},"class_list":["post-3813","page","type-page","status-publish"],"_links":{"self":[{"href":"https:\/\/staging.ordemdosfisioterapeutas.pt\/en\/wp-json\/wp\/v2\/pages\/3813","targetHints":{"allow":["GET"]}}],"collection":[{"href":"https:\/\/staging.ordemdosfisioterapeutas.pt\/en\/wp-json\/wp\/v2\/pages"}],"about":[{"href":"https:\/\/staging.ordemdosfisioterapeutas.pt\/en\/wp-json\/wp\/v2\/types\/page"}],"author":[{"embeddable":true,"href":"https:\/\/staging.ordemdosfisioterapeutas.pt\/en\/wp-json\/wp\/v2\/users\/1"}],"replies":[{"embeddable":true,"href":"https:\/\/staging.ordemdosfisioterapeutas.pt\/en\/wp-json\/wp\/v2\/comments?post=3813"}],"version-history":[{"count":0,"href":"https:\/\/staging.ordemdosfisioterapeutas.pt\/en\/wp-json\/wp\/v2\/pages\/3813\/revisions"}],"wp:attachment":[{"href":"https:\/\/staging.ordemdosfisioterapeutas.pt\/en\/wp-json\/wp\/v2\/media?parent=3813"}],"curies":[{"name":"wp","href":"https:\/\/api.w.org\/{rel}","templated":true}]}}