{"id":6512,"date":"2023-09-03T16:09:18","date_gmt":"2023-09-03T15:09:18","guid":{"rendered":"https:\/\/staging.ordemdosfisioterapeutas.pt\/?page_id=6512"},"modified":"2023-09-07T20:04:55","modified_gmt":"2023-09-07T19:04:55","slug":"dia-mundial-da-fisioterapia-2023","status":"publish","type":"page","link":"https:\/\/staging.ordemdosfisioterapeutas.pt\/en\/dia-mundial-da-fisioterapia-2023\/","title":{"rendered":"World Physiotherapy Day 2023"},"content":{"rendered":"<div data-elementor-type=\"wp-page\" data-elementor-id=\"6512\" class=\"elementor elementor-6512\" data-elementor-post-type=\"page\">\n\t\t\t\t\t\t<section class=\"elementor-section elementor-top-section elementor-element elementor-element-61cf953 elementor-section-boxed elementor-section-height-default elementor-section-height-default\" data-id=\"61cf953\" data-element_type=\"section\" data-e-type=\"section\">\n\t\t\t\t\t\t<div class=\"elementor-container elementor-column-gap-default\">\n\t\t\t\t\t<div class=\"elementor-column elementor-col-100 elementor-top-column elementor-element elementor-element-6f19e72\" data-id=\"6f19e72\" data-element_type=\"column\" data-e-type=\"column\">\n\t\t\t<div class=\"elementor-widget-wrap elementor-element-populated\">\n\t\t\t\t\t\t<div class=\"elementor-element elementor-element-47845b3 elementor-widget elementor-widget-text-editor\" data-id=\"47845b3\" data-element_type=\"widget\" data-e-type=\"widget\" data-widget_type=\"text-editor.default\">\n\t\t\t\t<div class=\"elementor-widget-container\">\n\t\t\t\t\t\t\t\t\t<p>World Physiotherapy Day has been celebrated every year since 1996 on 8 September, corresponding to the date on which the current World Physiotherapy was founded in 1951.<\/p><p>World Physiotherapy Day is an opportunity to recognise the significant role the profession plays in the health and well-being of the general population, and to promote the profession to its users and communities.<\/p><p>World Physiotherapy produces and makes available graphic materials to support physiotherapists in their activities, such as information leaflets, posters and banners, with translations into several languages. The Order of Physiotherapists has been a member of World Physiotherapy since the beginning of 2023 and participates in the translation of these materials.<\/p><p>The focus of this year's World Physiotherapy Day is arthritis, with an in-depth look at some forms of inflammatory arthritis, including rheumatoid arthritis and axial spondylitis.<\/p>\t\t\t\t\t\t\t\t<\/div>\n\t\t\t\t<\/div>\n\t\t\t\t<div class=\"elementor-element elementor-element-5f119db elementor-widget elementor-widget-heading\" data-id=\"5f119db\" data-element_type=\"widget\" data-e-type=\"widget\" data-widget_type=\"heading.default\">\n\t\t\t\t<div class=\"elementor-widget-container\">\n\t\t\t\t\t<h3 class=\"elementor-heading-title elementor-size-default\">Information leaflets<\/h3>\t\t\t\t<\/div>\n\t\t\t\t<\/div>\n\t\t\t\t<section class=\"elementor-section elementor-inner-section elementor-element elementor-element-fb742cc elementor-section-boxed elementor-section-height-default elementor-section-height-default\" data-id=\"fb742cc\" data-element_type=\"section\" data-e-type=\"section\">\n\t\t\t\t\t\t<div class=\"elementor-container elementor-column-gap-default\">\n\t\t\t\t\t<div class=\"elementor-column elementor-col-33 elementor-inner-column elementor-element elementor-element-bc39f96\" data-id=\"bc39f96\" data-element_type=\"column\" data-e-type=\"column\">\n\t\t\t<div class=\"elementor-widget-wrap elementor-element-populated\">\n\t\t\t\t\t\t<div class=\"elementor-element elementor-element-191546b elementor-widget elementor-widget-image\" data-id=\"191546b\" data-element_type=\"widget\" data-e-type=\"widget\" data-widget_type=\"image.default\">\n\t\t\t\t<div class=\"elementor-widget-container\">\n\t\t\t\t\t\t\t\t\t\t\t\t\t\t\t\t<a href=\"https:\/\/bit.ly\/OF_Folheto_1\" target=\"_blank\">\n\t\t\t\t\t\t\t<img fetchpriority=\"high\" decoding=\"async\" width=\"724\" height=\"1024\" src=\"https:\/\/staging.ordemdosfisioterapeutas.pt\/wp-content\/uploads\/2023\/09\/artrite-724x1024.png\" class=\"attachment-large size-large wp-image-6531\" alt=\"\" srcset=\"https:\/\/staging.ordemdosfisioterapeutas.pt\/wp-content\/uploads\/2023\/09\/artrite-724x1024.png 724w, https:\/\/staging.ordemdosfisioterapeutas.pt\/wp-content\/uploads\/2023\/09\/artrite-212x300.png 212w, https:\/\/staging.ordemdosfisioterapeutas.pt\/wp-content\/uploads\/2023\/09\/artrite-768x1087.png 768w, https:\/\/staging.ordemdosfisioterapeutas.pt\/wp-content\/uploads\/2023\/09\/artrite-8x12.png 8w, https:\/\/staging.ordemdosfisioterapeutas.pt\/wp-content\/uploads\/2023\/09\/artrite.png 848w\" sizes=\"(max-width: 724px) 100vw, 724px\" \/>\t\t\t\t\t\t\t\t<\/a>\n\t\t\t\t\t\t\t\t\t\t\t\t\t\t\t<\/div>\n\t\t\t\t<\/div>\n\t\t\t\t<div class=\"elementor-element elementor-element-a0b0e00 elementor-widget elementor-widget-heading\" data-id=\"a0b0e00\" data-element_type=\"widget\" data-e-type=\"widget\" data-widget_type=\"heading.default\">\n\t\t\t\t<div class=\"elementor-widget-container\">\n\t\t\t\t\t<h4 class=\"elementor-heading-title elementor-size-default\"><a href=\"https:\/\/bit.ly\/OF_Folheto_1\" target=\"_blank\">WHAT IS ARTHRITIS?<\/a><\/h4>\t\t\t\t<\/div>\n\t\t\t\t<\/div>\n\t\t\t\t\t<\/div>\n\t\t<\/div>\n\t\t\t\t<div class=\"elementor-column elementor-col-33 elementor-inner-column elementor-element elementor-element-dea1c8c\" data-id=\"dea1c8c\" data-element_type=\"column\" data-e-type=\"column\">\n\t\t\t<div class=\"elementor-widget-wrap elementor-element-populated\">\n\t\t\t\t\t\t<div class=\"elementor-element elementor-element-aad6efa elementor-widget elementor-widget-image\" data-id=\"aad6efa\" data-element_type=\"widget\" data-e-type=\"widget\" data-widget_type=\"image.default\">\n\t\t\t\t<div class=\"elementor-widget-container\">\n\t\t\t\t\t\t\t\t\t\t\t\t\t\t\t\t<a href=\"https:\/\/bit.ly\/OF_Folheto_2\" target=\"_blank\">\n\t\t\t\t\t\t\t<img decoding=\"async\" width=\"724\" height=\"1024\" src=\"https:\/\/staging.ordemdosfisioterapeutas.pt\/wp-content\/uploads\/2023\/09\/artrite-reumatoide-724x1024.png\" class=\"attachment-large size-large wp-image-6533\" alt=\"\" srcset=\"https:\/\/staging.ordemdosfisioterapeutas.pt\/wp-content\/uploads\/2023\/09\/artrite-reumatoide-724x1024.png 724w, https:\/\/staging.ordemdosfisioterapeutas.pt\/wp-content\/uploads\/2023\/09\/artrite-reumatoide-212x300.png 212w, https:\/\/staging.ordemdosfisioterapeutas.pt\/wp-content\/uploads\/2023\/09\/artrite-reumatoide-768x1087.png 768w, https:\/\/staging.ordemdosfisioterapeutas.pt\/wp-content\/uploads\/2023\/09\/artrite-reumatoide-8x12.png 8w, https:\/\/staging.ordemdosfisioterapeutas.pt\/wp-content\/uploads\/2023\/09\/artrite-reumatoide.png 848w\" sizes=\"(max-width: 724px) 100vw, 724px\" \/>\t\t\t\t\t\t\t\t<\/a>\n\t\t\t\t\t\t\t\t\t\t\t\t\t\t\t<\/div>\n\t\t\t\t<\/div>\n\t\t\t\t<div class=\"elementor-element elementor-element-8a4517f elementor-widget elementor-widget-heading\" data-id=\"8a4517f\" data-element_type=\"widget\" data-e-type=\"widget\" data-widget_type=\"heading.default\">\n\t\t\t\t<div class=\"elementor-widget-container\">\n\t\t\t\t\t<h4 class=\"elementor-heading-title elementor-size-default\"><a href=\"https:\/\/bit.ly\/OF_Folheto_2\" target=\"_blank\">RHEUMATOID ARTHRITIS<\/a><\/h4>\t\t\t\t<\/div>\n\t\t\t\t<\/div>\n\t\t\t\t\t<\/div>\n\t\t<\/div>\n\t\t\t\t<div class=\"elementor-column elementor-col-33 elementor-inner-column elementor-element elementor-element-fd6777b\" data-id=\"fd6777b\" data-element_type=\"column\" data-e-type=\"column\">\n\t\t\t<div class=\"elementor-widget-wrap elementor-element-populated\">\n\t\t\t\t\t\t<div class=\"elementor-element elementor-element-409f9a6 elementor-widget elementor-widget-image\" data-id=\"409f9a6\" data-element_type=\"widget\" data-e-type=\"widget\" data-widget_type=\"image.default\">\n\t\t\t\t<div class=\"elementor-widget-container\">\n\t\t\t\t\t\t\t\t\t\t\t\t\t\t\t\t<a href=\"https:\/\/bit.ly\/OF_Folheto_3\" target=\"_blank\">\n\t\t\t\t\t\t\t<img decoding=\"async\" width=\"724\" height=\"1024\" src=\"https:\/\/staging.ordemdosfisioterapeutas.pt\/wp-content\/uploads\/2023\/09\/espondilite-axial-724x1024.png\" class=\"attachment-large size-large wp-image-6534\" alt=\"\" srcset=\"https:\/\/staging.ordemdosfisioterapeutas.pt\/wp-content\/uploads\/2023\/09\/espondilite-axial-724x1024.png 724w, https:\/\/staging.ordemdosfisioterapeutas.pt\/wp-content\/uploads\/2023\/09\/espondilite-axial-212x300.png 212w, https:\/\/staging.ordemdosfisioterapeutas.pt\/wp-content\/uploads\/2023\/09\/espondilite-axial-768x1087.png 768w, https:\/\/staging.ordemdosfisioterapeutas.pt\/wp-content\/uploads\/2023\/09\/espondilite-axial-8x12.png 8w, https:\/\/staging.ordemdosfisioterapeutas.pt\/wp-content\/uploads\/2023\/09\/espondilite-axial.png 848w\" sizes=\"(max-width: 724px) 100vw, 724px\" \/>\t\t\t\t\t\t\t\t<\/a>\n\t\t\t\t\t\t\t\t\t\t\t\t\t\t\t<\/div>\n\t\t\t\t<\/div>\n\t\t\t\t<div class=\"elementor-element elementor-element-9b13104 elementor-widget elementor-widget-heading\" data-id=\"9b13104\" data-element_type=\"widget\" data-e-type=\"widget\" data-widget_type=\"heading.default\">\n\t\t\t\t<div class=\"elementor-widget-container\">\n\t\t\t\t\t<h4 class=\"elementor-heading-title elementor-size-default\"><a href=\"https:\/\/bit.ly\/OF_Folheto_3\" target=\"_blank\">AXIAL SPONDYLITIS<\/a><\/h4>\t\t\t\t<\/div>\n\t\t\t\t<\/div>\n\t\t\t\t\t<\/div>\n\t\t<\/div>\n\t\t\t\t\t<\/div>\n\t\t<\/section>\n\t\t\t\t<section class=\"elementor-section elementor-inner-section elementor-element elementor-element-5ae1388 elementor-section-boxed elementor-section-height-default elementor-section-height-default\" data-id=\"5ae1388\" data-element_type=\"section\" data-e-type=\"section\">\n\t\t\t\t\t\t<div class=\"elementor-container elementor-column-gap-default\">\n\t\t\t\t\t<div class=\"elementor-column elementor-col-33 elementor-inner-column elementor-element elementor-element-dc3ade0\" data-id=\"dc3ade0\" data-element_type=\"column\" data-e-type=\"column\">\n\t\t\t<div class=\"elementor-widget-wrap elementor-element-populated\">\n\t\t\t\t\t\t<div class=\"elementor-element elementor-element-05b6ab0 elementor-widget elementor-widget-image\" data-id=\"05b6ab0\" data-element_type=\"widget\" data-e-type=\"widget\" data-widget_type=\"image.default\">\n\t\t\t\t<div class=\"elementor-widget-container\">\n\t\t\t\t\t\t\t\t\t\t\t\t\t\t\t\t<a href=\"https:\/\/bit.ly\/OF_Folheto_4\" target=\"_blank\">\n\t\t\t\t\t\t\t<img loading=\"lazy\" decoding=\"async\" width=\"724\" height=\"1024\" src=\"https:\/\/staging.ordemdosfisioterapeutas.pt\/wp-content\/uploads\/2023\/09\/ultrapassar-barreiras-724x1024.png\" class=\"attachment-large size-large wp-image-6535\" alt=\"\" srcset=\"https:\/\/staging.ordemdosfisioterapeutas.pt\/wp-content\/uploads\/2023\/09\/ultrapassar-barreiras-724x1024.png 724w, https:\/\/staging.ordemdosfisioterapeutas.pt\/wp-content\/uploads\/2023\/09\/ultrapassar-barreiras-212x300.png 212w, https:\/\/staging.ordemdosfisioterapeutas.pt\/wp-content\/uploads\/2023\/09\/ultrapassar-barreiras-768x1087.png 768w, https:\/\/staging.ordemdosfisioterapeutas.pt\/wp-content\/uploads\/2023\/09\/ultrapassar-barreiras-8x12.png 8w, https:\/\/staging.ordemdosfisioterapeutas.pt\/wp-content\/uploads\/2023\/09\/ultrapassar-barreiras.png 848w\" sizes=\"(max-width: 724px) 100vw, 724px\" \/>\t\t\t\t\t\t\t\t<\/a>\n\t\t\t\t\t\t\t\t\t\t\t\t\t\t\t<\/div>\n\t\t\t\t<\/div>\n\t\t\t\t<div class=\"elementor-element elementor-element-dbcd880 elementor-widget elementor-widget-heading\" data-id=\"dbcd880\" data-element_type=\"widget\" data-e-type=\"widget\" data-widget_type=\"heading.default\">\n\t\t\t\t<div class=\"elementor-widget-container\">\n\t\t\t\t\t<h4 class=\"elementor-heading-title elementor-size-default\"><a href=\"https:\/\/bit.ly\/OF_Folheto_4\" target=\"_blank\">OVERCOMING BARRIERS\nTO PRACTICE\nEXERCISE<\/a><\/h4>\t\t\t\t<\/div>\n\t\t\t\t<\/div>\n\t\t\t\t\t<\/div>\n\t\t<\/div>\n\t\t\t\t<div class=\"elementor-column elementor-col-33 elementor-inner-column elementor-element elementor-element-f247a05\" data-id=\"f247a05\" data-element_type=\"column\" data-e-type=\"column\">\n\t\t\t<div class=\"elementor-widget-wrap\">\n\t\t\t\t\t\t\t<\/div>\n\t\t<\/div>\n\t\t\t\t<div class=\"elementor-column elementor-col-33 elementor-inner-column elementor-element elementor-element-b848ce9\" data-id=\"b848ce9\" data-element_type=\"column\" data-e-type=\"column\">\n\t\t\t<div class=\"elementor-widget-wrap elementor-element-populated\">\n\t\t\t\t\t\t<div class=\"elementor-element elementor-element-00452aa elementor-widget elementor-widget-image\" data-id=\"00452aa\" data-element_type=\"widget\" data-e-type=\"widget\" data-widget_type=\"image.default\">\n\t\t\t\t<div class=\"elementor-widget-container\">\n\t\t\t\t\t\t\t\t\t\t\t\t\t\t\t\t<a href=\"https:\/\/bit.ly\/OF_Folheto_5\" target=\"_blank\">\n\t\t\t\t\t\t\t<img loading=\"lazy\" decoding=\"async\" width=\"724\" height=\"1024\" src=\"https:\/\/staging.ordemdosfisioterapeutas.pt\/wp-content\/uploads\/2023\/09\/artrite-juvenil-724x1024.png\" class=\"attachment-large size-large wp-image-6536\" alt=\"\" srcset=\"https:\/\/staging.ordemdosfisioterapeutas.pt\/wp-content\/uploads\/2023\/09\/artrite-juvenil-724x1024.png 724w, https:\/\/staging.ordemdosfisioterapeutas.pt\/wp-content\/uploads\/2023\/09\/artrite-juvenil-212x300.png 212w, https:\/\/staging.ordemdosfisioterapeutas.pt\/wp-content\/uploads\/2023\/09\/artrite-juvenil-768x1087.png 768w, https:\/\/staging.ordemdosfisioterapeutas.pt\/wp-content\/uploads\/2023\/09\/artrite-juvenil-8x12.png 8w, https:\/\/staging.ordemdosfisioterapeutas.pt\/wp-content\/uploads\/2023\/09\/artrite-juvenil.png 848w\" sizes=\"(max-width: 724px) 100vw, 724px\" \/>\t\t\t\t\t\t\t\t<\/a>\n\t\t\t\t\t\t\t\t\t\t\t\t\t\t\t<\/div>\n\t\t\t\t<\/div>\n\t\t\t\t<div class=\"elementor-element elementor-element-bbfff60 elementor-widget elementor-widget-heading\" data-id=\"bbfff60\" data-element_type=\"widget\" data-e-type=\"widget\" data-widget_type=\"heading.default\">\n\t\t\t\t<div class=\"elementor-widget-container\">\n\t\t\t\t\t<h4 class=\"elementor-heading-title elementor-size-default\"><a href=\"https:\/\/bit.ly\/OF_Folheto_5\" target=\"_blank\">JUVENILE IDIOPATHIC ARTHRITIS<\/a><\/h4>\t\t\t\t<\/div>\n\t\t\t\t<\/div>\n\t\t\t\t\t<\/div>\n\t\t<\/div>\n\t\t\t\t\t<\/div>\n\t\t<\/section>\n\t\t\t\t<div class=\"elementor-element elementor-element-f71663b elementor-widget elementor-widget-heading\" data-id=\"f71663b\" data-element_type=\"widget\" data-e-type=\"widget\" data-widget_type=\"heading.default\">\n\t\t\t\t<div class=\"elementor-widget-container\">\n\t\t\t\t\t<h3 class=\"elementor-heading-title elementor-size-default\">Posters<\/h3>\t\t\t\t<\/div>\n\t\t\t\t<\/div>\n\t\t\t\t<section class=\"elementor-section elementor-inner-section elementor-element elementor-element-d105c4c elementor-section-boxed elementor-section-height-default elementor-section-height-default\" data-id=\"d105c4c\" data-element_type=\"section\" data-e-type=\"section\">\n\t\t\t\t\t\t<div class=\"elementor-container elementor-column-gap-default\">\n\t\t\t\t\t<div class=\"elementor-column elementor-col-33 elementor-inner-column elementor-element elementor-element-2153f0c\" data-id=\"2153f0c\" data-element_type=\"column\" data-e-type=\"column\">\n\t\t\t<div class=\"elementor-widget-wrap elementor-element-populated\">\n\t\t\t\t\t\t<div class=\"elementor-element elementor-element-04e5586 elementor-widget elementor-widget-image\" data-id=\"04e5586\" data-element_type=\"widget\" data-e-type=\"widget\" data-widget_type=\"image.default\">\n\t\t\t\t<div class=\"elementor-widget-container\">\n\t\t\t\t\t\t\t\t\t\t\t\t\t\t\t\t<a href=\"https:\/\/bit.ly\/OF_Poster_1\" target=\"_blank\">\n\t\t\t\t\t\t\t<img loading=\"lazy\" decoding=\"async\" width=\"724\" height=\"1024\" src=\"https:\/\/staging.ordemdosfisioterapeutas.pt\/wp-content\/uploads\/2023\/09\/fazer-exercicio-artrite-724x1024.png\" class=\"attachment-large size-large wp-image-6537\" alt=\"\" srcset=\"https:\/\/staging.ordemdosfisioterapeutas.pt\/wp-content\/uploads\/2023\/09\/fazer-exercicio-artrite-724x1024.png 724w, https:\/\/staging.ordemdosfisioterapeutas.pt\/wp-content\/uploads\/2023\/09\/fazer-exercicio-artrite-212x300.png 212w, https:\/\/staging.ordemdosfisioterapeutas.pt\/wp-content\/uploads\/2023\/09\/fazer-exercicio-artrite-768x1087.png 768w, https:\/\/staging.ordemdosfisioterapeutas.pt\/wp-content\/uploads\/2023\/09\/fazer-exercicio-artrite-8x12.png 8w, https:\/\/staging.ordemdosfisioterapeutas.pt\/wp-content\/uploads\/2023\/09\/fazer-exercicio-artrite.png 848w\" sizes=\"(max-width: 724px) 100vw, 724px\" \/>\t\t\t\t\t\t\t\t<\/a>\n\t\t\t\t\t\t\t\t\t\t\t\t\t\t\t<\/div>\n\t\t\t\t<\/div>\n\t\t\t\t<div class=\"elementor-element elementor-element-6d6841e elementor-widget elementor-widget-heading\" data-id=\"6d6841e\" data-element_type=\"widget\" data-e-type=\"widget\" data-widget_type=\"heading.default\">\n\t\t\t\t<div class=\"elementor-widget-container\">\n\t\t\t\t\t<h4 class=\"elementor-heading-title elementor-size-default\"><a href=\"https:\/\/bit.ly\/OF_Poster_1\" target=\"_blank\">EXERCISE\nWITH ARTHRITIS<\/a><\/h4>\t\t\t\t<\/div>\n\t\t\t\t<\/div>\n\t\t\t\t\t<\/div>\n\t\t<\/div>\n\t\t\t\t<div class=\"elementor-column elementor-col-33 elementor-inner-column elementor-element elementor-element-e756225\" data-id=\"e756225\" data-element_type=\"column\" data-e-type=\"column\">\n\t\t\t<div class=\"elementor-widget-wrap elementor-element-populated\">\n\t\t\t\t\t\t<div class=\"elementor-element elementor-element-801e970 elementor-widget elementor-widget-image\" data-id=\"801e970\" data-element_type=\"widget\" data-e-type=\"widget\" data-widget_type=\"image.default\">\n\t\t\t\t<div class=\"elementor-widget-container\">\n\t\t\t\t\t\t\t\t\t\t\t\t\t\t\t\t<a href=\"https:\/\/bit.ly\/OF_Poster_2\" target=\"_blank\">\n\t\t\t\t\t\t\t<img loading=\"lazy\" decoding=\"async\" width=\"724\" height=\"1024\" src=\"https:\/\/staging.ordemdosfisioterapeutas.pt\/wp-content\/uploads\/2023\/09\/fisioterapia-e-artrite-724x1024.png\" class=\"attachment-large size-large wp-image-6538\" alt=\"\" srcset=\"https:\/\/staging.ordemdosfisioterapeutas.pt\/wp-content\/uploads\/2023\/09\/fisioterapia-e-artrite-724x1024.png 724w, https:\/\/staging.ordemdosfisioterapeutas.pt\/wp-content\/uploads\/2023\/09\/fisioterapia-e-artrite-212x300.png 212w, https:\/\/staging.ordemdosfisioterapeutas.pt\/wp-content\/uploads\/2023\/09\/fisioterapia-e-artrite-768x1087.png 768w, https:\/\/staging.ordemdosfisioterapeutas.pt\/wp-content\/uploads\/2023\/09\/fisioterapia-e-artrite-8x12.png 8w, https:\/\/staging.ordemdosfisioterapeutas.pt\/wp-content\/uploads\/2023\/09\/fisioterapia-e-artrite.png 848w\" sizes=\"(max-width: 724px) 100vw, 724px\" \/>\t\t\t\t\t\t\t\t<\/a>\n\t\t\t\t\t\t\t\t\t\t\t\t\t\t\t<\/div>\n\t\t\t\t<\/div>\n\t\t\t\t<div class=\"elementor-element elementor-element-cc9ec1c elementor-widget elementor-widget-heading\" data-id=\"cc9ec1c\" data-element_type=\"widget\" data-e-type=\"widget\" data-widget_type=\"heading.default\">\n\t\t\t\t<div class=\"elementor-widget-container\">\n\t\t\t\t\t<h4 class=\"elementor-heading-title elementor-size-default\"><a href=\"https:\/\/bit.ly\/OF_Poster_2\" target=\"_blank\">PHYSIOTHERAPY AND ARTHRITIS<\/a><\/h4>\t\t\t\t<\/div>\n\t\t\t\t<\/div>\n\t\t\t\t\t<\/div>\n\t\t<\/div>\n\t\t\t\t<div class=\"elementor-column elementor-col-33 elementor-inner-column elementor-element elementor-element-b840bde\" data-id=\"b840bde\" data-element_type=\"column\" data-e-type=\"column\">\n\t\t\t<div class=\"elementor-widget-wrap elementor-element-populated\">\n\t\t\t\t\t\t<div class=\"elementor-element elementor-element-3e68653 elementor-widget elementor-widget-image\" data-id=\"3e68653\" data-element_type=\"widget\" data-e-type=\"widget\" data-widget_type=\"image.default\">\n\t\t\t\t<div class=\"elementor-widget-container\">\n\t\t\t\t\t\t\t\t\t\t\t\t\t\t\t\t<a href=\"https:\/\/bit.ly\/OF_Poster_3\" target=\"_blank\">\n\t\t\t\t\t\t\t<img loading=\"lazy\" decoding=\"async\" width=\"724\" height=\"1024\" src=\"https:\/\/staging.ordemdosfisioterapeutas.pt\/wp-content\/uploads\/2023\/09\/DCV-724x1024.png\" class=\"attachment-large size-large wp-image-6539\" alt=\"\" srcset=\"https:\/\/staging.ordemdosfisioterapeutas.pt\/wp-content\/uploads\/2023\/09\/DCV-724x1024.png 724w, https:\/\/staging.ordemdosfisioterapeutas.pt\/wp-content\/uploads\/2023\/09\/DCV-212x300.png 212w, https:\/\/staging.ordemdosfisioterapeutas.pt\/wp-content\/uploads\/2023\/09\/DCV-768x1087.png 768w, https:\/\/staging.ordemdosfisioterapeutas.pt\/wp-content\/uploads\/2023\/09\/DCV-8x12.png 8w, https:\/\/staging.ordemdosfisioterapeutas.pt\/wp-content\/uploads\/2023\/09\/DCV.png 848w\" sizes=\"(max-width: 724px) 100vw, 724px\" \/>\t\t\t\t\t\t\t\t<\/a>\n\t\t\t\t\t\t\t\t\t\t\t\t\t\t\t<\/div>\n\t\t\t\t<\/div>\n\t\t\t\t<div class=\"elementor-element elementor-element-aad5159 elementor-widget elementor-widget-heading\" data-id=\"aad5159\" data-element_type=\"widget\" data-e-type=\"widget\" data-widget_type=\"heading.default\">\n\t\t\t\t<div class=\"elementor-widget-container\">\n\t\t\t\t\t<h4 class=\"elementor-heading-title elementor-size-default\"><a href=\"https:\/\/bit.ly\/OF_Poster_3\" target=\"_blank\">CVD AND RHEUMATOID ARTHRITIS<\/a><\/h4>\t\t\t\t<\/div>\n\t\t\t\t<\/div>\n\t\t\t\t\t<\/div>\n\t\t<\/div>\n\t\t\t\t\t<\/div>\n\t\t<\/section>\n\t\t\t\t<div class=\"elementor-element elementor-element-4e24e50 elementor-widget elementor-widget-heading\" data-id=\"4e24e50\" data-element_type=\"widget\" data-e-type=\"widget\" data-widget_type=\"heading.default\">\n\t\t\t\t<div class=\"elementor-widget-container\">\n\t\t\t\t\t<h3 class=\"elementor-heading-title elementor-size-default\">Banners<\/h3>\t\t\t\t<\/div>\n\t\t\t\t<\/div>\n\t\t\t\t<section class=\"elementor-section elementor-inner-section elementor-element elementor-element-9e9c442 elementor-section-boxed elementor-section-height-default elementor-section-height-default\" data-id=\"9e9c442\" data-element_type=\"section\" data-e-type=\"section\">\n\t\t\t\t\t\t<div class=\"elementor-container elementor-column-gap-default\">\n\t\t\t\t\t<div class=\"elementor-column elementor-col-33 elementor-inner-column elementor-element elementor-element-3aaf12c\" data-id=\"3aaf12c\" data-element_type=\"column\" data-e-type=\"column\">\n\t\t\t<div class=\"elementor-widget-wrap elementor-element-populated\">\n\t\t\t\t\t\t<div class=\"elementor-element elementor-element-7d7a23b elementor-widget elementor-widget-image\" data-id=\"7d7a23b\" data-element_type=\"widget\" data-e-type=\"widget\" data-widget_type=\"image.default\">\n\t\t\t\t<div class=\"elementor-widget-container\">\n\t\t\t\t\t\t\t\t\t\t\t\t\t\t\t\t<a href=\"https:\/\/bit.ly\/OF_RollUp_1\" target=\"_blank\">\n\t\t\t\t\t\t\t<img loading=\"lazy\" decoding=\"async\" width=\"409\" height=\"1024\" src=\"https:\/\/staging.ordemdosfisioterapeutas.pt\/wp-content\/uploads\/2023\/09\/banner-2-409x1024.png\" class=\"attachment-large size-large wp-image-6540\" alt=\"\" srcset=\"https:\/\/staging.ordemdosfisioterapeutas.pt\/wp-content\/uploads\/2023\/09\/banner-2-409x1024.png 409w, https:\/\/staging.ordemdosfisioterapeutas.pt\/wp-content\/uploads\/2023\/09\/banner-2-120x300.png 120w, https:\/\/staging.ordemdosfisioterapeutas.pt\/wp-content\/uploads\/2023\/09\/banner-2-5x12.png 5w, https:\/\/staging.ordemdosfisioterapeutas.pt\/wp-content\/uploads\/2023\/09\/banner-2.png 479w\" sizes=\"(max-width: 409px) 100vw, 409px\" \/>\t\t\t\t\t\t\t\t<\/a>\n\t\t\t\t\t\t\t\t\t\t\t\t\t\t\t<\/div>\n\t\t\t\t<\/div>\n\t\t\t\t<div class=\"elementor-element elementor-element-2074f6c elementor-widget elementor-widget-heading\" data-id=\"2074f6c\" data-element_type=\"widget\" data-e-type=\"widget\" data-widget_type=\"heading.default\">\n\t\t\t\t<div class=\"elementor-widget-container\">\n\t\t\t\t\t<h4 class=\"elementor-heading-title elementor-size-default\"><a href=\"https:\/\/bit.ly\/OF_RollUp_1\" target=\"_blank\">EXERCISING WITH ARTHRITIS<\/a><\/h4>\t\t\t\t<\/div>\n\t\t\t\t<\/div>\n\t\t\t\t\t<\/div>\n\t\t<\/div>\n\t\t\t\t<div class=\"elementor-column elementor-col-33 elementor-inner-column elementor-element elementor-element-1ea95a8\" data-id=\"1ea95a8\" data-element_type=\"column\" data-e-type=\"column\">\n\t\t\t<div class=\"elementor-widget-wrap\">\n\t\t\t\t\t\t\t<\/div>\n\t\t<\/div>\n\t\t\t\t<div class=\"elementor-column elementor-col-33 elementor-inner-column elementor-element elementor-element-354fa8f\" data-id=\"354fa8f\" data-element_type=\"column\" data-e-type=\"column\">\n\t\t\t<div class=\"elementor-widget-wrap elementor-element-populated\">\n\t\t\t\t\t\t<div class=\"elementor-element elementor-element-3ce523e elementor-widget elementor-widget-image\" data-id=\"3ce523e\" data-element_type=\"widget\" data-e-type=\"widget\" data-widget_type=\"image.default\">\n\t\t\t\t<div class=\"elementor-widget-container\">\n\t\t\t\t\t\t\t\t\t\t\t\t\t\t\t\t<a href=\"https:\/\/bit.ly\/OF_RollUp_2\" target=\"_blank\">\n\t\t\t\t\t\t\t<img loading=\"lazy\" decoding=\"async\" width=\"409\" height=\"1024\" src=\"https:\/\/staging.ordemdosfisioterapeutas.pt\/wp-content\/uploads\/2023\/09\/banner-1-409x1024.png\" class=\"attachment-large size-large wp-image-6541\" alt=\"\" srcset=\"https:\/\/staging.ordemdosfisioterapeutas.pt\/wp-content\/uploads\/2023\/09\/banner-1-409x1024.png 409w, https:\/\/staging.ordemdosfisioterapeutas.pt\/wp-content\/uploads\/2023\/09\/banner-1-120x300.png 120w, https:\/\/staging.ordemdosfisioterapeutas.pt\/wp-content\/uploads\/2023\/09\/banner-1-5x12.png 5w, https:\/\/staging.ordemdosfisioterapeutas.pt\/wp-content\/uploads\/2023\/09\/banner-1.png 479w\" sizes=\"(max-width: 409px) 100vw, 409px\" \/>\t\t\t\t\t\t\t\t<\/a>\n\t\t\t\t\t\t\t\t\t\t\t\t\t\t\t<\/div>\n\t\t\t\t<\/div>\n\t\t\t\t<div class=\"elementor-element elementor-element-972faf3 elementor-widget elementor-widget-heading\" data-id=\"972faf3\" data-element_type=\"widget\" data-e-type=\"widget\" data-widget_type=\"heading.default\">\n\t\t\t\t<div class=\"elementor-widget-container\">\n\t\t\t\t\t<h4 class=\"elementor-heading-title elementor-size-default\"><a href=\"https:\/\/bit.ly\/OF_RollUp_2\" target=\"_blank\">PHYSIOTHERAPY CAN HELP YOU MANAGE YOUR ARTHRITIS<\/a><\/h4>\t\t\t\t<\/div>\n\t\t\t\t<\/div>\n\t\t\t\t\t<\/div>\n\t\t<\/div>\n\t\t\t\t\t<\/div>\n\t\t<\/section>\n\t\t\t\t\t<\/div>\n\t\t<\/div>\n\t\t\t\t\t<\/div>\n\t\t<\/section>\n\t\t\t\t<\/div>","protected":false},"excerpt":{"rendered":"<p>O Dia Mundial da Fisioterapia \u00e9 celebrado todos os anos, desde 1996, no dia 8 de Setembro, correspondendo \u00e0 data da funda\u00e7\u00e3o da atual World Physiotherapy, em 1951. O Dia Mundial da Fisioterapia \u00e9 uma oportunidade para reconhecer o papel significativo que a profiss\u00e3o desempenha na sa\u00fade e no bem-estar da popula\u00e7\u00e3o em geral, e &#8230; <a title=\"World Physiotherapy Day 2023\" class=\"read-more\" href=\"https:\/\/staging.ordemdosfisioterapeutas.pt\/en\/dia-mundial-da-fisioterapia-2023\/\" aria-label=\"Read more about Dia Mundial da Fisioterapia 2023\">Read more<\/a><\/p>","protected":false},"author":1,"featured_media":0,"parent":0,"menu_order":0,"comment_status":"closed","ping_status":"closed","template":"","meta":{"footnotes":""},"class_list":["post-6512","page","type-page","status-publish"],"_links":{"self":[{"href":"https:\/\/staging.ordemdosfisioterapeutas.pt\/en\/wp-json\/wp\/v2\/pages\/6512","targetHints":{"allow":["GET"]}}],"collection":[{"href":"https:\/\/staging.ordemdosfisioterapeutas.pt\/en\/wp-json\/wp\/v2\/pages"}],"about":[{"href":"https:\/\/staging.ordemdosfisioterapeutas.pt\/en\/wp-json\/wp\/v2\/types\/page"}],"author":[{"embeddable":true,"href":"https:\/\/staging.ordemdosfisioterapeutas.pt\/en\/wp-json\/wp\/v2\/users\/1"}],"replies":[{"embeddable":true,"href":"https:\/\/staging.ordemdosfisioterapeutas.pt\/en\/wp-json\/wp\/v2\/comments?post=6512"}],"version-history":[{"count":0,"href":"https:\/\/staging.ordemdosfisioterapeutas.pt\/en\/wp-json\/wp\/v2\/pages\/6512\/revisions"}],"wp:attachment":[{"href":"https:\/\/staging.ordemdosfisioterapeutas.pt\/en\/wp-json\/wp\/v2\/media?parent=6512"}],"curies":[{"name":"wp","href":"https:\/\/api.w.org\/{rel}","templated":true}]}}