{"id":2740,"date":"2021-08-17T14:31:35","date_gmt":"2021-08-17T13:31:35","guid":{"rendered":"https:\/\/staging.ordemdosfisioterapeutas.pt\/?page_id=2740"},"modified":"2024-02-25T14:36:54","modified_gmt":"2024-02-25T14:36:54","slug":"erros-frequentes-preenchimento-requerimento-inscricao","status":"publish","type":"page","link":"https:\/\/staging.ordemdosfisioterapeutas.pt\/es\/erros-frequentes-preenchimento-requerimento-inscricao\/","title":{"rendered":"Errores frecuentes al rellenar el formulario de solicitud"},"content":{"rendered":"<div data-elementor-type=\"wp-page\" data-elementor-id=\"2740\" class=\"elementor elementor-2740\" data-elementor-post-type=\"page\">\n\t\t\t\t\t\t<section class=\"elementor-section elementor-top-section elementor-element elementor-element-19dd88d9 elementor-section-boxed elementor-section-height-default elementor-section-height-default\" data-id=\"19dd88d9\" data-element_type=\"section\" data-e-type=\"section\">\n\t\t\t\t\t\t<div class=\"elementor-container elementor-column-gap-default\">\n\t\t\t\t\t<div class=\"elementor-column elementor-col-100 elementor-top-column elementor-element elementor-element-36417d4e\" data-id=\"36417d4e\" data-element_type=\"column\" data-e-type=\"column\">\n\t\t\t<div class=\"elementor-widget-wrap elementor-element-populated\">\n\t\t\t\t\t\t<div class=\"elementor-element elementor-element-2d94bdcb elementor-widget elementor-widget-text-editor\" data-id=\"2d94bdcb\" data-element_type=\"widget\" data-e-type=\"widget\" data-widget_type=\"text-editor.default\">\n\t\t\t\t<div class=\"elementor-widget-container\">\n\t\t\t\t\t\t\t\t\t<p>Ay\u00fadenos a mejorar la eficacia del proceso de inscripci\u00f3n. Hemos detectado una serie de dificultades y errores frecuentes que obligan a devolver las solicitudes y retrasan todo el proceso de inscripci\u00f3n.<\/p>\n<p>Evite que le devuelvan su solicitud.<\/p>\n<p><strong>Principales dificultades y errores frecuentes que puede evitar f\u00e1cilmente:<\/strong><\/p>\t\t\t\t\t\t\t\t<\/div>\n\t\t\t\t<\/div>\n\t\t\t\t<div class=\"elementor-element elementor-element-616b1955 elementor-widget elementor-widget-heading\" data-id=\"616b1955\" data-element_type=\"widget\" data-e-type=\"widget\" data-widget_type=\"heading.default\">\n\t\t\t\t<div class=\"elementor-widget-container\">\n\t\t\t\t\t<h2 class=\"elementor-heading-title elementor-size-default\">1. elegir la opci\u00f3n en el formulario de cumplimentaci\u00f3n<\/h2>\t\t\t\t<\/div>\n\t\t\t\t<\/div>\n\t\t\t\t<div class=\"elementor-element elementor-element-77e6a7a8 elementor-widget elementor-widget-text-editor\" data-id=\"77e6a7a8\" data-element_type=\"widget\" data-e-type=\"widget\" data-widget_type=\"text-editor.default\">\n\t\t\t\t<div class=\"elementor-widget-container\">\n\t\t\t\t\t\t\t\t\t<p>El formulario se adapta a cada una de las situaciones m\u00e1s habituales del programa de formaci\u00f3n:<\/p><ul><li>Fisioterapeuta licenciada en Portugal (antes de 1993);<\/li><li>Fisioterapeuta licenciada en Bioterapia en Portugal (1993-2008);<\/li><li>Fisioterapeuta licenciada en Portugal (despu\u00e9s de 2008);<\/li><li>Fisioterapeuta formado en un pa\u00eds de la UE\/AELC;<\/li><li>Fisioterapeuta formado en un pa\u00eds no perteneciente a la UE\/AELC.<\/li><\/ul><p>La elecci\u00f3n inicial de una opci\u00f3n err\u00f3nea conduce naturalmente a que el formulario abra opciones que no est\u00e1n totalmente adaptadas, lo que genera dificultades y errores en la cumplimentaci\u00f3n del formulario.<\/p><p>Por ejemplo, si tiene una licenciatura y elige la opci\u00f3n \"Licenciatura (despu\u00e9s de 2008)\", su formulario ser\u00e1 devuelto para correcci\u00f3n debido a que faltan datos.<\/p><p><strong>Si tiene dudas sobre qu\u00e9 formulario seguir, consulte las Gu\u00edas de solicitud paso a paso para confirmar c\u00f3mo rellenar el formulario y los documentos que tendr\u00e1 que presentar:<\/strong><\/p><ul><li><span style=\"text-decoration: underline;\"><a href=\"https:\/\/staging.ordemdosfisioterapeutas.pt\/wp-content\/uploads\/2021\/05\/guia-passopasso-nacionais-bacharelato-12017-12773.pdf\" target=\"_blank\" rel=\"noopener\">Fisioterapeuta formado en Portugal con una licenciatura ( antes de 1993 )<\/a><\/span><\/li><li><span style=\"text-decoration: underline;\"><a href=\"https:\/\/staging.ordemdosfisioterapeutas.pt\/wp-content\/uploads\/2021\/05\/guia-passopasso-nacionais-bietapica-12019-12772.pdf\" target=\"_blank\" rel=\"noopener\">Fisioterapeuta licenciada en Bioterapia en Portugal ( 1993-2008 )<\/a><\/span><\/li><li><span style=\"text-decoration: underline;\"><a href=\"https:\/\/staging.ordemdosfisioterapeutas.pt\/wp-content\/uploads\/2021\/05\/guia-passopasso-nacionais-licenciatura-12015-12774.pdf\" target=\"_blank\" rel=\"noopener\">Fisioterapeuta formado en Portugal con licenciatura ( despu\u00e9s de 2008 )<\/a><\/span><\/li><li><span style=\"text-decoration: underline;\"><a href=\"https:\/\/staging.ordemdosfisioterapeutas.pt\/wp-content\/uploads\/2022\/03\/guia_passopasso_EU_EFTA1201612770-Final-com-CPE.pdf\" target=\"_blank\" rel=\"noopener\">Fisioterapeuta formado en un pa\u00eds de la UE\/AELC (con CPE)<\/a><\/span><\/li><li><span style=\"text-decoration: underline;\"><a href=\"https:\/\/staging.ordemdosfisioterapeutas.pt\/wp-content\/uploads\/2022\/03\/guia_passopasso_EU_EFTA1201612770-Final-sem-CPE.pdf\" target=\"_blank\" rel=\"noopener\">Fisioterapeuta formado en un pa\u00eds de la UE\/AELC (sin CPE)<\/a><\/span><\/li><li><span style=\"text-decoration: underline;\"><a href=\"https:\/\/staging.ordemdosfisioterapeutas.pt\/wp-content\/uploads\/2021\/05\/guia-passopasso-estrangeirospaisesterceiros-12018-12771.pdf\" target=\"_blank\" rel=\"noopener\">Fisioterapeuta formado en un pa\u00eds no perteneciente a la UE\/AELC<\/a><\/span><\/li><\/ul>\t\t\t\t\t\t\t\t<\/div>\n\t\t\t\t<\/div>\n\t\t\t\t<div class=\"elementor-element elementor-element-4a805e8 elementor-widget elementor-widget-toggle\" data-id=\"4a805e8\" data-element_type=\"widget\" data-e-type=\"widget\" data-widget_type=\"toggle.default\">\n\t\t\t\t<div class=\"elementor-widget-container\">\n\t\t\t\t\t\t\t<div class=\"elementor-toggle\">\n\t\t\t\t\t\t\t<div class=\"elementor-toggle-item\">\n\t\t\t\t\t<div id=\"elementor-tab-title-7811\" class=\"elementor-tab-title\" data-tab=\"1\" role=\"button\" aria-controls=\"elementor-tab-content-7811\" aria-expanded=\"false\">\n\t\t\t\t\t\t\t\t\t\t\t\t<span class=\"elementor-toggle-icon elementor-toggle-icon-left\" aria-hidden=\"true\">\n\t\t\t\t\t\t\t\t\t\t\t\t\t\t\t<span class=\"elementor-toggle-icon-closed\"><i class=\"fas fa-arrow-circle-right\"><\/i><\/span>\n\t\t\t\t\t\t\t\t<span class=\"elementor-toggle-icon-opened\"><i class=\"elementor-toggle-icon-opened fas fa-arrow-circle-down\"><\/i><\/span>\n\t\t\t\t\t\t\t\t\t\t\t\t\t<\/span>\n\t\t\t\t\t\t\t\t\t\t\t\t<a class=\"elementor-toggle-title\" tabindex=\"0\">Brexit<\/a>\n\t\t\t\t\t<\/div>\n\n\t\t\t\t\t<div id=\"elementor-tab-content-7811\" class=\"elementor-tab-content elementor-clearfix\" data-tab=\"1\" role=\"region\" aria-labelledby=\"elementor-tab-title-7811\"><p>Seg\u00fan la informaci\u00f3n facilitada por la DGERT - Direcci\u00f3n General de Empleo y Relaciones Laborales, sobre el reconocimiento de las cualificaciones profesionales adquiridas en el Reino Unido, se aclara que:<\/p><p>1 - Las cualificaciones obtenidas en el Reino Unido antes del final del periodo de transici\u00f3n establecido en el Acuerdo de Retirada (antes del 1 de enero de 2021) por nacionales de la UE son cualificaciones de la UE.<\/p><p>2 - Las normas y los reg\u00edmenes de reconocimiento de la Directiva 2005\/36\/CE se aplicar\u00e1n al reconocimiento de dichas cualificaciones, en particular a todos los tipos de cualificaciones cubiertos por la Directiva 2005\/36\/CE, sin limitaci\u00f3n en el tiempo.<\/p><p>As\u00ed pues, los profesionales deben presentar la solicitud <span style=\"text-decoration: underline;\"><a href=\"https:\/\/ordemdosfisioterapeutas.pt\/wp-content\/uploads\/2021\/05\/guia-passopasso-estrangeirospaisesterceiros-12018-12771.pdf\">Fisioterapeuta formado en un pa\u00eds no perteneciente a la UE\/AELC<\/a><\/span><\/p><p>A estos solicitantes se les aplicar\u00e1n, con las adaptaciones necesarias, los procedimientos y criterios vigentes en las actuales directivas europeas sobre reconocimiento de t\u00edtulos.<\/p><\/div>\n\t\t\t\t<\/div>\n\t\t\t\t\t\t\t\t<\/div>\n\t\t\t\t\t\t<\/div>\n\t\t\t\t<\/div>\n\t\t\t\t<div class=\"elementor-element elementor-element-6dc798d elementor-widget elementor-widget-heading\" data-id=\"6dc798d\" data-element_type=\"widget\" data-e-type=\"widget\" data-widget_type=\"heading.default\">\n\t\t\t\t<div class=\"elementor-widget-container\">\n\t\t\t\t\t<h2 class=\"elementor-heading-title elementor-size-default\">2. No utilizar el formulario de firma proporcionado y el bol\u00edgrafo del color correcto.<\/h2>\t\t\t\t<\/div>\n\t\t\t\t<\/div>\n\t\t\t\t<div class=\"elementor-element elementor-element-11fb91e1 elementor-widget elementor-widget-text-editor\" data-id=\"11fb91e1\" data-element_type=\"widget\" data-e-type=\"widget\" data-widget_type=\"text-editor.default\">\n\t\t\t\t<div class=\"elementor-widget-container\">\n\t\t\t\t\t\t\t\t\t<p>Deber\u00e1 utilizarse el formulario de firma disponible a tal efecto en el sitio web de la Orden, as\u00ed como un bol\u00edgrafo de tinta negra.<\/p>\n<p>Esta ser\u00e1 la firma utilizada en su papeleta (tarjeta), por lo que el tama\u00f1o, el color de la tinta y el contraste son esenciales.<\/p>\t\t\t\t\t\t\t\t<\/div>\n\t\t\t\t<\/div>\n\t\t\t\t<div class=\"elementor-element elementor-element-507ed9f6 elementor-widget elementor-widget-heading\" data-id=\"507ed9f6\" data-element_type=\"widget\" data-e-type=\"widget\" data-widget_type=\"heading.default\">\n\t\t\t\t<div class=\"elementor-widget-container\">\n\t\t\t\t\t<h2 class=\"elementor-heading-title elementor-size-default\">3. No introducir el n\u00famero de tarjeta ACSS, en el caso de quienes dispongan de este documento.<\/h2>\t\t\t\t<\/div>\n\t\t\t\t<\/div>\n\t\t\t\t<div class=\"elementor-element elementor-element-24ce926a elementor-widget elementor-widget-text-editor\" data-id=\"24ce926a\" data-element_type=\"widget\" data-e-type=\"widget\" data-widget_type=\"text-editor.default\">\n\t\t\t\t<div class=\"elementor-widget-container\">\n\t\t\t\t\t\t\t\t\t<p>Este elemento es fundamental para el proceso de an\u00e1lisis de la solicitud y, en particular, para evitar tener que confirmar la autenticidad de las titulaciones acad\u00e9micas presentadas en PDF.<\/p><p>No olvide introducir el n\u00famero de papeleta.<\/p><p>Si no recuerda el n\u00famero, consulte la base de datos del ACSS, <a href=\"https:\/\/tdt-rhs.min-saude.pt\/pages\/entradaacss.aspx?ReturnUrl=%2fAPP%2fUserProcess%2fDEFAULT.ASPX\"><span style=\"text-decoration: underline;\">haciendo clic aqu\u00ed<\/span><\/a>.<\/p>\t\t\t\t\t\t\t\t<\/div>\n\t\t\t\t<\/div>\n\t\t\t\t<div class=\"elementor-element elementor-element-74741710 elementor-widget elementor-widget-heading\" data-id=\"74741710\" data-element_type=\"widget\" data-e-type=\"widget\" data-widget_type=\"heading.default\">\n\t\t\t\t<div class=\"elementor-widget-container\">\n\t\t\t\t\t<h2 class=\"elementor-heading-title elementor-size-default\">4. Fecha de finalizaci\u00f3n del curso incorrecta<\/h2>\t\t\t\t<\/div>\n\t\t\t\t<\/div>\n\t\t\t\t<div class=\"elementor-element elementor-element-128762f8 elementor-widget elementor-widget-text-editor\" data-id=\"128762f8\" data-element_type=\"widget\" data-e-type=\"widget\" data-widget_type=\"text-editor.default\">\n\t\t\t\t<div class=\"elementor-widget-container\">\n\t\t\t\t\t\t\t\t\t<p><strong>4.1 Debe registrar la fecha de finalizaci\u00f3n del curso, no la fecha de expedici\u00f3n del diploma.<\/strong><\/p><p>La fecha de finalizaci\u00f3n del curso suele indicarse en el cuerpo del diploma\/certificado, no al final.<\/p><p>La fecha de finalizaci\u00f3n del curso, en particular el curso que le dio acceso a la pr\u00e1ctica profesional, que aparece en su diploma o certificado de cualificaci\u00f3n, es relevante para el c\u00e1lculo global de su tiempo de ejercicio profesional (antig\u00fcedad).<\/p><p>No debe confundirse con la fecha de expedici\u00f3n del propio t\u00edtulo o certificado, que suele ser posterior. Si se expide un duplicado del diploma, esta diferencia ser\u00e1 naturalmente a\u00fan m\u00e1s marcada.<\/p><p><strong>4.2 - La fecha que debe indicar en el formulario es la fecha de finalizaci\u00f3n del curso inicial que le permiti\u00f3 acceder a la profesi\u00f3n.<\/strong><\/p><p>La fecha de finalizaci\u00f3n del curso, en particular el curso que le dio acceso a la pr\u00e1ctica profesional, que aparece en su diploma o certificado de cualificaci\u00f3n, es relevante para el c\u00e1lculo global de su tiempo de ejercicio profesional (antig\u00fcedad).<\/p><p>En el caso de los compa\u00f1eros con una titulaci\u00f3n m\u00e1s antigua, anterior al programa de Bolonia, ha habido algunas dudas y errores de relleno que son f\u00e1ciles de evitar.<\/p><p><strong>4.2.1 - Si su curso inicial no le confiri\u00f3 un t\u00edtulo acad\u00e9mico, pero posteriormente obtuvo una licenciatura, la fecha que debe poner en el formulario es la fecha en que termin\u00f3 su curso inicial.<\/strong><\/p><p>Ejemplo: para un curso de 1985 que se equipar\u00f3 formalmente en 1999, la fecha del formulario debe ser 1985.<\/p><p>No obstante, deber\u00e1 presentar los dos justificantes: el de la formaci\u00f3n inicial y el del reconocimiento oficial del t\u00edtulo acad\u00e9mico. Como solo hay un campo en el formulario para presentar estas dos pruebas, debe copiarlas juntas en un \u00fanico PDF.<\/p><p><strong>4.2.2 - Lo mismo ocurre si es licenciado en Biolog\u00eda.<\/strong><\/p><p>Teniendo en cuenta que el primer ciclo de la Licenciatura Bietapica, que corresponde al Bacharelato em Fisioterapia, fue, en su momento, la titulaci\u00f3n suficiente para el ejercicio de la profesi\u00f3n de Fisioterapeuta, y la inscripci\u00f3n para la obtenci\u00f3n de la respectiva tarjeta profesional, \u00e9sta ser\u00e1 la titulaci\u00f3n de referencia a efectos estad\u00edsticos.<\/p><p>Sobre esta base, la fecha de finalizaci\u00f3n de la licenciatura ser\u00e1 la que utilizaremos para contabilizar su antig\u00fcedad profesional.<\/p><p>Si no has solicitado este t\u00edtulo de bachillerato, deber\u00e1s presentar una declaraci\u00f3n jurada con la fecha de finalizaci\u00f3n.<\/p><p>Para facilitar su declaraci\u00f3n, puede utilizar el borrador disponible aqu\u00ed.<\/p>\t\t\t\t\t\t\t\t<\/div>\n\t\t\t\t<\/div>\n\t\t\t\t<div class=\"elementor-element elementor-element-62895b5d elementor-widget elementor-widget-heading\" data-id=\"62895b5d\" data-element_type=\"widget\" data-e-type=\"widget\" data-widget_type=\"heading.default\">\n\t\t\t\t<div class=\"elementor-widget-container\">\n\t\t\t\t\t<h2 class=\"elementor-heading-title elementor-size-default\">5. Falta de prueba del domicilio profesional<\/h2>\t\t\t\t<\/div>\n\t\t\t\t<\/div>\n\t\t\t\t<div class=\"elementor-element elementor-element-506411e0 elementor-widget elementor-widget-text-editor\" data-id=\"506411e0\" data-element_type=\"widget\" data-e-type=\"widget\" data-widget_type=\"text-editor.default\">\n\t\t\t\t<div class=\"elementor-widget-container\">\n\t\t\t\t\t\t\t\t\t<p>Puede aceptarse la inclusi\u00f3n de cualquiera de los siguientes documentos actualizados:<\/p>\n<ul>\n<li>N\u00f3mina en la que figure la direcci\u00f3n de tu trabajo (puedes ocultar los importes);<\/li>\n<li>Declaraci\u00f3n de su empleador en la que conste su direcci\u00f3n de trabajo;<\/li>\n<li>Declaraci\u00f3n de apertura de negocio en la Agencia Tributaria;<\/li>\n<li>Un recibo verde con la direcci\u00f3n;<\/li>\n<li>Declaraci\u00f3n IEFP, si procede.<\/li>\n<\/ul>\t\t\t\t\t\t\t\t<\/div>\n\t\t\t\t<\/div>\n\t\t\t\t<div class=\"elementor-element elementor-element-46f8c191 elementor-widget elementor-widget-heading\" data-id=\"46f8c191\" data-element_type=\"widget\" data-e-type=\"widget\" data-widget_type=\"heading.default\">\n\t\t\t\t<div class=\"elementor-widget-container\">\n\t\t\t\t\t<h2 class=\"elementor-heading-title elementor-size-default\">6. Dificultad para definir la extensi\u00f3n y el detalle del CV a presentar<\/h2>\t\t\t\t<\/div>\n\t\t\t\t<\/div>\n\t\t\t\t<div class=\"elementor-element elementor-element-47cd6a94 elementor-widget elementor-widget-text-editor\" data-id=\"47cd6a94\" data-element_type=\"widget\" data-e-type=\"widget\" data-widget_type=\"text-editor.default\">\n\t\t\t\t<div class=\"elementor-widget-container\">\n\t\t\t\t\t\t\t\t\t<p>El CV debe documentar la \"experiencia profesional pertinente\".<\/p>\n<p>El nivel de detalle de la descripci\u00f3n de esta experiencia profesional quedar\u00e1, en esta fase, a discreci\u00f3n del candidato y por su honor.<\/p>\n<p>Asimismo, le informamos de que este campo estar\u00e1 posteriormente disponible para su actualizaci\u00f3n, en cualquier momento y por iniciativa propia, en su \u00e1rea personal, accesible a trav\u00e9s de la p\u00e1gina web del Colegio de Fisioterapeutas.<\/p>\n<p>Tambi\u00e9n puede insertar el enlace a su CV, pero en ese caso, aseg\u00farese de que sea accesible de esa forma, sin necesidad de utilizar contrase\u00f1as.<\/p>\t\t\t\t\t\t\t\t<\/div>\n\t\t\t\t<\/div>\n\t\t\t\t<div class=\"elementor-element elementor-element-53f7e897 elementor-align-center elementor-widget elementor-widget-button\" data-id=\"53f7e897\" data-element_type=\"widget\" data-e-type=\"widget\" data-widget_type=\"button.default\">\n\t\t\t\t<div class=\"elementor-widget-container\">\n\t\t\t\t\t\t\t\t\t<div class=\"elementor-button-wrapper\">\n\t\t\t\t\t<a class=\"elementor-button elementor-button-link elementor-size-sm\" href=\"https:\/\/portal.ordemdosfisioterapeutas.pt\/\" target=\"_blank\">\n\t\t\t\t\t\t<span class=\"elementor-button-content-wrapper\">\n\t\t\t\t\t\t<span class=\"elementor-button-icon\">\n\t\t\t\t<i aria-hidden=\"true\" class=\"fas fa-pen-alt\"><\/i>\t\t\t<\/span>\n\t\t\t\t\t\t\t\t\t<span class=\"elementor-button-text\">Continuar con el formulario de inscripci\u00f3n<\/span>\n\t\t\t\t\t<\/span>\n\t\t\t\t\t<\/a>\n\t\t\t\t<\/div>\n\t\t\t\t\t\t\t\t<\/div>\n\t\t\t\t<\/div>\n\t\t\t\t\t<\/div>\n\t\t<\/div>\n\t\t\t\t\t<\/div>\n\t\t<\/section>\n\t\t\t\t<\/div>","protected":false},"excerpt":{"rendered":"<p>Ajude-nos a melhorar a efici\u00eancia do processo de inscri\u00e7\u00e3o. Temos vindo a observar um conjunto de dificuldades e erros\/enganos frequentes, que obrigam \u00e0 devolu\u00e7\u00e3o dos requerimentos, e atrasam todo o processo de inscri\u00e7\u00e3o. Evite a devolu\u00e7\u00e3o do seu requerimento. Principais dificuldades e erros\/enganos frequentes, que pode facilmente evitar: 1. Escolha da op\u00e7\u00e3o do formul\u00e1rio de &#8230; <a title=\"Errores frecuentes al rellenar el formulario de solicitud\" class=\"read-more\" href=\"https:\/\/staging.ordemdosfisioterapeutas.pt\/es\/erros-frequentes-preenchimento-requerimento-inscricao\/\" aria-label=\"Leer m\u00e1s sobre Erros Frequentes no Preenchimento no Requerimento de Inscri\u00e7\u00e3o\">Seguir leyendo<\/a><\/p>","protected":false},"author":1,"featured_media":0,"parent":0,"menu_order":0,"comment_status":"closed","ping_status":"closed","template":"","meta":{"footnotes":""},"class_list":["post-2740","page","type-page","status-publish"],"_links":{"self":[{"href":"https:\/\/staging.ordemdosfisioterapeutas.pt\/es\/wp-json\/wp\/v2\/pages\/2740","targetHints":{"allow":["GET"]}}],"collection":[{"href":"https:\/\/staging.ordemdosfisioterapeutas.pt\/es\/wp-json\/wp\/v2\/pages"}],"about":[{"href":"https:\/\/staging.ordemdosfisioterapeutas.pt\/es\/wp-json\/wp\/v2\/types\/page"}],"author":[{"embeddable":true,"href":"https:\/\/staging.ordemdosfisioterapeutas.pt\/es\/wp-json\/wp\/v2\/users\/1"}],"replies":[{"embeddable":true,"href":"https:\/\/staging.ordemdosfisioterapeutas.pt\/es\/wp-json\/wp\/v2\/comments?post=2740"}],"version-history":[{"count":0,"href":"https:\/\/staging.ordemdosfisioterapeutas.pt\/es\/wp-json\/wp\/v2\/pages\/2740\/revisions"}],"wp:attachment":[{"href":"https:\/\/staging.ordemdosfisioterapeutas.pt\/es\/wp-json\/wp\/v2\/media?parent=2740"}],"curies":[{"name":"wp","href":"https:\/\/api.w.org\/{rel}","templated":true}]}}