{"id":2836,"date":"2021-09-11T11:55:28","date_gmt":"2021-09-11T10:55:28","guid":{"rendered":"https:\/\/staging.ordemdosfisioterapeutas.pt\/?page_id=2836"},"modified":"2024-07-31T20:12:45","modified_gmt":"2024-07-31T19:12:45","slug":"candidaturas","status":"publish","type":"page","link":"https:\/\/staging.ordemdosfisioterapeutas.pt\/es\/eleicoes\/candidaturas\/","title":{"rendered":"Aplicaciones"},"content":{"rendered":"<div data-elementor-type=\"wp-page\" data-elementor-id=\"2836\" class=\"elementor elementor-2836\" data-elementor-post-type=\"page\">\n\t\t\t\t\t\t<section class=\"elementor-section elementor-top-section elementor-element elementor-element-28d1912c elementor-section-boxed elementor-section-height-default elementor-section-height-default\" data-id=\"28d1912c\" data-element_type=\"section\" data-e-type=\"section\">\n\t\t\t\t\t\t<div class=\"elementor-container elementor-column-gap-default\">\n\t\t\t\t\t<div class=\"elementor-column elementor-col-50 elementor-top-column elementor-element elementor-element-68c43814 sticky-parent\" data-id=\"68c43814\" data-element_type=\"column\" data-e-type=\"column\">\n\t\t\t<div class=\"elementor-widget-wrap elementor-element-populated\">\n\t\t\t\t\t\t<section class=\"elementor-section elementor-inner-section elementor-element elementor-element-44973f3d sticky-column elementor-section-boxed elementor-section-height-default elementor-section-height-default\" data-id=\"44973f3d\" data-element_type=\"section\" data-e-type=\"section\">\n\t\t\t\t\t\t<div class=\"elementor-container elementor-column-gap-default\">\n\t\t\t\t\t<div class=\"elementor-column elementor-col-100 elementor-inner-column elementor-element elementor-element-8c924a1\" data-id=\"8c924a1\" data-element_type=\"column\" data-e-type=\"column\">\n\t\t\t<div class=\"elementor-widget-wrap elementor-element-populated\">\n\t\t\t\t\t\t<div class=\"elementor-element elementor-element-fb9c810 elementor-nav-menu--dropdown-tablet elementor-nav-menu__text-align-aside elementor-nav-menu--toggle elementor-nav-menu--burger elementor-widget elementor-widget-global elementor-global-2875 elementor-widget-nav-menu\" data-id=\"fb9c810\" data-element_type=\"widget\" data-e-type=\"widget\" data-settings=\"{&quot;layout&quot;:&quot;vertical&quot;,&quot;submenu_icon&quot;:{&quot;value&quot;:&quot;fas fa-caret-down&quot;,&quot;library&quot;:&quot;fa-solid&quot;},&quot;toggle&quot;:&quot;burger&quot;}\" data-widget_type=\"nav-menu.default\">\n\t\t\t\t<div class=\"elementor-widget-container\">\n\t\t\t\t\t\t\t\t<nav aria-label=\"Men\u00fa\" class=\"elementor-nav-menu--main elementor-nav-menu__container elementor-nav-menu--layout-vertical e--pointer-underline e--animation-fade\">\n\t\t\t\t<ul id=\"menu-1-fb9c810\" class=\"elementor-nav-menu sm-vertical\"><li class=\"menu-item menu-item-type-post_type menu-item-object-page menu-item-2852\"><a href=\"https:\/\/staging.ordemdosfisioterapeutas.pt\/es\/eleicoes\/\" class=\"elementor-item\">Elecciones al Consejo de Supervisi\u00f3n<\/a><\/li>\n<li class=\"menu-item menu-item-type-post_type menu-item-object-page menu-item-2863\"><a href=\"https:\/\/staging.ordemdosfisioterapeutas.pt\/es\/eleicoes\/calendario-eleitoral\/\" class=\"elementor-item\">Calendario electoral<\/a><\/li>\n<li class=\"menu-item menu-item-type-post_type menu-item-object-page menu-item-2864\"><a href=\"https:\/\/staging.ordemdosfisioterapeutas.pt\/es\/eleicoes\/comissao-eleitoral\/\" class=\"elementor-item\">Comisi\u00f3n Electoral<\/a><\/li>\n<li class=\"menu-item menu-item-type-post_type menu-item-object-page menu-item-2862\"><a href=\"https:\/\/staging.ordemdosfisioterapeutas.pt\/es\/eleicoes\/recenseamento\/\" class=\"elementor-item\">Censo<\/a><\/li>\n<li class=\"menu-item menu-item-type-post_type menu-item-object-page menu-item-2861\"><a href=\"https:\/\/staging.ordemdosfisioterapeutas.pt\/es\/eleicoes\/caderno-eleitoral\/\" class=\"elementor-item\">Censo electoral<\/a><\/li>\n<li class=\"menu-item menu-item-type-post_type menu-item-object-page menu-item-2860\"><a href=\"https:\/\/staging.ordemdosfisioterapeutas.pt\/es\/eleicoes\/candidaturas\/\" class=\"elementor-item\">Aplicaciones<\/a><\/li>\n<li class=\"menu-item menu-item-type-post_type menu-item-object-page menu-item-2859\"><a href=\"https:\/\/staging.ordemdosfisioterapeutas.pt\/es\/eleicoes\/listas-candidatas\/\" class=\"elementor-item\">Listas de candidatos<\/a><\/li>\n<li class=\"menu-item menu-item-type-post_type menu-item-object-page menu-item-2858\"><a href=\"https:\/\/staging.ordemdosfisioterapeutas.pt\/es\/eleicoes\/campanha-eleitoral\/\" class=\"elementor-item\">Campa\u00f1a electoral<\/a><\/li>\n<li class=\"menu-item menu-item-type-post_type menu-item-object-page menu-item-2857\"><a href=\"https:\/\/staging.ordemdosfisioterapeutas.pt\/es\/eleicoes\/ato-eleitoral\/\" class=\"elementor-item\">Ley electoral<\/a><\/li>\n<li class=\"menu-item menu-item-type-post_type menu-item-object-page menu-item-2856\"><a href=\"https:\/\/staging.ordemdosfisioterapeutas.pt\/es\/eleicoes\/apuramento-dos-resultados\/\" class=\"elementor-item\">Resultados provisionales<\/a><\/li>\n<li class=\"menu-item menu-item-type-post_type menu-item-object-page menu-item-2855\"><a href=\"https:\/\/staging.ordemdosfisioterapeutas.pt\/es\/eleicoes\/resultados-oficiais\/\" class=\"elementor-item\">Resultados oficiales<\/a><\/li>\n<\/ul>\t\t\t<\/nav>\n\t\t\t\t\t<div class=\"elementor-menu-toggle\" role=\"button\" tabindex=\"0\" aria-label=\"Men\u00fa Cambiar\" aria-expanded=\"false\">\n\t\t\t<i aria-hidden=\"true\" role=\"presentation\" class=\"elementor-menu-toggle__icon--open eicon-menu-bar\"><\/i><i aria-hidden=\"true\" role=\"presentation\" class=\"elementor-menu-toggle__icon--close eicon-close\"><\/i>\t\t<\/div>\n\t\t\t\t\t<nav class=\"elementor-nav-menu--dropdown elementor-nav-menu__container\" aria-hidden=\"true\">\n\t\t\t\t<ul id=\"menu-2-fb9c810\" class=\"elementor-nav-menu sm-vertical\"><li class=\"menu-item menu-item-type-post_type menu-item-object-page menu-item-2852\"><a href=\"https:\/\/staging.ordemdosfisioterapeutas.pt\/es\/eleicoes\/\" class=\"elementor-item\" tabindex=\"-1\">Elecciones al Consejo de Supervisi\u00f3n<\/a><\/li>\n<li class=\"menu-item menu-item-type-post_type menu-item-object-page menu-item-2863\"><a href=\"https:\/\/staging.ordemdosfisioterapeutas.pt\/es\/eleicoes\/calendario-eleitoral\/\" class=\"elementor-item\" tabindex=\"-1\">Calendario electoral<\/a><\/li>\n<li class=\"menu-item menu-item-type-post_type menu-item-object-page menu-item-2864\"><a href=\"https:\/\/staging.ordemdosfisioterapeutas.pt\/es\/eleicoes\/comissao-eleitoral\/\" class=\"elementor-item\" tabindex=\"-1\">Comisi\u00f3n Electoral<\/a><\/li>\n<li class=\"menu-item menu-item-type-post_type menu-item-object-page menu-item-2862\"><a href=\"https:\/\/staging.ordemdosfisioterapeutas.pt\/es\/eleicoes\/recenseamento\/\" class=\"elementor-item\" tabindex=\"-1\">Censo<\/a><\/li>\n<li class=\"menu-item menu-item-type-post_type menu-item-object-page menu-item-2861\"><a href=\"https:\/\/staging.ordemdosfisioterapeutas.pt\/es\/eleicoes\/caderno-eleitoral\/\" class=\"elementor-item\" tabindex=\"-1\">Censo electoral<\/a><\/li>\n<li class=\"menu-item menu-item-type-post_type menu-item-object-page menu-item-2860\"><a href=\"https:\/\/staging.ordemdosfisioterapeutas.pt\/es\/eleicoes\/candidaturas\/\" class=\"elementor-item\" tabindex=\"-1\">Aplicaciones<\/a><\/li>\n<li class=\"menu-item menu-item-type-post_type menu-item-object-page menu-item-2859\"><a href=\"https:\/\/staging.ordemdosfisioterapeutas.pt\/es\/eleicoes\/listas-candidatas\/\" class=\"elementor-item\" tabindex=\"-1\">Listas de candidatos<\/a><\/li>\n<li class=\"menu-item menu-item-type-post_type menu-item-object-page menu-item-2858\"><a href=\"https:\/\/staging.ordemdosfisioterapeutas.pt\/es\/eleicoes\/campanha-eleitoral\/\" class=\"elementor-item\" tabindex=\"-1\">Campa\u00f1a electoral<\/a><\/li>\n<li class=\"menu-item menu-item-type-post_type menu-item-object-page menu-item-2857\"><a href=\"https:\/\/staging.ordemdosfisioterapeutas.pt\/es\/eleicoes\/ato-eleitoral\/\" class=\"elementor-item\" tabindex=\"-1\">Ley electoral<\/a><\/li>\n<li class=\"menu-item menu-item-type-post_type menu-item-object-page menu-item-2856\"><a href=\"https:\/\/staging.ordemdosfisioterapeutas.pt\/es\/eleicoes\/apuramento-dos-resultados\/\" class=\"elementor-item\" tabindex=\"-1\">Resultados provisionales<\/a><\/li>\n<li class=\"menu-item menu-item-type-post_type menu-item-object-page menu-item-2855\"><a href=\"https:\/\/staging.ordemdosfisioterapeutas.pt\/es\/eleicoes\/resultados-oficiais\/\" class=\"elementor-item\" tabindex=\"-1\">Resultados oficiales<\/a><\/li>\n<\/ul>\t\t\t<\/nav>\n\t\t\t\t\t\t<\/div>\n\t\t\t\t<\/div>\n\t\t\t\t\t<\/div>\n\t\t<\/div>\n\t\t\t\t\t<\/div>\n\t\t<\/section>\n\t\t\t\t\t<\/div>\n\t\t<\/div>\n\t\t\t\t<div class=\"elementor-column elementor-col-50 elementor-top-column elementor-element elementor-element-57340f2e\" data-id=\"57340f2e\" data-element_type=\"column\" data-e-type=\"column\">\n\t\t\t<div class=\"elementor-widget-wrap elementor-element-populated\">\n\t\t\t\t\t\t<div class=\"elementor-element elementor-element-a6ad363 elementor-widget elementor-widget-text-editor\" data-id=\"a6ad363\" data-element_type=\"widget\" data-e-type=\"widget\" data-widget_type=\"text-editor.default\">\n\t\t\t\t<div class=\"elementor-widget-container\">\n\t\t\t\t\t\t\t\t\t<p>Los miembros interesados en presentarse como candidatos al Consejo de Supervisi\u00f3n pueden presentar sus candidaturas entre los siguientes d\u00edas <strong>17 de agosto de 2024<\/strong> e <strong>16 de septiembre de 2024<\/strong>. En el momento de presentar la solicitud, todos los fisioterapeutas que no hayan incurrido en mora durante m\u00e1s de seis meses son elegibles. Para presentar su solicitud, acceda a los formularios de solicitud que figuran a continuaci\u00f3n y siga las instrucciones facilitadas. Compruebe los requisitos necesarios y prepare la documentaci\u00f3n requerida<\/p><p><u><b>Formularios de solicitud:<\/b><\/u><\/p><ul><li><span style=\"text-decoration: underline;\"><a href=\"https:\/\/staging.ordemdosfisioterapeutas.pt\/wp-content\/uploads\/2024\/07\/REQUERIMENTO-CANDIDATURA-CONS-SUPERVISAO.pdf\" target=\"_blank\" rel=\"noopener\">Candidatura al Consejo de Supervisi\u00f3n<\/a><\/span><\/li><li><span style=\"text-decoration: underline;\"><a href=\"https:\/\/staging.ordemdosfisioterapeutas.pt\/wp-content\/uploads\/2024\/07\/DECLARACAO-DE-ACEITACAO-DE-CANDIDATURA.pdf\" target=\"_blank\" rel=\"noopener\">Declaraci\u00f3n de aceptaci\u00f3n de la solicitud<\/a><\/span><\/li><li><span style=\"text-decoration: underline;\"><a href=\"https:\/\/staging.ordemdosfisioterapeutas.pt\/wp-content\/uploads\/2024\/07\/DECLARACAO-PARA-NOMEACOES-DE-REPRESENTANTE-CE_M.pdf\" target=\"_blank\" rel=\"noopener\">Declaraci\u00f3n para el nombramiento de Representante y Apoderado de la Comisi\u00f3n Electoral<\/a><\/span><\/li><li><span style=\"text-decoration: underline;\"><a href=\"https:\/\/staging.ordemdosfisioterapeutas.pt\/wp-content\/uploads\/2024\/07\/LISTA-SUBSCRITORES-COLETIVA.pdf\" target=\"_blank\" rel=\"noopener\">Lista de abonados Colectivo<\/a><\/span><\/li><li><a href=\"https:\/\/staging.ordemdosfisioterapeutas.pt\/wp-content\/uploads\/2024\/07\/LISTA-SUBSCRITORES-INDIVIDUAL.pdf\" target=\"_blank\" rel=\"noopener\"><span style=\"text-decoration: underline;\">Lista individual de abonados<\/span><\/a><\/li><\/ul><p><u><b>Procedimientos de recepci\u00f3n de las listas de candidatos: <\/b><\/u><\/p><ul><li><b>Recibo por correo electr\u00f3nico:<\/b> La recepci\u00f3n se realiza a trav\u00e9s de la direcci\u00f3n <a href=\"mailto:eleicoes@ordemdosfisioterapeutas.pt\">eleicoes@ordemdosfisioterapeutas.pt<\/a>La documentaci\u00f3n es firmada digitalmente por los servicios de la Orden y enviada al representante de la lista. A su vez, el representante de la lista declara\/confirma que ha recibido una respuesta de los servicios de la Orden.<\/li><li><b>Entrega en mano<\/b>Cuando se recibe la lista en los locales de la Orden en Rua D. Jo\u00e3o V, n\u00b0 24 - 1.06, 1250-091 Lisboa, todas las p\u00e1ginas son selladas y rubricadas por los servicios de la Orden. Toda la documentaci\u00f3n original se fotocopia para entregar una copia al representante de la lista, que declara\/confirma haber recibido la copia, utilizando el formulario previsto a tal efecto.<\/li><li><b>Recibo por correo<\/b>Las candidaturas deber\u00e1n enviarse a Ordem dos Fisioterapeutas - Rua D. Jo\u00e3o V, n\u00b0 24 - 1.06, 1250-091 Lisboa, asegur\u00e1ndose de que lleguen antes de la fecha l\u00edmite de presentaci\u00f3n de candidaturas (16 de septiembre). Los sobres ser\u00e1n abiertos por los servicios de la Orden en presencia de 2 testigos. Asimismo, la documentaci\u00f3n recibida deber\u00e1 estar sellada y rubricada en todas las p\u00e1ginas.<\/li><\/ul>\t\t\t\t\t\t\t\t<\/div>\n\t\t\t\t<\/div>\n\t\t\t\t\t<\/div>\n\t\t<\/div>\n\t\t\t\t\t<\/div>\n\t\t<\/section>\n\t\t\t\t<\/div>","protected":false},"excerpt":{"rendered":"<p>Os membros interessados em candidatar-se ao Conselho de Supervis\u00e3o poder\u00e3o apresentar as suas candidaturas entre os dias 17 de agosto de 2024 e 16 de setembro de 2024. \u00c0 data de apresenta\u00e7\u00e3o de candidatura, s\u00e3o eleg\u00edveis todos os fisioterapeutas que n\u00e3o tenham quotas em atraso h\u00e1 mais de seis meses. Para submeter a sua candidatura, &#8230; <a title=\"Aplicaciones\" class=\"read-more\" href=\"https:\/\/staging.ordemdosfisioterapeutas.pt\/es\/eleicoes\/candidaturas\/\" aria-label=\"Leer m\u00e1s sobre Candidaturas\">Seguir leyendo<\/a><\/p>","protected":false},"author":1,"featured_media":0,"parent":2495,"menu_order":5,"comment_status":"closed","ping_status":"closed","template":"","meta":{"footnotes":""},"class_list":["post-2836","page","type-page","status-publish"],"_links":{"self":[{"href":"https:\/\/staging.ordemdosfisioterapeutas.pt\/es\/wp-json\/wp\/v2\/pages\/2836","targetHints":{"allow":["GET"]}}],"collection":[{"href":"https:\/\/staging.ordemdosfisioterapeutas.pt\/es\/wp-json\/wp\/v2\/pages"}],"about":[{"href":"https:\/\/staging.ordemdosfisioterapeutas.pt\/es\/wp-json\/wp\/v2\/types\/page"}],"author":[{"embeddable":true,"href":"https:\/\/staging.ordemdosfisioterapeutas.pt\/es\/wp-json\/wp\/v2\/users\/1"}],"replies":[{"embeddable":true,"href":"https:\/\/staging.ordemdosfisioterapeutas.pt\/es\/wp-json\/wp\/v2\/comments?post=2836"}],"version-history":[{"count":0,"href":"https:\/\/staging.ordemdosfisioterapeutas.pt\/es\/wp-json\/wp\/v2\/pages\/2836\/revisions"}],"up":[{"embeddable":true,"href":"https:\/\/staging.ordemdosfisioterapeutas.pt\/es\/wp-json\/wp\/v2\/pages\/2495"}],"wp:attachment":[{"href":"https:\/\/staging.ordemdosfisioterapeutas.pt\/es\/wp-json\/wp\/v2\/media?parent=2836"}],"curies":[{"name":"wp","href":"https:\/\/api.w.org\/{rel}","templated":true}]}}