{"id":2848,"date":"2021-09-11T12:01:42","date_gmt":"2021-09-11T11:01:42","guid":{"rendered":"https:\/\/staging.ordemdosfisioterapeutas.pt\/?page_id=2848"},"modified":"2021-12-17T19:22:11","modified_gmt":"2021-12-17T19:22:11","slug":"tomada-de-posse","status":"publish","type":"page","link":"https:\/\/staging.ordemdosfisioterapeutas.pt\/es\/eleicoes\/tomada-de-posse\/","title":{"rendered":"Toma de posesi\u00f3n"},"content":{"rendered":"<div data-elementor-type=\"wp-page\" data-elementor-id=\"2848\" class=\"elementor elementor-2848\" data-elementor-post-type=\"page\">\n\t\t\t\t\t\t<section class=\"elementor-section elementor-top-section elementor-element elementor-element-16ff4231 elementor-section-boxed elementor-section-height-default elementor-section-height-default\" data-id=\"16ff4231\" data-element_type=\"section\" data-e-type=\"section\">\n\t\t\t\t\t\t<div class=\"elementor-container elementor-column-gap-default\">\n\t\t\t\t\t<div class=\"elementor-column elementor-col-50 elementor-top-column elementor-element elementor-element-f3a4cc1 sticky-parent\" data-id=\"f3a4cc1\" data-element_type=\"column\" data-e-type=\"column\">\n\t\t\t<div class=\"elementor-widget-wrap elementor-element-populated\">\n\t\t\t\t\t\t<section class=\"elementor-section elementor-inner-section elementor-element elementor-element-5209082 sticky-column elementor-section-boxed elementor-section-height-default elementor-section-height-default\" data-id=\"5209082\" data-element_type=\"section\" data-e-type=\"section\">\n\t\t\t\t\t\t<div class=\"elementor-container elementor-column-gap-default\">\n\t\t\t\t\t<div class=\"elementor-column elementor-col-100 elementor-inner-column elementor-element elementor-element-3bc92f33\" data-id=\"3bc92f33\" data-element_type=\"column\" data-e-type=\"column\">\n\t\t\t<div class=\"elementor-widget-wrap elementor-element-populated\">\n\t\t\t\t\t\t<div class=\"elementor-element elementor-element-381354c elementor-nav-menu--dropdown-tablet elementor-nav-menu__text-align-aside elementor-nav-menu--toggle elementor-nav-menu--burger elementor-widget elementor-widget-global elementor-global-2875 elementor-widget-nav-menu\" data-id=\"381354c\" data-element_type=\"widget\" data-e-type=\"widget\" data-settings=\"{&quot;layout&quot;:&quot;vertical&quot;,&quot;submenu_icon&quot;:{&quot;value&quot;:&quot;fas fa-caret-down&quot;,&quot;library&quot;:&quot;fa-solid&quot;},&quot;toggle&quot;:&quot;burger&quot;}\" data-widget_type=\"nav-menu.default\">\n\t\t\t\t<div class=\"elementor-widget-container\">\n\t\t\t\t\t\t\t\t<nav aria-label=\"Men\u00fa\" class=\"elementor-nav-menu--main elementor-nav-menu__container elementor-nav-menu--layout-vertical e--pointer-underline e--animation-fade\">\n\t\t\t\t<ul id=\"menu-1-381354c\" class=\"elementor-nav-menu sm-vertical\"><li class=\"menu-item menu-item-type-post_type menu-item-object-page menu-item-2852\"><a href=\"https:\/\/staging.ordemdosfisioterapeutas.pt\/es\/eleicoes\/\" class=\"elementor-item\">Elecciones al Consejo de Supervisi\u00f3n<\/a><\/li>\n<li class=\"menu-item menu-item-type-post_type menu-item-object-page menu-item-2863\"><a href=\"https:\/\/staging.ordemdosfisioterapeutas.pt\/es\/eleicoes\/calendario-eleitoral\/\" class=\"elementor-item\">Calendario electoral<\/a><\/li>\n<li class=\"menu-item menu-item-type-post_type menu-item-object-page menu-item-2864\"><a href=\"https:\/\/staging.ordemdosfisioterapeutas.pt\/es\/eleicoes\/comissao-eleitoral\/\" class=\"elementor-item\">Comisi\u00f3n Electoral<\/a><\/li>\n<li class=\"menu-item menu-item-type-post_type menu-item-object-page menu-item-2862\"><a href=\"https:\/\/staging.ordemdosfisioterapeutas.pt\/es\/eleicoes\/recenseamento\/\" class=\"elementor-item\">Censo<\/a><\/li>\n<li class=\"menu-item menu-item-type-post_type menu-item-object-page menu-item-2861\"><a href=\"https:\/\/staging.ordemdosfisioterapeutas.pt\/es\/eleicoes\/caderno-eleitoral\/\" class=\"elementor-item\">Censo electoral<\/a><\/li>\n<li class=\"menu-item menu-item-type-post_type menu-item-object-page menu-item-2860\"><a href=\"https:\/\/staging.ordemdosfisioterapeutas.pt\/es\/eleicoes\/candidaturas\/\" class=\"elementor-item\">Aplicaciones<\/a><\/li>\n<li class=\"menu-item menu-item-type-post_type menu-item-object-page menu-item-2859\"><a href=\"https:\/\/staging.ordemdosfisioterapeutas.pt\/es\/eleicoes\/listas-candidatas\/\" class=\"elementor-item\">Listas de candidatos<\/a><\/li>\n<li class=\"menu-item menu-item-type-post_type menu-item-object-page menu-item-2858\"><a href=\"https:\/\/staging.ordemdosfisioterapeutas.pt\/es\/eleicoes\/campanha-eleitoral\/\" class=\"elementor-item\">Campa\u00f1a electoral<\/a><\/li>\n<li class=\"menu-item menu-item-type-post_type menu-item-object-page menu-item-2857\"><a href=\"https:\/\/staging.ordemdosfisioterapeutas.pt\/es\/eleicoes\/ato-eleitoral\/\" class=\"elementor-item\">Ley electoral<\/a><\/li>\n<li class=\"menu-item menu-item-type-post_type menu-item-object-page menu-item-2856\"><a href=\"https:\/\/staging.ordemdosfisioterapeutas.pt\/es\/eleicoes\/apuramento-dos-resultados\/\" class=\"elementor-item\">Resultados provisionales<\/a><\/li>\n<li class=\"menu-item menu-item-type-post_type menu-item-object-page menu-item-2855\"><a href=\"https:\/\/staging.ordemdosfisioterapeutas.pt\/es\/eleicoes\/resultados-oficiais\/\" class=\"elementor-item\">Resultados oficiales<\/a><\/li>\n<\/ul>\t\t\t<\/nav>\n\t\t\t\t\t<div class=\"elementor-menu-toggle\" role=\"button\" tabindex=\"0\" aria-label=\"Men\u00fa Cambiar\" aria-expanded=\"false\">\n\t\t\t<i aria-hidden=\"true\" role=\"presentation\" class=\"elementor-menu-toggle__icon--open eicon-menu-bar\"><\/i><i aria-hidden=\"true\" role=\"presentation\" class=\"elementor-menu-toggle__icon--close eicon-close\"><\/i>\t\t<\/div>\n\t\t\t\t\t<nav class=\"elementor-nav-menu--dropdown elementor-nav-menu__container\" aria-hidden=\"true\">\n\t\t\t\t<ul id=\"menu-2-381354c\" class=\"elementor-nav-menu sm-vertical\"><li class=\"menu-item menu-item-type-post_type menu-item-object-page menu-item-2852\"><a href=\"https:\/\/staging.ordemdosfisioterapeutas.pt\/es\/eleicoes\/\" class=\"elementor-item\" tabindex=\"-1\">Elecciones al Consejo de Supervisi\u00f3n<\/a><\/li>\n<li class=\"menu-item menu-item-type-post_type menu-item-object-page menu-item-2863\"><a href=\"https:\/\/staging.ordemdosfisioterapeutas.pt\/es\/eleicoes\/calendario-eleitoral\/\" class=\"elementor-item\" tabindex=\"-1\">Calendario electoral<\/a><\/li>\n<li class=\"menu-item menu-item-type-post_type menu-item-object-page menu-item-2864\"><a href=\"https:\/\/staging.ordemdosfisioterapeutas.pt\/es\/eleicoes\/comissao-eleitoral\/\" class=\"elementor-item\" tabindex=\"-1\">Comisi\u00f3n Electoral<\/a><\/li>\n<li class=\"menu-item menu-item-type-post_type menu-item-object-page menu-item-2862\"><a href=\"https:\/\/staging.ordemdosfisioterapeutas.pt\/es\/eleicoes\/recenseamento\/\" class=\"elementor-item\" tabindex=\"-1\">Censo<\/a><\/li>\n<li class=\"menu-item menu-item-type-post_type menu-item-object-page menu-item-2861\"><a href=\"https:\/\/staging.ordemdosfisioterapeutas.pt\/es\/eleicoes\/caderno-eleitoral\/\" class=\"elementor-item\" tabindex=\"-1\">Censo electoral<\/a><\/li>\n<li class=\"menu-item menu-item-type-post_type menu-item-object-page menu-item-2860\"><a href=\"https:\/\/staging.ordemdosfisioterapeutas.pt\/es\/eleicoes\/candidaturas\/\" class=\"elementor-item\" tabindex=\"-1\">Aplicaciones<\/a><\/li>\n<li class=\"menu-item menu-item-type-post_type menu-item-object-page menu-item-2859\"><a href=\"https:\/\/staging.ordemdosfisioterapeutas.pt\/es\/eleicoes\/listas-candidatas\/\" class=\"elementor-item\" tabindex=\"-1\">Listas de candidatos<\/a><\/li>\n<li class=\"menu-item menu-item-type-post_type menu-item-object-page menu-item-2858\"><a href=\"https:\/\/staging.ordemdosfisioterapeutas.pt\/es\/eleicoes\/campanha-eleitoral\/\" class=\"elementor-item\" tabindex=\"-1\">Campa\u00f1a electoral<\/a><\/li>\n<li class=\"menu-item menu-item-type-post_type menu-item-object-page menu-item-2857\"><a href=\"https:\/\/staging.ordemdosfisioterapeutas.pt\/es\/eleicoes\/ato-eleitoral\/\" class=\"elementor-item\" tabindex=\"-1\">Ley electoral<\/a><\/li>\n<li class=\"menu-item menu-item-type-post_type menu-item-object-page menu-item-2856\"><a href=\"https:\/\/staging.ordemdosfisioterapeutas.pt\/es\/eleicoes\/apuramento-dos-resultados\/\" class=\"elementor-item\" tabindex=\"-1\">Resultados provisionales<\/a><\/li>\n<li class=\"menu-item menu-item-type-post_type menu-item-object-page menu-item-2855\"><a href=\"https:\/\/staging.ordemdosfisioterapeutas.pt\/es\/eleicoes\/resultados-oficiais\/\" class=\"elementor-item\" tabindex=\"-1\">Resultados oficiales<\/a><\/li>\n<\/ul>\t\t\t<\/nav>\n\t\t\t\t\t\t<\/div>\n\t\t\t\t<\/div>\n\t\t\t\t\t<\/div>\n\t\t<\/div>\n\t\t\t\t\t<\/div>\n\t\t<\/section>\n\t\t\t\t\t<\/div>\n\t\t<\/div>\n\t\t\t\t<div class=\"elementor-column elementor-col-50 elementor-top-column elementor-element elementor-element-6f2c11b2\" data-id=\"6f2c11b2\" data-element_type=\"column\" data-e-type=\"column\">\n\t\t\t<div class=\"elementor-widget-wrap elementor-element-populated\">\n\t\t\t\t\t\t<div class=\"elementor-element elementor-element-dccda97 elementor-widget elementor-widget-text-editor\" data-id=\"dccda97\" data-element_type=\"widget\" data-e-type=\"widget\" data-widget_type=\"text-editor.default\">\n\t\t\t\t<div class=\"elementor-widget-container\">\n\t\t\t\t\t\t\t\t\t<p>La ceremonia oficial de juramento de los primeros \u00d3rganos Estatutarios de la Orden de Fisioterapeutas tendr\u00e1 lugar el pr\u00f3ximo martes, 14 de diciembre, a las 16.30 horas, en el Auditorio de la Orden de Censores Jurados de Cuentas en Lisboa.<\/p><p>Tras ganar las primeras elecciones con el 64,31% de los votos, el Fisioterapeuta Ant\u00f3nio Manuel Fernandes Lopes ser\u00e1 el Presidente de la Orden de Fisioterapeutas para el cuatrienio 2021-2024.<\/p><p>La lista \u00fanica, encabezada por el fisioterapeuta Rui Costa para el Consejo General, obtuvo 81.23% de los votos. La lista A, encabezada por la fisioterapeuta Isabel Souza Guerra, fue elegida para el Consejo Jurisdiccional con 75.98%.<\/p><p>La ceremonia de toma de posesi\u00f3n de los \u00f3rganos estatutarios contar\u00e1 con la presencia de un centenar de invitados, entre ellos el Subsecretario de Estado de Sanidad, Dr. Ant\u00f3nio Lacerda Sales, el Presidente de la ACSS, Dr. V\u00edtor Herdeiro, el Presidente del Consejo Nacional de \u00d3rdenes Profesionales (CNOP), Carlos Mineiro Alves, y representantes de los Interlocutores Sociales y de los Colegios Profesionales.<\/p><p>El acto estar\u00e1 a disposici\u00f3n de todo el mundo.<\/p>\t\t\t\t\t\t\t\t<\/div>\n\t\t\t\t<\/div>\n\t\t\t\t<div class=\"elementor-element elementor-element-c867d30 elementor-align-left elementor-widget elementor-widget-button\" data-id=\"c867d30\" data-element_type=\"widget\" data-e-type=\"widget\" data-widget_type=\"button.default\">\n\t\t\t\t<div class=\"elementor-widget-container\">\n\t\t\t\t\t\t\t\t\t<div class=\"elementor-button-wrapper\">\n\t\t\t\t\t<a class=\"elementor-button elementor-button-link elementor-size-md\" href=\"https:\/\/youtu.be\/DgCcsAbiroA\" target=\"_blank\">\n\t\t\t\t\t\t<span class=\"elementor-button-content-wrapper\">\n\t\t\t\t\t\t<span class=\"elementor-button-icon\">\n\t\t\t\t<i aria-hidden=\"true\" class=\"fas fa-video\"><\/i>\t\t\t<\/span>\n\t\t\t\t\t\t\t\t\t<span class=\"elementor-button-text\">Ver aqu\u00ed<\/span>\n\t\t\t\t\t<\/span>\n\t\t\t\t\t<\/a>\n\t\t\t\t<\/div>\n\t\t\t\t\t\t\t\t<\/div>\n\t\t\t\t<\/div>\n\t\t\t\t<div class=\"elementor-element elementor-element-9ed5c94 elementor-widget elementor-widget-heading\" data-id=\"9ed5c94\" data-element_type=\"widget\" data-e-type=\"widget\" data-widget_type=\"heading.default\">\n\t\t\t\t<div class=\"elementor-widget-container\">\n\t\t\t\t\t<h2 class=\"elementor-heading-title elementor-size-default\">Galer\u00eda<\/h2>\t\t\t\t<\/div>\n\t\t\t\t<\/div>\n\t\t\t\t<div class=\"elementor-element elementor-element-bb8d845 elementor-widget elementor-widget-gallery\" data-id=\"bb8d845\" data-element_type=\"widget\" data-e-type=\"widget\" data-settings=\"{&quot;gallery_layout&quot;:&quot;justified&quot;,&quot;lazyload&quot;:&quot;yes&quot;,&quot;ideal_row_height&quot;:{&quot;unit&quot;:&quot;px&quot;,&quot;size&quot;:200,&quot;sizes&quot;:[]},&quot;ideal_row_height_tablet&quot;:{&quot;unit&quot;:&quot;px&quot;,&quot;size&quot;:150,&quot;sizes&quot;:[]},&quot;ideal_row_height_mobile&quot;:{&quot;unit&quot;:&quot;px&quot;,&quot;size&quot;:150,&quot;sizes&quot;:[]},&quot;gap&quot;:{&quot;unit&quot;:&quot;px&quot;,&quot;size&quot;:10,&quot;sizes&quot;:[]},&quot;gap_tablet&quot;:{&quot;unit&quot;:&quot;px&quot;,&quot;size&quot;:10,&quot;sizes&quot;:[]},&quot;gap_mobile&quot;:{&quot;unit&quot;:&quot;px&quot;,&quot;size&quot;:10,&quot;sizes&quot;:[]},&quot;link_to&quot;:&quot;file&quot;,&quot;overlay_background&quot;:&quot;yes&quot;,&quot;content_hover_animation&quot;:&quot;fade-in&quot;}\" data-widget_type=\"gallery.default\">\n\t\t\t\t<div class=\"elementor-widget-container\">\n\t\t\t\t\t\t\t<div class=\"elementor-gallery__container\">\n\t\t\t\t\t\t\t<a class=\"e-gallery-item elementor-gallery-item elementor-animated-content\" href=\"https:\/\/staging.ordemdosfisioterapeutas.pt\/wp-content\/uploads\/2021\/12\/1.jpg\" data-elementor-open-lightbox=\"yes\" data-elementor-lightbox-slideshow=\"bb8d845\" data-elementor-lightbox-title=\"Rui Dias Costa Presidente da Mesa do Conselho Geral\" data-elementor-lightbox-description=\"Rui Dias Costa Presidente da Mesa do Conselho Geral\" data-e-action-hash=\"#elementor-action%3Aaction%3Dlightbox%26settings%3DeyJpZCI6MzY0OCwidXJsIjoiaHR0cHM6XC9cL3N0YWdpbmcub3JkZW1kb3NmaXNpb3RlcmFwZXV0YXMucHRcL3dwLWNvbnRlbnRcL3VwbG9hZHNcLzIwMjFcLzEyXC8xLmpwZyIsInNsaWRlc2hvdyI6ImJiOGQ4NDUifQ%3D%3D\">\n\t\t\t\t\t<div class=\"e-gallery-image elementor-gallery-item__image\" data-thumbnail=\"https:\/\/staging.ordemdosfisioterapeutas.pt\/wp-content\/uploads\/2021\/12\/1-300x200.jpg\" data-width=\"300\" data-height=\"200\" aria-label=\"Rui Dias Costa Presidente del Consejo General\" role=\"img\" ><\/div>\n\t\t\t\t\t\t\t\t\t\t\t<div class=\"elementor-gallery-item__overlay\"><\/div>\n\t\t\t\t\t\t\t\t\t\t\t\t\t\t<\/a>\n\t\t\t\t\t\t\t<a class=\"e-gallery-item elementor-gallery-item elementor-animated-content\" href=\"https:\/\/staging.ordemdosfisioterapeutas.pt\/wp-content\/uploads\/2021\/12\/2.jpg\" data-elementor-open-lightbox=\"yes\" data-elementor-lightbox-slideshow=\"bb8d845\" data-elementor-lightbox-title=\"Reuni\u00e3o Conselho Geral da Ordem dos Fisioterapeutas\" data-elementor-lightbox-description=\"Reuni\u00e3o Conselho Geral da Ordem dos Fisioterapeutas\" data-e-action-hash=\"#elementor-action%3Aaction%3Dlightbox%26settings%3DeyJpZCI6MzY0OSwidXJsIjoiaHR0cHM6XC9cL3N0YWdpbmcub3JkZW1kb3NmaXNpb3RlcmFwZXV0YXMucHRcL3dwLWNvbnRlbnRcL3VwbG9hZHNcLzIwMjFcLzEyXC8yLmpwZyIsInNsaWRlc2hvdyI6ImJiOGQ4NDUifQ%3D%3D\">\n\t\t\t\t\t<div class=\"e-gallery-image elementor-gallery-item__image\" data-thumbnail=\"https:\/\/staging.ordemdosfisioterapeutas.pt\/wp-content\/uploads\/2021\/12\/2-300x200.jpg\" data-width=\"300\" data-height=\"200\" aria-label=\"Reuni\u00f3n del Consejo General de la Orden de Fisioterapeutas\" role=\"img\" ><\/div>\n\t\t\t\t\t\t\t\t\t\t\t<div class=\"elementor-gallery-item__overlay\"><\/div>\n\t\t\t\t\t\t\t\t\t\t\t\t\t\t<\/a>\n\t\t\t\t\t\t\t<a class=\"e-gallery-item elementor-gallery-item elementor-animated-content\" href=\"https:\/\/staging.ordemdosfisioterapeutas.pt\/wp-content\/uploads\/2021\/12\/3.jpg\" data-elementor-open-lightbox=\"yes\" data-elementor-lightbox-slideshow=\"bb8d845\" data-elementor-lightbox-title=\"Vota\u00e7\u00e3o da Mesa do Conselho Geral\" data-elementor-lightbox-description=\"Vota\u00e7\u00e3o da Mesa do Conselho Geral\" data-e-action-hash=\"#elementor-action%3Aaction%3Dlightbox%26settings%3DeyJpZCI6MzY1MCwidXJsIjoiaHR0cHM6XC9cL3N0YWdpbmcub3JkZW1kb3NmaXNpb3RlcmFwZXV0YXMucHRcL3dwLWNvbnRlbnRcL3VwbG9hZHNcLzIwMjFcLzEyXC8zLmpwZyIsInNsaWRlc2hvdyI6ImJiOGQ4NDUifQ%3D%3D\">\n\t\t\t\t\t<div class=\"e-gallery-image elementor-gallery-item__image\" data-thumbnail=\"https:\/\/staging.ordemdosfisioterapeutas.pt\/wp-content\/uploads\/2021\/12\/3-300x200.jpg\" data-width=\"300\" data-height=\"200\" aria-label=\"Votaciones en la Junta del Consejo General\" role=\"img\" ><\/div>\n\t\t\t\t\t\t\t\t\t\t\t<div class=\"elementor-gallery-item__overlay\"><\/div>\n\t\t\t\t\t\t\t\t\t\t\t\t\t\t<\/a>\n\t\t\t\t\t\t\t<a class=\"e-gallery-item elementor-gallery-item elementor-animated-content\" href=\"https:\/\/staging.ordemdosfisioterapeutas.pt\/wp-content\/uploads\/2021\/12\/4.jpg\" data-elementor-open-lightbox=\"yes\" data-elementor-lightbox-slideshow=\"bb8d845\" data-elementor-lightbox-title=\"Termo de Aceita\u00e7\u00e3o do Conselho Geral\" data-elementor-lightbox-description=\"Termo de Aceita\u00e7\u00e3o do Conselho Geral\" data-e-action-hash=\"#elementor-action%3Aaction%3Dlightbox%26settings%3DeyJpZCI6MzY1MSwidXJsIjoiaHR0cHM6XC9cL3N0YWdpbmcub3JkZW1kb3NmaXNpb3RlcmFwZXV0YXMucHRcL3dwLWNvbnRlbnRcL3VwbG9hZHNcLzIwMjFcLzEyXC80LmpwZyIsInNsaWRlc2hvdyI6ImJiOGQ4NDUifQ%3D%3D\">\n\t\t\t\t\t<div class=\"e-gallery-image elementor-gallery-item__image\" data-thumbnail=\"https:\/\/staging.ordemdosfisioterapeutas.pt\/wp-content\/uploads\/2021\/12\/4-300x200.jpg\" data-width=\"300\" data-height=\"200\" aria-label=\"Plazo de aceptaci\u00f3n del Consejo General\" role=\"img\" ><\/div>\n\t\t\t\t\t\t\t\t\t\t\t<div class=\"elementor-gallery-item__overlay\"><\/div>\n\t\t\t\t\t\t\t\t\t\t\t\t\t\t<\/a>\n\t\t\t\t\t\t\t<a class=\"e-gallery-item elementor-gallery-item elementor-animated-content\" href=\"https:\/\/staging.ordemdosfisioterapeutas.pt\/wp-content\/uploads\/2021\/12\/5.jpg\" data-elementor-open-lightbox=\"yes\" data-elementor-lightbox-slideshow=\"bb8d845\" data-elementor-lightbox-title=\"Mesa do Conselho Geral Eleita: Rui Dias Costa (Presidente); Andreia Rocha (1\u00aa Secret\u00e1ria); Monserrat Conde (2\u00aa Secret\u00e1ria)\" data-elementor-lightbox-description=\"Mesa do Conselho Geral Eleita: Rui Dias Costa (Presidente); Andreia Rocha (1\u00aa Secret\u00e1ria); Monserrat Conde (2\u00aa Secret\u00e1ria)\" data-e-action-hash=\"#elementor-action%3Aaction%3Dlightbox%26settings%3DeyJpZCI6MzY1MiwidXJsIjoiaHR0cHM6XC9cL3N0YWdpbmcub3JkZW1kb3NmaXNpb3RlcmFwZXV0YXMucHRcL3dwLWNvbnRlbnRcL3VwbG9hZHNcLzIwMjFcLzEyXC81LmpwZyIsInNsaWRlc2hvdyI6ImJiOGQ4NDUifQ%3D%3D\">\n\t\t\t\t\t<div class=\"e-gallery-image elementor-gallery-item__image\" data-thumbnail=\"https:\/\/staging.ordemdosfisioterapeutas.pt\/wp-content\/uploads\/2021\/12\/5-300x236.jpg\" data-width=\"300\" data-height=\"236\" aria-label=\"Junta del Consejo General Elegida: Rui Dias Costa (Presidente); Andreia Rocha (1\u00aa Secretaria); Monserrat Conde (2\u00aa Secretaria)\" role=\"img\" ><\/div>\n\t\t\t\t\t\t\t\t\t\t\t<div class=\"elementor-gallery-item__overlay\"><\/div>\n\t\t\t\t\t\t\t\t\t\t\t\t\t\t<\/a>\n\t\t\t\t\t\t\t<a class=\"e-gallery-item elementor-gallery-item elementor-animated-content\" href=\"https:\/\/staging.ordemdosfisioterapeutas.pt\/wp-content\/uploads\/2021\/12\/6.jpg\" data-elementor-open-lightbox=\"yes\" data-elementor-lightbox-slideshow=\"bb8d845\" data-elementor-lightbox-title=\"Conselho Jurisdicional da Ordem dos Fisioterapeutas\" data-elementor-lightbox-description=\"Conselho Jurisdicional da Ordem dos Fisioterapeutas\" data-e-action-hash=\"#elementor-action%3Aaction%3Dlightbox%26settings%3DeyJpZCI6MzY1MywidXJsIjoiaHR0cHM6XC9cL3N0YWdpbmcub3JkZW1kb3NmaXNpb3RlcmFwZXV0YXMucHRcL3dwLWNvbnRlbnRcL3VwbG9hZHNcLzIwMjFcLzEyXC82LmpwZyIsInNsaWRlc2hvdyI6ImJiOGQ4NDUifQ%3D%3D\">\n\t\t\t\t\t<div class=\"e-gallery-image elementor-gallery-item__image\" data-thumbnail=\"https:\/\/staging.ordemdosfisioterapeutas.pt\/wp-content\/uploads\/2021\/12\/6-300x257.jpg\" data-width=\"300\" data-height=\"257\" aria-label=\"Consejo Jurisdiccional de la Orden de Fisioterapeutas\" role=\"img\" ><\/div>\n\t\t\t\t\t\t\t\t\t\t\t<div class=\"elementor-gallery-item__overlay\"><\/div>\n\t\t\t\t\t\t\t\t\t\t\t\t\t\t<\/a>\n\t\t\t\t\t\t\t<a class=\"e-gallery-item elementor-gallery-item elementor-animated-content\" href=\"https:\/\/staging.ordemdosfisioterapeutas.pt\/wp-content\/uploads\/2021\/12\/7.jpg\" data-elementor-open-lightbox=\"yes\" data-elementor-lightbox-slideshow=\"bb8d845\" data-elementor-lightbox-title=\"Baston\u00e1rio - Prof. Ant\u00f3nio Lopes\" data-elementor-lightbox-description=\"Baston\u00e1rio - Prof. Ant\u00f3nio Lopes\" data-e-action-hash=\"#elementor-action%3Aaction%3Dlightbox%26settings%3DeyJpZCI6MzY1NCwidXJsIjoiaHR0cHM6XC9cL3N0YWdpbmcub3JkZW1kb3NmaXNpb3RlcmFwZXV0YXMucHRcL3dwLWNvbnRlbnRcL3VwbG9hZHNcLzIwMjFcLzEyXC83LmpwZyIsInNsaWRlc2hvdyI6ImJiOGQ4NDUifQ%3D%3D\">\n\t\t\t\t\t<div class=\"e-gallery-image elementor-gallery-item__image\" data-thumbnail=\"https:\/\/staging.ordemdosfisioterapeutas.pt\/wp-content\/uploads\/2021\/12\/7-300x260.jpg\" data-width=\"300\" data-height=\"260\" aria-label=\"Presidente - Prof Ant\u00f3nio Lopes\" role=\"img\" ><\/div>\n\t\t\t\t\t\t\t\t\t\t\t<div class=\"elementor-gallery-item__overlay\"><\/div>\n\t\t\t\t\t\t\t\t\t\t\t\t\t\t<\/a>\n\t\t\t\t\t\t\t<a class=\"e-gallery-item elementor-gallery-item elementor-animated-content\" href=\"https:\/\/staging.ordemdosfisioterapeutas.pt\/wp-content\/uploads\/2021\/12\/8.jpg\" data-elementor-open-lightbox=\"yes\" data-elementor-lightbox-slideshow=\"bb8d845\" data-elementor-lightbox-title=\"Presidente da Mesa do Conselho Geral - Baston\u00e1rio - Presidente do Conselho Jurisdicional\" data-elementor-lightbox-description=\"Presidente da Mesa do Conselho Geral - Baston\u00e1rio - Presidente do Conselho Jurisdicional \" data-e-action-hash=\"#elementor-action%3Aaction%3Dlightbox%26settings%3DeyJpZCI6MzY1NSwidXJsIjoiaHR0cHM6XC9cL3N0YWdpbmcub3JkZW1kb3NmaXNpb3RlcmFwZXV0YXMucHRcL3dwLWNvbnRlbnRcL3VwbG9hZHNcLzIwMjFcLzEyXC84LmpwZyIsInNsaWRlc2hvdyI6ImJiOGQ4NDUifQ%3D%3D\">\n\t\t\t\t\t<div class=\"e-gallery-image elementor-gallery-item__image\" data-thumbnail=\"https:\/\/staging.ordemdosfisioterapeutas.pt\/wp-content\/uploads\/2021\/12\/8-300x200.jpg\" data-width=\"300\" data-height=\"200\" aria-label=\"Presidente de la Junta del Consejo General - Presidente del Consejo Jurisdiccional\" role=\"img\" ><\/div>\n\t\t\t\t\t\t\t\t\t\t\t<div class=\"elementor-gallery-item__overlay\"><\/div>\n\t\t\t\t\t\t\t\t\t\t\t\t\t\t<\/a>\n\t\t\t\t\t\t\t<a class=\"e-gallery-item elementor-gallery-item elementor-animated-content\" href=\"https:\/\/staging.ordemdosfisioterapeutas.pt\/wp-content\/uploads\/2021\/12\/9.jpg\" data-elementor-open-lightbox=\"yes\" data-elementor-lightbox-slideshow=\"bb8d845\" data-elementor-lightbox-title=\"Mesa do Conselho Geral - Baston\u00e1rio - Equipa do Conselho Jurisdicional\" data-elementor-lightbox-description=\"Mesa do Conselho Geral - Baston\u00e1rio - Equipa do Conselho Jurisdicional\" data-e-action-hash=\"#elementor-action%3Aaction%3Dlightbox%26settings%3DeyJpZCI6MzY1NiwidXJsIjoiaHR0cHM6XC9cL3N0YWdpbmcub3JkZW1kb3NmaXNpb3RlcmFwZXV0YXMucHRcL3dwLWNvbnRlbnRcL3VwbG9hZHNcLzIwMjFcLzEyXC85LmpwZyIsInNsaWRlc2hvdyI6ImJiOGQ4NDUifQ%3D%3D\">\n\t\t\t\t\t<div class=\"e-gallery-image elementor-gallery-item__image\" data-thumbnail=\"https:\/\/staging.ordemdosfisioterapeutas.pt\/wp-content\/uploads\/2021\/12\/9-300x172.jpg\" data-width=\"300\" data-height=\"172\" aria-label=\"Mesa del Consejo General - Presidente - Equipo del Consejo Judicial\" role=\"img\" ><\/div>\n\t\t\t\t\t\t\t\t\t\t\t<div class=\"elementor-gallery-item__overlay\"><\/div>\n\t\t\t\t\t\t\t\t\t\t\t\t\t\t<\/a>\n\t\t\t\t\t\t\t<a class=\"e-gallery-item elementor-gallery-item elementor-animated-content\" href=\"https:\/\/staging.ordemdosfisioterapeutas.pt\/wp-content\/uploads\/2021\/12\/10.jpg\" data-elementor-open-lightbox=\"yes\" data-elementor-lightbox-slideshow=\"bb8d845\" data-elementor-lightbox-title=\"Recep\u00e7\u00e3o do Secret\u00e1rio de Estado - Dr. Ant\u00f3nio Lacerda Sales\" data-elementor-lightbox-description=\"Recep\u00e7\u00e3o do Secret\u00e1rio de Estado - Dr. Ant\u00f3nio Lacerda Sales\" data-e-action-hash=\"#elementor-action%3Aaction%3Dlightbox%26settings%3DeyJpZCI6MzY1NywidXJsIjoiaHR0cHM6XC9cL3N0YWdpbmcub3JkZW1kb3NmaXNpb3RlcmFwZXV0YXMucHRcL3dwLWNvbnRlbnRcL3VwbG9hZHNcLzIwMjFcLzEyXC8xMC5qcGciLCJzbGlkZXNob3ciOiJiYjhkODQ1In0%3D\">\n\t\t\t\t\t<div class=\"e-gallery-image elementor-gallery-item__image\" data-thumbnail=\"https:\/\/staging.ordemdosfisioterapeutas.pt\/wp-content\/uploads\/2021\/12\/10-300x200.jpg\" data-width=\"300\" data-height=\"200\" aria-label=\"Recepci\u00f3n del Secretario de Estado - Dr Ant\u00f3nio Lacerda Sales\" role=\"img\" ><\/div>\n\t\t\t\t\t\t\t\t\t\t\t<div class=\"elementor-gallery-item__overlay\"><\/div>\n\t\t\t\t\t\t\t\t\t\t\t\t\t\t<\/a>\n\t\t\t\t\t\t\t<a class=\"e-gallery-item elementor-gallery-item elementor-animated-content\" href=\"https:\/\/staging.ordemdosfisioterapeutas.pt\/wp-content\/uploads\/2021\/12\/11.jpg\" data-elementor-open-lightbox=\"yes\" data-elementor-lightbox-slideshow=\"bb8d845\" data-elementor-lightbox-title=\"Presidente do Conselho Jurisdicional (Isabel Souza Guerra), Baston\u00e1rio (Ant\u00f3nio M. F. Lopes) e o Sr. Secret\u00e1rio de Estado da Sa\u00fade  Dr. Ant\u00f3nio Lacerda Sales\" data-elementor-lightbox-description=\"Presidente do Conselho Jurisdicional (Isabel Souza Guerra), Baston\u00e1rio (Ant\u00f3nio M. F. Lopes) e o Sr. Secret\u00e1rio de Estado da Sa\u00fade  Dr. Ant\u00f3nio Lacerda Sales\" data-e-action-hash=\"#elementor-action%3Aaction%3Dlightbox%26settings%3DeyJpZCI6MzY1OCwidXJsIjoiaHR0cHM6XC9cL3N0YWdpbmcub3JkZW1kb3NmaXNpb3RlcmFwZXV0YXMucHRcL3dwLWNvbnRlbnRcL3VwbG9hZHNcLzIwMjFcLzEyXC8xMS5qcGciLCJzbGlkZXNob3ciOiJiYjhkODQ1In0%3D\">\n\t\t\t\t\t<div class=\"e-gallery-image elementor-gallery-item__image\" data-thumbnail=\"https:\/\/staging.ordemdosfisioterapeutas.pt\/wp-content\/uploads\/2021\/12\/11-300x200.jpg\" data-width=\"300\" data-height=\"200\" aria-label=\"Presidenta del Consejo Jurisdiccional (Isabel Souza Guerra), Presidente (Ant\u00f3nio M. F. Lopes) y el Secretario de Estado de Salud Dr. Ant\u00f3nio Lacerda Sales\" role=\"img\" ><\/div>\n\t\t\t\t\t\t\t\t\t\t\t<div class=\"elementor-gallery-item__overlay\"><\/div>\n\t\t\t\t\t\t\t\t\t\t\t\t\t\t<\/a>\n\t\t\t\t\t\t\t<a class=\"e-gallery-item elementor-gallery-item elementor-animated-content\" href=\"https:\/\/staging.ordemdosfisioterapeutas.pt\/wp-content\/uploads\/2021\/12\/12.jpg\" data-elementor-open-lightbox=\"yes\" data-elementor-lightbox-slideshow=\"bb8d845\" data-elementor-lightbox-title=\"A caminho da Tomada de Posse\" data-elementor-lightbox-description=\"A caminho da Tomada de Posse\" data-e-action-hash=\"#elementor-action%3Aaction%3Dlightbox%26settings%3DeyJpZCI6MzY1OSwidXJsIjoiaHR0cHM6XC9cL3N0YWdpbmcub3JkZW1kb3NmaXNpb3RlcmFwZXV0YXMucHRcL3dwLWNvbnRlbnRcL3VwbG9hZHNcLzIwMjFcLzEyXC8xMi5qcGciLCJzbGlkZXNob3ciOiJiYjhkODQ1In0%3D\">\n\t\t\t\t\t<div class=\"e-gallery-image elementor-gallery-item__image\" data-thumbnail=\"https:\/\/staging.ordemdosfisioterapeutas.pt\/wp-content\/uploads\/2021\/12\/12-300x200.jpg\" data-width=\"300\" data-height=\"200\" aria-label=\"De camino a la inauguraci\u00f3n\" role=\"img\" ><\/div>\n\t\t\t\t\t\t\t\t\t\t\t<div class=\"elementor-gallery-item__overlay\"><\/div>\n\t\t\t\t\t\t\t\t\t\t\t\t\t\t<\/a>\n\t\t\t\t\t\t\t<a class=\"e-gallery-item elementor-gallery-item elementor-animated-content\" href=\"https:\/\/staging.ordemdosfisioterapeutas.pt\/wp-content\/uploads\/2021\/12\/13.jpg\" data-elementor-open-lightbox=\"yes\" data-elementor-lightbox-slideshow=\"bb8d845\" data-elementor-lightbox-title=\"Plateia da Tomada de Posse\" data-elementor-lightbox-description=\"Plateia da Tomada de Posse\" data-e-action-hash=\"#elementor-action%3Aaction%3Dlightbox%26settings%3DeyJpZCI6MzY2MCwidXJsIjoiaHR0cHM6XC9cL3N0YWdpbmcub3JkZW1kb3NmaXNpb3RlcmFwZXV0YXMucHRcL3dwLWNvbnRlbnRcL3VwbG9hZHNcLzIwMjFcLzEyXC8xMy5qcGciLCJzbGlkZXNob3ciOiJiYjhkODQ1In0%3D\">\n\t\t\t\t\t<div class=\"e-gallery-image elementor-gallery-item__image\" data-thumbnail=\"https:\/\/staging.ordemdosfisioterapeutas.pt\/wp-content\/uploads\/2021\/12\/13-300x200.jpg\" data-width=\"300\" data-height=\"200\" aria-label=\"P\u00fablico de la inauguraci\u00f3n\" role=\"img\" ><\/div>\n\t\t\t\t\t\t\t\t\t\t\t<div class=\"elementor-gallery-item__overlay\"><\/div>\n\t\t\t\t\t\t\t\t\t\t\t\t\t\t<\/a>\n\t\t\t\t\t\t\t<a class=\"e-gallery-item elementor-gallery-item elementor-animated-content\" href=\"https:\/\/staging.ordemdosfisioterapeutas.pt\/wp-content\/uploads\/2021\/12\/14.jpg\" data-elementor-open-lightbox=\"yes\" data-elementor-lightbox-slideshow=\"bb8d845\" data-elementor-lightbox-title=\"Plateia da Tomada de Posse\" data-elementor-lightbox-description=\"Plateia da Tomada de Posse\" data-e-action-hash=\"#elementor-action%3Aaction%3Dlightbox%26settings%3DeyJpZCI6MzY2MSwidXJsIjoiaHR0cHM6XC9cL3N0YWdpbmcub3JkZW1kb3NmaXNpb3RlcmFwZXV0YXMucHRcL3dwLWNvbnRlbnRcL3VwbG9hZHNcLzIwMjFcLzEyXC8xNC5qcGciLCJzbGlkZXNob3ciOiJiYjhkODQ1In0%3D\">\n\t\t\t\t\t<div class=\"e-gallery-image elementor-gallery-item__image\" data-thumbnail=\"https:\/\/staging.ordemdosfisioterapeutas.pt\/wp-content\/uploads\/2021\/12\/14-300x200.jpg\" data-width=\"300\" data-height=\"200\" aria-label=\"P\u00fablico de la inauguraci\u00f3n\" role=\"img\" ><\/div>\n\t\t\t\t\t\t\t\t\t\t\t<div class=\"elementor-gallery-item__overlay\"><\/div>\n\t\t\t\t\t\t\t\t\t\t\t\t\t\t<\/a>\n\t\t\t\t\t\t\t<a class=\"e-gallery-item elementor-gallery-item elementor-animated-content\" href=\"https:\/\/staging.ordemdosfisioterapeutas.pt\/wp-content\/uploads\/2021\/12\/15.jpg\" data-elementor-open-lightbox=\"yes\" data-elementor-lightbox-slideshow=\"bb8d845\" data-elementor-lightbox-title=\"Isabel Souza Guerra - Na qualidade de Presidente Comiss\u00e3o Instalador da Ordem\" data-elementor-lightbox-description=\"Isabel Souza Guerra - Na qualidade de Presidente Comiss\u00e3o Instalador da Ordem\" data-e-action-hash=\"#elementor-action%3Aaction%3Dlightbox%26settings%3DeyJpZCI6MzY2MiwidXJsIjoiaHR0cHM6XC9cL3N0YWdpbmcub3JkZW1kb3NmaXNpb3RlcmFwZXV0YXMucHRcL3dwLWNvbnRlbnRcL3VwbG9hZHNcLzIwMjFcLzEyXC8xNS5qcGciLCJzbGlkZXNob3ciOiJiYjhkODQ1In0%3D\">\n\t\t\t\t\t<div class=\"e-gallery-image elementor-gallery-item__image\" data-thumbnail=\"https:\/\/staging.ordemdosfisioterapeutas.pt\/wp-content\/uploads\/2021\/12\/15-300x200.jpg\" data-width=\"300\" data-height=\"200\" aria-label=\"Isabel Souza Guerra - En su calidad de Presidenta del Comit\u00e9 de Instalaci\u00f3n de la Orden\" role=\"img\" ><\/div>\n\t\t\t\t\t\t\t\t\t\t\t<div class=\"elementor-gallery-item__overlay\"><\/div>\n\t\t\t\t\t\t\t\t\t\t\t\t\t\t<\/a>\n\t\t\t\t\t\t\t<a class=\"e-gallery-item elementor-gallery-item elementor-animated-content\" href=\"https:\/\/staging.ordemdosfisioterapeutas.pt\/wp-content\/uploads\/2021\/12\/16.jpg\" data-elementor-open-lightbox=\"yes\" data-elementor-lightbox-slideshow=\"bb8d845\" data-elementor-lightbox-title=\"Isabel Souza Guerra - Presidente do Conselho Jurisdicional\" data-elementor-lightbox-description=\"Isabel Souza Guerra - Presidente do Conselho Jurisdicional\" data-e-action-hash=\"#elementor-action%3Aaction%3Dlightbox%26settings%3DeyJpZCI6MzY2MywidXJsIjoiaHR0cHM6XC9cL3N0YWdpbmcub3JkZW1kb3NmaXNpb3RlcmFwZXV0YXMucHRcL3dwLWNvbnRlbnRcL3VwbG9hZHNcLzIwMjFcLzEyXC8xNi5qcGciLCJzbGlkZXNob3ciOiJiYjhkODQ1In0%3D\">\n\t\t\t\t\t<div class=\"e-gallery-image elementor-gallery-item__image\" data-thumbnail=\"https:\/\/staging.ordemdosfisioterapeutas.pt\/wp-content\/uploads\/2021\/12\/16-300x200.jpg\" data-width=\"300\" data-height=\"200\" aria-label=\"Isabel Souza Guerra - Presidenta del Consejo Jurisdiccional\" role=\"img\" ><\/div>\n\t\t\t\t\t\t\t\t\t\t\t<div class=\"elementor-gallery-item__overlay\"><\/div>\n\t\t\t\t\t\t\t\t\t\t\t\t\t\t<\/a>\n\t\t\t\t\t\t\t<a class=\"e-gallery-item elementor-gallery-item elementor-animated-content\" href=\"https:\/\/staging.ordemdosfisioterapeutas.pt\/wp-content\/uploads\/2021\/12\/17.jpg\" data-elementor-open-lightbox=\"yes\" data-elementor-lightbox-slideshow=\"bb8d845\" data-elementor-lightbox-title=\"Tomada de Posse Conseho Geral - Rui Dias Costa\" data-elementor-lightbox-description=\"Tomada de Posse Conseho Geral - Rui Dias Costa \" data-e-action-hash=\"#elementor-action%3Aaction%3Dlightbox%26settings%3DeyJpZCI6MzY2NCwidXJsIjoiaHR0cHM6XC9cL3N0YWdpbmcub3JkZW1kb3NmaXNpb3RlcmFwZXV0YXMucHRcL3dwLWNvbnRlbnRcL3VwbG9hZHNcLzIwMjFcLzEyXC8xNy5qcGciLCJzbGlkZXNob3ciOiJiYjhkODQ1In0%3D\">\n\t\t\t\t\t<div class=\"e-gallery-image elementor-gallery-item__image\" data-thumbnail=\"https:\/\/staging.ordemdosfisioterapeutas.pt\/wp-content\/uploads\/2021\/12\/17-300x200.jpg\" data-width=\"300\" data-height=\"200\" aria-label=\"Inauguraci\u00f3n del Consejo General - Rui Dias Costa\" role=\"img\" ><\/div>\n\t\t\t\t\t\t\t\t\t\t\t<div class=\"elementor-gallery-item__overlay\"><\/div>\n\t\t\t\t\t\t\t\t\t\t\t\t\t\t<\/a>\n\t\t\t\t\t\t\t<a class=\"e-gallery-item elementor-gallery-item elementor-animated-content\" href=\"https:\/\/staging.ordemdosfisioterapeutas.pt\/wp-content\/uploads\/2021\/12\/18.jpg\" data-elementor-open-lightbox=\"yes\" data-elementor-lightbox-slideshow=\"bb8d845\" data-elementor-lightbox-title=\"Termo de Aceita\u00e7\u00e3o do  Jurisdicional - Isabel Souza Guerra\" data-elementor-lightbox-description=\"Termo de Aceita\u00e7\u00e3o do  Jurisdicional - Isabel Souza Guerra\" data-e-action-hash=\"#elementor-action%3Aaction%3Dlightbox%26settings%3DeyJpZCI6MzY2NSwidXJsIjoiaHR0cHM6XC9cL3N0YWdpbmcub3JkZW1kb3NmaXNpb3RlcmFwZXV0YXMucHRcL3dwLWNvbnRlbnRcL3VwbG9hZHNcLzIwMjFcLzEyXC8xOC5qcGciLCJzbGlkZXNob3ciOiJiYjhkODQ1In0%3D\">\n\t\t\t\t\t<div class=\"e-gallery-image elementor-gallery-item__image\" data-thumbnail=\"https:\/\/staging.ordemdosfisioterapeutas.pt\/wp-content\/uploads\/2021\/12\/18-300x200.jpg\" data-width=\"300\" data-height=\"200\" aria-label=\"Acuerdo de aceptaci\u00f3n jurisdiccional - Isabel Souza Guerra\" role=\"img\" ><\/div>\n\t\t\t\t\t\t\t\t\t\t\t<div class=\"elementor-gallery-item__overlay\"><\/div>\n\t\t\t\t\t\t\t\t\t\t\t\t\t\t<\/a>\n\t\t\t\t\t\t\t<a class=\"e-gallery-item elementor-gallery-item elementor-animated-content\" href=\"https:\/\/staging.ordemdosfisioterapeutas.pt\/wp-content\/uploads\/2021\/12\/19.jpg\" data-elementor-open-lightbox=\"yes\" data-elementor-lightbox-slideshow=\"bb8d845\" data-elementor-lightbox-title=\"Tomada de Posse Baston\u00e1rio - Prof. Ant\u00f3nio Manuel Fernandes Lopes\" data-elementor-lightbox-description=\"Tomada de Posse Baston\u00e1rio - Prof. Ant\u00f3nio Manuel Fernandes Lopes\" data-e-action-hash=\"#elementor-action%3Aaction%3Dlightbox%26settings%3DeyJpZCI6MzY2NiwidXJsIjoiaHR0cHM6XC9cL3N0YWdpbmcub3JkZW1kb3NmaXNpb3RlcmFwZXV0YXMucHRcL3dwLWNvbnRlbnRcL3VwbG9hZHNcLzIwMjFcLzEyXC8xOS5qcGciLCJzbGlkZXNob3ciOiJiYjhkODQ1In0%3D\">\n\t\t\t\t\t<div class=\"e-gallery-image elementor-gallery-item__image\" data-thumbnail=\"https:\/\/staging.ordemdosfisioterapeutas.pt\/wp-content\/uploads\/2021\/12\/19-300x200.jpg\" data-width=\"300\" data-height=\"200\" aria-label=\"Toma de posesi\u00f3n del Presidente - Prof Ant\u00f3nio Manuel Fernandes Lopes\" role=\"img\" ><\/div>\n\t\t\t\t\t\t\t\t\t\t\t<div class=\"elementor-gallery-item__overlay\"><\/div>\n\t\t\t\t\t\t\t\t\t\t\t\t\t\t<\/a>\n\t\t\t\t\t\t\t<a class=\"e-gallery-item elementor-gallery-item elementor-animated-content\" href=\"https:\/\/staging.ordemdosfisioterapeutas.pt\/wp-content\/uploads\/2021\/12\/20.jpg\" data-elementor-open-lightbox=\"yes\" data-elementor-lightbox-slideshow=\"bb8d845\" data-elementor-lightbox-title=\"Tomada de Posse Baston\u00e1rio - Prof. Ant\u00f3nio Manuel Fernandes Lopes\" data-elementor-lightbox-description=\"Tomada de Posse Baston\u00e1rio - Prof. Ant\u00f3nio Manuel Fernandes Lopes\" data-e-action-hash=\"#elementor-action%3Aaction%3Dlightbox%26settings%3DeyJpZCI6MzY2NywidXJsIjoiaHR0cHM6XC9cL3N0YWdpbmcub3JkZW1kb3NmaXNpb3RlcmFwZXV0YXMucHRcL3dwLWNvbnRlbnRcL3VwbG9hZHNcLzIwMjFcLzEyXC8yMC5qcGciLCJzbGlkZXNob3ciOiJiYjhkODQ1In0%3D\">\n\t\t\t\t\t<div class=\"e-gallery-image elementor-gallery-item__image\" data-thumbnail=\"https:\/\/staging.ordemdosfisioterapeutas.pt\/wp-content\/uploads\/2021\/12\/20-300x200.jpg\" data-width=\"300\" data-height=\"200\" aria-label=\"Toma de posesi\u00f3n del Presidente - Prof Ant\u00f3nio Manuel Fernandes Lopes\" role=\"img\" ><\/div>\n\t\t\t\t\t\t\t\t\t\t\t<div class=\"elementor-gallery-item__overlay\"><\/div>\n\t\t\t\t\t\t\t\t\t\t\t\t\t\t<\/a>\n\t\t\t\t\t\t\t<a class=\"e-gallery-item elementor-gallery-item elementor-animated-content\" href=\"https:\/\/staging.ordemdosfisioterapeutas.pt\/wp-content\/uploads\/2021\/12\/21.jpg\" data-elementor-open-lightbox=\"yes\" data-elementor-lightbox-slideshow=\"bb8d845\" data-elementor-lightbox-title=\"Discurso do Baston\u00e1rio - Prof. Ant\u00f3nio Lopes\" data-elementor-lightbox-description=\"Discurso do Baston\u00e1rio - Prof. Ant\u00f3nio Lopes\" data-e-action-hash=\"#elementor-action%3Aaction%3Dlightbox%26settings%3DeyJpZCI6MzY2OCwidXJsIjoiaHR0cHM6XC9cL3N0YWdpbmcub3JkZW1kb3NmaXNpb3RlcmFwZXV0YXMucHRcL3dwLWNvbnRlbnRcL3VwbG9hZHNcLzIwMjFcLzEyXC8yMS5qcGciLCJzbGlkZXNob3ciOiJiYjhkODQ1In0%3D\">\n\t\t\t\t\t<div class=\"e-gallery-image elementor-gallery-item__image\" data-thumbnail=\"https:\/\/staging.ordemdosfisioterapeutas.pt\/wp-content\/uploads\/2021\/12\/21-300x200.jpg\" data-width=\"300\" data-height=\"200\" aria-label=\"Discurso del Presidente - Prof Ant\u00f3nio Lopes\" role=\"img\" ><\/div>\n\t\t\t\t\t\t\t\t\t\t\t<div class=\"elementor-gallery-item__overlay\"><\/div>\n\t\t\t\t\t\t\t\t\t\t\t\t\t\t<\/a>\n\t\t\t\t\t\t\t<a class=\"e-gallery-item elementor-gallery-item elementor-animated-content\" href=\"https:\/\/staging.ordemdosfisioterapeutas.pt\/wp-content\/uploads\/2021\/12\/22.jpg\" data-elementor-open-lightbox=\"yes\" data-elementor-lightbox-slideshow=\"bb8d845\" data-elementor-lightbox-title=\"Discurso do Baston\u00e1rio - Prof. Ant\u00f3nio Lopes\" data-elementor-lightbox-description=\"Discurso do Baston\u00e1rio - Prof. Ant\u00f3nio Lopes\" data-e-action-hash=\"#elementor-action%3Aaction%3Dlightbox%26settings%3DeyJpZCI6MzY2OSwidXJsIjoiaHR0cHM6XC9cL3N0YWdpbmcub3JkZW1kb3NmaXNpb3RlcmFwZXV0YXMucHRcL3dwLWNvbnRlbnRcL3VwbG9hZHNcLzIwMjFcLzEyXC8yMi5qcGciLCJzbGlkZXNob3ciOiJiYjhkODQ1In0%3D\">\n\t\t\t\t\t<div class=\"e-gallery-image elementor-gallery-item__image\" data-thumbnail=\"https:\/\/staging.ordemdosfisioterapeutas.pt\/wp-content\/uploads\/2021\/12\/22-300x200.jpg\" data-width=\"300\" data-height=\"200\" aria-label=\"Discurso del Presidente - Prof Ant\u00f3nio Lopes\" role=\"img\" ><\/div>\n\t\t\t\t\t\t\t\t\t\t\t<div class=\"elementor-gallery-item__overlay\"><\/div>\n\t\t\t\t\t\t\t\t\t\t\t\t\t\t<\/a>\n\t\t\t\t\t\t\t<a class=\"e-gallery-item elementor-gallery-item elementor-animated-content\" href=\"https:\/\/staging.ordemdosfisioterapeutas.pt\/wp-content\/uploads\/2021\/12\/23.jpg\" data-elementor-open-lightbox=\"yes\" data-elementor-lightbox-slideshow=\"bb8d845\" data-elementor-lightbox-title=\"Discurso do Baston\u00e1rio - Prof. Ant\u00f3nio Lopes\" data-elementor-lightbox-description=\"Discurso do Baston\u00e1rio - Prof. Ant\u00f3nio Lopes\" data-e-action-hash=\"#elementor-action%3Aaction%3Dlightbox%26settings%3DeyJpZCI6MzY3MCwidXJsIjoiaHR0cHM6XC9cL3N0YWdpbmcub3JkZW1kb3NmaXNpb3RlcmFwZXV0YXMucHRcL3dwLWNvbnRlbnRcL3VwbG9hZHNcLzIwMjFcLzEyXC8yMy5qcGciLCJzbGlkZXNob3ciOiJiYjhkODQ1In0%3D\">\n\t\t\t\t\t<div class=\"e-gallery-image elementor-gallery-item__image\" data-thumbnail=\"https:\/\/staging.ordemdosfisioterapeutas.pt\/wp-content\/uploads\/2021\/12\/23-300x200.jpg\" data-width=\"300\" data-height=\"200\" aria-label=\"Discurso del Presidente - Prof Ant\u00f3nio Lopes\" role=\"img\" ><\/div>\n\t\t\t\t\t\t\t\t\t\t\t<div class=\"elementor-gallery-item__overlay\"><\/div>\n\t\t\t\t\t\t\t\t\t\t\t\t\t\t<\/a>\n\t\t\t\t\t\t\t<a class=\"e-gallery-item elementor-gallery-item elementor-animated-content\" href=\"https:\/\/staging.ordemdosfisioterapeutas.pt\/wp-content\/uploads\/2021\/12\/24.jpg\" data-elementor-open-lightbox=\"yes\" data-elementor-lightbox-slideshow=\"bb8d845\" data-elementor-lightbox-title=\"Discurso do Secret\u00e1rio de Estado - Dr. Ant\u00f3nio Lacerda Sales\" data-elementor-lightbox-description=\"Discurso do Secret\u00e1rio de Estado - Dr. Ant\u00f3nio Lacerda Sales\" data-e-action-hash=\"#elementor-action%3Aaction%3Dlightbox%26settings%3DeyJpZCI6MzY3MSwidXJsIjoiaHR0cHM6XC9cL3N0YWdpbmcub3JkZW1kb3NmaXNpb3RlcmFwZXV0YXMucHRcL3dwLWNvbnRlbnRcL3VwbG9hZHNcLzIwMjFcLzEyXC8yNC5qcGciLCJzbGlkZXNob3ciOiJiYjhkODQ1In0%3D\">\n\t\t\t\t\t<div class=\"e-gallery-image elementor-gallery-item__image\" data-thumbnail=\"https:\/\/staging.ordemdosfisioterapeutas.pt\/wp-content\/uploads\/2021\/12\/24-300x200.jpg\" data-width=\"300\" data-height=\"200\" aria-label=\"Discurso del Secretario de Estado - Dr. Ant\u00f3nio Lacerda Sales\" role=\"img\" ><\/div>\n\t\t\t\t\t\t\t\t\t\t\t<div class=\"elementor-gallery-item__overlay\"><\/div>\n\t\t\t\t\t\t\t\t\t\t\t\t\t\t<\/a>\n\t\t\t\t\t\t\t<a class=\"e-gallery-item elementor-gallery-item elementor-animated-content\" href=\"https:\/\/staging.ordemdosfisioterapeutas.pt\/wp-content\/uploads\/2021\/12\/25.jpg\" data-elementor-open-lightbox=\"yes\" data-elementor-lightbox-slideshow=\"bb8d845\" data-elementor-lightbox-title=\"Discurso do Secret\u00e1rio de Estado - Dr. Ant\u00f3nio Lacerda Sales\" data-elementor-lightbox-description=\"Discurso do Secret\u00e1rio de Estado - Dr. Ant\u00f3nio Lacerda Sales\" data-e-action-hash=\"#elementor-action%3Aaction%3Dlightbox%26settings%3DeyJpZCI6MzY3MywidXJsIjoiaHR0cHM6XC9cL3N0YWdpbmcub3JkZW1kb3NmaXNpb3RlcmFwZXV0YXMucHRcL3dwLWNvbnRlbnRcL3VwbG9hZHNcLzIwMjFcLzEyXC8yNS5qcGciLCJzbGlkZXNob3ciOiJiYjhkODQ1In0%3D\">\n\t\t\t\t\t<div class=\"e-gallery-image elementor-gallery-item__image\" data-thumbnail=\"https:\/\/staging.ordemdosfisioterapeutas.pt\/wp-content\/uploads\/2021\/12\/25-300x200.jpg\" data-width=\"300\" data-height=\"200\" aria-label=\"Discurso del Secretario de Estado - Dr. Ant\u00f3nio Lacerda Sales\" role=\"img\" ><\/div>\n\t\t\t\t\t\t\t\t\t\t\t<div class=\"elementor-gallery-item__overlay\"><\/div>\n\t\t\t\t\t\t\t\t\t\t\t\t\t\t<\/a>\n\t\t\t\t\t\t\t<a class=\"e-gallery-item elementor-gallery-item elementor-animated-content\" href=\"https:\/\/staging.ordemdosfisioterapeutas.pt\/wp-content\/uploads\/2021\/12\/26.jpg\" data-elementor-open-lightbox=\"yes\" data-elementor-lightbox-slideshow=\"bb8d845\" data-elementor-lightbox-title=\"Discurso do Secret\u00e1rio de Estado - Dr. Ant\u00f3nio Lacerda Sales\" data-elementor-lightbox-description=\"Discurso do Secret\u00e1rio de Estado - Dr. Ant\u00f3nio Lacerda Sales\" data-e-action-hash=\"#elementor-action%3Aaction%3Dlightbox%26settings%3DeyJpZCI6MzY3NCwidXJsIjoiaHR0cHM6XC9cL3N0YWdpbmcub3JkZW1kb3NmaXNpb3RlcmFwZXV0YXMucHRcL3dwLWNvbnRlbnRcL3VwbG9hZHNcLzIwMjFcLzEyXC8yNi5qcGciLCJzbGlkZXNob3ciOiJiYjhkODQ1In0%3D\">\n\t\t\t\t\t<div class=\"e-gallery-image elementor-gallery-item__image\" data-thumbnail=\"https:\/\/staging.ordemdosfisioterapeutas.pt\/wp-content\/uploads\/2021\/12\/26-200x300.jpg\" data-width=\"200\" data-height=\"300\" aria-label=\"Discurso del Secretario de Estado - Dr. Ant\u00f3nio Lacerda Sales\" role=\"img\" ><\/div>\n\t\t\t\t\t\t\t\t\t\t\t<div class=\"elementor-gallery-item__overlay\"><\/div>\n\t\t\t\t\t\t\t\t\t\t\t\t\t\t<\/a>\n\t\t\t\t\t\t\t<a class=\"e-gallery-item elementor-gallery-item elementor-animated-content\" href=\"https:\/\/staging.ordemdosfisioterapeutas.pt\/wp-content\/uploads\/2021\/12\/27.jpg\" data-elementor-open-lightbox=\"yes\" data-elementor-lightbox-slideshow=\"bb8d845\" data-elementor-lightbox-title=\"Agradecimento \u00e0 Sr\u00aa Baston\u00e1ria da Ordem do Contabilistas Certificados\" data-elementor-lightbox-description=\"Agradecimento \u00e0 Sr\u00aa Baston\u00e1ria da Ordem do Contabilistas Certificados\" data-e-action-hash=\"#elementor-action%3Aaction%3Dlightbox%26settings%3DeyJpZCI6MzY3NSwidXJsIjoiaHR0cHM6XC9cL3N0YWdpbmcub3JkZW1kb3NmaXNpb3RlcmFwZXV0YXMucHRcL3dwLWNvbnRlbnRcL3VwbG9hZHNcLzIwMjFcLzEyXC8yNy5qcGciLCJzbGlkZXNob3ciOiJiYjhkODQ1In0%3D\">\n\t\t\t\t\t<div class=\"e-gallery-image elementor-gallery-item__image\" data-thumbnail=\"https:\/\/staging.ordemdosfisioterapeutas.pt\/wp-content\/uploads\/2021\/12\/27-300x200.jpg\" data-width=\"300\" data-height=\"200\" aria-label=\"Gracias al Presidente de la Orden de Expertos Contables\" role=\"img\" ><\/div>\n\t\t\t\t\t\t\t\t\t\t\t<div class=\"elementor-gallery-item__overlay\"><\/div>\n\t\t\t\t\t\t\t\t\t\t\t\t\t\t<\/a>\n\t\t\t\t\t\t\t<a class=\"e-gallery-item elementor-gallery-item elementor-animated-content\" href=\"https:\/\/staging.ordemdosfisioterapeutas.pt\/wp-content\/uploads\/2021\/12\/28.jpg\" data-elementor-open-lightbox=\"yes\" data-elementor-lightbox-slideshow=\"bb8d845\" data-elementor-lightbox-title=\"Secret\u00e1rio de Estado da Sa\u00fade Dr. Ant\u00f3nio Lacerda Sales com Baston\u00e1rio da Ordem dos Fisioterapeutas Ant\u00f3nio Manuel Fernandes Lopes\" data-elementor-lightbox-description=\"Secret\u00e1rio de Estado da Sa\u00fade Dr. Ant\u00f3nio Lacerda Sales com Baston\u00e1rio da Ordem dos Fisioterapeutas Ant\u00f3nio Manuel Fernandes Lopes\" data-e-action-hash=\"#elementor-action%3Aaction%3Dlightbox%26settings%3DeyJpZCI6MzY3NiwidXJsIjoiaHR0cHM6XC9cL3N0YWdpbmcub3JkZW1kb3NmaXNpb3RlcmFwZXV0YXMucHRcL3dwLWNvbnRlbnRcL3VwbG9hZHNcLzIwMjFcLzEyXC8yOC5qcGciLCJzbGlkZXNob3ciOiJiYjhkODQ1In0%3D\">\n\t\t\t\t\t<div class=\"e-gallery-image elementor-gallery-item__image\" data-thumbnail=\"https:\/\/staging.ordemdosfisioterapeutas.pt\/wp-content\/uploads\/2021\/12\/28-300x200.jpg\" data-width=\"300\" data-height=\"200\" aria-label=\"El Secretario de Estado de Sanidad, Dr. Ant\u00f3nio Lacerda Sales, con el Presidente de la Orden de Fisioterapeutas, Ant\u00f3nio Manuel Fernandes Lopes\" role=\"img\" ><\/div>\n\t\t\t\t\t\t\t\t\t\t\t<div class=\"elementor-gallery-item__overlay\"><\/div>\n\t\t\t\t\t\t\t\t\t\t\t\t\t\t<\/a>\n\t\t\t\t\t\t\t<a class=\"e-gallery-item elementor-gallery-item elementor-animated-content\" href=\"https:\/\/staging.ordemdosfisioterapeutas.pt\/wp-content\/uploads\/2021\/12\/29.jpg\" data-elementor-open-lightbox=\"yes\" data-elementor-lightbox-slideshow=\"bb8d845\" data-elementor-lightbox-title=\"Baston\u00e1rio da Ordem dos Fisioterapeutas, Ant\u00f3nio Manuel Fernandes Lopes, e a Sr\u00aa Sr\u00aa Baston\u00e1ria da Ordem do Contabilistas Certificados\" data-elementor-lightbox-description=\"Baston\u00e1rio da Ordem dos Fisioterapeutas, Ant\u00f3nio Manuel Fernandes Lopes, e a Sr\u00aa Sr\u00aa Baston\u00e1ria da Ordem do Contabilistas Certificados\" data-e-action-hash=\"#elementor-action%3Aaction%3Dlightbox%26settings%3DeyJpZCI6MzY3NywidXJsIjoiaHR0cHM6XC9cL3N0YWdpbmcub3JkZW1kb3NmaXNpb3RlcmFwZXV0YXMucHRcL3dwLWNvbnRlbnRcL3VwbG9hZHNcLzIwMjFcLzEyXC8yOS5qcGciLCJzbGlkZXNob3ciOiJiYjhkODQ1In0%3D\">\n\t\t\t\t\t<div class=\"e-gallery-image elementor-gallery-item__image\" data-thumbnail=\"https:\/\/staging.ordemdosfisioterapeutas.pt\/wp-content\/uploads\/2021\/12\/29-300x250.jpg\" data-width=\"300\" data-height=\"250\" aria-label=\"Presidente de la Orden de Fisioterapeutas, Ant\u00f3nio Manuel Fernandes Lopes, y Presidente de la Orden de Expertos Contables\" role=\"img\" ><\/div>\n\t\t\t\t\t\t\t\t\t\t\t<div class=\"elementor-gallery-item__overlay\"><\/div>\n\t\t\t\t\t\t\t\t\t\t\t\t\t\t<\/a>\n\t\t\t\t\t\t\t<a class=\"e-gallery-item elementor-gallery-item elementor-animated-content\" href=\"https:\/\/staging.ordemdosfisioterapeutas.pt\/wp-content\/uploads\/2021\/12\/30.jpg\" data-elementor-open-lightbox=\"yes\" data-elementor-lightbox-slideshow=\"bb8d845\" data-elementor-lightbox-title=\"Comiss\u00e3o Instaladora da Ordem dos Fisioterapeutas\" data-elementor-lightbox-description=\"Comiss\u00e3o Instaladora da Ordem dos Fisioterapeutas\" data-e-action-hash=\"#elementor-action%3Aaction%3Dlightbox%26settings%3DeyJpZCI6MzY3OCwidXJsIjoiaHR0cHM6XC9cL3N0YWdpbmcub3JkZW1kb3NmaXNpb3RlcmFwZXV0YXMucHRcL3dwLWNvbnRlbnRcL3VwbG9hZHNcLzIwMjFcLzEyXC8zMC5qcGciLCJzbGlkZXNob3ciOiJiYjhkODQ1In0%3D\">\n\t\t\t\t\t<div class=\"e-gallery-image elementor-gallery-item__image\" data-thumbnail=\"https:\/\/staging.ordemdosfisioterapeutas.pt\/wp-content\/uploads\/2021\/12\/30-300x171.jpg\" data-width=\"300\" data-height=\"171\" aria-label=\"Comit\u00e9 de Instalaci\u00f3n de la Orden de Fisioterapeutas\" role=\"img\" ><\/div>\n\t\t\t\t\t\t\t\t\t\t\t<div class=\"elementor-gallery-item__overlay\"><\/div>\n\t\t\t\t\t\t\t\t\t\t\t\t\t\t<\/a>\n\t\t\t\t\t<\/div>\n\t\t\t\t\t<\/div>\n\t\t\t\t<\/div>\n\t\t\t\t\t<\/div>\n\t\t<\/div>\n\t\t\t\t\t<\/div>\n\t\t<\/section>\n\t\t\t\t<\/div>","protected":false},"excerpt":{"rendered":"<p>La ceremonia oficial de toma de posesi\u00f3n de los primeros \u00d3rganos Estatutarios de la Orden de los Fisioterapeutas tendr\u00e1 lugar el pr\u00f3ximo martes, 14 de diciembre, a las 16h30, en el Auditorio de la Orden de los Censores Jurados de Cuentas, en Lisboa. Tras ganar las primeras elecciones con el 64,31% de los votos, el Fisioterapeuta Ant\u00f3nio Manuel Fernandes Lopes ser\u00e1 el Presidente de la Orden de Fisioterapeutas para el mandato de cuatro a\u00f1os ... <a title=\"Toma de posesi\u00f3n\" class=\"read-more\" href=\"https:\/\/staging.ordemdosfisioterapeutas.pt\/es\/eleicoes\/tomada-de-posse\/\" aria-label=\"M\u00e1s informaci\u00f3n sobre la inauguraci\u00f3n\">Seguir leyendo<\/a><\/p>","protected":false},"author":1,"featured_media":0,"parent":2495,"menu_order":11,"comment_status":"closed","ping_status":"closed","template":"","meta":{"footnotes":""},"class_list":["post-2848","page","type-page","status-publish"],"_links":{"self":[{"href":"https:\/\/staging.ordemdosfisioterapeutas.pt\/es\/wp-json\/wp\/v2\/pages\/2848","targetHints":{"allow":["GET"]}}],"collection":[{"href":"https:\/\/staging.ordemdosfisioterapeutas.pt\/es\/wp-json\/wp\/v2\/pages"}],"about":[{"href":"https:\/\/staging.ordemdosfisioterapeutas.pt\/es\/wp-json\/wp\/v2\/types\/page"}],"author":[{"embeddable":true,"href":"https:\/\/staging.ordemdosfisioterapeutas.pt\/es\/wp-json\/wp\/v2\/users\/1"}],"replies":[{"embeddable":true,"href":"https:\/\/staging.ordemdosfisioterapeutas.pt\/es\/wp-json\/wp\/v2\/comments?post=2848"}],"version-history":[{"count":0,"href":"https:\/\/staging.ordemdosfisioterapeutas.pt\/es\/wp-json\/wp\/v2\/pages\/2848\/revisions"}],"up":[{"embeddable":true,"href":"https:\/\/staging.ordemdosfisioterapeutas.pt\/es\/wp-json\/wp\/v2\/pages\/2495"}],"wp:attachment":[{"href":"https:\/\/staging.ordemdosfisioterapeutas.pt\/es\/wp-json\/wp\/v2\/media?parent=2848"}],"curies":[{"name":"wp","href":"https:\/\/api.w.org\/{rel}","templated":true}]}}