{"id":3068,"date":"2021-09-29T11:54:24","date_gmt":"2021-09-29T10:54:24","guid":{"rendered":"https:\/\/staging.ordemdosfisioterapeutas.pt\/?page_id=3068"},"modified":"2022-11-15T20:02:39","modified_gmt":"2022-11-15T20:02:39","slug":"comunicados","status":"publish","type":"page","link":"https:\/\/staging.ordemdosfisioterapeutas.pt\/es\/comunicados\/","title":{"rendered":"Anuncios"},"content":{"rendered":"<div data-elementor-type=\"wp-page\" data-elementor-id=\"3068\" class=\"elementor elementor-3068\" data-elementor-post-type=\"page\">\n\t\t\t\t\t\t<section class=\"elementor-section elementor-top-section elementor-element elementor-element-d8659d1 elementor-section-boxed elementor-section-height-default elementor-section-height-default\" data-id=\"d8659d1\" data-element_type=\"section\" data-e-type=\"section\">\n\t\t\t\t\t\t<div class=\"elementor-container elementor-column-gap-default\">\n\t\t\t\t\t<div class=\"elementor-column elementor-col-100 elementor-top-column elementor-element elementor-element-48dca85\" data-id=\"48dca85\" data-element_type=\"column\" data-e-type=\"column\">\n\t\t\t<div class=\"elementor-widget-wrap elementor-element-populated\">\n\t\t\t\t\t\t<div class=\"elementor-element elementor-element-cd4428b elementor-widget elementor-widget-toggle\" data-id=\"cd4428b\" data-element_type=\"widget\" data-e-type=\"widget\" data-widget_type=\"toggle.default\">\n\t\t\t\t<div class=\"elementor-widget-container\">\n\t\t\t\t\t\t\t<div class=\"elementor-toggle\">\n\t\t\t\t\t\t\t<div class=\"elementor-toggle-item\">\n\t\t\t\t\t<div id=\"elementor-tab-title-2151\" class=\"elementor-tab-title\" data-tab=\"1\" role=\"button\" aria-controls=\"elementor-tab-content-2151\" aria-expanded=\"false\">\n\t\t\t\t\t\t\t\t\t\t\t\t<span class=\"elementor-toggle-icon elementor-toggle-icon-left\" aria-hidden=\"true\">\n\t\t\t\t\t\t\t\t\t\t\t\t\t\t\t<span class=\"elementor-toggle-icon-closed\"><i class=\"fas fa-caret-right\"><\/i><\/span>\n\t\t\t\t\t\t\t\t<span class=\"elementor-toggle-icon-opened\"><i class=\"elementor-toggle-icon-opened fas fa-caret-up\"><\/i><\/span>\n\t\t\t\t\t\t\t\t\t\t\t\t\t<\/span>\n\t\t\t\t\t\t\t\t\t\t\t\t<a class=\"elementor-toggle-title\" tabindex=\"0\">Anuncios 2022<\/a>\n\t\t\t\t\t<\/div>\n\n\t\t\t\t\t<div id=\"elementor-tab-content-2151\" class=\"elementor-tab-content elementor-clearfix\" data-tab=\"1\" role=\"region\" aria-labelledby=\"elementor-tab-title-2151\"><p><a href=\"https:\/\/staging.ordemdosfisioterapeutas.pt\/wp-content\/uploads\/2022\/08\/Comunicado_12.html\" target=\"_blank\" rel=\"noopener\"><span style=\"text-decoration: underline;\">Comunicado n\u00ba 12<\/span><\/a><br \/>Creaci\u00f3n de la Junta de Especialidades<\/p><p><a href=\"https:\/\/staging.ordemdosfisioterapeutas.pt\/wp-content\/uploads\/2022\/07\/Comunicado_11_vinheta.html\" target=\"_blank\" rel=\"noopener\"><span style=\"text-decoration: underline;\">Comunicado n\u00ba 11<\/span><\/a><br \/>Orientaci\u00f3n sobre la existencia, las pruebas y el uso de vi\u00f1etas<\/p><p><a href=\"https:\/\/staging.ordemdosfisioterapeutas.pt\/wp-content\/uploads\/2022\/06\/Comunicado-10.html\" target=\"_blank\" rel=\"noopener\"><span style=\"text-decoration: underline;\">Comunicado n\u00ba 10 - 2022<\/span><\/a><\/p><p><a href=\"https:\/\/staging.ordemdosfisioterapeutas.pt\/wp-content\/uploads\/2022\/06\/Comunicado9.html\" target=\"_blank\" rel=\"noopener\"><span style=\"text-decoration: underline;\">Comunicado n\u00ba 9 - 2022<\/span><\/a><br \/>Informaci\u00f3n sobre las cuotas y el c\u00e1lculo de los intereses de demora<\/p><p><a href=\"https:\/\/staging.ordemdosfisioterapeutas.pt\/wp-content\/uploads\/2022\/05\/mailing-quotas.html\" target=\"_blank\" rel=\"noopener\"><span style=\"text-decoration: underline;\">Comunicado n\u00ba 8 - 2022<\/span><\/a><br \/>Cuotas de afiliaci\u00f3n | M\u00e9todos y formas de pago<\/p><p><a href=\"https:\/\/staging.ordemdosfisioterapeutas.pt\/wp-content\/uploads\/2022\/03\/Comunicado-N_7.html\" target=\"_blank\" rel=\"noopener\"><span style=\"text-decoration: underline;\">Comunicado n\u00ba 7 - 2022<\/span><\/a><\/p><p><a href=\"https:\/\/staging.ordemdosfisioterapeutas.pt\/wp-content\/uploads\/2022\/03\/Comunicado-n6_Ucrania_.html\" target=\"_blank\" rel=\"noopener\"><span style=\"text-decoration: underline;\">Comunicado n\u00ba 6 - 2022<\/span><\/a><br \/>La fisioterapia siempre estar\u00e1 ah\u00ed.<\/p><p><a href=\"https:\/\/staging.ordemdosfisioterapeutas.pt\/wp-content\/uploads\/2022\/03\/Comunicado_5_.html\" target=\"_blank\" rel=\"noopener\">Comunicado n\u00ba 5 - 2022<\/a><\/p><p><a href=\"https:\/\/staging.ordemdosfisioterapeutas.pt\/wp-content\/uploads\/2022\/04\/comunicado_4.html\" target=\"_blank\" rel=\"noopener\"><span style=\"text-decoration: underline;\">Comunicado n\u00ba 4 - 2022<\/span><\/a><br \/>Primeras elecciones a los \u00f3rganos estatutarios del Colegio de Fisioterapeutas<\/p><p><a href=\"https:\/\/staging.ordemdosfisioterapeutas.pt\/wp-content\/uploads\/2022\/04\/comunicado-3.html\" target=\"_blank\" rel=\"noopener\">Comunicado n\u00ba 3 - 2022<\/a><br \/>Comisi\u00f3n Electoral | Listas de candidatos aprobadas | Campa\u00f1a electoral<\/p><p><a href=\"https:\/\/staging.ordemdosfisioterapeutas.pt\/wp-content\/uploads\/2022\/04\/comunicado_2.html\" target=\"_blank\" rel=\"noopener\"><span style=\"text-decoration: underline;\">Comunicado n\u00ba 2 - 2022<\/span><\/a><br \/>Su presencia en el sitio web del Colegio de Fisioterapeutas<\/p><\/div>\n\t\t\t\t<\/div>\n\t\t\t\t\t\t\t\t<\/div>\n\t\t\t\t\t\t<\/div>\n\t\t\t\t<\/div>\n\t\t\t\t<div class=\"elementor-element elementor-element-fc95fcf elementor-widget elementor-widget-toggle\" data-id=\"fc95fcf\" data-element_type=\"widget\" data-e-type=\"widget\" data-widget_type=\"toggle.default\">\n\t\t\t\t<div class=\"elementor-widget-container\">\n\t\t\t\t\t\t\t<div class=\"elementor-toggle\">\n\t\t\t\t\t\t\t<div class=\"elementor-toggle-item\">\n\t\t\t\t\t<div id=\"elementor-tab-title-2641\" class=\"elementor-tab-title\" data-tab=\"1\" role=\"button\" aria-controls=\"elementor-tab-content-2641\" aria-expanded=\"false\">\n\t\t\t\t\t\t\t\t\t\t\t\t<span class=\"elementor-toggle-icon elementor-toggle-icon-left\" aria-hidden=\"true\">\n\t\t\t\t\t\t\t\t\t\t\t\t\t\t\t<span class=\"elementor-toggle-icon-closed\"><i class=\"fas fa-caret-right\"><\/i><\/span>\n\t\t\t\t\t\t\t\t<span class=\"elementor-toggle-icon-opened\"><i class=\"elementor-toggle-icon-opened fas fa-caret-up\"><\/i><\/span>\n\t\t\t\t\t\t\t\t\t\t\t\t\t<\/span>\n\t\t\t\t\t\t\t\t\t\t\t\t<a class=\"elementor-toggle-title\" tabindex=\"0\">Anuncios 2021<\/a>\n\t\t\t\t\t<\/div>\n\n\t\t\t\t\t<div id=\"elementor-tab-content-2641\" class=\"elementor-tab-content elementor-clearfix\" data-tab=\"1\" role=\"region\" aria-labelledby=\"elementor-tab-title-2641\"><p><a href=\"https:\/\/staging.ordemdosfisioterapeutas.pt\/wp-content\/uploads\/2021\/09\/Comunicado-N1-18082021.png\" target=\"_blank\" rel=\"noopener\"><span style=\"text-decoration: underline;\">Anuncio n\u00ba 1 - 2021<\/span><\/a><br \/>Inscripci\u00f3n en el Colegio de Fisioterapeutas<\/p><\/div>\n\t\t\t\t<\/div>\n\t\t\t\t\t\t\t\t<\/div>\n\t\t\t\t\t\t<\/div>\n\t\t\t\t<\/div>\n\t\t\t\t\t<\/div>\n\t\t<\/div>\n\t\t\t\t\t<\/div>\n\t\t<\/section>\n\t\t\t\t<\/div>","protected":false},"excerpt":{"rendered":"<p>Comunicados 2022 Comunicado n\u00ba12Cria\u00e7\u00e3o do Quadro de Especialidades Comunicado n\u00ba11Orienta\u00e7\u00e3o relativa \u00e0 exist\u00eancia, evid\u00eancia e utiliza\u00e7\u00e3o das vinhetas Comunicado n\u00ba10 &#8211; 2022 Comunicado n\u00ba9 &#8211; 2022Informa\u00e7\u00e3o sobre quotas e c\u00e1lculo de juros de mora Comunicado n\u00ba8 &#8211; 2022Quotas de Membro | M\u00e9todos e modalidades de pagamento Comunicado n\u00ba7 &#8211; 2022 Comunicado n\u00ba6 &#8211; 2022A Fisioterapia &#8230; <a title=\"Anuncios\" class=\"read-more\" href=\"https:\/\/staging.ordemdosfisioterapeutas.pt\/es\/comunicados\/\" aria-label=\"Leer m\u00e1s sobre Comunicados\">Seguir leyendo<\/a><\/p>","protected":false},"author":1,"featured_media":0,"parent":0,"menu_order":0,"comment_status":"closed","ping_status":"closed","template":"","meta":{"footnotes":""},"class_list":["post-3068","page","type-page","status-publish"],"_links":{"self":[{"href":"https:\/\/staging.ordemdosfisioterapeutas.pt\/es\/wp-json\/wp\/v2\/pages\/3068","targetHints":{"allow":["GET"]}}],"collection":[{"href":"https:\/\/staging.ordemdosfisioterapeutas.pt\/es\/wp-json\/wp\/v2\/pages"}],"about":[{"href":"https:\/\/staging.ordemdosfisioterapeutas.pt\/es\/wp-json\/wp\/v2\/types\/page"}],"author":[{"embeddable":true,"href":"https:\/\/staging.ordemdosfisioterapeutas.pt\/es\/wp-json\/wp\/v2\/users\/1"}],"replies":[{"embeddable":true,"href":"https:\/\/staging.ordemdosfisioterapeutas.pt\/es\/wp-json\/wp\/v2\/comments?post=3068"}],"version-history":[{"count":0,"href":"https:\/\/staging.ordemdosfisioterapeutas.pt\/es\/wp-json\/wp\/v2\/pages\/3068\/revisions"}],"wp:attachment":[{"href":"https:\/\/staging.ordemdosfisioterapeutas.pt\/es\/wp-json\/wp\/v2\/media?parent=3068"}],"curies":[{"name":"wp","href":"https:\/\/api.w.org\/{rel}","templated":true}]}}