{"id":36,"date":"2020-09-20T11:15:00","date_gmt":"2020-09-20T11:15:00","guid":{"rendered":"https:\/\/staging.ordemdosfisioterapeutas.pt\/?page_id=36"},"modified":"2025-04-03T12:38:43","modified_gmt":"2025-04-03T11:38:43","slug":"ordem-dos-fisioterapeutas","status":"publish","type":"page","link":"https:\/\/staging.ordemdosfisioterapeutas.pt\/es\/","title":{"rendered":"P\u00e1gina de inicio"},"content":{"rendered":"<div data-elementor-type=\"wp-page\" data-elementor-id=\"36\" class=\"elementor elementor-36\" data-elementor-post-type=\"page\">\n\t\t\t\t\t\t<section class=\"elementor-section elementor-top-section elementor-element elementor-element-467ebbf elementor-section-height-min-height elementor-section-full_width elementor-section-height-default elementor-section-items-middle\" data-id=\"467ebbf\" data-element_type=\"section\" data-e-type=\"section\" data-settings=\"{&quot;background_background&quot;:&quot;classic&quot;}\">\n\t\t\t\t\t\t\t<div class=\"elementor-background-overlay\"><\/div>\n\t\t\t\t\t\t\t<div class=\"elementor-container elementor-column-gap-no\">\n\t\t\t\t\t<div class=\"elementor-column elementor-col-100 elementor-top-column elementor-element elementor-element-5fedf9f\" data-id=\"5fedf9f\" data-element_type=\"column\" data-e-type=\"column\">\n\t\t\t<div class=\"elementor-widget-wrap elementor-element-populated\">\n\t\t\t\t\t\t<div class=\"elementor-element elementor-element-a77d719 elementor--h-position-center elementor--v-position-middle elementor-arrows-position-inside elementor-pagination-position-inside elementor-widget elementor-widget-slides\" data-id=\"a77d719\" data-element_type=\"widget\" data-e-type=\"widget\" data-settings=\"{&quot;navigation&quot;:&quot;both&quot;,&quot;autoplay&quot;:&quot;yes&quot;,&quot;pause_on_hover&quot;:&quot;yes&quot;,&quot;pause_on_interaction&quot;:&quot;yes&quot;,&quot;autoplay_speed&quot;:5000,&quot;infinite&quot;:&quot;yes&quot;,&quot;transition&quot;:&quot;slide&quot;,&quot;transition_speed&quot;:500}\" data-widget_type=\"slides.default\">\n\t\t\t\t<div class=\"elementor-widget-container\">\n\t\t\t\t\t\t\t\t\t<div class=\"elementor-swiper\">\n\t\t\t\t\t<div class=\"elementor-slides-wrapper elementor-main-swiper swiper\" role=\"region\" aria-roledescription=\"carousel\" aria-label=\"Diapositivas\" dir=\"ltr\" data-animation=\"fadeInUp\">\n\t\t\t\t<div class=\"swiper-wrapper elementor-slides\">\n\t\t\t\t\t\t\t\t\t\t<div class=\"elementor-repeater-item-39b75c1 swiper-slide\" role=\"group\" aria-roledescription=\"slide\"><div class=\"swiper-slide-bg\" role=\"img\" aria-label=\"highlight_HOME_OF__\"><\/div><div class=\"elementor-background-overlay\"><\/div><div class=\"swiper-slide-inner\" ><div class=\"swiper-slide-contents\"><div class=\"elementor-slide-heading\">ASOCIACIONES<\/div><div class=\"elementor-slide-description\">Condiciones especiales para los miembros del Colegio de Fisioterapeutas<\/div><div  class=\"elementor-button elementor-slide-button elementor-size-xs\">Seguir leyendo<\/div><\/div><\/div><\/div><div class=\"elementor-repeater-item-9774e01 swiper-slide\" role=\"group\" aria-roledescription=\"slide\"><div class=\"swiper-slide-bg\" role=\"img\" aria-label=\"featured_HOME_OF_5feb__\"><\/div><div class=\"elementor-background-overlay\"><\/div><div class=\"swiper-slide-inner\" ><div class=\"swiper-slide-contents\"><div class=\"elementor-slide-heading\">T\u00edtulo de la diapositiva<\/div><div class=\"elementor-slide-description\">Lorem ipsum dolor sit amet, consectetur adipiscing elit. Ut elit tellus, luctus nec ullamcorper mattis, pulvinar dapibus leo.<\/div><div  class=\"elementor-button elementor-slide-button elementor-size-xs\">Haga clic aqu\u00ed<\/div><\/div><\/div><\/div><div class=\"elementor-repeater-item-a1df9db swiper-slide\" role=\"group\" aria-roledescription=\"slide\"><div class=\"swiper-slide-bg\" role=\"img\" aria-label=\"Destacado-Hogar-WP2024\"><\/div><div class=\"elementor-background-overlay\"><\/div><div class=\"swiper-slide-inner\" ><div class=\"swiper-slide-contents\"><div class=\"elementor-slide-heading\">T\u00edtulo de la diapositiva<\/div><div class=\"elementor-slide-description\">Lorem ipsum dolor sit amet, consectetur adipiscing elit. Ut elit tellus, luctus nec ullamcorper mattis, pulvinar dapibus leo.<\/div><div  class=\"elementor-button elementor-slide-button elementor-size-xs\">Haga clic aqu\u00ed<\/div><\/div><\/div><\/div><div class=\"elementor-repeater-item-3912e05 swiper-slide\" role=\"group\" aria-roledescription=\"slide\"><div class=\"swiper-slide-bg\" role=\"img\" aria-label=\"OF_BannerSite_2400x1600 (002) copiar\"><\/div><div class=\"swiper-slide-inner\" ><div class=\"swiper-slide-contents\"><\/div><\/div><\/div><div class=\"elementor-repeater-item-e56b107 swiper-slide\" role=\"group\" aria-roledescription=\"slide\"><div class=\"swiper-slide-bg\"><\/div><a class=\"swiper-slide-inner\" href=\"https:\/\/rift-gep.ordemdosfisioterapeutas.pt\/\"><div class=\"swiper-slide-contents\"><div class=\"elementor-slide-heading\">Red de Investigadores en Fisioterapia<\/div><div class=\"elementor-slide-description\"><img decoding=\"async\" src=\"https:\/\/staging.ordemdosfisioterapeutas.pt\/wp-content\/uploads\/2023\/08\/rift-logo.png\" style=\"width:200px\"><\/img><\/div><div  class=\"elementor-button elementor-slide-button elementor-size-xs\">M\u00e1s informaci\u00f3n...<\/div><\/div><\/a><\/div><div class=\"elementor-repeater-item-d0351c6 swiper-slide\" role=\"group\" aria-roledescription=\"slide\"><div class=\"swiper-slide-bg\" role=\"img\" aria-label=\"Afiliarse a la Orden\"><\/div><a class=\"swiper-slide-inner\" href=\"https:\/\/staging.ordemdosfisioterapeutas.pt\/es\/inscricao-na-ordem-dos-fisioterapeutas\/\"><div class=\"swiper-slide-contents\"><div class=\"elementor-slide-heading\">\u00a1H\u00e1gase miembro de la Orden!<\/div><div  class=\"elementor-button elementor-slide-button elementor-size-xs\">Inscr\u00edbase aqu\u00ed<\/div><\/div><\/a><\/div><div class=\"elementor-repeater-item-919aa6e swiper-slide\" role=\"group\" aria-roledescription=\"slide\"><div class=\"swiper-slide-bg\" role=\"img\" aria-label=\"base_cedula\"><\/div><a class=\"swiper-slide-inner\" href=\"https:\/\/staging.ordemdosfisioterapeutas.pt\/es\/noticias\/emissao-de-cedula-informacao-aos-membros-da-ordem\/\"><div class=\"swiper-slide-contents\"><div class=\"elementor-slide-heading\">Expedici\u00f3n de la c\u00e9dula<\/div><div class=\"elementor-slide-description\">Informaci\u00f3n para los miembros de la Orden\n<br>\n<a class=\"elementor-button\" href=\"#\">Prueba<\/a><\/div><div  class=\"elementor-button elementor-slide-button elementor-size-xs\">Noticias<\/div><\/div><\/a><\/div>\t\t\t\t<\/div>\n\t\t\t\t\t\t\t\t\t\t\t\t\t\t\t<div class=\"elementor-swiper-button elementor-swiper-button-prev\" role=\"button\" tabindex=\"0\" aria-label=\"Deslizamiento anterior\">\n\t\t\t\t\t\t\t<i aria-hidden=\"true\" class=\"eicon-chevron-left\"><\/i>\t\t\t\t\t\t<\/div>\n\t\t\t\t\t\t<div class=\"elementor-swiper-button elementor-swiper-button-next\" role=\"button\" tabindex=\"0\" aria-label=\"Siguiente diapositiva\">\n\t\t\t\t\t\t\t<i aria-hidden=\"true\" class=\"eicon-chevron-right\"><\/i>\t\t\t\t\t\t<\/div>\n\t\t\t\t\t\t\t\t\t\t\t\t\t\t\t\t<div class=\"swiper-pagination\"><\/div>\n\t\t\t\t\t\t\t\t\t\t\t\t<\/div>\n\t\t\t\t<\/div>\n\t\t\t\t\t\t\t\t<\/div>\n\t\t\t\t<\/div>\n\t\t\t\t\t<\/div>\n\t\t<\/div>\n\t\t\t\t\t<\/div>\n\t\t<\/section>\n\t\t<div class=\"elementor-element elementor-element-237ac34 e-flex e-con-boxed e-con e-parent\" data-id=\"237ac34\" data-element_type=\"container\" data-e-type=\"container\" data-settings=\"{&quot;background_background&quot;:&quot;classic&quot;}\">\n\t\t\t\t\t<div class=\"e-con-inner\">\n\t\t<div class=\"elementor-element elementor-element-2620640 e-con-full e-flex e-con e-child\" data-id=\"2620640\" data-element_type=\"container\" data-e-type=\"container\">\n\t\t\t\t<div class=\"elementor-element elementor-element-e9bde9d elementor-view-default elementor-position-block-start elementor-mobile-position-block-start elementor-widget elementor-widget-icon-box\" data-id=\"e9bde9d\" data-element_type=\"widget\" data-e-type=\"widget\" data-widget_type=\"icon-box.default\">\n\t\t\t\t<div class=\"elementor-widget-container\">\n\t\t\t\t\t\t\t<div class=\"elementor-icon-box-wrapper\">\n\n\t\t\t\t\t\t<div class=\"elementor-icon-box-icon\">\n\t\t\t\t<a href=\"https:\/\/staging.ordemdosfisioterapeutas.pt\/es\/inscricao-na-ordem-dos-fisioterapeutas\/\" class=\"elementor-icon\" tabindex=\"-1\" aria-label=\"PEDIR EL REGISTRO\">\n\t\t\t\t<i aria-hidden=\"true\" class=\"fas fa-pen-fancy\"><\/i>\t\t\t\t<\/a>\n\t\t\t<\/div>\n\t\t\t\n\t\t\t\t\t\t<div class=\"elementor-icon-box-content\">\n\n\t\t\t\t\t\t\t\t\t<h3 class=\"elementor-icon-box-title\">\n\t\t\t\t\t\t<a href=\"https:\/\/staging.ordemdosfisioterapeutas.pt\/es\/inscricao-na-ordem-dos-fisioterapeutas\/\" >\n\t\t\t\t\t\t\tPEDIR EL REGISTRO\t\t\t\t\t\t<\/a>\n\t\t\t\t\t<\/h3>\n\t\t\t\t\n\t\t\t\t\t\t\t\t\t<p class=\"elementor-icon-box-description\">\n\t\t\t\t\t\tFormulario de inscripci\u00f3n en la Orden de Fisioterapeutas.\t\t\t\t\t<\/p>\n\t\t\t\t\n\t\t\t<\/div>\n\t\t\t\n\t\t<\/div>\n\t\t\t\t\t\t<\/div>\n\t\t\t\t<\/div>\n\t\t\t\t<\/div>\n\t\t<div class=\"elementor-element elementor-element-069d565 e-con-full e-flex e-con e-child\" data-id=\"069d565\" data-element_type=\"container\" data-e-type=\"container\">\n\t\t\t\t<div class=\"elementor-element elementor-element-3edbdbf elementor-view-default elementor-position-block-start elementor-mobile-position-block-start elementor-widget elementor-widget-icon-box\" data-id=\"3edbdbf\" data-element_type=\"widget\" data-e-type=\"widget\" data-widget_type=\"icon-box.default\">\n\t\t\t\t<div class=\"elementor-widget-container\">\n\t\t\t\t\t\t\t<div class=\"elementor-icon-box-wrapper\">\n\n\t\t\t\t\t\t<div class=\"elementor-icon-box-icon\">\n\t\t\t\t<a href=\"https:\/\/staging.ordemdosfisioterapeutas.pt\/es\/balcao-unico\/\" class=\"elementor-icon\" tabindex=\"-1\" aria-label=\"ONE-STOP-SHOP\">\n\t\t\t\t<i aria-hidden=\"true\" class=\"fas fa-at\"><\/i>\t\t\t\t<\/a>\n\t\t\t<\/div>\n\t\t\t\n\t\t\t\t\t\t<div class=\"elementor-icon-box-content\">\n\n\t\t\t\t\t\t\t\t\t<h3 class=\"elementor-icon-box-title\">\n\t\t\t\t\t\t<a href=\"https:\/\/staging.ordemdosfisioterapeutas.pt\/es\/balcao-unico\/\" >\n\t\t\t\t\t\t\tONE-STOP-SHOP\t\t\t\t\t\t<\/a>\n\t\t\t\t\t<\/h3>\n\t\t\t\t\n\t\t\t\t\t\t\t\t\t<p class=\"elementor-icon-box-description\">\n\t\t\t\t\t\tPlataforma interactiva de asistencia de la Orden de Fisioterapeutas de Portugal\t\t\t\t\t<\/p>\n\t\t\t\t\n\t\t\t<\/div>\n\t\t\t\n\t\t<\/div>\n\t\t\t\t\t\t<\/div>\n\t\t\t\t<\/div>\n\t\t\t\t<\/div>\n\t\t<div class=\"elementor-element elementor-element-022bbbf e-con-full e-flex e-con e-child\" data-id=\"022bbbf\" data-element_type=\"container\" data-e-type=\"container\">\n\t\t\t\t<div class=\"elementor-element elementor-element-6426c94 elementor-view-default elementor-position-block-start elementor-mobile-position-block-start elementor-widget elementor-widget-icon-box\" data-id=\"6426c94\" data-element_type=\"widget\" data-e-type=\"widget\" data-widget_type=\"icon-box.default\">\n\t\t\t\t<div class=\"elementor-widget-container\">\n\t\t\t\t\t\t\t<div class=\"elementor-icon-box-wrapper\">\n\n\t\t\t\t\t\t<div class=\"elementor-icon-box-icon\">\n\t\t\t\t<a href=\"https:\/\/staging.ordemdosfisioterapeutas.pt\/es\/cidadao\/\" class=\"elementor-icon\" tabindex=\"-1\" aria-label=\"CIUDADANO\">\n\t\t\t\t<i aria-hidden=\"true\" class=\"fas fa-user\"><\/i>\t\t\t\t<\/a>\n\t\t\t<\/div>\n\t\t\t\n\t\t\t\t\t\t<div class=\"elementor-icon-box-content\">\n\n\t\t\t\t\t\t\t\t\t<h3 class=\"elementor-icon-box-title\">\n\t\t\t\t\t\t<a href=\"https:\/\/staging.ordemdosfisioterapeutas.pt\/es\/cidadao\/\" >\n\t\t\t\t\t\t\tCIUDADANO\t\t\t\t\t\t<\/a>\n\t\t\t\t\t<\/h3>\n\t\t\t\t\n\t\t\t\t\t\t\t\t\t<p class=\"elementor-icon-box-description\">\n\t\t\t\t\t\tInformaci\u00f3n \u00fatil para el p\u00fablico en general.\t\t\t\t\t<\/p>\n\t\t\t\t\n\t\t\t<\/div>\n\t\t\t\n\t\t<\/div>\n\t\t\t\t\t\t<\/div>\n\t\t\t\t<\/div>\n\t\t\t\t<\/div>\n\t\t\t\t\t<\/div>\n\t\t\t\t<\/div>\n\t\t<div class=\"elementor-element elementor-element-5490f53 e-flex e-con-boxed e-con e-parent\" data-id=\"5490f53\" data-element_type=\"container\" data-e-type=\"container\">\n\t\t\t\t\t<div class=\"e-con-inner\">\n\t\t<div class=\"elementor-element elementor-element-e4ba421 e-con-full e-flex e-con e-child\" data-id=\"e4ba421\" data-element_type=\"container\" data-e-type=\"container\">\n\t\t\t\t<div class=\"elementor-element elementor-element-a654a62 elementor-widget elementor-widget-heading\" data-id=\"a654a62\" data-element_type=\"widget\" data-e-type=\"widget\" data-widget_type=\"heading.default\">\n\t\t\t\t<div class=\"elementor-widget-container\">\n\t\t\t\t\t<h2 class=\"elementor-heading-title elementor-size-default\">NOTICIAS<\/h2>\t\t\t\t<\/div>\n\t\t\t\t<\/div>\n\t\t\t\t<div class=\"elementor-element elementor-element-dd8dab3 elementor-grid-3 elementor-grid-tablet-2 elementor-grid-mobile-1 elementor-posts--thumbnail-top elementor-card-shadow-yes elementor-posts__hover-gradient elementor-widget elementor-widget-posts\" data-id=\"dd8dab3\" data-element_type=\"widget\" data-e-type=\"widget\" data-settings=\"{&quot;cards_columns&quot;:&quot;3&quot;,&quot;cards_columns_tablet&quot;:&quot;2&quot;,&quot;cards_columns_mobile&quot;:&quot;1&quot;,&quot;cards_row_gap&quot;:{&quot;unit&quot;:&quot;px&quot;,&quot;size&quot;:35,&quot;sizes&quot;:[]},&quot;cards_row_gap_tablet&quot;:{&quot;unit&quot;:&quot;px&quot;,&quot;size&quot;:&quot;&quot;,&quot;sizes&quot;:[]},&quot;cards_row_gap_mobile&quot;:{&quot;unit&quot;:&quot;px&quot;,&quot;size&quot;:&quot;&quot;,&quot;sizes&quot;:[]}}\" data-widget_type=\"posts.cards\">\n\t\t\t\t<div class=\"elementor-widget-container\">\n\t\t\t\t\t\t\t<div class=\"elementor-posts-container elementor-posts elementor-posts--skin-cards elementor-grid\" role=\"list\">\n\t\t\t\t<article class=\"elementor-post elementor-grid-item post-7249 post type-post status-publish format-standard has-post-thumbnail hentry category-noticias\" role=\"listitem\">\n\t\t\t<div class=\"elementor-post__card\">\n\t\t\t\t<a class=\"elementor-post__thumbnail__link\" href=\"https:\/\/staging.ordemdosfisioterapeutas.pt\/es\/noticias\/programa-split-lanca-as-bases-para-a-expansao-no-ambito-do-dia-mundial-da-fisioterapia\/\" tabindex=\"-1\" ><div class=\"elementor-post__thumbnail\"><img fetchpriority=\"high\" decoding=\"async\" width=\"300\" height=\"200\" src=\"https:\/\/staging.ordemdosfisioterapeutas.pt\/wp-content\/uploads\/2024\/09\/Programa-Split-atualizada-1-1-300x200.png\" class=\"attachment-medium size-medium wp-image-7250\" alt=\"\" srcset=\"https:\/\/staging.ordemdosfisioterapeutas.pt\/wp-content\/uploads\/2024\/09\/Programa-Split-atualizada-1-1-300x200.png 300w, https:\/\/staging.ordemdosfisioterapeutas.pt\/wp-content\/uploads\/2024\/09\/Programa-Split-atualizada-1-1-1024x683.png 1024w, https:\/\/staging.ordemdosfisioterapeutas.pt\/wp-content\/uploads\/2024\/09\/Programa-Split-atualizada-1-1-768x512.png 768w, https:\/\/staging.ordemdosfisioterapeutas.pt\/wp-content\/uploads\/2024\/09\/Programa-Split-atualizada-1-1-18x12.png 18w, https:\/\/staging.ordemdosfisioterapeutas.pt\/wp-content\/uploads\/2024\/09\/Programa-Split-atualizada-1-1.png 1500w\" sizes=\"(max-width: 300px) 100vw, 300px\" \/><\/div><\/a>\n\t\t\t\t<div class=\"elementor-post__text\">\n\t\t\t\t<h3 class=\"elementor-post__title\">\n\t\t\t<a href=\"https:\/\/staging.ordemdosfisioterapeutas.pt\/es\/noticias\/programa-split-lanca-as-bases-para-a-expansao-no-ambito-do-dia-mundial-da-fisioterapia\/\" >\n\t\t\t\tEl programa SPLIT sienta las bases de su expansi\u00f3n en el marco del D\u00eda Mundial de la Fisioterapia\t\t\t<\/a>\n\t\t<\/h3>\n\t\t\t\t<div class=\"elementor-post__excerpt\">\n\t\t\t<p>Como parte de las celebraciones del D\u00eda Mundial de la Fisioterapia (8 de septiembre), que este a\u00f1o se centra en el lumbago (dolor lumbar) y el papel de la fisioterapia en su evaluaci\u00f3n y tratamiento, el Colegio de Fisioterapeutas, en colaboraci\u00f3n con la Escuela de Salud del Instituto Polit\u00e9cnico de Set\u00fabal, est\u00e1 empezando a ampliar el Programa SPLIT, que est\u00e1 alineado con el Plan Nacional de Salud 2030 de la Direcci\u00f3n General de Salud.<\/p>\n\t\t<\/div>\n\t\t\n\t\t<a class=\"elementor-post__read-more\" href=\"https:\/\/staging.ordemdosfisioterapeutas.pt\/es\/noticias\/programa-split-lanca-as-bases-para-a-expansao-no-ambito-do-dia-mundial-da-fisioterapia\/\" aria-label=\"M\u00e1s informaci\u00f3n sobre El programa SPLIT sienta las bases de su expansi\u00f3n en el marco del D\u00eda Mundial de la Fisioterapia\" tabindex=\"-1\" >\n\t\t\tLEER M\u00c1S &gt;&gt;\t\t<\/a>\n\n\t\t\t\t<\/div>\n\t\t\t\t<div class=\"elementor-post__meta-data\">\n\t\t\t\t\t<span class=\"elementor-post-date\">\n\t\t\t7 de septiembre de 2024\t\t<\/span>\n\t\t\t\t<\/div>\n\t\t\t\t\t<\/div>\n\t\t<\/article>\n\t\t\t\t<article class=\"elementor-post elementor-grid-item post-5284 post type-post status-publish format-standard has-post-thumbnail hentry category-noticias\" role=\"listitem\">\n\t\t\t<div class=\"elementor-post__card\">\n\t\t\t\t<a class=\"elementor-post__thumbnail__link\" href=\"https:\/\/staging.ordemdosfisioterapeutas.pt\/es\/noticias\/ordem-dos-fisioterapeutas-assinala-dia-mundial-da-diabetes\/\" tabindex=\"-1\" ><div class=\"elementor-post__thumbnail\"><img decoding=\"async\" width=\"300\" height=\"200\" src=\"https:\/\/staging.ordemdosfisioterapeutas.pt\/wp-content\/uploads\/2022\/11\/dia-do-diabetes_site-300x200.jpeg\" class=\"attachment-medium size-medium wp-image-5285\" alt=\"Dia Mundial da Diabetes\" srcset=\"https:\/\/staging.ordemdosfisioterapeutas.pt\/wp-content\/uploads\/2022\/11\/dia-do-diabetes_site-300x200.jpeg 300w, https:\/\/staging.ordemdosfisioterapeutas.pt\/wp-content\/uploads\/2022\/11\/dia-do-diabetes_site-1024x683.jpeg 1024w, https:\/\/staging.ordemdosfisioterapeutas.pt\/wp-content\/uploads\/2022\/11\/dia-do-diabetes_site-768x512.jpeg 768w, https:\/\/staging.ordemdosfisioterapeutas.pt\/wp-content\/uploads\/2022\/11\/dia-do-diabetes_site-18x12.jpeg 18w, https:\/\/staging.ordemdosfisioterapeutas.pt\/wp-content\/uploads\/2022\/11\/dia-do-diabetes_site.jpeg 1500w\" sizes=\"(max-width: 300px) 100vw, 300px\" \/><\/div><\/a>\n\t\t\t\t<div class=\"elementor-post__text\">\n\t\t\t\t<h3 class=\"elementor-post__title\">\n\t\t\t<a href=\"https:\/\/staging.ordemdosfisioterapeutas.pt\/es\/noticias\/ordem-dos-fisioterapeutas-assinala-dia-mundial-da-diabetes\/\" >\n\t\t\t\tLa Orden de Fisioterapeutas de Portugal celebra el D\u00eda Mundial de la Diabetes\t\t\t<\/a>\n\t\t<\/h3>\n\t\t\t\t<div class=\"elementor-post__excerpt\">\n\t\t\t<p>El D\u00eda Mundial de la Diabetes, que se celebra el 14 de noviembre, fue establecido en 1991 por la Federaci\u00f3n Internacional de Diabetes (FID) y la Organizaci\u00f3n Mundial de la Salud (OMS).<\/p>\n\t\t<\/div>\n\t\t\n\t\t<a class=\"elementor-post__read-more\" href=\"https:\/\/staging.ordemdosfisioterapeutas.pt\/es\/noticias\/ordem-dos-fisioterapeutas-assinala-dia-mundial-da-diabetes\/\" aria-label=\"M\u00e1s informaci\u00f3n about El Colegio de Fisioterapeutas celebra el D\u00eda Mundial de la Diabetes\" tabindex=\"-1\" >\n\t\t\tLEER M\u00c1S &gt;&gt;\t\t<\/a>\n\n\t\t\t\t<\/div>\n\t\t\t\t<div class=\"elementor-post__meta-data\">\n\t\t\t\t\t<span class=\"elementor-post-date\">\n\t\t\t14 de noviembre de 2022\t\t<\/span>\n\t\t\t\t<\/div>\n\t\t\t\t\t<\/div>\n\t\t<\/article>\n\t\t\t\t<article class=\"elementor-post elementor-grid-item post-5274 post type-post status-publish format-standard has-post-thumbnail hentry category-noticias\" role=\"listitem\">\n\t\t\t<div class=\"elementor-post__card\">\n\t\t\t\t<a class=\"elementor-post__thumbnail__link\" href=\"https:\/\/staging.ordemdosfisioterapeutas.pt\/es\/noticias\/ordem-dos-fisioterapeutas-integra-a-world-physiotherapy\/\" tabindex=\"-1\" ><div class=\"elementor-post__thumbnail\"><img decoding=\"async\" width=\"300\" height=\"200\" src=\"https:\/\/staging.ordemdosfisioterapeutas.pt\/wp-content\/uploads\/2022\/11\/world_physio_site-1-300x200.jpeg\" class=\"attachment-medium size-medium wp-image-5283\" alt=\"\" srcset=\"https:\/\/staging.ordemdosfisioterapeutas.pt\/wp-content\/uploads\/2022\/11\/world_physio_site-1-300x200.jpeg 300w, https:\/\/staging.ordemdosfisioterapeutas.pt\/wp-content\/uploads\/2022\/11\/world_physio_site-1-1024x683.jpeg 1024w, https:\/\/staging.ordemdosfisioterapeutas.pt\/wp-content\/uploads\/2022\/11\/world_physio_site-1-768x512.jpeg 768w, https:\/\/staging.ordemdosfisioterapeutas.pt\/wp-content\/uploads\/2022\/11\/world_physio_site-1-18x12.jpeg 18w, https:\/\/staging.ordemdosfisioterapeutas.pt\/wp-content\/uploads\/2022\/11\/world_physio_site-1.jpeg 1500w\" sizes=\"(max-width: 300px) 100vw, 300px\" \/><\/div><\/a>\n\t\t\t\t<div class=\"elementor-post__text\">\n\t\t\t\t<h3 class=\"elementor-post__title\">\n\t\t\t<a href=\"https:\/\/staging.ordemdosfisioterapeutas.pt\/es\/noticias\/ordem-dos-fisioterapeutas-integra-a-world-physiotherapy\/\" >\n\t\t\t\tLa Orden de Fisioterapeutas de Portugal se une a la Fisioterapia Mundial\t\t\t<\/a>\n\t\t<\/h3>\n\t\t\t\t<div class=\"elementor-post__excerpt\">\n\t\t\t<p>La Orden Portuguesa de Fisioterapeutas se congratula de formar parte de la Fisioterapia Mundial, y de la Regi\u00f3n Europea, sucediendo, de forma consensuada, a la Asociaci\u00f3n Portuguesa de Fisioterapeutas, que fue admitida en 1963.<\/p>\n\t\t<\/div>\n\t\t\n\t\t<a class=\"elementor-post__read-more\" href=\"https:\/\/staging.ordemdosfisioterapeutas.pt\/es\/noticias\/ordem-dos-fisioterapeutas-integra-a-world-physiotherapy\/\" aria-label=\"M\u00e1s informaci\u00f3n sobre la Orden de Fisioterapeutas se une a World Physiotherapy\" tabindex=\"-1\" >\n\t\t\tLEER M\u00c1S &gt;&gt;\t\t<\/a>\n\n\t\t\t\t<\/div>\n\t\t\t\t<div class=\"elementor-post__meta-data\">\n\t\t\t\t\t<span class=\"elementor-post-date\">\n\t\t\t8 de noviembre de 2022\t\t<\/span>\n\t\t\t\t<\/div>\n\t\t\t\t\t<\/div>\n\t\t<\/article>\n\t\t\t\t<\/div>\n\t\t\n\t\t\t\t\t\t<\/div>\n\t\t\t\t<\/div>\n\t\t\t\t<div class=\"elementor-element elementor-element-2bced0a elementor-align-center elementor-widget elementor-widget-button\" data-id=\"2bced0a\" data-element_type=\"widget\" data-e-type=\"widget\" data-widget_type=\"button.default\">\n\t\t\t\t<div class=\"elementor-widget-container\">\n\t\t\t\t\t\t\t\t\t<div class=\"elementor-button-wrapper\">\n\t\t\t\t\t<a class=\"elementor-button elementor-button-link elementor-size-xs elementor-animation-shrink\" href=\"https:\/\/staging.ordemdosfisioterapeutas.pt\/es\/category\/noticias\/\">\n\t\t\t\t\t\t<span class=\"elementor-button-content-wrapper\">\n\t\t\t\t\t\t<span class=\"elementor-button-icon\">\n\t\t\t\t<i aria-hidden=\"true\" class=\"fas fa-plus\"><\/i>\t\t\t<\/span>\n\t\t\t\t\t\t\t\t\t<span class=\"elementor-button-text\">Noticias<\/span>\n\t\t\t\t\t<\/span>\n\t\t\t\t\t<\/a>\n\t\t\t\t<\/div>\n\t\t\t\t\t\t\t\t<\/div>\n\t\t\t\t<\/div>\n\t\t\t\t<div class=\"elementor-element elementor-element-c48513c elementor-align-center elementor-widget elementor-widget-button\" data-id=\"c48513c\" data-element_type=\"widget\" data-e-type=\"widget\" data-widget_type=\"button.default\">\n\t\t\t\t<div class=\"elementor-widget-container\">\n\t\t\t\t\t\t\t\t\t<div class=\"elementor-button-wrapper\">\n\t\t\t\t\t<a class=\"elementor-button elementor-button-link elementor-size-xs elementor-animation-shrink\" href=\"https:\/\/staging.ordemdosfisioterapeutas.pt\/en\/category\/noticias\/\">\n\t\t\t\t\t\t<span class=\"elementor-button-content-wrapper\">\n\t\t\t\t\t\t<span class=\"elementor-button-icon\">\n\t\t\t\t<i aria-hidden=\"true\" class=\"fas fa-plus\"><\/i>\t\t\t<\/span>\n\t\t\t\t\t\t\t\t\t<span class=\"elementor-button-text\">Noticias<\/span>\n\t\t\t\t\t<\/span>\n\t\t\t\t\t<\/a>\n\t\t\t\t<\/div>\n\t\t\t\t\t\t\t\t<\/div>\n\t\t\t\t<\/div>\n\t\t\t\t<\/div>\n\t\t\t\t\t<\/div>\n\t\t\t\t<\/div>\n\t\t\t\t<\/div>","protected":false},"excerpt":{"rendered":"<p>COLABORACI\u00d3NCondiciones especiales para los miembros del Colegio de FisioterapeutasM\u00e1s informaci\u00f3nSlide HeadingLorem ipsum dolor sit amet, consectetur adipiscing elit. Ut elit tellus, luctus nec ullamcorper mattis, pulvinar dapibus leo.Haga clic aqu\u00edR\u00fabrica de la diapositivaLorem ipsum dolor sit amet, consectetur adipiscing elit. Ut elit tellus, luctus nec ullamcorper mattis, pulvinar dapibus leo.Haga clic aqu\u00edRed de Investigadores en FisioterapiaM\u00e1s informaci\u00f3n...\u00a1H\u00e1gase miembro de la Orden! Inscr\u00edbase... <a title=\"La Orden de Fisioterapeutas de Portugal se une a la Fisioterapia Mundial\" class=\"read-more\" href=\"https:\/\/staging.ordemdosfisioterapeutas.pt\/es\/noticias\/ordem-dos-fisioterapeutas-integra-a-world-physiotherapy\/\" aria-label=\"Leer m\u00e1s sobre La Orden de Fisioterapeutas se une a la Fisioterapia Mundial\">Seguir leyendo<\/a><\/p>","protected":false},"author":1,"featured_media":0,"parent":0,"menu_order":0,"comment_status":"closed","ping_status":"closed","template":"elementor_header_footer","meta":{"footnotes":""},"class_list":["post-36","page","type-page","status-publish","hentry"],"_links":{"self":[{"href":"https:\/\/staging.ordemdosfisioterapeutas.pt\/es\/wp-json\/wp\/v2\/pages\/36","targetHints":{"allow":["GET"]}}],"collection":[{"href":"https:\/\/staging.ordemdosfisioterapeutas.pt\/es\/wp-json\/wp\/v2\/pages"}],"about":[{"href":"https:\/\/staging.ordemdosfisioterapeutas.pt\/es\/wp-json\/wp\/v2\/types\/page"}],"author":[{"embeddable":true,"href":"https:\/\/staging.ordemdosfisioterapeutas.pt\/es\/wp-json\/wp\/v2\/users\/1"}],"replies":[{"embeddable":true,"href":"https:\/\/staging.ordemdosfisioterapeutas.pt\/es\/wp-json\/wp\/v2\/comments?post=36"}],"version-history":[{"count":0,"href":"https:\/\/staging.ordemdosfisioterapeutas.pt\/es\/wp-json\/wp\/v2\/pages\/36\/revisions"}],"wp:attachment":[{"href":"https:\/\/staging.ordemdosfisioterapeutas.pt\/es\/wp-json\/wp\/v2\/media?parent=36"}],"curies":[{"name":"wp","href":"https:\/\/api.w.org\/{rel}","templated":true}]}}