{"id":446,"date":"2020-09-30T19:19:08","date_gmt":"2020-09-30T19:19:08","guid":{"rendered":"https:\/\/staging.ordemdosfisioterapeutas.pt\/?page_id=446"},"modified":"2023-08-09T15:48:20","modified_gmt":"2023-08-09T14:48:20","slug":"perguntas-frequentes","status":"publish","type":"page","link":"https:\/\/staging.ordemdosfisioterapeutas.pt\/es\/perguntas-frequentes\/","title":{"rendered":"Preguntas frecuentes"},"content":{"rendered":"<div data-elementor-type=\"wp-page\" data-elementor-id=\"446\" class=\"elementor elementor-446\" data-elementor-post-type=\"page\">\n\t\t\t\t\t\t<section class=\"elementor-section elementor-top-section elementor-element elementor-element-45fd3b5 elementor-section-boxed elementor-section-height-default elementor-section-height-default\" data-id=\"45fd3b5\" data-element_type=\"section\" data-e-type=\"section\">\n\t\t\t\t\t\t<div class=\"elementor-container elementor-column-gap-default\">\n\t\t\t\t\t<div class=\"elementor-column elementor-col-100 elementor-top-column elementor-element elementor-element-75e83b3\" data-id=\"75e83b3\" data-element_type=\"column\" data-e-type=\"column\">\n\t\t\t<div class=\"elementor-widget-wrap elementor-element-populated\">\n\t\t\t\t\t\t<div class=\"elementor-element elementor-element-d7e9dbc elementor-widget elementor-widget-heading\" data-id=\"d7e9dbc\" data-element_type=\"widget\" data-e-type=\"widget\" data-widget_type=\"heading.default\">\n\t\t\t\t<div class=\"elementor-widget-container\">\n\t\t\t\t\t<h2 class=\"elementor-heading-title elementor-size-default\">Funciones de pedido<\/h2>\t\t\t\t<\/div>\n\t\t\t\t<\/div>\n\t\t\t\t<div class=\"elementor-element elementor-element-cb9629d elementor-widget elementor-widget-toggle\" data-id=\"cb9629d\" data-element_type=\"widget\" data-e-type=\"widget\" data-widget_type=\"toggle.default\">\n\t\t\t\t<div class=\"elementor-widget-container\">\n\t\t\t\t\t\t\t<div class=\"elementor-toggle\">\n\t\t\t\t\t\t\t<div class=\"elementor-toggle-item\">\n\t\t\t\t\t<div id=\"elementor-tab-title-2131\" class=\"elementor-tab-title\" data-tab=\"1\" role=\"button\" aria-controls=\"elementor-tab-content-2131\" aria-expanded=\"false\">\n\t\t\t\t\t\t\t\t\t\t\t\t<span class=\"elementor-toggle-icon elementor-toggle-icon-left\" aria-hidden=\"true\">\n\t\t\t\t\t\t\t\t\t\t\t\t\t\t\t<span class=\"elementor-toggle-icon-closed\"><i class=\"fas fa-caret-right\"><\/i><\/span>\n\t\t\t\t\t\t\t\t<span class=\"elementor-toggle-icon-opened\"><i class=\"elementor-toggle-icon-opened fas fa-caret-up\"><\/i><\/span>\n\t\t\t\t\t\t\t\t\t\t\t\t\t<\/span>\n\t\t\t\t\t\t\t\t\t\t\t\t<a class=\"elementor-toggle-title\" tabindex=\"0\">1 - \u00bfCu\u00e1l es el papel del Colegio de Fisioterapeutas?<\/a>\n\t\t\t\t\t<\/div>\n\n\t\t\t\t\t<div id=\"elementor-tab-content-2131\" class=\"elementor-tab-content elementor-clearfix\" data-tab=\"1\" role=\"region\" aria-labelledby=\"elementor-tab-title-2131\"><p>Las atribuciones de la Orden son:<\/p><p>a) Regular el acceso a la profesi\u00f3n y su ejercicio;<\/p><p>b) Defender los intereses generales de los usuarios de los servicios prestados por sus miembros, garantizando y haciendo respetar el derecho a la salud de los ciudadanos;<\/p><p>c) Representar y defender los intereses generales de la profesi\u00f3n en Portugal, en particular asegurando su funci\u00f3n social, dignidad y prestigio;<\/p><p>d) Otorgar en exclusiva los t\u00edtulos profesionales de fisioterapeuta y conceder licencias profesionales a sus miembros;<\/p><p>e) Defensa del t\u00edtulo profesional, incluyendo la denuncia de situaciones de ejercicio ilegal de la profesi\u00f3n, pudiendo ser coadyuvante en procedimientos penales;<\/p><p>f) Otorgar el t\u00edtulo de especialista a los fisioterapeutas que cumplan los requisitos establecidos por los organismos competentes;<\/p><p>g) Elaborar y actualizar el registro profesional de sus miembros;<\/p><p>h) Velar por el cumplimiento de las normas de \u00e9tica y deontolog\u00eda profesional;<\/p><p>i) El ejercicio del poder disciplinario sobre sus miembros;<\/p><p>j) La concesi\u00f3n, en su caso, de premios o t\u00edtulos honor\u00edficos;<\/p><p>k) La prestaci\u00f3n de servicios a sus miembros en relaci\u00f3n con el ejercicio profesional, concretamente en materia de informaci\u00f3n, formaci\u00f3n profesional y asistencia t\u00e9cnica y jur\u00eddica;<\/p><p>l) La colaboraci\u00f3n con los \u00f3rganos de la Administraci\u00f3n P\u00fablica en la consecuci\u00f3n de fines de inter\u00e9s p\u00fablico relacionados con la profesi\u00f3n de fisioterapeuta;<\/p><p>m) Participar en la elaboraci\u00f3n de la legislaci\u00f3n relativa a su profesi\u00f3n;<\/p><p>n) Participaci\u00f3n en los procesos de acreditaci\u00f3n oficial y en la evaluaci\u00f3n de los cursos que dan acceso a la profesi\u00f3n;<\/p><p>o) El reconocimiento de cualificaciones profesionales obtenidas fuera de Portugal, en los t\u00e9rminos de la ley, del Derecho de la Uni\u00f3n Europea o de un convenio internacional;<\/p><p>p) Emitir dict\u00e1menes cient\u00edficos y t\u00e9cnicos solicitados por cualquier organismo nacional o extranjero, p\u00fablico o privado, cuando sea de inter\u00e9s p\u00fablico o de la profesi\u00f3n;<\/p><p>q) Promover el desarrollo del campo cient\u00edfico de la fisioterapia y su ense\u00f1anza;<\/p><p>r) Cualesquiera otras que le atribuya la Ley.<\/p><\/div>\n\t\t\t\t<\/div>\n\t\t\t\t\t\t\t<div class=\"elementor-toggle-item\">\n\t\t\t\t\t<div id=\"elementor-tab-title-2132\" class=\"elementor-tab-title\" data-tab=\"2\" role=\"button\" aria-controls=\"elementor-tab-content-2132\" aria-expanded=\"false\">\n\t\t\t\t\t\t\t\t\t\t\t\t<span class=\"elementor-toggle-icon elementor-toggle-icon-left\" aria-hidden=\"true\">\n\t\t\t\t\t\t\t\t\t\t\t\t\t\t\t<span class=\"elementor-toggle-icon-closed\"><i class=\"fas fa-caret-right\"><\/i><\/span>\n\t\t\t\t\t\t\t\t<span class=\"elementor-toggle-icon-opened\"><i class=\"elementor-toggle-icon-opened fas fa-caret-up\"><\/i><\/span>\n\t\t\t\t\t\t\t\t\t\t\t\t\t<\/span>\n\t\t\t\t\t\t\t\t\t\t\t\t<a class=\"elementor-toggle-title\" tabindex=\"0\">2 - \u00bfDefender\u00e1 la Orden a los fisioterapeutas?<\/a>\n\t\t\t\t\t<\/div>\n\n\t\t\t\t\t<div id=\"elementor-tab-content-2132\" class=\"elementor-tab-content elementor-clearfix\" data-tab=\"2\" role=\"region\" aria-labelledby=\"elementor-tab-title-2132\"><p>Seg\u00fan la Ley n\u00ba 122\/2019, de 30 de septiembre, que puede consultarse en <span style=\"text-decoration: underline;\"><a href=\"https:\/\/dre.pt\/dre\/detalhe\/lei\/122-2019-125016439\" target=\"_blank\" rel=\"noopener\">aqu\u00ed<\/a>,<\/span> El Colegio de Fisioterapeutas regula la profesi\u00f3n, defiende la fisioterapia y protege a los ciudadanos de la pr\u00e1ctica no cualificada.<\/p><\/div>\n\t\t\t\t<\/div>\n\t\t\t\t\t\t\t<div class=\"elementor-toggle-item\">\n\t\t\t\t\t<div id=\"elementor-tab-title-2133\" class=\"elementor-tab-title\" data-tab=\"3\" role=\"button\" aria-controls=\"elementor-tab-content-2133\" aria-expanded=\"false\">\n\t\t\t\t\t\t\t\t\t\t\t\t<span class=\"elementor-toggle-icon elementor-toggle-icon-left\" aria-hidden=\"true\">\n\t\t\t\t\t\t\t\t\t\t\t\t\t\t\t<span class=\"elementor-toggle-icon-closed\"><i class=\"fas fa-caret-right\"><\/i><\/span>\n\t\t\t\t\t\t\t\t<span class=\"elementor-toggle-icon-opened\"><i class=\"elementor-toggle-icon-opened fas fa-caret-up\"><\/i><\/span>\n\t\t\t\t\t\t\t\t\t\t\t\t\t<\/span>\n\t\t\t\t\t\t\t\t\t\t\t\t<a class=\"elementor-toggle-title\" tabindex=\"0\">3 - \u00bfAct\u00faa la Orden contra las malas pr\u00e1cticas en Fisioterapia?<\/a>\n\t\t\t\t\t<\/div>\n\n\t\t\t\t\t<div id=\"elementor-tab-content-2133\" class=\"elementor-tab-content elementor-clearfix\" data-tab=\"3\" role=\"region\" aria-labelledby=\"elementor-tab-title-2133\"><p>La Orden cuenta con un Consejo Jurisdiccional que examina las quejas contra los fisioterapeutas y tiene potestad para actuar contra las malas pr\u00e1cticas y el ejercicio no cualificado, interviniendo directa y\/o indirectamente en caso de que se comprueben estas situaciones.<\/p><\/div>\n\t\t\t\t<\/div>\n\t\t\t\t\t\t\t<div class=\"elementor-toggle-item\">\n\t\t\t\t\t<div id=\"elementor-tab-title-2134\" class=\"elementor-tab-title\" data-tab=\"4\" role=\"button\" aria-controls=\"elementor-tab-content-2134\" aria-expanded=\"false\">\n\t\t\t\t\t\t\t\t\t\t\t\t<span class=\"elementor-toggle-icon elementor-toggle-icon-left\" aria-hidden=\"true\">\n\t\t\t\t\t\t\t\t\t\t\t\t\t\t\t<span class=\"elementor-toggle-icon-closed\"><i class=\"fas fa-caret-right\"><\/i><\/span>\n\t\t\t\t\t\t\t\t<span class=\"elementor-toggle-icon-opened\"><i class=\"elementor-toggle-icon-opened fas fa-caret-up\"><\/i><\/span>\n\t\t\t\t\t\t\t\t\t\t\t\t\t<\/span>\n\t\t\t\t\t\t\t\t\t\t\t\t<a class=\"elementor-toggle-title\" tabindex=\"0\">4 - \u00bfPuede legislar la Orden?<\/a>\n\t\t\t\t\t<\/div>\n\n\t\t\t\t\t<div id=\"elementor-tab-content-2134\" class=\"elementor-tab-content elementor-clearfix\" data-tab=\"4\" role=\"region\" aria-labelledby=\"elementor-tab-title-2134\"><p>No, sin perjuicio de la presentaci\u00f3n de propuestas. El Colegio de Fisioterapeutas puede regular todos los aspectos pertinentes de la profesi\u00f3n. La legislaci\u00f3n es competencia de la Asamblea de la Rep\u00fablica, o del Gobierno, bajo su autorizaci\u00f3n o reserva relativa, por lo que no corresponde al Colegio crear leyes.<\/p><\/div>\n\t\t\t\t<\/div>\n\t\t\t\t\t\t\t<div class=\"elementor-toggle-item\">\n\t\t\t\t\t<div id=\"elementor-tab-title-2135\" class=\"elementor-tab-title\" data-tab=\"5\" role=\"button\" aria-controls=\"elementor-tab-content-2135\" aria-expanded=\"false\">\n\t\t\t\t\t\t\t\t\t\t\t\t<span class=\"elementor-toggle-icon elementor-toggle-icon-left\" aria-hidden=\"true\">\n\t\t\t\t\t\t\t\t\t\t\t\t\t\t\t<span class=\"elementor-toggle-icon-closed\"><i class=\"fas fa-caret-right\"><\/i><\/span>\n\t\t\t\t\t\t\t\t<span class=\"elementor-toggle-icon-opened\"><i class=\"elementor-toggle-icon-opened fas fa-caret-up\"><\/i><\/span>\n\t\t\t\t\t\t\t\t\t\t\t\t\t<\/span>\n\t\t\t\t\t\t\t\t\t\t\t\t<a class=\"elementor-toggle-title\" tabindex=\"0\">5 - \u00bfC\u00f3mo funcionar\u00e1 el proceso de adjudicaci\u00f3n de una especialidad en Fisioterapia? <\/a>\n\t\t\t\t\t<\/div>\n\n\t\t\t\t\t<div id=\"elementor-tab-content-2135\" class=\"elementor-tab-content elementor-clearfix\" data-tab=\"5\" role=\"region\" aria-labelledby=\"elementor-tab-title-2135\"><p>Una de las atribuciones de la Orden, establecida en el art\u00edculo 4 de su <span style=\"text-decoration: underline;\"><a href=\"https:\/\/dre.pt\/application\/conteudo\/125016439\" target=\"_blank\" rel=\"noopener\">Estatus<\/a><\/span>El objetivo del t\u00edtulo de especialista es \"conferir el t\u00edtulo de especialista a los fisioterapeutas que cumplan los requisitos establecidos por los organismos competentes\".<\/p><p>De conformidad con el art\u00edculo 26 j) de los Estatutos de la Orden de Fisioterapeutas, corresponde a la Junta Directiva de la Orden proponer al Consejo General la creaci\u00f3n de un marco de especialidades profesionales en Fisioterapia. La elaboraci\u00f3n de una propuesta, para su presentaci\u00f3n al Consejo General y posterior consulta p\u00fablica, est\u00e1 incluida en el Plan de Actividades 2023.\u00a0<\/p><\/div>\n\t\t\t\t<\/div>\n\t\t\t\t\t\t\t\t<\/div>\n\t\t\t\t\t\t<\/div>\n\t\t\t\t<\/div>\n\t\t\t\t<div class=\"elementor-element elementor-element-040286f elementor-widget elementor-widget-heading\" data-id=\"040286f\" data-element_type=\"widget\" data-e-type=\"widget\" data-widget_type=\"heading.default\">\n\t\t\t\t<div class=\"elementor-widget-container\">\n\t\t\t\t\t<h2 class=\"elementor-heading-title elementor-size-default\">Servicios \/ asistencia a los miembros<\/h2>\t\t\t\t<\/div>\n\t\t\t\t<\/div>\n\t\t\t\t<div class=\"elementor-element elementor-element-0153cb0 elementor-widget elementor-widget-toggle\" data-id=\"0153cb0\" data-element_type=\"widget\" data-e-type=\"widget\" data-widget_type=\"toggle.default\">\n\t\t\t\t<div class=\"elementor-widget-container\">\n\t\t\t\t\t\t\t<div class=\"elementor-toggle\">\n\t\t\t\t\t\t\t<div class=\"elementor-toggle-item\">\n\t\t\t\t\t<div id=\"elementor-tab-title-1391\" class=\"elementor-tab-title\" data-tab=\"1\" role=\"button\" aria-controls=\"elementor-tab-content-1391\" aria-expanded=\"false\">\n\t\t\t\t\t\t\t\t\t\t\t\t<span class=\"elementor-toggle-icon elementor-toggle-icon-left\" aria-hidden=\"true\">\n\t\t\t\t\t\t\t\t\t\t\t\t\t\t\t<span class=\"elementor-toggle-icon-closed\"><i class=\"fas fa-caret-right\"><\/i><\/span>\n\t\t\t\t\t\t\t\t<span class=\"elementor-toggle-icon-opened\"><i class=\"elementor-toggle-icon-opened fas fa-caret-up\"><\/i><\/span>\n\t\t\t\t\t\t\t\t\t\t\t\t\t<\/span>\n\t\t\t\t\t\t\t\t\t\t\t\t<a class=\"elementor-toggle-title\" tabindex=\"0\">1 - \u00bfQu\u00e9 t\u00edtulos concede o conceder\u00e1 la Orden de Fisioterapeutas?<\/a>\n\t\t\t\t\t<\/div>\n\n\t\t\t\t\t<div id=\"elementor-tab-content-1391\" class=\"elementor-tab-content elementor-clearfix\" data-tab=\"1\" role=\"region\" aria-labelledby=\"elementor-tab-title-1391\"><p>De conformidad con el art\u00edculo 4 de los Estatutos del Colegio de Fisioterapeutas, punto 1, letras d) y f), el Colegio otorga el t\u00edtulo profesional de Fisioterapeuta y la respectiva licencia profesional.<\/p><p>Una vez definidas las especialidades, tambi\u00e9n otorgar\u00e1 el t\u00edtulo de especialista a los fisioterapeutas que cumplan los requisitos establecidos por los organismos competentes.<\/p><\/div>\n\t\t\t\t<\/div>\n\t\t\t\t\t\t\t<div class=\"elementor-toggle-item\">\n\t\t\t\t\t<div id=\"elementor-tab-title-1392\" class=\"elementor-tab-title\" data-tab=\"2\" role=\"button\" aria-controls=\"elementor-tab-content-1392\" aria-expanded=\"false\">\n\t\t\t\t\t\t\t\t\t\t\t\t<span class=\"elementor-toggle-icon elementor-toggle-icon-left\" aria-hidden=\"true\">\n\t\t\t\t\t\t\t\t\t\t\t\t\t\t\t<span class=\"elementor-toggle-icon-closed\"><i class=\"fas fa-caret-right\"><\/i><\/span>\n\t\t\t\t\t\t\t\t<span class=\"elementor-toggle-icon-opened\"><i class=\"elementor-toggle-icon-opened fas fa-caret-up\"><\/i><\/span>\n\t\t\t\t\t\t\t\t\t\t\t\t\t<\/span>\n\t\t\t\t\t\t\t\t\t\t\t\t<a class=\"elementor-toggle-title\" tabindex=\"0\">2 - \u00bfEst\u00e1 trabajando el Colegio de Fisioterapeutas para crear mejores condiciones para la progresi\u00f3n profesional y las negociaciones salariales, o para establecer un tope salarial para los empleadores de fisioterapeutas? <\/a>\n\t\t\t\t\t<\/div>\n\n\t\t\t\t\t<div id=\"elementor-tab-content-1392\" class=\"elementor-tab-content elementor-clearfix\" data-tab=\"2\" role=\"region\" aria-labelledby=\"elementor-tab-title-1392\"><p>Sin perjuicio de promover las condiciones socioecon\u00f3micas de sus miembros, seg\u00fan la Ley 122\/2019, de 30 de septiembre, art\u00edculo 4, n\u00ba 2, \"La Orden est\u00e1 impedida para ejercer o participar en actividades de car\u00e1cter sindical o que se refieran a la regulaci\u00f3n de las relaciones econ\u00f3micas o profesionales de sus miembros.\", por lo que no interviene en cuestiones laborales y\/o sindicales.<\/p><\/div>\n\t\t\t\t<\/div>\n\t\t\t\t\t\t\t<div class=\"elementor-toggle-item\">\n\t\t\t\t\t<div id=\"elementor-tab-title-1393\" class=\"elementor-tab-title\" data-tab=\"3\" role=\"button\" aria-controls=\"elementor-tab-content-1393\" aria-expanded=\"false\">\n\t\t\t\t\t\t\t\t\t\t\t\t<span class=\"elementor-toggle-icon elementor-toggle-icon-left\" aria-hidden=\"true\">\n\t\t\t\t\t\t\t\t\t\t\t\t\t\t\t<span class=\"elementor-toggle-icon-closed\"><i class=\"fas fa-caret-right\"><\/i><\/span>\n\t\t\t\t\t\t\t\t<span class=\"elementor-toggle-icon-opened\"><i class=\"elementor-toggle-icon-opened fas fa-caret-up\"><\/i><\/span>\n\t\t\t\t\t\t\t\t\t\t\t\t\t<\/span>\n\t\t\t\t\t\t\t\t\t\t\t\t<a class=\"elementor-toggle-title\" tabindex=\"0\">3 - \u00bfPuede el Colegio de Fisioterapeutas prestar asesoramiento jur\u00eddico en materia laboral?<\/a>\n\t\t\t\t\t<\/div>\n\n\t\t\t\t\t<div id=\"elementor-tab-content-1393\" class=\"elementor-tab-content elementor-clearfix\" data-tab=\"3\" role=\"region\" aria-labelledby=\"elementor-tab-title-1393\"><p>No. Todas las cuestiones relacionadas con la progresi\u00f3n en la carrera profesional y los salarios, entre otras, no son competencia de un Orden Profesional, sin perjuicio del an\u00e1lisis de las cuestiones que puedan subyacer en las mismas, que son objeto de intervenci\u00f3n por parte del Orden de Fisioterapeutas.<\/p><\/div>\n\t\t\t\t<\/div>\n\t\t\t\t\t\t\t<div class=\"elementor-toggle-item\">\n\t\t\t\t\t<div id=\"elementor-tab-title-1394\" class=\"elementor-tab-title\" data-tab=\"4\" role=\"button\" aria-controls=\"elementor-tab-content-1394\" aria-expanded=\"false\">\n\t\t\t\t\t\t\t\t\t\t\t\t<span class=\"elementor-toggle-icon elementor-toggle-icon-left\" aria-hidden=\"true\">\n\t\t\t\t\t\t\t\t\t\t\t\t\t\t\t<span class=\"elementor-toggle-icon-closed\"><i class=\"fas fa-caret-right\"><\/i><\/span>\n\t\t\t\t\t\t\t\t<span class=\"elementor-toggle-icon-opened\"><i class=\"elementor-toggle-icon-opened fas fa-caret-up\"><\/i><\/span>\n\t\t\t\t\t\t\t\t\t\t\t\t\t<\/span>\n\t\t\t\t\t\t\t\t\t\t\t\t<a class=\"elementor-toggle-title\" tabindex=\"0\">4 - \u00bfEst\u00e1n exentos de pagar el IVA los fisioterapeutas aut\u00f3nomos?<\/a>\n\t\t\t\t\t<\/div>\n\n\t\t\t\t\t<div id=\"elementor-tab-content-1394\" class=\"elementor-tab-content elementor-clearfix\" data-tab=\"4\" role=\"region\" aria-labelledby=\"elementor-tab-title-1394\"><p>La fisioterapia, como prestaci\u00f3n de servicios\/atenci\u00f3n sanitaria, est\u00e1 exenta del IVA. No ocurre lo mismo si un fisioterapeuta realiza cualquier otra actividad sujeta al IVA.<\/p><p>Tambi\u00e9n puede darse el caso de que algunos equipos relacionados con la fisioterapia est\u00e9n sujetos al IVA, independientemente de su tipo.<\/p><\/div>\n\t\t\t\t<\/div>\n\t\t\t\t\t\t\t<div class=\"elementor-toggle-item\">\n\t\t\t\t\t<div id=\"elementor-tab-title-1395\" class=\"elementor-tab-title\" data-tab=\"5\" role=\"button\" aria-controls=\"elementor-tab-content-1395\" aria-expanded=\"false\">\n\t\t\t\t\t\t\t\t\t\t\t\t<span class=\"elementor-toggle-icon elementor-toggle-icon-left\" aria-hidden=\"true\">\n\t\t\t\t\t\t\t\t\t\t\t\t\t\t\t<span class=\"elementor-toggle-icon-closed\"><i class=\"fas fa-caret-right\"><\/i><\/span>\n\t\t\t\t\t\t\t\t<span class=\"elementor-toggle-icon-opened\"><i class=\"elementor-toggle-icon-opened fas fa-caret-up\"><\/i><\/span>\n\t\t\t\t\t\t\t\t\t\t\t\t\t<\/span>\n\t\t\t\t\t\t\t\t\t\t\t\t<a class=\"elementor-toggle-title\" tabindex=\"0\">5 - \u00bfCuesta dinero emitir un duplicado de la papeleta en caso de robo o hurto?<\/a>\n\t\t\t\t\t<\/div>\n\n\t\t\t\t\t<div id=\"elementor-tab-content-1395\" class=\"elementor-tab-content elementor-clearfix\" data-tab=\"5\" role=\"region\" aria-labelledby=\"elementor-tab-title-1395\"><p>S\u00ed. El coste de emisi\u00f3n de un duplicado de papeleta est\u00e1 incluido en el <a href=\"https:\/\/dre.pt\/application\/file\/205869771\" target=\"_blank\" rel=\"noopener\"><span style=\"text-decoration: underline;\">Normativa<\/span> Cuotas y tasas<\/a>.<\/p><\/div>\n\t\t\t\t<\/div>\n\t\t\t\t\t\t\t<div class=\"elementor-toggle-item\">\n\t\t\t\t\t<div id=\"elementor-tab-title-1396\" class=\"elementor-tab-title\" data-tab=\"6\" role=\"button\" aria-controls=\"elementor-tab-content-1396\" aria-expanded=\"false\">\n\t\t\t\t\t\t\t\t\t\t\t\t<span class=\"elementor-toggle-icon elementor-toggle-icon-left\" aria-hidden=\"true\">\n\t\t\t\t\t\t\t\t\t\t\t\t\t\t\t<span class=\"elementor-toggle-icon-closed\"><i class=\"fas fa-caret-right\"><\/i><\/span>\n\t\t\t\t\t\t\t\t<span class=\"elementor-toggle-icon-opened\"><i class=\"elementor-toggle-icon-opened fas fa-caret-up\"><\/i><\/span>\n\t\t\t\t\t\t\t\t\t\t\t\t\t<\/span>\n\t\t\t\t\t\t\t\t\t\t\t\t<a class=\"elementor-toggle-title\" tabindex=\"0\">6 - \u00bfPuede la Orden publicar ofertas de empleo? <\/a>\n\t\t\t\t\t<\/div>\n\n\t\t\t\t\t<div id=\"elementor-tab-content-1396\" class=\"elementor-tab-content elementor-clearfix\" data-tab=\"6\" role=\"region\" aria-labelledby=\"elementor-tab-title-1396\"><p>El Colegio de Fisioterapeutas est\u00e1 desarrollando una bolsa de empleo, que estar\u00e1 a disposici\u00f3n de todos los colegiados del \u00e1rea reservada. El proyecto est\u00e1 en marcha y se espera que est\u00e9 terminado a finales de 2023.<\/p><\/div>\n\t\t\t\t<\/div>\n\t\t\t\t\t\t\t\t<\/div>\n\t\t\t\t\t\t<\/div>\n\t\t\t\t<\/div>\n\t\t\t\t<div class=\"elementor-element elementor-element-474a964 elementor-widget elementor-widget-heading\" data-id=\"474a964\" data-element_type=\"widget\" data-e-type=\"widget\" id=\"faq-inscricoes\" data-widget_type=\"heading.default\">\n\t\t\t\t<div class=\"elementor-widget-container\">\n\t\t\t\t\t<h2 class=\"elementor-heading-title elementor-size-default\">Inscripci\u00f3n<\/h2>\t\t\t\t<\/div>\n\t\t\t\t<\/div>\n\t\t\t\t<div class=\"elementor-element elementor-element-d165449 elementor-widget elementor-widget-toggle\" data-id=\"d165449\" data-element_type=\"widget\" data-e-type=\"widget\" data-widget_type=\"toggle.default\">\n\t\t\t\t<div class=\"elementor-widget-container\">\n\t\t\t\t\t\t\t<div class=\"elementor-toggle\">\n\t\t\t\t\t\t\t<div class=\"elementor-toggle-item\">\n\t\t\t\t\t<div id=\"elementor-tab-title-2191\" class=\"elementor-tab-title\" data-tab=\"1\" role=\"button\" aria-controls=\"elementor-tab-content-2191\" aria-expanded=\"false\">\n\t\t\t\t\t\t\t\t\t\t\t\t<span class=\"elementor-toggle-icon elementor-toggle-icon-left\" aria-hidden=\"true\">\n\t\t\t\t\t\t\t\t\t\t\t\t\t\t\t<span class=\"elementor-toggle-icon-closed\"><i class=\"fas fa-caret-right\"><\/i><\/span>\n\t\t\t\t\t\t\t\t<span class=\"elementor-toggle-icon-opened\"><i class=\"elementor-toggle-icon-opened fas fa-caret-up\"><\/i><\/span>\n\t\t\t\t\t\t\t\t\t\t\t\t\t<\/span>\n\t\t\t\t\t\t\t\t\t\t\t\t<a class=\"elementor-toggle-title\" tabindex=\"0\">1 - \u00bfQui\u00e9n puede afiliarse al Colegio de Fisioterapeutas?<\/a>\n\t\t\t\t\t<\/div>\n\n\t\t\t\t\t<div id=\"elementor-tab-content-2191\" class=\"elementor-tab-content elementor-clearfix\" data-tab=\"1\" role=\"region\" aria-labelledby=\"elementor-tab-title-2191\"><p>De conformidad con el art\u00edculo 3 del Reglamento de Registro de la Orden de Fisioterapeutas:<\/p><p>\"1- Puedes inscribirte en la OF:<\/p><p style=\"padding-left: 40px;\">a) Titulares de un t\u00edtulo acad\u00e9mico superior en fisioterapia, expedido tras un curso de no menos de cuatro a\u00f1os curriculares por una instituci\u00f3n de ense\u00f1anza superior portuguesa;<\/p><p style=\"padding-left: 40px;\">b) Titulares de un t\u00edtulo acad\u00e9mico superior extranjero de fisioterapia al que se le haya reconocido la equivalencia con el t\u00edtulo al que se refiere el apartado anterior;<\/p><p style=\"padding-left: 40px;\">c) Los profesionales nacionales de Estados miembros de la Uni\u00f3n Europea o del Espacio Econ\u00f3mico Europeo cuyos t\u00edtulos hayan sido obtenidos fuera de Portugal, en los t\u00e9rminos del art\u00edculo 67 del Estatuto del Colegio de Fisioterapeutas.<\/p><p>2- Tambi\u00e9n puedes inscribirte en la OF:<\/p><p style=\"padding-left: 40px;\">a) Los profesionales de la Fisioterapia que, de acuerdo con su Estatuto y las disposiciones legales aplicables, ejerzan la profesi\u00f3n de Fisioterapeuta;<\/p><p style=\"padding-left: 40px;\">b) Titulares de la tarjeta profesional de fisioterapeuta, expedida en los t\u00e9rminos del Decreto-Ley n\u00ba 320\/99, de 11 de agosto\".<\/p><p>3 - La inscripci\u00f3n de nacionales de terceros pa\u00edses cuyos t\u00edtulos hayan sido obtenidos fuera de Portugal y a los que se apliquen las disposiciones de la letra c) del apartado 1 depende tambi\u00e9n de la garant\u00eda de reciprocidad de trato, en los t\u00e9rminos de un convenio internacional, incluido un convenio firmado entre la OF y la autoridad hom\u00f3loga del pa\u00eds de origen del interesado.<\/p><p>4- Tambi\u00e9n se inscriben en la Orden como miembros:<\/p><p style=\"padding-left: 40px;\">a) Las sociedades profesionales de fisioterapeutas, incluidas las filiales de organizaciones asociativas de fisioterapeutas constituidas con arreglo a la legislaci\u00f3n de otro Estado, en los t\u00e9rminos del art\u00edculo 68 del Estatuto de la Orden;<\/p><p style=\"padding-left: 40px;\">b) Representaciones permanentes en territorio nacional de organizaciones colegiales de fisioterapeutas constituidas al amparo de la legislaci\u00f3n de otro Estado, en los t\u00e9rminos del art\u00edculo 69 de los Estatutos de la Orden.<\/p><p>5- Se podr\u00e1 denegar la inscripci\u00f3n en la Orden para el ejercicio de la profesi\u00f3n de fisioterapeuta:<\/p><p style=\"padding-left: 40px;\">a) Falta de estudios superiores en los t\u00e9rminos de las letras a) a c) del apartado 1, sin perjuicio de lo dispuesto en el apartado 4 del art\u00edculo 1;<\/p><p style=\"padding-left: 40px;\">b) Cuando el interesado haya sido inhabilitado o suspendido para el ejercicio de la profesi\u00f3n, conforme a lo previsto en la ley, o por una infracci\u00f3n penal, administrativa o disciplinaria.<\/p><p>6- El reconocimiento previsto en la letra c) del apartado 1 deber\u00e1 ser solicitado por los interesados.<\/p><p>7- La inscripci\u00f3n en la OF podr\u00e1 realizarse en cualquiera de las especialidades reconocidas en los t\u00e9rminos definidos en el Reglamento de Especialidades, una vez hayan sido creadas.\"<\/p><\/div>\n\t\t\t\t<\/div>\n\t\t\t\t\t\t\t<div class=\"elementor-toggle-item\">\n\t\t\t\t\t<div id=\"elementor-tab-title-2192\" class=\"elementor-tab-title\" data-tab=\"2\" role=\"button\" aria-controls=\"elementor-tab-content-2192\" aria-expanded=\"false\">\n\t\t\t\t\t\t\t\t\t\t\t\t<span class=\"elementor-toggle-icon elementor-toggle-icon-left\" aria-hidden=\"true\">\n\t\t\t\t\t\t\t\t\t\t\t\t\t\t\t<span class=\"elementor-toggle-icon-closed\"><i class=\"fas fa-caret-right\"><\/i><\/span>\n\t\t\t\t\t\t\t\t<span class=\"elementor-toggle-icon-opened\"><i class=\"elementor-toggle-icon-opened fas fa-caret-up\"><\/i><\/span>\n\t\t\t\t\t\t\t\t\t\t\t\t\t<\/span>\n\t\t\t\t\t\t\t\t\t\t\t\t<a class=\"elementor-toggle-title\" tabindex=\"0\">2 - \u00bfD\u00f3nde puedo matricularme?<\/a>\n\t\t\t\t\t<\/div>\n\n\t\t\t\t\t<div id=\"elementor-tab-content-2192\" class=\"elementor-tab-content elementor-clearfix\" data-tab=\"2\" role=\"region\" aria-labelledby=\"elementor-tab-title-2192\"><p>Los fisioterapeutas pueden inscribirse en el Colegio de Abogados portugu\u00e9s exclusivamente en <span style=\"text-decoration: underline;\"><a href=\"https:\/\/ordemdosfisioterapeutas.pt\/\" target=\"_blank\" rel=\"noopener\">sitio web<\/a><\/span> de la Orden de Fisioterapeutas, sin tener que acudir a la sede para ello.<\/p><p><span style=\"text-decoration: underline;\"><a href=\"https:\/\/ordemdosfisioterapeutas.pt\/inscricao-na-ordem-dos-fisioterapeutas\/\" target=\"_blank\" rel=\"noopener\">https:\/\/ordemdosfisioterapeutas.pt\/inscricao-na-ordem-dos-fisioterapeutas\/<\/a><\/span><\/p><\/div>\n\t\t\t\t<\/div>\n\t\t\t\t\t\t\t<div class=\"elementor-toggle-item\">\n\t\t\t\t\t<div id=\"elementor-tab-title-2193\" class=\"elementor-tab-title\" data-tab=\"3\" role=\"button\" aria-controls=\"elementor-tab-content-2193\" aria-expanded=\"false\">\n\t\t\t\t\t\t\t\t\t\t\t\t<span class=\"elementor-toggle-icon elementor-toggle-icon-left\" aria-hidden=\"true\">\n\t\t\t\t\t\t\t\t\t\t\t\t\t\t\t<span class=\"elementor-toggle-icon-closed\"><i class=\"fas fa-caret-right\"><\/i><\/span>\n\t\t\t\t\t\t\t\t<span class=\"elementor-toggle-icon-opened\"><i class=\"elementor-toggle-icon-opened fas fa-caret-up\"><\/i><\/span>\n\t\t\t\t\t\t\t\t\t\t\t\t\t<\/span>\n\t\t\t\t\t\t\t\t\t\t\t\t<a class=\"elementor-toggle-title\" tabindex=\"0\">3 - \u00bfDebo inscribirme en el Colegio de Abogados Portugu\u00e9s, aunque est\u00e9 inscrito en la ACSS o en el Colegio de Fisioterapeutas Portugu\u00e9s?<\/a>\n\t\t\t\t\t<\/div>\n\n\t\t\t\t\t<div id=\"elementor-tab-content-2193\" class=\"elementor-tab-content elementor-clearfix\" data-tab=\"3\" role=\"region\" aria-labelledby=\"elementor-tab-title-2193\"><p>S\u00ed, aunque est\u00e9 inscrito en la ACSS o sea miembro en vigor de la APFisio, deber\u00e1 inscribirse en el Colegio de Fisioterapeutas.<\/p><p>La inscripci\u00f3n en la Orden es obligatoria y es condici\u00f3n necesaria para el uso del t\u00edtulo profesional de Fisioterapeuta y el acceso al ejercicio profesional.<\/p><\/div>\n\t\t\t\t<\/div>\n\t\t\t\t\t\t\t<div class=\"elementor-toggle-item\">\n\t\t\t\t\t<div id=\"elementor-tab-title-2194\" class=\"elementor-tab-title\" data-tab=\"4\" role=\"button\" aria-controls=\"elementor-tab-content-2194\" aria-expanded=\"false\">\n\t\t\t\t\t\t\t\t\t\t\t\t<span class=\"elementor-toggle-icon elementor-toggle-icon-left\" aria-hidden=\"true\">\n\t\t\t\t\t\t\t\t\t\t\t\t\t\t\t<span class=\"elementor-toggle-icon-closed\"><i class=\"fas fa-caret-right\"><\/i><\/span>\n\t\t\t\t\t\t\t\t<span class=\"elementor-toggle-icon-opened\"><i class=\"elementor-toggle-icon-opened fas fa-caret-up\"><\/i><\/span>\n\t\t\t\t\t\t\t\t\t\t\t\t\t<\/span>\n\t\t\t\t\t\t\t\t\t\t\t\t<a class=\"elementor-toggle-title\" tabindex=\"0\">4 - Como estoy en paro, \u00bfes posible no pagar la matr\u00edcula?<\/a>\n\t\t\t\t\t<\/div>\n\n\t\t\t\t\t<div id=\"elementor-tab-content-2194\" class=\"elementor-tab-content elementor-clearfix\" data-tab=\"4\" role=\"region\" aria-labelledby=\"elementor-tab-title-2194\"><p>Si se inscribe, tendr\u00e1 que pagar la cuota de afiliaci\u00f3n. La inscripci\u00f3n en el Colegio es una condici\u00f3n obligatoria para ejercer la abogac\u00eda. Las tasas para este tr\u00e1mite est\u00e1n definidas por reglamento, y no hay exenciones. La inscripci\u00f3n en el Colegio ser\u00e1 relevante para acreditar su cualificaci\u00f3n profesional a la hora de buscar trabajo.<\/p><p>Si se encuentra en situaci\u00f3n de desempleo y, por tanto, no ejerce, puede optar por retrasar la inscripci\u00f3n hasta que ejerza efectivamente su profesi\u00f3n, en cualquiera de sus modalidades, es decir, de forma liberal. No obstante, deber\u00e1 acreditar esta situaci\u00f3n enviando a la Orden una declaraci\u00f3n con el correspondiente documento justificativo.<\/p><\/div>\n\t\t\t\t<\/div>\n\t\t\t\t\t\t\t<div class=\"elementor-toggle-item\">\n\t\t\t\t\t<div id=\"elementor-tab-title-2195\" class=\"elementor-tab-title\" data-tab=\"5\" role=\"button\" aria-controls=\"elementor-tab-content-2195\" aria-expanded=\"false\">\n\t\t\t\t\t\t\t\t\t\t\t\t<span class=\"elementor-toggle-icon elementor-toggle-icon-left\" aria-hidden=\"true\">\n\t\t\t\t\t\t\t\t\t\t\t\t\t\t\t<span class=\"elementor-toggle-icon-closed\"><i class=\"fas fa-caret-right\"><\/i><\/span>\n\t\t\t\t\t\t\t\t<span class=\"elementor-toggle-icon-opened\"><i class=\"elementor-toggle-icon-opened fas fa-caret-up\"><\/i><\/span>\n\t\t\t\t\t\t\t\t\t\t\t\t\t<\/span>\n\t\t\t\t\t\t\t\t\t\t\t\t<a class=\"elementor-toggle-title\" tabindex=\"0\">5 - Si no trabajo en fisioterapia, \u00bfdebo afiliarme a la Orden?<\/a>\n\t\t\t\t\t<\/div>\n\n\t\t\t\t\t<div id=\"elementor-tab-content-2195\" class=\"elementor-tab-content elementor-clearfix\" data-tab=\"5\" role=\"region\" aria-labelledby=\"elementor-tab-title-2195\"><p>La decisi\u00f3n de inscribirse en el Colegio de Fisioterapeutas y de mantener o suspender dicha inscripci\u00f3n es una decisi\u00f3n individual, y el derecho de las personas que re\u00fanen las cualificaciones\/condiciones para hacerlo.<\/p><p>Sin embargo, s\u00f3lo los inscritos en la Orden pueden utilizar el t\u00edtulo profesional de fisioterapeuta y ejercer legalmente la profesi\u00f3n.<\/p><\/div>\n\t\t\t\t<\/div>\n\t\t\t\t\t\t\t<div class=\"elementor-toggle-item\">\n\t\t\t\t\t<div id=\"elementor-tab-title-2196\" class=\"elementor-tab-title\" data-tab=\"6\" role=\"button\" aria-controls=\"elementor-tab-content-2196\" aria-expanded=\"false\">\n\t\t\t\t\t\t\t\t\t\t\t\t<span class=\"elementor-toggle-icon elementor-toggle-icon-left\" aria-hidden=\"true\">\n\t\t\t\t\t\t\t\t\t\t\t\t\t\t\t<span class=\"elementor-toggle-icon-closed\"><i class=\"fas fa-caret-right\"><\/i><\/span>\n\t\t\t\t\t\t\t\t<span class=\"elementor-toggle-icon-opened\"><i class=\"elementor-toggle-icon-opened fas fa-caret-up\"><\/i><\/span>\n\t\t\t\t\t\t\t\t\t\t\t\t\t<\/span>\n\t\t\t\t\t\t\t\t\t\t\t\t<a class=\"elementor-toggle-title\" tabindex=\"0\">6 - Dado que la inscripci\u00f3n en el Colegio de Fisioterapeutas es obligatoria, \u00bfcu\u00e1l es el plazo para la inscripci\u00f3n de los fisioterapeutas titulares de la Tarjeta Profesional ACSS?<\/a>\n\t\t\t\t\t<\/div>\n\n\t\t\t\t\t<div id=\"elementor-tab-content-2196\" class=\"elementor-tab-content elementor-clearfix\" data-tab=\"6\" role=\"region\" aria-labelledby=\"elementor-tab-title-2196\"><p>El Estatuto de la Orden de Fisioterapeutas, aprobado por la Ley n\u00ba 122\/2019, de 30 de septiembre, as\u00ed como sus estatutos, posibilitan la inscripci\u00f3n como miembro de la Orden en cualquier momento.<\/p><p>Este es el principio que se aplica a cualquier persona que desee crear su propia empresa, como j\u00f3venes licenciados o profesionales que viajan a Portugal desde otros pa\u00edses.<\/p><p>Sin embargo, con la creaci\u00f3n del Colegio de Fisioterapeutas, la inscripci\u00f3n previa en el ACSS ya no es condici\u00f3n suficiente para el ejercicio legal de la profesi\u00f3n de fisioterapeuta, y ahora se exige la inscripci\u00f3n en el Colegio. Desde el 13 de mayo de 2021, se cumplen las condiciones para la inscripci\u00f3n en el Colegio, que es una condici\u00f3n legal para el ejercicio de la profesi\u00f3n.<\/p><\/div>\n\t\t\t\t<\/div>\n\t\t\t\t\t\t\t<div class=\"elementor-toggle-item\">\n\t\t\t\t\t<div id=\"elementor-tab-title-2197\" class=\"elementor-tab-title\" data-tab=\"7\" role=\"button\" aria-controls=\"elementor-tab-content-2197\" aria-expanded=\"false\">\n\t\t\t\t\t\t\t\t\t\t\t\t<span class=\"elementor-toggle-icon elementor-toggle-icon-left\" aria-hidden=\"true\">\n\t\t\t\t\t\t\t\t\t\t\t\t\t\t\t<span class=\"elementor-toggle-icon-closed\"><i class=\"fas fa-caret-right\"><\/i><\/span>\n\t\t\t\t\t\t\t\t<span class=\"elementor-toggle-icon-opened\"><i class=\"elementor-toggle-icon-opened fas fa-caret-up\"><\/i><\/span>\n\t\t\t\t\t\t\t\t\t\t\t\t\t<\/span>\n\t\t\t\t\t\t\t\t\t\t\t\t<a class=\"elementor-toggle-title\" tabindex=\"0\">7 - \u00bfQu\u00e9 ocurre si un fisioterapeuta no se inscribe en la Orden?<\/a>\n\t\t\t\t\t<\/div>\n\n\t\t\t\t\t<div id=\"elementor-tab-content-2197\" class=\"elementor-tab-content elementor-clearfix\" data-tab=\"7\" role=\"region\" aria-labelledby=\"elementor-tab-title-2197\"><p>La inscripci\u00f3n en el Colegio de Abogados es obligatoria y una condici\u00f3n legal para ejercer la profesi\u00f3n. Los empresarios est\u00e1n obligados a exigir a sus empleados que est\u00e9n inscritos en el Colegio de Abogados, por lo que debe cooperar con su empleador para que ambos no incumplan la ley. Si es usted un profesional aut\u00f3nomo, ejercer su profesi\u00f3n sin estar inscrito en el Colegio de Abogados tambi\u00e9n constituye una situaci\u00f3n de incumplimiento.<\/p><\/div>\n\t\t\t\t<\/div>\n\t\t\t\t\t\t\t<div class=\"elementor-toggle-item\">\n\t\t\t\t\t<div id=\"elementor-tab-title-2198\" class=\"elementor-tab-title\" data-tab=\"8\" role=\"button\" aria-controls=\"elementor-tab-content-2198\" aria-expanded=\"false\">\n\t\t\t\t\t\t\t\t\t\t\t\t<span class=\"elementor-toggle-icon elementor-toggle-icon-left\" aria-hidden=\"true\">\n\t\t\t\t\t\t\t\t\t\t\t\t\t\t\t<span class=\"elementor-toggle-icon-closed\"><i class=\"fas fa-caret-right\"><\/i><\/span>\n\t\t\t\t\t\t\t\t<span class=\"elementor-toggle-icon-opened\"><i class=\"elementor-toggle-icon-opened fas fa-caret-up\"><\/i><\/span>\n\t\t\t\t\t\t\t\t\t\t\t\t\t<\/span>\n\t\t\t\t\t\t\t\t\t\t\t\t<a class=\"elementor-toggle-title\" tabindex=\"0\">8 - \u00bfQu\u00e9 documentos debo presentar para acreditar mi domicilio profesional?<\/a>\n\t\t\t\t\t<\/div>\n\n\t\t\t\t\t<div id=\"elementor-tab-content-2198\" class=\"elementor-tab-content elementor-clearfix\" data-tab=\"8\" role=\"region\" aria-labelledby=\"elementor-tab-title-2198\"><p>Puede aceptarse la inclusi\u00f3n de cualquiera de los siguientes documentos actualizados:<\/p><ul><li>N\u00f3mina con la direcci\u00f3n de tu trabajo (puedes ocultar los importes)<\/li><li>Declaraci\u00f3n de su empleador en la que conste su direcci\u00f3n de trabajo.<\/li><li>Declaraci\u00f3n de apertura de negocio en la Agencia Tributaria<\/li><li>Recibo verde con direcci\u00f3n<\/li><li>Declaraci\u00f3n IEFP, si procede.<\/li><\/ul><\/div>\n\t\t\t\t<\/div>\n\t\t\t\t\t\t\t<div class=\"elementor-toggle-item\">\n\t\t\t\t\t<div id=\"elementor-tab-title-2199\" class=\"elementor-tab-title\" data-tab=\"9\" role=\"button\" aria-controls=\"elementor-tab-content-2199\" aria-expanded=\"false\">\n\t\t\t\t\t\t\t\t\t\t\t\t<span class=\"elementor-toggle-icon elementor-toggle-icon-left\" aria-hidden=\"true\">\n\t\t\t\t\t\t\t\t\t\t\t\t\t\t\t<span class=\"elementor-toggle-icon-closed\"><i class=\"fas fa-caret-right\"><\/i><\/span>\n\t\t\t\t\t\t\t\t<span class=\"elementor-toggle-icon-opened\"><i class=\"elementor-toggle-icon-opened fas fa-caret-up\"><\/i><\/span>\n\t\t\t\t\t\t\t\t\t\t\t\t\t<\/span>\n\t\t\t\t\t\t\t\t\t\t\t\t<a class=\"elementor-toggle-title\" tabindex=\"0\">9 - \u00bfDebe una empresa que contrata fisioterapeutas comprobar que sus empleados cumplen los requisitos necesarios?<\/a>\n\t\t\t\t\t<\/div>\n\n\t\t\t\t\t<div id=\"elementor-tab-content-2199\" class=\"elementor-tab-content elementor-clearfix\" data-tab=\"9\" role=\"region\" aria-labelledby=\"elementor-tab-title-2199\"><p>S\u00ed. Una empresa que contrata fisioterapeutas debe asegurarse de que todos sus profesionales est\u00e1n legalmente cualificados para ello, y debe exigir que todos los fisioterapeutas presenten una tarjeta profesional v\u00e1lida expedida por el Colegio de Fisioterapeutas. La empresa tiene la responsabilidad accesoria de asegurarse de que los fisioterapeutas que contrata est\u00e1n colegiados.<\/p><p>Si a\u00fan no ha recibido su licencia profesional, puede bastar con presentar una declaraci\u00f3n provisional expedida por el Colegio de Fisioterapeutas.<\/p><\/div>\n\t\t\t\t<\/div>\n\t\t\t\t\t\t\t<div class=\"elementor-toggle-item\">\n\t\t\t\t\t<div id=\"elementor-tab-title-21910\" class=\"elementor-tab-title\" data-tab=\"10\" role=\"button\" aria-controls=\"elementor-tab-content-21910\" aria-expanded=\"false\">\n\t\t\t\t\t\t\t\t\t\t\t\t<span class=\"elementor-toggle-icon elementor-toggle-icon-left\" aria-hidden=\"true\">\n\t\t\t\t\t\t\t\t\t\t\t\t\t\t\t<span class=\"elementor-toggle-icon-closed\"><i class=\"fas fa-caret-right\"><\/i><\/span>\n\t\t\t\t\t\t\t\t<span class=\"elementor-toggle-icon-opened\"><i class=\"elementor-toggle-icon-opened fas fa-caret-up\"><\/i><\/span>\n\t\t\t\t\t\t\t\t\t\t\t\t\t<\/span>\n\t\t\t\t\t\t\t\t\t\t\t\t<a class=\"elementor-toggle-title\" tabindex=\"0\">10 - \u00bfC\u00f3mo se utilizan y almacenan mis datos personales?<\/a>\n\t\t\t\t\t<\/div>\n\n\t\t\t\t\t<div id=\"elementor-tab-content-21910\" class=\"elementor-tab-content elementor-clearfix\" data-tab=\"10\" role=\"region\" aria-labelledby=\"elementor-tab-title-21910\"><p>Los datos facilitados por los Fisioterapeutas estar\u00e1n amparados por el Reglamento General de Protecci\u00f3n de Datos (RGPD), que puedes consultar aqu\u00ed. <span style=\"text-decoration: underline;\"><a href=\"https:\/\/ordemdosfisioterapeutas.pt\/politica-de-privacidade\/\" target=\"_blank\" rel=\"noopener\">aqu\u00ed<\/a>.<\/span><\/p><p>De acuerdo con el Reglamento General de Protecci\u00f3n de Datos (RGPD), todos los datos proporcionados ser\u00e1n tratados con estricta confidencialidad y no se facilitar\u00e1n a ninguna organizaci\u00f3n externa. Se almacenar\u00e1n en el sistema institucional bajo la responsabilidad del Responsable de Protecci\u00f3n de Datos del Colegio de Fisioterapeutas.<\/p><\/div>\n\t\t\t\t<\/div>\n\t\t\t\t\t\t\t<div class=\"elementor-toggle-item\">\n\t\t\t\t\t<div id=\"elementor-tab-title-21911\" class=\"elementor-tab-title\" data-tab=\"11\" role=\"button\" aria-controls=\"elementor-tab-content-21911\" aria-expanded=\"false\">\n\t\t\t\t\t\t\t\t\t\t\t\t<span class=\"elementor-toggle-icon elementor-toggle-icon-left\" aria-hidden=\"true\">\n\t\t\t\t\t\t\t\t\t\t\t\t\t\t\t<span class=\"elementor-toggle-icon-closed\"><i class=\"fas fa-caret-right\"><\/i><\/span>\n\t\t\t\t\t\t\t\t<span class=\"elementor-toggle-icon-opened\"><i class=\"elementor-toggle-icon-opened fas fa-caret-up\"><\/i><\/span>\n\t\t\t\t\t\t\t\t\t\t\t\t\t<\/span>\n\t\t\t\t\t\t\t\t\t\t\t\t<a class=\"elementor-toggle-title\" tabindex=\"0\">11 - \u00bfDeben inscribirse en la Orden los docentes o investigadores de educaci\u00f3n superior con formaci\u00f3n del art\u00edculo 54 de la Ley 122\/2019?<\/a>\n\t\t\t\t\t<\/div>\n\n\t\t\t\t\t<div id=\"elementor-tab-content-21911\" class=\"elementor-tab-content elementor-clearfix\" data-tab=\"11\" role=\"region\" aria-labelledby=\"elementor-tab-title-21911\"><p>S\u00ed. Todos los Fisioterapeutas que realicen actos propios del ejercicio profesional de la Fisioterapia deben inscribirse en el Colegio de Fisioterapeutas.<\/p><\/div>\n\t\t\t\t<\/div>\n\t\t\t\t\t\t\t<div class=\"elementor-toggle-item\">\n\t\t\t\t\t<div id=\"elementor-tab-title-21912\" class=\"elementor-tab-title\" data-tab=\"12\" role=\"button\" aria-controls=\"elementor-tab-content-21912\" aria-expanded=\"false\">\n\t\t\t\t\t\t\t\t\t\t\t\t<span class=\"elementor-toggle-icon elementor-toggle-icon-left\" aria-hidden=\"true\">\n\t\t\t\t\t\t\t\t\t\t\t\t\t\t\t<span class=\"elementor-toggle-icon-closed\"><i class=\"fas fa-caret-right\"><\/i><\/span>\n\t\t\t\t\t\t\t\t<span class=\"elementor-toggle-icon-opened\"><i class=\"elementor-toggle-icon-opened fas fa-caret-up\"><\/i><\/span>\n\t\t\t\t\t\t\t\t\t\t\t\t\t<\/span>\n\t\t\t\t\t\t\t\t\t\t\t\t<a class=\"elementor-toggle-title\" tabindex=\"0\">12 - Cuando present\u00e9 mi solicitud y pagu\u00e9 mi inscripci\u00f3n en el Colegio de Fisioterapeutas, me informaron de mi n\u00famero de expediente. \u00bfSer\u00e1 \u00e9ste mi n\u00famero de registro?<\/a>\n\t\t\t\t\t<\/div>\n\n\t\t\t\t\t<div id=\"elementor-tab-content-21912\" class=\"elementor-tab-content elementor-clearfix\" data-tab=\"12\" role=\"region\" aria-labelledby=\"elementor-tab-title-21912\"><p>No. Su n\u00famero de inscripci\u00f3n se le asigna autom\u00e1ticamente al presentar su solicitud. A su vez, su n\u00famero de inscripci\u00f3n se le asignar\u00e1 una vez que su expediente haya sido analizado por la Secretar\u00eda, la Comisi\u00f3n T\u00e9cnica de Admisiones y el Consejo del Colegio de Abogados, y despu\u00e9s de que haya abonado la tasa de inscripci\u00f3n definitiva de 100 euros.<\/p><\/div>\n\t\t\t\t<\/div>\n\t\t\t\t\t\t\t<div class=\"elementor-toggle-item\">\n\t\t\t\t\t<div id=\"elementor-tab-title-21913\" class=\"elementor-tab-title\" data-tab=\"13\" role=\"button\" aria-controls=\"elementor-tab-content-21913\" aria-expanded=\"false\">\n\t\t\t\t\t\t\t\t\t\t\t\t<span class=\"elementor-toggle-icon elementor-toggle-icon-left\" aria-hidden=\"true\">\n\t\t\t\t\t\t\t\t\t\t\t\t\t\t\t<span class=\"elementor-toggle-icon-closed\"><i class=\"fas fa-caret-right\"><\/i><\/span>\n\t\t\t\t\t\t\t\t<span class=\"elementor-toggle-icon-opened\"><i class=\"elementor-toggle-icon-opened fas fa-caret-up\"><\/i><\/span>\n\t\t\t\t\t\t\t\t\t\t\t\t\t<\/span>\n\t\t\t\t\t\t\t\t\t\t\t\t<a class=\"elementor-toggle-title\" tabindex=\"0\">13 - \u00bfC\u00f3mo se asigna el n\u00famero de papeleta?<\/a>\n\t\t\t\t\t<\/div>\n\n\t\t\t\t\t<div id=\"elementor-tab-content-21913\" class=\"elementor-tab-content elementor-clearfix\" data-tab=\"13\" role=\"region\" aria-labelledby=\"elementor-tab-title-21913\"><p>El n\u00famero de documento de identidad se asigna mediante un proceso autom\u00e1tico cuando finaliza el proceso administrativo de admisi\u00f3n y se expide el documento de identidad provisional.<\/p><p>El n\u00famero de papeleta no coincidir\u00e1 con el n\u00famero de presentaci\u00f3n, ya que los procesos pueden tener diferentes ritmos de an\u00e1lisis y deliberaci\u00f3n, e incluso algunos pueden tener una decisi\u00f3n negativa y no emitirse con la papeleta correspondiente.<\/p><\/div>\n\t\t\t\t<\/div>\n\t\t\t\t\t\t\t<div class=\"elementor-toggle-item\">\n\t\t\t\t\t<div id=\"elementor-tab-title-21914\" class=\"elementor-tab-title\" data-tab=\"14\" role=\"button\" aria-controls=\"elementor-tab-content-21914\" aria-expanded=\"false\">\n\t\t\t\t\t\t\t\t\t\t\t\t<span class=\"elementor-toggle-icon elementor-toggle-icon-left\" aria-hidden=\"true\">\n\t\t\t\t\t\t\t\t\t\t\t\t\t\t\t<span class=\"elementor-toggle-icon-closed\"><i class=\"fas fa-caret-right\"><\/i><\/span>\n\t\t\t\t\t\t\t\t<span class=\"elementor-toggle-icon-opened\"><i class=\"elementor-toggle-icon-opened fas fa-caret-up\"><\/i><\/span>\n\t\t\t\t\t\t\t\t\t\t\t\t\t<\/span>\n\t\t\t\t\t\t\t\t\t\t\t\t<a class=\"elementor-toggle-title\" tabindex=\"0\">14 - \u00bfCu\u00e1l es la secuencia administrativa del proceso de admisi\u00f3n?<\/a>\n\t\t\t\t\t<\/div>\n\n\t\t\t\t\t<div id=\"elementor-tab-content-21914\" class=\"elementor-tab-content elementor-clearfix\" data-tab=\"14\" role=\"region\" aria-labelledby=\"elementor-tab-title-21914\"><p>El proceso de admisi\u00f3n comienza con la presentaci\u00f3n de la solicitud en la plataforma, y consta de los siguientes pasos:<\/p><ul><li>Confirmaci\u00f3n de la presentaci\u00f3n y asignaci\u00f3n de un n\u00famero secuencial de identificaci\u00f3n del proceso;<\/li><li>Confirmaci\u00f3n del pago de la cuota de inscripci\u00f3n - inicio del tiempo de an\u00e1lisis del proceso;<\/li><li>La Secretar\u00eda de la Comisi\u00f3n T\u00e9cnica de Admisiones (CTA) comienza a analizar la conformidad del expediente. Es posible que el expediente deba modificarse o completarse. En este caso, se notifica al solicitante y se suspende el plazo de an\u00e1lisis hasta que el solicitante resuelva la situaci\u00f3n.<\/li><li>Confirmaci\u00f3n por parte de la Secretar\u00eda del CTA de que el expediente est\u00e1 listo para ser analizado por el CTA. El expediente se asigna a un miembro del CTA para que empiece a redactar el dictamen.<\/li><li>El CTA analiza detalladamente el caso y presenta una propuesta motivada de decisi\u00f3n sobre la aceptaci\u00f3n o no del registro del solicitante.<\/li><li>La Orden analiza la propuesta de la CTA y toma una decisi\u00f3n de acuerdo (o no) con la propuesta de la CTA.<\/li><li>Se informa al solicitante de su admisi\u00f3n en la Orden y se le pide que abone los derechos de inscripci\u00f3n.<\/li><\/ul><p>Una vez confirmado el pago de la cuota de inscripci\u00f3n, se expide una tarjeta provisional que certifica la admisi\u00f3n en la Orden. En este proceso, se asigna el n\u00famero secuencial de la tarjeta respectiva.<\/p><\/div>\n\t\t\t\t<\/div>\n\t\t\t\t\t\t\t<div class=\"elementor-toggle-item\">\n\t\t\t\t\t<div id=\"elementor-tab-title-21915\" class=\"elementor-tab-title\" data-tab=\"15\" role=\"button\" aria-controls=\"elementor-tab-content-21915\" aria-expanded=\"false\">\n\t\t\t\t\t\t\t\t\t\t\t\t<span class=\"elementor-toggle-icon elementor-toggle-icon-left\" aria-hidden=\"true\">\n\t\t\t\t\t\t\t\t\t\t\t\t\t\t\t<span class=\"elementor-toggle-icon-closed\"><i class=\"fas fa-caret-right\"><\/i><\/span>\n\t\t\t\t\t\t\t\t<span class=\"elementor-toggle-icon-opened\"><i class=\"elementor-toggle-icon-opened fas fa-caret-up\"><\/i><\/span>\n\t\t\t\t\t\t\t\t\t\t\t\t\t<\/span>\n\t\t\t\t\t\t\t\t\t\t\t\t<a class=\"elementor-toggle-title\" tabindex=\"0\">15 - \u00bfCu\u00e1l es el plazo previsto para la respuesta a mi solicitud de colegiaci\u00f3n?<\/a>\n\t\t\t\t\t<\/div>\n\n\t\t\t\t\t<div id=\"elementor-tab-content-21915\" class=\"elementor-tab-content elementor-clearfix\" data-tab=\"15\" role=\"region\" aria-labelledby=\"elementor-tab-title-21915\"><p>La Orden decidi\u00f3 internamente recomendar a sus servicios que el plazo entre la confirmaci\u00f3n del pago de la cuota de inscripci\u00f3n (50 euros) y la decisi\u00f3n de aceptar o no la inscripci\u00f3n no supere los 30 d\u00edas consecutivos.<\/p><p>Este plazo no incluye, por supuesto, los per\u00edodos durante los cuales se detiene el tiempo para que el solicitante actualice o presente datos adicionales, cuando as\u00ed lo solicite la Secretar\u00eda de la Orden.<\/p><\/div>\n\t\t\t\t<\/div>\n\t\t\t\t\t\t\t<div class=\"elementor-toggle-item\">\n\t\t\t\t\t<div id=\"elementor-tab-title-21916\" class=\"elementor-tab-title\" data-tab=\"16\" role=\"button\" aria-controls=\"elementor-tab-content-21916\" aria-expanded=\"false\">\n\t\t\t\t\t\t\t\t\t\t\t\t<span class=\"elementor-toggle-icon elementor-toggle-icon-left\" aria-hidden=\"true\">\n\t\t\t\t\t\t\t\t\t\t\t\t\t\t\t<span class=\"elementor-toggle-icon-closed\"><i class=\"fas fa-caret-right\"><\/i><\/span>\n\t\t\t\t\t\t\t\t<span class=\"elementor-toggle-icon-opened\"><i class=\"elementor-toggle-icon-opened fas fa-caret-up\"><\/i><\/span>\n\t\t\t\t\t\t\t\t\t\t\t\t\t<\/span>\n\t\t\t\t\t\t\t\t\t\t\t\t<a class=\"elementor-toggle-title\" tabindex=\"0\">16 - \u00bfC\u00f3mo puedo conocer el avance del an\u00e1lisis de mi caso?<\/a>\n\t\t\t\t\t<\/div>\n\n\t\t\t\t\t<div id=\"elementor-tab-content-21916\" class=\"elementor-tab-content elementor-clearfix\" data-tab=\"16\" role=\"region\" aria-labelledby=\"elementor-tab-title-21916\"><p>Puede seguir el progreso de su proceso accediendo de nuevo al sitio web de la Orden, en el mismo lugar y con la misma secuencia de identificaci\u00f3n, utilizando la clave m\u00f3vil digital que utiliz\u00f3 al presentar la solicitud de inscripci\u00f3n.<\/p><p>Cuando introduzca su caso, se le mostrar\u00e1 inmediatamente la fase en la que se encuentra.<\/p><\/div>\n\t\t\t\t<\/div>\n\t\t\t\t\t\t\t<div class=\"elementor-toggle-item\">\n\t\t\t\t\t<div id=\"elementor-tab-title-21917\" class=\"elementor-tab-title\" data-tab=\"17\" role=\"button\" aria-controls=\"elementor-tab-content-21917\" aria-expanded=\"false\">\n\t\t\t\t\t\t\t\t\t\t\t\t<span class=\"elementor-toggle-icon elementor-toggle-icon-left\" aria-hidden=\"true\">\n\t\t\t\t\t\t\t\t\t\t\t\t\t\t\t<span class=\"elementor-toggle-icon-closed\"><i class=\"fas fa-caret-right\"><\/i><\/span>\n\t\t\t\t\t\t\t\t<span class=\"elementor-toggle-icon-opened\"><i class=\"elementor-toggle-icon-opened fas fa-caret-up\"><\/i><\/span>\n\t\t\t\t\t\t\t\t\t\t\t\t\t<\/span>\n\t\t\t\t\t\t\t\t\t\t\t\t<a class=\"elementor-toggle-title\" tabindex=\"0\">17 - \u00bfPor qu\u00e9 se pide un Curriculum Vitae (CV) cuando no est\u00e1 en el Reglamento publicado en el Bolet\u00edn Oficial?<\/a>\n\t\t\t\t\t<\/div>\n\n\t\t\t\t\t<div id=\"elementor-tab-content-21917\" class=\"elementor-tab-content elementor-clearfix\" data-tab=\"17\" role=\"region\" aria-labelledby=\"elementor-tab-title-21917\"><p>El CV permite documentar la \"experiencia profesional pertinente\", que es un requisito del formulario de solicitud, sobre todo en el caso de profesionales m\u00f3viles de otros pa\u00edses.<\/p><p>Aunque<span style=\"text-decoration: underline;\"> <a href=\"https:\/\/dre.pt\/application\/file\/205931318\" target=\"_blank\" rel=\"noopener\">Reglamento de inscripci\u00f3n del Colegio de Fisioterapeutas<\/a><\/span> no indica expl\u00edcitamente la necesidad de presentar un CV, su presentaci\u00f3n facilita el proceso de examen de las candidaturas.<\/p><p>El nivel de detalle de la descripci\u00f3n de esta experiencia profesional ser\u00e1, en esta fase, a discreci\u00f3n del candidato, y por su honor. Tenga en cuenta que este campo podr\u00e1 actualizarse posteriormente, en cualquier momento y por iniciativa propia, en su espacio personal, accesible a trav\u00e9s del sitio web del Colegio de Fisioterapeutas.<\/p><\/div>\n\t\t\t\t<\/div>\n\t\t\t\t\t\t\t<div class=\"elementor-toggle-item\">\n\t\t\t\t\t<div id=\"elementor-tab-title-21918\" class=\"elementor-tab-title\" data-tab=\"18\" role=\"button\" aria-controls=\"elementor-tab-content-21918\" aria-expanded=\"false\">\n\t\t\t\t\t\t\t\t\t\t\t\t<span class=\"elementor-toggle-icon elementor-toggle-icon-left\" aria-hidden=\"true\">\n\t\t\t\t\t\t\t\t\t\t\t\t\t\t\t<span class=\"elementor-toggle-icon-closed\"><i class=\"fas fa-caret-right\"><\/i><\/span>\n\t\t\t\t\t\t\t\t<span class=\"elementor-toggle-icon-opened\"><i class=\"elementor-toggle-icon-opened fas fa-caret-up\"><\/i><\/span>\n\t\t\t\t\t\t\t\t\t\t\t\t\t<\/span>\n\t\t\t\t\t\t\t\t\t\t\t\t<a class=\"elementor-toggle-title\" tabindex=\"0\">18 - \u00bfPor qu\u00e9 se exige la fecha de finalizaci\u00f3n del curso y no la fecha de expedici\u00f3n del t\u00edtulo?  \u00bfCu\u00e1l es la diferencia?<\/a>\n\t\t\t\t\t<\/div>\n\n\t\t\t\t\t<div id=\"elementor-tab-content-21918\" class=\"elementor-tab-content elementor-clearfix\" data-tab=\"18\" role=\"region\" aria-labelledby=\"elementor-tab-title-21918\"><p>La fecha de finalizaci\u00f3n del curso, en particular el curso que le dio acceso a la pr\u00e1ctica profesional, que aparece en su diploma o certificado de cualificaci\u00f3n, es relevante para el c\u00e1lculo global de su tiempo de ejercicio profesional (antig\u00fcedad).<\/p><p>No debe confundirse con la fecha de expedici\u00f3n del propio t\u00edtulo o certificado, que suele ser posterior.<\/p><p>Si se expide un duplicado del diploma, esta diferencia ser\u00e1 naturalmente a\u00fan mayor.<\/p><\/div>\n\t\t\t\t<\/div>\n\t\t\t\t\t\t\t<div class=\"elementor-toggle-item\">\n\t\t\t\t\t<div id=\"elementor-tab-title-21919\" class=\"elementor-tab-title\" data-tab=\"19\" role=\"button\" aria-controls=\"elementor-tab-content-21919\" aria-expanded=\"false\">\n\t\t\t\t\t\t\t\t\t\t\t\t<span class=\"elementor-toggle-icon elementor-toggle-icon-left\" aria-hidden=\"true\">\n\t\t\t\t\t\t\t\t\t\t\t\t\t\t\t<span class=\"elementor-toggle-icon-closed\"><i class=\"fas fa-caret-right\"><\/i><\/span>\n\t\t\t\t\t\t\t\t<span class=\"elementor-toggle-icon-opened\"><i class=\"elementor-toggle-icon-opened fas fa-caret-up\"><\/i><\/span>\n\t\t\t\t\t\t\t\t\t\t\t\t\t<\/span>\n\t\t\t\t\t\t\t\t\t\t\t\t<a class=\"elementor-toggle-title\" tabindex=\"0\">19 - Mi curso se realiz\u00f3 antes de acceder a la ense\u00f1anza superior, pero fue reconocido como bachillerato. \u00bfQu\u00e9 fecha debo poner como fecha de bachillerato?<\/a>\n\t\t\t\t\t<\/div>\n\n\t\t\t\t\t<div id=\"elementor-tab-content-21919\" class=\"elementor-tab-content elementor-clearfix\" data-tab=\"19\" role=\"region\" aria-labelledby=\"elementor-tab-title-21919\"><p>La fecha que debe poner en el formulario es la fecha de finalizaci\u00f3n del curso inicial.<\/p><p>La fecha de finalizaci\u00f3n del curso, en particular del curso que le dio acceso a la pr\u00e1ctica profesional, que figura en su diploma o certificado de cualificaci\u00f3n, es relevante para el c\u00e1lculo global de su tiempo de ejercicio profesional (antig\u00fcedad). Si su curso inicial no le otorg\u00f3 un t\u00edtulo acad\u00e9mico, pero posteriormente obtuvo una licenciatura, la fecha que debe poner en el formulario es la fecha de finalizaci\u00f3n del curso inicial.<\/p><p><em>Ejemplo:<\/em> <em>Para un curso de 1985 que se equipar\u00f3 formalmente en 1999, la fecha del formulario debe ser 1985.<\/em><\/p><p>No obstante, deber\u00e1 presentar los dos justificantes: el de la formaci\u00f3n inicial y el del reconocimiento oficial del t\u00edtulo acad\u00e9mico. Como solo hay un campo en el formulario para presentar estas dos pruebas, debe copiarlas juntas en un \u00fanico PDF.<\/p><\/div>\n\t\t\t\t<\/div>\n\t\t\t\t\t\t\t<div class=\"elementor-toggle-item\">\n\t\t\t\t\t<div id=\"elementor-tab-title-21920\" class=\"elementor-tab-title\" data-tab=\"20\" role=\"button\" aria-controls=\"elementor-tab-content-21920\" aria-expanded=\"false\">\n\t\t\t\t\t\t\t\t\t\t\t\t<span class=\"elementor-toggle-icon elementor-toggle-icon-left\" aria-hidden=\"true\">\n\t\t\t\t\t\t\t\t\t\t\t\t\t\t\t<span class=\"elementor-toggle-icon-closed\"><i class=\"fas fa-caret-right\"><\/i><\/span>\n\t\t\t\t\t\t\t\t<span class=\"elementor-toggle-icon-opened\"><i class=\"elementor-toggle-icon-opened fas fa-caret-up\"><\/i><\/span>\n\t\t\t\t\t\t\t\t\t\t\t\t\t<\/span>\n\t\t\t\t\t\t\t\t\t\t\t\t<a class=\"elementor-toggle-title\" tabindex=\"0\">20 - Estaba matriculado en la carrera de Biolog\u00eda, pero s\u00f3lo he terminado la licenciatura. \u00bfPuedo ingresar en la Orden?<\/a>\n\t\t\t\t\t<\/div>\n\n\t\t\t\t\t<div id=\"elementor-tab-content-21920\" class=\"elementor-tab-content elementor-clearfix\" data-tab=\"20\" role=\"region\" aria-labelledby=\"elementor-tab-title-21920\"><p>S\u00ed, el primer ciclo de la Licenciatura bi-tapical, que corresponde a la Licenciatura en Fisioterapia, fue, en su momento, habilitaci\u00f3n suficiente para ejercer la profesi\u00f3n de Fisioterapeuta, e inscripci\u00f3n para obtener la respectiva tarjeta profesional. Basta con presentar el certificado acreditativo de dicha titulaci\u00f3n.<\/p><\/div>\n\t\t\t\t<\/div>\n\t\t\t\t\t\t\t<div class=\"elementor-toggle-item\">\n\t\t\t\t\t<div id=\"elementor-tab-title-21921\" class=\"elementor-tab-title\" data-tab=\"21\" role=\"button\" aria-controls=\"elementor-tab-content-21921\" aria-expanded=\"false\">\n\t\t\t\t\t\t\t\t\t\t\t\t<span class=\"elementor-toggle-icon elementor-toggle-icon-left\" aria-hidden=\"true\">\n\t\t\t\t\t\t\t\t\t\t\t\t\t\t\t<span class=\"elementor-toggle-icon-closed\"><i class=\"fas fa-caret-right\"><\/i><\/span>\n\t\t\t\t\t\t\t\t<span class=\"elementor-toggle-icon-opened\"><i class=\"elementor-toggle-icon-opened fas fa-caret-up\"><\/i><\/span>\n\t\t\t\t\t\t\t\t\t\t\t\t\t<\/span>\n\t\t\t\t\t\t\t\t\t\t\t\t<a class=\"elementor-toggle-title\" tabindex=\"0\">21 - Soy fisioterapeuta con una licenciatura. Tengo el t\u00edtulo de diplomado, pero no el de licenciado. \u00bfTengo que ped\u00edrselo al colegio o puedo matricularme directamente y luego enviar el t\u00edtulo?<\/a>\n\t\t\t\t\t<\/div>\n\n\t\t\t\t\t<div id=\"elementor-tab-content-21921\" class=\"elementor-tab-content elementor-clearfix\" data-tab=\"21\" role=\"region\" aria-labelledby=\"elementor-tab-title-21921\"><p>Teniendo en cuenta que el primer ciclo de la licenciatura en Fisioterapia fue, en su momento, la titulaci\u00f3n suficiente para ejercer la profesi\u00f3n de Fisioterapeuta, e inscribirse para obtener la respectiva tarjeta profesional, \u00e9sta ser\u00e1 la titulaci\u00f3n de referencia a efectos estad\u00edsticos.<\/p><p>Sobre esta base, la fecha de finalizaci\u00f3n de la licenciatura ser\u00e1 la que utilizaremos para contabilizar su antig\u00fcedad profesional.<\/p><p>Si no has solicitado este t\u00edtulo de bachillerato, deber\u00e1s presentar una declaraci\u00f3n jurada con la fecha de finalizaci\u00f3n.<\/p><p>Para que le resulte m\u00e1s f\u00e1cil, he aqu\u00ed un ejemplo del texto que debe contener su declaraci\u00f3n: \"Yo, (nombre), declaro por mi honor que he finalizado una licenciatura en la instituci\u00f3n XXXXXX con fecha de finalizaci\u00f3n XXXXX\". La declaraci\u00f3n debe ir firmada de acuerdo con el documento de identidad.<\/p><\/div>\n\t\t\t\t<\/div>\n\t\t\t\t\t\t\t<div class=\"elementor-toggle-item\">\n\t\t\t\t\t<div id=\"elementor-tab-title-21922\" class=\"elementor-tab-title\" data-tab=\"22\" role=\"button\" aria-controls=\"elementor-tab-content-21922\" aria-expanded=\"false\">\n\t\t\t\t\t\t\t\t\t\t\t\t<span class=\"elementor-toggle-icon elementor-toggle-icon-left\" aria-hidden=\"true\">\n\t\t\t\t\t\t\t\t\t\t\t\t\t\t\t<span class=\"elementor-toggle-icon-closed\"><i class=\"fas fa-caret-right\"><\/i><\/span>\n\t\t\t\t\t\t\t\t<span class=\"elementor-toggle-icon-opened\"><i class=\"elementor-toggle-icon-opened fas fa-caret-up\"><\/i><\/span>\n\t\t\t\t\t\t\t\t\t\t\t\t\t<\/span>\n\t\t\t\t\t\t\t\t\t\t\t\t<a class=\"elementor-toggle-title\" tabindex=\"0\">22 - \u00bfPor qu\u00e9 son necesarios los antecedentes penales?<\/a>\n\t\t\t\t\t<\/div>\n\n\t\t\t\t\t<div id=\"elementor-tab-content-21922\" class=\"elementor-tab-content elementor-clearfix\" data-tab=\"22\" role=\"region\" aria-labelledby=\"elementor-tab-title-21922\"><p>En defensa de los consumidores\/usuarios de los servicios de fisioterapia, la Orden, como organismo p\u00fablico, debe garantizar que sus colegiados re\u00fanen los requisitos legales necesarios para ejercer la actividad, sin restricciones, tanto en materia de cualificaci\u00f3n profesional como en materia disciplinaria\/penal.<\/p><\/div>\n\t\t\t\t<\/div>\n\t\t\t\t\t\t\t<div class=\"elementor-toggle-item\">\n\t\t\t\t\t<div id=\"elementor-tab-title-21923\" class=\"elementor-tab-title\" data-tab=\"23\" role=\"button\" aria-controls=\"elementor-tab-content-21923\" aria-expanded=\"false\">\n\t\t\t\t\t\t\t\t\t\t\t\t<span class=\"elementor-toggle-icon elementor-toggle-icon-left\" aria-hidden=\"true\">\n\t\t\t\t\t\t\t\t\t\t\t\t\t\t\t<span class=\"elementor-toggle-icon-closed\"><i class=\"fas fa-caret-right\"><\/i><\/span>\n\t\t\t\t\t\t\t\t<span class=\"elementor-toggle-icon-opened\"><i class=\"elementor-toggle-icon-opened fas fa-caret-up\"><\/i><\/span>\n\t\t\t\t\t\t\t\t\t\t\t\t\t<\/span>\n\t\t\t\t\t\t\t\t\t\t\t\t<a class=\"elementor-toggle-title\" tabindex=\"0\">23 - Tengo la tarjeta ciudadana y quiero acceder a la sesi\u00f3n manual para inscribirme en el Colegio de Abogados. \u00bfPuedo hacerlo? <\/a>\n\t\t\t\t\t<\/div>\n\n\t\t\t\t\t<div id=\"elementor-tab-content-21923\" class=\"elementor-tab-content elementor-clearfix\" data-tab=\"23\" role=\"region\" aria-labelledby=\"elementor-tab-title-21923\"><p>No. Debe utilizar la llave m\u00f3vil digital.<\/p><\/div>\n\t\t\t\t<\/div>\n\t\t\t\t\t\t\t<div class=\"elementor-toggle-item\">\n\t\t\t\t\t<div id=\"elementor-tab-title-21924\" class=\"elementor-tab-title\" data-tab=\"24\" role=\"button\" aria-controls=\"elementor-tab-content-21924\" aria-expanded=\"false\">\n\t\t\t\t\t\t\t\t\t\t\t\t<span class=\"elementor-toggle-icon elementor-toggle-icon-left\" aria-hidden=\"true\">\n\t\t\t\t\t\t\t\t\t\t\t\t\t\t\t<span class=\"elementor-toggle-icon-closed\"><i class=\"fas fa-caret-right\"><\/i><\/span>\n\t\t\t\t\t\t\t\t<span class=\"elementor-toggle-icon-opened\"><i class=\"elementor-toggle-icon-opened fas fa-caret-up\"><\/i><\/span>\n\t\t\t\t\t\t\t\t\t\t\t\t\t<\/span>\n\t\t\t\t\t\t\t\t\t\t\t\t<a class=\"elementor-toggle-title\" tabindex=\"0\">24 - No tengo tarjeta ciudadana para acceder a la plataforma de inscripci\u00f3n porque tengo un documento de identidad de por vida, \u00bfc\u00f3mo debo proceder?<\/a>\n\t\t\t\t\t<\/div>\n\n\t\t\t\t\t<div id=\"elementor-tab-content-21924\" class=\"elementor-tab-content elementor-clearfix\" data-tab=\"24\" role=\"region\" aria-labelledby=\"elementor-tab-title-21924\"><p>En este caso, acceda a la plataforma y haga clic en el bot\u00f3n \"inicio de sesi\u00f3n manual\".<\/p><p>Para proceder, debe llevar consigo una copia en PDF de su identificaci\u00f3n de por vida para enviarla a la plataforma.<\/p><p>Tras esta presentaci\u00f3n, la Secretar\u00eda de la Orden analizar\u00e1 su solicitud y le enviar\u00e1 un correo electr\u00f3nico de respuesta a su debido tiempo.<\/p><\/div>\n\t\t\t\t<\/div>\n\t\t\t\t\t\t\t<div class=\"elementor-toggle-item\">\n\t\t\t\t\t<div id=\"elementor-tab-title-21925\" class=\"elementor-tab-title\" data-tab=\"25\" role=\"button\" aria-controls=\"elementor-tab-content-21925\" aria-expanded=\"false\">\n\t\t\t\t\t\t\t\t\t\t\t\t<span class=\"elementor-toggle-icon elementor-toggle-icon-left\" aria-hidden=\"true\">\n\t\t\t\t\t\t\t\t\t\t\t\t\t\t\t<span class=\"elementor-toggle-icon-closed\"><i class=\"fas fa-caret-right\"><\/i><\/span>\n\t\t\t\t\t\t\t\t<span class=\"elementor-toggle-icon-opened\"><i class=\"elementor-toggle-icon-opened fas fa-caret-up\"><\/i><\/span>\n\t\t\t\t\t\t\t\t\t\t\t\t\t<\/span>\n\t\t\t\t\t\t\t\t\t\t\t\t<a class=\"elementor-toggle-title\" tabindex=\"0\">25 - No tengo tarjeta de ciudadano por ser extranjero, \u00bfc\u00f3mo accedo a la plataforma de inscripci\u00f3n?<\/a>\n\t\t\t\t\t<\/div>\n\n\t\t\t\t\t<div id=\"elementor-tab-content-21925\" class=\"elementor-tab-content elementor-clearfix\" data-tab=\"25\" role=\"region\" aria-labelledby=\"elementor-tab-title-21925\"><p>En este caso, acceda a la plataforma y haga clic en el bot\u00f3n \"inicio de sesi\u00f3n manual\".<\/p><p>Para proceder, debe llevar consigo una copia en PDF de su documento de identidad para presentarlo en la plataforma.<\/p><p>Tras esta presentaci\u00f3n, la Secretar\u00eda de la Orden analizar\u00e1 su solicitud y le enviar\u00e1 un correo electr\u00f3nico de respuesta a su debido tiempo.<\/p><\/div>\n\t\t\t\t<\/div>\n\t\t\t\t\t\t\t<div class=\"elementor-toggle-item\">\n\t\t\t\t\t<div id=\"elementor-tab-title-21926\" class=\"elementor-tab-title\" data-tab=\"26\" role=\"button\" aria-controls=\"elementor-tab-content-21926\" aria-expanded=\"false\">\n\t\t\t\t\t\t\t\t\t\t\t\t<span class=\"elementor-toggle-icon elementor-toggle-icon-left\" aria-hidden=\"true\">\n\t\t\t\t\t\t\t\t\t\t\t\t\t\t\t<span class=\"elementor-toggle-icon-closed\"><i class=\"fas fa-caret-right\"><\/i><\/span>\n\t\t\t\t\t\t\t\t<span class=\"elementor-toggle-icon-opened\"><i class=\"elementor-toggle-icon-opened fas fa-caret-up\"><\/i><\/span>\n\t\t\t\t\t\t\t\t\t\t\t\t\t<\/span>\n\t\t\t\t\t\t\t\t\t\t\t\t<a class=\"elementor-toggle-title\" tabindex=\"0\">26 - Como ciudadano extranjero, \u00bfc\u00f3mo se tramitar\u00e1 mi solicitud una vez que haya solicitado el acceso a la \"sesi\u00f3n manual\" para inscribirme?<\/a>\n\t\t\t\t\t<\/div>\n\n\t\t\t\t\t<div id=\"elementor-tab-content-21926\" class=\"elementor-tab-content elementor-clearfix\" data-tab=\"26\" role=\"region\" aria-labelledby=\"elementor-tab-title-21926\"><p>El modo en que se remita su solicitud depender\u00e1 del pa\u00eds en el que haya obtenido sus cualificaciones y de si ya est\u00e1 inscrito o no en el ACSS.\u00a0<\/p><p>Si sus cualificaciones se obtuvieron en Portugal, la ACSS ya no tiene competencia para reconocerlas para el ejercicio profesional. Ahora es la Orden de Fisioterapeutas, por lo que su solicitud puede ser aceptada y se le dar\u00e1 acceso para rellenar el formulario en l\u00ednea.<\/p><p>Si sus cualificaciones fueron obtenidas fuera de Portugal, pero ya est\u00e1 inscrito en la ACSS, su candidatura podr\u00e1 ser aceptada y tambi\u00e9n se le dar\u00e1 acceso para rellenar el formulario en l\u00ednea.<\/p><p>Si sus cualificaciones se obtuvieron fuera de Portugal, pero en uno de los pa\u00edses de la Uni\u00f3n Europea, deber\u00e1 solicitar la Tarjeta Profesional Europea en <span style=\"text-decoration: underline;\"><a href=\"https:\/\/europa.eu\/youreurope\/\" target=\"_blank\" rel=\"noopener\">https:\/\/europa.eu\/youreurope\/<\/a><\/span><\/p><p>Si su titulaci\u00f3n fue obtenida en un tercer pa\u00eds, su solicitud podr\u00e1 ser aceptada, y tambi\u00e9n se le dar\u00e1 acceso para rellenar el formulario online, pero previamente deber\u00e1 obtener el reconocimiento espec\u00edfico de su titulaci\u00f3n (Grado en Fisioterapia) en una Instituci\u00f3n de Educaci\u00f3n Superior portuguesa.<\/p><\/div>\n\t\t\t\t<\/div>\n\t\t\t\t\t\t\t<div class=\"elementor-toggle-item\">\n\t\t\t\t\t<div id=\"elementor-tab-title-21927\" class=\"elementor-tab-title\" data-tab=\"27\" role=\"button\" aria-controls=\"elementor-tab-content-21927\" aria-expanded=\"false\">\n\t\t\t\t\t\t\t\t\t\t\t\t<span class=\"elementor-toggle-icon elementor-toggle-icon-left\" aria-hidden=\"true\">\n\t\t\t\t\t\t\t\t\t\t\t\t\t\t\t<span class=\"elementor-toggle-icon-closed\"><i class=\"fas fa-caret-right\"><\/i><\/span>\n\t\t\t\t\t\t\t\t<span class=\"elementor-toggle-icon-opened\"><i class=\"elementor-toggle-icon-opened fas fa-caret-up\"><\/i><\/span>\n\t\t\t\t\t\t\t\t\t\t\t\t\t<\/span>\n\t\t\t\t\t\t\t\t\t\t\t\t<a class=\"elementor-toggle-title\" tabindex=\"0\">27 - \u00bfPor qu\u00e9 debo facilitar una direcci\u00f3n profesional en Portugal para inscribirme en el Colegio de Abogados portugu\u00e9s?<\/a>\n\t\t\t\t\t<\/div>\n\n\t\t\t\t\t<div id=\"elementor-tab-content-21927\" class=\"elementor-tab-content elementor-clearfix\" data-tab=\"27\" role=\"region\" aria-labelledby=\"elementor-tab-title-21927\"><p>S\u00f3lo tiene que inscribirse en la Orden si desea trabajar como fisioterapeuta en Portugal.  Esto presupone, en principio, la posesi\u00f3n de un n\u00famero de identificaci\u00f3n fiscal (NIF) portugu\u00e9s y una direcci\u00f3n asociada a dicho NIF.<\/p><p>Es obligatorio tener una direcci\u00f3n profesional en nuestro pa\u00eds. Esta direcci\u00f3n es indispensable para la asignaci\u00f3n a una oficina regional y para el env\u00edo de correspondencia oficial de la Orden.<\/p><p>El domicilio profesional puede ser el \"domicilio familiar\"\/domicilio, debidamente certificado, si no tiene vinculaci\u00f3n con una instituci\u00f3n que pueda expedirle la correspondiente declaraci\u00f3n.<\/p><p>Si el solicitante no tiene NIF portugu\u00e9s, puede ejercer en Portugal y mantener su situaci\u00f3n fiscal regularizada en otro pa\u00eds. No obstante, deber\u00e1 tener siempre un domicilio profesional en Portugal, de conformidad con el apartado 2.<\/p><\/div>\n\t\t\t\t<\/div>\n\t\t\t\t\t\t\t<div class=\"elementor-toggle-item\">\n\t\t\t\t\t<div id=\"elementor-tab-title-21928\" class=\"elementor-tab-title\" data-tab=\"28\" role=\"button\" aria-controls=\"elementor-tab-content-21928\" aria-expanded=\"false\">\n\t\t\t\t\t\t\t\t\t\t\t\t<span class=\"elementor-toggle-icon elementor-toggle-icon-left\" aria-hidden=\"true\">\n\t\t\t\t\t\t\t\t\t\t\t\t\t\t\t<span class=\"elementor-toggle-icon-closed\"><i class=\"fas fa-caret-right\"><\/i><\/span>\n\t\t\t\t\t\t\t\t<span class=\"elementor-toggle-icon-opened\"><i class=\"elementor-toggle-icon-opened fas fa-caret-up\"><\/i><\/span>\n\t\t\t\t\t\t\t\t\t\t\t\t\t<\/span>\n\t\t\t\t\t\t\t\t\t\t\t\t<a class=\"elementor-toggle-title\" tabindex=\"0\">28 - Soy ciudadano portugu\u00e9s y tengo t\u00edtulos obtenidos en Portugal, pero actualmente trabajo en el extranjero. Tengo la tarjeta ACSS. \u00bfPuedo inscribirme en la OF?<\/a>\n\t\t\t\t\t<\/div>\n\n\t\t\t\t\t<div id=\"elementor-tab-content-21928\" class=\"elementor-tab-content elementor-clearfix\" data-tab=\"28\" role=\"region\" aria-labelledby=\"elementor-tab-title-21928\"><p>S\u00ed, siempre que respete ciertas condiciones.<\/p><p>La inscripci\u00f3n y el posterior pago de las cuotas de colegiaci\u00f3n s\u00f3lo son obligatorios si desea ejercer su profesi\u00f3n en Portugal, aunque siga residiendo en el extranjero.<\/p><p>Sin embargo, para poder inscribirse y ejercer su profesi\u00f3n en Portugal, debe tener una direcci\u00f3n profesional en el pa\u00eds. Esta direcci\u00f3n es esencial para la asignaci\u00f3n a una oficina regional y para el env\u00edo de correspondencia oficial de la Orden.<\/p><p>Debe presentar uno de los justificantes de domicilio habituales.<\/p><p>Si no tiene una direcci\u00f3n habitual en Portugal, puede indicar la direcci\u00f3n de un familiar o de alguien a quien conf\u00ede la responsabilidad de reenviar el correo (es decir, la direcci\u00f3n asignada para obtener el NIF nacional).<\/p><p>La prueba podr\u00e1 realizarse mediante una declaraci\u00f3n jurada de la persona titular de la direcci\u00f3n, en cuyo caso deber\u00e1 adjuntarse una de las pruebas de residencia habituales de la persona que confirme la direcci\u00f3n.<\/p><\/div>\n\t\t\t\t<\/div>\n\t\t\t\t\t\t\t<div class=\"elementor-toggle-item\">\n\t\t\t\t\t<div id=\"elementor-tab-title-21929\" class=\"elementor-tab-title\" data-tab=\"29\" role=\"button\" aria-controls=\"elementor-tab-content-21929\" aria-expanded=\"false\">\n\t\t\t\t\t\t\t\t\t\t\t\t<span class=\"elementor-toggle-icon elementor-toggle-icon-left\" aria-hidden=\"true\">\n\t\t\t\t\t\t\t\t\t\t\t\t\t\t\t<span class=\"elementor-toggle-icon-closed\"><i class=\"fas fa-caret-right\"><\/i><\/span>\n\t\t\t\t\t\t\t\t<span class=\"elementor-toggle-icon-opened\"><i class=\"elementor-toggle-icon-opened fas fa-caret-up\"><\/i><\/span>\n\t\t\t\t\t\t\t\t\t\t\t\t\t<\/span>\n\t\t\t\t\t\t\t\t\t\t\t\t<a class=\"elementor-toggle-title\" tabindex=\"0\">29 - Tengo nacionalidad portuguesa o doble nacionalidad, con t\u00edtulos acad\u00e9micos obtenidos en Portugal y vivo en el extranjero, pero no dispongo de ning\u00fan documento que acredite mi residencia (facturas de electricidad o agua, etc.). \u00bfC\u00f3mo puedo rellenar el campo relativo a mi domicilio profesional en Portugal?<\/a>\n\t\t\t\t\t<\/div>\n\n\t\t\t\t\t<div id=\"elementor-tab-content-21929\" class=\"elementor-tab-content elementor-clearfix\" data-tab=\"29\" role=\"region\" aria-labelledby=\"elementor-tab-title-21929\"><p>Aunque resida en el extranjero, debe tener un domicilio profesional de referencia para ejercer la fisioterapia en Portugal. Si dispone de NIF portugu\u00e9s, deber\u00e1 presentar la direcci\u00f3n asociada a dicho NIF (domicilio familiar), indicando el n\u00famero de la Delegaci\u00f3n de Hacienda a la que corresponde su NIF. Si no ejerce en Portugal, s\u00f3lo podr\u00e1 inscribirse a efectos de ser reconocido para ejercer en el propio pa\u00eds\/estado miembro de ejercicio.<\/p><\/div>\n\t\t\t\t<\/div>\n\t\t\t\t\t\t\t<div class=\"elementor-toggle-item\">\n\t\t\t\t\t<div id=\"elementor-tab-title-21930\" class=\"elementor-tab-title\" data-tab=\"30\" role=\"button\" aria-controls=\"elementor-tab-content-21930\" aria-expanded=\"false\">\n\t\t\t\t\t\t\t\t\t\t\t\t<span class=\"elementor-toggle-icon elementor-toggle-icon-left\" aria-hidden=\"true\">\n\t\t\t\t\t\t\t\t\t\t\t\t\t\t\t<span class=\"elementor-toggle-icon-closed\"><i class=\"fas fa-caret-right\"><\/i><\/span>\n\t\t\t\t\t\t\t\t<span class=\"elementor-toggle-icon-opened\"><i class=\"elementor-toggle-icon-opened fas fa-caret-up\"><\/i><\/span>\n\t\t\t\t\t\t\t\t\t\t\t\t\t<\/span>\n\t\t\t\t\t\t\t\t\t\t\t\t<a class=\"elementor-toggle-title\" tabindex=\"0\">30 - A\u00fan no tengo un domicilio profesional fijo en Portugal. \u00bfC\u00f3mo debo rellenar el campo relativo al domicilio profesional en Portugal?<\/a>\n\t\t\t\t\t<\/div>\n\n\t\t\t\t\t<div id=\"elementor-tab-content-21930\" class=\"elementor-tab-content elementor-clearfix\" data-tab=\"30\" role=\"region\" aria-labelledby=\"elementor-tab-title-21930\"><p>Para ejercer la fisioterapia en Portugal, debe tener un domicilio profesional de referencia.<\/p><p>Si dispone de NIF portugu\u00e9s, deber\u00e1 presentar la direcci\u00f3n asociada a dicho NIF, indicando el n\u00famero de la Agencia Tributaria a la que corresponde su NIF.<\/p><p>Si no tiene un domicilio profesional aut\u00f3nomo en el Estado miembro en el que trabaja realmente, debe indicar su residencia como si fuera su domicilio, si la legislaci\u00f3n de ese pa\u00eds no se lo proh\u00edbe.<\/p><p>Si usted es ciudadano de un pa\u00eds no perteneciente a la Uni\u00f3n Europea, debe tener un permiso de residencia legal en Portugal y dar como referencia la direcci\u00f3n asociada a dicho permiso.<\/p><p>En todos los casos, la expedici\u00f3n de la licencia profesional depender\u00e1 de la prueba del domicilio profesional portugu\u00e9s.<\/p><\/div>\n\t\t\t\t<\/div>\n\t\t\t\t\t\t\t<div class=\"elementor-toggle-item\">\n\t\t\t\t\t<div id=\"elementor-tab-title-21931\" class=\"elementor-tab-title\" data-tab=\"31\" role=\"button\" aria-controls=\"elementor-tab-content-21931\" aria-expanded=\"false\">\n\t\t\t\t\t\t\t\t\t\t\t\t<span class=\"elementor-toggle-icon elementor-toggle-icon-left\" aria-hidden=\"true\">\n\t\t\t\t\t\t\t\t\t\t\t\t\t\t\t<span class=\"elementor-toggle-icon-closed\"><i class=\"fas fa-caret-right\"><\/i><\/span>\n\t\t\t\t\t\t\t\t<span class=\"elementor-toggle-icon-opened\"><i class=\"elementor-toggle-icon-opened fas fa-caret-up\"><\/i><\/span>\n\t\t\t\t\t\t\t\t\t\t\t\t\t<\/span>\n\t\t\t\t\t\t\t\t\t\t\t\t<a class=\"elementor-toggle-title\" tabindex=\"0\">31 - Soy extranjero y he finalizado la carrera de Fisioterapia en una Instituci\u00f3n de Ense\u00f1anza Superior portuguesa. Me informaron de que, en a\u00f1os anteriores, para poder trabajar en el extranjero y ser reconocido en otro pa\u00eds, era necesario inscribirse en la ACSS, as\u00ed como una declaraci\u00f3n para trabajar en el extranjero (en virtud de la Directiva 2005\/36\/CE) y una declaraci\u00f3n de \"Good Standing\". \u00bfSigue expidiendo la ACSS estas dos declaraciones, aunque la c\u00e9dula se solicite directamente a la Orden?<\/a>\n\t\t\t\t\t<\/div>\n\n\t\t\t\t\t<div id=\"elementor-tab-content-21931\" class=\"elementor-tab-content elementor-clearfix\" data-tab=\"31\" role=\"region\" aria-labelledby=\"elementor-tab-title-21931\"><p>No. Como el t\u00edtulo se obtiene en Portugal, la ACSS ya no tiene competencia para reconocerlos para el ejercicio profesional, pero s\u00ed la Orden de Fisioterapeutas.<\/p><p>A partir del 15 de diciembre de 2021, el Colegio de Abogados se convirti\u00f3 tambi\u00e9n en la Autoridad Competente a efectos del <u>Directiva 2005\/36\/CE<\/u>Por lo tanto, la Orden emitir\u00e1 todas las declaraciones necesarias.<\/p><\/div>\n\t\t\t\t<\/div>\n\t\t\t\t\t\t\t<div class=\"elementor-toggle-item\">\n\t\t\t\t\t<div id=\"elementor-tab-title-21932\" class=\"elementor-tab-title\" data-tab=\"32\" role=\"button\" aria-controls=\"elementor-tab-content-21932\" aria-expanded=\"false\">\n\t\t\t\t\t\t\t\t\t\t\t\t<span class=\"elementor-toggle-icon elementor-toggle-icon-left\" aria-hidden=\"true\">\n\t\t\t\t\t\t\t\t\t\t\t\t\t\t\t<span class=\"elementor-toggle-icon-closed\"><i class=\"fas fa-caret-right\"><\/i><\/span>\n\t\t\t\t\t\t\t\t<span class=\"elementor-toggle-icon-opened\"><i class=\"elementor-toggle-icon-opened fas fa-caret-up\"><\/i><\/span>\n\t\t\t\t\t\t\t\t\t\t\t\t\t<\/span>\n\t\t\t\t\t\t\t\t\t\t\t\t<a class=\"elementor-toggle-title\" tabindex=\"0\">32 - \u00bfEn qu\u00e9 casos se puede cancelar la inscripci\u00f3n de un miembro del Colegio de Fisioterapeutas?<\/a>\n\t\t\t\t\t<\/div>\n\n\t\t\t\t\t<div id=\"elementor-tab-content-21932\" class=\"elementor-tab-content elementor-clearfix\" data-tab=\"32\" role=\"region\" aria-labelledby=\"elementor-tab-title-21932\"><p>De conformidad con lo dispuesto en el art\u00edculo 10 del <span style=\"text-decoration: underline;\"><a href=\"https:\/\/dre.pt\/application\/file\/205931318\" target=\"_blank\" rel=\"noopener\">Normas de inscripci\u00f3n<\/a><\/span>:<\/p><p>\"Se cancela la afiliaci\u00f3n a la OF de los miembros que:<\/p><ol><li>a) Est\u00e9n sujetos a la medida disciplinaria de expulsi\u00f3n;<\/li><li>b) Cesen voluntariamente en su actividad profesional y as\u00ed lo comuniquen al Consejo de Administraci\u00f3n.\"<\/li><\/ol><\/div>\n\t\t\t\t<\/div>\n\t\t\t\t\t\t\t<div class=\"elementor-toggle-item\">\n\t\t\t\t\t<div id=\"elementor-tab-title-21933\" class=\"elementor-tab-title\" data-tab=\"33\" role=\"button\" aria-controls=\"elementor-tab-content-21933\" aria-expanded=\"false\">\n\t\t\t\t\t\t\t\t\t\t\t\t<span class=\"elementor-toggle-icon elementor-toggle-icon-left\" aria-hidden=\"true\">\n\t\t\t\t\t\t\t\t\t\t\t\t\t\t\t<span class=\"elementor-toggle-icon-closed\"><i class=\"fas fa-caret-right\"><\/i><\/span>\n\t\t\t\t\t\t\t\t<span class=\"elementor-toggle-icon-opened\"><i class=\"elementor-toggle-icon-opened fas fa-caret-up\"><\/i><\/span>\n\t\t\t\t\t\t\t\t\t\t\t\t\t<\/span>\n\t\t\t\t\t\t\t\t\t\t\t\t<a class=\"elementor-toggle-title\" tabindex=\"0\">33 - \u00bfCu\u00e1ndo puede expirar mi inscripci\u00f3n?<\/a>\n\t\t\t\t\t<\/div>\n\n\t\t\t\t\t<div id=\"elementor-tab-content-21933\" class=\"elementor-tab-content elementor-clearfix\" data-tab=\"33\" role=\"region\" aria-labelledby=\"elementor-tab-title-21933\"><p>Su inscripci\u00f3n puede caducar si no se completa en un plazo de 180 d\u00edas, tal y como estipula el art\u00edculo 4, apartado 7, del Reglamento de inscripci\u00f3n. En este caso, si desea inscribirse de nuevo, ser\u00e1 necesario un nuevo proceso y pago.<\/p><\/div>\n\t\t\t\t<\/div>\n\t\t\t\t\t\t\t<div class=\"elementor-toggle-item\">\n\t\t\t\t\t<div id=\"elementor-tab-title-21934\" class=\"elementor-tab-title\" data-tab=\"34\" role=\"button\" aria-controls=\"elementor-tab-content-21934\" aria-expanded=\"false\">\n\t\t\t\t\t\t\t\t\t\t\t\t<span class=\"elementor-toggle-icon elementor-toggle-icon-left\" aria-hidden=\"true\">\n\t\t\t\t\t\t\t\t\t\t\t\t\t\t\t<span class=\"elementor-toggle-icon-closed\"><i class=\"fas fa-caret-right\"><\/i><\/span>\n\t\t\t\t\t\t\t\t<span class=\"elementor-toggle-icon-opened\"><i class=\"elementor-toggle-icon-opened fas fa-caret-up\"><\/i><\/span>\n\t\t\t\t\t\t\t\t\t\t\t\t\t<\/span>\n\t\t\t\t\t\t\t\t\t\t\t\t<a class=\"elementor-toggle-title\" tabindex=\"0\">34 - \u00bfEn qu\u00e9 casos se puede suspender la inscripci\u00f3n de un miembro del Colegio de Fisioterapeutas?<\/a>\n\t\t\t\t\t<\/div>\n\n\t\t\t\t\t<div id=\"elementor-tab-content-21934\" class=\"elementor-tab-content elementor-clearfix\" data-tab=\"34\" role=\"region\" aria-labelledby=\"elementor-tab-title-21934\"><p>De conformidad con lo dispuesto en el art\u00edculo 9 del <span style=\"text-decoration: underline;\"><a href=\"https:\/\/dre.pt\/application\/file\/205931318\" target=\"_blank\" rel=\"noopener\">Normas de inscripci\u00f3n<\/a><\/span>:<\/p><p>\"Los miembros son suspendidos de la OF si:<\/p><ol><li>a) Sean objeto de una medida disciplinaria de suspensi\u00f3n;<\/li><li>b) solicitarla cuando deseen cesar temporalmente en el ejercicio de la fisioterapia, siempre que no tengan cuotas pendientes o las hayan liquidado;<\/li><li>c) Sean incompatibles con el ejercicio de la profesi\u00f3n de fisioterapeuta\".<\/li><\/ol><\/div>\n\t\t\t\t<\/div>\n\t\t\t\t\t\t\t\t<\/div>\n\t\t\t\t\t\t<\/div>\n\t\t\t\t<\/div>\n\t\t\t\t<div class=\"elementor-element elementor-element-6156498 elementor-widget elementor-widget-heading\" data-id=\"6156498\" data-element_type=\"widget\" data-e-type=\"widget\" data-widget_type=\"heading.default\">\n\t\t\t\t<div class=\"elementor-widget-container\">\n\t\t\t\t\t<h2 class=\"elementor-heading-title elementor-size-default\">Cuotas de afiliaci\u00f3n<\/h2>\t\t\t\t<\/div>\n\t\t\t\t<\/div>\n\t\t\t\t<div class=\"elementor-element elementor-element-5d6fc40 elementor-widget elementor-widget-toggle\" data-id=\"5d6fc40\" data-element_type=\"widget\" data-e-type=\"widget\" data-widget_type=\"toggle.default\">\n\t\t\t\t<div class=\"elementor-widget-container\">\n\t\t\t\t\t\t\t<div class=\"elementor-toggle\">\n\t\t\t\t\t\t\t<div class=\"elementor-toggle-item\">\n\t\t\t\t\t<div id=\"elementor-tab-title-9791\" class=\"elementor-tab-title\" data-tab=\"1\" role=\"button\" aria-controls=\"elementor-tab-content-9791\" aria-expanded=\"false\">\n\t\t\t\t\t\t\t\t\t\t\t\t<span class=\"elementor-toggle-icon elementor-toggle-icon-left\" aria-hidden=\"true\">\n\t\t\t\t\t\t\t\t\t\t\t\t\t\t\t<span class=\"elementor-toggle-icon-closed\"><i class=\"fas fa-caret-right\"><\/i><\/span>\n\t\t\t\t\t\t\t\t<span class=\"elementor-toggle-icon-opened\"><i class=\"elementor-toggle-icon-opened fas fa-caret-up\"><\/i><\/span>\n\t\t\t\t\t\t\t\t\t\t\t\t\t<\/span>\n\t\t\t\t\t\t\t\t\t\t\t\t<a class=\"elementor-toggle-title\" tabindex=\"0\">1 - \u00bfCu\u00e1ndo comienza mi obligaci\u00f3n de pagar las cuotas de afiliaci\u00f3n?<\/a>\n\t\t\t\t\t<\/div>\n\n\t\t\t\t\t<div id=\"elementor-tab-content-9791\" class=\"elementor-tab-content elementor-clearfix\" data-tab=\"1\" role=\"region\" aria-labelledby=\"elementor-tab-title-9791\"><p>Con la concesi\u00f3n del carn\u00e9 profesional provisional. Si el pago final de la cuota de inscripci\u00f3n de 100 euros se realiza en la primera quincena del mes, la obligaci\u00f3n de pagar las cuotas de afiliaci\u00f3n comienza ese mismo mes. Si se realiza en la segunda quincena, la obligaci\u00f3n de pago de las cuotas de colegiaci\u00f3n comienza el mes siguiente.<\/p><\/div>\n\t\t\t\t<\/div>\n\t\t\t\t\t\t\t<div class=\"elementor-toggle-item\">\n\t\t\t\t\t<div id=\"elementor-tab-title-9792\" class=\"elementor-tab-title\" data-tab=\"2\" role=\"button\" aria-controls=\"elementor-tab-content-9792\" aria-expanded=\"false\">\n\t\t\t\t\t\t\t\t\t\t\t\t<span class=\"elementor-toggle-icon elementor-toggle-icon-left\" aria-hidden=\"true\">\n\t\t\t\t\t\t\t\t\t\t\t\t\t\t\t<span class=\"elementor-toggle-icon-closed\"><i class=\"fas fa-caret-right\"><\/i><\/span>\n\t\t\t\t\t\t\t\t<span class=\"elementor-toggle-icon-opened\"><i class=\"elementor-toggle-icon-opened fas fa-caret-up\"><\/i><\/span>\n\t\t\t\t\t\t\t\t\t\t\t\t\t<\/span>\n\t\t\t\t\t\t\t\t\t\t\t\t<a class=\"elementor-toggle-title\" tabindex=\"0\">2 - \u00bfA cu\u00e1nto asciende la cuota de afiliaci\u00f3n? <\/a>\n\t\t\t\t\t<\/div>\n\n\t\t\t\t\t<div id=\"elementor-tab-content-9792\" class=\"elementor-tab-content elementor-clearfix\" data-tab=\"2\" role=\"region\" aria-labelledby=\"elementor-tab-title-9792\"><p>\u00a0El valor de las cuotas de afiliaci\u00f3n se define en el <span style=\"text-decoration: underline;\"><a href=\"https:\/\/dre.pt\/application\/file\/205869771\" target=\"_blank\" rel=\"noopener\">Reglamento vigente sobre cuotas y tasas<\/a><\/span>La cuota mensual es de 12,00 euros (doce euros). Puede modificarse anualmente cuando se elabore el presupuesto para el a\u00f1o siguiente. 3. \u00bfCon qu\u00e9 frecuencia tengo que pagar la cuota de afiliaci\u00f3n?<\/p><p>Existen tres intervalos para el pago de las cuotas de afiliaci\u00f3n: mensual, semestral y anual.<\/p><\/div>\n\t\t\t\t<\/div>\n\t\t\t\t\t\t\t<div class=\"elementor-toggle-item\">\n\t\t\t\t\t<div id=\"elementor-tab-title-9793\" class=\"elementor-tab-title\" data-tab=\"3\" role=\"button\" aria-controls=\"elementor-tab-content-9793\" aria-expanded=\"false\">\n\t\t\t\t\t\t\t\t\t\t\t\t<span class=\"elementor-toggle-icon elementor-toggle-icon-left\" aria-hidden=\"true\">\n\t\t\t\t\t\t\t\t\t\t\t\t\t\t\t<span class=\"elementor-toggle-icon-closed\"><i class=\"fas fa-caret-right\"><\/i><\/span>\n\t\t\t\t\t\t\t\t<span class=\"elementor-toggle-icon-opened\"><i class=\"elementor-toggle-icon-opened fas fa-caret-up\"><\/i><\/span>\n\t\t\t\t\t\t\t\t\t\t\t\t\t<\/span>\n\t\t\t\t\t\t\t\t\t\t\t\t<a class=\"elementor-toggle-title\" tabindex=\"0\">3 - \u00bfTengo alguna ventaja si opto por pagos semestrales o anuales?<\/a>\n\t\t\t\t\t<\/div>\n\n\t\t\t\t\t<div id=\"elementor-tab-content-9793\" class=\"elementor-tab-content elementor-clearfix\" data-tab=\"3\" role=\"region\" aria-labelledby=\"elementor-tab-title-9793\"><p>S\u00ed. Si elige el pago semestral, obtendr\u00e1 un descuento de 5% en los bloques de enero-junio y julio-diciembre. Si elige el pago anual, el descuento ser\u00e1 de 10%. Estos descuentos no se aplican a los importes pendientes.<\/p><\/div>\n\t\t\t\t<\/div>\n\t\t\t\t\t\t\t<div class=\"elementor-toggle-item\">\n\t\t\t\t\t<div id=\"elementor-tab-title-9794\" class=\"elementor-tab-title\" data-tab=\"4\" role=\"button\" aria-controls=\"elementor-tab-content-9794\" aria-expanded=\"false\">\n\t\t\t\t\t\t\t\t\t\t\t\t<span class=\"elementor-toggle-icon elementor-toggle-icon-left\" aria-hidden=\"true\">\n\t\t\t\t\t\t\t\t\t\t\t\t\t\t\t<span class=\"elementor-toggle-icon-closed\"><i class=\"fas fa-caret-right\"><\/i><\/span>\n\t\t\t\t\t\t\t\t<span class=\"elementor-toggle-icon-opened\"><i class=\"elementor-toggle-icon-opened fas fa-caret-up\"><\/i><\/span>\n\t\t\t\t\t\t\t\t\t\t\t\t\t<\/span>\n\t\t\t\t\t\t\t\t\t\t\t\t<a class=\"elementor-toggle-title\" tabindex=\"0\">4 - \u00bfEst\u00e1n siempre disponibles los distintos periodos de pago a lo largo del a\u00f1o?<\/a>\n\t\t\t\t\t<\/div>\n\n\t\t\t\t\t<div id=\"elementor-tab-content-9794\" class=\"elementor-tab-content elementor-clearfix\" data-tab=\"4\" role=\"region\" aria-labelledby=\"elementor-tab-title-9794\"><p>No. Como las cuotas de afiliaci\u00f3n se pagan seg\u00fan el a\u00f1o natural, la opci\u00f3n mensual est\u00e1 siempre disponible, la opci\u00f3n semestral est\u00e1 disponible del 1 de enero al 31 de julio y la opci\u00f3n anual est\u00e1 disponible del 1 al 31 de enero.<\/p><\/div>\n\t\t\t\t<\/div>\n\t\t\t\t\t\t\t<div class=\"elementor-toggle-item\">\n\t\t\t\t\t<div id=\"elementor-tab-title-9795\" class=\"elementor-tab-title\" data-tab=\"5\" role=\"button\" aria-controls=\"elementor-tab-content-9795\" aria-expanded=\"false\">\n\t\t\t\t\t\t\t\t\t\t\t\t<span class=\"elementor-toggle-icon elementor-toggle-icon-left\" aria-hidden=\"true\">\n\t\t\t\t\t\t\t\t\t\t\t\t\t\t\t<span class=\"elementor-toggle-icon-closed\"><i class=\"fas fa-caret-right\"><\/i><\/span>\n\t\t\t\t\t\t\t\t<span class=\"elementor-toggle-icon-opened\"><i class=\"elementor-toggle-icon-opened fas fa-caret-up\"><\/i><\/span>\n\t\t\t\t\t\t\t\t\t\t\t\t\t<\/span>\n\t\t\t\t\t\t\t\t\t\t\t\t<a class=\"elementor-toggle-title\" tabindex=\"0\">5 - Si elijo una frecuencia de pago ahora, \u00bfpuedo cambiarla en el futuro?<\/a>\n\t\t\t\t\t<\/div>\n\n\t\t\t\t\t<div id=\"elementor-tab-content-9795\" class=\"elementor-tab-content elementor-clearfix\" data-tab=\"5\" role=\"region\" aria-labelledby=\"elementor-tab-title-9795\"><p>S\u00ed, puede hacerlo. S\u00f3lo tiene que elegir la nueva periodicidad que desee la pr\u00f3xima vez que pague sus cuotas.<\/p><\/div>\n\t\t\t\t<\/div>\n\t\t\t\t\t\t\t<div class=\"elementor-toggle-item\">\n\t\t\t\t\t<div id=\"elementor-tab-title-9796\" class=\"elementor-tab-title\" data-tab=\"6\" role=\"button\" aria-controls=\"elementor-tab-content-9796\" aria-expanded=\"false\">\n\t\t\t\t\t\t\t\t\t\t\t\t<span class=\"elementor-toggle-icon elementor-toggle-icon-left\" aria-hidden=\"true\">\n\t\t\t\t\t\t\t\t\t\t\t\t\t\t\t<span class=\"elementor-toggle-icon-closed\"><i class=\"fas fa-caret-right\"><\/i><\/span>\n\t\t\t\t\t\t\t\t<span class=\"elementor-toggle-icon-opened\"><i class=\"elementor-toggle-icon-opened fas fa-caret-up\"><\/i><\/span>\n\t\t\t\t\t\t\t\t\t\t\t\t\t<\/span>\n\t\t\t\t\t\t\t\t\t\t\t\t<a class=\"elementor-toggle-title\" tabindex=\"0\">6 - \u00bfDe qu\u00e9 medios de pago dispongo para abonar mis cuotas de afiliaci\u00f3n?<\/a>\n\t\t\t\t\t<\/div>\n\n\t\t\t\t\t<div id=\"elementor-tab-content-9796\" class=\"elementor-tab-content elementor-clearfix\" data-tab=\"6\" role=\"region\" aria-labelledby=\"elementor-tab-title-9796\"><p>Los medios disponibles son: Multibanco Reference, MB Way, Tarjeta de Cr\u00e9dito y Domiciliaci\u00f3n Bancaria. Debe tenerse en cuenta que s\u00f3lo Adeudo Directo y MB Way est\u00e1n disponibles para la opci\u00f3n de pago de cuotas mensuales.<\/p><\/div>\n\t\t\t\t<\/div>\n\t\t\t\t\t\t\t<div class=\"elementor-toggle-item\">\n\t\t\t\t\t<div id=\"elementor-tab-title-9797\" class=\"elementor-tab-title\" data-tab=\"7\" role=\"button\" aria-controls=\"elementor-tab-content-9797\" aria-expanded=\"false\">\n\t\t\t\t\t\t\t\t\t\t\t\t<span class=\"elementor-toggle-icon elementor-toggle-icon-left\" aria-hidden=\"true\">\n\t\t\t\t\t\t\t\t\t\t\t\t\t\t\t<span class=\"elementor-toggle-icon-closed\"><i class=\"fas fa-caret-right\"><\/i><\/span>\n\t\t\t\t\t\t\t\t<span class=\"elementor-toggle-icon-opened\"><i class=\"elementor-toggle-icon-opened fas fa-caret-up\"><\/i><\/span>\n\t\t\t\t\t\t\t\t\t\t\t\t\t<\/span>\n\t\t\t\t\t\t\t\t\t\t\t\t<a class=\"elementor-toggle-title\" tabindex=\"0\">7 - Si elijo un m\u00e9todo de pago, \u00bfpuedo cambiarlo despu\u00e9s?<\/a>\n\t\t\t\t\t<\/div>\n\n\t\t\t\t\t<div id=\"elementor-tab-content-9797\" class=\"elementor-tab-content elementor-clearfix\" data-tab=\"7\" role=\"region\" aria-labelledby=\"elementor-tab-title-9797\"><p>S\u00ed, puede hacerlo. S\u00f3lo tiene que elegir el nuevo m\u00e9todo de pago que desee la pr\u00f3xima vez que pague sus cuotas de afiliaci\u00f3n.<\/p><\/div>\n\t\t\t\t<\/div>\n\t\t\t\t\t\t\t<div class=\"elementor-toggle-item\">\n\t\t\t\t\t<div id=\"elementor-tab-title-9798\" class=\"elementor-tab-title\" data-tab=\"8\" role=\"button\" aria-controls=\"elementor-tab-content-9798\" aria-expanded=\"false\">\n\t\t\t\t\t\t\t\t\t\t\t\t<span class=\"elementor-toggle-icon elementor-toggle-icon-left\" aria-hidden=\"true\">\n\t\t\t\t\t\t\t\t\t\t\t\t\t\t\t<span class=\"elementor-toggle-icon-closed\"><i class=\"fas fa-caret-right\"><\/i><\/span>\n\t\t\t\t\t\t\t\t<span class=\"elementor-toggle-icon-opened\"><i class=\"elementor-toggle-icon-opened fas fa-caret-up\"><\/i><\/span>\n\t\t\t\t\t\t\t\t\t\t\t\t\t<\/span>\n\t\t\t\t\t\t\t\t\t\t\t\t<a class=\"elementor-toggle-title\" tabindex=\"0\">8 - \u00bfC\u00f3mo se pagan las cuotas de afiliaci\u00f3n?<\/a>\n\t\t\t\t\t<\/div>\n\n\t\t\t\t\t<div id=\"elementor-tab-content-9798\" class=\"elementor-tab-content elementor-clearfix\" data-tab=\"8\" role=\"region\" aria-labelledby=\"elementor-tab-title-9798\"><p>Acceda a su \"\u00c1rea reservada\":<\/p><ul><li>Elija la opci\u00f3n \"Cuotas\". Se le mostrar\u00e1 la \u00faltima cuota de afiliaci\u00f3n abonada y el importe pendiente de pago;<\/li><li>Haga clic en \"Pagar cuotas\";<\/li><li>Elija la frecuencia de pago. Tenga en cuenta que, dependiendo del mes en el que se encuentre, es posible que no todas est\u00e9n disponibles;<\/li><li>Elija su forma de pago: domiciliaci\u00f3n bancaria, referencia de cajero autom\u00e1tico, v\u00eda MB o tarjeta de cr\u00e9dito;<\/li><li>Introduzca los datos para la emisi\u00f3n de la factura;<\/li><\/ul><p>- Confirmar y proceder<\/p><\/div>\n\t\t\t\t<\/div>\n\t\t\t\t\t\t\t<div class=\"elementor-toggle-item\">\n\t\t\t\t\t<div id=\"elementor-tab-title-9799\" class=\"elementor-tab-title\" data-tab=\"9\" role=\"button\" aria-controls=\"elementor-tab-content-9799\" aria-expanded=\"false\">\n\t\t\t\t\t\t\t\t\t\t\t\t<span class=\"elementor-toggle-icon elementor-toggle-icon-left\" aria-hidden=\"true\">\n\t\t\t\t\t\t\t\t\t\t\t\t\t\t\t<span class=\"elementor-toggle-icon-closed\"><i class=\"fas fa-caret-right\"><\/i><\/span>\n\t\t\t\t\t\t\t\t<span class=\"elementor-toggle-icon-opened\"><i class=\"elementor-toggle-icon-opened fas fa-caret-up\"><\/i><\/span>\n\t\t\t\t\t\t\t\t\t\t\t\t\t<\/span>\n\t\t\t\t\t\t\t\t\t\t\t\t<a class=\"elementor-toggle-title\" tabindex=\"0\">9 - Si me olvido de pagar la cuota de afiliaci\u00f3n, \u00bfse me avisar\u00e1?<\/a>\n\t\t\t\t\t<\/div>\n\n\t\t\t\t\t<div id=\"elementor-tab-content-9799\" class=\"elementor-tab-content elementor-clearfix\" data-tab=\"9\" role=\"region\" aria-labelledby=\"elementor-tab-title-9799\"><p>S\u00ed. El sistema de informaci\u00f3n dispone de un conjunto de alertas que le avisan por correo electr\u00f3nico.<\/p><\/div>\n\t\t\t\t<\/div>\n\t\t\t\t\t\t\t<div class=\"elementor-toggle-item\">\n\t\t\t\t\t<div id=\"elementor-tab-title-97910\" class=\"elementor-tab-title\" data-tab=\"10\" role=\"button\" aria-controls=\"elementor-tab-content-97910\" aria-expanded=\"false\">\n\t\t\t\t\t\t\t\t\t\t\t\t<span class=\"elementor-toggle-icon elementor-toggle-icon-left\" aria-hidden=\"true\">\n\t\t\t\t\t\t\t\t\t\t\t\t\t\t\t<span class=\"elementor-toggle-icon-closed\"><i class=\"fas fa-caret-right\"><\/i><\/span>\n\t\t\t\t\t\t\t\t<span class=\"elementor-toggle-icon-opened\"><i class=\"elementor-toggle-icon-opened fas fa-caret-up\"><\/i><\/span>\n\t\t\t\t\t\t\t\t\t\t\t\t\t<\/span>\n\t\t\t\t\t\t\t\t\t\t\t\t<a class=\"elementor-toggle-title\" tabindex=\"0\">10 - \u00bfQu\u00e9 puede ocurrir si me retraso en el pago de la cuota de afiliaci\u00f3n?<\/a>\n\t\t\t\t\t<\/div>\n\n\t\t\t\t\t<div id=\"elementor-tab-content-97910\" class=\"elementor-tab-content elementor-clearfix\" data-tab=\"10\" role=\"region\" aria-labelledby=\"elementor-tab-title-97910\"><p>El retraso en el pago de las cuotas de afiliaci\u00f3n puede dar lugar al cobro de intereses sobre el importe adeudado, calculados al tipo legal complementario. El tipo de inter\u00e9s de demora lo fija la Agencia del Tesoro y Gesti\u00f3n de la Deuda P\u00fablica - IGCP, E. P. E. y se publica en el Bolet\u00edn Oficial. E. y publicado en el Bolet\u00edn Oficial.<\/p><\/div>\n\t\t\t\t<\/div>\n\t\t\t\t\t\t\t<div class=\"elementor-toggle-item\">\n\t\t\t\t\t<div id=\"elementor-tab-title-97911\" class=\"elementor-tab-title\" data-tab=\"11\" role=\"button\" aria-controls=\"elementor-tab-content-97911\" aria-expanded=\"false\">\n\t\t\t\t\t\t\t\t\t\t\t\t<span class=\"elementor-toggle-icon elementor-toggle-icon-left\" aria-hidden=\"true\">\n\t\t\t\t\t\t\t\t\t\t\t\t\t\t\t<span class=\"elementor-toggle-icon-closed\"><i class=\"fas fa-caret-right\"><\/i><\/span>\n\t\t\t\t\t\t\t\t<span class=\"elementor-toggle-icon-opened\"><i class=\"elementor-toggle-icon-opened fas fa-caret-up\"><\/i><\/span>\n\t\t\t\t\t\t\t\t\t\t\t\t\t<\/span>\n\t\t\t\t\t\t\t\t\t\t\t\t<a class=\"elementor-toggle-title\" tabindex=\"0\">11 - \u00bfA partir de qu\u00e9 momento se me aplicar\u00e1n intereses de demora?<\/a>\n\t\t\t\t\t<\/div>\n\n\t\t\t\t\t<div id=\"elementor-tab-content-97911\" class=\"elementor-tab-content elementor-clearfix\" data-tab=\"11\" role=\"region\" aria-labelledby=\"elementor-tab-title-97911\"><p>A partir del d\u00eda 1 del segundo mes de retraso. Si, por ejemplo, la \u00faltima cuota pagada fue en mayo, los intereses de demora se cobrar\u00e1n a partir del 1 de julio.<\/p><\/div>\n\t\t\t\t<\/div>\n\t\t\t\t\t\t\t<div class=\"elementor-toggle-item\">\n\t\t\t\t\t<div id=\"elementor-tab-title-97912\" class=\"elementor-tab-title\" data-tab=\"12\" role=\"button\" aria-controls=\"elementor-tab-content-97912\" aria-expanded=\"false\">\n\t\t\t\t\t\t\t\t\t\t\t\t<span class=\"elementor-toggle-icon elementor-toggle-icon-left\" aria-hidden=\"true\">\n\t\t\t\t\t\t\t\t\t\t\t\t\t\t\t<span class=\"elementor-toggle-icon-closed\"><i class=\"fas fa-caret-right\"><\/i><\/span>\n\t\t\t\t\t\t\t\t<span class=\"elementor-toggle-icon-opened\"><i class=\"elementor-toggle-icon-opened fas fa-caret-up\"><\/i><\/span>\n\t\t\t\t\t\t\t\t\t\t\t\t\t<\/span>\n\t\t\t\t\t\t\t\t\t\t\t\t<a class=\"elementor-toggle-title\" tabindex=\"0\">12 - \u00bfPuedo pagar m\u00e1s de un a\u00f1o de cuota?<\/a>\n\t\t\t\t\t<\/div>\n\n\t\t\t\t\t<div id=\"elementor-tab-content-97912\" class=\"elementor-tab-content elementor-clearfix\" data-tab=\"12\" role=\"region\" aria-labelledby=\"elementor-tab-title-97912\"><p>No, porque el importe de la cuota de afiliaci\u00f3n viene determinado por el presupuesto aprobado para el a\u00f1o siguiente. Por lo tanto, las cuotas de afiliaci\u00f3n se pagan seg\u00fan el a\u00f1o civil.<\/p><\/div>\n\t\t\t\t<\/div>\n\t\t\t\t\t\t\t<div class=\"elementor-toggle-item\">\n\t\t\t\t\t<div id=\"elementor-tab-title-97913\" class=\"elementor-tab-title\" data-tab=\"13\" role=\"button\" aria-controls=\"elementor-tab-content-97913\" aria-expanded=\"false\">\n\t\t\t\t\t\t\t\t\t\t\t\t<span class=\"elementor-toggle-icon elementor-toggle-icon-left\" aria-hidden=\"true\">\n\t\t\t\t\t\t\t\t\t\t\t\t\t\t\t<span class=\"elementor-toggle-icon-closed\"><i class=\"fas fa-caret-right\"><\/i><\/span>\n\t\t\t\t\t\t\t\t<span class=\"elementor-toggle-icon-opened\"><i class=\"elementor-toggle-icon-opened fas fa-caret-up\"><\/i><\/span>\n\t\t\t\t\t\t\t\t\t\t\t\t\t<\/span>\n\t\t\t\t\t\t\t\t\t\t\t\t<a class=\"elementor-toggle-title\" tabindex=\"0\">13 - \u00bfConcede la Orden alguna reducci\u00f3n en las cuotas de afiliaci\u00f3n?<\/a>\n\t\t\t\t\t<\/div>\n\n\t\t\t\t\t<div id=\"elementor-tab-content-97913\" class=\"elementor-tab-content elementor-clearfix\" data-tab=\"13\" role=\"region\" aria-labelledby=\"elementor-tab-title-97913\"><p>S\u00ed. Como parte del Plan de Actividades 2023, el Colegio de Fisioterapeutas est\u00e1 aplicando una reducci\u00f3n 50% en las cuotas de colegiaci\u00f3n durante los seis primeros meses para los nuevos licenciados que se inscriban en los cuatro meses siguientes a la finalizaci\u00f3n de su carrera.<\/p><\/div>\n\t\t\t\t<\/div>\n\t\t\t\t\t\t\t<div class=\"elementor-toggle-item\">\n\t\t\t\t\t<div id=\"elementor-tab-title-97914\" class=\"elementor-tab-title\" data-tab=\"14\" role=\"button\" aria-controls=\"elementor-tab-content-97914\" aria-expanded=\"false\">\n\t\t\t\t\t\t\t\t\t\t\t\t<span class=\"elementor-toggle-icon elementor-toggle-icon-left\" aria-hidden=\"true\">\n\t\t\t\t\t\t\t\t\t\t\t\t\t\t\t<span class=\"elementor-toggle-icon-closed\"><i class=\"fas fa-caret-right\"><\/i><\/span>\n\t\t\t\t\t\t\t\t<span class=\"elementor-toggle-icon-opened\"><i class=\"elementor-toggle-icon-opened fas fa-caret-up\"><\/i><\/span>\n\t\t\t\t\t\t\t\t\t\t\t\t\t<\/span>\n\t\t\t\t\t\t\t\t\t\t\t\t<a class=\"elementor-toggle-title\" tabindex=\"0\">14 - \u00bfEn qu\u00e9 situaciones estoy exento de pagar cuotas de afiliaci\u00f3n?<\/a>\n\t\t\t\t\t<\/div>\n\n\t\t\t\t\t<div id=\"elementor-tab-content-97914\" class=\"elementor-tab-content elementor-clearfix\" data-tab=\"14\" role=\"region\" aria-labelledby=\"elementor-tab-title-97914\"><p>La obligaci\u00f3n de pagar las cuotas de afiliaci\u00f3n s\u00f3lo cesa en caso de suspensi\u00f3n o cancelaci\u00f3n de la afiliaci\u00f3n, ya sea voluntaria o coercitiva.<\/p><\/div>\n\t\t\t\t<\/div>\n\t\t\t\t\t\t\t<div class=\"elementor-toggle-item\">\n\t\t\t\t\t<div id=\"elementor-tab-title-97915\" class=\"elementor-tab-title\" data-tab=\"15\" role=\"button\" aria-controls=\"elementor-tab-content-97915\" aria-expanded=\"false\">\n\t\t\t\t\t\t\t\t\t\t\t\t<span class=\"elementor-toggle-icon elementor-toggle-icon-left\" aria-hidden=\"true\">\n\t\t\t\t\t\t\t\t\t\t\t\t\t\t\t<span class=\"elementor-toggle-icon-closed\"><i class=\"fas fa-caret-right\"><\/i><\/span>\n\t\t\t\t\t\t\t\t<span class=\"elementor-toggle-icon-opened\"><i class=\"elementor-toggle-icon-opened fas fa-caret-up\"><\/i><\/span>\n\t\t\t\t\t\t\t\t\t\t\t\t\t<\/span>\n\t\t\t\t\t\t\t\t\t\t\t\t<a class=\"elementor-toggle-title\" tabindex=\"0\">15 - \u00bfSe puede emitir la factura de las cuotas con los datos de mi empresa?<\/a>\n\t\t\t\t\t<\/div>\n\n\t\t\t\t\t<div id=\"elementor-tab-content-97915\" class=\"elementor-tab-content elementor-clearfix\" data-tab=\"15\" role=\"region\" aria-labelledby=\"elementor-tab-title-97915\"><p>S\u00ed, puede hacerlo. Cuando pague su cuota de afiliaci\u00f3n en su \u00e1rea reservada, en \"Datos de facturaci\u00f3n\", elija una de las siguientes opciones: Propio; Empresario individual; Empresario donde trabaja como fisioterapeuta.<\/p><\/div>\n\t\t\t\t<\/div>\n\t\t\t\t\t\t\t<div class=\"elementor-toggle-item\">\n\t\t\t\t\t<div id=\"elementor-tab-title-97916\" class=\"elementor-tab-title\" data-tab=\"16\" role=\"button\" aria-controls=\"elementor-tab-content-97916\" aria-expanded=\"false\">\n\t\t\t\t\t\t\t\t\t\t\t\t<span class=\"elementor-toggle-icon elementor-toggle-icon-left\" aria-hidden=\"true\">\n\t\t\t\t\t\t\t\t\t\t\t\t\t\t\t<span class=\"elementor-toggle-icon-closed\"><i class=\"fas fa-caret-right\"><\/i><\/span>\n\t\t\t\t\t\t\t\t<span class=\"elementor-toggle-icon-opened\"><i class=\"elementor-toggle-icon-opened fas fa-caret-up\"><\/i><\/span>\n\t\t\t\t\t\t\t\t\t\t\t\t\t<\/span>\n\t\t\t\t\t\t\t\t\t\t\t\t<a class=\"elementor-toggle-title\" tabindex=\"0\">16 - \u00bfPuedo solicitar la modificaci\u00f3n de los datos de facturaci\u00f3n de una factura ya emitida?<\/a>\n\t\t\t\t\t<\/div>\n\n\t\t\t\t\t<div id=\"elementor-tab-content-97916\" class=\"elementor-tab-content elementor-clearfix\" data-tab=\"16\" role=\"region\" aria-labelledby=\"elementor-tab-title-97916\"><p>Puede hacerlo, siempre que lo haga dentro del mismo mes en que se gener\u00f3 la factura que desea modificar. Para ello, debes realizar la solicitud en tu \u00e1rea reservada, en \"Soporte\" y \"Solicitud de soporte\".<\/p><\/div>\n\t\t\t\t<\/div>\n\t\t\t\t\t\t\t<div class=\"elementor-toggle-item\">\n\t\t\t\t\t<div id=\"elementor-tab-title-97917\" class=\"elementor-tab-title\" data-tab=\"17\" role=\"button\" aria-controls=\"elementor-tab-content-97917\" aria-expanded=\"false\">\n\t\t\t\t\t\t\t\t\t\t\t\t<span class=\"elementor-toggle-icon elementor-toggle-icon-left\" aria-hidden=\"true\">\n\t\t\t\t\t\t\t\t\t\t\t\t\t\t\t<span class=\"elementor-toggle-icon-closed\"><i class=\"fas fa-caret-right\"><\/i><\/span>\n\t\t\t\t\t\t\t\t<span class=\"elementor-toggle-icon-opened\"><i class=\"elementor-toggle-icon-opened fas fa-caret-up\"><\/i><\/span>\n\t\t\t\t\t\t\t\t\t\t\t\t\t<\/span>\n\t\t\t\t\t\t\t\t\t\t\t\t<a class=\"elementor-toggle-title\" tabindex=\"0\">17 - \u00bfC\u00f3mo recibir\u00e9 la factura?<\/a>\n\t\t\t\t\t<\/div>\n\n\t\t\t\t\t<div id=\"elementor-tab-content-97917\" class=\"elementor-tab-content elementor-clearfix\" data-tab=\"17\" role=\"region\" aria-labelledby=\"elementor-tab-title-97917\"><p>La factura se enviar\u00e1 a su buz\u00f3n de entrada y estar\u00e1 disponible en su \u00e1rea reservada.<\/p><\/div>\n\t\t\t\t<\/div>\n\t\t\t\t\t\t\t<div class=\"elementor-toggle-item\">\n\t\t\t\t\t<div id=\"elementor-tab-title-97918\" class=\"elementor-tab-title\" data-tab=\"18\" role=\"button\" aria-controls=\"elementor-tab-content-97918\" aria-expanded=\"false\">\n\t\t\t\t\t\t\t\t\t\t\t\t<span class=\"elementor-toggle-icon elementor-toggle-icon-left\" aria-hidden=\"true\">\n\t\t\t\t\t\t\t\t\t\t\t\t\t\t\t<span class=\"elementor-toggle-icon-closed\"><i class=\"fas fa-caret-right\"><\/i><\/span>\n\t\t\t\t\t\t\t\t<span class=\"elementor-toggle-icon-opened\"><i class=\"elementor-toggle-icon-opened fas fa-caret-up\"><\/i><\/span>\n\t\t\t\t\t\t\t\t\t\t\t\t\t<\/span>\n\t\t\t\t\t\t\t\t\t\t\t\t<a class=\"elementor-toggle-title\" tabindex=\"0\">18 - \u00bfPuede deducirse el importe pagado en concepto de cotizaciones en la declaraci\u00f3n anual de la renta?<\/a>\n\t\t\t\t\t<\/div>\n\n\t\t\t\t\t<div id=\"elementor-tab-content-97918\" class=\"elementor-tab-content elementor-clearfix\" data-tab=\"18\" role=\"region\" aria-labelledby=\"elementor-tab-title-97918\"><p>S\u00ed se puede. Los fisioterapeutas que trabajen por cuenta ajena deben declarar el importe de las cuotas de colegiaci\u00f3n abonadas en la casilla 4C del anexo A del modelo 3 de Hacienda, con el c\u00f3digo de gasto 422 (Cuotas de Colegios Profesionales).<\/p><p>Los fisioterapeutas que trabajen por cuenta propia y se acojan al r\u00e9gimen simplificado no tienen que declarar; si llevan una contabilidad organizada, deben informar a su censor jurado de cuentas.<\/p><\/div>\n\t\t\t\t<\/div>\n\t\t\t\t\t\t\t<div class=\"elementor-toggle-item\">\n\t\t\t\t\t<div id=\"elementor-tab-title-97919\" class=\"elementor-tab-title\" data-tab=\"19\" role=\"button\" aria-controls=\"elementor-tab-content-97919\" aria-expanded=\"false\">\n\t\t\t\t\t\t\t\t\t\t\t\t<span class=\"elementor-toggle-icon elementor-toggle-icon-left\" aria-hidden=\"true\">\n\t\t\t\t\t\t\t\t\t\t\t\t\t\t\t<span class=\"elementor-toggle-icon-closed\"><i class=\"fas fa-caret-right\"><\/i><\/span>\n\t\t\t\t\t\t\t\t<span class=\"elementor-toggle-icon-opened\"><i class=\"elementor-toggle-icon-opened fas fa-caret-up\"><\/i><\/span>\n\t\t\t\t\t\t\t\t\t\t\t\t\t<\/span>\n\t\t\t\t\t\t\t\t\t\t\t\t<a class=\"elementor-toggle-title\" tabindex=\"0\">19 - Cuando me jubile, \u00bfseguir\u00e9 pagando cuotas de afiliaci\u00f3n?<\/a>\n\t\t\t\t\t<\/div>\n\n\t\t\t\t\t<div id=\"elementor-tab-content-97919\" class=\"elementor-tab-content elementor-clearfix\" data-tab=\"19\" role=\"region\" aria-labelledby=\"elementor-tab-title-97919\"><p>Los fisioterapeutas que trabajan o desean mantener su licencia profesional deben mantener al d\u00eda sus cuotas de afiliaci\u00f3n. Si no desean mantener su licencia profesional, pueden suspender su afiliaci\u00f3n a la Orden de Fisioterapeutas.<\/p><\/div>\n\t\t\t\t<\/div>\n\t\t\t\t\t\t\t\t<\/div>\n\t\t\t\t\t\t<\/div>\n\t\t\t\t<\/div>\n\t\t\t\t\t<\/div>\n\t\t<\/div>\n\t\t\t\t\t<\/div>\n\t\t<\/section>\n\t\t\t\t<\/div>","protected":false},"excerpt":{"rendered":"<p>Funciones del Colegio 1 - \u00bfCu\u00e1l es la funci\u00f3n del Colegio de Fisioterapeutas? Las funciones del Colegio son: a) Regular el acceso y ejercicio de la profesi\u00f3n; b) Defender los intereses generales de los usuarios de los servicios prestados por sus colegiados, velando y haciendo efectivo el derecho a la salud de los ciudadanos; c) Representar y ... <a title=\"Preguntas frecuentes\" class=\"read-more\" href=\"https:\/\/staging.ordemdosfisioterapeutas.pt\/es\/perguntas-frequentes\/\" aria-label=\"M\u00e1s informaci\u00f3n sobre Preguntas frecuentes\">Seguir leyendo<\/a><\/p>","protected":false},"author":1,"featured_media":0,"parent":0,"menu_order":0,"comment_status":"closed","ping_status":"closed","template":"","meta":{"footnotes":""},"class_list":["post-446","page","type-page","status-publish"],"_links":{"self":[{"href":"https:\/\/staging.ordemdosfisioterapeutas.pt\/es\/wp-json\/wp\/v2\/pages\/446","targetHints":{"allow":["GET"]}}],"collection":[{"href":"https:\/\/staging.ordemdosfisioterapeutas.pt\/es\/wp-json\/wp\/v2\/pages"}],"about":[{"href":"https:\/\/staging.ordemdosfisioterapeutas.pt\/es\/wp-json\/wp\/v2\/types\/page"}],"author":[{"embeddable":true,"href":"https:\/\/staging.ordemdosfisioterapeutas.pt\/es\/wp-json\/wp\/v2\/users\/1"}],"replies":[{"embeddable":true,"href":"https:\/\/staging.ordemdosfisioterapeutas.pt\/es\/wp-json\/wp\/v2\/comments?post=446"}],"version-history":[{"count":0,"href":"https:\/\/staging.ordemdosfisioterapeutas.pt\/es\/wp-json\/wp\/v2\/pages\/446\/revisions"}],"wp:attachment":[{"href":"https:\/\/staging.ordemdosfisioterapeutas.pt\/es\/wp-json\/wp\/v2\/media?parent=446"}],"curies":[{"name":"wp","href":"https:\/\/api.w.org\/{rel}","templated":true}]}}