{"id":5685,"date":"2023-04-17T14:28:22","date_gmt":"2023-04-17T13:28:22","guid":{"rendered":"https:\/\/staging.ordemdosfisioterapeutas.pt\/?page_id=5685"},"modified":"2024-05-16T12:12:49","modified_gmt":"2024-05-16T11:12:49","slug":"fisioterapeutas-com-habilitacoes-obtidas-fora-de-portugal","status":"publish","type":"page","link":"https:\/\/staging.ordemdosfisioterapeutas.pt\/es\/fisioterapeutas-com-habilitacoes-obtidas-fora-de-portugal\/","title":{"rendered":"Fisioterapeutas con t\u00edtulos acad\u00e9micos obtenidos fuera de Portugal"},"content":{"rendered":"<div data-elementor-type=\"wp-page\" data-elementor-id=\"5685\" class=\"elementor elementor-5685\" data-elementor-post-type=\"page\">\n\t\t\t\t\t\t<section class=\"elementor-section elementor-top-section elementor-element elementor-element-15d8a88 elementor-section-boxed elementor-section-height-default elementor-section-height-default\" data-id=\"15d8a88\" data-element_type=\"section\" data-e-type=\"section\">\n\t\t\t\t\t\t<div class=\"elementor-container elementor-column-gap-default\">\n\t\t\t\t\t<div class=\"elementor-column elementor-col-100 elementor-top-column elementor-element elementor-element-70120ba\" data-id=\"70120ba\" data-element_type=\"column\" data-e-type=\"column\">\n\t\t\t<div class=\"elementor-widget-wrap elementor-element-populated\">\n\t\t\t\t\t\t<div class=\"elementor-element elementor-element-54568ec elementor-widget elementor-widget-heading\" data-id=\"54568ec\" data-element_type=\"widget\" data-e-type=\"widget\" data-widget_type=\"heading.default\">\n\t\t\t\t<div class=\"elementor-widget-container\">\n\t\t\t\t\t<h2 class=\"elementor-heading-title elementor-size-default\">T\u00edtulos acad\u00e9micos obtenidos en la Uni\u00f3n Europea<\/h2>\t\t\t\t<\/div>\n\t\t\t\t<\/div>\n\t\t\t\t<div class=\"elementor-element elementor-element-1bb400e elementor-widget__width-initial elementor-widget-tablet__width-initial elementor-widget elementor-widget-text-editor\" data-id=\"1bb400e\" data-element_type=\"widget\" data-e-type=\"widget\" data-widget_type=\"text-editor.default\">\n\t\t\t\t<div class=\"elementor-widget-container\">\n\t\t\t\t\t\t\t\t\t<p>Si ha adquirido sus cualificaciones profesionales en otro pa\u00eds y desea trabajar como fisioterapeuta en Portugal de forma permanente, debe solicitar un permiso de residencia.\u00a0<span style=\"text-decoration: underline;\"><a href=\"https:\/\/europa.eu\/youreurope\/citizens\/work\/professional-qualifications\/european-professional-card\/index_pt.htm\" target=\"_blank\" rel=\"noopener\">Licencia profesional europea<\/a><\/span> (en el caso de ciudadanos con cualificaciones profesionales y acad\u00e9micas completadas en la Uni\u00f3n Europea)\u00a0<\/p><p>Una vez obtenidos estos documentos, debe dirigirse al sitio web de la Orden para\u00a0<span style=\"text-decoration: underline;\"><a href=\"https:\/\/ordemdosfisioterapeutas.pt\/wp-content\/uploads\/2021\/04\/DocumentosNecessariosInscricao.pdf\" target=\"_blank\" rel=\"noopener\">consulta de los requisitos de inscripci\u00f3n<\/a><\/span>.<\/p><p>La inscripci\u00f3n se realiza \u00edntegramente en l\u00ednea en\u00a0<span style=\"text-decoration: underline;\"><a href=\"https:\/\/ordemdosfisioterapeutas.pt\/inscricao-na-ordem-dos-fisioterapeutas\/\" target=\"_blank\" rel=\"noopener\">el sitio web de la Orden<\/a><\/span>.<\/p><p>Si el profesional ya tiene sus cualificaciones profesionales reconocidas en el Estado miembro respectivo y es titular de una tarjeta profesional de fisioterapeuta expedida por la autoridad competente y ha ejercido la profesi\u00f3n durante tres a\u00f1os consecutivos en el territorio donde obtuvo su tarjeta, puede solicitar el CPE.<\/p><p><strong>Procedimiento<\/strong><\/p><p><strong>Licencia profesional europea<\/strong><\/p><p>El pedido se realiza en l\u00ednea a trav\u00e9s del sitio web\u00a0<span style=\"text-decoration: underline;\"><a href=\"https:\/\/europa.eu\/youreurope\/citizens\/work\/professional-qualifications\/european-professional-card\/index_pt.htm\" target=\"_blank\" rel=\"noopener\">SU EUROPA<\/a><\/span>.<\/p><p>El plazo para obtener la Tarjeta Profesional Europea var\u00eda entre 1 y 3 meses, dependiendo de si tiene que enviar documentos adicionales o realizar un examen o unas pr\u00e1cticas (las medidas compensatorias no est\u00e1n incluidas en este plazo).<\/p><p>Antes de rellenar el formulario, consulte la base de datos de\u00a0<span style=\"text-decoration: underline;\"><a href=\"https:\/\/ec.europa.eu\/growth\/tools-databases\/regprof\/index.cfm?action=regprofs&amp;quid=1&amp;mode=desc#bottom\" target=\"_blank\" rel=\"noopener\">Profesiones reguladas por la Comisi\u00f3n Europea<\/a><\/span>\u00a0encontrar el t\u00edtulo oficial de su profesi\u00f3n en la lengua del Estado o Estados miembros en los que est\u00e1 establecido en ingl\u00e9s, espa\u00f1ol, franc\u00e9s o alem\u00e1n. Esta informaci\u00f3n ser\u00e1 necesaria para rellenar el formulario.<\/p><p><strong>Documentaci\u00f3n necesaria para la Tarjeta Profesional Europea<\/strong><\/p><p>1_Certificado Directiva 2005\/36\/CE - Certificado expedido por el organismo regulador que reconoce las cualificaciones acad\u00e9micas<br \/>2_Plan de Estudios y Suplemento al T\u00edtulo - Descripci\u00f3n de la trayectoria acad\u00e9mica.<br \/>3_DNI<br \/>4_Certificado de honorabilidad - Certificado que acredita la inscripci\u00f3n profesional y la buena conducta profesional<br \/>5_Diploma de Formaci\u00f3n para el Acceso a la Pr\u00e1ctica Profesional<br \/>6_Certificado de Aptitud en Lengua Portuguesa - Nivel m\u00ednimo B2;<br \/>7_Clinical Education\/Practice in the Context of Your Entry Level Diploma - Obligatorio;<br \/>8_\u00c1reas principales de competencias - Obligatorio;<br \/>9_Educaci\u00f3n\/Pr\u00e1ctica Cl\u00ednica en el Contexto de la Educaci\u00f3n de Postgrado - Optativo;<br \/>10_Educaci\u00f3n\/Pr\u00e1ctica Cl\u00ednica en el Contexto de la Experiencia Profesional - Optativo;<br \/>11_\u00c1reas B\u00e1sicas de Competencias en el Contexto de la Educaci\u00f3n de Postgrado - Optativo.<\/p><p><strong>Inscripci\u00f3n en el Colegio de Fisioterapeutas<\/strong><\/p><p>Una vez que haya obtenido su Licencia Profesional Europea, deber\u00e1<\/p><ul><li>Acceda a\u00a0<span style=\"text-decoration: underline;\"><a href=\"https:\/\/ordemdosfisioterapeutas.pt\/inscricao-na-ordem-dos-fisioterapeutas\/\" target=\"_blank\" rel=\"noopener\">el sitio web de la Orden<\/a><\/span><\/li><li>Consulte el\u00a0<span style=\"text-decoration: underline;\"><a href=\"https:\/\/ordemdosfisioterapeutas.pt\/wp-content\/uploads\/2021\/04\/DocumentosNecessariosInscricao.pdf\" target=\"_blank\" rel=\"noopener\">documentos necesarios<\/a><\/span> para la inscripci\u00f3n<\/li><li>Acceda a\u00a0<span style=\"text-decoration: underline;\"><a href=\"https:\/\/portal.ordemdosfisioterapeutas.pt\/\" target=\"_blank\" rel=\"noopener\">Formulario en l\u00ednea <\/a><\/span>para iniciar el registro<\/li><\/ul><p>Una vez superado el proceso de registro, recibir\u00e1 su licencia y podr\u00e1 empezar a ejercer legalmente su profesi\u00f3n en Portugal.<\/p><p>Este proceso dura una media de 30 d\u00edas si el solicitante no tiene que hacer ninguna correcci\u00f3n.<\/p><p><strong>Motivos de denegaci\u00f3n<\/strong><\/p><ul><li>Falta de educaci\u00f3n superior en virtud de los puntos\u00a0<em>a<\/em>) a\u00a0<em>c<\/em>) del apartado 1;<\/li><li>Cuando el interesado haya sido inhabilitado o suspendido para el ejercicio de la profesi\u00f3n, conforme a la ley, o por una infracci\u00f3n penal, administrativa o disciplinaria.<\/li><\/ul><p><strong>\u00bfCU\u00c1L ES EL COSTE TOTAL?<\/strong><\/p><ol><li>El coste del tr\u00e1mite de la Tarjeta Profesional Europea es de 60 euros.<\/li><li>El coste de adhesi\u00f3n a la Orden es de:<\/li><\/ol><ul><li>50 euros presentaci\u00f3n de la solicitud<\/li><li>100 euros de aprobaci\u00f3n de la solicitud.<\/li><\/ul><p><strong>LEGALES, DENEGACIONES, IMPUGNACIONES, RECLAMACIONES<\/strong><\/p><p>Legislaci\u00f3n<\/p><p><span style=\"text-decoration: underline;\"><a href=\"https:\/\/files.dre.pt\/1s\/2019\/09\/18700\/0000300036.pdf\" target=\"_blank\" rel=\"noopener\">Ley n\u00ba 122\/2019, de 30 de septiembre<\/a><\/span>: Crea la Orden de Fisioterapeutas y aprueba el Estatuto respectivo.<\/p><p><a href=\"https:\/\/dre.pt\/application\/file\/205931318\" target=\"_blank\" rel=\"noopener\"><span style=\"text-decoration: underline;\">Reglamento 19\/2023<\/span> -<\/a>el Reglamento de Registro de la Orden de Fisioterapeutas, y Declaraci\u00f3n de Rectificaci\u00f3n al Reglamento de Registro - no. 580\/2021<\/p><p><a href=\"https:\/\/dre.pt\/application\/file\/205869771\" target=\"_blank\" rel=\"noopener\"><span style=\"text-decoration: underline;\">Reglamento n\u00ba 16\/2023 - Reglamento de cuotas y tasas<\/span><\/a><u>:<\/u>\u00a0Establece el Reglamento de Honorarios del Colegio de Fisioterapeutas<\/p><p><span style=\"text-decoration: underline;\"><a href=\"https:\/\/data.dre.pt\/eli\/lei\/9\/2009\/p\/cons\/20170530\/pt\/html\" target=\"_blank\" rel=\"noopener\">Ley n\u00ba 9\/2009 de 4 de marzo en su redacci\u00f3n actual<\/a><\/span>por la que se transpone al Derecho nacional la Directiva 2005\/36\/CE del Parlamento Europeo y del Consejo, de 7 de septiembre de 2005, relativa al reconocimiento de cualificaciones profesionales<\/p><p><strong>Motivos de denegaci\u00f3n<\/strong><\/p><ul><li>Impago de la tasa de solicitud\/notificaci\u00f3n<\/li><li>Incumplimiento de los requisitos t\u00e9cnicos<\/li><li>El solicitante no presenta los documentos o la informaci\u00f3n requeridos, tras la insistencia de la autoridad competente.<\/li><li>El solicitante no asiste a la formaci\u00f3n o a la prueba de aptitud, tras la insistencia de la autoridad competente.<\/li><li>El solicitante presenta documentos falsos<\/li><li>El solicitante retira su solicitud.<\/li><\/ul><p><strong>Medios de impugnaci\u00f3n\/queja al Defensor del Pueblo<\/strong><\/p><ul><li>Reclamaci\u00f3n al Defensor del Pueblo<\/li><li>Quejas<\/li><li><a href=\"https:\/\/ec.europa.eu\/solvit\/contact\/index_pt.htm#contact_pt\" target=\"_blank\" rel=\"noopener\"><span style=\"text-decoration: underline;\">Centro SOLVIT en Portugal<\/span><\/a><\/li><li>Solicitar un recurso judicial de derecho interno de conformidad con el\u00a0<span style=\"text-decoration: underline;\"><a href=\"https:\/\/data.dre.pt\/eli\/lei\/9\/2009\/03\/04\/p\/dre\/pt\/html\" target=\"_blank\" rel=\"noopener\">Art\u00edculo 46 de la Ley 9\/2009<\/a><\/span>en su redacci\u00f3n actual, en caso de que no se adopte una decisi\u00f3n en el plazo previsto<\/li><li>Presente una denuncia ante el Tribunal de Justicia de la Uni\u00f3n Europea (TJUE), que vela por que el Derecho europeo se interprete y aplique de la misma manera en todos los pa\u00edses de la UE y por que las instituciones y los pa\u00edses de la UE respeten el Derecho europeo.<\/li><\/ul>\t\t\t\t\t\t\t\t<\/div>\n\t\t\t\t<\/div>\n\t\t\t\t\t<\/div>\n\t\t<\/div>\n\t\t\t\t\t<\/div>\n\t\t<\/section>\n\t\t\t\t<section class=\"elementor-section elementor-top-section elementor-element elementor-element-eaf714f elementor-section-boxed elementor-section-height-default elementor-section-height-default\" data-id=\"eaf714f\" data-element_type=\"section\" data-e-type=\"section\">\n\t\t\t\t\t\t<div class=\"elementor-container elementor-column-gap-default\">\n\t\t\t\t\t<div class=\"elementor-column elementor-col-100 elementor-top-column elementor-element elementor-element-5baa85f\" data-id=\"5baa85f\" data-element_type=\"column\" data-e-type=\"column\">\n\t\t\t<div class=\"elementor-widget-wrap elementor-element-populated\">\n\t\t\t\t\t\t<div class=\"elementor-element elementor-element-0b877ab elementor-widget elementor-widget-heading\" data-id=\"0b877ab\" data-element_type=\"widget\" data-e-type=\"widget\" data-widget_type=\"heading.default\">\n\t\t\t\t<div class=\"elementor-widget-container\">\n\t\t\t\t\t<h2 class=\"elementor-heading-title elementor-size-default\">T\u00edtulos acad\u00e9micos obtenidos fuera de la Uni\u00f3n Europea<\/h2>\t\t\t\t<\/div>\n\t\t\t\t<\/div>\n\t\t\t\t<div class=\"elementor-element elementor-element-9b93dae elementor-widget elementor-widget-text-editor\" data-id=\"9b93dae\" data-element_type=\"widget\" data-e-type=\"widget\" data-widget_type=\"text-editor.default\">\n\t\t\t\t<div class=\"elementor-widget-container\">\n\t\t\t\t\t\t\t\t\t<p>Si adquiri\u00f3 sus cualificaciones profesionales en otro pa\u00eds y desea trabajar como fisioterapeuta en Portugal con car\u00e1cter permanente, deber\u00e1 solicitar el reconocimiento espec\u00edfico de su titulaci\u00f3n acad\u00e9mica en una Instituci\u00f3n P\u00fablica de Ense\u00f1anza Superior portuguesa o a trav\u00e9s del\u00a0<span style=\"text-decoration: underline;\"><a href=\"https:\/\/www.dges.gov.pt\/pt\/pagina\/reconhecimento\" target=\"_blank\" rel=\"noopener\">DGES<\/a><\/span>.<\/p><p>Una vez obtenidos estos documentos, debe dirigirse al sitio web de la Orden para\u00a0<span style=\"text-decoration: underline;\"><a href=\"https:\/\/ordemdosfisioterapeutas.pt\/wp-content\/uploads\/2021\/04\/DocumentosNecessariosInscricao.pdf\" target=\"_blank\" rel=\"noopener\">consulta de los requisitos de inscripci\u00f3n<\/a><\/span>.<\/p><p>La inscripci\u00f3n se realiza \u00edntegramente en l\u00ednea en\u00a0<span style=\"text-decoration: underline;\"><a href=\"https:\/\/ordemdosfisioterapeutas.pt\/inscricao-na-ordem-dos-fisioterapeutas\/\" target=\"_blank\" rel=\"noopener\">el sitio web de la Orden<\/a><\/span>.<\/p>\t\t\t\t\t\t\t\t<\/div>\n\t\t\t\t<\/div>\n\t\t\t\t<div class=\"elementor-element elementor-element-8047336 elementor-widget elementor-widget-heading\" data-id=\"8047336\" data-element_type=\"widget\" data-e-type=\"widget\" data-widget_type=\"heading.default\">\n\t\t\t\t<div class=\"elementor-widget-container\">\n\t\t\t\t\t<h2 class=\"elementor-heading-title elementor-size-default\">Fisioterapeuta - Prestaci\u00f3n de servicios temporales y ocasionales en Portugal (Primer tramo)<\/h2>\t\t\t\t<\/div>\n\t\t\t\t<\/div>\n\t\t\t\t<div class=\"elementor-element elementor-element-0d068c8 elementor-widget elementor-widget-text-editor\" data-id=\"0d068c8\" data-element_type=\"widget\" data-e-type=\"widget\" data-widget_type=\"text-editor.default\">\n\t\t\t\t<div class=\"elementor-widget-container\">\n\t\t\t\t\t\t\t\t\t<p><strong>Titulaci\u00f3n obtenida en un pa\u00eds de la Uni\u00f3n Europea<\/strong><\/p><p>Si adquiri\u00f3 sus cualificaciones profesionales en un pa\u00eds de la Uni\u00f3n Europea y desea trabajar temporal u ocasionalmente como fisioterapeuta en Portugal, deber\u00e1 solicitar la Tarjeta Profesional Europea (en el caso de ciudadanos con cualificaciones profesionales y acad\u00e9micas obtenidas en Europa) con car\u00e1cter temporal u ocasional.<\/p><p><span style=\"text-decoration: underline;\"><a href=\"https:\/\/europa.eu\/youreurope\/citizens\/work\/professional-qualifications\/european-professional-card\/index_pt.htm\" target=\"_blank\" rel=\"noopener\">https:\/\/europa.eu\/youreurope\/citizens\/work\/professional-qualifications\/european-professional-card\/index_pt.htm<\/a><\/span><\/p><p><strong>Licencia profesional europea<\/strong><\/p><p><span style=\"text-decoration: underline;\"><a href=\"https:\/\/europa.eu\/youreurope\/citizens\/work\/professional-qualifications\/european-professional-card\/index_pt.htm\" target=\"_blank\" rel=\"noopener\">https:\/\/europa.eu\/youreurope\/citizens\/work\/professional-qualifications\/european-professional-card\/index_pt.htm<\/a><\/span><\/p><p>Procedimiento<\/p><p>Puede hacer su pedido en l\u00ednea a trav\u00e9s del sitio web Tu Europa:<\/p><p><span style=\"text-decoration: underline;\"><a href=\"https:\/\/europa.eu\/youreurope\/citizens\/work\/professional-qualifications\/european-professional-card\/index_pt.htm\" target=\"_blank\" rel=\"noopener\">https:\/\/europa.eu\/youreurope\/citizens\/work\/professional-qualifications\/european-professional-card\/index_pt.htm<\/a><\/span><\/p><p>El plazo de expedici\u00f3n de estas autorizaciones var\u00eda entre 1 y 3 meses, en funci\u00f3n de la necesidad de enviar documentos adicionales o aclaraciones.<\/p><p>Antes de rellenar el formulario, consulte el<span style=\"text-decoration: underline;\"> <a href=\"https:\/\/ec.europa.eu\/growth\/tools-databases\/regprof\/index.cfm?action=regprofs&amp;quid=2&amp;mode=asc#bottom\" target=\"_blank\" rel=\"noopener\">la base de datos de profesiones reguladas de la Comisi\u00f3n Europea<\/a><\/span> encontrar el t\u00edtulo de su profesi\u00f3n en la lengua del Estado o Estados miembros en los que est\u00e1 establecido, en ingl\u00e9s, espa\u00f1ol, franc\u00e9s o alem\u00e1n. Esta informaci\u00f3n ser\u00e1 necesaria para rellenar el formulario.<\/p><p>El CPE en Servicios Temporales y Ocasionales tiene una duraci\u00f3n de 18 meses tras su aprobaci\u00f3n.<\/p><p>\u00bfQU\u00c9 SE NECESITA?<\/p><p>Documentos<\/p><p>1_ Prueba de nacionalidad<br \/>2_ T\u00edtulos de formaci\u00f3n o competencias profesionales<br \/>3_ Prueba de establecimiento legal<br \/>4_ Experiencia profesional<br \/>5_ Justificante de seguro<br \/>6_ Prueba de honorabilidad, buena conducta o ausencia de quiebra<\/p><p><strong>\u00bfCU\u00c1L ES EL COSTE TOTAL?<\/strong><\/p><p>El proceso cuesta 60 euros.<\/p><p>LEGALES, DENEGACIONES, IMPUGNACIONES, RECLAMACIONES<\/p><p>Legislaci\u00f3n<\/p><p><span style=\"text-decoration: underline;\"><a href=\"https:\/\/files.dre.pt\/1s\/2019\/09\/18700\/0000300036.pdf\" target=\"_blank\" rel=\"noopener\">Ley n\u00ba 122\/2019, de 30 de septiembre<\/a><\/span>: Crea la Orden de Fisioterapeutas y aprueba el Estatuto respectivo.<\/p><p><a href=\"https:\/\/dre.pt\/application\/file\/205931318\" target=\"_blank\" rel=\"noopener\"><span style=\"text-decoration: underline;\">Reglamento 19\/2023<\/span> -<\/a>el Reglamento de Registro de la Orden de Fisioterapeutas, y Declaraci\u00f3n de Rectificaci\u00f3n al Reglamento de Registro - no. 580\/2021<\/p><p><a href=\"https:\/\/dre.pt\/application\/file\/205869771\" target=\"_blank\" rel=\"noopener\"><span style=\"text-decoration: underline;\">Reglamento n\u00ba 16\/2023 - Reglamento de cuotas y tasas<\/span><\/a><u>:<\/u> Establece el Reglamento de Honorarios del Colegio de Fisioterapeutas<\/p><p><span style=\"text-decoration: underline;\"><a href=\"https:\/\/data.dre.pt\/eli\/lei\/9\/2009\/p\/cons\/20170530\/pt\/html\" target=\"_blank\" rel=\"noopener\">Ley n\u00ba 9\/2009 de 4 de marzo en su redacci\u00f3n actual<\/a><\/span>por la que se transpone al Derecho nacional la Directiva 2005\/36\/CE del Parlamento Europeo y del Consejo, de 7 de septiembre de 2005, relativa al reconocimiento de cualificaciones profesionales<\/p><p>Motivos de denegaci\u00f3n<\/p><ul><li>Impago de la tasa de solicitud\/notificaci\u00f3n<\/li><li>Incumplimiento de los requisitos t\u00e9cnicos<\/li><li>El solicitante no presenta los documentos o la informaci\u00f3n requeridos, tras la insistencia de la autoridad competente.<\/li><li>El solicitante no asiste a la formaci\u00f3n o a la prueba de aptitud, tras la insistencia de la autoridad competente.<\/li><li>El solicitante presenta documentos falsos<\/li><li>El solicitante retira su solicitud.<\/li><\/ul><p>Medios de impugnaci\u00f3n\/queja al Defensor del Pueblo<\/p><ul><li><a href=\"https:\/\/ec.europa.eu\/solvit\/contact\/index_pt.htm#contact_pt\" target=\"_blank\" rel=\"noopener\"><span style=\"text-decoration: underline;\">Centro SOLVIT en Portugal<\/span><\/a><\/li><li>emprender acciones legales en virtud del Derecho interno de conformidad con la <span style=\"text-decoration: underline;\"><a href=\"https:\/\/data.dre.pt\/eli\/lei\/9\/2009\/03\/04\/p\/dre\/pt\/html\" target=\"_blank\" rel=\"noopener\">Art\u00edculo 46 de la Ley 9\/2009<\/a><\/span>en su redacci\u00f3n actual, en caso de que no se llegue a una decisi\u00f3n en el plazo establecido;<\/li><li>Presente una denuncia ante el Tribunal de Justicia de la Uni\u00f3n Europea (TJUE), que vela por que el Derecho europeo se interprete y aplique de la misma manera en todos los pa\u00edses de la UE y por que las instituciones y los pa\u00edses de la UE respeten el Derecho europeo.<\/li><\/ul><p><strong>Titulaciones obtenidas en un pa\u00eds no perteneciente a la Uni\u00f3n Europea<\/strong><\/p><p>Si adquiri\u00f3 sus cualificaciones profesionales en otro pa\u00eds no perteneciente a la Uni\u00f3n Europea, deber\u00e1 rellenar el formulario que figura en nuestro sitio web (anexo 1) y presentar los documentos solicitados. A continuaci\u00f3n se analizar\u00e1 el proceso y se tomar\u00e1 una decisi\u00f3n. Si se aprueba, se expedir\u00e1 un certificado en el que se indicar\u00e1 el momento de la aprobaci\u00f3n para el servicio temporal u ocasional aprobado.<\/p><p><strong>Documentos a presentar:<\/strong><\/p><ul><li>Documento de identidad<\/li><li>Good Standing v\u00e1lido durante 3 meses_ certificado que acredite la inscripci\u00f3n profesional y la buena conducta profesional<\/li><li>Certificado de cualificaci\u00f3n o t\u00edtulo con traducci\u00f3n jurada<\/li><li>Documento acreditativo de la experiencia profesional.<\/li><li>Justificante de seguro de responsabilidad civil profesional<\/li><li>Documento acreditativo de la prestaci\u00f3n continuada de servicios temporales y ocasionales.<\/li><li>Formulario de pedido cumplimentado (anexo 2).<\/li><\/ul>\t\t\t\t\t\t\t\t<\/div>\n\t\t\t\t<\/div>\n\t\t\t\t\t<\/div>\n\t\t<\/div>\n\t\t\t\t\t<\/div>\n\t\t<\/section>\n\t\t<div class=\"elementor-element elementor-element-2b71e5d e-flex e-con-boxed e-con e-parent\" data-id=\"2b71e5d\" data-element_type=\"container\" data-e-type=\"container\">\n\t\t\t\t\t<div class=\"e-con-inner\">\n\t\t<div class=\"elementor-element elementor-element-6f3694a e-flex e-con-boxed e-con e-child\" data-id=\"6f3694a\" data-element_type=\"container\" data-e-type=\"container\">\n\t\t\t\t\t<div class=\"e-con-inner\">\n\t\t\t\t<div class=\"elementor-element elementor-element-bb51b46 elementor-widget elementor-widget-button\" data-id=\"bb51b46\" data-element_type=\"widget\" data-e-type=\"widget\" data-widget_type=\"button.default\">\n\t\t\t\t<div class=\"elementor-widget-container\">\n\t\t\t\t\t\t\t\t\t<div class=\"elementor-button-wrapper\">\n\t\t\t\t\t<a class=\"elementor-button elementor-button-link elementor-size-sm\" href=\"https:\/\/staging.ordemdosfisioterapeutas.pt\/es\/mapa-balcao-unico\/\">\n\t\t\t\t\t\t<span class=\"elementor-button-content-wrapper\">\n\t\t\t\t\t\t<span class=\"elementor-button-icon\">\n\t\t\t\t<i aria-hidden=\"true\" class=\"fas fa-map-marked-alt\"><\/i>\t\t\t<\/span>\n\t\t\t\t\t\t\t\t\t<span class=\"elementor-button-text\">Mapa de la ventanilla \u00fanica<\/span>\n\t\t\t\t\t<\/span>\n\t\t\t\t\t<\/a>\n\t\t\t\t<\/div>\n\t\t\t\t\t\t\t\t<\/div>\n\t\t\t\t<\/div>\n\t\t\t\t\t<\/div>\n\t\t\t\t<\/div>\n\t\t\t\t\t<\/div>\n\t\t\t\t<\/div>\n\t\t\t\t<\/div>","protected":false},"excerpt":{"rendered":"<p>T\u00edtulos acad\u00e9micos obtenidos en la Uni\u00f3n Europea Si adquiri\u00f3 sus cualificaciones profesionales en otro pa\u00eds y desea trabajar como fisioterapeuta en Portugal de forma permanente, deber\u00e1 solicitar la Tarjeta Profesional Europea (en el caso de ciudadanos con cualificaciones profesionales y acad\u00e9micas obtenidas en la Uni\u00f3n Europea) Tras obtener estos documentos, deber\u00e1 acceder a la p\u00e1gina web de la Orden ... <a title=\"Fisioterapeutas con t\u00edtulos acad\u00e9micos obtenidos fuera de Portugal\" class=\"read-more\" href=\"https:\/\/staging.ordemdosfisioterapeutas.pt\/es\/fisioterapeutas-com-habilitacoes-obtidas-fora-de-portugal\/\" aria-label=\"Leer m\u00e1s sobre Fisioterapeutas con t\u00edtulos acad\u00e9micos obtenidos fuera de Portugal\">Seguir leyendo<\/a><\/p>","protected":false},"author":1,"featured_media":0,"parent":0,"menu_order":0,"comment_status":"closed","ping_status":"closed","template":"","meta":{"footnotes":""},"class_list":["post-5685","page","type-page","status-publish"],"_links":{"self":[{"href":"https:\/\/staging.ordemdosfisioterapeutas.pt\/es\/wp-json\/wp\/v2\/pages\/5685","targetHints":{"allow":["GET"]}}],"collection":[{"href":"https:\/\/staging.ordemdosfisioterapeutas.pt\/es\/wp-json\/wp\/v2\/pages"}],"about":[{"href":"https:\/\/staging.ordemdosfisioterapeutas.pt\/es\/wp-json\/wp\/v2\/types\/page"}],"author":[{"embeddable":true,"href":"https:\/\/staging.ordemdosfisioterapeutas.pt\/es\/wp-json\/wp\/v2\/users\/1"}],"replies":[{"embeddable":true,"href":"https:\/\/staging.ordemdosfisioterapeutas.pt\/es\/wp-json\/wp\/v2\/comments?post=5685"}],"version-history":[{"count":0,"href":"https:\/\/staging.ordemdosfisioterapeutas.pt\/es\/wp-json\/wp\/v2\/pages\/5685\/revisions"}],"wp:attachment":[{"href":"https:\/\/staging.ordemdosfisioterapeutas.pt\/es\/wp-json\/wp\/v2\/media?parent=5685"}],"curies":[{"name":"wp","href":"https:\/\/api.w.org\/{rel}","templated":true}]}}