{"id":7151,"date":"2024-08-18T19:21:28","date_gmt":"2024-08-18T18:21:28","guid":{"rendered":"https:\/\/staging.ordemdosfisioterapeutas.pt\/?page_id=7151"},"modified":"2024-08-18T19:23:34","modified_gmt":"2024-08-18T18:23:34","slug":"representacao-nacional","status":"publish","type":"page","link":"https:\/\/staging.ordemdosfisioterapeutas.pt\/es\/representacao-nacional\/","title":{"rendered":"Representaci\u00f3n nacional"},"content":{"rendered":"<div data-elementor-type=\"wp-page\" data-elementor-id=\"7151\" class=\"elementor elementor-7151\" data-elementor-post-type=\"page\">\n\t\t\t\t<div class=\"elementor-element elementor-element-c0d1944 e-flex e-con-boxed e-con e-parent\" data-id=\"c0d1944\" data-element_type=\"container\" data-e-type=\"container\">\n\t\t\t\t\t<div class=\"e-con-inner\">\n\t\t\t\t<div class=\"elementor-element elementor-element-42c3ceb elementor-widget elementor-widget-text-editor\" data-id=\"42c3ceb\" data-element_type=\"widget\" data-e-type=\"widget\" data-widget_type=\"text-editor.default\">\n\t\t\t\t<div class=\"elementor-widget-container\">\n\t\t\t\t\t\t\t\t\t<p>La Orden de Fisioterapeutas desempe\u00f1a un papel activo en diversas organizaciones nacionales, reforzando la presencia y la influencia de la fisioterapia en Portugal. Estas representaciones permiten a la Orden colaborar y contribuir al desarrollo de pol\u00edticas p\u00fablicas y normas sanitarias en el pa\u00eds, asegurando que la voz de los Fisioterapeutas sea escuchada en los m\u00e1s diversos foros. La Orden es miembro de las siguientes organizaciones nacionales:<\/p><ul><li><a href=\"https:\/\/cnop.pt\/\" target=\"_blank\" rel=\"noopener\"><span style=\"text-decoration: underline;\">Consejo Nacional de Colegios Profesionales<\/span><\/a><span style=\"text-decoration: underline;\"> (CNOP)<\/span><\/li><li><span style=\"text-decoration: underline;\"><a href=\"https:\/\/www.cns.min-saude.pt\/\" target=\"_blank\" rel=\"noopener\">Consejo Nacional de Salud<\/a> (CNS)<\/span><\/li><li><span style=\"text-decoration: underline;\"><a href=\"https:\/\/www.ipq.pt\/\" target=\"_blank\" rel=\"noopener\">Instituto Portugu\u00e9s de Calidad<\/a> (IPQ)<\/span><\/li><li><span style=\"text-decoration: underline;\"><a href=\"https:\/\/pactoparaoclima.portodigital.pt\/?p=9046\" target=\"_blank\" rel=\"noopener\">Consejo Portugu\u00e9s de Salud y Medio Ambiente<\/a> (CPSA)<\/span><\/li><\/ul>\t\t\t\t\t\t\t\t<\/div>\n\t\t\t\t<\/div>\n\t\t\t\t\t<\/div>\n\t\t\t\t<\/div>\n\t\t\t\t<\/div>","protected":false},"excerpt":{"rendered":"<p>El Colegio de Fisioterapeutas desempe\u00f1a un papel activo en diversas organizaciones nacionales, reforzando la presencia y la influencia de la fisioterapia en Portugal. Estas representaciones permiten a la Orden colaborar y contribuir al desarrollo de pol\u00edticas p\u00fablicas y normas sanitarias en el pa\u00eds, asegurando que la voz de los Fisioterapeutas sea escuchada en los m\u00e1s diversos foros. A ... <a title=\"Representaci\u00f3n nacional\" class=\"read-more\" href=\"https:\/\/staging.ordemdosfisioterapeutas.pt\/es\/representacao-nacional\/\" aria-label=\"M\u00e1s informaci\u00f3n sobre la representaci\u00f3n nacional\">Seguir leyendo<\/a><\/p>","protected":false},"author":1,"featured_media":0,"parent":0,"menu_order":0,"comment_status":"closed","ping_status":"closed","template":"","meta":{"footnotes":""},"class_list":["post-7151","page","type-page","status-publish"],"_links":{"self":[{"href":"https:\/\/staging.ordemdosfisioterapeutas.pt\/es\/wp-json\/wp\/v2\/pages\/7151","targetHints":{"allow":["GET"]}}],"collection":[{"href":"https:\/\/staging.ordemdosfisioterapeutas.pt\/es\/wp-json\/wp\/v2\/pages"}],"about":[{"href":"https:\/\/staging.ordemdosfisioterapeutas.pt\/es\/wp-json\/wp\/v2\/types\/page"}],"author":[{"embeddable":true,"href":"https:\/\/staging.ordemdosfisioterapeutas.pt\/es\/wp-json\/wp\/v2\/users\/1"}],"replies":[{"embeddable":true,"href":"https:\/\/staging.ordemdosfisioterapeutas.pt\/es\/wp-json\/wp\/v2\/comments?post=7151"}],"version-history":[{"count":0,"href":"https:\/\/staging.ordemdosfisioterapeutas.pt\/es\/wp-json\/wp\/v2\/pages\/7151\/revisions"}],"wp:attachment":[{"href":"https:\/\/staging.ordemdosfisioterapeutas.pt\/es\/wp-json\/wp\/v2\/media?parent=7151"}],"curies":[{"name":"wp","href":"https:\/\/api.w.org\/{rel}","templated":true}]}}