{"id":7156,"date":"2024-08-18T19:24:50","date_gmt":"2024-08-18T18:24:50","guid":{"rendered":"https:\/\/staging.ordemdosfisioterapeutas.pt\/?page_id=7156"},"modified":"2024-08-21T10:32:21","modified_gmt":"2024-08-21T09:32:21","slug":"representacao-internacional","status":"publish","type":"page","link":"https:\/\/staging.ordemdosfisioterapeutas.pt\/es\/representacao-internacional\/","title":{"rendered":"Representaci\u00f3n internacional"},"content":{"rendered":"<div data-elementor-type=\"wp-page\" data-elementor-id=\"7156\" class=\"elementor elementor-7156\" data-elementor-post-type=\"page\">\n\t\t\t\t<div class=\"elementor-element elementor-element-b8a05d6 e-flex e-con-boxed e-con e-parent\" data-id=\"b8a05d6\" data-element_type=\"container\" data-e-type=\"container\">\n\t\t\t\t\t<div class=\"e-con-inner\">\n\t\t\t\t<div class=\"elementor-element elementor-element-be2fd03 elementor-widget elementor-widget-text-editor\" data-id=\"be2fd03\" data-element_type=\"widget\" data-e-type=\"widget\" data-widget_type=\"text-editor.default\">\n\t\t\t\t<div class=\"elementor-widget-container\">\n\t\t\t\t\t\t\t\t\t<p>La Orden de Fisioterapeutas est\u00e1 afiliada a varias organizaciones internacionales, lo que subraya tanto la identidad y autonom\u00eda propias de la profesi\u00f3n como su integraci\u00f3n en una red mundial de contactos y recursos. Desde enero de 2023, la Orden es miembro de World Physiotherapy, de la Europe Region of World Physiotherapy y de EurHeCA - European Health Professionals' Competent Authorities. Estas afiliaciones permiten a la Orden participar en debates globales sobre pr\u00e1cticas, pol\u00edticas y desarrollos en Fisioterapia, as\u00ed como formar parte de grupos especializados que promueven la colaboraci\u00f3n y el avance de la profesi\u00f3n a nivel internacional. La Orden est\u00e1 afiliada a las siguientes organizaciones:<\/p>\n<ul>\n<li><span style=\"text-decoration: underline;\"><a href=\"https:\/\/world.physio\/\">Fisioterapia mundial<\/a> <\/span>(WP)<\/li>\n<li><span style=\"text-decoration: underline;\"><a href=\"https:\/\/world.physio\/specialtygroups\">Grupos de especialidad de Fisioterapia Mundial:<\/a>&nbsp;<\/span>Fisioterapeutas internacionales para VIH\/SIDA, Oncolog\u00eda, Hospicios y Cuidados Paliativos (<span style=\"text-decoration: underline;\"><a href=\"https:\/\/world.physio\/subgroups\/hiv-aids-oncology-hospice-palliative\">IPT-HOPE<\/a><\/span>), Organizaci\u00f3n Internacional de Fisioterapeutas Acu\u00e1ticos (<a href=\"https:\/\/world.physio\/subgroups\/aquatic\"><span>IOAPT<\/span><\/a>), Organizaci\u00f3n Internacional de Fisioterapia en Salud Mental (<a href=\"https:\/\/world.physio\/subgroups\/mental-health\"><span>IOPTMH<\/span><\/a>), la Asociaci\u00f3n Internacional de Fisioterapia Neurol\u00f3gica (<span style=\"text-decoration: underline;\"><a href=\"https:\/\/world.physio\/subgroups\/neurological\">INPA<\/a>)<\/span>Organizaci\u00f3n Internacional de Fisioterapeutas en Pediatr\u00eda (<span style=\"text-decoration: underline;\"><a href=\"https:\/\/world.physio\/subgroups\/paediatrics\">IOPTP<\/a><\/span>), la Federaci\u00f3n Internacional de Fisioterapeutas que trabajan en Salud Laboral y Ergonom\u00eda (<span style=\"text-decoration: underline;\"><a href=\"https:\/\/world.physio\/subgroups\/occupational-health-ergonomics\">IFPTOHE<\/a><\/span>), Asociaci\u00f3n Internacional de Fisioterapeutas que trabajan con Personas Mayores (<span style=\"text-decoration: underline;\"><a href=\"https:\/\/world.physio\/subgroups\/older-people\">IPTOP<\/a><\/span>)<\/li>\n<li><a href=\"https:\/\/www.erwcpt.eu\/\"><span style=\"text-decoration: underline;\">Regi\u00f3n europea de la fisioterapia mundial<\/span> <\/a>(ER-WCPT)<\/li>\n<li><span style=\"text-decoration: underline;\"><a href=\"https:\/\/www.eurheca.eu\/en\/113-eurheca-en\">EurHeCA - Autoridades competentes de los profesionales sanitarios europeos<\/a><\/span><\/li>\n<\/ul>\t\t\t\t\t\t\t\t<\/div>\n\t\t\t\t<\/div>\n\t\t\t\t\t<\/div>\n\t\t\t\t<\/div>\n\t\t\t\t<\/div>","protected":false},"excerpt":{"rendered":"<p>La Orden de Fisioterapeutas est\u00e1 afiliada a varias organizaciones internacionales, lo que subraya tanto la identidad y autonom\u00eda propias de la profesi\u00f3n como su integraci\u00f3n en una red mundial de contactos y recursos. Desde enero de 2023, la Orden es miembro de World Physiotherapy, de la Europe Region of World Physiotherapy y de EurHeCA - European Health... <a title=\"Representaci\u00f3n internacional\" class=\"read-more\" href=\"https:\/\/staging.ordemdosfisioterapeutas.pt\/es\/representacao-internacional\/\" aria-label=\"M\u00e1s informaci\u00f3n sobre la representaci\u00f3n internacional\">Seguir leyendo<\/a><\/p>","protected":false},"author":1,"featured_media":0,"parent":0,"menu_order":0,"comment_status":"closed","ping_status":"closed","template":"","meta":{"footnotes":""},"class_list":["post-7156","page","type-page","status-publish"],"_links":{"self":[{"href":"https:\/\/staging.ordemdosfisioterapeutas.pt\/es\/wp-json\/wp\/v2\/pages\/7156","targetHints":{"allow":["GET"]}}],"collection":[{"href":"https:\/\/staging.ordemdosfisioterapeutas.pt\/es\/wp-json\/wp\/v2\/pages"}],"about":[{"href":"https:\/\/staging.ordemdosfisioterapeutas.pt\/es\/wp-json\/wp\/v2\/types\/page"}],"author":[{"embeddable":true,"href":"https:\/\/staging.ordemdosfisioterapeutas.pt\/es\/wp-json\/wp\/v2\/users\/1"}],"replies":[{"embeddable":true,"href":"https:\/\/staging.ordemdosfisioterapeutas.pt\/es\/wp-json\/wp\/v2\/comments?post=7156"}],"version-history":[{"count":0,"href":"https:\/\/staging.ordemdosfisioterapeutas.pt\/es\/wp-json\/wp\/v2\/pages\/7156\/revisions"}],"wp:attachment":[{"href":"https:\/\/staging.ordemdosfisioterapeutas.pt\/es\/wp-json\/wp\/v2\/media?parent=7156"}],"curies":[{"name":"wp","href":"https:\/\/api.w.org\/{rel}","templated":true}]}}