{"id":7780,"date":"2025-07-05T19:47:06","date_gmt":"2025-07-05T18:47:06","guid":{"rendered":"https:\/\/staging.ordemdosfisioterapeutas.pt\/?page_id=7780"},"modified":"2025-07-05T20:51:23","modified_gmt":"2025-07-05T19:51:23","slug":"meo","status":"publish","type":"page","link":"https:\/\/staging.ordemdosfisioterapeutas.pt\/es\/meo\/","title":{"rendered":"MEO"},"content":{"rendered":"<div data-elementor-type=\"wp-page\" data-elementor-id=\"7780\" class=\"elementor elementor-7780\" data-elementor-post-type=\"page\">\n\t\t\t\t<div class=\"elementor-element elementor-element-ac3f9cf e-grid e-con-boxed e-con e-parent\" data-id=\"ac3f9cf\" data-element_type=\"container\" data-e-type=\"container\">\n\t\t\t\t\t<div class=\"e-con-inner\">\n\t\t\t\t<div class=\"elementor-element elementor-element-88ea298 elementor-widget elementor-widget-image\" data-id=\"88ea298\" data-element_type=\"widget\" data-e-type=\"widget\" data-widget_type=\"image.default\">\n\t\t\t\t<div class=\"elementor-widget-container\">\n\t\t\t\t\t\t\t\t\t\t\t\t\t\t\t<img decoding=\"async\" src=\"https:\/\/staging.ordemdosfisioterapeutas.pt\/wp-content\/uploads\/elementor\/thumbs\/logo__0006_meo-1-r8bosrrc0tbbwd5r6pyojrm65q5v8s3m97ucntcbuo.png\" title=\"logo__0006_meo\" alt=\"logo__0006_meo\" loading=\"lazy\" \/>\t\t\t\t\t\t\t\t\t\t\t\t\t\t\t<\/div>\n\t\t\t\t<\/div>\n\t\t\t\t<div class=\"elementor-element elementor-element-b91c7d2 elementor-widget elementor-widget-image\" data-id=\"b91c7d2\" data-element_type=\"widget\" data-e-type=\"widget\" data-widget_type=\"image.default\">\n\t\t\t\t<div class=\"elementor-widget-container\">\n\t\t\t\t\t\t\t\t\t\t\t\t\t\t\t<img decoding=\"async\" src=\"https:\/\/staging.ordemdosfisioterapeutas.pt\/wp-content\/uploads\/elementor\/thumbs\/parcerias-r3dj0mpgpnwvlbcun4qd1nnlq32o4tf0m68b40m4g0.webp\" title=\"asociaciones\" alt=\"parcerias\" loading=\"lazy\" \/>\t\t\t\t\t\t\t\t\t\t\t\t\t\t\t<\/div>\n\t\t\t\t<\/div>\n\t\t\t\t\t<\/div>\n\t\t\t\t<\/div>\n\t\t<div class=\"elementor-element elementor-element-1313b99 e-flex e-con-boxed e-con e-parent\" data-id=\"1313b99\" data-element_type=\"container\" data-e-type=\"container\">\n\t\t\t\t\t<div class=\"e-con-inner\">\n\t\t\t\t<div class=\"elementor-element elementor-element-5df2bbd elementor-widget elementor-widget-heading\" data-id=\"5df2bbd\" data-element_type=\"widget\" data-e-type=\"widget\" data-widget_type=\"heading.default\">\n\t\t\t\t<div class=\"elementor-widget-container\">\n\t\t\t\t\t<h2 class=\"elementor-heading-title elementor-size-default\">Descripci\u00f3n<\/h2>\t\t\t\t<\/div>\n\t\t\t\t<\/div>\n\t\t\t\t<div class=\"elementor-element elementor-element-4c7a300 elementor-widget elementor-widget-text-editor\" data-id=\"4c7a300\" data-element_type=\"widget\" data-e-type=\"widget\" data-widget_type=\"text-editor.default\">\n\t\t\t\t<div class=\"elementor-widget-container\">\n\t\t\t\t\t\t\t\t\t<p>MEO es una de las principales empresas de telecomunicaciones de Portugal, que ofrece televisi\u00f3n, internet, telefon\u00eda y soluciones empresariales. Reconocida por la innovaci\u00f3n, la calidad de la red y la proximidad al cliente, apuesta por la modernizaci\u00f3n digital y la responsabilidad social. MEO contribuye al desarrollo econ\u00f3mico, personal y profesional de la sociedad. Con un enfoque en la sostenibilidad y la inclusi\u00f3n digital, pretende ampliar su base de clientes, reforzando el papel central de las comunicaciones electr\u00f3nicas en la transformaci\u00f3n tecnol\u00f3gica de Portugal.<\/p>\t\t\t\t\t\t\t\t<\/div>\n\t\t\t\t<\/div>\n\t\t\t\t\t<\/div>\n\t\t\t\t<\/div>\n\t\t<div class=\"elementor-element elementor-element-f6642e2 condicoes e-flex e-con-boxed e-con e-parent\" data-id=\"f6642e2\" data-element_type=\"container\" data-e-type=\"container\">\n\t\t\t\t\t<div class=\"e-con-inner\">\n\t\t\t\t<div class=\"elementor-element elementor-element-06a5262 elementor-widget elementor-widget-heading\" data-id=\"06a5262\" data-element_type=\"widget\" data-e-type=\"widget\" data-widget_type=\"heading.default\">\n\t\t\t\t<div class=\"elementor-widget-container\">\n\t\t\t\t\t<h2 class=\"elementor-heading-title elementor-size-default\">Condiciones<\/h2>\t\t\t\t<\/div>\n\t\t\t\t<\/div>\n\t\t\t\t<div class=\"elementor-element elementor-element-f9a6ce1 elementor-widget elementor-widget-text-editor\" data-id=\"f9a6ce1\" data-element_type=\"widget\" data-e-type=\"widget\" data-widget_type=\"text-editor.default\">\n\t\t\t\t<div class=\"elementor-widget-container\">\n\t\t\t\t\t\t\t\t\t<div class=\"ewa-rteLine\">Descuento en la cuota mensual del servicio MEO para empleados y sus familiares (ascendientes y descendientes de 1er grado y c\u00f3nyuge).<\/div><div class=\"ewa-rteLine\">V\u00e1lido para todas las tecnolog\u00edas disponibles: Fibra, ADSL y Sat\u00e9lite.<\/div><div class=\"ewa-rteLine\">Descuento aplicable durante 24 meses<\/div><div class=\"ewa-rteLine\">Aplicable a:<\/div><div class=\"ewa-rteLine\">Nuevas suscripciones al servicio MEO<\/div><div class=\"ewa-rteLine\">Clientes existentes, a\u00f1adiendo un servicio (TV, Internet, tel\u00e9fono fijo o m\u00f3vil) y aceptando un nuevo periodo de fidelidad de 24 meses.<\/div><div class=\"ewa-rteLine\">El valor del descuento depende del paquete suscrito y se basa en la lista de precios vigente en la fecha de suscripci\u00f3n.<\/div><div class=\"ewa-rteLine\">\u00a0<\/div><div class=\"ewa-rteLine\">Requisitos de afiliaci\u00f3n:<\/div><div class=\"ewa-rteLine\">\u00a0<\/div><div class=\"ewa-rteLine\">Suscribirse a la facturaci\u00f3n electr\u00f3nica<\/div><div class=\"ewa-rteLine\">Pago por domiciliaci\u00f3n bancaria (SDD)<\/div><div class=\"ewa-rteLine\">\u00a0<\/div><div class=\"ewa-rteLine\">Puede inscribirse en la prestaci\u00f3n MEO a trav\u00e9s de los siguientes canales:<\/div><div class=\"ewa-rteLine\">1. Servicio personalizado: Asociaciones en el 800 207 918 (gratuito para tel\u00e9fonos fijos m\u00f3viles, disponible los d\u00edas laborables entre las 09.00 y las 20.00 horas).<\/div><div class=\"ewa-rteLine\">2. Correo electr\u00f3nico: parcerias@telecom.pt<\/div><div class=\"ewa-rteLine\">3. Responsables comerciales del Canal de Asociaciones, presentes en las instalaciones del Socio.<\/div><div class=\"ewa-rteLine\">En el momento de la afiliaci\u00f3n, el afiliado o empleado deber\u00e1 facilitar a MEO sus datos personales, es decir, nombre, NIF, n\u00famero de CC, tel\u00e9fono de contacto y n\u00famero de afiliado o empleado.<\/div>\t\t\t\t\t\t\t\t<\/div>\n\t\t\t\t<\/div>\n\t\t\t\t\t<\/div>\n\t\t\t\t<\/div>\n\t\t\t\t<\/div>","protected":false},"excerpt":{"rendered":"<p>Descri\u00e7\u00e3o A MEO \u00e9 uma das principais empresas em telecomunica\u00e7\u00f5es em Portugal, oferecendo servi\u00e7os de televis\u00e3o, internet, telefone e solu\u00e7\u00f5es empresariais. Reconhecida pela inova\u00e7\u00e3o, qualidade de rede e proximidade com o cliente, aposta na moderniza\u00e7\u00e3o digital e responsabilidade social. A MEO contribui para o desenvolvimento econ\u00f3mico, pessoal e profissional da sociedade. Com foco na sustentabilidade &#8230; <a title=\"MEO\" class=\"read-more\" href=\"https:\/\/staging.ordemdosfisioterapeutas.pt\/es\/meo\/\" aria-label=\"Leer m\u00e1s sobre MEO\">Seguir leyendo<\/a><\/p>","protected":false},"author":1,"featured_media":0,"parent":0,"menu_order":0,"comment_status":"closed","ping_status":"closed","template":"","meta":{"footnotes":""},"class_list":["post-7780","page","type-page","status-publish"],"_links":{"self":[{"href":"https:\/\/staging.ordemdosfisioterapeutas.pt\/es\/wp-json\/wp\/v2\/pages\/7780","targetHints":{"allow":["GET"]}}],"collection":[{"href":"https:\/\/staging.ordemdosfisioterapeutas.pt\/es\/wp-json\/wp\/v2\/pages"}],"about":[{"href":"https:\/\/staging.ordemdosfisioterapeutas.pt\/es\/wp-json\/wp\/v2\/types\/page"}],"author":[{"embeddable":true,"href":"https:\/\/staging.ordemdosfisioterapeutas.pt\/es\/wp-json\/wp\/v2\/users\/1"}],"replies":[{"embeddable":true,"href":"https:\/\/staging.ordemdosfisioterapeutas.pt\/es\/wp-json\/wp\/v2\/comments?post=7780"}],"version-history":[{"count":0,"href":"https:\/\/staging.ordemdosfisioterapeutas.pt\/es\/wp-json\/wp\/v2\/pages\/7780\/revisions"}],"wp:attachment":[{"href":"https:\/\/staging.ordemdosfisioterapeutas.pt\/es\/wp-json\/wp\/v2\/media?parent=7780"}],"curies":[{"name":"wp","href":"https:\/\/api.w.org\/{rel}","templated":true}]}}