{"id":3068,"date":"2021-09-29T11:54:24","date_gmt":"2021-09-29T10:54:24","guid":{"rendered":"https:\/\/staging.ordemdosfisioterapeutas.pt\/?page_id=3068"},"modified":"2022-11-15T20:02:39","modified_gmt":"2022-11-15T20:02:39","slug":"comunicados","status":"publish","type":"page","link":"https:\/\/staging.ordemdosfisioterapeutas.pt\/fr\/comunicados\/","title":{"rendered":"Annonces"},"content":{"rendered":"<div data-elementor-type=\"wp-page\" data-elementor-id=\"3068\" class=\"elementor elementor-3068\" data-elementor-post-type=\"page\">\n\t\t\t\t\t\t<section class=\"elementor-section elementor-top-section elementor-element elementor-element-d8659d1 elementor-section-boxed elementor-section-height-default elementor-section-height-default\" data-id=\"d8659d1\" data-element_type=\"section\" data-e-type=\"section\">\n\t\t\t\t\t\t<div class=\"elementor-container elementor-column-gap-default\">\n\t\t\t\t\t<div class=\"elementor-column elementor-col-100 elementor-top-column elementor-element elementor-element-48dca85\" data-id=\"48dca85\" data-element_type=\"column\" data-e-type=\"column\">\n\t\t\t<div class=\"elementor-widget-wrap elementor-element-populated\">\n\t\t\t\t\t\t<div class=\"elementor-element elementor-element-cd4428b elementor-widget elementor-widget-toggle\" data-id=\"cd4428b\" data-element_type=\"widget\" data-e-type=\"widget\" data-widget_type=\"toggle.default\">\n\t\t\t\t<div class=\"elementor-widget-container\">\n\t\t\t\t\t\t\t<div class=\"elementor-toggle\">\n\t\t\t\t\t\t\t<div class=\"elementor-toggle-item\">\n\t\t\t\t\t<div id=\"elementor-tab-title-2151\" class=\"elementor-tab-title\" data-tab=\"1\" role=\"button\" aria-controls=\"elementor-tab-content-2151\" aria-expanded=\"false\">\n\t\t\t\t\t\t\t\t\t\t\t\t<span class=\"elementor-toggle-icon elementor-toggle-icon-left\" aria-hidden=\"true\">\n\t\t\t\t\t\t\t\t\t\t\t\t\t\t\t<span class=\"elementor-toggle-icon-closed\"><i class=\"fas fa-caret-right\"><\/i><\/span>\n\t\t\t\t\t\t\t\t<span class=\"elementor-toggle-icon-opened\"><i class=\"elementor-toggle-icon-opened fas fa-caret-up\"><\/i><\/span>\n\t\t\t\t\t\t\t\t\t\t\t\t\t<\/span>\n\t\t\t\t\t\t\t\t\t\t\t\t<a class=\"elementor-toggle-title\" tabindex=\"0\">Annonces 2022<\/a>\n\t\t\t\t\t<\/div>\n\n\t\t\t\t\t<div id=\"elementor-tab-content-2151\" class=\"elementor-tab-content elementor-clearfix\" data-tab=\"1\" role=\"region\" aria-labelledby=\"elementor-tab-title-2151\"><p><a href=\"https:\/\/staging.ordemdosfisioterapeutas.pt\/wp-content\/uploads\/2022\/08\/Comunicado_12.html\" target=\"_blank\" rel=\"noopener\"><span style=\"text-decoration: underline;\">Communiqu\u00e9 n\u00b0 12<\/span><\/a><br \/>Cr\u00e9ation du Conseil des sp\u00e9cialit\u00e9s<\/p><p><a href=\"https:\/\/staging.ordemdosfisioterapeutas.pt\/wp-content\/uploads\/2022\/07\/Comunicado_11_vinheta.html\" target=\"_blank\" rel=\"noopener\"><span style=\"text-decoration: underline;\">Communiqu\u00e9 n\u00b0 11<\/span><\/a><br \/>Orientations sur l'existence, les preuves et l'utilisation des vignettes<\/p><p><a href=\"https:\/\/staging.ordemdosfisioterapeutas.pt\/wp-content\/uploads\/2022\/06\/Comunicado-10.html\" target=\"_blank\" rel=\"noopener\"><span style=\"text-decoration: underline;\">Communiqu\u00e9 n\u00b0 10 - 2022<\/span><\/a><\/p><p><a href=\"https:\/\/staging.ordemdosfisioterapeutas.pt\/wp-content\/uploads\/2022\/06\/Comunicado9.html\" target=\"_blank\" rel=\"noopener\"><span style=\"text-decoration: underline;\">Communiqu\u00e9 n\u00b0 9 - 2022<\/span><\/a><br \/>Informations sur les quotas et le calcul des int\u00e9r\u00eats de retard<\/p><p><a href=\"https:\/\/staging.ordemdosfisioterapeutas.pt\/wp-content\/uploads\/2022\/05\/mailing-quotas.html\" target=\"_blank\" rel=\"noopener\"><span style=\"text-decoration: underline;\">Communiqu\u00e9 n\u00b0 8 - 2022<\/span><\/a><br \/>Cotisations | M\u00e9thodes et modes de paiement<\/p><p><a href=\"https:\/\/staging.ordemdosfisioterapeutas.pt\/wp-content\/uploads\/2022\/03\/Comunicado-N_7.html\" target=\"_blank\" rel=\"noopener\"><span style=\"text-decoration: underline;\">Communiqu\u00e9 n\u00b0 7 - 2022<\/span><\/a><\/p><p><a href=\"https:\/\/staging.ordemdosfisioterapeutas.pt\/wp-content\/uploads\/2022\/03\/Comunicado-n6_Ucrania_.html\" target=\"_blank\" rel=\"noopener\"><span style=\"text-decoration: underline;\">Communiqu\u00e9 n\u00b0 6 - 2022<\/span><\/a><br \/>La physioth\u00e9rapie sera toujours l\u00e0 !<\/p><p><a href=\"https:\/\/staging.ordemdosfisioterapeutas.pt\/wp-content\/uploads\/2022\/03\/Comunicado_5_.html\" target=\"_blank\" rel=\"noopener\">Communiqu\u00e9 n\u00b0 5 - 2022<\/a><\/p><p><a href=\"https:\/\/staging.ordemdosfisioterapeutas.pt\/wp-content\/uploads\/2022\/04\/comunicado_4.html\" target=\"_blank\" rel=\"noopener\"><span style=\"text-decoration: underline;\">Communiqu\u00e9 n\u00b0 4 - 2022<\/span><\/a><br \/>Premi\u00e8res \u00e9lections aux organes statutaires de l'Ordre des kin\u00e9sith\u00e9rapeutes<\/p><p><a href=\"https:\/\/staging.ordemdosfisioterapeutas.pt\/wp-content\/uploads\/2022\/04\/comunicado-3.html\" target=\"_blank\" rel=\"noopener\">Communiqu\u00e9 n\u00b0 3 - 2022<\/a><br \/>Commission \u00e9lectorale | Listes de candidats approuv\u00e9es | Campagne \u00e9lectorale<\/p><p><a href=\"https:\/\/staging.ordemdosfisioterapeutas.pt\/wp-content\/uploads\/2022\/04\/comunicado_2.html\" target=\"_blank\" rel=\"noopener\"><span style=\"text-decoration: underline;\">Communiqu\u00e9 n\u00b0 2 - 2022<\/span><\/a><br \/>Votre pr\u00e9sence sur le site de l'Ordre des kin\u00e9sith\u00e9rapeutes<\/p><\/div>\n\t\t\t\t<\/div>\n\t\t\t\t\t\t\t\t<\/div>\n\t\t\t\t\t\t<\/div>\n\t\t\t\t<\/div>\n\t\t\t\t<div class=\"elementor-element elementor-element-fc95fcf elementor-widget elementor-widget-toggle\" data-id=\"fc95fcf\" data-element_type=\"widget\" data-e-type=\"widget\" data-widget_type=\"toggle.default\">\n\t\t\t\t<div class=\"elementor-widget-container\">\n\t\t\t\t\t\t\t<div class=\"elementor-toggle\">\n\t\t\t\t\t\t\t<div class=\"elementor-toggle-item\">\n\t\t\t\t\t<div id=\"elementor-tab-title-2641\" class=\"elementor-tab-title\" data-tab=\"1\" role=\"button\" aria-controls=\"elementor-tab-content-2641\" aria-expanded=\"false\">\n\t\t\t\t\t\t\t\t\t\t\t\t<span class=\"elementor-toggle-icon elementor-toggle-icon-left\" aria-hidden=\"true\">\n\t\t\t\t\t\t\t\t\t\t\t\t\t\t\t<span class=\"elementor-toggle-icon-closed\"><i class=\"fas fa-caret-right\"><\/i><\/span>\n\t\t\t\t\t\t\t\t<span class=\"elementor-toggle-icon-opened\"><i class=\"elementor-toggle-icon-opened fas fa-caret-up\"><\/i><\/span>\n\t\t\t\t\t\t\t\t\t\t\t\t\t<\/span>\n\t\t\t\t\t\t\t\t\t\t\t\t<a class=\"elementor-toggle-title\" tabindex=\"0\">Annonces 2021<\/a>\n\t\t\t\t\t<\/div>\n\n\t\t\t\t\t<div id=\"elementor-tab-content-2641\" class=\"elementor-tab-content elementor-clearfix\" data-tab=\"1\" role=\"region\" aria-labelledby=\"elementor-tab-title-2641\"><p><a href=\"https:\/\/staging.ordemdosfisioterapeutas.pt\/wp-content\/uploads\/2021\/09\/Comunicado-N1-18082021.png\" target=\"_blank\" rel=\"noopener\"><span style=\"text-decoration: underline;\">Avis n\u00b0 1 - 2021<\/span><\/a><br \/>Inscription \u00e0 l'Ordre des physioth\u00e9rapeutes<\/p><\/div>\n\t\t\t\t<\/div>\n\t\t\t\t\t\t\t\t<\/div>\n\t\t\t\t\t\t<\/div>\n\t\t\t\t<\/div>\n\t\t\t\t\t<\/div>\n\t\t<\/div>\n\t\t\t\t\t<\/div>\n\t\t<\/section>\n\t\t\t\t<\/div>","protected":false},"excerpt":{"rendered":"<p>Annonces 2022 Annonce n\u00b0 12Cr\u00e9ation du Conseil des Sp\u00e9cialit\u00e9s Annonce n\u00b0 11Guide sur l'existence, la preuve et l'utilisation des stickers Annonce n\u00b0 10 - 2022 Annonce n\u00b0 9 - 2022Information sur les cotisations et le calcul des int\u00e9r\u00eats de retard Annonce n\u00b0 8 - 2022Cotisations | M\u00e9thodes et modalit\u00e9s de paiement Annonce n\u00b0 7 - 2022 Annonce n\u00b0 6 - 2022Physioth\u00e9rapie ... <a title=\"Annonces\" class=\"read-more\" href=\"https:\/\/staging.ordemdosfisioterapeutas.pt\/fr\/comunicados\/\" aria-label=\"En savoir plus sur Annonces\">En savoir plus<\/a><\/p>","protected":false},"author":1,"featured_media":0,"parent":0,"menu_order":0,"comment_status":"closed","ping_status":"closed","template":"","meta":{"footnotes":""},"class_list":["post-3068","page","type-page","status-publish"],"_links":{"self":[{"href":"https:\/\/staging.ordemdosfisioterapeutas.pt\/fr\/wp-json\/wp\/v2\/pages\/3068","targetHints":{"allow":["GET"]}}],"collection":[{"href":"https:\/\/staging.ordemdosfisioterapeutas.pt\/fr\/wp-json\/wp\/v2\/pages"}],"about":[{"href":"https:\/\/staging.ordemdosfisioterapeutas.pt\/fr\/wp-json\/wp\/v2\/types\/page"}],"author":[{"embeddable":true,"href":"https:\/\/staging.ordemdosfisioterapeutas.pt\/fr\/wp-json\/wp\/v2\/users\/1"}],"replies":[{"embeddable":true,"href":"https:\/\/staging.ordemdosfisioterapeutas.pt\/fr\/wp-json\/wp\/v2\/comments?post=3068"}],"version-history":[{"count":0,"href":"https:\/\/staging.ordemdosfisioterapeutas.pt\/fr\/wp-json\/wp\/v2\/pages\/3068\/revisions"}],"wp:attachment":[{"href":"https:\/\/staging.ordemdosfisioterapeutas.pt\/fr\/wp-json\/wp\/v2\/media?parent=3068"}],"curies":[{"name":"wp","href":"https:\/\/api.w.org\/{rel}","templated":true}]}}