{"id":340,"date":"2020-09-29T20:18:58","date_gmt":"2020-09-29T20:18:58","guid":{"rendered":"https:\/\/staging.ordemdosfisioterapeutas.pt\/?page_id=340"},"modified":"2026-01-22T18:28:29","modified_gmt":"2026-01-22T18:28:29","slug":"historia-da-ordem-dos-fisioterapeutas","status":"publish","type":"page","link":"https:\/\/staging.ordemdosfisioterapeutas.pt\/fr\/historia-da-ordem-dos-fisioterapeutas\/","title":{"rendered":"Histoire de l'Ordre des physioth\u00e9rapeutes portugais"},"content":{"rendered":"<div data-elementor-type=\"wp-page\" data-elementor-id=\"340\" class=\"elementor elementor-340\" data-elementor-post-type=\"page\">\n\t\t\t\t\t\t<section class=\"elementor-section elementor-top-section elementor-element elementor-element-1069ebb6 elementor-section-boxed elementor-section-height-default elementor-section-height-default\" data-id=\"1069ebb6\" data-element_type=\"section\" data-e-type=\"section\">\n\t\t\t\t\t\t<div class=\"elementor-container elementor-column-gap-default\">\n\t\t\t\t\t<div class=\"elementor-column elementor-col-100 elementor-top-column elementor-element elementor-element-2f009988\" data-id=\"2f009988\" data-element_type=\"column\" data-e-type=\"column\">\n\t\t\t<div class=\"elementor-widget-wrap elementor-element-populated\">\n\t\t\t\t\t\t<div class=\"elementor-element elementor-element-8960567 elementor-widget elementor-widget-text-editor\" data-id=\"8960567\" data-element_type=\"widget\" data-e-type=\"widget\" data-widget_type=\"text-editor.default\">\n\t\t\t\t<div class=\"elementor-widget-container\">\n\t\t\t\t\t\t\t\t\t<p>Le processus de cr\u00e9ation de l'Ordre des physioth\u00e9rapeutes a d\u00e9but\u00e9 en 1998 \u00e0 la suite de la modification des statuts de l'Association portugaise des physioth\u00e9rapeutes (APFisio)| Pendant 20 ans, le processus a connu plusieurs phases :<\/p>\t\t\t\t\t\t\t\t<\/div>\n\t\t\t\t<\/div>\n\t\t\t\t<div class=\"elementor-element elementor-element-05ba553 elementor-widget elementor-widget-be-timeline\" data-id=\"05ba553\" data-element_type=\"widget\" data-e-type=\"widget\" data-widget_type=\"be-timeline.default\">\n\t\t\t\t<div class=\"elementor-widget-container\">\n\t\t\t\t\t<ul class=\"be-pack timeline\"><li class=\"timeline-right\"> \n\t\t\t<div class=\"tl-circ\"><\/div>\n\t\t <div class=\"timeline-panel\">\n\t\t   <div class=\"tl-heading\">\n\t\t\t <div class=\"tl-content\">\n\n\t\t\t    \n\t\t\t\t\t\t\n\t\t\t\t\t\t<div class=\"be-desc\">\n\t\t\t\t\t\t\t<h2 class=\"be-title\">Organes directeurs 2024<\/h2>\t\t\t\t\t\t\t<div class=\"be-content\"><p><a href=\"https:\/\/ordemdosfisioterapeutas.pt\/pt\/conselho-jurisdicional\/\" target=\"_blank\" rel=\"noopener\"><span style=\"text-decoration: underline\">Conseil juridictionnel<\/span><\/a><\/p><p><a href=\"https:\/\/ordemdosfisioterapeutas.pt\/pt\/conselho-geral\/\" target=\"_blank\" rel=\"noopener\"><span style=\"text-decoration: underline\">Conseil g\u00e9n\u00e9ral<\/span><\/a><\/p><\/div>\t\t\t\t\t\t<\/div>\n\n\t\t\t\t\t\n\t\t\t\t<\/div>\n\n\t\t\t<\/div>\n\t\t<\/div>\n\t\t\t<\/li>\n\t\t\t<li class=\"timeline-inverted\"> \n\t\t\t<div class=\"tl-circ\"><\/div>\n\t\t <div class=\"timeline-panel\">\n\t\t   <div class=\"tl-heading\">\n\t\t\t <div class=\"tl-content\">\n\n\t\t\t    \n\t\t\t\t\t\t\n\t\t\t\t\t\t<div class=\"be-desc\">\n\t\t\t\t\t\t\t<h2 class=\"be-title\">Premier conseil de l'Ordre des physioth\u00e9rapeutes<\/h2>\t\t\t\t\t\t\t<div class=\"be-content\"><p>Le premier conseil de l'histoire de l'Ordre des kin\u00e9sith\u00e9rapeutes a \u00e9t\u00e9 ratifi\u00e9 lors de la premi\u00e8re r\u00e9union du Conseil g\u00e9n\u00e9ral de l'Ordre le 21 d\u00e9cembre 2021. Le Conseil est compos\u00e9 de : Ant\u00f3nio Lopes ( pr\u00e9sident ), Nuno Cordeiro ( 1er vice-pr\u00e9sident ), Concei\u00e7\u00e3o Bettencourt ( 2e vice-pr\u00e9sident ), Pedro Rebelo ( membre ), F\u00e1tima Domingues ( membre ), Ana Gon\u00e7alves ( membre ) et Afonso Neutel ( membre ).<\/p><\/div>\t\t\t\t\t\t<\/div>\n\n\t\t\t\t\t\n\t\t\t\t<\/div>\n\n\t\t\t<\/div>\n\t\t<\/div>\n\t\t\t<\/li>\n\t\t\t<li class=\"timeline-right\"> \n\t\t\t<div class=\"tl-circ\"><\/div>\n\t\t <div class=\"timeline-panel\">\n\t\t   <div class=\"tl-heading\">\n\t\t\t <div class=\"tl-content\">\n\n\t\t\t    \n\t\t\t\t\t\t\n\t\t\t\t\t\t<div class=\"be-desc\">\n\t\t\t\t\t\t\t<h2 class=\"be-title\">Entr\u00e9e en fonction des premiers organes de direction <\/h2>\t\t\t\t\t\t\t<div class=\"be-content\"><p>Le 14 d\u00e9cembre 2021, les premiers organes statutaires de l'Ordre des physioth\u00e9rapeutes ont pris leurs fonctions dans l'auditorium de l'Ordre des experts-comptables \u00e0 Lisbonne.<\/p><\/div>\t\t\t\t\t\t<\/div>\n\n\t\t\t\t\t\n\t\t\t\t<\/div>\n\n\t\t\t<\/div>\n\t\t<\/div>\n\t\t\t<\/li>\n\t\t\t<li class=\"timeline-inverted\"> \n\t\t\t<div class=\"tl-circ\"><\/div>\n\t\t <div class=\"timeline-panel\">\n\t\t   <div class=\"tl-heading\">\n\t\t\t <div class=\"tl-content\">\n\n\t\t\t    \n\t\t\t\t\t\t\n\t\t\t\t\t\t<div class=\"be-desc\">\n\t\t\t\t\t\t\t<h2 class=\"be-title\">Premi\u00e8res \u00e9lections de l'Ordre des physioth\u00e9rapeutes<\/h2>\t\t\t\t\t\t\t<div class=\"be-content\"><p>Les premi\u00e8res \u00e9lections de l'Ordre des physioth\u00e9rapeutes ont eu lieu le 15 novembre 2021. Les r\u00e9sultats des \u00e9lections ont d\u00e9termin\u00e9 l'\u00e9lection des premiers organes statutaires :<\/p><p>\u00a0- Pr\u00e9sident : Ant\u00f3nio Lopes<\/p><p>\u00a0- Conseil g\u00e9n\u00e9ral : liste E (pr\u00e9sid\u00e9e par le physioth\u00e9rapeute Rui Dias Costa) ;<\/p><p>\u00a0- Conseil juridictionnel (pr\u00e9sid\u00e9 par la physioth\u00e9rapeute Isabel Souza Guerra) ;<\/p><\/div>\t\t\t\t\t\t<\/div>\n\n\t\t\t\t\t\n\t\t\t\t<\/div>\n\n\t\t\t<\/div>\n\t\t<\/div>\n\t\t\t<\/li>\n\t\t\t<li class=\"timeline-right\"> \n\t\t\t<div class=\"tl-circ\"><\/div>\n\t\t <div class=\"timeline-panel\">\n\t\t   <div class=\"tl-heading\">\n\t\t\t <div class=\"tl-content\">\n\n\t\t\t    \n\t\t\t\t\t\t\n\t\t\t\t\t\t<div class=\"be-desc\">\n\t\t\t\t\t\t\t<h2 class=\"be-title\">D\u00e9but de l'inscription \u00e0 l'Ordre des physioth\u00e9rapeutes<\/h2>\t\t\t\t\t\t\t<div class=\"be-content\"><p>Les premi\u00e8res inscriptions \u00e0 l'Ordre des kin\u00e9sith\u00e9rapeutes ont eu lieu le 19 mai 2021, et les premiers membres titulaires ont \u00e9t\u00e9 agr\u00e9\u00e9s le 18 juin 2021.<\/p><\/div>\t\t\t\t\t\t<\/div>\n\n\t\t\t\t\t\n\t\t\t\t<\/div>\n\n\t\t\t<\/div>\n\t\t<\/div>\n\t\t\t<\/li>\n\t\t\t<li class=\"timeline-inverted\"> \n\t\t\t<div class=\"tl-circ\"><\/div>\n\t\t <div class=\"timeline-panel\">\n\t\t   <div class=\"tl-heading\">\n\t\t\t <div class=\"tl-content\">\n\n\t\t\t    \n\t\t\t\t\t\t\n\t\t\t\t\t\t<div class=\"be-desc\">\n\t\t\t\t\t\t\t<h2 class=\"be-title\">Arr\u00eat\u00e9 prorogeant la Commission d'installation de l'arr\u00eat\u00e9<\/h2>\t\t\t\t\t\t\t<div class=\"be-content\"><p>La ministre de la Sant\u00e9, Marta Temido, a prorog\u00e9 le mandat de la Commission d'installation jusqu'\u00e0 l'installation effective de l'Ordre des physioth\u00e9rapeutes, par l'arr\u00eat\u00e9 3657\/2021, avec la m\u00eame composition.<\/p><\/div>\t\t\t\t\t\t<\/div>\n\n\t\t\t\t\t\n\t\t\t\t<\/div>\n\n\t\t\t<\/div>\n\t\t<\/div>\n\t\t\t<\/li>\n\t\t\t<li class=\"timeline-right\"> \n\t\t\t<div class=\"tl-circ\"><\/div>\n\t\t <div class=\"timeline-panel\">\n\t\t   <div class=\"tl-heading\">\n\t\t\t <div class=\"tl-content\">\n\n\t\t\t    \n\t\t\t\t\t\t\n\t\t\t\t\t\t<div class=\"be-desc\">\n\t\t\t\t\t\t\t<h2 class=\"be-title\">Arr\u00eat\u00e9 portant nomination de la Commission d'installation de l'Ordre<\/h2>\t\t\t\t\t\t\t<div class=\"be-content\"><p>La ministre de la Sant\u00e9, Marta Temido, nomme le Comit\u00e9 d'installation de l'Ordre des physioth\u00e9rapeutes, dans l'ordre 12067\/2019, avec la composition suivante : Isabel Souza Guerra ( Pr\u00e9sidente ), Ant\u00f3nio Manuel Fernandes Lopes, Ol\u00edmpio Pereira, Pedro Rebelo et Maria da Concei\u00e7\u00e3o Bettencourt.<\/p><\/div>\t\t\t\t\t\t<\/div>\n\n\t\t\t\t\t\n\t\t\t\t<\/div>\n\n\t\t\t<\/div>\n\t\t<\/div>\n\t\t\t<\/li>\n\t\t\t \n      <\/ul>\n\n\t\t\t\t\t<\/div>\n\t\t\t\t<\/div>\n\t\t\t\t\t<\/div>\n\t\t<\/div>\n\t\t\t\t\t<\/div>\n\t\t<\/section>\n\t\t\t\t<section class=\"elementor-section elementor-top-section elementor-element elementor-element-236fa95 elementor-section-boxed elementor-section-height-default elementor-section-height-default\" data-id=\"236fa95\" data-element_type=\"section\" data-e-type=\"section\">\n\t\t\t\t\t\t<div class=\"elementor-container elementor-column-gap-default\">\n\t\t\t\t\t<div class=\"elementor-column elementor-col-100 elementor-top-column elementor-element elementor-element-5127eec\" data-id=\"5127eec\" data-element_type=\"column\" data-e-type=\"column\">\n\t\t\t<div class=\"elementor-widget-wrap elementor-element-populated\">\n\t\t\t\t\t\t<div class=\"elementor-element elementor-element-c280c41 elementor-widget elementor-widget-be-timeline\" data-id=\"c280c41\" data-element_type=\"widget\" data-e-type=\"widget\" data-widget_type=\"be-timeline.default\">\n\t\t\t\t<div class=\"elementor-widget-container\">\n\t\t\t\t\t<ul class=\"be-pack timeline\"><li class=\"timeline-right\"> \n\t\t\t<div class=\"tl-circ\"><\/div>\n\t\t <div class=\"timeline-panel\">\n\t\t   <div class=\"tl-heading\">\n\t\t\t <div class=\"tl-content\">\n\n\t\t\t    \n\t\t\t\t\t\t\n\t\t\t\t\t\t<div class=\"be-desc\">\n\t\t\t\t\t\t\t<h2 class=\"be-title\">Septembre 2019<\/h2>\t\t\t\t\t\t\t<div class=\"be-content\"><p>Publication de la loi 122\/2019 portant cr\u00e9ation de l'Ordre des physioth\u00e9rapeutes<\/p><\/div>\t\t\t\t\t\t<\/div>\n\n\t\t\t\t\t\n\t\t\t\t<\/div>\n\n\t\t\t<\/div>\n\t\t<\/div>\n\t\t\t<\/li>\n\t\t\t<li class=\"timeline-inverted\"> \n\t\t\t<div class=\"tl-circ\"><\/div>\n\t\t <div class=\"timeline-panel\">\n\t\t   <div class=\"tl-heading\">\n\t\t\t <div class=\"tl-content\">\n\n\t\t\t    \n\t\t\t\t\t\t\n\t\t\t\t\t\t<div class=\"be-desc\">\n\t\t\t\t\t\t\t<h2 class=\"be-title\">Ao\u00fbt 2019<\/h2>\t\t\t\t\t\t\t<div class=\"be-content\"><p>Le Pr\u00e9sident de la R\u00e9publique a promulgu\u00e9 le d\u00e9cret de l'Assembl\u00e9e de la R\u00e9publique cr\u00e9ant l'Ordre des physioth\u00e9rapeutes et approuvant le statut correspondant.<\/p><\/div>\t\t\t\t\t\t<\/div>\n\n\t\t\t\t\t\n\t\t\t\t<\/div>\n\n\t\t\t<\/div>\n\t\t<\/div>\n\t\t\t<\/li>\n\t\t\t<li class=\"timeline-right\"> \n\t\t\t<div class=\"tl-circ\"><\/div>\n\t\t <div class=\"timeline-panel\">\n\t\t   <div class=\"tl-heading\">\n\t\t\t <div class=\"tl-content\">\n\n\t\t\t    \n\t\t\t\t\t\t\n\t\t\t\t\t\t<div class=\"be-desc\">\n\t\t\t\t\t\t\t<h2 class=\"be-title\">Juillet 2019<\/h2>\t\t\t\t\t\t\t<div class=\"be-content\"><p>Apr\u00e8s 20 ans de progr\u00e8s et d'\u00e9checs, le projet de loi visant \u00e0 cr\u00e9er l'Ordre des physioth\u00e9rapeutes a \u00e9t\u00e9 vot\u00e9 en s\u00e9ance pl\u00e9ni\u00e8re du Parlement portugais.<\/p><\/div>\t\t\t\t\t\t<\/div>\n\n\t\t\t\t\t\n\t\t\t\t<\/div>\n\n\t\t\t<\/div>\n\t\t<\/div>\n\t\t\t<\/li>\n\t\t\t<li class=\"timeline-inverted\"> \n\t\t\t<div class=\"tl-circ\"><\/div>\n\t\t <div class=\"timeline-panel\">\n\t\t   <div class=\"tl-heading\">\n\t\t\t <div class=\"tl-content\">\n\n\t\t\t    \n\t\t\t\t\t\t\n\t\t\t\t\t\t<div class=\"be-desc\">\n\t\t\t\t\t\t\t<h2 class=\"be-title\">Juin 2019<\/h2>\t\t\t\t\t\t\t<div class=\"be-content\"><p>le projet de loi sur la cr\u00e9ation de l'Ordre des physioth\u00e9rapeutes a \u00e9t\u00e9 approuv\u00e9 par la 10e commission du travail et de la s\u00e9curit\u00e9 sociale, le PS et le CDS-PP ayant vot\u00e9 pour et les autres partis s'\u00e9tant abstenus.<\/p><\/div>\t\t\t\t\t\t<\/div>\n\n\t\t\t\t\t\n\t\t\t\t<\/div>\n\n\t\t\t<\/div>\n\t\t<\/div>\n\t\t\t<\/li>\n\t\t\t<li class=\"timeline-right\"> \n\t\t\t<div class=\"tl-circ\"><\/div>\n\t\t <div class=\"timeline-panel\">\n\t\t   <div class=\"tl-heading\">\n\t\t\t <div class=\"tl-content\">\n\n\t\t\t    \n\t\t\t\t\t\t\n\t\t\t\t\t\t<div class=\"be-desc\">\n\t\t\t\t\t\t\t<h2 class=\"be-title\">octobre 2017<\/h2>\t\t\t\t\t\t\t<div class=\"be-content\"><p>La cr\u00e9ation de l'Ordre des kin\u00e9sith\u00e9rapeutes est \u00e0 nouveau approuv\u00e9e de mani\u00e8re g\u00e9n\u00e9rale en session pl\u00e9ni\u00e8re de l'Assembl\u00e9e de la R\u00e9publique, sur proposition du Parti socialiste et du CDS-PP.<\/p><\/div>\t\t\t\t\t\t<\/div>\n\n\t\t\t\t\t\n\t\t\t\t<\/div>\n\n\t\t\t<\/div>\n\t\t<\/div>\n\t\t\t<\/li>\n\t\t\t<li class=\"timeline-inverted\"> \n\t\t\t<div class=\"tl-circ\"><\/div>\n\t\t <div class=\"timeline-panel\">\n\t\t   <div class=\"tl-heading\">\n\t\t\t <div class=\"tl-content\">\n\n\t\t\t    \n\t\t\t\t\t\t\n\t\t\t\t\t\t<div class=\"be-desc\">\n\t\t\t\t\t\t\t<h2 class=\"be-title\">Juin 2016<\/h2>\t\t\t\t\t\t\t<div class=\"be-content\"><p>Le comit\u00e9 Pro-Order est cr\u00e9\u00e9 lors de l'assembl\u00e9e g\u00e9n\u00e9rale de l'Association portugaise des physioth\u00e9rapeutes, pr\u00e9sid\u00e9e par Isabel de Souza Guerra.<\/p><\/div>\t\t\t\t\t\t<\/div>\n\n\t\t\t\t\t\n\t\t\t\t<\/div>\n\n\t\t\t<\/div>\n\t\t<\/div>\n\t\t\t<\/li>\n\t\t\t<li class=\"timeline-right\"> \n\t\t\t<div class=\"tl-circ\"><\/div>\n\t\t <div class=\"timeline-panel\">\n\t\t   <div class=\"tl-heading\">\n\t\t\t <div class=\"tl-content\">\n\n\t\t\t    \n\t\t\t\t\t\t\n\t\t\t\t\t\t<div class=\"be-desc\">\n\t\t\t\t\t\t\t<h2 class=\"be-title\">Novembre 2011<\/h2>\t\t\t\t\t\t\t<div class=\"be-content\"><p>\u00c0 la demande de la commission parlementaire du travail et de l'administration publique, apr\u00e8s une audition le 23 novembre 2011, un nouveau document a \u00e9t\u00e9 soumis sur le protocole d'accord avec la R\u00e9publique portugaise.<\/p><\/div>\t\t\t\t\t\t<\/div>\n\n\t\t\t\t\t\n\t\t\t\t<\/div>\n\n\t\t\t<\/div>\n\t\t<\/div>\n\t\t\t<\/li>\n\t\t\t<li class=\"timeline-inverted\"> \n\t\t\t<div class=\"tl-circ\"><\/div>\n\t\t <div class=\"timeline-panel\">\n\t\t   <div class=\"tl-heading\">\n\t\t\t <div class=\"tl-content\">\n\n\t\t\t    \n\t\t\t\t\t\t\n\t\t\t\t\t\t<div class=\"be-desc\">\n\t\t\t\t\t\t\t<h2 class=\"be-title\">Septembre 2011<\/h2>\t\t\t\t\t\t\t<div class=\"be-content\"><p>L'APFisio envoie toute la documentation d\u00fbment mise \u00e0 jour aux commissions des ressources humaines, de la sant\u00e9, du travail et de la s\u00e9curit\u00e9 sociale, ainsi qu'\u00e0 tous les groupes parlementaires pour examen et transmission.<\/p><\/div>\t\t\t\t\t\t<\/div>\n\n\t\t\t\t\t\n\t\t\t\t<\/div>\n\n\t\t\t<\/div>\n\t\t<\/div>\n\t\t\t<\/li>\n\t\t\t<li class=\"timeline-right\"> \n\t\t\t<div class=\"tl-circ\"><\/div>\n\t\t <div class=\"timeline-panel\">\n\t\t   <div class=\"tl-heading\">\n\t\t\t <div class=\"tl-content\">\n\n\t\t\t    \n\t\t\t\t\t\t\n\t\t\t\t\t\t<div class=\"be-desc\">\n\t\t\t\t\t\t\t<h2 class=\"be-title\">F\u00e9vrier 2011<\/h2>\t\t\t\t\t\t\t<div class=\"be-content\"><p>Sur proposition du CDS-PP, la cr\u00e9ation de l'Ordre des physioth\u00e9rapeutes a \u00e9t\u00e9 approuv\u00e9e en session pl\u00e9ni\u00e8re de l'Assembl\u00e9e de la R\u00e9publique (en raison de la dissolution de la l\u00e9gislature actuelle et de la nouvelle l\u00e9gislature apr\u00e8s le 05|06|2011, le processus s'est arr\u00eat\u00e9 et a d\u00fb \u00eatre relanc\u00e9).<\/p><\/div>\t\t\t\t\t\t<\/div>\n\n\t\t\t\t\t\n\t\t\t\t<\/div>\n\n\t\t\t<\/div>\n\t\t<\/div>\n\t\t\t<\/li>\n\t\t\t<li class=\"timeline-inverted\"> \n\t\t\t<div class=\"tl-circ\"><\/div>\n\t\t <div class=\"timeline-panel\">\n\t\t   <div class=\"tl-heading\">\n\t\t\t <div class=\"tl-content\">\n\n\t\t\t    \n\t\t\t\t\t\t\n\t\t\t\t\t\t<div class=\"be-desc\">\n\t\t\t\t\t\t\t<h2 class=\"be-title\">2008<\/h2>\t\t\t\t\t\t\t<div class=\"be-content\"><p>Le 2 mai, l'APFisio a actualis\u00e9 sa proposition et soumis \u00e0 nouveau les documents n\u00e9cessaires<\/p><\/div>\t\t\t\t\t\t<\/div>\n\n\t\t\t\t\t\n\t\t\t\t<\/div>\n\n\t\t\t<\/div>\n\t\t<\/div>\n\t\t\t<\/li>\n\t\t\t<li class=\"timeline-right\"> \n\t\t\t<div class=\"tl-circ\"><\/div>\n\t\t <div class=\"timeline-panel\">\n\t\t   <div class=\"tl-heading\">\n\t\t\t <div class=\"tl-content\">\n\n\t\t\t    \n\t\t\t\t\t\t\n\t\t\t\t\t\t<div class=\"be-desc\">\n\t\t\t\t\t\t\t<h2 class=\"be-title\">2004<\/h2>\t\t\t\t\t\t\t<div class=\"be-content\"><p>Pour la deuxi\u00e8me fois, tous les documents n\u00e9cessaires ont \u00e9t\u00e9 soumis et la direction de l'APFisio continue de d\u00e9fendre sa cause devant le Parlement portugais (AR) et le minist\u00e8re de la sant\u00e9 (MS).<\/p><\/div>\t\t\t\t\t\t<\/div>\n\n\t\t\t\t\t\n\t\t\t\t<\/div>\n\n\t\t\t<\/div>\n\t\t<\/div>\n\t\t\t<\/li>\n\t\t\t<li class=\"timeline-inverted\"> \n\t\t\t<div class=\"tl-circ\"><\/div>\n\t\t <div class=\"timeline-panel\">\n\t\t   <div class=\"tl-heading\">\n\t\t\t <div class=\"tl-content\">\n\n\t\t\t    \n\t\t\t\t\t\t\n\t\t\t\t\t\t<div class=\"be-desc\">\n\t\t\t\t\t\t\t<h2 class=\"be-title\">1999<\/h2>\t\t\t\t\t\t\t<div class=\"be-content\"><p>Tous les documents n\u00e9cessaires \u00e0 la cr\u00e9ation d'un Ordre professionnel des kin\u00e9sith\u00e9rapeutes ont \u00e9t\u00e9 soumis aux instances souveraines (en vain).<\/p><\/div>\t\t\t\t\t\t<\/div>\n\n\t\t\t\t\t\n\t\t\t\t<\/div>\n\n\t\t\t<\/div>\n\t\t<\/div>\n\t\t\t<\/li>\n\t\t\t<li class=\"timeline-right\"> \n\t\t\t<div class=\"tl-circ\"><\/div>\n\t\t <div class=\"timeline-panel\">\n\t\t   <div class=\"tl-heading\">\n\t\t\t <div class=\"tl-content\">\n\n\t\t\t    \n\t\t\t\t\t\t\n\t\t\t\t\t\t<div class=\"be-desc\">\n\t\t\t\t\t\t\t<h2 class=\"be-title\">1998  <\/h2>\t\t\t\t\t\t\t<div class=\"be-content\"><p>Modification des statuts de l'APFisio, qui pr\u00e9voyaient de \"d\u00e9velopper toutes les initiatives conduisant \u00e0 sa reconnaissance en tant qu'association de droit public, afin de d\u00e9livrer le titre professionnel de kin\u00e9sith\u00e9rapeute et de r\u00e9glementer l'exercice de cette profession\".<\/p><\/div>\t\t\t\t\t\t<\/div>\n\n\t\t\t\t\t\n\t\t\t\t<\/div>\n\n\t\t\t<\/div>\n\t\t<\/div>\n\t\t\t<\/li>\n\t\t\t \n      <\/ul>\n\n\t\t\t\t\t<\/div>\n\t\t\t\t<\/div>\n\t\t\t\t\t<\/div>\n\t\t<\/div>\n\t\t\t\t\t<\/div>\n\t\t<\/section>\n\t\t\t\t<\/div>","protected":false},"excerpt":{"rendered":"<p>O processo da cria\u00e7\u00e3o da Ordem dos Fisioterapeutas teve in\u00edcio em 1998 na sequ\u00eancia da altera\u00e7\u00e3o dos estatutos da Associa\u00e7\u00e3o Portuguesa de Fisioterapeutas (APFisio)| Durante 20 anos, o processo passou por v\u00e1rias fases: Org\u00e3os Sociais 2024 Conselho Jurisdicional Conselho Geral Primeira Dire\u00e7\u00e3o da Ordem dos Fisioterapeutas A primeira dire\u00e7\u00e3o da hist\u00f3ria da Ordem dos Fisioterapeutas &#8230; <a title=\"Histoire de l&#039;Ordre des physioth\u00e9rapeutes portugais\" class=\"read-more\" href=\"https:\/\/staging.ordemdosfisioterapeutas.pt\/fr\/historia-da-ordem-dos-fisioterapeutas\/\" aria-label=\"En savoir plus sur Hist\u00f3ria da Ordem dos Fisioterapeutas\">En savoir plus<\/a><\/p>","protected":false},"author":1,"featured_media":0,"parent":0,"menu_order":0,"comment_status":"closed","ping_status":"closed","template":"","meta":{"footnotes":""},"class_list":["post-340","page","type-page","status-publish"],"_links":{"self":[{"href":"https:\/\/staging.ordemdosfisioterapeutas.pt\/fr\/wp-json\/wp\/v2\/pages\/340","targetHints":{"allow":["GET"]}}],"collection":[{"href":"https:\/\/staging.ordemdosfisioterapeutas.pt\/fr\/wp-json\/wp\/v2\/pages"}],"about":[{"href":"https:\/\/staging.ordemdosfisioterapeutas.pt\/fr\/wp-json\/wp\/v2\/types\/page"}],"author":[{"embeddable":true,"href":"https:\/\/staging.ordemdosfisioterapeutas.pt\/fr\/wp-json\/wp\/v2\/users\/1"}],"replies":[{"embeddable":true,"href":"https:\/\/staging.ordemdosfisioterapeutas.pt\/fr\/wp-json\/wp\/v2\/comments?post=340"}],"version-history":[{"count":6,"href":"https:\/\/staging.ordemdosfisioterapeutas.pt\/fr\/wp-json\/wp\/v2\/pages\/340\/revisions"}],"predecessor-version":[{"id":7899,"href":"https:\/\/staging.ordemdosfisioterapeutas.pt\/fr\/wp-json\/wp\/v2\/pages\/340\/revisions\/7899"}],"wp:attachment":[{"href":"https:\/\/staging.ordemdosfisioterapeutas.pt\/fr\/wp-json\/wp\/v2\/media?parent=340"}],"curies":[{"name":"wp","href":"https:\/\/api.w.org\/{rel}","templated":true}]}}