{"id":36,"date":"2020-09-20T11:15:00","date_gmt":"2020-09-20T11:15:00","guid":{"rendered":"https:\/\/staging.ordemdosfisioterapeutas.pt\/?page_id=36"},"modified":"2025-04-03T12:38:43","modified_gmt":"2025-04-03T11:38:43","slug":"ordem-dos-fisioterapeutas","status":"publish","type":"page","link":"https:\/\/staging.ordemdosfisioterapeutas.pt\/fr\/","title":{"rendered":"Page d'accueil"},"content":{"rendered":"<div data-elementor-type=\"wp-page\" data-elementor-id=\"36\" class=\"elementor elementor-36\" data-elementor-post-type=\"page\">\n\t\t\t\t\t\t<section class=\"elementor-section elementor-top-section elementor-element elementor-element-467ebbf elementor-section-height-min-height elementor-section-full_width elementor-section-height-default elementor-section-items-middle\" data-id=\"467ebbf\" data-element_type=\"section\" data-e-type=\"section\" data-settings=\"{&quot;background_background&quot;:&quot;classic&quot;}\">\n\t\t\t\t\t\t\t<div class=\"elementor-background-overlay\"><\/div>\n\t\t\t\t\t\t\t<div class=\"elementor-container elementor-column-gap-no\">\n\t\t\t\t\t<div class=\"elementor-column elementor-col-100 elementor-top-column elementor-element elementor-element-5fedf9f\" data-id=\"5fedf9f\" data-element_type=\"column\" data-e-type=\"column\">\n\t\t\t<div class=\"elementor-widget-wrap elementor-element-populated\">\n\t\t\t\t\t\t<div class=\"elementor-element elementor-element-a77d719 elementor--h-position-center elementor--v-position-middle elementor-arrows-position-inside elementor-pagination-position-inside elementor-widget elementor-widget-slides\" data-id=\"a77d719\" data-element_type=\"widget\" data-e-type=\"widget\" data-settings=\"{&quot;navigation&quot;:&quot;both&quot;,&quot;autoplay&quot;:&quot;yes&quot;,&quot;pause_on_hover&quot;:&quot;yes&quot;,&quot;pause_on_interaction&quot;:&quot;yes&quot;,&quot;autoplay_speed&quot;:5000,&quot;infinite&quot;:&quot;yes&quot;,&quot;transition&quot;:&quot;slide&quot;,&quot;transition_speed&quot;:500}\" data-widget_type=\"slides.default\">\n\t\t\t\t<div class=\"elementor-widget-container\">\n\t\t\t\t\t\t\t\t\t<div class=\"elementor-swiper\">\n\t\t\t\t\t<div class=\"elementor-slides-wrapper elementor-main-swiper swiper\" role=\"region\" aria-roledescription=\"carousel\" aria-label=\"Diapositives\" dir=\"ltr\" data-animation=\"fadeInUp\">\n\t\t\t\t<div class=\"swiper-wrapper elementor-slides\">\n\t\t\t\t\t\t\t\t\t\t<div class=\"elementor-repeater-item-39b75c1 swiper-slide\" role=\"group\" aria-roledescription=\"slide\"><div class=\"swiper-slide-bg\" role=\"img\" aria-label=\"highlight_HOME_OF__\"><\/div><div class=\"elementor-background-overlay\"><\/div><div class=\"swiper-slide-inner\" ><div class=\"swiper-slide-contents\"><div class=\"elementor-slide-heading\">PARTENARIATS<\/div><div class=\"elementor-slide-description\">Conditions particuli\u00e8res pour les membres de l'Ordre des physioth\u00e9rapeutes<\/div><div  class=\"elementor-button elementor-slide-button elementor-size-xs\">En savoir plus<\/div><\/div><\/div><\/div><div class=\"elementor-repeater-item-9774e01 swiper-slide\" role=\"group\" aria-roledescription=\"slide\"><div class=\"swiper-slide-bg\" role=\"img\" aria-label=\"featured_HOME_OF_5feb__\"><\/div><div class=\"elementor-background-overlay\"><\/div><div class=\"swiper-slide-inner\" ><div class=\"swiper-slide-contents\"><div class=\"elementor-slide-heading\">Titre de la diapositive<\/div><div class=\"elementor-slide-description\">Lorem ipsum dolor sit amet, consectetur adipiscing elit. Ut elit tellus, luctus nec ullamcorper mattis, pulvinar dapibus leo.<\/div><div  class=\"elementor-button elementor-slide-button elementor-size-xs\">Cliquez ici<\/div><\/div><\/div><\/div><div class=\"elementor-repeater-item-a1df9db swiper-slide\" role=\"group\" aria-roledescription=\"slide\"><div class=\"swiper-slide-bg\" role=\"img\" aria-label=\"Pleins feux sur la maison-WP2024\"><\/div><div class=\"elementor-background-overlay\"><\/div><div class=\"swiper-slide-inner\" ><div class=\"swiper-slide-contents\"><div class=\"elementor-slide-heading\">Titre de la diapositive<\/div><div class=\"elementor-slide-description\">Lorem ipsum dolor sit amet, consectetur adipiscing elit. Ut elit tellus, luctus nec ullamcorper mattis, pulvinar dapibus leo.<\/div><div  class=\"elementor-button elementor-slide-button elementor-size-xs\">Cliquez ici<\/div><\/div><\/div><\/div><div class=\"elementor-repeater-item-3912e05 swiper-slide\" role=\"group\" aria-roledescription=\"slide\"><div class=\"swiper-slide-bg\" role=\"img\" aria-label=\"OF_BannerSite_2400x1600 (002) copie\"><\/div><div class=\"swiper-slide-inner\" ><div class=\"swiper-slide-contents\"><\/div><\/div><\/div><div class=\"elementor-repeater-item-e56b107 swiper-slide\" role=\"group\" aria-roledescription=\"slide\"><div class=\"swiper-slide-bg\"><\/div><a class=\"swiper-slide-inner\" href=\"https:\/\/rift-gep.ordemdosfisioterapeutas.pt\/\"><div class=\"swiper-slide-contents\"><div class=\"elementor-slide-heading\">R\u00e9seau de chercheurs en physioth\u00e9rapie<\/div><div class=\"elementor-slide-description\"><img decoding=\"async\" src=\"https:\/\/staging.ordemdosfisioterapeutas.pt\/wp-content\/uploads\/2023\/08\/rift-logo.png\" style=\"width:200px\"><\/img><\/div><div  class=\"elementor-button elementor-slide-button elementor-size-xs\">En savoir plus...<\/div><\/div><\/a><\/div><div class=\"elementor-repeater-item-d0351c6 swiper-slide\" role=\"group\" aria-roledescription=\"slide\"><div class=\"swiper-slide-bg\" role=\"img\" aria-label=\"Devenir membre de l&#039;ordre\"><\/div><a class=\"swiper-slide-inner\" href=\"https:\/\/staging.ordemdosfisioterapeutas.pt\/fr\/inscricao-na-ordem-dos-fisioterapeutas\/\"><div class=\"swiper-slide-contents\"><div class=\"elementor-slide-heading\">Devenez membre de l'Ordre !<\/div><div  class=\"elementor-button elementor-slide-button elementor-size-xs\">Inscrivez-vous ici<\/div><\/div><\/a><\/div><div class=\"elementor-repeater-item-919aa6e swiper-slide\" role=\"group\" aria-roledescription=\"slide\"><div class=\"swiper-slide-bg\" role=\"img\" aria-label=\"base_cedula\"><\/div><a class=\"swiper-slide-inner\" href=\"https:\/\/staging.ordemdosfisioterapeutas.pt\/fr\/noticias\/emissao-de-cedula-informacao-aos-membros-da-ordem\/\"><div class=\"swiper-slide-contents\"><div class=\"elementor-slide-heading\">D\u00e9livrance de la C\u00e9dula<\/div><div class=\"elementor-slide-description\">Informations pour les membres de l'Ordre\n<br>\n<a class=\"elementor-button\" href=\"#\">Test<\/a><\/div><div  class=\"elementor-button elementor-slide-button elementor-size-xs\">Nouvelles<\/div><\/div><\/a><\/div>\t\t\t\t<\/div>\n\t\t\t\t\t\t\t\t\t\t\t\t\t\t\t<div class=\"elementor-swiper-button elementor-swiper-button-prev\" role=\"button\" tabindex=\"0\" aria-label=\"Glissement ant\u00e9rieur\">\n\t\t\t\t\t\t\t<i aria-hidden=\"true\" class=\"eicon-chevron-left\"><\/i>\t\t\t\t\t\t<\/div>\n\t\t\t\t\t\t<div class=\"elementor-swiper-button elementor-swiper-button-next\" role=\"button\" tabindex=\"0\" aria-label=\"Diapositive suivante\">\n\t\t\t\t\t\t\t<i aria-hidden=\"true\" class=\"eicon-chevron-right\"><\/i>\t\t\t\t\t\t<\/div>\n\t\t\t\t\t\t\t\t\t\t\t\t\t\t\t\t<div class=\"swiper-pagination\"><\/div>\n\t\t\t\t\t\t\t\t\t\t\t\t<\/div>\n\t\t\t\t<\/div>\n\t\t\t\t\t\t\t\t<\/div>\n\t\t\t\t<\/div>\n\t\t\t\t\t<\/div>\n\t\t<\/div>\n\t\t\t\t\t<\/div>\n\t\t<\/section>\n\t\t<div class=\"elementor-element elementor-element-237ac34 e-flex e-con-boxed e-con e-parent\" data-id=\"237ac34\" data-element_type=\"container\" data-e-type=\"container\" data-settings=\"{&quot;background_background&quot;:&quot;classic&quot;}\">\n\t\t\t\t\t<div class=\"e-con-inner\">\n\t\t<div class=\"elementor-element elementor-element-2620640 e-con-full e-flex e-con e-child\" data-id=\"2620640\" data-element_type=\"container\" data-e-type=\"container\">\n\t\t\t\t<div class=\"elementor-element elementor-element-e9bde9d elementor-view-default elementor-position-block-start elementor-mobile-position-block-start elementor-widget elementor-widget-icon-box\" data-id=\"e9bde9d\" data-element_type=\"widget\" data-e-type=\"widget\" data-widget_type=\"icon-box.default\">\n\t\t\t\t<div class=\"elementor-widget-container\">\n\t\t\t\t\t\t\t<div class=\"elementor-icon-box-wrapper\">\n\n\t\t\t\t\t\t<div class=\"elementor-icon-box-icon\">\n\t\t\t\t<a href=\"https:\/\/staging.ordemdosfisioterapeutas.pt\/fr\/inscricao-na-ordem-dos-fisioterapeutas\/\" class=\"elementor-icon\" tabindex=\"-1\" aria-label=\"ENREGISTREMENT DES COMMANDES\">\n\t\t\t\t<i aria-hidden=\"true\" class=\"fas fa-pen-fancy\"><\/i>\t\t\t\t<\/a>\n\t\t\t<\/div>\n\t\t\t\n\t\t\t\t\t\t<div class=\"elementor-icon-box-content\">\n\n\t\t\t\t\t\t\t\t\t<h3 class=\"elementor-icon-box-title\">\n\t\t\t\t\t\t<a href=\"https:\/\/staging.ordemdosfisioterapeutas.pt\/fr\/inscricao-na-ordem-dos-fisioterapeutas\/\" >\n\t\t\t\t\t\t\tENREGISTREMENT DES COMMANDES\t\t\t\t\t\t<\/a>\n\t\t\t\t\t<\/h3>\n\t\t\t\t\n\t\t\t\t\t\t\t\t\t<p class=\"elementor-icon-box-description\">\n\t\t\t\t\t\tFormulaire d'inscription \u00e0 l'Ordre des kin\u00e9sith\u00e9rapeutes.\t\t\t\t\t<\/p>\n\t\t\t\t\n\t\t\t<\/div>\n\t\t\t\n\t\t<\/div>\n\t\t\t\t\t\t<\/div>\n\t\t\t\t<\/div>\n\t\t\t\t<\/div>\n\t\t<div class=\"elementor-element elementor-element-069d565 e-con-full e-flex e-con e-child\" data-id=\"069d565\" data-element_type=\"container\" data-e-type=\"container\">\n\t\t\t\t<div class=\"elementor-element elementor-element-3edbdbf elementor-view-default elementor-position-block-start elementor-mobile-position-block-start elementor-widget elementor-widget-icon-box\" data-id=\"3edbdbf\" data-element_type=\"widget\" data-e-type=\"widget\" data-widget_type=\"icon-box.default\">\n\t\t\t\t<div class=\"elementor-widget-container\">\n\t\t\t\t\t\t\t<div class=\"elementor-icon-box-wrapper\">\n\n\t\t\t\t\t\t<div class=\"elementor-icon-box-icon\">\n\t\t\t\t<a href=\"https:\/\/staging.ordemdosfisioterapeutas.pt\/fr\/balcao-unico\/\" class=\"elementor-icon\" tabindex=\"-1\" aria-label=\"ONE-STOP-SHOP\">\n\t\t\t\t<i aria-hidden=\"true\" class=\"fas fa-at\"><\/i>\t\t\t\t<\/a>\n\t\t\t<\/div>\n\t\t\t\n\t\t\t\t\t\t<div class=\"elementor-icon-box-content\">\n\n\t\t\t\t\t\t\t\t\t<h3 class=\"elementor-icon-box-title\">\n\t\t\t\t\t\t<a href=\"https:\/\/staging.ordemdosfisioterapeutas.pt\/fr\/balcao-unico\/\" >\n\t\t\t\t\t\t\tONE-STOP-SHOP\t\t\t\t\t\t<\/a>\n\t\t\t\t\t<\/h3>\n\t\t\t\t\n\t\t\t\t\t\t\t\t\t<p class=\"elementor-icon-box-description\">\n\t\t\t\t\t\tPlate-forme interactive de pr\u00e9sence de l'Ordre des physioth\u00e9rapeutes portugais\t\t\t\t\t<\/p>\n\t\t\t\t\n\t\t\t<\/div>\n\t\t\t\n\t\t<\/div>\n\t\t\t\t\t\t<\/div>\n\t\t\t\t<\/div>\n\t\t\t\t<\/div>\n\t\t<div class=\"elementor-element elementor-element-022bbbf e-con-full e-flex e-con e-child\" data-id=\"022bbbf\" data-element_type=\"container\" data-e-type=\"container\">\n\t\t\t\t<div class=\"elementor-element elementor-element-6426c94 elementor-view-default elementor-position-block-start elementor-mobile-position-block-start elementor-widget elementor-widget-icon-box\" data-id=\"6426c94\" data-element_type=\"widget\" data-e-type=\"widget\" data-widget_type=\"icon-box.default\">\n\t\t\t\t<div class=\"elementor-widget-container\">\n\t\t\t\t\t\t\t<div class=\"elementor-icon-box-wrapper\">\n\n\t\t\t\t\t\t<div class=\"elementor-icon-box-icon\">\n\t\t\t\t<a href=\"https:\/\/staging.ordemdosfisioterapeutas.pt\/fr\/cidadao\/\" class=\"elementor-icon\" tabindex=\"-1\" aria-label=\"CITOYEN\">\n\t\t\t\t<i aria-hidden=\"true\" class=\"fas fa-user\"><\/i>\t\t\t\t<\/a>\n\t\t\t<\/div>\n\t\t\t\n\t\t\t\t\t\t<div class=\"elementor-icon-box-content\">\n\n\t\t\t\t\t\t\t\t\t<h3 class=\"elementor-icon-box-title\">\n\t\t\t\t\t\t<a href=\"https:\/\/staging.ordemdosfisioterapeutas.pt\/fr\/cidadao\/\" >\n\t\t\t\t\t\t\tCITOYEN\t\t\t\t\t\t<\/a>\n\t\t\t\t\t<\/h3>\n\t\t\t\t\n\t\t\t\t\t\t\t\t\t<p class=\"elementor-icon-box-description\">\n\t\t\t\t\t\tInformations utiles pour le grand public.\t\t\t\t\t<\/p>\n\t\t\t\t\n\t\t\t<\/div>\n\t\t\t\n\t\t<\/div>\n\t\t\t\t\t\t<\/div>\n\t\t\t\t<\/div>\n\t\t\t\t<\/div>\n\t\t\t\t\t<\/div>\n\t\t\t\t<\/div>\n\t\t<div class=\"elementor-element elementor-element-5490f53 e-flex e-con-boxed e-con e-parent\" data-id=\"5490f53\" data-element_type=\"container\" data-e-type=\"container\">\n\t\t\t\t\t<div class=\"e-con-inner\">\n\t\t<div class=\"elementor-element elementor-element-e4ba421 e-con-full e-flex e-con e-child\" data-id=\"e4ba421\" data-element_type=\"container\" data-e-type=\"container\">\n\t\t\t\t<div class=\"elementor-element elementor-element-a654a62 elementor-widget elementor-widget-heading\" data-id=\"a654a62\" data-element_type=\"widget\" data-e-type=\"widget\" data-widget_type=\"heading.default\">\n\t\t\t\t<div class=\"elementor-widget-container\">\n\t\t\t\t\t<h2 class=\"elementor-heading-title elementor-size-default\">NOUVELLES<\/h2>\t\t\t\t<\/div>\n\t\t\t\t<\/div>\n\t\t\t\t<div class=\"elementor-element elementor-element-dd8dab3 elementor-grid-3 elementor-grid-tablet-2 elementor-grid-mobile-1 elementor-posts--thumbnail-top elementor-card-shadow-yes elementor-posts__hover-gradient elementor-widget elementor-widget-posts\" data-id=\"dd8dab3\" data-element_type=\"widget\" data-e-type=\"widget\" data-settings=\"{&quot;cards_columns&quot;:&quot;3&quot;,&quot;cards_columns_tablet&quot;:&quot;2&quot;,&quot;cards_columns_mobile&quot;:&quot;1&quot;,&quot;cards_row_gap&quot;:{&quot;unit&quot;:&quot;px&quot;,&quot;size&quot;:35,&quot;sizes&quot;:[]},&quot;cards_row_gap_tablet&quot;:{&quot;unit&quot;:&quot;px&quot;,&quot;size&quot;:&quot;&quot;,&quot;sizes&quot;:[]},&quot;cards_row_gap_mobile&quot;:{&quot;unit&quot;:&quot;px&quot;,&quot;size&quot;:&quot;&quot;,&quot;sizes&quot;:[]}}\" data-widget_type=\"posts.cards\">\n\t\t\t\t<div class=\"elementor-widget-container\">\n\t\t\t\t\t\t\t<div class=\"elementor-posts-container elementor-posts elementor-posts--skin-cards elementor-grid\" role=\"list\">\n\t\t\t\t<article class=\"elementor-post elementor-grid-item post-7249 post type-post status-publish format-standard has-post-thumbnail hentry category-noticias\" role=\"listitem\">\n\t\t\t<div class=\"elementor-post__card\">\n\t\t\t\t<a class=\"elementor-post__thumbnail__link\" href=\"https:\/\/staging.ordemdosfisioterapeutas.pt\/fr\/noticias\/programa-split-lanca-as-bases-para-a-expansao-no-ambito-do-dia-mundial-da-fisioterapia\/\" tabindex=\"-1\" ><div class=\"elementor-post__thumbnail\"><img fetchpriority=\"high\" decoding=\"async\" width=\"300\" height=\"200\" src=\"https:\/\/staging.ordemdosfisioterapeutas.pt\/wp-content\/uploads\/2024\/09\/Programa-Split-atualizada-1-1-300x200.png\" class=\"attachment-medium size-medium wp-image-7250\" alt=\"\" srcset=\"https:\/\/staging.ordemdosfisioterapeutas.pt\/wp-content\/uploads\/2024\/09\/Programa-Split-atualizada-1-1-300x200.png 300w, https:\/\/staging.ordemdosfisioterapeutas.pt\/wp-content\/uploads\/2024\/09\/Programa-Split-atualizada-1-1-1024x683.png 1024w, https:\/\/staging.ordemdosfisioterapeutas.pt\/wp-content\/uploads\/2024\/09\/Programa-Split-atualizada-1-1-768x512.png 768w, https:\/\/staging.ordemdosfisioterapeutas.pt\/wp-content\/uploads\/2024\/09\/Programa-Split-atualizada-1-1-18x12.png 18w, https:\/\/staging.ordemdosfisioterapeutas.pt\/wp-content\/uploads\/2024\/09\/Programa-Split-atualizada-1-1.png 1500w\" sizes=\"(max-width: 300px) 100vw, 300px\" \/><\/div><\/a>\n\t\t\t\t<div class=\"elementor-post__text\">\n\t\t\t\t<h3 class=\"elementor-post__title\">\n\t\t\t<a href=\"https:\/\/staging.ordemdosfisioterapeutas.pt\/fr\/noticias\/programa-split-lanca-as-bases-para-a-expansao-no-ambito-do-dia-mundial-da-fisioterapia\/\" >\n\t\t\t\tLe programme SPLIT jette les bases de son expansion dans le cadre de la Journ\u00e9e mondiale de la physioth\u00e9rapie\t\t\t<\/a>\n\t\t<\/h3>\n\t\t\t\t<div class=\"elementor-post__excerpt\">\n\t\t\t<p>Dans le cadre des c\u00e9l\u00e9brations de la Journ\u00e9e mondiale de la physioth\u00e9rapie (8 septembre), qui porte cette ann\u00e9e sur la lombalgie et le r\u00f4le de la physioth\u00e9rapie dans son \u00e9valuation et son traitement, l'Ordre des physioth\u00e9rapeutes, en partenariat avec l'\u00c9cole de sant\u00e9 de l'Institut polytechnique de Set\u00fabal, commence \u00e0 d\u00e9velopper le programme SPLIT, qui s'inscrit dans le cadre du Plan national de sant\u00e9 2030 de la direction g\u00e9n\u00e9rale de la sant\u00e9.<\/p>\n\t\t<\/div>\n\t\t\n\t\t<a class=\"elementor-post__read-more\" href=\"https:\/\/staging.ordemdosfisioterapeutas.pt\/fr\/noticias\/programa-split-lanca-as-bases-para-a-expansao-no-ambito-do-dia-mundial-da-fisioterapia\/\" aria-label=\"En savoir plus sur Le programme SPLIT jette les bases d&#039;une expansion dans le cadre de la Journ\u00e9e mondiale de la physioth\u00e9rapie\" tabindex=\"-1\" >\n\t\t\tLIRE PLUS &gt;&gt;\t\t<\/a>\n\n\t\t\t\t<\/div>\n\t\t\t\t<div class=\"elementor-post__meta-data\">\n\t\t\t\t\t<span class=\"elementor-post-date\">\n\t\t\t7 septembre 2024\t\t<\/span>\n\t\t\t\t<\/div>\n\t\t\t\t\t<\/div>\n\t\t<\/article>\n\t\t\t\t<article class=\"elementor-post elementor-grid-item post-5284 post type-post status-publish format-standard has-post-thumbnail hentry category-noticias\" role=\"listitem\">\n\t\t\t<div class=\"elementor-post__card\">\n\t\t\t\t<a class=\"elementor-post__thumbnail__link\" href=\"https:\/\/staging.ordemdosfisioterapeutas.pt\/fr\/noticias\/ordem-dos-fisioterapeutas-assinala-dia-mundial-da-diabetes\/\" tabindex=\"-1\" ><div class=\"elementor-post__thumbnail\"><img decoding=\"async\" width=\"300\" height=\"200\" src=\"https:\/\/staging.ordemdosfisioterapeutas.pt\/wp-content\/uploads\/2022\/11\/dia-do-diabetes_site-300x200.jpeg\" class=\"attachment-medium size-medium wp-image-5285\" alt=\"Dia Mundial da Diabetes\" srcset=\"https:\/\/staging.ordemdosfisioterapeutas.pt\/wp-content\/uploads\/2022\/11\/dia-do-diabetes_site-300x200.jpeg 300w, https:\/\/staging.ordemdosfisioterapeutas.pt\/wp-content\/uploads\/2022\/11\/dia-do-diabetes_site-1024x683.jpeg 1024w, https:\/\/staging.ordemdosfisioterapeutas.pt\/wp-content\/uploads\/2022\/11\/dia-do-diabetes_site-768x512.jpeg 768w, https:\/\/staging.ordemdosfisioterapeutas.pt\/wp-content\/uploads\/2022\/11\/dia-do-diabetes_site-18x12.jpeg 18w, https:\/\/staging.ordemdosfisioterapeutas.pt\/wp-content\/uploads\/2022\/11\/dia-do-diabetes_site.jpeg 1500w\" sizes=\"(max-width: 300px) 100vw, 300px\" \/><\/div><\/a>\n\t\t\t\t<div class=\"elementor-post__text\">\n\t\t\t\t<h3 class=\"elementor-post__title\">\n\t\t\t<a href=\"https:\/\/staging.ordemdosfisioterapeutas.pt\/fr\/noticias\/ordem-dos-fisioterapeutas-assinala-dia-mundial-da-diabetes\/\" >\n\t\t\t\tL'ordre des physioth\u00e9rapeutes portugais marque la Journ\u00e9e mondiale du diab\u00e8te\t\t\t<\/a>\n\t\t<\/h3>\n\t\t\t\t<div class=\"elementor-post__excerpt\">\n\t\t\t<p>La Journ\u00e9e mondiale du diab\u00e8te, qui tombe le 14 novembre, a \u00e9t\u00e9 institu\u00e9e en 1991 par la F\u00e9d\u00e9ration internationale du diab\u00e8te (FID) et l'Organisation mondiale de la sant\u00e9 (OMS).<\/p>\n\t\t<\/div>\n\t\t\n\t\t<a class=\"elementor-post__read-more\" href=\"https:\/\/staging.ordemdosfisioterapeutas.pt\/fr\/noticias\/ordem-dos-fisioterapeutas-assinala-dia-mundial-da-diabetes\/\" aria-label=\"En savoir plus sur L&#039;Ordre des physioth\u00e9rapeutes souligne la Journ\u00e9e mondiale du diab\u00e8te\" tabindex=\"-1\" >\n\t\t\tLIRE PLUS &gt;&gt;\t\t<\/a>\n\n\t\t\t\t<\/div>\n\t\t\t\t<div class=\"elementor-post__meta-data\">\n\t\t\t\t\t<span class=\"elementor-post-date\">\n\t\t\t14 novembre 2022\t\t<\/span>\n\t\t\t\t<\/div>\n\t\t\t\t\t<\/div>\n\t\t<\/article>\n\t\t\t\t<article class=\"elementor-post elementor-grid-item post-5274 post type-post status-publish format-standard has-post-thumbnail hentry category-noticias\" role=\"listitem\">\n\t\t\t<div class=\"elementor-post__card\">\n\t\t\t\t<a class=\"elementor-post__thumbnail__link\" href=\"https:\/\/staging.ordemdosfisioterapeutas.pt\/fr\/noticias\/ordem-dos-fisioterapeutas-integra-a-world-physiotherapy\/\" tabindex=\"-1\" ><div class=\"elementor-post__thumbnail\"><img decoding=\"async\" width=\"300\" height=\"200\" src=\"https:\/\/staging.ordemdosfisioterapeutas.pt\/wp-content\/uploads\/2022\/11\/world_physio_site-1-300x200.jpeg\" class=\"attachment-medium size-medium wp-image-5283\" alt=\"\" srcset=\"https:\/\/staging.ordemdosfisioterapeutas.pt\/wp-content\/uploads\/2022\/11\/world_physio_site-1-300x200.jpeg 300w, https:\/\/staging.ordemdosfisioterapeutas.pt\/wp-content\/uploads\/2022\/11\/world_physio_site-1-1024x683.jpeg 1024w, https:\/\/staging.ordemdosfisioterapeutas.pt\/wp-content\/uploads\/2022\/11\/world_physio_site-1-768x512.jpeg 768w, https:\/\/staging.ordemdosfisioterapeutas.pt\/wp-content\/uploads\/2022\/11\/world_physio_site-1-18x12.jpeg 18w, https:\/\/staging.ordemdosfisioterapeutas.pt\/wp-content\/uploads\/2022\/11\/world_physio_site-1.jpeg 1500w\" sizes=\"(max-width: 300px) 100vw, 300px\" \/><\/div><\/a>\n\t\t\t\t<div class=\"elementor-post__text\">\n\t\t\t\t<h3 class=\"elementor-post__title\">\n\t\t\t<a href=\"https:\/\/staging.ordemdosfisioterapeutas.pt\/fr\/noticias\/ordem-dos-fisioterapeutas-integra-a-world-physiotherapy\/\" >\n\t\t\t\tL'Ordre des physioth\u00e9rapeutes portugais rejoint l'Association mondiale de physioth\u00e9rapie\t\t\t<\/a>\n\t\t<\/h3>\n\t\t\t\t<div class=\"elementor-post__excerpt\">\n\t\t\t<p>L'Ordre portugais des physioth\u00e9rapeutes se f\u00e9licite de faire d\u00e9sormais partie de la Physioth\u00e9rapie mondiale, et de la R\u00e9gion europ\u00e9enne, succ\u00e9dant, de mani\u00e8re consensuelle, \u00e0 l'Association portugaise des physioth\u00e9rapeutes, admise en 1963.<\/p>\n\t\t<\/div>\n\t\t\n\t\t<a class=\"elementor-post__read-more\" href=\"https:\/\/staging.ordemdosfisioterapeutas.pt\/fr\/noticias\/ordem-dos-fisioterapeutas-integra-a-world-physiotherapy\/\" aria-label=\"En savoir plus sur L&#039;Ordre des physioth\u00e9rapeutes rejoint World Physiotherapy\" tabindex=\"-1\" >\n\t\t\tLIRE PLUS &gt;&gt;\t\t<\/a>\n\n\t\t\t\t<\/div>\n\t\t\t\t<div class=\"elementor-post__meta-data\">\n\t\t\t\t\t<span class=\"elementor-post-date\">\n\t\t\t8 novembre 2022\t\t<\/span>\n\t\t\t\t<\/div>\n\t\t\t\t\t<\/div>\n\t\t<\/article>\n\t\t\t\t<\/div>\n\t\t\n\t\t\t\t\t\t<\/div>\n\t\t\t\t<\/div>\n\t\t\t\t<div class=\"elementor-element elementor-element-2bced0a elementor-align-center elementor-widget elementor-widget-button\" data-id=\"2bced0a\" data-element_type=\"widget\" data-e-type=\"widget\" data-widget_type=\"button.default\">\n\t\t\t\t<div class=\"elementor-widget-container\">\n\t\t\t\t\t\t\t\t\t<div class=\"elementor-button-wrapper\">\n\t\t\t\t\t<a class=\"elementor-button elementor-button-link elementor-size-xs elementor-animation-shrink\" href=\"https:\/\/staging.ordemdosfisioterapeutas.pt\/fr\/category\/noticias\/\">\n\t\t\t\t\t\t<span class=\"elementor-button-content-wrapper\">\n\t\t\t\t\t\t<span class=\"elementor-button-icon\">\n\t\t\t\t<i aria-hidden=\"true\" class=\"fas fa-plus\"><\/i>\t\t\t<\/span>\n\t\t\t\t\t\t\t\t\t<span class=\"elementor-button-text\">Nouvelles<\/span>\n\t\t\t\t\t<\/span>\n\t\t\t\t\t<\/a>\n\t\t\t\t<\/div>\n\t\t\t\t\t\t\t\t<\/div>\n\t\t\t\t<\/div>\n\t\t\t\t<div class=\"elementor-element elementor-element-c48513c elementor-align-center elementor-widget elementor-widget-button\" data-id=\"c48513c\" data-element_type=\"widget\" data-e-type=\"widget\" data-widget_type=\"button.default\">\n\t\t\t\t<div class=\"elementor-widget-container\">\n\t\t\t\t\t\t\t\t\t<div class=\"elementor-button-wrapper\">\n\t\t\t\t\t<a class=\"elementor-button elementor-button-link elementor-size-xs elementor-animation-shrink\" href=\"https:\/\/staging.ordemdosfisioterapeutas.pt\/en\/category\/noticias\/\">\n\t\t\t\t\t\t<span class=\"elementor-button-content-wrapper\">\n\t\t\t\t\t\t<span class=\"elementor-button-icon\">\n\t\t\t\t<i aria-hidden=\"true\" class=\"fas fa-plus\"><\/i>\t\t\t<\/span>\n\t\t\t\t\t\t\t\t\t<span class=\"elementor-button-text\">Nouvelles<\/span>\n\t\t\t\t\t<\/span>\n\t\t\t\t\t<\/a>\n\t\t\t\t<\/div>\n\t\t\t\t\t\t\t\t<\/div>\n\t\t\t\t<\/div>\n\t\t\t\t<\/div>\n\t\t\t\t\t<\/div>\n\t\t\t\t<\/div>\n\t\t\t\t<\/div>","protected":false},"excerpt":{"rendered":"<p>PARTENARIATConditions sp\u00e9ciales pour les membres de l'Ordre des kin\u00e9sith\u00e9rapeutesEn savoir plusDiapositive Intitul\u00e9Lorem ipsum dolor sit amet, consectetur adipiscing elit. Ut elit tellus, luctus nec ullamcorper mattis, pulvinar dapibus leo.Click HereSlide HeadingLorem ipsum dolor sit amet, consectetur adipiscing elit. Ut elit tellus, luctus nec ullamcorper mattis, pulvinar dapibus leo.Click HereR\u00e9seau de chercheurs en physioth\u00e9rapieEn savoir plus...Devenez membre de l'Ordre!Inscrivez-vous ... <a title=\"L&#039;Ordre des physioth\u00e9rapeutes portugais rejoint l&#039;Association mondiale de physioth\u00e9rapie\" class=\"read-more\" href=\"https:\/\/staging.ordemdosfisioterapeutas.pt\/fr\/noticias\/ordem-dos-fisioterapeutas-integra-a-world-physiotherapy\/\" aria-label=\"En savoir plus sur L&#039;Ordre des physioth\u00e9rapeutes rejoint World Physiotherapy\">En savoir plus<\/a><\/p>","protected":false},"author":1,"featured_media":0,"parent":0,"menu_order":0,"comment_status":"closed","ping_status":"closed","template":"elementor_header_footer","meta":{"footnotes":""},"class_list":["post-36","page","type-page","status-publish","hentry"],"_links":{"self":[{"href":"https:\/\/staging.ordemdosfisioterapeutas.pt\/fr\/wp-json\/wp\/v2\/pages\/36","targetHints":{"allow":["GET"]}}],"collection":[{"href":"https:\/\/staging.ordemdosfisioterapeutas.pt\/fr\/wp-json\/wp\/v2\/pages"}],"about":[{"href":"https:\/\/staging.ordemdosfisioterapeutas.pt\/fr\/wp-json\/wp\/v2\/types\/page"}],"author":[{"embeddable":true,"href":"https:\/\/staging.ordemdosfisioterapeutas.pt\/fr\/wp-json\/wp\/v2\/users\/1"}],"replies":[{"embeddable":true,"href":"https:\/\/staging.ordemdosfisioterapeutas.pt\/fr\/wp-json\/wp\/v2\/comments?post=36"}],"version-history":[{"count":0,"href":"https:\/\/staging.ordemdosfisioterapeutas.pt\/fr\/wp-json\/wp\/v2\/pages\/36\/revisions"}],"wp:attachment":[{"href":"https:\/\/staging.ordemdosfisioterapeutas.pt\/fr\/wp-json\/wp\/v2\/media?parent=36"}],"curies":[{"name":"wp","href":"https:\/\/api.w.org\/{rel}","templated":true}]}}