{"id":3763,"date":"2022-01-15T15:07:50","date_gmt":"2022-01-15T15:07:50","guid":{"rendered":"https:\/\/staging.ordemdosfisioterapeutas.pt\/?page_id=3763"},"modified":"2022-01-15T15:14:53","modified_gmt":"2022-01-15T15:14:53","slug":"mensagem-do-bastonario","status":"publish","type":"page","link":"https:\/\/staging.ordemdosfisioterapeutas.pt\/fr\/mensagem-do-bastonario\/","title":{"rendered":"Message du pr\u00e9sident"},"content":{"rendered":"<div data-elementor-type=\"wp-page\" data-elementor-id=\"3763\" class=\"elementor elementor-3763\" data-elementor-post-type=\"page\">\n\t\t\t\t\t\t<section class=\"elementor-section elementor-top-section elementor-element elementor-element-6e61d33 elementor-section-boxed elementor-section-height-default elementor-section-height-default\" data-id=\"6e61d33\" data-element_type=\"section\" data-e-type=\"section\">\n\t\t\t\t\t\t<div class=\"elementor-container elementor-column-gap-default\">\n\t\t\t\t\t<div class=\"elementor-column elementor-col-50 elementor-top-column elementor-element elementor-element-e2f65e9\" data-id=\"e2f65e9\" data-element_type=\"column\" data-e-type=\"column\">\n\t\t\t<div class=\"elementor-widget-wrap elementor-element-populated\">\n\t\t\t\t\t\t<div class=\"elementor-element elementor-element-8cc0c92 elementor-widget elementor-widget-image\" data-id=\"8cc0c92\" data-element_type=\"widget\" data-e-type=\"widget\" data-widget_type=\"image.default\">\n\t\t\t\t<div class=\"elementor-widget-container\">\n\t\t\t\t\t\t\t\t\t\t\t\t\t\t\t<img fetchpriority=\"high\" decoding=\"async\" width=\"550\" height=\"383\" src=\"https:\/\/staging.ordemdosfisioterapeutas.pt\/wp-content\/uploads\/2022\/01\/antonio-lopes.png\" class=\"attachment-full size-full wp-image-3765\" alt=\"Ant\u00f4nio Lopes\" srcset=\"https:\/\/staging.ordemdosfisioterapeutas.pt\/wp-content\/uploads\/2022\/01\/antonio-lopes.png 550w, https:\/\/staging.ordemdosfisioterapeutas.pt\/wp-content\/uploads\/2022\/01\/antonio-lopes-300x209.png 300w, https:\/\/staging.ordemdosfisioterapeutas.pt\/wp-content\/uploads\/2022\/01\/antonio-lopes-18x12.png 18w\" sizes=\"(max-width: 550px) 100vw, 550px\" \/>\t\t\t\t\t\t\t\t\t\t\t\t\t\t\t<\/div>\n\t\t\t\t<\/div>\n\t\t\t\t\t<\/div>\n\t\t<\/div>\n\t\t\t\t<div class=\"elementor-column elementor-col-50 elementor-top-column elementor-element elementor-element-4ee0f98\" data-id=\"4ee0f98\" data-element_type=\"column\" data-e-type=\"column\">\n\t\t\t<div class=\"elementor-widget-wrap elementor-element-populated\">\n\t\t\t\t\t\t<div class=\"elementor-element elementor-element-f0ccdca elementor-widget elementor-widget-text-editor\" data-id=\"f0ccdca\" data-element_type=\"widget\" data-e-type=\"widget\" data-widget_type=\"text-editor.default\">\n\t\t\t\t<div class=\"elementor-widget-container\">\n\t\t\t\t\t\t\t\t\t<p>Bienvenue \u00e0 l'Ordre des physioth\u00e9rapeutes !<\/p><p>Avec la prestation de serment des instances dirigeantes de l'Ordre le 14 d\u00e9cembre 2021, \u00e9lues le 15 novembre, l'Ordre des kin\u00e9sith\u00e9rapeutes se consid\u00e8re, aux termes de la loi 122\/2019 du 30 septembre, comme effectivement install\u00e9.<\/p><p><span style=\"color: var( --e-global-color-text ); font-family: var( --e-global-typography-text-font-family ), Sans-serif; font-size: var( --e-global-typography-text-font-size ); font-weight: var( --e-global-typography-text-font-weight );\">Nous sommes donc au point de d\u00e9part d'un nouveau d\u00e9fi et d'une nouvelle organisation. Une organisation qui sait comment d\u00e9fendre les citoyens, soutenir les kin\u00e9sith\u00e9rapeutes et construire l'avenir. Mais comment ?<\/span><\/p><p>Je crois, et nous, membres du Conseil, croyons que le soutien aux kin\u00e9sith\u00e9rapeutes passe par la valorisation de l'image du professionnel comme r\u00e9solveur de probl\u00e8mes, en collaboration avec d'autres, dans l'int\u00e9r\u00eat des citoyens. Il devrait appartenir aux kin\u00e9sith\u00e9rapeutes de cr\u00e9er les conditions pour d\u00e9finir la meilleure fa\u00e7on d'allouer les ressources en fonction des besoins des utilisateurs, dans une perspective int\u00e9gr\u00e9e et de continuit\u00e9 des soins.<\/p><p>Que les physioth\u00e9rapeutes soient charg\u00e9s de d\u00e9montrer les r\u00e9sultats de leur intervention, \u00e9tay\u00e9s par des \u00e9tudes co\u00fbt-b\u00e9n\u00e9fice et une \u00e9valuation des niveaux de satisfaction par les citoyens eux-m\u00eames.<\/p><p>Nous serons \u00e9galement, pour les physioth\u00e9rapeutes et pour le monde, l'autorit\u00e9 comp\u00e9tente en mati\u00e8re de reconnaissance des qualifications professionnelles pour l'exercice de la profession dans notre pays. En m\u00eame temps, nous serons l'autorit\u00e9 la mieux \u00e9quip\u00e9e pour contribuer au d\u00e9veloppement et \u00e0 l'assurance qualit\u00e9 de l'enseignement de la physioth\u00e9rapie \u00e0 tous les niveaux. \u00c0 cet \u00e9gard, les relations de l'Ordre avec les \u00e9tablissements d'enseignement sup\u00e9rieur seront cruciales.<\/p><p>Mais nous serons \u00e9galement pr\u00e9sents pour les citoyens, en promouvant leur droit \u00e0 l'acc\u00e8s direct aux soins dispens\u00e9s par les kin\u00e9sith\u00e9rapeutes, en profitant de la possibilit\u00e9 d'orientation par tout professionnel de la sant\u00e9 et en assumant le droit et le devoir d'orienter r\u00e9ciproquement les utilisateurs vers d'autres professionnels de la sant\u00e9, ou vers un kin\u00e9sith\u00e9rapeute plus qualifi\u00e9, chaque fois que la situation le justifie. L'Ordre veillera donc \u00e9galement \u00e0 l'int\u00e9r\u00eat sup\u00e9rieur des citoyens et sera donc disponible pour les accueillir.<\/p><p>En effet, l'Ordre doit se structurer pour \u00eatre la Voix de la profession, un r\u00e9seau de ressources au service des citoyens et des kin\u00e9sith\u00e9rapeutes, et un observatoire de la r\u00e9alit\u00e9 de la profession. Nous aurons donc besoin de l'effort et de l'engagement des kin\u00e9sith\u00e9rapeutes pour apporter leur contribution, c'est pourquoi nous ferons un effort suppl\u00e9mentaire pour compl\u00e9ter l'inscription de chacun. Ce n'est qu'ainsi que nous pourrons garantir que nos actions refl\u00e8tent le pr\u00e9sent et \u0153uvrent pour l'avenir de tous les kin\u00e9sith\u00e9rapeutes.<\/p><p>Ce Conseil s'engage \u00e0 mener \u00e0 bien ce projet ambitieux, avec les autres instances \u00e9lues. Nous comptons \u00e9galement sur la pr\u00e9cieuse collaboration des autres professions, notamment celles du secteur de la sant\u00e9 et de leurs organes repr\u00e9sentatifs, qui sont \u00e9tablies depuis plus longtemps et disposent d\u00e9j\u00e0 du savoir issu de l'exp\u00e9rience. Nous garderons le m\u00eame esprit de collaboration, d'ouverture au dialogue et de disponibilit\u00e9.<\/p><p>Et comment la \"main\" a \u00e9t\u00e9 symboliquement repr\u00e9sentative des physioth\u00e9rapeutes,<\/p><p>Au travail !<\/p><p>Au travail !\"<\/p><p>Ant\u00f3nio Lopes<\/p><p>Pr\u00e9sident de l'Ordre des physioth\u00e9rapeutes\u00a0\u00a0\u00a0\u00a0<\/p>\t\t\t\t\t\t\t\t<\/div>\n\t\t\t\t<\/div>\n\t\t\t\t\t<\/div>\n\t\t<\/div>\n\t\t\t\t\t<\/div>\n\t\t<\/section>\n\t\t\t\t<\/div>","protected":false},"excerpt":{"rendered":"<p>Bienvenue \u00e0 l'Ordre des kin\u00e9sith\u00e9rapeutes ! Avec l'entr\u00e9e en fonction le 14 d\u00e9cembre 2021 des instances dirigeantes de l'Ordre, \u00e9lues le 15 novembre, l'Ordre des kin\u00e9sith\u00e9rapeutes se consid\u00e8re, aux termes de la loi 122\/2019 du 30 septembre, effectivement install\u00e9. Nous sommes donc au point de d\u00e9part d'une nouvelle ... <a title=\"Message du pr\u00e9sident\" class=\"read-more\" href=\"https:\/\/staging.ordemdosfisioterapeutas.pt\/fr\/mensagem-do-bastonario\/\" aria-label=\"En savoir plus sur Message du Pr\u00e9sident\">En savoir plus<\/a><\/p>","protected":false},"author":1,"featured_media":0,"parent":0,"menu_order":0,"comment_status":"closed","ping_status":"closed","template":"","meta":{"footnotes":""},"class_list":["post-3763","page","type-page","status-publish"],"_links":{"self":[{"href":"https:\/\/staging.ordemdosfisioterapeutas.pt\/fr\/wp-json\/wp\/v2\/pages\/3763","targetHints":{"allow":["GET"]}}],"collection":[{"href":"https:\/\/staging.ordemdosfisioterapeutas.pt\/fr\/wp-json\/wp\/v2\/pages"}],"about":[{"href":"https:\/\/staging.ordemdosfisioterapeutas.pt\/fr\/wp-json\/wp\/v2\/types\/page"}],"author":[{"embeddable":true,"href":"https:\/\/staging.ordemdosfisioterapeutas.pt\/fr\/wp-json\/wp\/v2\/users\/1"}],"replies":[{"embeddable":true,"href":"https:\/\/staging.ordemdosfisioterapeutas.pt\/fr\/wp-json\/wp\/v2\/comments?post=3763"}],"version-history":[{"count":0,"href":"https:\/\/staging.ordemdosfisioterapeutas.pt\/fr\/wp-json\/wp\/v2\/pages\/3763\/revisions"}],"wp:attachment":[{"href":"https:\/\/staging.ordemdosfisioterapeutas.pt\/fr\/wp-json\/wp\/v2\/media?parent=3763"}],"curies":[{"name":"wp","href":"https:\/\/api.w.org\/{rel}","templated":true}]}}