{"id":446,"date":"2020-09-30T19:19:08","date_gmt":"2020-09-30T19:19:08","guid":{"rendered":"https:\/\/staging.ordemdosfisioterapeutas.pt\/?page_id=446"},"modified":"2023-08-09T15:48:20","modified_gmt":"2023-08-09T14:48:20","slug":"perguntas-frequentes","status":"publish","type":"page","link":"https:\/\/staging.ordemdosfisioterapeutas.pt\/fr\/perguntas-frequentes\/","title":{"rendered":"Questions fr\u00e9quemment pos\u00e9es"},"content":{"rendered":"<div data-elementor-type=\"wp-page\" data-elementor-id=\"446\" class=\"elementor elementor-446\" data-elementor-post-type=\"page\">\n\t\t\t\t\t\t<section class=\"elementor-section elementor-top-section elementor-element elementor-element-45fd3b5 elementor-section-boxed elementor-section-height-default elementor-section-height-default\" data-id=\"45fd3b5\" data-element_type=\"section\" data-e-type=\"section\">\n\t\t\t\t\t\t<div class=\"elementor-container elementor-column-gap-default\">\n\t\t\t\t\t<div class=\"elementor-column elementor-col-100 elementor-top-column elementor-element elementor-element-75e83b3\" data-id=\"75e83b3\" data-element_type=\"column\" data-e-type=\"column\">\n\t\t\t<div class=\"elementor-widget-wrap elementor-element-populated\">\n\t\t\t\t\t\t<div class=\"elementor-element elementor-element-d7e9dbc elementor-widget elementor-widget-heading\" data-id=\"d7e9dbc\" data-element_type=\"widget\" data-e-type=\"widget\" data-widget_type=\"heading.default\">\n\t\t\t\t<div class=\"elementor-widget-container\">\n\t\t\t\t\t<h2 class=\"elementor-heading-title elementor-size-default\">Fonctions de commande<\/h2>\t\t\t\t<\/div>\n\t\t\t\t<\/div>\n\t\t\t\t<div class=\"elementor-element elementor-element-cb9629d elementor-widget elementor-widget-toggle\" data-id=\"cb9629d\" data-element_type=\"widget\" data-e-type=\"widget\" data-widget_type=\"toggle.default\">\n\t\t\t\t<div class=\"elementor-widget-container\">\n\t\t\t\t\t\t\t<div class=\"elementor-toggle\">\n\t\t\t\t\t\t\t<div class=\"elementor-toggle-item\">\n\t\t\t\t\t<div id=\"elementor-tab-title-2131\" class=\"elementor-tab-title\" data-tab=\"1\" role=\"button\" aria-controls=\"elementor-tab-content-2131\" aria-expanded=\"false\">\n\t\t\t\t\t\t\t\t\t\t\t\t<span class=\"elementor-toggle-icon elementor-toggle-icon-left\" aria-hidden=\"true\">\n\t\t\t\t\t\t\t\t\t\t\t\t\t\t\t<span class=\"elementor-toggle-icon-closed\"><i class=\"fas fa-caret-right\"><\/i><\/span>\n\t\t\t\t\t\t\t\t<span class=\"elementor-toggle-icon-opened\"><i class=\"elementor-toggle-icon-opened fas fa-caret-up\"><\/i><\/span>\n\t\t\t\t\t\t\t\t\t\t\t\t\t<\/span>\n\t\t\t\t\t\t\t\t\t\t\t\t<a class=\"elementor-toggle-title\" tabindex=\"0\">1 - Quel est le r\u00f4le de l'Ordre des kin\u00e9sith\u00e9rapeutes ?<\/a>\n\t\t\t\t\t<\/div>\n\n\t\t\t\t\t<div id=\"elementor-tab-content-2131\" class=\"elementor-tab-content elementor-clearfix\" data-tab=\"1\" role=\"region\" aria-labelledby=\"elementor-tab-title-2131\"><p>Les attributions de l'Ordre sont les suivantes :<\/p><p>a) R\u00e9glementer l'acc\u00e8s \u00e0 la profession et son exercice ;<\/p><p>b) d\u00e9fendre les int\u00e9r\u00eats g\u00e9n\u00e9raux des utilisateurs des services fournis par ses membres, en garantissant et en faisant respecter le droit \u00e0 la sant\u00e9 des citoyens ;<\/p><p>c) repr\u00e9senter et d\u00e9fendre les int\u00e9r\u00eats g\u00e9n\u00e9raux de la profession au Portugal, notamment en assurant sa fonction sociale, sa dignit\u00e9 et son prestige ;<\/p><p>d) conf\u00e9rer exclusivement les titres professionnels de physioth\u00e9rapeute et d\u00e9livrer des autorisations d'exercer \u00e0 ses membres ;<\/p><p>e) la d\u00e9fense du titre professionnel, y compris la d\u00e9nonciation de situations d'exercice ill\u00e9gal de la profession, et peut \u00eatre un assistant dans les proc\u00e9dures p\u00e9nales ;<\/p><p>f) conf\u00e9rer le titre de sp\u00e9cialiste aux physioth\u00e9rapeutes qui remplissent les conditions fix\u00e9es par les organismes comp\u00e9tents ;<\/p><p>g) \u00e9tablir et mettre \u00e0 jour le registre professionnel de ses membres ;<\/p><p>h) Veiller au respect des r\u00e8gles d'\u00e9thique et de d\u00e9ontologie professionnelles ;<\/p><p>i) L'exercice du pouvoir disciplinaire sur ses membres ;<\/p><p>j) l'attribution, le cas \u00e9ch\u00e9ant, de prix ou de titres honorifiques ;<\/p><p>k) la fourniture de services \u00e0 ses membres en mati\u00e8re de pratique professionnelle, notamment en ce qui concerne l'information, la formation professionnelle et l'assistance technique et juridique ;<\/p><p>l) Collaboration avec les organes de l'administration publique dans la poursuite d'objectifs d'int\u00e9r\u00eat public li\u00e9s \u00e0 la profession de kin\u00e9sith\u00e9rapeute ;<\/p><p>m) participer \u00e0 l'\u00e9laboration de la l\u00e9gislation concernant leur profession ;<\/p><p>n) Participation aux processus officiels d'accr\u00e9ditation et \u00e0 l'\u00e9valuation des cours donnant acc\u00e8s \u00e0 la profession ;<\/p><p>o) La reconnaissance des qualifications professionnelles obtenues en dehors du Portugal, en vertu de la loi, du droit de l'Union europ\u00e9enne ou d'une convention internationale ;<\/p><p>p) \u00e9mettre des avis scientifiques et techniques demand\u00e9s par tout organisme national ou \u00e9tranger, public ou priv\u00e9, lorsque cela est dans l'int\u00e9r\u00eat public ou dans l'int\u00e9r\u00eat de la profession ;<\/p><p>q) promouvoir le d\u00e9veloppement du domaine scientifique de la physioth\u00e9rapie et de son enseignement ;<\/p><p>r) toute autre fonction qui lui est attribu\u00e9e par la loi.<\/p><\/div>\n\t\t\t\t<\/div>\n\t\t\t\t\t\t\t<div class=\"elementor-toggle-item\">\n\t\t\t\t\t<div id=\"elementor-tab-title-2132\" class=\"elementor-tab-title\" data-tab=\"2\" role=\"button\" aria-controls=\"elementor-tab-content-2132\" aria-expanded=\"false\">\n\t\t\t\t\t\t\t\t\t\t\t\t<span class=\"elementor-toggle-icon elementor-toggle-icon-left\" aria-hidden=\"true\">\n\t\t\t\t\t\t\t\t\t\t\t\t\t\t\t<span class=\"elementor-toggle-icon-closed\"><i class=\"fas fa-caret-right\"><\/i><\/span>\n\t\t\t\t\t\t\t\t<span class=\"elementor-toggle-icon-opened\"><i class=\"elementor-toggle-icon-opened fas fa-caret-up\"><\/i><\/span>\n\t\t\t\t\t\t\t\t\t\t\t\t\t<\/span>\n\t\t\t\t\t\t\t\t\t\t\t\t<a class=\"elementor-toggle-title\" tabindex=\"0\">2 - L'Ordre d\u00e9fendra-t-il les kin\u00e9sith\u00e9rapeutes ?<\/a>\n\t\t\t\t\t<\/div>\n\n\t\t\t\t\t<div id=\"elementor-tab-content-2132\" class=\"elementor-tab-content elementor-clearfix\" data-tab=\"2\" role=\"region\" aria-labelledby=\"elementor-tab-title-2132\"><p>Conform\u00e9ment \u00e0 la loi n\u00b0 122\/2019 du 30 septembre, qui peut \u00eatre consult\u00e9e \u00e0 l'adresse suivante <span style=\"text-decoration: underline;\"><a href=\"https:\/\/dre.pt\/dre\/detalhe\/lei\/122-2019-125016439\" target=\"_blank\" rel=\"noopener\">ici<\/a>,<\/span> L'Ordre des kin\u00e9sith\u00e9rapeutes r\u00e9glemente la profession, d\u00e9fend la kin\u00e9sith\u00e9rapie et prot\u00e8ge les citoyens contre les pratiques non qualifi\u00e9es.<\/p><\/div>\n\t\t\t\t<\/div>\n\t\t\t\t\t\t\t<div class=\"elementor-toggle-item\">\n\t\t\t\t\t<div id=\"elementor-tab-title-2133\" class=\"elementor-tab-title\" data-tab=\"3\" role=\"button\" aria-controls=\"elementor-tab-content-2133\" aria-expanded=\"false\">\n\t\t\t\t\t\t\t\t\t\t\t\t<span class=\"elementor-toggle-icon elementor-toggle-icon-left\" aria-hidden=\"true\">\n\t\t\t\t\t\t\t\t\t\t\t\t\t\t\t<span class=\"elementor-toggle-icon-closed\"><i class=\"fas fa-caret-right\"><\/i><\/span>\n\t\t\t\t\t\t\t\t<span class=\"elementor-toggle-icon-opened\"><i class=\"elementor-toggle-icon-opened fas fa-caret-up\"><\/i><\/span>\n\t\t\t\t\t\t\t\t\t\t\t\t\t<\/span>\n\t\t\t\t\t\t\t\t\t\t\t\t<a class=\"elementor-toggle-title\" tabindex=\"0\">3 - L'Ordre agit-il sur les mauvaises pratiques de la kin\u00e9sith\u00e9rapie ?<\/a>\n\t\t\t\t\t<\/div>\n\n\t\t\t\t\t<div id=\"elementor-tab-content-2133\" class=\"elementor-tab-content elementor-clearfix\" data-tab=\"3\" role=\"region\" aria-labelledby=\"elementor-tab-title-2133\"><p>L'Ordre dispose d'un Conseil juridictionnel qui examine les plaintes contre les kin\u00e9sith\u00e9rapeutes et a le pouvoir d'agir contre les mauvaises pratiques et les pratiques non qualifi\u00e9es, en intervenant directement et\/ou indirectement en cas de situations av\u00e9r\u00e9es.<\/p><\/div>\n\t\t\t\t<\/div>\n\t\t\t\t\t\t\t<div class=\"elementor-toggle-item\">\n\t\t\t\t\t<div id=\"elementor-tab-title-2134\" class=\"elementor-tab-title\" data-tab=\"4\" role=\"button\" aria-controls=\"elementor-tab-content-2134\" aria-expanded=\"false\">\n\t\t\t\t\t\t\t\t\t\t\t\t<span class=\"elementor-toggle-icon elementor-toggle-icon-left\" aria-hidden=\"true\">\n\t\t\t\t\t\t\t\t\t\t\t\t\t\t\t<span class=\"elementor-toggle-icon-closed\"><i class=\"fas fa-caret-right\"><\/i><\/span>\n\t\t\t\t\t\t\t\t<span class=\"elementor-toggle-icon-opened\"><i class=\"elementor-toggle-icon-opened fas fa-caret-up\"><\/i><\/span>\n\t\t\t\t\t\t\t\t\t\t\t\t\t<\/span>\n\t\t\t\t\t\t\t\t\t\t\t\t<a class=\"elementor-toggle-title\" tabindex=\"0\">4 - L'Ordre peut-il l\u00e9gif\u00e9rer ?<\/a>\n\t\t\t\t\t<\/div>\n\n\t\t\t\t\t<div id=\"elementor-tab-content-2134\" class=\"elementor-tab-content elementor-clearfix\" data-tab=\"4\" role=\"region\" aria-labelledby=\"elementor-tab-title-2134\"><p>Non, sans pr\u00e9judice de la pr\u00e9sentation de propositions. L'Ordre des kin\u00e9sith\u00e9rapeutes peut r\u00e9glementer tous les aspects pertinents de la profession. La l\u00e9gislation est de la comp\u00e9tence de l'Assembl\u00e9e de la R\u00e9publique, ou du gouvernement, sous son autorisation ou sa r\u00e9serve relative, il n'appartient donc pas \u00e0 l'Ordre de cr\u00e9er des lois.<\/p><\/div>\n\t\t\t\t<\/div>\n\t\t\t\t\t\t\t<div class=\"elementor-toggle-item\">\n\t\t\t\t\t<div id=\"elementor-tab-title-2135\" class=\"elementor-tab-title\" data-tab=\"5\" role=\"button\" aria-controls=\"elementor-tab-content-2135\" aria-expanded=\"false\">\n\t\t\t\t\t\t\t\t\t\t\t\t<span class=\"elementor-toggle-icon elementor-toggle-icon-left\" aria-hidden=\"true\">\n\t\t\t\t\t\t\t\t\t\t\t\t\t\t\t<span class=\"elementor-toggle-icon-closed\"><i class=\"fas fa-caret-right\"><\/i><\/span>\n\t\t\t\t\t\t\t\t<span class=\"elementor-toggle-icon-opened\"><i class=\"elementor-toggle-icon-opened fas fa-caret-up\"><\/i><\/span>\n\t\t\t\t\t\t\t\t\t\t\t\t\t<\/span>\n\t\t\t\t\t\t\t\t\t\t\t\t<a class=\"elementor-toggle-title\" tabindex=\"0\">5 - Comment se d\u00e9roulera la proc\u00e9dure d'attribution d'une sp\u00e9cialit\u00e9 en physioth\u00e9rapie ? <\/a>\n\t\t\t\t\t<\/div>\n\n\t\t\t\t\t<div id=\"elementor-tab-content-2135\" class=\"elementor-tab-content elementor-clearfix\" data-tab=\"5\" role=\"region\" aria-labelledby=\"elementor-tab-title-2135\"><p>L'une des missions de l'Ordre, telle que d\u00e9finie \u00e0 l'article 4 de ses statuts, est de <span style=\"text-decoration: underline;\"><a href=\"https:\/\/dre.pt\/application\/conteudo\/125016439\" target=\"_blank\" rel=\"noopener\">Statuts<\/a><\/span>L'objectif de ce programme est de \"conf\u00e9rer le titre de sp\u00e9cialiste aux physioth\u00e9rapeutes qui remplissent les conditions fix\u00e9es par les organismes comp\u00e9tents\".<\/p><p>Conform\u00e9ment \u00e0 l'article 26 j) du Statut de l'Ordre des physioth\u00e9rapeutes, il incombe au Conseil d'administration de l'Ordre de proposer au Conseil g\u00e9n\u00e9ral la cr\u00e9ation d'un cadre de sp\u00e9cialit\u00e9s professionnelles en physioth\u00e9rapie. La pr\u00e9paration d'une proposition, qui sera soumise au Conseil g\u00e9n\u00e9ral et fera l'objet d'une consultation publique ult\u00e9rieure, est incluse dans le plan d'activit\u00e9s 2023.\u00a0<\/p><\/div>\n\t\t\t\t<\/div>\n\t\t\t\t\t\t\t\t<\/div>\n\t\t\t\t\t\t<\/div>\n\t\t\t\t<\/div>\n\t\t\t\t<div class=\"elementor-element elementor-element-040286f elementor-widget elementor-widget-heading\" data-id=\"040286f\" data-element_type=\"widget\" data-e-type=\"widget\" data-widget_type=\"heading.default\">\n\t\t\t\t<div class=\"elementor-widget-container\">\n\t\t\t\t\t<h2 class=\"elementor-heading-title elementor-size-default\">Services aux membres \/ soutien<\/h2>\t\t\t\t<\/div>\n\t\t\t\t<\/div>\n\t\t\t\t<div class=\"elementor-element elementor-element-0153cb0 elementor-widget elementor-widget-toggle\" data-id=\"0153cb0\" data-element_type=\"widget\" data-e-type=\"widget\" data-widget_type=\"toggle.default\">\n\t\t\t\t<div class=\"elementor-widget-container\">\n\t\t\t\t\t\t\t<div class=\"elementor-toggle\">\n\t\t\t\t\t\t\t<div class=\"elementor-toggle-item\">\n\t\t\t\t\t<div id=\"elementor-tab-title-1391\" class=\"elementor-tab-title\" data-tab=\"1\" role=\"button\" aria-controls=\"elementor-tab-content-1391\" aria-expanded=\"false\">\n\t\t\t\t\t\t\t\t\t\t\t\t<span class=\"elementor-toggle-icon elementor-toggle-icon-left\" aria-hidden=\"true\">\n\t\t\t\t\t\t\t\t\t\t\t\t\t\t\t<span class=\"elementor-toggle-icon-closed\"><i class=\"fas fa-caret-right\"><\/i><\/span>\n\t\t\t\t\t\t\t\t<span class=\"elementor-toggle-icon-opened\"><i class=\"elementor-toggle-icon-opened fas fa-caret-up\"><\/i><\/span>\n\t\t\t\t\t\t\t\t\t\t\t\t\t<\/span>\n\t\t\t\t\t\t\t\t\t\t\t\t<a class=\"elementor-toggle-title\" tabindex=\"0\">1 - Quels titres l'Ordre des physioth\u00e9rapeutes d\u00e9cerne-t-il ou d\u00e9cernera-t-il ?<\/a>\n\t\t\t\t\t<\/div>\n\n\t\t\t\t\t<div id=\"elementor-tab-content-1391\" class=\"elementor-tab-content elementor-clearfix\" data-tab=\"1\" role=\"region\" aria-labelledby=\"elementor-tab-title-1391\"><p>Conform\u00e9ment \u00e0 l'article 4 des statuts de l'Ordre des kin\u00e9sith\u00e9rapeutes, point 1 d) et f), l'Ordre d\u00e9livre le titre professionnel de kin\u00e9sith\u00e9rapeute et l'autorisation d'exercer correspondante.<\/p><p>Une fois les sp\u00e9cialit\u00e9s d\u00e9finies, elle attribuera \u00e9galement le titre de sp\u00e9cialiste aux physioth\u00e9rapeutes qui remplissent les conditions fix\u00e9es par les organismes comp\u00e9tents.<\/p><\/div>\n\t\t\t\t<\/div>\n\t\t\t\t\t\t\t<div class=\"elementor-toggle-item\">\n\t\t\t\t\t<div id=\"elementor-tab-title-1392\" class=\"elementor-tab-title\" data-tab=\"2\" role=\"button\" aria-controls=\"elementor-tab-content-1392\" aria-expanded=\"false\">\n\t\t\t\t\t\t\t\t\t\t\t\t<span class=\"elementor-toggle-icon elementor-toggle-icon-left\" aria-hidden=\"true\">\n\t\t\t\t\t\t\t\t\t\t\t\t\t\t\t<span class=\"elementor-toggle-icon-closed\"><i class=\"fas fa-caret-right\"><\/i><\/span>\n\t\t\t\t\t\t\t\t<span class=\"elementor-toggle-icon-opened\"><i class=\"elementor-toggle-icon-opened fas fa-caret-up\"><\/i><\/span>\n\t\t\t\t\t\t\t\t\t\t\t\t\t<\/span>\n\t\t\t\t\t\t\t\t\t\t\t\t<a class=\"elementor-toggle-title\" tabindex=\"0\">2 - L'Ordre des kin\u00e9sith\u00e9rapeutes travaille-t-il \u00e0 cr\u00e9er de meilleures conditions de progression de carri\u00e8re et de n\u00e9gociation salariale, ou \u00e0 fixer un plafond de r\u00e9mun\u00e9ration pour les employeurs de kin\u00e9sith\u00e9rapeutes ? <\/a>\n\t\t\t\t\t<\/div>\n\n\t\t\t\t\t<div id=\"elementor-tab-content-1392\" class=\"elementor-tab-content elementor-clearfix\" data-tab=\"2\" role=\"region\" aria-labelledby=\"elementor-tab-title-1392\"><p>Sans pr\u00e9judice de la promotion des conditions socio-\u00e9conomiques de ses membres, conform\u00e9ment \u00e0 la loi 122\/2019, du 30 septembre, article 4, n\u00b0 2, \"L'Ordre est emp\u00each\u00e9 d'exercer ou de participer \u00e0 des activit\u00e9s de nature syndicale ou li\u00e9es \u00e0 la r\u00e9glementation des relations \u00e9conomiques ou professionnelles de ses membres\", et n'intervient donc pas dans les questions de travail et\/ou syndicales.<\/p><\/div>\n\t\t\t\t<\/div>\n\t\t\t\t\t\t\t<div class=\"elementor-toggle-item\">\n\t\t\t\t\t<div id=\"elementor-tab-title-1393\" class=\"elementor-tab-title\" data-tab=\"3\" role=\"button\" aria-controls=\"elementor-tab-content-1393\" aria-expanded=\"false\">\n\t\t\t\t\t\t\t\t\t\t\t\t<span class=\"elementor-toggle-icon elementor-toggle-icon-left\" aria-hidden=\"true\">\n\t\t\t\t\t\t\t\t\t\t\t\t\t\t\t<span class=\"elementor-toggle-icon-closed\"><i class=\"fas fa-caret-right\"><\/i><\/span>\n\t\t\t\t\t\t\t\t<span class=\"elementor-toggle-icon-opened\"><i class=\"elementor-toggle-icon-opened fas fa-caret-up\"><\/i><\/span>\n\t\t\t\t\t\t\t\t\t\t\t\t\t<\/span>\n\t\t\t\t\t\t\t\t\t\t\t\t<a class=\"elementor-toggle-title\" tabindex=\"0\">3 - L'Ordre des kin\u00e9sith\u00e9rapeutes peut-il donner des conseils juridiques sur les questions de travail ?<\/a>\n\t\t\t\t\t<\/div>\n\n\t\t\t\t\t<div id=\"elementor-tab-content-1393\" class=\"elementor-tab-content elementor-clearfix\" data-tab=\"3\" role=\"region\" aria-labelledby=\"elementor-tab-title-1393\"><p>Non. Toutes les questions li\u00e9es \u00e0 la progression de carri\u00e8re et aux salaires, entre autres, ne rel\u00e8vent pas d'un Ordre professionnel, sans pr\u00e9judice de l'analyse des questions qui peuvent les sous-tendre et qui rel\u00e8vent de l'intervention de l'Ordre des kin\u00e9sith\u00e9rapeutes.<\/p><\/div>\n\t\t\t\t<\/div>\n\t\t\t\t\t\t\t<div class=\"elementor-toggle-item\">\n\t\t\t\t\t<div id=\"elementor-tab-title-1394\" class=\"elementor-tab-title\" data-tab=\"4\" role=\"button\" aria-controls=\"elementor-tab-content-1394\" aria-expanded=\"false\">\n\t\t\t\t\t\t\t\t\t\t\t\t<span class=\"elementor-toggle-icon elementor-toggle-icon-left\" aria-hidden=\"true\">\n\t\t\t\t\t\t\t\t\t\t\t\t\t\t\t<span class=\"elementor-toggle-icon-closed\"><i class=\"fas fa-caret-right\"><\/i><\/span>\n\t\t\t\t\t\t\t\t<span class=\"elementor-toggle-icon-opened\"><i class=\"elementor-toggle-icon-opened fas fa-caret-up\"><\/i><\/span>\n\t\t\t\t\t\t\t\t\t\t\t\t\t<\/span>\n\t\t\t\t\t\t\t\t\t\t\t\t<a class=\"elementor-toggle-title\" tabindex=\"0\">4 - Les kin\u00e9sith\u00e9rapeutes ind\u00e9pendants sont-ils exempt\u00e9s du paiement de la TVA ?<\/a>\n\t\t\t\t\t<\/div>\n\n\t\t\t\t\t<div id=\"elementor-tab-content-1394\" class=\"elementor-tab-content elementor-clearfix\" data-tab=\"4\" role=\"region\" aria-labelledby=\"elementor-tab-title-1394\"><p>La physioth\u00e9rapie, en tant que prestation de services\/soins de sant\u00e9, est exon\u00e9r\u00e9e de la TVA. Ce n'est pas le cas si le physioth\u00e9rapeute exerce une autre activit\u00e9 soumise \u00e0 la TVA.<\/p><p>Il peut \u00e9galement arriver que certains \u00e9quipements de physioth\u00e9rapie soient soumis \u00e0 la TVA, quel que soit son taux.<\/p><\/div>\n\t\t\t\t<\/div>\n\t\t\t\t\t\t\t<div class=\"elementor-toggle-item\">\n\t\t\t\t\t<div id=\"elementor-tab-title-1395\" class=\"elementor-tab-title\" data-tab=\"5\" role=\"button\" aria-controls=\"elementor-tab-content-1395\" aria-expanded=\"false\">\n\t\t\t\t\t\t\t\t\t\t\t\t<span class=\"elementor-toggle-icon elementor-toggle-icon-left\" aria-hidden=\"true\">\n\t\t\t\t\t\t\t\t\t\t\t\t\t\t\t<span class=\"elementor-toggle-icon-closed\"><i class=\"fas fa-caret-right\"><\/i><\/span>\n\t\t\t\t\t\t\t\t<span class=\"elementor-toggle-icon-opened\"><i class=\"elementor-toggle-icon-opened fas fa-caret-up\"><\/i><\/span>\n\t\t\t\t\t\t\t\t\t\t\t\t\t<\/span>\n\t\t\t\t\t\t\t\t\t\t\t\t<a class=\"elementor-toggle-title\" tabindex=\"0\">5 - L'\u00e9mission d'un duplicata de bulletin de vote en cas de vol ou de cambriolage co\u00fbte-t-elle de l'argent ?<\/a>\n\t\t\t\t\t<\/div>\n\n\t\t\t\t\t<div id=\"elementor-tab-content-1395\" class=\"elementor-tab-content elementor-clearfix\" data-tab=\"5\" role=\"region\" aria-labelledby=\"elementor-tab-title-1395\"><p>Oui. Le co\u00fbt de l'\u00e9mission d'un duplicata de bulletin de vote est inclus dans les frais d'inscription au registre du commerce et des soci\u00e9t\u00e9s. <a href=\"https:\/\/dre.pt\/application\/file\/205869771\" target=\"_blank\" rel=\"noopener\"><span style=\"text-decoration: underline;\">R\u00e8glements<\/span> Cotisations et droits<\/a>.<\/p><\/div>\n\t\t\t\t<\/div>\n\t\t\t\t\t\t\t<div class=\"elementor-toggle-item\">\n\t\t\t\t\t<div id=\"elementor-tab-title-1396\" class=\"elementor-tab-title\" data-tab=\"6\" role=\"button\" aria-controls=\"elementor-tab-content-1396\" aria-expanded=\"false\">\n\t\t\t\t\t\t\t\t\t\t\t\t<span class=\"elementor-toggle-icon elementor-toggle-icon-left\" aria-hidden=\"true\">\n\t\t\t\t\t\t\t\t\t\t\t\t\t\t\t<span class=\"elementor-toggle-icon-closed\"><i class=\"fas fa-caret-right\"><\/i><\/span>\n\t\t\t\t\t\t\t\t<span class=\"elementor-toggle-icon-opened\"><i class=\"elementor-toggle-icon-opened fas fa-caret-up\"><\/i><\/span>\n\t\t\t\t\t\t\t\t\t\t\t\t\t<\/span>\n\t\t\t\t\t\t\t\t\t\t\t\t<a class=\"elementor-toggle-title\" tabindex=\"0\">6 - L'Ordre peut-il diffuser des offres d'emploi ? <\/a>\n\t\t\t\t\t<\/div>\n\n\t\t\t\t\t<div id=\"elementor-tab-content-1396\" class=\"elementor-tab-content elementor-clearfix\" data-tab=\"6\" role=\"region\" aria-labelledby=\"elementor-tab-title-1396\"><p>L'Ordre des kin\u00e9sith\u00e9rapeutes d\u00e9veloppe une bourse d'offres d'emploi, qui sera accessible \u00e0 tous les membres du secteur r\u00e9serv\u00e9. Le projet est en cours et devrait \u00eatre achev\u00e9 d'ici la fin de l'ann\u00e9e 2023.<\/p><\/div>\n\t\t\t\t<\/div>\n\t\t\t\t\t\t\t\t<\/div>\n\t\t\t\t\t\t<\/div>\n\t\t\t\t<\/div>\n\t\t\t\t<div class=\"elementor-element elementor-element-474a964 elementor-widget elementor-widget-heading\" data-id=\"474a964\" data-element_type=\"widget\" data-e-type=\"widget\" id=\"faq-inscricoes\" data-widget_type=\"heading.default\">\n\t\t\t\t<div class=\"elementor-widget-container\">\n\t\t\t\t\t<h2 class=\"elementor-heading-title elementor-size-default\">Inscription<\/h2>\t\t\t\t<\/div>\n\t\t\t\t<\/div>\n\t\t\t\t<div class=\"elementor-element elementor-element-d165449 elementor-widget elementor-widget-toggle\" data-id=\"d165449\" data-element_type=\"widget\" data-e-type=\"widget\" data-widget_type=\"toggle.default\">\n\t\t\t\t<div class=\"elementor-widget-container\">\n\t\t\t\t\t\t\t<div class=\"elementor-toggle\">\n\t\t\t\t\t\t\t<div class=\"elementor-toggle-item\">\n\t\t\t\t\t<div id=\"elementor-tab-title-2191\" class=\"elementor-tab-title\" data-tab=\"1\" role=\"button\" aria-controls=\"elementor-tab-content-2191\" aria-expanded=\"false\">\n\t\t\t\t\t\t\t\t\t\t\t\t<span class=\"elementor-toggle-icon elementor-toggle-icon-left\" aria-hidden=\"true\">\n\t\t\t\t\t\t\t\t\t\t\t\t\t\t\t<span class=\"elementor-toggle-icon-closed\"><i class=\"fas fa-caret-right\"><\/i><\/span>\n\t\t\t\t\t\t\t\t<span class=\"elementor-toggle-icon-opened\"><i class=\"elementor-toggle-icon-opened fas fa-caret-up\"><\/i><\/span>\n\t\t\t\t\t\t\t\t\t\t\t\t\t<\/span>\n\t\t\t\t\t\t\t\t\t\t\t\t<a class=\"elementor-toggle-title\" tabindex=\"0\">1 - Qui peut adh\u00e9rer \u00e0 l'Ordre des kin\u00e9sith\u00e9rapeutes ?<\/a>\n\t\t\t\t\t<\/div>\n\n\t\t\t\t\t<div id=\"elementor-tab-content-2191\" class=\"elementor-tab-content elementor-clearfix\" data-tab=\"1\" role=\"region\" aria-labelledby=\"elementor-tab-title-2191\"><p>Conform\u00e9ment \u00e0 l'article 3 du r\u00e8glement d'enregistrement de l'Ordre des physioth\u00e9rapeutes :<\/p><p>\"1- Vous pouvez vous inscrire \u00e0 l'OF :<\/p><p style=\"padding-left: 40px;\">a) Titulaires d'un dipl\u00f4me universitaire sup\u00e9rieur en physioth\u00e9rapie, d\u00e9livr\u00e9 \u00e0 l'issue d'un cursus d'au moins quatre ann\u00e9es par un \u00e9tablissement d'enseignement sup\u00e9rieur portugais ;<\/p><p style=\"padding-left: 40px;\">b) Les titulaires d'un dipl\u00f4me universitaire sup\u00e9rieur \u00e9tranger en physioth\u00e9rapie qui ont obtenu l'\u00e9quivalence du dipl\u00f4me vis\u00e9 \u00e0 l'alin\u00e9a pr\u00e9c\u00e9dent ;<\/p><p style=\"padding-left: 40px;\">c) Les professionnels ressortissants des \u00c9tats membres de l'Union europ\u00e9enne ou de l'Espace \u00e9conomique europ\u00e9en dont les qualifications ont \u00e9t\u00e9 obtenues en dehors du Portugal, en vertu de l'article 67 du statut de l'Ordre des physioth\u00e9rapeutes.<\/p><p>2- Vous pouvez \u00e9galement vous inscrire \u00e0 l'OF :<\/p><p style=\"padding-left: 40px;\">a) les professionnels de la physioth\u00e9rapie qui, conform\u00e9ment \u00e0 leur statut et aux dispositions l\u00e9gales applicables, exercent la profession de physioth\u00e9rapeute ;<\/p><p style=\"padding-left: 40px;\">b) Les titulaires de la carte professionnelle de kin\u00e9sith\u00e9rapeute, d\u00e9livr\u00e9e aux termes du d\u00e9cret-loi n\u00b0 320\/99, du 11 ao\u00fbt\".<\/p><p>3 - L'inscription des ressortissants de pays tiers dont les qualifications ont \u00e9t\u00e9 obtenues en dehors du Portugal et auxquels s'appliquent les dispositions du paragraphe 1, point c), d\u00e9pend \u00e9galement de la garantie d'un traitement r\u00e9ciproque, en vertu d'une convention internationale, y compris une convention sign\u00e9e entre l'OF et l'autorit\u00e9 homologue du pays d'origine de l'int\u00e9ress\u00e9.<\/p><p>4- Ils s'inscrivent \u00e9galement \u00e0 l'Ordre en tant que membres :<\/p><p style=\"padding-left: 40px;\">a) Les soci\u00e9t\u00e9s professionnelles de kin\u00e9sith\u00e9rapeutes, y compris les sections des organisations associatives de kin\u00e9sith\u00e9rapeutes constitu\u00e9es en vertu de la l\u00e9gislation d'un autre Etat, dans les conditions pr\u00e9vues \u00e0 l'article 68 du statut de l'Ordre ;<\/p><p style=\"padding-left: 40px;\">b) Les repr\u00e9sentations permanentes sur le territoire national des organisations de l'ordre des kin\u00e9sith\u00e9rapeutes constitu\u00e9es en vertu de la l\u00e9gislation d'un autre Etat, dans les conditions pr\u00e9vues \u00e0 l'article 69 du statut de l'ordre.<\/p><p>5- L'inscription \u00e0 l'Ordre pour l'exercice de la profession de kin\u00e9sith\u00e9rapeute peut \u00eatre refus\u00e9e :<\/p><p style=\"padding-left: 40px;\">a) Absence d'enseignement sup\u00e9rieur aux termes des points a) \u00e0 c) du paragraphe 1, sans pr\u00e9judice des dispositions du paragraphe 4 de l'article 1 ;<\/p><p style=\"padding-left: 40px;\">b) lorsque l'int\u00e9ress\u00e9 a fait l'objet d'une interdiction ou d'une suspension de l'exercice de la profession, pr\u00e9vue par la loi, ou pour une infraction p\u00e9nale, administrative ou disciplinaire.<\/p><p>6- La reconnaissance pr\u00e9vue au paragraphe 1, point c), doit \u00eatre demand\u00e9e par les parties int\u00e9ress\u00e9es.<\/p><p>7- L'inscription \u00e0 l'OF peut se faire dans n'importe laquelle des sp\u00e9cialit\u00e9s reconnues selon les termes d\u00e9finis dans le r\u00e8glement des sp\u00e9cialit\u00e9s, une fois qu'elles ont \u00e9t\u00e9 cr\u00e9\u00e9es\".<\/p><\/div>\n\t\t\t\t<\/div>\n\t\t\t\t\t\t\t<div class=\"elementor-toggle-item\">\n\t\t\t\t\t<div id=\"elementor-tab-title-2192\" class=\"elementor-tab-title\" data-tab=\"2\" role=\"button\" aria-controls=\"elementor-tab-content-2192\" aria-expanded=\"false\">\n\t\t\t\t\t\t\t\t\t\t\t\t<span class=\"elementor-toggle-icon elementor-toggle-icon-left\" aria-hidden=\"true\">\n\t\t\t\t\t\t\t\t\t\t\t\t\t\t\t<span class=\"elementor-toggle-icon-closed\"><i class=\"fas fa-caret-right\"><\/i><\/span>\n\t\t\t\t\t\t\t\t<span class=\"elementor-toggle-icon-opened\"><i class=\"elementor-toggle-icon-opened fas fa-caret-up\"><\/i><\/span>\n\t\t\t\t\t\t\t\t\t\t\t\t\t<\/span>\n\t\t\t\t\t\t\t\t\t\t\t\t<a class=\"elementor-toggle-title\" tabindex=\"0\">2 - O\u00f9 puis-je m'inscrire ?<\/a>\n\t\t\t\t\t<\/div>\n\n\t\t\t\t\t<div id=\"elementor-tab-content-2192\" class=\"elementor-tab-content elementor-clearfix\" data-tab=\"2\" role=\"region\" aria-labelledby=\"elementor-tab-title-2192\"><p>Les physioth\u00e9rapeutes peuvent s'inscrire aupr\u00e8s de l'ordre des avocats portugais exclusivement \u00e0 l'adresse suivante <span style=\"text-decoration: underline;\"><a href=\"https:\/\/ordemdosfisioterapeutas.pt\/\" target=\"_blank\" rel=\"noopener\">site web<\/a><\/span> de l'Ordre des kin\u00e9sith\u00e9rapeutes, sans avoir \u00e0 se rendre au si\u00e8ge social \u00e0 cet effet.<\/p><p><span style=\"text-decoration: underline;\"><a href=\"https:\/\/ordemdosfisioterapeutas.pt\/inscricao-na-ordem-dos-fisioterapeutas\/\" target=\"_blank\" rel=\"noopener\">https:\/\/ordemdosfisioterapeutas.pt\/inscricao-na-ordem-dos-fisioterapeutas\/<\/a><\/span><\/p><\/div>\n\t\t\t\t<\/div>\n\t\t\t\t\t\t\t<div class=\"elementor-toggle-item\">\n\t\t\t\t\t<div id=\"elementor-tab-title-2193\" class=\"elementor-tab-title\" data-tab=\"3\" role=\"button\" aria-controls=\"elementor-tab-content-2193\" aria-expanded=\"false\">\n\t\t\t\t\t\t\t\t\t\t\t\t<span class=\"elementor-toggle-icon elementor-toggle-icon-left\" aria-hidden=\"true\">\n\t\t\t\t\t\t\t\t\t\t\t\t\t\t\t<span class=\"elementor-toggle-icon-closed\"><i class=\"fas fa-caret-right\"><\/i><\/span>\n\t\t\t\t\t\t\t\t<span class=\"elementor-toggle-icon-opened\"><i class=\"elementor-toggle-icon-opened fas fa-caret-up\"><\/i><\/span>\n\t\t\t\t\t\t\t\t\t\t\t\t\t<\/span>\n\t\t\t\t\t\t\t\t\t\t\t\t<a class=\"elementor-toggle-title\" tabindex=\"0\">3 - Dois-je m'inscrire au barreau portugais, m\u00eame si je suis inscrit \u00e0 l'ACSS ou \u00e0 l'Association portugaise des physioth\u00e9rapeutes ?<\/a>\n\t\t\t\t\t<\/div>\n\n\t\t\t\t\t<div id=\"elementor-tab-content-2193\" class=\"elementor-tab-content elementor-clearfix\" data-tab=\"3\" role=\"region\" aria-labelledby=\"elementor-tab-title-2193\"><p>Oui, m\u00eame si vous \u00eates inscrit \u00e0 l'ACSS ou si vous \u00eates membre de l'APFisio, vous devez vous inscrire \u00e0 l'Ordre des kin\u00e9sith\u00e9rapeutes.<\/p><p>L'inscription \u00e0 l'Ordre est obligatoire et constitue une condition n\u00e9cessaire au port du titre professionnel de physioth\u00e9rapeute et \u00e0 l'acc\u00e8s \u00e0 la pratique professionnelle.<\/p><\/div>\n\t\t\t\t<\/div>\n\t\t\t\t\t\t\t<div class=\"elementor-toggle-item\">\n\t\t\t\t\t<div id=\"elementor-tab-title-2194\" class=\"elementor-tab-title\" data-tab=\"4\" role=\"button\" aria-controls=\"elementor-tab-content-2194\" aria-expanded=\"false\">\n\t\t\t\t\t\t\t\t\t\t\t\t<span class=\"elementor-toggle-icon elementor-toggle-icon-left\" aria-hidden=\"true\">\n\t\t\t\t\t\t\t\t\t\t\t\t\t\t\t<span class=\"elementor-toggle-icon-closed\"><i class=\"fas fa-caret-right\"><\/i><\/span>\n\t\t\t\t\t\t\t\t<span class=\"elementor-toggle-icon-opened\"><i class=\"elementor-toggle-icon-opened fas fa-caret-up\"><\/i><\/span>\n\t\t\t\t\t\t\t\t\t\t\t\t\t<\/span>\n\t\t\t\t\t\t\t\t\t\t\t\t<a class=\"elementor-toggle-title\" tabindex=\"0\">4 - Comme je suis sans emploi, est-il possible de ne pas payer les frais d'inscription ?<\/a>\n\t\t\t\t\t<\/div>\n\n\t\t\t\t\t<div id=\"elementor-tab-content-2194\" class=\"elementor-tab-content elementor-clearfix\" data-tab=\"4\" role=\"region\" aria-labelledby=\"elementor-tab-title-2194\"><p>Si vous vous inscrivez, vous devrez payer les frais d'inscription. L'inscription \u00e0 l'Ordre est une condition obligatoire pour exercer la profession d'avocat. Les frais de cette proc\u00e9dure sont d\u00e9finis par voie r\u00e9glementaire et il n'y a pas d'exemption. L'inscription au barreau sera utile pour prouver vos qualifications professionnelles lors de la recherche d'un emploi.<\/p><p>Si vous \u00eates sans emploi et donc sans activit\u00e9 professionnelle, vous pouvez choisir de retarder votre inscription jusqu'\u00e0 ce que vous exerciez effectivement votre profession, sous quelque forme que ce soit, c'est-\u00e0-dire de mani\u00e8re lib\u00e9rale. Vous devez toutefois justifier de cette situation en adressant \u00e0 l'Ordre une d\u00e9claration accompagn\u00e9e de la pi\u00e8ce justificative correspondante.<\/p><\/div>\n\t\t\t\t<\/div>\n\t\t\t\t\t\t\t<div class=\"elementor-toggle-item\">\n\t\t\t\t\t<div id=\"elementor-tab-title-2195\" class=\"elementor-tab-title\" data-tab=\"5\" role=\"button\" aria-controls=\"elementor-tab-content-2195\" aria-expanded=\"false\">\n\t\t\t\t\t\t\t\t\t\t\t\t<span class=\"elementor-toggle-icon elementor-toggle-icon-left\" aria-hidden=\"true\">\n\t\t\t\t\t\t\t\t\t\t\t\t\t\t\t<span class=\"elementor-toggle-icon-closed\"><i class=\"fas fa-caret-right\"><\/i><\/span>\n\t\t\t\t\t\t\t\t<span class=\"elementor-toggle-icon-opened\"><i class=\"elementor-toggle-icon-opened fas fa-caret-up\"><\/i><\/span>\n\t\t\t\t\t\t\t\t\t\t\t\t\t<\/span>\n\t\t\t\t\t\t\t\t\t\t\t\t<a class=\"elementor-toggle-title\" tabindex=\"0\">5 - Si je ne travaille pas en physioth\u00e9rapie, dois-je adh\u00e9rer \u00e0 l'Ordre ?<\/a>\n\t\t\t\t\t<\/div>\n\n\t\t\t\t\t<div id=\"elementor-tab-content-2195\" class=\"elementor-tab-content elementor-clearfix\" data-tab=\"5\" role=\"region\" aria-labelledby=\"elementor-tab-title-2195\"><p>La d\u00e9cision de s'inscrire \u00e0 l'Ordre des physioth\u00e9rapeutes et de maintenir ou de suspendre cette inscription est une d\u00e9cision individuelle, et le droit des personnes qui ont les qualifications\/conditions requises pour le faire.<\/p><p>Toutefois, seules les personnes inscrites \u00e0 l'Ordre peuvent porter le titre professionnel de physioth\u00e9rapeute et exercer l\u00e9galement la profession.<\/p><\/div>\n\t\t\t\t<\/div>\n\t\t\t\t\t\t\t<div class=\"elementor-toggle-item\">\n\t\t\t\t\t<div id=\"elementor-tab-title-2196\" class=\"elementor-tab-title\" data-tab=\"6\" role=\"button\" aria-controls=\"elementor-tab-content-2196\" aria-expanded=\"false\">\n\t\t\t\t\t\t\t\t\t\t\t\t<span class=\"elementor-toggle-icon elementor-toggle-icon-left\" aria-hidden=\"true\">\n\t\t\t\t\t\t\t\t\t\t\t\t\t\t\t<span class=\"elementor-toggle-icon-closed\"><i class=\"fas fa-caret-right\"><\/i><\/span>\n\t\t\t\t\t\t\t\t<span class=\"elementor-toggle-icon-opened\"><i class=\"elementor-toggle-icon-opened fas fa-caret-up\"><\/i><\/span>\n\t\t\t\t\t\t\t\t\t\t\t\t\t<\/span>\n\t\t\t\t\t\t\t\t\t\t\t\t<a class=\"elementor-toggle-title\" tabindex=\"0\">6 - L'inscription \u00e0 l'Ordre des kin\u00e9sith\u00e9rapeutes \u00e9tant obligatoire, quelle est la date limite d'inscription des kin\u00e9sith\u00e9rapeutes titulaires d'une carte professionnelle de l'ACSS ?<\/a>\n\t\t\t\t\t<\/div>\n\n\t\t\t\t\t<div id=\"elementor-tab-content-2196\" class=\"elementor-tab-content elementor-clearfix\" data-tab=\"6\" role=\"region\" aria-labelledby=\"elementor-tab-title-2196\"><p>Le statut de l'Ordre des physioth\u00e9rapeutes, approuv\u00e9 par la loi n\u00b0 122\/2019 du 30 septembre, ainsi que ses statuts, permettent de s'inscrire \u00e0 tout moment comme membre de l'Ordre.<\/p><p>Ce principe s'applique \u00e0 toute personne souhaitant cr\u00e9er sa propre entreprise, comme les jeunes dipl\u00f4m\u00e9s ou les professionnels d'autres pays se rendant au Portugal.<\/p><p>Cependant, avec la cr\u00e9ation de l'Ordre des kin\u00e9sith\u00e9rapeutes, l'inscription pr\u00e9alable \u00e0 l'ACSS n'est plus une condition suffisante pour l'exercice l\u00e9gal de la profession de kin\u00e9sith\u00e9rapeute, et l'inscription \u00e0 l'Ordre est d\u00e9sormais requise. Depuis le 13 mai 2021, les conditions d'inscription \u00e0 l'Ordre sont remplies et constituent une condition l\u00e9gale d'exercice de la profession.<\/p><\/div>\n\t\t\t\t<\/div>\n\t\t\t\t\t\t\t<div class=\"elementor-toggle-item\">\n\t\t\t\t\t<div id=\"elementor-tab-title-2197\" class=\"elementor-tab-title\" data-tab=\"7\" role=\"button\" aria-controls=\"elementor-tab-content-2197\" aria-expanded=\"false\">\n\t\t\t\t\t\t\t\t\t\t\t\t<span class=\"elementor-toggle-icon elementor-toggle-icon-left\" aria-hidden=\"true\">\n\t\t\t\t\t\t\t\t\t\t\t\t\t\t\t<span class=\"elementor-toggle-icon-closed\"><i class=\"fas fa-caret-right\"><\/i><\/span>\n\t\t\t\t\t\t\t\t<span class=\"elementor-toggle-icon-opened\"><i class=\"elementor-toggle-icon-opened fas fa-caret-up\"><\/i><\/span>\n\t\t\t\t\t\t\t\t\t\t\t\t\t<\/span>\n\t\t\t\t\t\t\t\t\t\t\t\t<a class=\"elementor-toggle-title\" tabindex=\"0\">7 - Que se passe-t-il si un kin\u00e9sith\u00e9rapeute ne s'inscrit pas \u00e0 l'Ordre ?<\/a>\n\t\t\t\t\t<\/div>\n\n\t\t\t\t\t<div id=\"elementor-tab-content-2197\" class=\"elementor-tab-content elementor-clearfix\" data-tab=\"7\" role=\"region\" aria-labelledby=\"elementor-tab-title-2197\"><p>L'inscription au barreau est obligatoire et constitue une condition l\u00e9gale \u00e0 l'exercice de la profession. Les employeurs sont tenus d'exiger de leurs employ\u00e9s qu'ils soient inscrits au barreau. Vous devez donc coop\u00e9rer avec votre employeur afin d'\u00e9viter que vous ne tombiez tous deux sous le coup de la loi. Si vous \u00eates un professionnel ind\u00e9pendant, le fait d'exercer votre profession sans \u00eatre inscrit au barreau constitue \u00e9galement une situation de non-conformit\u00e9.<\/p><\/div>\n\t\t\t\t<\/div>\n\t\t\t\t\t\t\t<div class=\"elementor-toggle-item\">\n\t\t\t\t\t<div id=\"elementor-tab-title-2198\" class=\"elementor-tab-title\" data-tab=\"8\" role=\"button\" aria-controls=\"elementor-tab-content-2198\" aria-expanded=\"false\">\n\t\t\t\t\t\t\t\t\t\t\t\t<span class=\"elementor-toggle-icon elementor-toggle-icon-left\" aria-hidden=\"true\">\n\t\t\t\t\t\t\t\t\t\t\t\t\t\t\t<span class=\"elementor-toggle-icon-closed\"><i class=\"fas fa-caret-right\"><\/i><\/span>\n\t\t\t\t\t\t\t\t<span class=\"elementor-toggle-icon-opened\"><i class=\"elementor-toggle-icon-opened fas fa-caret-up\"><\/i><\/span>\n\t\t\t\t\t\t\t\t\t\t\t\t\t<\/span>\n\t\t\t\t\t\t\t\t\t\t\t\t<a class=\"elementor-toggle-title\" tabindex=\"0\">8 - Quels documents dois-je fournir pour prouver mon adresse professionnelle ?<\/a>\n\t\t\t\t\t<\/div>\n\n\t\t\t\t\t<div id=\"elementor-tab-content-2198\" class=\"elementor-tab-content elementor-clearfix\" data-tab=\"8\" role=\"region\" aria-labelledby=\"elementor-tab-title-2198\"><p>Tous les documents \u00e0 jour suivants peuvent \u00eatre accept\u00e9s pour l'inclusion :<\/p><ul><li>Bulletin de salaire indiquant votre adresse professionnelle (vous pouvez masquer les montants)<\/li><li>D\u00e9claration de votre employeur indiquant votre adresse professionnelle.<\/li><li>D\u00e9claration d'ouverture de l'entreprise au bureau des imp\u00f4ts<\/li><li>Re\u00e7u vert avec adresse<\/li><li>D\u00e9claration de l'IEFP dans les cas applicables.<\/li><\/ul><\/div>\n\t\t\t\t<\/div>\n\t\t\t\t\t\t\t<div class=\"elementor-toggle-item\">\n\t\t\t\t\t<div id=\"elementor-tab-title-2199\" class=\"elementor-tab-title\" data-tab=\"9\" role=\"button\" aria-controls=\"elementor-tab-content-2199\" aria-expanded=\"false\">\n\t\t\t\t\t\t\t\t\t\t\t\t<span class=\"elementor-toggle-icon elementor-toggle-icon-left\" aria-hidden=\"true\">\n\t\t\t\t\t\t\t\t\t\t\t\t\t\t\t<span class=\"elementor-toggle-icon-closed\"><i class=\"fas fa-caret-right\"><\/i><\/span>\n\t\t\t\t\t\t\t\t<span class=\"elementor-toggle-icon-opened\"><i class=\"elementor-toggle-icon-opened fas fa-caret-up\"><\/i><\/span>\n\t\t\t\t\t\t\t\t\t\t\t\t\t<\/span>\n\t\t\t\t\t\t\t\t\t\t\t\t<a class=\"elementor-toggle-title\" tabindex=\"0\">9 - Une entreprise qui emploie des kin\u00e9sith\u00e9rapeutes doit-elle v\u00e9rifier que ses employ\u00e9s remplissent les conditions requises ?<\/a>\n\t\t\t\t\t<\/div>\n\n\t\t\t\t\t<div id=\"elementor-tab-content-2199\" class=\"elementor-tab-content elementor-clearfix\" data-tab=\"9\" role=\"region\" aria-labelledby=\"elementor-tab-title-2199\"><p>Une entreprise qui emploie des kin\u00e9sith\u00e9rapeutes doit s'assurer que tous ses professionnels sont l\u00e9galement qualifi\u00e9s pour le faire et doit exiger que tous les kin\u00e9sith\u00e9rapeutes pr\u00e9sentent une carte professionnelle valide d\u00e9livr\u00e9e par l'Ordre des kin\u00e9sith\u00e9rapeutes. L'entreprise a \u00e9galement la responsabilit\u00e9 de s'assurer que les kin\u00e9sith\u00e9rapeutes qu'elle emploie sont inscrits au tableau de l'Ordre.<\/p><p>Si vous n'avez pas encore re\u00e7u votre autorisation d'exercer, il peut suffire de pr\u00e9senter une d\u00e9claration provisoire d\u00e9livr\u00e9e par l'Ordre des kin\u00e9sith\u00e9rapeutes.<\/p><\/div>\n\t\t\t\t<\/div>\n\t\t\t\t\t\t\t<div class=\"elementor-toggle-item\">\n\t\t\t\t\t<div id=\"elementor-tab-title-21910\" class=\"elementor-tab-title\" data-tab=\"10\" role=\"button\" aria-controls=\"elementor-tab-content-21910\" aria-expanded=\"false\">\n\t\t\t\t\t\t\t\t\t\t\t\t<span class=\"elementor-toggle-icon elementor-toggle-icon-left\" aria-hidden=\"true\">\n\t\t\t\t\t\t\t\t\t\t\t\t\t\t\t<span class=\"elementor-toggle-icon-closed\"><i class=\"fas fa-caret-right\"><\/i><\/span>\n\t\t\t\t\t\t\t\t<span class=\"elementor-toggle-icon-opened\"><i class=\"elementor-toggle-icon-opened fas fa-caret-up\"><\/i><\/span>\n\t\t\t\t\t\t\t\t\t\t\t\t\t<\/span>\n\t\t\t\t\t\t\t\t\t\t\t\t<a class=\"elementor-toggle-title\" tabindex=\"0\">10 - Comment mes donn\u00e9es personnelles sont-elles utilis\u00e9es et conserv\u00e9es ?<\/a>\n\t\t\t\t\t<\/div>\n\n\t\t\t\t\t<div id=\"elementor-tab-content-21910\" class=\"elementor-tab-content elementor-clearfix\" data-tab=\"10\" role=\"region\" aria-labelledby=\"elementor-tab-title-21910\"><p>Les donn\u00e9es fournies par les physioth\u00e9rapeutes seront couvertes par le r\u00e8glement g\u00e9n\u00e9ral sur la protection des donn\u00e9es (RGPD), que vous pouvez consulter ici. <span style=\"text-decoration: underline;\"><a href=\"https:\/\/ordemdosfisioterapeutas.pt\/politica-de-privacidade\/\" target=\"_blank\" rel=\"noopener\">ici<\/a>.<\/span><\/p><p>Conform\u00e9ment au r\u00e8glement g\u00e9n\u00e9ral sur la protection des donn\u00e9es (RGPD), toutes les donn\u00e9es fournies seront trait\u00e9es de mani\u00e8re strictement confidentielle et ne seront communiqu\u00e9es \u00e0 aucune organisation externe. Elles seront stock\u00e9es dans le syst\u00e8me institutionnel sous la responsabilit\u00e9 du d\u00e9l\u00e9gu\u00e9 \u00e0 la protection des donn\u00e9es de l'Ordre des kin\u00e9sith\u00e9rapeutes.<\/p><\/div>\n\t\t\t\t<\/div>\n\t\t\t\t\t\t\t<div class=\"elementor-toggle-item\">\n\t\t\t\t\t<div id=\"elementor-tab-title-21911\" class=\"elementor-tab-title\" data-tab=\"11\" role=\"button\" aria-controls=\"elementor-tab-content-21911\" aria-expanded=\"false\">\n\t\t\t\t\t\t\t\t\t\t\t\t<span class=\"elementor-toggle-icon elementor-toggle-icon-left\" aria-hidden=\"true\">\n\t\t\t\t\t\t\t\t\t\t\t\t\t\t\t<span class=\"elementor-toggle-icon-closed\"><i class=\"fas fa-caret-right\"><\/i><\/span>\n\t\t\t\t\t\t\t\t<span class=\"elementor-toggle-icon-opened\"><i class=\"elementor-toggle-icon-opened fas fa-caret-up\"><\/i><\/span>\n\t\t\t\t\t\t\t\t\t\t\t\t\t<\/span>\n\t\t\t\t\t\t\t\t\t\t\t\t<a class=\"elementor-toggle-title\" tabindex=\"0\">11 - Les enseignants de l'enseignement sup\u00e9rieur ou les chercheurs ayant re\u00e7u une formation au titre de l'article 54 de la loi 122\/2019 doivent-ils s'inscrire \u00e0 l'Ordre ?<\/a>\n\t\t\t\t\t<\/div>\n\n\t\t\t\t\t<div id=\"elementor-tab-content-21911\" class=\"elementor-tab-content elementor-clearfix\" data-tab=\"11\" role=\"region\" aria-labelledby=\"elementor-tab-title-21911\"><p>Oui, tous les physioth\u00e9rapeutes qui accomplissent des actes propres \u00e0 l'exercice professionnel de la physioth\u00e9rapie doivent s'inscrire \u00e0 l'Ordre des physioth\u00e9rapeutes.<\/p><\/div>\n\t\t\t\t<\/div>\n\t\t\t\t\t\t\t<div class=\"elementor-toggle-item\">\n\t\t\t\t\t<div id=\"elementor-tab-title-21912\" class=\"elementor-tab-title\" data-tab=\"12\" role=\"button\" aria-controls=\"elementor-tab-content-21912\" aria-expanded=\"false\">\n\t\t\t\t\t\t\t\t\t\t\t\t<span class=\"elementor-toggle-icon elementor-toggle-icon-left\" aria-hidden=\"true\">\n\t\t\t\t\t\t\t\t\t\t\t\t\t\t\t<span class=\"elementor-toggle-icon-closed\"><i class=\"fas fa-caret-right\"><\/i><\/span>\n\t\t\t\t\t\t\t\t<span class=\"elementor-toggle-icon-opened\"><i class=\"elementor-toggle-icon-opened fas fa-caret-up\"><\/i><\/span>\n\t\t\t\t\t\t\t\t\t\t\t\t\t<\/span>\n\t\t\t\t\t\t\t\t\t\t\t\t<a class=\"elementor-toggle-title\" tabindex=\"0\">12 - Lorsque j'ai d\u00e9pos\u00e9 mon dossier et pay\u00e9 mon inscription \u00e0 l'Ordre des kin\u00e9sith\u00e9rapeutes, on m'a communiqu\u00e9 mon num\u00e9ro de dossier. Sera-t-il mon num\u00e9ro d'inscription ?<\/a>\n\t\t\t\t\t<\/div>\n\n\t\t\t\t\t<div id=\"elementor-tab-content-21912\" class=\"elementor-tab-content elementor-clearfix\" data-tab=\"12\" role=\"region\" aria-labelledby=\"elementor-tab-title-21912\"><p>Non. Votre num\u00e9ro d'inscription est attribu\u00e9 automatiquement lorsque vous soumettez votre candidature. En revanche, votre num\u00e9ro d'inscription vous sera attribu\u00e9 apr\u00e8s l'analyse de votre dossier par le Secr\u00e9tariat, la Commission technique d'admission et le Conseil de l'Ordre des avocats, et apr\u00e8s le paiement des droits d'inscription d\u00e9finitifs de 100 euros.<\/p><\/div>\n\t\t\t\t<\/div>\n\t\t\t\t\t\t\t<div class=\"elementor-toggle-item\">\n\t\t\t\t\t<div id=\"elementor-tab-title-21913\" class=\"elementor-tab-title\" data-tab=\"13\" role=\"button\" aria-controls=\"elementor-tab-content-21913\" aria-expanded=\"false\">\n\t\t\t\t\t\t\t\t\t\t\t\t<span class=\"elementor-toggle-icon elementor-toggle-icon-left\" aria-hidden=\"true\">\n\t\t\t\t\t\t\t\t\t\t\t\t\t\t\t<span class=\"elementor-toggle-icon-closed\"><i class=\"fas fa-caret-right\"><\/i><\/span>\n\t\t\t\t\t\t\t\t<span class=\"elementor-toggle-icon-opened\"><i class=\"elementor-toggle-icon-opened fas fa-caret-up\"><\/i><\/span>\n\t\t\t\t\t\t\t\t\t\t\t\t\t<\/span>\n\t\t\t\t\t\t\t\t\t\t\t\t<a class=\"elementor-toggle-title\" tabindex=\"0\">13 - Comment le num\u00e9ro du bulletin de vote est-il attribu\u00e9 ?<\/a>\n\t\t\t\t\t<\/div>\n\n\t\t\t\t\t<div id=\"elementor-tab-content-21913\" class=\"elementor-tab-content elementor-clearfix\" data-tab=\"13\" role=\"region\" aria-labelledby=\"elementor-tab-title-21913\"><p>Le num\u00e9ro de la carte d'identit\u00e9 est attribu\u00e9 automatiquement une fois que la proc\u00e9dure d'admission administrative est termin\u00e9e et que la carte d'identit\u00e9 provisoire a \u00e9t\u00e9 d\u00e9livr\u00e9e.<\/p><p>Le num\u00e9ro du bulletin de vote ne co\u00efncidera pas avec le num\u00e9ro de la soumission, car les processus peuvent avoir des rythmes d'analyse et de d\u00e9lib\u00e9ration diff\u00e9rents, et certains peuvent m\u00eame aboutir \u00e0 une d\u00e9cision n\u00e9gative et ne pas donner lieu au bulletin de vote correspondant.<\/p><\/div>\n\t\t\t\t<\/div>\n\t\t\t\t\t\t\t<div class=\"elementor-toggle-item\">\n\t\t\t\t\t<div id=\"elementor-tab-title-21914\" class=\"elementor-tab-title\" data-tab=\"14\" role=\"button\" aria-controls=\"elementor-tab-content-21914\" aria-expanded=\"false\">\n\t\t\t\t\t\t\t\t\t\t\t\t<span class=\"elementor-toggle-icon elementor-toggle-icon-left\" aria-hidden=\"true\">\n\t\t\t\t\t\t\t\t\t\t\t\t\t\t\t<span class=\"elementor-toggle-icon-closed\"><i class=\"fas fa-caret-right\"><\/i><\/span>\n\t\t\t\t\t\t\t\t<span class=\"elementor-toggle-icon-opened\"><i class=\"elementor-toggle-icon-opened fas fa-caret-up\"><\/i><\/span>\n\t\t\t\t\t\t\t\t\t\t\t\t\t<\/span>\n\t\t\t\t\t\t\t\t\t\t\t\t<a class=\"elementor-toggle-title\" tabindex=\"0\">14 - Quel est le d\u00e9roulement administratif de la proc\u00e9dure d'admission ?<\/a>\n\t\t\t\t\t<\/div>\n\n\t\t\t\t\t<div id=\"elementor-tab-content-21914\" class=\"elementor-tab-content elementor-clearfix\" data-tab=\"14\" role=\"region\" aria-labelledby=\"elementor-tab-title-21914\"><p>Le processus d'admission commence par l'envoi de la candidature sur la plateforme et comporte les \u00e9tapes suivantes :<\/p><ul><li>Confirmation de la soumission et attribution d'un num\u00e9ro s\u00e9quentiel d'identification du processus ;<\/li><li>Confirmation du paiement des frais d'inscription - d\u00e9but du processus d'analyse du temps ;<\/li><li>Le secr\u00e9tariat de la Commission technique d'admission (CTA) commence \u00e0 analyser la conformit\u00e9 du dossier. Il se peut que le dossier doive \u00eatre modifi\u00e9 ou compl\u00e9t\u00e9. Dans ce cas, le demandeur en est inform\u00e9 et le d\u00e9lai d'analyse est suspendu jusqu'\u00e0 ce que la situation soit r\u00e9solue par le demandeur.<\/li><li>Confirmation par le secr\u00e9tariat du CTA que le dossier est pr\u00eat \u00e0 \u00eatre analys\u00e9 par le CTA. Le dossier est confi\u00e9 \u00e0 un membre du CTA qui commence \u00e0 r\u00e9diger l'avis.<\/li><li>L'OTC analyse le cas en d\u00e9tail et soumet une proposition motiv\u00e9e de d\u00e9cision sur l'acceptation ou le refus de l'enregistrement du demandeur.<\/li><li>L'Ordre analyse la proposition du CTA et prend une d\u00e9cision conforme (ou non) \u00e0 la proposition du CTA.<\/li><li>Le candidat est inform\u00e9 de son admission \u00e0 l'Ordre et est invit\u00e9 \u00e0 payer les frais d'inscription.<\/li><\/ul><p>Apr\u00e8s confirmation du paiement des droits d'inscription, une carte provisoire est d\u00e9livr\u00e9e, attestant de l'admission \u00e0 l'Ordre. Au cours de cette proc\u00e9dure, le num\u00e9ro s\u00e9quentiel de la carte est attribu\u00e9.<\/p><\/div>\n\t\t\t\t<\/div>\n\t\t\t\t\t\t\t<div class=\"elementor-toggle-item\">\n\t\t\t\t\t<div id=\"elementor-tab-title-21915\" class=\"elementor-tab-title\" data-tab=\"15\" role=\"button\" aria-controls=\"elementor-tab-content-21915\" aria-expanded=\"false\">\n\t\t\t\t\t\t\t\t\t\t\t\t<span class=\"elementor-toggle-icon elementor-toggle-icon-left\" aria-hidden=\"true\">\n\t\t\t\t\t\t\t\t\t\t\t\t\t\t\t<span class=\"elementor-toggle-icon-closed\"><i class=\"fas fa-caret-right\"><\/i><\/span>\n\t\t\t\t\t\t\t\t<span class=\"elementor-toggle-icon-opened\"><i class=\"elementor-toggle-icon-opened fas fa-caret-up\"><\/i><\/span>\n\t\t\t\t\t\t\t\t\t\t\t\t\t<\/span>\n\t\t\t\t\t\t\t\t\t\t\t\t<a class=\"elementor-toggle-title\" tabindex=\"0\">15 - Quel est le d\u00e9lai de r\u00e9ponse \u00e0 ma demande d'inscription au barreau ?<\/a>\n\t\t\t\t\t<\/div>\n\n\t\t\t\t\t<div id=\"elementor-tab-content-21915\" class=\"elementor-tab-content elementor-clearfix\" data-tab=\"15\" role=\"region\" aria-labelledby=\"elementor-tab-title-21915\"><p>L'Ordre a d\u00e9cid\u00e9 en interne de recommander aux services de l'Ordre que le d\u00e9lai entre la confirmation du paiement des frais d'inscription (50 \u20ac) et la d\u00e9cision d'accepter ou non l'inscription ne d\u00e9passe pas 30 jours cons\u00e9cutifs.<\/p><p>Ce d\u00e9lai ne comprend pas, bien entendu, les p\u00e9riodes pendant lesquelles le demandeur est arr\u00eat\u00e9 pour mettre \u00e0 jour ou soumettre des donn\u00e9es suppl\u00e9mentaires, \u00e0 la demande du secr\u00e9tariat de l'Ordre.<\/p><\/div>\n\t\t\t\t<\/div>\n\t\t\t\t\t\t\t<div class=\"elementor-toggle-item\">\n\t\t\t\t\t<div id=\"elementor-tab-title-21916\" class=\"elementor-tab-title\" data-tab=\"16\" role=\"button\" aria-controls=\"elementor-tab-content-21916\" aria-expanded=\"false\">\n\t\t\t\t\t\t\t\t\t\t\t\t<span class=\"elementor-toggle-icon elementor-toggle-icon-left\" aria-hidden=\"true\">\n\t\t\t\t\t\t\t\t\t\t\t\t\t\t\t<span class=\"elementor-toggle-icon-closed\"><i class=\"fas fa-caret-right\"><\/i><\/span>\n\t\t\t\t\t\t\t\t<span class=\"elementor-toggle-icon-opened\"><i class=\"elementor-toggle-icon-opened fas fa-caret-up\"><\/i><\/span>\n\t\t\t\t\t\t\t\t\t\t\t\t\t<\/span>\n\t\t\t\t\t\t\t\t\t\t\t\t<a class=\"elementor-toggle-title\" tabindex=\"0\">16 - Comment puis-je conna\u00eetre l'\u00e9tat d'avancement de l'analyse de mon dossier ?<\/a>\n\t\t\t\t\t<\/div>\n\n\t\t\t\t\t<div id=\"elementor-tab-content-21916\" class=\"elementor-tab-content elementor-clearfix\" data-tab=\"16\" role=\"region\" aria-labelledby=\"elementor-tab-title-21916\"><p>Vous pouvez suivre l'\u00e9volution de votre d\u00e9marche en vous connectant \u00e0 nouveau sur le site de l'Ordre, au m\u00eame endroit et avec la m\u00eame s\u00e9quence d'identification, \u00e0 l'aide de la cl\u00e9 num\u00e9rique mobile que vous avez utilis\u00e9e lors de l'introduction de la demande d'inscription.<\/p><p>Lorsque vous saisissez votre dossier, vous voyez imm\u00e9diatement \u00e0 quel stade il se trouve.<\/p><\/div>\n\t\t\t\t<\/div>\n\t\t\t\t\t\t\t<div class=\"elementor-toggle-item\">\n\t\t\t\t\t<div id=\"elementor-tab-title-21917\" class=\"elementor-tab-title\" data-tab=\"17\" role=\"button\" aria-controls=\"elementor-tab-content-21917\" aria-expanded=\"false\">\n\t\t\t\t\t\t\t\t\t\t\t\t<span class=\"elementor-toggle-icon elementor-toggle-icon-left\" aria-hidden=\"true\">\n\t\t\t\t\t\t\t\t\t\t\t\t\t\t\t<span class=\"elementor-toggle-icon-closed\"><i class=\"fas fa-caret-right\"><\/i><\/span>\n\t\t\t\t\t\t\t\t<span class=\"elementor-toggle-icon-opened\"><i class=\"elementor-toggle-icon-opened fas fa-caret-up\"><\/i><\/span>\n\t\t\t\t\t\t\t\t\t\t\t\t\t<\/span>\n\t\t\t\t\t\t\t\t\t\t\t\t<a class=\"elementor-toggle-title\" tabindex=\"0\">17 - Pourquoi un Curriculum Vitae (CV) est-il demand\u00e9 alors qu'il ne figure pas dans le r\u00e8glement publi\u00e9 au Journal Officiel ?<\/a>\n\t\t\t\t\t<\/div>\n\n\t\t\t\t\t<div id=\"elementor-tab-content-21917\" class=\"elementor-tab-content elementor-clearfix\" data-tab=\"17\" role=\"region\" aria-labelledby=\"elementor-tab-title-21917\"><p>Le CV permet de documenter \"l'exp\u00e9rience professionnelle pertinente\", qui est une exigence du formulaire de candidature, en particulier dans le cas des professionnels mobiles originaires d'autres pays.<\/p><p>Bien que<span style=\"text-decoration: underline;\"> <a href=\"https:\/\/dre.pt\/application\/file\/205931318\" target=\"_blank\" rel=\"noopener\">R\u00e8glement d'enregistrement de l'Ordre des physioth\u00e9rapeutes<\/a><\/span> n'indique pas explicitement la n\u00e9cessit\u00e9 de pr\u00e9senter un CV, sa pr\u00e9sentation facilite le processus d'examen des candidatures.<\/p><p>Le niveau de d\u00e9tail de la description de cette exp\u00e9rience professionnelle est, \u00e0 ce stade, laiss\u00e9 \u00e0 l'appr\u00e9ciation du candidat, sur l'honneur. Veuillez noter que ce champ pourra ensuite \u00eatre mis \u00e0 jour, \u00e0 tout moment et \u00e0 votre initiative, dans votre espace personnel, accessible via le site internet de l'Ordre des kin\u00e9sith\u00e9rapeutes.<\/p><\/div>\n\t\t\t\t<\/div>\n\t\t\t\t\t\t\t<div class=\"elementor-toggle-item\">\n\t\t\t\t\t<div id=\"elementor-tab-title-21918\" class=\"elementor-tab-title\" data-tab=\"18\" role=\"button\" aria-controls=\"elementor-tab-content-21918\" aria-expanded=\"false\">\n\t\t\t\t\t\t\t\t\t\t\t\t<span class=\"elementor-toggle-icon elementor-toggle-icon-left\" aria-hidden=\"true\">\n\t\t\t\t\t\t\t\t\t\t\t\t\t\t\t<span class=\"elementor-toggle-icon-closed\"><i class=\"fas fa-caret-right\"><\/i><\/span>\n\t\t\t\t\t\t\t\t<span class=\"elementor-toggle-icon-opened\"><i class=\"elementor-toggle-icon-opened fas fa-caret-up\"><\/i><\/span>\n\t\t\t\t\t\t\t\t\t\t\t\t\t<\/span>\n\t\t\t\t\t\t\t\t\t\t\t\t<a class=\"elementor-toggle-title\" tabindex=\"0\">18 - Pourquoi faut-il indiquer la date d'ach\u00e8vement de la formation et non la date de d\u00e9livrance du dipl\u00f4me ?  Quelle est la diff\u00e9rence ?<\/a>\n\t\t\t\t\t<\/div>\n\n\t\t\t\t\t<div id=\"elementor-tab-content-21918\" class=\"elementor-tab-content elementor-clearfix\" data-tab=\"18\" role=\"region\" aria-labelledby=\"elementor-tab-title-21918\"><p>La date d'ach\u00e8vement de la formation, notamment celle qui vous a donn\u00e9 acc\u00e8s \u00e0 la pratique professionnelle, qui figure sur votre dipl\u00f4me ou certificat de qualification, est pertinente pour le calcul global de votre dur\u00e9e de pratique professionnelle (anciennet\u00e9).<\/p><p>Cette date ne doit pas \u00eatre confondue avec la date de d\u00e9livrance du dipl\u00f4me ou du certificat lui-m\u00eame, qui est g\u00e9n\u00e9ralement d\u00e9livr\u00e9 \u00e0 une date ult\u00e9rieure.<\/p><p>Si un duplicata de dipl\u00f4me est d\u00e9livr\u00e9, cette diff\u00e9rence sera naturellement encore plus importante.<\/p><\/div>\n\t\t\t\t<\/div>\n\t\t\t\t\t\t\t<div class=\"elementor-toggle-item\">\n\t\t\t\t\t<div id=\"elementor-tab-title-21919\" class=\"elementor-tab-title\" data-tab=\"19\" role=\"button\" aria-controls=\"elementor-tab-content-21919\" aria-expanded=\"false\">\n\t\t\t\t\t\t\t\t\t\t\t\t<span class=\"elementor-toggle-icon elementor-toggle-icon-left\" aria-hidden=\"true\">\n\t\t\t\t\t\t\t\t\t\t\t\t\t\t\t<span class=\"elementor-toggle-icon-closed\"><i class=\"fas fa-caret-right\"><\/i><\/span>\n\t\t\t\t\t\t\t\t<span class=\"elementor-toggle-icon-opened\"><i class=\"elementor-toggle-icon-opened fas fa-caret-up\"><\/i><\/span>\n\t\t\t\t\t\t\t\t\t\t\t\t\t<\/span>\n\t\t\t\t\t\t\t\t\t\t\t\t<a class=\"elementor-toggle-title\" tabindex=\"0\">19 - Ma formation a \u00e9t\u00e9 suivie avant mon entr\u00e9e dans l'enseignement sup\u00e9rieur, mais elle a \u00e9t\u00e9 reconnue comme une licence. Quelle date dois-je indiquer comme date de baccalaur\u00e9at ?<\/a>\n\t\t\t\t\t<\/div>\n\n\t\t\t\t\t<div id=\"elementor-tab-content-21919\" class=\"elementor-tab-content elementor-clearfix\" data-tab=\"19\" role=\"region\" aria-labelledby=\"elementor-tab-title-21919\"><p>La date \u00e0 inscrire sur le formulaire est la date d'ach\u00e8vement de la formation initiale.<\/p><p>La date d'ach\u00e8vement de la formation, en particulier celle qui vous a permis d'acc\u00e9der \u00e0 la pratique professionnelle, qui figure sur votre dipl\u00f4me ou certificat de qualification, entre en ligne de compte pour le calcul global de votre temps de pratique professionnelle (anciennet\u00e9). Si votre formation initiale n'\u00e9tait pas sanctionn\u00e9e par un dipl\u00f4me acad\u00e9mique, mais que vous avez obtenu par la suite une licence, la date \u00e0 indiquer sur le formulaire est celle de l'ach\u00e8vement de la formation initiale.<\/p><p><em>Exemple :<\/em> <em>Pour un cours de 1985 ayant fait l'objet d'une p\u00e9r\u00e9quation formelle en 1999, la date figurant sur le formulaire doit \u00eatre 1985.<\/em><\/p><p>Vous devez toutefois pr\u00e9senter les deux documents : celui de la formation initiale et celui de la reconnaissance officielle du dipl\u00f4me universitaire. Comme il n'y a qu'un seul champ dans le formulaire pour soumettre ces deux documents, vous devez faire une copie conjointe, dans un seul PDF.<\/p><\/div>\n\t\t\t\t<\/div>\n\t\t\t\t\t\t\t<div class=\"elementor-toggle-item\">\n\t\t\t\t\t<div id=\"elementor-tab-title-21920\" class=\"elementor-tab-title\" data-tab=\"20\" role=\"button\" aria-controls=\"elementor-tab-content-21920\" aria-expanded=\"false\">\n\t\t\t\t\t\t\t\t\t\t\t\t<span class=\"elementor-toggle-icon elementor-toggle-icon-left\" aria-hidden=\"true\">\n\t\t\t\t\t\t\t\t\t\t\t\t\t\t\t<span class=\"elementor-toggle-icon-closed\"><i class=\"fas fa-caret-right\"><\/i><\/span>\n\t\t\t\t\t\t\t\t<span class=\"elementor-toggle-icon-opened\"><i class=\"elementor-toggle-icon-opened fas fa-caret-up\"><\/i><\/span>\n\t\t\t\t\t\t\t\t\t\t\t\t\t<\/span>\n\t\t\t\t\t\t\t\t\t\t\t\t<a class=\"elementor-toggle-title\" tabindex=\"0\">20 - J'\u00e9tais inscrit dans un programme de biologie, mais je n'ai obtenu qu'une licence. Puis-je adh\u00e9rer \u00e0 l'Ordre ?<\/a>\n\t\t\t\t\t<\/div>\n\n\t\t\t\t\t<div id=\"elementor-tab-content-21920\" class=\"elementor-tab-content elementor-clearfix\" data-tab=\"20\" role=\"region\" aria-labelledby=\"elementor-tab-title-21920\"><p>Oui, le premier cycle de la licence bi-tapicale, qui correspond \u00e0 la licence en physioth\u00e9rapie, \u00e9tait, \u00e0 l'\u00e9poque, une qualification suffisante pour exercer la profession de physioth\u00e9rapeute, et l'inscription pour obtenir la carte professionnelle correspondante. Il suffit de pr\u00e9senter le certificat prouvant cette qualification.<\/p><\/div>\n\t\t\t\t<\/div>\n\t\t\t\t\t\t\t<div class=\"elementor-toggle-item\">\n\t\t\t\t\t<div id=\"elementor-tab-title-21921\" class=\"elementor-tab-title\" data-tab=\"21\" role=\"button\" aria-controls=\"elementor-tab-content-21921\" aria-expanded=\"false\">\n\t\t\t\t\t\t\t\t\t\t\t\t<span class=\"elementor-toggle-icon elementor-toggle-icon-left\" aria-hidden=\"true\">\n\t\t\t\t\t\t\t\t\t\t\t\t\t\t\t<span class=\"elementor-toggle-icon-closed\"><i class=\"fas fa-caret-right\"><\/i><\/span>\n\t\t\t\t\t\t\t\t<span class=\"elementor-toggle-icon-opened\"><i class=\"elementor-toggle-icon-opened fas fa-caret-up\"><\/i><\/span>\n\t\t\t\t\t\t\t\t\t\t\t\t\t<\/span>\n\t\t\t\t\t\t\t\t\t\t\t\t<a class=\"elementor-toggle-title\" tabindex=\"0\">21 - Je suis kin\u00e9sith\u00e9rapeute et titulaire d'une licence. J'ai un certificat de dipl\u00f4me, mais pas de baccalaur\u00e9at. Dois-je le demander \u00e0 l'\u00e9cole ou puis-je m'inscrire directement et envoyer ensuite le dipl\u00f4me ?<\/a>\n\t\t\t\t\t<\/div>\n\n\t\t\t\t\t<div id=\"elementor-tab-content-21921\" class=\"elementor-tab-content elementor-clearfix\" data-tab=\"21\" role=\"region\" aria-labelledby=\"elementor-tab-title-21921\"><p>Sachant que le premier cycle de la licence en physioth\u00e9rapie \u00e9tait, \u00e0 l'\u00e9poque, la qualification suffisante pour exercer la profession de physioth\u00e9rapeute et s'inscrire pour obtenir la carte professionnelle correspondante, il s'agit de la qualification de r\u00e9f\u00e9rence \u00e0 des fins statistiques.<\/p><p>Sur cette base, c'est la date d'obtention du dipl\u00f4me de bachelor qui sera retenue pour le d\u00e9compte de votre anciennet\u00e9 professionnelle.<\/p><p>Si vous n'avez pas demand\u00e9 ce certificat d'ach\u00e8vement du baccalaur\u00e9at, vous devez pr\u00e9senter une d\u00e9claration sur l'honneur, avec la date d'ach\u00e8vement respective.<\/p><p>Pour vous faciliter la t\u00e2che, voici un exemple du texte que doit contenir votre d\u00e9claration : \"Je, (nom), d\u00e9clare sur l'honneur que j'ai obtenu un dipl\u00f4me de licence \u00e0 l'\u00e9tablissement XXXXXX avec une date d'ach\u00e8vement de XXXXX\". La d\u00e9claration doit \u00eatre sign\u00e9e conform\u00e9ment au document d'identification.<\/p><\/div>\n\t\t\t\t<\/div>\n\t\t\t\t\t\t\t<div class=\"elementor-toggle-item\">\n\t\t\t\t\t<div id=\"elementor-tab-title-21922\" class=\"elementor-tab-title\" data-tab=\"22\" role=\"button\" aria-controls=\"elementor-tab-content-21922\" aria-expanded=\"false\">\n\t\t\t\t\t\t\t\t\t\t\t\t<span class=\"elementor-toggle-icon elementor-toggle-icon-left\" aria-hidden=\"true\">\n\t\t\t\t\t\t\t\t\t\t\t\t\t\t\t<span class=\"elementor-toggle-icon-closed\"><i class=\"fas fa-caret-right\"><\/i><\/span>\n\t\t\t\t\t\t\t\t<span class=\"elementor-toggle-icon-opened\"><i class=\"elementor-toggle-icon-opened fas fa-caret-up\"><\/i><\/span>\n\t\t\t\t\t\t\t\t\t\t\t\t\t<\/span>\n\t\t\t\t\t\t\t\t\t\t\t\t<a class=\"elementor-toggle-title\" tabindex=\"0\">22 - Pourquoi un casier judiciaire est-il n\u00e9cessaire ?<\/a>\n\t\t\t\t\t<\/div>\n\n\t\t\t\t\t<div id=\"elementor-tab-content-21922\" class=\"elementor-tab-content elementor-clearfix\" data-tab=\"22\" role=\"region\" aria-labelledby=\"elementor-tab-title-21922\"><p>Pour d\u00e9fendre les consommateurs\/utilisateurs de services de physioth\u00e9rapie, l'Ordre, en tant qu'organisme public, doit garantir que ses membres remplissent les conditions l\u00e9gales n\u00e9cessaires \u00e0 l'exercice de l'activit\u00e9, sans restrictions, tant en termes de qualifications professionnelles que sur le plan disciplinaire\/criminel.<\/p><\/div>\n\t\t\t\t<\/div>\n\t\t\t\t\t\t\t<div class=\"elementor-toggle-item\">\n\t\t\t\t\t<div id=\"elementor-tab-title-21923\" class=\"elementor-tab-title\" data-tab=\"23\" role=\"button\" aria-controls=\"elementor-tab-content-21923\" aria-expanded=\"false\">\n\t\t\t\t\t\t\t\t\t\t\t\t<span class=\"elementor-toggle-icon elementor-toggle-icon-left\" aria-hidden=\"true\">\n\t\t\t\t\t\t\t\t\t\t\t\t\t\t\t<span class=\"elementor-toggle-icon-closed\"><i class=\"fas fa-caret-right\"><\/i><\/span>\n\t\t\t\t\t\t\t\t<span class=\"elementor-toggle-icon-opened\"><i class=\"elementor-toggle-icon-opened fas fa-caret-up\"><\/i><\/span>\n\t\t\t\t\t\t\t\t\t\t\t\t\t<\/span>\n\t\t\t\t\t\t\t\t\t\t\t\t<a class=\"elementor-toggle-title\" tabindex=\"0\">23 - J'ai une carte de citoyen et je veux acc\u00e9der \u00e0 la session manuelle pour m'inscrire \u00e0 l'Ordre des avocats. Puis-je le faire ? <\/a>\n\t\t\t\t\t<\/div>\n\n\t\t\t\t\t<div id=\"elementor-tab-content-21923\" class=\"elementor-tab-content elementor-clearfix\" data-tab=\"23\" role=\"region\" aria-labelledby=\"elementor-tab-title-21923\"><p>Non. Vous devez utiliser la cl\u00e9 num\u00e9rique mobile.<\/p><\/div>\n\t\t\t\t<\/div>\n\t\t\t\t\t\t\t<div class=\"elementor-toggle-item\">\n\t\t\t\t\t<div id=\"elementor-tab-title-21924\" class=\"elementor-tab-title\" data-tab=\"24\" role=\"button\" aria-controls=\"elementor-tab-content-21924\" aria-expanded=\"false\">\n\t\t\t\t\t\t\t\t\t\t\t\t<span class=\"elementor-toggle-icon elementor-toggle-icon-left\" aria-hidden=\"true\">\n\t\t\t\t\t\t\t\t\t\t\t\t\t\t\t<span class=\"elementor-toggle-icon-closed\"><i class=\"fas fa-caret-right\"><\/i><\/span>\n\t\t\t\t\t\t\t\t<span class=\"elementor-toggle-icon-opened\"><i class=\"elementor-toggle-icon-opened fas fa-caret-up\"><\/i><\/span>\n\t\t\t\t\t\t\t\t\t\t\t\t\t<\/span>\n\t\t\t\t\t\t\t\t\t\t\t\t<a class=\"elementor-toggle-title\" tabindex=\"0\">24 - Je n'ai pas de carte de citoyen pour acc\u00e9der \u00e0 la plateforme d'inscription car j'ai une carte d'identit\u00e9 \u00e0 vie, comment dois-je proc\u00e9der ?<\/a>\n\t\t\t\t\t<\/div>\n\n\t\t\t\t\t<div id=\"elementor-tab-content-21924\" class=\"elementor-tab-content elementor-clearfix\" data-tab=\"24\" role=\"region\" aria-labelledby=\"elementor-tab-title-21924\"><p>Dans ce cas, acc\u00e9dez \u00e0 la plateforme et cliquez sur le bouton \"connexion manuelle\".<\/p><p>Pour ce faire, vous devez vous munir d'une copie PDF de votre carte d'identit\u00e9 \u00e0 vie afin de la soumettre \u00e0 la plateforme.<\/p><p>Suite \u00e0 cette soumission, le secr\u00e9tariat de l'Ordre analysera votre demande et vous enverra une r\u00e9ponse par courrier \u00e9lectronique en temps voulu.<\/p><\/div>\n\t\t\t\t<\/div>\n\t\t\t\t\t\t\t<div class=\"elementor-toggle-item\">\n\t\t\t\t\t<div id=\"elementor-tab-title-21925\" class=\"elementor-tab-title\" data-tab=\"25\" role=\"button\" aria-controls=\"elementor-tab-content-21925\" aria-expanded=\"false\">\n\t\t\t\t\t\t\t\t\t\t\t\t<span class=\"elementor-toggle-icon elementor-toggle-icon-left\" aria-hidden=\"true\">\n\t\t\t\t\t\t\t\t\t\t\t\t\t\t\t<span class=\"elementor-toggle-icon-closed\"><i class=\"fas fa-caret-right\"><\/i><\/span>\n\t\t\t\t\t\t\t\t<span class=\"elementor-toggle-icon-opened\"><i class=\"elementor-toggle-icon-opened fas fa-caret-up\"><\/i><\/span>\n\t\t\t\t\t\t\t\t\t\t\t\t\t<\/span>\n\t\t\t\t\t\t\t\t\t\t\t\t<a class=\"elementor-toggle-title\" tabindex=\"0\">25 - Je n'ai pas de carte de citoyen car je suis \u00e9tranger, comment puis-je acc\u00e9der \u00e0 la plateforme d'inscription ?<\/a>\n\t\t\t\t\t<\/div>\n\n\t\t\t\t\t<div id=\"elementor-tab-content-21925\" class=\"elementor-tab-content elementor-clearfix\" data-tab=\"25\" role=\"region\" aria-labelledby=\"elementor-tab-title-21925\"><p>Dans ce cas, acc\u00e9dez \u00e0 la plateforme et cliquez sur le bouton \"connexion manuelle\".<\/p><p>Pour ce faire, vous devez vous munir d'une copie PDF de votre pi\u00e8ce d'identit\u00e9 afin de la soumettre sur la plateforme.<\/p><p>Suite \u00e0 cette soumission, le secr\u00e9tariat de l'Ordre analysera votre demande et vous enverra une r\u00e9ponse par courrier \u00e9lectronique en temps voulu.<\/p><\/div>\n\t\t\t\t<\/div>\n\t\t\t\t\t\t\t<div class=\"elementor-toggle-item\">\n\t\t\t\t\t<div id=\"elementor-tab-title-21926\" class=\"elementor-tab-title\" data-tab=\"26\" role=\"button\" aria-controls=\"elementor-tab-content-21926\" aria-expanded=\"false\">\n\t\t\t\t\t\t\t\t\t\t\t\t<span class=\"elementor-toggle-icon elementor-toggle-icon-left\" aria-hidden=\"true\">\n\t\t\t\t\t\t\t\t\t\t\t\t\t\t\t<span class=\"elementor-toggle-icon-closed\"><i class=\"fas fa-caret-right\"><\/i><\/span>\n\t\t\t\t\t\t\t\t<span class=\"elementor-toggle-icon-opened\"><i class=\"elementor-toggle-icon-opened fas fa-caret-up\"><\/i><\/span>\n\t\t\t\t\t\t\t\t\t\t\t\t\t<\/span>\n\t\t\t\t\t\t\t\t\t\t\t\t<a class=\"elementor-toggle-title\" tabindex=\"0\">26 - En tant que citoyen \u00e9tranger, comment ma demande sera-t-elle trait\u00e9e une fois que j'aurai demand\u00e9 l'acc\u00e8s \u00e0 la \"session manuelle\" pour l'enregistrement ?<\/a>\n\t\t\t\t\t<\/div>\n\n\t\t\t\t\t<div id=\"elementor-tab-content-21926\" class=\"elementor-tab-content elementor-clearfix\" data-tab=\"26\" role=\"region\" aria-labelledby=\"elementor-tab-title-21926\"><p>La mani\u00e8re dont votre demande est transmise d\u00e9pend du pays o\u00f9 vous avez obtenu vos qualifications et du fait que vous \u00eates d\u00e9j\u00e0 enregistr\u00e9 ou non aupr\u00e8s du CESA.\u00a0<\/p><p>Si vos qualifications ont \u00e9t\u00e9 obtenues au Portugal, l'ACSS n'est plus comp\u00e9tente pour les reconna\u00eetre dans l'exercice de la profession. C'est d\u00e9sormais l'Ordre des kin\u00e9sith\u00e9rapeutes, votre demande peut donc \u00eatre accept\u00e9e et vous aurez acc\u00e8s au formulaire en ligne.<\/p><p>Si vos dipl\u00f4mes ont \u00e9t\u00e9 obtenus en dehors du Portugal, mais que vous \u00eates d\u00e9j\u00e0 inscrit au CESA, votre candidature peut \u00eatre accept\u00e9e et vous aurez \u00e9galement acc\u00e8s au formulaire en ligne.<\/p><p>Si vos qualifications ont \u00e9t\u00e9 obtenues en dehors du Portugal, mais dans l'un des pays de l'Union europ\u00e9enne, vous devez demander la carte professionnelle europ\u00e9enne \u00e0 l'adresse suivante <span style=\"text-decoration: underline;\"><a href=\"https:\/\/europa.eu\/youreurope\/\" target=\"_blank\" rel=\"noopener\">https:\/\/europa.eu\/youreurope\/<\/a><\/span><\/p><p>Si vos qualifications ont \u00e9t\u00e9 obtenues dans un pays tiers, votre demande peut \u00eatre accept\u00e9e et vous aurez \u00e9galement acc\u00e8s au formulaire en ligne, mais vous devez d'abord obtenir une reconnaissance sp\u00e9cifique de vos qualifications (dipl\u00f4me de physioth\u00e9rapie) aupr\u00e8s d'un \u00e9tablissement d'enseignement sup\u00e9rieur portugais.<\/p><\/div>\n\t\t\t\t<\/div>\n\t\t\t\t\t\t\t<div class=\"elementor-toggle-item\">\n\t\t\t\t\t<div id=\"elementor-tab-title-21927\" class=\"elementor-tab-title\" data-tab=\"27\" role=\"button\" aria-controls=\"elementor-tab-content-21927\" aria-expanded=\"false\">\n\t\t\t\t\t\t\t\t\t\t\t\t<span class=\"elementor-toggle-icon elementor-toggle-icon-left\" aria-hidden=\"true\">\n\t\t\t\t\t\t\t\t\t\t\t\t\t\t\t<span class=\"elementor-toggle-icon-closed\"><i class=\"fas fa-caret-right\"><\/i><\/span>\n\t\t\t\t\t\t\t\t<span class=\"elementor-toggle-icon-opened\"><i class=\"elementor-toggle-icon-opened fas fa-caret-up\"><\/i><\/span>\n\t\t\t\t\t\t\t\t\t\t\t\t\t<\/span>\n\t\t\t\t\t\t\t\t\t\t\t\t<a class=\"elementor-toggle-title\" tabindex=\"0\">27 - Pourquoi dois-je fournir une adresse professionnelle au Portugal pour m'inscrire \u00e0 l'Ordre des avocats portugais ?<\/a>\n\t\t\t\t\t<\/div>\n\n\t\t\t\t\t<div id=\"elementor-tab-content-21927\" class=\"elementor-tab-content elementor-clearfix\" data-tab=\"27\" role=\"region\" aria-labelledby=\"elementor-tab-title-21927\"><p>Vous ne devez vous inscrire \u00e0 l'Ordre que si vous souhaitez exercer la profession de kin\u00e9sith\u00e9rapeute au Portugal.  Cela suppose, en principe, la possession d'un num\u00e9ro d'identification fiscale portugais (NIF) et d'une adresse associ\u00e9e \u00e0 ce NIF.<\/p><p>Il est obligatoire d'avoir une adresse professionnelle dans notre pays. Cette adresse est indispensable pour l'affectation \u00e0 un bureau r\u00e9gional et pour l'envoi de la correspondance officielle de l'Ordre.<\/p><p>L'adresse professionnelle peut \u00eatre le \"domicile familial\", d\u00fbment certifi\u00e9, si vous n'avez pas de lien avec une institution qui peut vous d\u00e9livrer la d\u00e9claration correspondante.<\/p><p>Si le demandeur n'a pas de NIF portugais, il peut exercer au Portugal et r\u00e9gulariser sa situation fiscale dans un autre pays. Toutefois, il doit toujours avoir une adresse professionnelle au Portugal, conform\u00e9ment au paragraphe 2.<\/p><\/div>\n\t\t\t\t<\/div>\n\t\t\t\t\t\t\t<div class=\"elementor-toggle-item\">\n\t\t\t\t\t<div id=\"elementor-tab-title-21928\" class=\"elementor-tab-title\" data-tab=\"28\" role=\"button\" aria-controls=\"elementor-tab-content-21928\" aria-expanded=\"false\">\n\t\t\t\t\t\t\t\t\t\t\t\t<span class=\"elementor-toggle-icon elementor-toggle-icon-left\" aria-hidden=\"true\">\n\t\t\t\t\t\t\t\t\t\t\t\t\t\t\t<span class=\"elementor-toggle-icon-closed\"><i class=\"fas fa-caret-right\"><\/i><\/span>\n\t\t\t\t\t\t\t\t<span class=\"elementor-toggle-icon-opened\"><i class=\"elementor-toggle-icon-opened fas fa-caret-up\"><\/i><\/span>\n\t\t\t\t\t\t\t\t\t\t\t\t\t<\/span>\n\t\t\t\t\t\t\t\t\t\t\t\t<a class=\"elementor-toggle-title\" tabindex=\"0\">28 - Je suis citoyen portugais et j'ai des qualifications obtenues au Portugal, mais je travaille actuellement \u00e0 l'\u00e9tranger. J'ai une carte ACSS. Puis-je m'inscrire \u00e0 l'OF ?<\/a>\n\t\t\t\t\t<\/div>\n\n\t\t\t\t\t<div id=\"elementor-tab-content-21928\" class=\"elementor-tab-content elementor-clearfix\" data-tab=\"28\" role=\"region\" aria-labelledby=\"elementor-tab-title-21928\"><p>Oui, \u00e0 condition de respecter certaines conditions.<\/p><p>L'inscription et le paiement ult\u00e9rieur des cotisations ne sont obligatoires que si vous souhaitez exercer votre profession au Portugal, m\u00eame si vous r\u00e9sidez \u00e0 l'\u00e9tranger.<\/p><p>Toutefois, pour pouvoir s'inscrire et exercer sa profession au Portugal, il faut disposer d'une adresse professionnelle dans le pays. Cette adresse est indispensable pour l'attribution d'un bureau r\u00e9gional et pour l'envoi de la correspondance officielle de l'Ordre.<\/p><p>Vous devez fournir l'un des justificatifs de domicile habituels.<\/p><p>Si vous n'avez pas d'adresse habituelle au Portugal, vous pouvez indiquer l'adresse d'un parent ou d'une personne \u00e0 qui vous confiez la responsabilit\u00e9 d'acheminer le courrier (\u00e0 savoir l'adresse attribu\u00e9e pour l'obtention du FNI national).<\/p><p>La preuve peut \u00eatre apport\u00e9e par une d\u00e9claration sur l'honneur de la personne qui d\u00e9tient l'adresse, auquel cas il convient de joindre l'un des justificatifs de domicile habituels de cette personne confirmant l'adresse.<\/p><\/div>\n\t\t\t\t<\/div>\n\t\t\t\t\t\t\t<div class=\"elementor-toggle-item\">\n\t\t\t\t\t<div id=\"elementor-tab-title-21929\" class=\"elementor-tab-title\" data-tab=\"29\" role=\"button\" aria-controls=\"elementor-tab-content-21929\" aria-expanded=\"false\">\n\t\t\t\t\t\t\t\t\t\t\t\t<span class=\"elementor-toggle-icon elementor-toggle-icon-left\" aria-hidden=\"true\">\n\t\t\t\t\t\t\t\t\t\t\t\t\t\t\t<span class=\"elementor-toggle-icon-closed\"><i class=\"fas fa-caret-right\"><\/i><\/span>\n\t\t\t\t\t\t\t\t<span class=\"elementor-toggle-icon-opened\"><i class=\"elementor-toggle-icon-opened fas fa-caret-up\"><\/i><\/span>\n\t\t\t\t\t\t\t\t\t\t\t\t\t<\/span>\n\t\t\t\t\t\t\t\t\t\t\t\t<a class=\"elementor-toggle-title\" tabindex=\"0\">29 - J'ai la nationalit\u00e9 portugaise ou la double nationalit\u00e9, des dipl\u00f4mes obtenus au Portugal et je vis \u00e0 l'\u00e9tranger, mais je n'ai pas de documents prouvant ma r\u00e9sidence (factures d'\u00e9lectricit\u00e9, d'eau, etc.). Comment puis-je remplir le champ relatif \u00e0 mon adresse professionnelle au Portugal ?<\/a>\n\t\t\t\t\t<\/div>\n\n\t\t\t\t\t<div id=\"elementor-tab-content-21929\" class=\"elementor-tab-content elementor-clearfix\" data-tab=\"29\" role=\"region\" aria-labelledby=\"elementor-tab-title-21929\"><p>M\u00eame si vous r\u00e9sidez \u00e0 l'\u00e9tranger, vous devez avoir une adresse professionnelle de r\u00e9f\u00e9rence pour exercer la physioth\u00e9rapie au Portugal. Si vous avez un NIF portugais, vous devez pr\u00e9senter l'adresse associ\u00e9e \u00e0 ce NIF (domicile familial), en indiquant le num\u00e9ro du bureau des imp\u00f4ts auquel correspond votre NIF. Si vous n'exercez pas au Portugal, vous ne pouvez vous inscrire que dans le but d'\u00eatre reconnu pour exercer dans le pays\/\u00c9tat membre o\u00f9 vous exercez.<\/p><\/div>\n\t\t\t\t<\/div>\n\t\t\t\t\t\t\t<div class=\"elementor-toggle-item\">\n\t\t\t\t\t<div id=\"elementor-tab-title-21930\" class=\"elementor-tab-title\" data-tab=\"30\" role=\"button\" aria-controls=\"elementor-tab-content-21930\" aria-expanded=\"false\">\n\t\t\t\t\t\t\t\t\t\t\t\t<span class=\"elementor-toggle-icon elementor-toggle-icon-left\" aria-hidden=\"true\">\n\t\t\t\t\t\t\t\t\t\t\t\t\t\t\t<span class=\"elementor-toggle-icon-closed\"><i class=\"fas fa-caret-right\"><\/i><\/span>\n\t\t\t\t\t\t\t\t<span class=\"elementor-toggle-icon-opened\"><i class=\"elementor-toggle-icon-opened fas fa-caret-up\"><\/i><\/span>\n\t\t\t\t\t\t\t\t\t\t\t\t\t<\/span>\n\t\t\t\t\t\t\t\t\t\t\t\t<a class=\"elementor-toggle-title\" tabindex=\"0\">30 - Je n'ai pas encore d'\u00e9tablissement fixe au Portugal. Comment dois-je remplir le champ relatif au domicile professionnel au Portugal ?<\/a>\n\t\t\t\t\t<\/div>\n\n\t\t\t\t\t<div id=\"elementor-tab-content-21930\" class=\"elementor-tab-content elementor-clearfix\" data-tab=\"30\" role=\"region\" aria-labelledby=\"elementor-tab-title-21930\"><p>Pour exercer la physioth\u00e9rapie au Portugal, vous devez avoir un domicile professionnel de r\u00e9f\u00e9rence.<\/p><p>Si vous avez un NIF portugais, vous devez pr\u00e9senter l'adresse associ\u00e9e \u00e0 ce NIF, en indiquant le num\u00e9ro du bureau fiscal auquel correspond votre NIF.<\/p><p>Si vous n'avez pas de domicile professionnel autonome dans l'\u00c9tat membre o\u00f9 vous travaillez effectivement, vous devez indiquer votre r\u00e9sidence comme s'il s'agissait de votre domicile, si la l\u00e9gislation de ce pays ne l'interdit pas.<\/p><p>Si vous \u00eates citoyen d'un pays hors de l'Union europ\u00e9enne, vous devez avoir un permis de s\u00e9jour l\u00e9gal au Portugal et donner comme r\u00e9f\u00e9rence l'adresse associ\u00e9e \u00e0 ce permis.<\/p><p>Dans tous les cas, la d\u00e9livrance d'une licence professionnelle d\u00e9pend de la preuve du domicile professionnel portugais.<\/p><\/div>\n\t\t\t\t<\/div>\n\t\t\t\t\t\t\t<div class=\"elementor-toggle-item\">\n\t\t\t\t\t<div id=\"elementor-tab-title-21931\" class=\"elementor-tab-title\" data-tab=\"31\" role=\"button\" aria-controls=\"elementor-tab-content-21931\" aria-expanded=\"false\">\n\t\t\t\t\t\t\t\t\t\t\t\t<span class=\"elementor-toggle-icon elementor-toggle-icon-left\" aria-hidden=\"true\">\n\t\t\t\t\t\t\t\t\t\t\t\t\t\t\t<span class=\"elementor-toggle-icon-closed\"><i class=\"fas fa-caret-right\"><\/i><\/span>\n\t\t\t\t\t\t\t\t<span class=\"elementor-toggle-icon-opened\"><i class=\"elementor-toggle-icon-opened fas fa-caret-up\"><\/i><\/span>\n\t\t\t\t\t\t\t\t\t\t\t\t\t<\/span>\n\t\t\t\t\t\t\t\t\t\t\t\t<a class=\"elementor-toggle-title\" tabindex=\"0\">31 - Je suis un ressortissant \u00e9tranger et j'ai obtenu un dipl\u00f4me de physioth\u00e9rapie dans un \u00e9tablissement d'enseignement sup\u00e9rieur portugais. J'ai \u00e9t\u00e9 inform\u00e9 que, les ann\u00e9es pr\u00e9c\u00e9dentes, pour pouvoir travailler \u00e0 l'\u00e9tranger et \u00eatre reconnu dans un autre pays, il \u00e9tait n\u00e9cessaire de s'inscrire \u00e0 l'ACSS et de fournir une d\u00e9claration de travail \u00e0 l'\u00e9tranger (conform\u00e9ment \u00e0 la directive 2005\/36\/CE) ainsi qu'une d\u00e9claration de \"bonne conduite\". Ces deux d\u00e9clarations sont-elles toujours d\u00e9livr\u00e9es par le SACR, alors que la c\u00e9dula est demand\u00e9e directement \u00e0 l'Ordre ?<\/a>\n\t\t\t\t\t<\/div>\n\n\t\t\t\t\t<div id=\"elementor-tab-content-21931\" class=\"elementor-tab-content elementor-clearfix\" data-tab=\"31\" role=\"region\" aria-labelledby=\"elementor-tab-title-21931\"><p>Non. Comme la qualification est obtenue au Portugal, l'ACSS n'est plus comp\u00e9tente pour les reconna\u00eetre pour l'exercice de la profession, mais l'Ordre des physioth\u00e9rapeutes l'est.<\/p><p>Depuis le 15 d\u00e9cembre 2021, l'Ordre des avocats est \u00e9galement devenu l'autorit\u00e9 comp\u00e9tente aux fins de la loi sur la protection des droits de l'homme. <u>Directive 2005\/36\/CE<\/u>Par cons\u00e9quent, toutes les d\u00e9clarations n\u00e9cessaires seront \u00e9mises par l'Ordre.<\/p><\/div>\n\t\t\t\t<\/div>\n\t\t\t\t\t\t\t<div class=\"elementor-toggle-item\">\n\t\t\t\t\t<div id=\"elementor-tab-title-21932\" class=\"elementor-tab-title\" data-tab=\"32\" role=\"button\" aria-controls=\"elementor-tab-content-21932\" aria-expanded=\"false\">\n\t\t\t\t\t\t\t\t\t\t\t\t<span class=\"elementor-toggle-icon elementor-toggle-icon-left\" aria-hidden=\"true\">\n\t\t\t\t\t\t\t\t\t\t\t\t\t\t\t<span class=\"elementor-toggle-icon-closed\"><i class=\"fas fa-caret-right\"><\/i><\/span>\n\t\t\t\t\t\t\t\t<span class=\"elementor-toggle-icon-opened\"><i class=\"elementor-toggle-icon-opened fas fa-caret-up\"><\/i><\/span>\n\t\t\t\t\t\t\t\t\t\t\t\t\t<\/span>\n\t\t\t\t\t\t\t\t\t\t\t\t<a class=\"elementor-toggle-title\" tabindex=\"0\">32 - Dans quels cas l'inscription d'un membre de l'Ordre des kin\u00e9sith\u00e9rapeutes peut-elle \u00eatre annul\u00e9e ?<\/a>\n\t\t\t\t\t<\/div>\n\n\t\t\t\t\t<div id=\"elementor-tab-content-21932\" class=\"elementor-tab-content elementor-clearfix\" data-tab=\"32\" role=\"region\" aria-labelledby=\"elementor-tab-title-21932\"><p>Conform\u00e9ment aux dispositions de l'article 10 de la <span style=\"text-decoration: underline;\"><a href=\"https:\/\/dre.pt\/application\/file\/205931318\" target=\"_blank\" rel=\"noopener\">R\u00e8gles d'inscription<\/a><\/span>:<\/p><p>\"L'adh\u00e9sion \u00e0 l'OF est annul\u00e9e pour les membres qui :<\/p><ol><li>a) font l'objet d'une mesure disciplinaire d'expulsion ;<\/li><li>b) cesser volontairement leur activit\u00e9 professionnelle et en informer le conseil d'administration\".<\/li><\/ol><\/div>\n\t\t\t\t<\/div>\n\t\t\t\t\t\t\t<div class=\"elementor-toggle-item\">\n\t\t\t\t\t<div id=\"elementor-tab-title-21933\" class=\"elementor-tab-title\" data-tab=\"33\" role=\"button\" aria-controls=\"elementor-tab-content-21933\" aria-expanded=\"false\">\n\t\t\t\t\t\t\t\t\t\t\t\t<span class=\"elementor-toggle-icon elementor-toggle-icon-left\" aria-hidden=\"true\">\n\t\t\t\t\t\t\t\t\t\t\t\t\t\t\t<span class=\"elementor-toggle-icon-closed\"><i class=\"fas fa-caret-right\"><\/i><\/span>\n\t\t\t\t\t\t\t\t<span class=\"elementor-toggle-icon-opened\"><i class=\"elementor-toggle-icon-opened fas fa-caret-up\"><\/i><\/span>\n\t\t\t\t\t\t\t\t\t\t\t\t\t<\/span>\n\t\t\t\t\t\t\t\t\t\t\t\t<a class=\"elementor-toggle-title\" tabindex=\"0\">33 - Quand mon inscription peut-elle expirer ?<\/a>\n\t\t\t\t\t<\/div>\n\n\t\t\t\t\t<div id=\"elementor-tab-content-21933\" class=\"elementor-tab-content elementor-clearfix\" data-tab=\"33\" role=\"region\" aria-labelledby=\"elementor-tab-title-21933\"><p>Votre inscription peut devenir caduque si elle n'est pas compl\u00e9t\u00e9e dans un d\u00e9lai de 180 jours, conform\u00e9ment \u00e0 l'article 4, paragraphe 7, du r\u00e8glement d'enregistrement. Dans ce cas, si vous souhaitez vous r\u00e9inscrire, une nouvelle proc\u00e9dure et un nouveau paiement seront n\u00e9cessaires.<\/p><\/div>\n\t\t\t\t<\/div>\n\t\t\t\t\t\t\t<div class=\"elementor-toggle-item\">\n\t\t\t\t\t<div id=\"elementor-tab-title-21934\" class=\"elementor-tab-title\" data-tab=\"34\" role=\"button\" aria-controls=\"elementor-tab-content-21934\" aria-expanded=\"false\">\n\t\t\t\t\t\t\t\t\t\t\t\t<span class=\"elementor-toggle-icon elementor-toggle-icon-left\" aria-hidden=\"true\">\n\t\t\t\t\t\t\t\t\t\t\t\t\t\t\t<span class=\"elementor-toggle-icon-closed\"><i class=\"fas fa-caret-right\"><\/i><\/span>\n\t\t\t\t\t\t\t\t<span class=\"elementor-toggle-icon-opened\"><i class=\"elementor-toggle-icon-opened fas fa-caret-up\"><\/i><\/span>\n\t\t\t\t\t\t\t\t\t\t\t\t\t<\/span>\n\t\t\t\t\t\t\t\t\t\t\t\t<a class=\"elementor-toggle-title\" tabindex=\"0\">34 - Dans quels cas l'inscription d'un membre de l'Ordre des kin\u00e9sith\u00e9rapeutes peut-elle \u00eatre suspendue ?<\/a>\n\t\t\t\t\t<\/div>\n\n\t\t\t\t\t<div id=\"elementor-tab-content-21934\" class=\"elementor-tab-content elementor-clearfix\" data-tab=\"34\" role=\"region\" aria-labelledby=\"elementor-tab-title-21934\"><p>Conform\u00e9ment aux dispositions de l'article 9 de la <span style=\"text-decoration: underline;\"><a href=\"https:\/\/dre.pt\/application\/file\/205931318\" target=\"_blank\" rel=\"noopener\">R\u00e8gles d'inscription<\/a><\/span>:<\/p><p>\"Les membres sont suspendus de l'OF si<\/p><ol><li>a) font l'objet d'une mesure disciplinaire de suspension ;<\/li><li>b) la demander lorsqu'il souhaite cesser temporairement d'exercer la physioth\u00e9rapie, \u00e0 condition qu'il n'ait pas de cotisations impay\u00e9es ou qu'il les ait pay\u00e9es ;<\/li><li>c) sont incompatibles avec l'exercice de la profession de kin\u00e9sith\u00e9rapeute\".<\/li><\/ol><\/div>\n\t\t\t\t<\/div>\n\t\t\t\t\t\t\t\t<\/div>\n\t\t\t\t\t\t<\/div>\n\t\t\t\t<\/div>\n\t\t\t\t<div class=\"elementor-element elementor-element-6156498 elementor-widget elementor-widget-heading\" data-id=\"6156498\" data-element_type=\"widget\" data-e-type=\"widget\" data-widget_type=\"heading.default\">\n\t\t\t\t<div class=\"elementor-widget-container\">\n\t\t\t\t\t<h2 class=\"elementor-heading-title elementor-size-default\">Cotisations des membres<\/h2>\t\t\t\t<\/div>\n\t\t\t\t<\/div>\n\t\t\t\t<div class=\"elementor-element elementor-element-5d6fc40 elementor-widget elementor-widget-toggle\" data-id=\"5d6fc40\" data-element_type=\"widget\" data-e-type=\"widget\" data-widget_type=\"toggle.default\">\n\t\t\t\t<div class=\"elementor-widget-container\">\n\t\t\t\t\t\t\t<div class=\"elementor-toggle\">\n\t\t\t\t\t\t\t<div class=\"elementor-toggle-item\">\n\t\t\t\t\t<div id=\"elementor-tab-title-9791\" class=\"elementor-tab-title\" data-tab=\"1\" role=\"button\" aria-controls=\"elementor-tab-content-9791\" aria-expanded=\"false\">\n\t\t\t\t\t\t\t\t\t\t\t\t<span class=\"elementor-toggle-icon elementor-toggle-icon-left\" aria-hidden=\"true\">\n\t\t\t\t\t\t\t\t\t\t\t\t\t\t\t<span class=\"elementor-toggle-icon-closed\"><i class=\"fas fa-caret-right\"><\/i><\/span>\n\t\t\t\t\t\t\t\t<span class=\"elementor-toggle-icon-opened\"><i class=\"elementor-toggle-icon-opened fas fa-caret-up\"><\/i><\/span>\n\t\t\t\t\t\t\t\t\t\t\t\t\t<\/span>\n\t\t\t\t\t\t\t\t\t\t\t\t<a class=\"elementor-toggle-title\" tabindex=\"0\">1 - Quand commence mon obligation de payer les cotisations ?<\/a>\n\t\t\t\t\t<\/div>\n\n\t\t\t\t\t<div id=\"elementor-tab-content-9791\" class=\"elementor-tab-content elementor-clearfix\" data-tab=\"1\" role=\"region\" aria-labelledby=\"elementor-tab-title-9791\"><p>Avec l'attribution de la carte professionnelle provisoire. Si le paiement final du droit d'inscription de 100 euros est effectu\u00e9 au cours de la premi\u00e8re quinzaine du mois, l'obligation de payer les cotisations commence ce m\u00eame mois. S'il est effectu\u00e9 au cours de la deuxi\u00e8me quinzaine, l'obligation de payer les cotisations commence le mois suivant.<\/p><\/div>\n\t\t\t\t<\/div>\n\t\t\t\t\t\t\t<div class=\"elementor-toggle-item\">\n\t\t\t\t\t<div id=\"elementor-tab-title-9792\" class=\"elementor-tab-title\" data-tab=\"2\" role=\"button\" aria-controls=\"elementor-tab-content-9792\" aria-expanded=\"false\">\n\t\t\t\t\t\t\t\t\t\t\t\t<span class=\"elementor-toggle-icon elementor-toggle-icon-left\" aria-hidden=\"true\">\n\t\t\t\t\t\t\t\t\t\t\t\t\t\t\t<span class=\"elementor-toggle-icon-closed\"><i class=\"fas fa-caret-right\"><\/i><\/span>\n\t\t\t\t\t\t\t\t<span class=\"elementor-toggle-icon-opened\"><i class=\"elementor-toggle-icon-opened fas fa-caret-up\"><\/i><\/span>\n\t\t\t\t\t\t\t\t\t\t\t\t\t<\/span>\n\t\t\t\t\t\t\t\t\t\t\t\t<a class=\"elementor-toggle-title\" tabindex=\"0\">2 - Quel est le montant de la cotisation ? <\/a>\n\t\t\t\t\t<\/div>\n\n\t\t\t\t\t<div id=\"elementor-tab-content-9792\" class=\"elementor-tab-content elementor-clearfix\" data-tab=\"2\" role=\"region\" aria-labelledby=\"elementor-tab-title-9792\"><p>\u00a0La valeur des cotisations est d\u00e9finie dans le <span style=\"text-decoration: underline;\"><a href=\"https:\/\/dre.pt\/application\/file\/205869771\" target=\"_blank\" rel=\"noopener\">R\u00e8glement sur les cotisations et les droits en vigueur<\/a><\/span>La cotisation mensuelle est de 12,00 \u20ac (douze euros). Elle peut \u00eatre modifi\u00e9e annuellement lors de l'\u00e9tablissement du budget de l'ann\u00e9e suivante. 3. A quelle fr\u00e9quence dois-je payer les cotisations ?<\/p><p>Il existe trois p\u00e9riodicit\u00e9s de paiement des cotisations : mensuelle, semestrielle et annuelle.<\/p><\/div>\n\t\t\t\t<\/div>\n\t\t\t\t\t\t\t<div class=\"elementor-toggle-item\">\n\t\t\t\t\t<div id=\"elementor-tab-title-9793\" class=\"elementor-tab-title\" data-tab=\"3\" role=\"button\" aria-controls=\"elementor-tab-content-9793\" aria-expanded=\"false\">\n\t\t\t\t\t\t\t\t\t\t\t\t<span class=\"elementor-toggle-icon elementor-toggle-icon-left\" aria-hidden=\"true\">\n\t\t\t\t\t\t\t\t\t\t\t\t\t\t\t<span class=\"elementor-toggle-icon-closed\"><i class=\"fas fa-caret-right\"><\/i><\/span>\n\t\t\t\t\t\t\t\t<span class=\"elementor-toggle-icon-opened\"><i class=\"elementor-toggle-icon-opened fas fa-caret-up\"><\/i><\/span>\n\t\t\t\t\t\t\t\t\t\t\t\t\t<\/span>\n\t\t\t\t\t\t\t\t\t\t\t\t<a class=\"elementor-toggle-title\" tabindex=\"0\">3 - Suis-je avantag\u00e9 si j'opte pour des paiements semestriels ou annuels ?<\/a>\n\t\t\t\t\t<\/div>\n\n\t\t\t\t\t<div id=\"elementor-tab-content-9793\" class=\"elementor-tab-content elementor-clearfix\" data-tab=\"3\" role=\"region\" aria-labelledby=\"elementor-tab-title-9793\"><p>Oui. Si vous choisissez de payer tous les six mois, vous b\u00e9n\u00e9ficiez d'une r\u00e9duction de 5% sur les blocs janvier-juin et juillet-d\u00e9cembre. Si vous optez pour un paiement annuel, la r\u00e9duction sera de 10%. Ces r\u00e9ductions ne s'appliquent pas aux montants en suspens.<\/p><\/div>\n\t\t\t\t<\/div>\n\t\t\t\t\t\t\t<div class=\"elementor-toggle-item\">\n\t\t\t\t\t<div id=\"elementor-tab-title-9794\" class=\"elementor-tab-title\" data-tab=\"4\" role=\"button\" aria-controls=\"elementor-tab-content-9794\" aria-expanded=\"false\">\n\t\t\t\t\t\t\t\t\t\t\t\t<span class=\"elementor-toggle-icon elementor-toggle-icon-left\" aria-hidden=\"true\">\n\t\t\t\t\t\t\t\t\t\t\t\t\t\t\t<span class=\"elementor-toggle-icon-closed\"><i class=\"fas fa-caret-right\"><\/i><\/span>\n\t\t\t\t\t\t\t\t<span class=\"elementor-toggle-icon-opened\"><i class=\"elementor-toggle-icon-opened fas fa-caret-up\"><\/i><\/span>\n\t\t\t\t\t\t\t\t\t\t\t\t\t<\/span>\n\t\t\t\t\t\t\t\t\t\t\t\t<a class=\"elementor-toggle-title\" tabindex=\"0\">4 - Les diff\u00e9rents d\u00e9lais de paiement sont-ils toujours disponibles tout au long de l'ann\u00e9e ?<\/a>\n\t\t\t\t\t<\/div>\n\n\t\t\t\t\t<div id=\"elementor-tab-content-9794\" class=\"elementor-tab-content elementor-clearfix\" data-tab=\"4\" role=\"region\" aria-labelledby=\"elementor-tab-title-9794\"><p>Non. Comme les cotisations sont pay\u00e9es en fonction de l'ann\u00e9e civile, l'option mensuelle est toujours disponible, l'option semestrielle est disponible du 1er janvier au 31 juillet et l'option annuelle est disponible du 1er au 31 janvier.<\/p><\/div>\n\t\t\t\t<\/div>\n\t\t\t\t\t\t\t<div class=\"elementor-toggle-item\">\n\t\t\t\t\t<div id=\"elementor-tab-title-9795\" class=\"elementor-tab-title\" data-tab=\"5\" role=\"button\" aria-controls=\"elementor-tab-content-9795\" aria-expanded=\"false\">\n\t\t\t\t\t\t\t\t\t\t\t\t<span class=\"elementor-toggle-icon elementor-toggle-icon-left\" aria-hidden=\"true\">\n\t\t\t\t\t\t\t\t\t\t\t\t\t\t\t<span class=\"elementor-toggle-icon-closed\"><i class=\"fas fa-caret-right\"><\/i><\/span>\n\t\t\t\t\t\t\t\t<span class=\"elementor-toggle-icon-opened\"><i class=\"elementor-toggle-icon-opened fas fa-caret-up\"><\/i><\/span>\n\t\t\t\t\t\t\t\t\t\t\t\t\t<\/span>\n\t\t\t\t\t\t\t\t\t\t\t\t<a class=\"elementor-toggle-title\" tabindex=\"0\">5 - Si je choisis une fr\u00e9quence de paiement maintenant, puis-je la modifier \u00e0 l'avenir ?<\/a>\n\t\t\t\t\t<\/div>\n\n\t\t\t\t\t<div id=\"elementor-tab-content-9795\" class=\"elementor-tab-content elementor-clearfix\" data-tab=\"5\" role=\"region\" aria-labelledby=\"elementor-tab-title-9795\"><p>Oui, c'est possible. Il vous suffit de choisir la nouvelle p\u00e9riodicit\u00e9 que vous souhaitez lors du prochain paiement de vos cotisations.<\/p><\/div>\n\t\t\t\t<\/div>\n\t\t\t\t\t\t\t<div class=\"elementor-toggle-item\">\n\t\t\t\t\t<div id=\"elementor-tab-title-9796\" class=\"elementor-tab-title\" data-tab=\"6\" role=\"button\" aria-controls=\"elementor-tab-content-9796\" aria-expanded=\"false\">\n\t\t\t\t\t\t\t\t\t\t\t\t<span class=\"elementor-toggle-icon elementor-toggle-icon-left\" aria-hidden=\"true\">\n\t\t\t\t\t\t\t\t\t\t\t\t\t\t\t<span class=\"elementor-toggle-icon-closed\"><i class=\"fas fa-caret-right\"><\/i><\/span>\n\t\t\t\t\t\t\t\t<span class=\"elementor-toggle-icon-opened\"><i class=\"elementor-toggle-icon-opened fas fa-caret-up\"><\/i><\/span>\n\t\t\t\t\t\t\t\t\t\t\t\t\t<\/span>\n\t\t\t\t\t\t\t\t\t\t\t\t<a class=\"elementor-toggle-title\" tabindex=\"0\">6 - Quels sont les moyens de paiement \u00e0 ma disposition pour r\u00e9gler ma cotisation ?<\/a>\n\t\t\t\t\t<\/div>\n\n\t\t\t\t\t<div id=\"elementor-tab-content-9796\" class=\"elementor-tab-content elementor-clearfix\" data-tab=\"6\" role=\"region\" aria-labelledby=\"elementor-tab-title-9796\"><p>Les moyens disponibles sont : Multibanco Reference, MB Way, carte de cr\u00e9dit et pr\u00e9l\u00e8vement automatique. Il convient de noter que seuls le pr\u00e9l\u00e8vement automatique et MB Way sont disponibles pour l'option de paiement des cotisations mensuelles.<\/p><\/div>\n\t\t\t\t<\/div>\n\t\t\t\t\t\t\t<div class=\"elementor-toggle-item\">\n\t\t\t\t\t<div id=\"elementor-tab-title-9797\" class=\"elementor-tab-title\" data-tab=\"7\" role=\"button\" aria-controls=\"elementor-tab-content-9797\" aria-expanded=\"false\">\n\t\t\t\t\t\t\t\t\t\t\t\t<span class=\"elementor-toggle-icon elementor-toggle-icon-left\" aria-hidden=\"true\">\n\t\t\t\t\t\t\t\t\t\t\t\t\t\t\t<span class=\"elementor-toggle-icon-closed\"><i class=\"fas fa-caret-right\"><\/i><\/span>\n\t\t\t\t\t\t\t\t<span class=\"elementor-toggle-icon-opened\"><i class=\"elementor-toggle-icon-opened fas fa-caret-up\"><\/i><\/span>\n\t\t\t\t\t\t\t\t\t\t\t\t\t<\/span>\n\t\t\t\t\t\t\t\t\t\t\t\t<a class=\"elementor-toggle-title\" tabindex=\"0\">7 - Si je choisis un mode de paiement, puis-je le modifier ult\u00e9rieurement ?<\/a>\n\t\t\t\t\t<\/div>\n\n\t\t\t\t\t<div id=\"elementor-tab-content-9797\" class=\"elementor-tab-content elementor-clearfix\" data-tab=\"7\" role=\"region\" aria-labelledby=\"elementor-tab-title-9797\"><p>Oui, c'est possible. Il vous suffit de choisir le nouveau mode de paiement que vous souhaitez la prochaine fois que vous paierez vos cotisations.<\/p><\/div>\n\t\t\t\t<\/div>\n\t\t\t\t\t\t\t<div class=\"elementor-toggle-item\">\n\t\t\t\t\t<div id=\"elementor-tab-title-9798\" class=\"elementor-tab-title\" data-tab=\"8\" role=\"button\" aria-controls=\"elementor-tab-content-9798\" aria-expanded=\"false\">\n\t\t\t\t\t\t\t\t\t\t\t\t<span class=\"elementor-toggle-icon elementor-toggle-icon-left\" aria-hidden=\"true\">\n\t\t\t\t\t\t\t\t\t\t\t\t\t\t\t<span class=\"elementor-toggle-icon-closed\"><i class=\"fas fa-caret-right\"><\/i><\/span>\n\t\t\t\t\t\t\t\t<span class=\"elementor-toggle-icon-opened\"><i class=\"elementor-toggle-icon-opened fas fa-caret-up\"><\/i><\/span>\n\t\t\t\t\t\t\t\t\t\t\t\t\t<\/span>\n\t\t\t\t\t\t\t\t\t\t\t\t<a class=\"elementor-toggle-title\" tabindex=\"0\">8 - Comment payer ma cotisation ?<\/a>\n\t\t\t\t\t<\/div>\n\n\t\t\t\t\t<div id=\"elementor-tab-content-9798\" class=\"elementor-tab-content elementor-clearfix\" data-tab=\"8\" role=\"region\" aria-labelledby=\"elementor-tab-title-9798\"><p>Acc\u00e9dez \u00e0 votre \"Espace r\u00e9serv\u00e9\" :<\/p><ul><li>Choisissez l'option \"Cotisations\". Vous verrez appara\u00eetre la derni\u00e8re cotisation pay\u00e9e et le montant \u00e0 payer ;<\/li><li>Cliquez sur \"Payer les cotisations\" ;<\/li><li>Choisissez la fr\u00e9quence de paiement. Veuillez noter qu'en fonction du mois dans lequel vous vous trouvez, il se peut que toutes les options ne soient pas disponibles ;<\/li><li>Choisissez votre mode de paiement : d\u00e9bit direct, r\u00e9f\u00e9rence ATM, MB Way ou carte de cr\u00e9dit ;<\/li><li>Saisissez les d\u00e9tails relatifs \u00e0 l'\u00e9mission de la facture ;<\/li><\/ul><p>- Confirmer et poursuivre<\/p><\/div>\n\t\t\t\t<\/div>\n\t\t\t\t\t\t\t<div class=\"elementor-toggle-item\">\n\t\t\t\t\t<div id=\"elementor-tab-title-9799\" class=\"elementor-tab-title\" data-tab=\"9\" role=\"button\" aria-controls=\"elementor-tab-content-9799\" aria-expanded=\"false\">\n\t\t\t\t\t\t\t\t\t\t\t\t<span class=\"elementor-toggle-icon elementor-toggle-icon-left\" aria-hidden=\"true\">\n\t\t\t\t\t\t\t\t\t\t\t\t\t\t\t<span class=\"elementor-toggle-icon-closed\"><i class=\"fas fa-caret-right\"><\/i><\/span>\n\t\t\t\t\t\t\t\t<span class=\"elementor-toggle-icon-opened\"><i class=\"elementor-toggle-icon-opened fas fa-caret-up\"><\/i><\/span>\n\t\t\t\t\t\t\t\t\t\t\t\t\t<\/span>\n\t\t\t\t\t\t\t\t\t\t\t\t<a class=\"elementor-toggle-title\" tabindex=\"0\">9 - Si j'oublie de payer ma cotisation, serai-je averti ?<\/a>\n\t\t\t\t\t<\/div>\n\n\t\t\t\t\t<div id=\"elementor-tab-content-9799\" class=\"elementor-tab-content elementor-clearfix\" data-tab=\"9\" role=\"region\" aria-labelledby=\"elementor-tab-title-9799\"><p>Oui, le syst\u00e8me d'information dispose d'un ensemble d'alertes qui vous pr\u00e9viennent par e-mail.<\/p><\/div>\n\t\t\t\t<\/div>\n\t\t\t\t\t\t\t<div class=\"elementor-toggle-item\">\n\t\t\t\t\t<div id=\"elementor-tab-title-97910\" class=\"elementor-tab-title\" data-tab=\"10\" role=\"button\" aria-controls=\"elementor-tab-content-97910\" aria-expanded=\"false\">\n\t\t\t\t\t\t\t\t\t\t\t\t<span class=\"elementor-toggle-icon elementor-toggle-icon-left\" aria-hidden=\"true\">\n\t\t\t\t\t\t\t\t\t\t\t\t\t\t\t<span class=\"elementor-toggle-icon-closed\"><i class=\"fas fa-caret-right\"><\/i><\/span>\n\t\t\t\t\t\t\t\t<span class=\"elementor-toggle-icon-opened\"><i class=\"elementor-toggle-icon-opened fas fa-caret-up\"><\/i><\/span>\n\t\t\t\t\t\t\t\t\t\t\t\t\t<\/span>\n\t\t\t\t\t\t\t\t\t\t\t\t<a class=\"elementor-toggle-title\" tabindex=\"0\">10 - Que se passe-t-il si je suis en retard dans le paiement de ma cotisation ?<\/a>\n\t\t\t\t\t<\/div>\n\n\t\t\t\t\t<div id=\"elementor-tab-content-97910\" class=\"elementor-tab-content elementor-clearfix\" data-tab=\"10\" role=\"region\" aria-labelledby=\"elementor-tab-title-97910\"><p>Le retard dans le paiement des cotisations peut entra\u00eener la facturation d'int\u00e9r\u00eats sur le montant d\u00fb, calcul\u00e9s au taux l\u00e9gal suppl\u00e9mentaire. Le taux d'int\u00e9r\u00eat de retard est fix\u00e9 par l'Agence du Tr\u00e9sor et de la gestion de la dette publique - IGCP, E. P. E. et publi\u00e9 au Journal officiel. E. et publi\u00e9 au Journal officiel.<\/p><\/div>\n\t\t\t\t<\/div>\n\t\t\t\t\t\t\t<div class=\"elementor-toggle-item\">\n\t\t\t\t\t<div id=\"elementor-tab-title-97911\" class=\"elementor-tab-title\" data-tab=\"11\" role=\"button\" aria-controls=\"elementor-tab-content-97911\" aria-expanded=\"false\">\n\t\t\t\t\t\t\t\t\t\t\t\t<span class=\"elementor-toggle-icon elementor-toggle-icon-left\" aria-hidden=\"true\">\n\t\t\t\t\t\t\t\t\t\t\t\t\t\t\t<span class=\"elementor-toggle-icon-closed\"><i class=\"fas fa-caret-right\"><\/i><\/span>\n\t\t\t\t\t\t\t\t<span class=\"elementor-toggle-icon-opened\"><i class=\"elementor-toggle-icon-opened fas fa-caret-up\"><\/i><\/span>\n\t\t\t\t\t\t\t\t\t\t\t\t\t<\/span>\n\t\t\t\t\t\t\t\t\t\t\t\t<a class=\"elementor-toggle-title\" tabindex=\"0\">11 - A partir de quel moment vais-je \u00eatre soumis \u00e0 des int\u00e9r\u00eats moratoires ?<\/a>\n\t\t\t\t\t<\/div>\n\n\t\t\t\t\t<div id=\"elementor-tab-content-97911\" class=\"elementor-tab-content elementor-clearfix\" data-tab=\"11\" role=\"region\" aria-labelledby=\"elementor-tab-title-97911\"><p>\u00c0 partir du 1er jour du deuxi\u00e8me mois de retard. Si, par exemple, la derni\u00e8re quote-part pay\u00e9e l'a \u00e9t\u00e9 en mai, des int\u00e9r\u00eats moratoires seront per\u00e7us \u00e0 partir du 1er juillet.<\/p><\/div>\n\t\t\t\t<\/div>\n\t\t\t\t\t\t\t<div class=\"elementor-toggle-item\">\n\t\t\t\t\t<div id=\"elementor-tab-title-97912\" class=\"elementor-tab-title\" data-tab=\"12\" role=\"button\" aria-controls=\"elementor-tab-content-97912\" aria-expanded=\"false\">\n\t\t\t\t\t\t\t\t\t\t\t\t<span class=\"elementor-toggle-icon elementor-toggle-icon-left\" aria-hidden=\"true\">\n\t\t\t\t\t\t\t\t\t\t\t\t\t\t\t<span class=\"elementor-toggle-icon-closed\"><i class=\"fas fa-caret-right\"><\/i><\/span>\n\t\t\t\t\t\t\t\t<span class=\"elementor-toggle-icon-opened\"><i class=\"elementor-toggle-icon-opened fas fa-caret-up\"><\/i><\/span>\n\t\t\t\t\t\t\t\t\t\t\t\t\t<\/span>\n\t\t\t\t\t\t\t\t\t\t\t\t<a class=\"elementor-toggle-title\" tabindex=\"0\">12 - Puis-je payer plus d'une ann\u00e9e de cotisation ?<\/a>\n\t\t\t\t\t<\/div>\n\n\t\t\t\t\t<div id=\"elementor-tab-content-97912\" class=\"elementor-tab-content elementor-clearfix\" data-tab=\"12\" role=\"region\" aria-labelledby=\"elementor-tab-title-97912\"><p>Non, car le montant de la cotisation est d\u00e9termin\u00e9 par le budget approuv\u00e9 pour l'ann\u00e9e suivante. Par cons\u00e9quent, les cotisations sont pay\u00e9es en fonction de l'ann\u00e9e civile.<\/p><\/div>\n\t\t\t\t<\/div>\n\t\t\t\t\t\t\t<div class=\"elementor-toggle-item\">\n\t\t\t\t\t<div id=\"elementor-tab-title-97913\" class=\"elementor-tab-title\" data-tab=\"13\" role=\"button\" aria-controls=\"elementor-tab-content-97913\" aria-expanded=\"false\">\n\t\t\t\t\t\t\t\t\t\t\t\t<span class=\"elementor-toggle-icon elementor-toggle-icon-left\" aria-hidden=\"true\">\n\t\t\t\t\t\t\t\t\t\t\t\t\t\t\t<span class=\"elementor-toggle-icon-closed\"><i class=\"fas fa-caret-right\"><\/i><\/span>\n\t\t\t\t\t\t\t\t<span class=\"elementor-toggle-icon-opened\"><i class=\"elementor-toggle-icon-opened fas fa-caret-up\"><\/i><\/span>\n\t\t\t\t\t\t\t\t\t\t\t\t\t<\/span>\n\t\t\t\t\t\t\t\t\t\t\t\t<a class=\"elementor-toggle-title\" tabindex=\"0\">13 - L'Ordre accorde-t-il une r\u00e9duction de la cotisation ?<\/a>\n\t\t\t\t\t<\/div>\n\n\t\t\t\t\t<div id=\"elementor-tab-content-97913\" class=\"elementor-tab-content elementor-clearfix\" data-tab=\"13\" role=\"region\" aria-labelledby=\"elementor-tab-title-97913\"><p>Oui. Dans le cadre du plan d'activit\u00e9s 2023, l'Ordre des kin\u00e9sith\u00e9rapeutes applique une r\u00e9duction de 50% sur les cotisations pendant les six premiers mois pour les nouveaux dipl\u00f4m\u00e9s qui s'inscrivent dans les quatre mois suivant l'obtention de leur dipl\u00f4me.<\/p><\/div>\n\t\t\t\t<\/div>\n\t\t\t\t\t\t\t<div class=\"elementor-toggle-item\">\n\t\t\t\t\t<div id=\"elementor-tab-title-97914\" class=\"elementor-tab-title\" data-tab=\"14\" role=\"button\" aria-controls=\"elementor-tab-content-97914\" aria-expanded=\"false\">\n\t\t\t\t\t\t\t\t\t\t\t\t<span class=\"elementor-toggle-icon elementor-toggle-icon-left\" aria-hidden=\"true\">\n\t\t\t\t\t\t\t\t\t\t\t\t\t\t\t<span class=\"elementor-toggle-icon-closed\"><i class=\"fas fa-caret-right\"><\/i><\/span>\n\t\t\t\t\t\t\t\t<span class=\"elementor-toggle-icon-opened\"><i class=\"elementor-toggle-icon-opened fas fa-caret-up\"><\/i><\/span>\n\t\t\t\t\t\t\t\t\t\t\t\t\t<\/span>\n\t\t\t\t\t\t\t\t\t\t\t\t<a class=\"elementor-toggle-title\" tabindex=\"0\">14 - Dans quelles situations suis-je exempt\u00e9 du paiement de la cotisation ?<\/a>\n\t\t\t\t\t<\/div>\n\n\t\t\t\t\t<div id=\"elementor-tab-content-97914\" class=\"elementor-tab-content elementor-clearfix\" data-tab=\"14\" role=\"region\" aria-labelledby=\"elementor-tab-title-97914\"><p>L'obligation de payer les cotisations ne cesse qu'en cas de suspension ou d'annulation de l'adh\u00e9sion, qu'elle soit volontaire ou forc\u00e9e.<\/p><\/div>\n\t\t\t\t<\/div>\n\t\t\t\t\t\t\t<div class=\"elementor-toggle-item\">\n\t\t\t\t\t<div id=\"elementor-tab-title-97915\" class=\"elementor-tab-title\" data-tab=\"15\" role=\"button\" aria-controls=\"elementor-tab-content-97915\" aria-expanded=\"false\">\n\t\t\t\t\t\t\t\t\t\t\t\t<span class=\"elementor-toggle-icon elementor-toggle-icon-left\" aria-hidden=\"true\">\n\t\t\t\t\t\t\t\t\t\t\t\t\t\t\t<span class=\"elementor-toggle-icon-closed\"><i class=\"fas fa-caret-right\"><\/i><\/span>\n\t\t\t\t\t\t\t\t<span class=\"elementor-toggle-icon-opened\"><i class=\"elementor-toggle-icon-opened fas fa-caret-up\"><\/i><\/span>\n\t\t\t\t\t\t\t\t\t\t\t\t\t<\/span>\n\t\t\t\t\t\t\t\t\t\t\t\t<a class=\"elementor-toggle-title\" tabindex=\"0\">15 - La facture de cotisation peut-elle \u00eatre \u00e9mise avec les coordonn\u00e9es de mon entreprise ?<\/a>\n\t\t\t\t\t<\/div>\n\n\t\t\t\t\t<div id=\"elementor-tab-content-97915\" class=\"elementor-tab-content elementor-clearfix\" data-tab=\"15\" role=\"region\" aria-labelledby=\"elementor-tab-title-97915\"><p>Oui, c'est possible. Lorsque vous payez votre cotisation dans votre espace r\u00e9serv\u00e9, sous \"D\u00e9tails de la facturation\", choisissez l'une des options suivantes : Propri\u00e9taire ; Entreprise individuelle ; Employeur o\u00f9 vous travaillez en tant que physioth\u00e9rapeute.<\/p><\/div>\n\t\t\t\t<\/div>\n\t\t\t\t\t\t\t<div class=\"elementor-toggle-item\">\n\t\t\t\t\t<div id=\"elementor-tab-title-97916\" class=\"elementor-tab-title\" data-tab=\"16\" role=\"button\" aria-controls=\"elementor-tab-content-97916\" aria-expanded=\"false\">\n\t\t\t\t\t\t\t\t\t\t\t\t<span class=\"elementor-toggle-icon elementor-toggle-icon-left\" aria-hidden=\"true\">\n\t\t\t\t\t\t\t\t\t\t\t\t\t\t\t<span class=\"elementor-toggle-icon-closed\"><i class=\"fas fa-caret-right\"><\/i><\/span>\n\t\t\t\t\t\t\t\t<span class=\"elementor-toggle-icon-opened\"><i class=\"elementor-toggle-icon-opened fas fa-caret-up\"><\/i><\/span>\n\t\t\t\t\t\t\t\t\t\t\t\t\t<\/span>\n\t\t\t\t\t\t\t\t\t\t\t\t<a class=\"elementor-toggle-title\" tabindex=\"0\">16 - Puis-je demander la modification des donn\u00e9es de facturation d'une facture d\u00e9j\u00e0 \u00e9mise ?<\/a>\n\t\t\t\t\t<\/div>\n\n\t\t\t\t\t<div id=\"elementor-tab-content-97916\" class=\"elementor-tab-content elementor-clearfix\" data-tab=\"16\" role=\"region\" aria-labelledby=\"elementor-tab-title-97916\"><p>Vous pouvez le faire, pour autant que vous le fassiez dans le mois au cours duquel la facture \u00e0 modifier a \u00e9t\u00e9 g\u00e9n\u00e9r\u00e9e. Pour ce faire, vous devez faire la demande dans votre espace r\u00e9serv\u00e9, sous \"Support\" et \"Demande de support\".<\/p><\/div>\n\t\t\t\t<\/div>\n\t\t\t\t\t\t\t<div class=\"elementor-toggle-item\">\n\t\t\t\t\t<div id=\"elementor-tab-title-97917\" class=\"elementor-tab-title\" data-tab=\"17\" role=\"button\" aria-controls=\"elementor-tab-content-97917\" aria-expanded=\"false\">\n\t\t\t\t\t\t\t\t\t\t\t\t<span class=\"elementor-toggle-icon elementor-toggle-icon-left\" aria-hidden=\"true\">\n\t\t\t\t\t\t\t\t\t\t\t\t\t\t\t<span class=\"elementor-toggle-icon-closed\"><i class=\"fas fa-caret-right\"><\/i><\/span>\n\t\t\t\t\t\t\t\t<span class=\"elementor-toggle-icon-opened\"><i class=\"elementor-toggle-icon-opened fas fa-caret-up\"><\/i><\/span>\n\t\t\t\t\t\t\t\t\t\t\t\t\t<\/span>\n\t\t\t\t\t\t\t\t\t\t\t\t<a class=\"elementor-toggle-title\" tabindex=\"0\">17 - Comment vais-je recevoir la facture ?<\/a>\n\t\t\t\t\t<\/div>\n\n\t\t\t\t\t<div id=\"elementor-tab-content-97917\" class=\"elementor-tab-content elementor-clearfix\" data-tab=\"17\" role=\"region\" aria-labelledby=\"elementor-tab-title-97917\"><p>Votre facture sera envoy\u00e9e dans votre bo\u00eete de r\u00e9ception et sera disponible dans votre espace r\u00e9serv\u00e9.<\/p><\/div>\n\t\t\t\t<\/div>\n\t\t\t\t\t\t\t<div class=\"elementor-toggle-item\">\n\t\t\t\t\t<div id=\"elementor-tab-title-97918\" class=\"elementor-tab-title\" data-tab=\"18\" role=\"button\" aria-controls=\"elementor-tab-content-97918\" aria-expanded=\"false\">\n\t\t\t\t\t\t\t\t\t\t\t\t<span class=\"elementor-toggle-icon elementor-toggle-icon-left\" aria-hidden=\"true\">\n\t\t\t\t\t\t\t\t\t\t\t\t\t\t\t<span class=\"elementor-toggle-icon-closed\"><i class=\"fas fa-caret-right\"><\/i><\/span>\n\t\t\t\t\t\t\t\t<span class=\"elementor-toggle-icon-opened\"><i class=\"elementor-toggle-icon-opened fas fa-caret-up\"><\/i><\/span>\n\t\t\t\t\t\t\t\t\t\t\t\t\t<\/span>\n\t\t\t\t\t\t\t\t\t\t\t\t<a class=\"elementor-toggle-title\" tabindex=\"0\">18 - Le montant des cotisations vers\u00e9es peut-il \u00eatre d\u00e9duit dans la d\u00e9claration annuelle de revenus ?<\/a>\n\t\t\t\t\t<\/div>\n\n\t\t\t\t\t<div id=\"elementor-tab-content-97918\" class=\"elementor-tab-content elementor-clearfix\" data-tab=\"18\" role=\"region\" aria-labelledby=\"elementor-tab-title-97918\"><p>Oui, vous pouvez le faire. Les physioth\u00e9rapeutes qui travaillent en tant que salari\u00e9s doivent d\u00e9clarer le montant des cotisations vers\u00e9es dans le cadre 4C de l'annexe A du formulaire 3 de l'IRS, avec le code de d\u00e9pense 422 (Membership Fees of Professional Bodies).<\/p><p>Les physioth\u00e9rapeutes ind\u00e9pendants qui rel\u00e8vent du r\u00e9gime simplifi\u00e9 ne doivent pas faire de d\u00e9claration ; s'ils ont une comptabilit\u00e9 organis\u00e9e, ils doivent en informer leur expert-comptable.<\/p><\/div>\n\t\t\t\t<\/div>\n\t\t\t\t\t\t\t<div class=\"elementor-toggle-item\">\n\t\t\t\t\t<div id=\"elementor-tab-title-97919\" class=\"elementor-tab-title\" data-tab=\"19\" role=\"button\" aria-controls=\"elementor-tab-content-97919\" aria-expanded=\"false\">\n\t\t\t\t\t\t\t\t\t\t\t\t<span class=\"elementor-toggle-icon elementor-toggle-icon-left\" aria-hidden=\"true\">\n\t\t\t\t\t\t\t\t\t\t\t\t\t\t\t<span class=\"elementor-toggle-icon-closed\"><i class=\"fas fa-caret-right\"><\/i><\/span>\n\t\t\t\t\t\t\t\t<span class=\"elementor-toggle-icon-opened\"><i class=\"elementor-toggle-icon-opened fas fa-caret-up\"><\/i><\/span>\n\t\t\t\t\t\t\t\t\t\t\t\t\t<\/span>\n\t\t\t\t\t\t\t\t\t\t\t\t<a class=\"elementor-toggle-title\" tabindex=\"0\">19 - Lorsque je prendrai ma retraite, devrai-je continuer \u00e0 payer des cotisations ?<\/a>\n\t\t\t\t\t<\/div>\n\n\t\t\t\t\t<div id=\"elementor-tab-content-97919\" class=\"elementor-tab-content elementor-clearfix\" data-tab=\"19\" role=\"region\" aria-labelledby=\"elementor-tab-title-97919\"><p>Les physioth\u00e9rapeutes qui travaillent ou qui souhaitent conserver leur autorisation d'exercer doivent \u00eatre \u00e0 jour de leur cotisation. S'il ne souhaite pas maintenir son autorisation d'exercer, il peut suspendre son adh\u00e9sion \u00e0 l'Ordre des kin\u00e9sith\u00e9rapeutes.<\/p><\/div>\n\t\t\t\t<\/div>\n\t\t\t\t\t\t\t\t<\/div>\n\t\t\t\t\t\t<\/div>\n\t\t\t\t<\/div>\n\t\t\t\t\t<\/div>\n\t\t<\/div>\n\t\t\t\t\t<\/div>\n\t\t<\/section>\n\t\t\t\t<\/div>","protected":false},"excerpt":{"rendered":"<p>Fonctions de l'Ordre 1 - Quelles sont les fonctions de l'Ordre des physioth\u00e9rapeutes ? Les missions de l'Ordre sont les suivantes : a) R\u00e9glementer l'acc\u00e8s \u00e0 la profession et son exercice ; b) D\u00e9fendre les int\u00e9r\u00eats g\u00e9n\u00e9raux des usagers des services fournis par ses membres, assurer et faire respecter le droit \u00e0 la sant\u00e9 des citoyens ; c) Repr\u00e9senter et ... <a title=\"Questions fr\u00e9quemment pos\u00e9es\" class=\"read-more\" href=\"https:\/\/staging.ordemdosfisioterapeutas.pt\/fr\/perguntas-frequentes\/\" aria-label=\"En savoir plus sur Questions fr\u00e9quemment pos\u00e9es\">En savoir plus<\/a><\/p>","protected":false},"author":1,"featured_media":0,"parent":0,"menu_order":0,"comment_status":"closed","ping_status":"closed","template":"","meta":{"footnotes":""},"class_list":["post-446","page","type-page","status-publish"],"_links":{"self":[{"href":"https:\/\/staging.ordemdosfisioterapeutas.pt\/fr\/wp-json\/wp\/v2\/pages\/446","targetHints":{"allow":["GET"]}}],"collection":[{"href":"https:\/\/staging.ordemdosfisioterapeutas.pt\/fr\/wp-json\/wp\/v2\/pages"}],"about":[{"href":"https:\/\/staging.ordemdosfisioterapeutas.pt\/fr\/wp-json\/wp\/v2\/types\/page"}],"author":[{"embeddable":true,"href":"https:\/\/staging.ordemdosfisioterapeutas.pt\/fr\/wp-json\/wp\/v2\/users\/1"}],"replies":[{"embeddable":true,"href":"https:\/\/staging.ordemdosfisioterapeutas.pt\/fr\/wp-json\/wp\/v2\/comments?post=446"}],"version-history":[{"count":0,"href":"https:\/\/staging.ordemdosfisioterapeutas.pt\/fr\/wp-json\/wp\/v2\/pages\/446\/revisions"}],"wp:attachment":[{"href":"https:\/\/staging.ordemdosfisioterapeutas.pt\/fr\/wp-json\/wp\/v2\/media?parent=446"}],"curies":[{"name":"wp","href":"https:\/\/api.w.org\/{rel}","templated":true}]}}