{"id":4840,"date":"2022-07-14T13:26:08","date_gmt":"2022-07-14T12:26:08","guid":{"rendered":"https:\/\/staging.ordemdosfisioterapeutas.pt\/?page_id=4840"},"modified":"2022-07-14T13:36:50","modified_gmt":"2022-07-14T12:36:50","slug":"especialidades-em-fisioterapia","status":"publish","type":"page","link":"https:\/\/staging.ordemdosfisioterapeutas.pt\/fr\/especialidades-em-fisioterapia\/","title":{"rendered":"Sp\u00e9cialit\u00e9s de la physioth\u00e9rapie"},"content":{"rendered":"<div data-elementor-type=\"wp-page\" data-elementor-id=\"4840\" class=\"elementor elementor-4840\" data-elementor-post-type=\"page\">\n\t\t\t\t\t\t<section class=\"elementor-section elementor-top-section elementor-element elementor-element-3e120a5 elementor-section-boxed elementor-section-height-default elementor-section-height-default\" data-id=\"3e120a5\" data-element_type=\"section\" data-e-type=\"section\">\n\t\t\t\t\t\t<div class=\"elementor-container elementor-column-gap-default\">\n\t\t\t\t\t<div class=\"elementor-column elementor-col-100 elementor-top-column elementor-element elementor-element-dd476f6\" data-id=\"dd476f6\" data-element_type=\"column\" data-e-type=\"column\">\n\t\t\t<div class=\"elementor-widget-wrap elementor-element-populated\">\n\t\t\t\t\t\t<div class=\"elementor-element elementor-element-4c18a55 elementor-widget elementor-widget-heading\" data-id=\"4c18a55\" data-element_type=\"widget\" data-e-type=\"widget\" data-widget_type=\"heading.default\">\n\t\t\t\t<div class=\"elementor-widget-container\">\n\t\t\t\t\t<h2 class=\"elementor-heading-title elementor-size-default\">Sp\u00e9cialisation en physioth\u00e9rapie - Cadre conceptuel<\/h2>\t\t\t\t<\/div>\n\t\t\t\t<\/div>\n\t\t\t\t<div class=\"elementor-element elementor-element-1febedf elementor-widget elementor-widget-text-editor\" data-id=\"1febedf\" data-element_type=\"widget\" data-e-type=\"widget\" data-widget_type=\"text-editor.default\">\n\t\t\t\t<div class=\"elementor-widget-container\">\n\t\t\t\t\t\t\t\t\t<p>La sp\u00e9cialisation des physioth\u00e9rapeutes vise \u00e0 am\u00e9liorer les normes de qualit\u00e9 dans la fourniture de soins de physioth\u00e9rapie aux utilisateurs et \u00e0 promouvoir leur d\u00e9veloppement professionnel continu.<\/p><p>Les \u00e9l\u00e9ments suivants sont consid\u00e9r\u00e9s comme essentiels <span style=\"text-decoration: underline;\"><a href=\"https:\/\/www.wcpt.org\/policy\/ps-specialisation\" target=\"_blank\" rel=\"noopener\">lignes directrices<\/a><\/span> de la Conf\u00e9d\u00e9ration mondiale de la physioth\u00e9rapie (WCPT) sur cette question, \u00e0 savoir les hypoth\u00e8ses suivantes :<\/p><ul><li>Les sp\u00e9cialit\u00e9s sont des domaines d'\u00e9tude et de pratique de la physioth\u00e9rapie dans lesquels les physioth\u00e9rapeutes peuvent acqu\u00e9rir et d\u00e9montrer des \"comp\u00e9tences avanc\u00e9es \/ accrues\" par rapport \u00e0 celles requises pour l'acc\u00e8s \u00e0 la profession et au titre professionnel.<\/li><li>Il devrait y avoir un processus formel et document\u00e9 de sp\u00e9cialisation, reconnaissant ces comp\u00e9tences, en particulier les comp\u00e9tences cliniques.<\/li><li>La sp\u00e9cialisation ne doit pas \u00eatre consid\u00e9r\u00e9e comme une limitation de la pratique. Le champ d'activit\u00e9 reconnu comme physioth\u00e9rapie restera ouvert \u00e0 tous les physioth\u00e9rapeutes d\u00fbment qualifi\u00e9s.<\/li><li>Les sp\u00e9cialistes sont cens\u00e9s exercer leur activit\u00e9 professionnelle dans leur domaine de sp\u00e9cialisation clinique, contribuer \u00e0 l'enseignement et \u00e0 l'\u00e9valuation des pratiques professionnelles en vue d'am\u00e9liorer les services fournis. Ils doivent \u00e9galement mener des projets de recherche et contribuer au d\u00e9veloppement et \u00e0 la diffusion des connaissances dans leur domaine.<\/li><\/ul><p>Il sera donc important de prendre en compte trois \u00e9l\u00e9ments essentiels dans le processus de sp\u00e9cialisation :<\/p><ul><li>La possession d'une formation postuniversitaire avanc\u00e9e, avec reconnaissance acad\u00e9mique ;<\/li><li>La d\u00e9monstration des comp\u00e9tences (<em>comp\u00e9tences<\/em>) et une exp\u00e9rience av\u00e9r\u00e9e dans le domaine de sp\u00e9cialisation ;<\/li><li>Le d\u00e9veloppement de comp\u00e9tences dans le domaine de la recherche (analyse critique de la recherche publi\u00e9e pour soutenir une pratique fond\u00e9e sur des preuves scientifiques, avec une contribution publi\u00e9e au d\u00e9veloppement des connaissances dans le domaine de sp\u00e9cialisation).<\/li><\/ul><p>Le Conseil de l'Ordre des physioth\u00e9rapeutes estime que le profil du sp\u00e9cialiste correspond clairement aux descripteurs du master et qu'il s'agit d'une voie potentielle, mais pas unique, dans le processus formel de reconnaissance du statut de sp\u00e9cialiste.<\/p><p>L'attribution du statut de sp\u00e9cialiste suppose que le titulaire d\u00e9montre r\u00e9guli\u00e8rement qu'il m\u00e9rite toujours ce statut, ce qui implique un syst\u00e8me de renouvellement de la possession du titre de sp\u00e9cialiste.<\/p><p>Il est jug\u00e9 prudent de d\u00e9finir un petit nombre de sp\u00e9cialisations, si possible en accord avec les pratiques internationales ou celles des pays de r\u00e9f\u00e9rence. Dans les cas o\u00f9 la cr\u00e9ation d'une sp\u00e9cialit\u00e9 autonome ne se justifie pas, un syst\u00e8me de certification des comp\u00e9tences pourrait \u00eatre mis en place comme alternative aux sp\u00e9cialisations.<\/p>\t\t\t\t\t\t\t\t<\/div>\n\t\t\t\t<\/div>\n\t\t\t\t<div class=\"elementor-element elementor-element-613ce13 elementor-widget elementor-widget-heading\" data-id=\"613ce13\" data-element_type=\"widget\" data-e-type=\"widget\" data-widget_type=\"heading.default\">\n\t\t\t\t<div class=\"elementor-widget-container\">\n\t\t\t\t\t<h2 class=\"elementor-heading-title elementor-size-default\">Cr\u00e9ation du Conseil des sp\u00e9cialit\u00e9s professionnelles en physioth\u00e9rapie au Portugal<\/h2>\t\t\t\t<\/div>\n\t\t\t\t<\/div>\n\t\t\t\t<div class=\"elementor-element elementor-element-ada17fd elementor-widget elementor-widget-text-editor\" data-id=\"ada17fd\" data-element_type=\"widget\" data-e-type=\"widget\" data-widget_type=\"text-editor.default\">\n\t\t\t\t<div class=\"elementor-widget-container\">\n\t\t\t\t\t\t\t\t\t<p>L'une des missions de l'Ordre, telle que d\u00e9finie \u00e0 l'article 4 de ses statuts, est de <span style=\"text-decoration: underline;\"><a href=\"https:\/\/staging.ordemdosfisioterapeutas.pt\/fr\/estatuto-e-regulamentos\/\" target=\"_blank\" rel=\"noopener\">Statuts<\/a><\/span>L'objectif de ce programme est de \"conf\u00e9rer le titre de sp\u00e9cialiste aux physioth\u00e9rapeutes qui remplissent les conditions fix\u00e9es par les organismes comp\u00e9tents\".<\/p><p>Conform\u00e9ment \u00e0 l'article 26 j) du statut de l'Ordre des kin\u00e9sith\u00e9rapeutes, il appartient au Conseil d'administration de l'Ordre de proposer au Conseil g\u00e9n\u00e9ral la cr\u00e9ation d'une liste de sp\u00e9cialit\u00e9s professionnelles en kin\u00e9sith\u00e9rapie.<\/p><p>L'\u00e9laboration de la proposition de ce cadre fait partie du plan d'activit\u00e9 2022 et poursuit le travail d\u00e9j\u00e0 entam\u00e9 par la Commission Installation.<\/p><p>La r\u00e9alisation de l'objectif de cr\u00e9ation des sp\u00e9cialit\u00e9s passe par une s\u00e9rie d'\u00e9tapes internes et aboutira n\u00e9cessairement \u00e0 une p\u00e9riode de discussion publique du projet avant son approbation finale.<\/p><p>Les documents de travail seront progressivement mis \u00e0 la disposition des membres de l'Ordre dans un onglet s\u00e9par\u00e9 sur le site de l'Ordre. <span style=\"text-decoration: underline;\"><a href=\"https:\/\/portal.ordemdosfisioterapeutas.pt\/\" target=\"_blank\" rel=\"noopener\">domaine r\u00e9serv\u00e9<\/a><\/span>.\u00a0<\/p>\t\t\t\t\t\t\t\t<\/div>\n\t\t\t\t<\/div>\n\t\t\t\t\t<\/div>\n\t\t<\/div>\n\t\t\t\t\t<\/div>\n\t\t<\/section>\n\t\t\t\t<\/div>","protected":false},"excerpt":{"rendered":"<p>Sp\u00e9cialisation en physioth\u00e9rapie - Cadre conceptuel La sp\u00e9cialisation des physioth\u00e9rapeutes vise \u00e0 am\u00e9liorer les normes de qualit\u00e9 des soins de physioth\u00e9rapie fournis aux utilisateurs et \u00e0 promouvoir leur d\u00e9veloppement professionnel continu. Les lignes directrices de la Conf\u00e9d\u00e9ration mondiale de la physioth\u00e9rapie (WCPT) dans ce domaine sont consid\u00e9r\u00e9es comme essentielles, \u00e0 savoir les hypoth\u00e8ses suivantes : Les sp\u00e9cialit\u00e9s sont des domaines ... <a title=\"Sp\u00e9cialit\u00e9s de la physioth\u00e9rapie\" class=\"read-more\" href=\"https:\/\/staging.ordemdosfisioterapeutas.pt\/fr\/especialidades-em-fisioterapia\/\" aria-label=\"En savoir plus sur Sp\u00e9cialit\u00e9s en physioth\u00e9rapie\">En savoir plus<\/a><\/p>","protected":false},"author":1,"featured_media":0,"parent":0,"menu_order":0,"comment_status":"closed","ping_status":"closed","template":"","meta":{"footnotes":""},"class_list":["post-4840","page","type-page","status-publish"],"_links":{"self":[{"href":"https:\/\/staging.ordemdosfisioterapeutas.pt\/fr\/wp-json\/wp\/v2\/pages\/4840","targetHints":{"allow":["GET"]}}],"collection":[{"href":"https:\/\/staging.ordemdosfisioterapeutas.pt\/fr\/wp-json\/wp\/v2\/pages"}],"about":[{"href":"https:\/\/staging.ordemdosfisioterapeutas.pt\/fr\/wp-json\/wp\/v2\/types\/page"}],"author":[{"embeddable":true,"href":"https:\/\/staging.ordemdosfisioterapeutas.pt\/fr\/wp-json\/wp\/v2\/users\/1"}],"replies":[{"embeddable":true,"href":"https:\/\/staging.ordemdosfisioterapeutas.pt\/fr\/wp-json\/wp\/v2\/comments?post=4840"}],"version-history":[{"count":0,"href":"https:\/\/staging.ordemdosfisioterapeutas.pt\/fr\/wp-json\/wp\/v2\/pages\/4840\/revisions"}],"wp:attachment":[{"href":"https:\/\/staging.ordemdosfisioterapeutas.pt\/fr\/wp-json\/wp\/v2\/media?parent=4840"}],"curies":[{"name":"wp","href":"https:\/\/api.w.org\/{rel}","templated":true}]}}