{"id":5685,"date":"2023-04-17T14:28:22","date_gmt":"2023-04-17T13:28:22","guid":{"rendered":"https:\/\/staging.ordemdosfisioterapeutas.pt\/?page_id=5685"},"modified":"2024-05-16T12:12:49","modified_gmt":"2024-05-16T11:12:49","slug":"fisioterapeutas-com-habilitacoes-obtidas-fora-de-portugal","status":"publish","type":"page","link":"https:\/\/staging.ordemdosfisioterapeutas.pt\/fr\/fisioterapeutas-com-habilitacoes-obtidas-fora-de-portugal\/","title":{"rendered":"Physioth\u00e9rapeutes ayant obtenu des qualifications acad\u00e9miques en dehors du Portugal"},"content":{"rendered":"<div data-elementor-type=\"wp-page\" data-elementor-id=\"5685\" class=\"elementor elementor-5685\" data-elementor-post-type=\"page\">\n\t\t\t\t\t\t<section class=\"elementor-section elementor-top-section elementor-element elementor-element-15d8a88 elementor-section-boxed elementor-section-height-default elementor-section-height-default\" data-id=\"15d8a88\" data-element_type=\"section\" data-e-type=\"section\">\n\t\t\t\t\t\t<div class=\"elementor-container elementor-column-gap-default\">\n\t\t\t\t\t<div class=\"elementor-column elementor-col-100 elementor-top-column elementor-element elementor-element-70120ba\" data-id=\"70120ba\" data-element_type=\"column\" data-e-type=\"column\">\n\t\t\t<div class=\"elementor-widget-wrap elementor-element-populated\">\n\t\t\t\t\t\t<div class=\"elementor-element elementor-element-54568ec elementor-widget elementor-widget-heading\" data-id=\"54568ec\" data-element_type=\"widget\" data-e-type=\"widget\" data-widget_type=\"heading.default\">\n\t\t\t\t<div class=\"elementor-widget-container\">\n\t\t\t\t\t<h2 class=\"elementor-heading-title elementor-size-default\">Dipl\u00f4mes universitaires obtenus dans l'Union europ\u00e9enne<\/h2>\t\t\t\t<\/div>\n\t\t\t\t<\/div>\n\t\t\t\t<div class=\"elementor-element elementor-element-1bb400e elementor-widget__width-initial elementor-widget-tablet__width-initial elementor-widget elementor-widget-text-editor\" data-id=\"1bb400e\" data-element_type=\"widget\" data-e-type=\"widget\" data-widget_type=\"text-editor.default\">\n\t\t\t\t<div class=\"elementor-widget-container\">\n\t\t\t\t\t\t\t\t\t<p>Si vous avez acquis vos qualifications professionnelles dans un autre pays et que vous souhaitez travailler en tant que physioth\u00e9rapeute au Portugal de mani\u00e8re permanente, vous devez demander un permis de s\u00e9jour.\u00a0<span style=\"text-decoration: underline;\"><a href=\"https:\/\/europa.eu\/youreurope\/citizens\/work\/professional-qualifications\/european-professional-card\/index_pt.htm\" target=\"_blank\" rel=\"noopener\">Licence professionnelle europ\u00e9enne<\/a><\/span> (dans le cas des citoyens ayant des qualifications professionnelles et acad\u00e9miques acquises dans l'Union europ\u00e9enne)\u00a0<\/p><p>Apr\u00e8s avoir obtenu ces documents, vous devez vous rendre sur le site de l'Ordre pour\u00a0<span style=\"text-decoration: underline;\"><a href=\"https:\/\/ordemdosfisioterapeutas.pt\/wp-content\/uploads\/2021\/04\/DocumentosNecessariosInscricao.pdf\" target=\"_blank\" rel=\"noopener\">consultation des conditions d'inscription<\/a><\/span>.<\/p><p>L'inscription se fait enti\u00e8rement en ligne \u00e0 l'adresse suivante\u00a0<span style=\"text-decoration: underline;\"><a href=\"https:\/\/ordemdosfisioterapeutas.pt\/inscricao-na-ordem-dos-fisioterapeutas\/\" target=\"_blank\" rel=\"noopener\">le site internet de l'Ordre<\/a><\/span>.<\/p><p>Si le professionnel poss\u00e8de d\u00e9j\u00e0 des qualifications professionnelles reconnues dans l'\u00c9tat membre concern\u00e9, qu'il est titulaire d'une carte professionnelle de physioth\u00e9rapeute d\u00e9livr\u00e9e par l'autorit\u00e9 comp\u00e9tente et qu'il a exerc\u00e9 la profession pendant trois ann\u00e9es cons\u00e9cutives sur le territoire o\u00f9 il a obtenu sa carte, il peut demander \u00e0 b\u00e9n\u00e9ficier de la FPC.<\/p><p><strong>Proc\u00e9dure<\/strong><\/p><p><strong>Licence professionnelle europ\u00e9enne<\/strong><\/p><p>La commande est pass\u00e9e en ligne via le site web\u00a0<span style=\"text-decoration: underline;\"><a href=\"https:\/\/europa.eu\/youreurope\/citizens\/work\/professional-qualifications\/european-professional-card\/index_pt.htm\" target=\"_blank\" rel=\"noopener\">VOTRE EUROPE<\/a><\/span>.<\/p><p>Le d\u00e9lai d'obtention de la carte professionnelle europ\u00e9enne varie entre 1 et 3 mois, selon que vous devez envoyer des documents suppl\u00e9mentaires ou passer un test ou un stage (les mesures de compensation ne sont pas couvertes par ce d\u00e9lai).<\/p><p>Avant de remplir le formulaire, v\u00e9rifiez la base de donn\u00e9es de\u00a0<span style=\"text-decoration: underline;\"><a href=\"https:\/\/ec.europa.eu\/growth\/tools-databases\/regprof\/index.cfm?action=regprofs&amp;quid=1&amp;mode=desc#bottom\" target=\"_blank\" rel=\"noopener\">Commission europ\u00e9enne Professions r\u00e9glement\u00e9es<\/a><\/span>\u00a0de trouver le titre officiel de votre profession dans la langue du ou des \u00c9tats membres dans lesquels vous \u00eates \u00e9tabli, en anglais, espagnol, fran\u00e7ais ou allemand. Ces informations seront n\u00e9cessaires pour remplir le formulaire.<\/p><p><strong>Documents n\u00e9cessaires \u00e0 l'obtention de la carte professionnelle europ\u00e9enne<\/strong><\/p><p>1_Certificat Directive 2005\/36\/CE - Certificat d\u00e9livr\u00e9 par l'organisme de r\u00e9glementation reconnaissant les qualifications acad\u00e9miques<br \/>2_Plan d'\u00e9tudes et suppl\u00e9ment au dipl\u00f4me - Description du parcours acad\u00e9mique.<br \/>3_Carte d'identit\u00e9<br \/>4_Certificat de bonne conduite - Certificat prouvant l'enregistrement professionnel et la bonne conduite professionnelle<br \/>5_Dipl\u00f4me de formation pour l'acc\u00e8s \u00e0 la pratique professionnelle<br \/>6_Certificat de connaissance de la langue portugaise - Niveau B2 minimum ;<br \/>7_La formation et la pratique cliniques dans le contexte de votre dipl\u00f4me de premier cycle - Obligatoire ;<br \/>8_Domaines de comp\u00e9tences de base - Obligatoire ;<br \/>9_Formation clinique\/pratique dans le contexte de la formation post-gradu\u00e9e - Facultatif ;<br \/>10_Formation clinique\/pratique dans le contexte de l'exp\u00e9rience professionnelle - Facultatif ;<br \/>11_Domaines de comp\u00e9tences cl\u00e9s dans le contexte de l'enseignement post-universitaire - Facultatif.<\/p><p><strong>Inscription \u00e0 l'Ordre des physioth\u00e9rapeutes<\/strong><\/p><p>Une fois que vous avez obtenu votre licence professionnelle europ\u00e9enne, vous devez<\/p><ul><li>Acc\u00e8s\u00a0<span style=\"text-decoration: underline;\"><a href=\"https:\/\/ordemdosfisioterapeutas.pt\/inscricao-na-ordem-dos-fisioterapeutas\/\" target=\"_blank\" rel=\"noopener\">le site internet de l'Ordre<\/a><\/span><\/li><li>Consulter le\u00a0<span style=\"text-decoration: underline;\"><a href=\"https:\/\/ordemdosfisioterapeutas.pt\/wp-content\/uploads\/2021\/04\/DocumentosNecessariosInscricao.pdf\" target=\"_blank\" rel=\"noopener\">les documents n\u00e9cessaires<\/a><\/span> pour l'inscription<\/li><li>Acc\u00e8s\u00a0<span style=\"text-decoration: underline;\"><a href=\"https:\/\/portal.ordemdosfisioterapeutas.pt\/\" target=\"_blank\" rel=\"noopener\">Formulaire en ligne <\/a><\/span>pour commencer l'enregistrement<\/li><\/ul><p>Une fois la proc\u00e9dure d'enregistrement termin\u00e9e, vous recevrez votre licence et pourrez commencer \u00e0 exercer l\u00e9galement votre profession au Portugal.<\/p><p>Cette proc\u00e9dure prend en moyenne 30 jours si aucune correction n'est demand\u00e9e par le demandeur.<\/p><p><strong>Motifs de refus<\/strong><\/p><ul><li>Absence d'enseignement sup\u00e9rieur dans le cadre des points\u00a0<em>a<\/em>) a\u00a0<em>c<\/em>) du paragraphe 1 ;<\/li><li>Lorsque l'int\u00e9ress\u00e9 a fait l'objet d'une interdiction ou d'une suspension de l'exercice de la profession, pr\u00e9vue par la loi, ou pour une infraction p\u00e9nale, administrative ou disciplinaire.<\/li><\/ul><p><strong>QUEL EST LE CO\u00dbT TOTAL ?<\/strong><\/p><ol><li>Le co\u00fbt de la proc\u00e9dure d'obtention de la carte professionnelle europ\u00e9enne est de 60 euros.<\/li><li>Le co\u00fbt de l'adh\u00e9sion \u00e0 l'Ordre est de<\/li><\/ol><ul><li>50 euros pour l'envoi de la demande<\/li><li>100 euros d'approbation de la demande.<\/li><\/ul><p><strong>JURIDIQUE, REFUS, CONTESTATIONS, PLAINTES<\/strong><\/p><p>L\u00e9gislation<\/p><p><span style=\"text-decoration: underline;\"><a href=\"https:\/\/files.dre.pt\/1s\/2019\/09\/18700\/0000300036.pdf\" target=\"_blank\" rel=\"noopener\">Loi n\u00b0 122\/2019, du 30 septembre<\/a><\/span>Article 5 : Cr\u00e9e l'Ordre des kin\u00e9sith\u00e9rapeutes et approuve le statut correspondant.<\/p><p><a href=\"https:\/\/dre.pt\/application\/file\/205931318\" target=\"_blank\" rel=\"noopener\"><span style=\"text-decoration: underline;\">R\u00e8glement 19\/2023<\/span> -<\/a>le r\u00e8glement d'enregistrement de l'Ordre des physioth\u00e9rapeutes et la d\u00e9claration de rectification du r\u00e8glement d'enregistrement - n\u00b0 580\/2021<\/p><p><a href=\"https:\/\/dre.pt\/application\/file\/205869771\" target=\"_blank\" rel=\"noopener\"><span style=\"text-decoration: underline;\">R\u00e8glement n\u00b0 16\/2023 - R\u00e8glement sur les cotisations et les taxes<\/span><\/a><u>:<\/u>\u00a0\u00c9tablit le r\u00e8glement des honoraires de l'Ordre des physioth\u00e9rapeutes<\/p><p><span style=\"text-decoration: underline;\"><a href=\"https:\/\/data.dre.pt\/eli\/lei\/9\/2009\/p\/cons\/20170530\/pt\/html\" target=\"_blank\" rel=\"noopener\">Loi n\u00b0 9\/2009 du 4 mars dans sa formulation actuelle<\/a><\/span>Directive 2005\/36\/CE du Parlement europ\u00e9en et du Conseil du 7 septembre 2005 relative \u00e0 la reconnaissance des qualifications professionnelles : Transposition en droit national de la directive 2005\/36\/CE du Parlement europ\u00e9en et du Conseil du 7 septembre 2005 relative \u00e0 la reconnaissance des qualifications professionnelles<\/p><p><strong>Motifs de refus<\/strong><\/p><ul><li>Non-paiement de la taxe de demande\/rapport<\/li><li>Non-respect des exigences techniques<\/li><li>Le demandeur ne produit pas le(s) document(s) et\/ou l'information demand\u00e9(s), apr\u00e8s insistance de l'autorit\u00e9 comp\u00e9tente.<\/li><li>Le demandeur ne se pr\u00e9sente pas \u00e0 la formation ou \u00e0 l'\u00e9preuve d'aptitude, apr\u00e8s insistance de l'autorit\u00e9 comp\u00e9tente.<\/li><li>Le demandeur pr\u00e9sente de faux documents<\/li><li>Le demandeur retire sa demande.<\/li><\/ul><p><strong>Moyens de contestation\/plainte aupr\u00e8s du M\u00e9diateur<\/strong><\/p><ul><li>Plainte aupr\u00e8s du M\u00e9diateur<\/li><li>Plaintes<\/li><li><a href=\"https:\/\/ec.europa.eu\/solvit\/contact\/index_pt.htm#contact_pt\" target=\"_blank\" rel=\"noopener\"><span style=\"text-decoration: underline;\">Centre SOLVIT au Portugal<\/span><\/a><\/li><li>Demander un recours judiciaire en vertu du droit national conform\u00e9ment \u00e0 la\u00a0<span style=\"text-decoration: underline;\"><a href=\"https:\/\/data.dre.pt\/eli\/lei\/9\/2009\/03\/04\/p\/dre\/pt\/html\" target=\"_blank\" rel=\"noopener\">Article 46 de la loi 9\/2009<\/a><\/span>dans son libell\u00e9 actuel, en cas d'absence de d\u00e9cision dans le d\u00e9lai pr\u00e9vu<\/li><li>D\u00e9poser une plainte aupr\u00e8s de la Cour de justice de l'Union europ\u00e9enne (CJUE), qui veille \u00e0 ce que le droit europ\u00e9en soit interpr\u00e9t\u00e9 et appliqu\u00e9 de la m\u00eame mani\u00e8re dans tous les pays de l'UE et \u00e0 ce que les institutions et les pays de l'UE respectent le droit europ\u00e9en.<\/li><\/ul>\t\t\t\t\t\t\t\t<\/div>\n\t\t\t\t<\/div>\n\t\t\t\t\t<\/div>\n\t\t<\/div>\n\t\t\t\t\t<\/div>\n\t\t<\/section>\n\t\t\t\t<section class=\"elementor-section elementor-top-section elementor-element elementor-element-eaf714f elementor-section-boxed elementor-section-height-default elementor-section-height-default\" data-id=\"eaf714f\" data-element_type=\"section\" data-e-type=\"section\">\n\t\t\t\t\t\t<div class=\"elementor-container elementor-column-gap-default\">\n\t\t\t\t\t<div class=\"elementor-column elementor-col-100 elementor-top-column elementor-element elementor-element-5baa85f\" data-id=\"5baa85f\" data-element_type=\"column\" data-e-type=\"column\">\n\t\t\t<div class=\"elementor-widget-wrap elementor-element-populated\">\n\t\t\t\t\t\t<div class=\"elementor-element elementor-element-0b877ab elementor-widget elementor-widget-heading\" data-id=\"0b877ab\" data-element_type=\"widget\" data-e-type=\"widget\" data-widget_type=\"heading.default\">\n\t\t\t\t<div class=\"elementor-widget-container\">\n\t\t\t\t\t<h2 class=\"elementor-heading-title elementor-size-default\">Dipl\u00f4mes universitaires obtenus en dehors de l'Union europ\u00e9enne<\/h2>\t\t\t\t<\/div>\n\t\t\t\t<\/div>\n\t\t\t\t<div class=\"elementor-element elementor-element-9b93dae elementor-widget elementor-widget-text-editor\" data-id=\"9b93dae\" data-element_type=\"widget\" data-e-type=\"widget\" data-widget_type=\"text-editor.default\">\n\t\t\t\t<div class=\"elementor-widget-container\">\n\t\t\t\t\t\t\t\t\t<p>Si vous avez acquis vos qualifications professionnelles dans un autre pays et que vous souhaitez travailler en tant que physioth\u00e9rapeute au Portugal de mani\u00e8re permanente, vous devez demander la reconnaissance sp\u00e9cifique de vos qualifications acad\u00e9miques aupr\u00e8s d'un \u00e9tablissement public d'enseignement sup\u00e9rieur portugais ou par l'interm\u00e9diaire de l'Agence europ\u00e9enne pour l'\u00e9valuation des dipl\u00f4mes.\u00a0<span style=\"text-decoration: underline;\"><a href=\"https:\/\/www.dges.gov.pt\/pt\/pagina\/reconhecimento\" target=\"_blank\" rel=\"noopener\">DGES<\/a><\/span>.<\/p><p>Apr\u00e8s avoir obtenu ces documents, vous devez vous rendre sur le site de l'Ordre pour\u00a0<span style=\"text-decoration: underline;\"><a href=\"https:\/\/ordemdosfisioterapeutas.pt\/wp-content\/uploads\/2021\/04\/DocumentosNecessariosInscricao.pdf\" target=\"_blank\" rel=\"noopener\">consultation des conditions d'inscription<\/a><\/span>.<\/p><p>L'inscription se fait enti\u00e8rement en ligne \u00e0 l'adresse suivante\u00a0<span style=\"text-decoration: underline;\"><a href=\"https:\/\/ordemdosfisioterapeutas.pt\/inscricao-na-ordem-dos-fisioterapeutas\/\" target=\"_blank\" rel=\"noopener\">le site internet de l'Ordre<\/a><\/span>.<\/p>\t\t\t\t\t\t\t\t<\/div>\n\t\t\t\t<\/div>\n\t\t\t\t<div class=\"elementor-element elementor-element-8047336 elementor-widget elementor-widget-heading\" data-id=\"8047336\" data-element_type=\"widget\" data-e-type=\"widget\" data-widget_type=\"heading.default\">\n\t\t\t\t<div class=\"elementor-widget-container\">\n\t\t\t\t\t<h2 class=\"elementor-heading-title elementor-size-default\">Physioth\u00e9rapeute - Prestation de services temporaire et occasionnelle au Portugal (Premi\u00e8re tranche)<\/h2>\t\t\t\t<\/div>\n\t\t\t\t<\/div>\n\t\t\t\t<div class=\"elementor-element elementor-element-0d068c8 elementor-widget elementor-widget-text-editor\" data-id=\"0d068c8\" data-element_type=\"widget\" data-e-type=\"widget\" data-widget_type=\"text-editor.default\">\n\t\t\t\t<div class=\"elementor-widget-container\">\n\t\t\t\t\t\t\t\t\t<p><strong>Dipl\u00f4mes obtenus dans un pays de l'Union europ\u00e9enne<\/strong><\/p><p>Si vous avez acquis vos qualifications professionnelles dans un pays de l'Union europ\u00e9enne et que vous souhaitez exercer temporairement ou occasionnellement la profession de kin\u00e9sith\u00e9rapeute au Portugal, vous devez demander une carte professionnelle europ\u00e9enne (pour les citoyens poss\u00e9dant des qualifications professionnelles et universitaires obtenues en Europe) \u00e0 titre temporaire ou occasionnel.<\/p><p><span style=\"text-decoration: underline;\"><a href=\"https:\/\/europa.eu\/youreurope\/citizens\/work\/professional-qualifications\/european-professional-card\/index_pt.htm\" target=\"_blank\" rel=\"noopener\">https:\/\/europa.eu\/youreurope\/citizens\/work\/professional-qualifications\/european-professional-card\/index_pt.htm<\/a><\/span><\/p><p><strong>Licence professionnelle europ\u00e9enne<\/strong><\/p><p><span style=\"text-decoration: underline;\"><a href=\"https:\/\/europa.eu\/youreurope\/citizens\/work\/professional-qualifications\/european-professional-card\/index_pt.htm\" target=\"_blank\" rel=\"noopener\">https:\/\/europa.eu\/youreurope\/citizens\/work\/professional-qualifications\/european-professional-card\/index_pt.htm<\/a><\/span><\/p><p>Proc\u00e9dure<\/p><p>Vous pouvez commander en ligne sur le site web \"L'Europe est \u00e0 vous\" :<\/p><p><span style=\"text-decoration: underline;\"><a href=\"https:\/\/europa.eu\/youreurope\/citizens\/work\/professional-qualifications\/european-professional-card\/index_pt.htm\" target=\"_blank\" rel=\"noopener\">https:\/\/europa.eu\/youreurope\/citizens\/work\/professional-qualifications\/european-professional-card\/index_pt.htm<\/a><\/span><\/p><p>Le d\u00e9lai de d\u00e9livrance de ces autorisations varie entre 1 et 3 mois, en fonction de la n\u00e9cessit\u00e9 d'envoyer des documents suppl\u00e9mentaires ou des clarifications.<\/p><p>Avant de remplir le formulaire, consultez le<span style=\"text-decoration: underline;\"> <a href=\"https:\/\/ec.europa.eu\/growth\/tools-databases\/regprof\/index.cfm?action=regprofs&amp;quid=2&amp;mode=asc#bottom\" target=\"_blank\" rel=\"noopener\">la base de donn\u00e9es des professions r\u00e9glement\u00e9es de la Commission europ\u00e9enne<\/a><\/span> de trouver le titre de votre profession dans la langue du ou des \u00c9tats membres dans lesquels vous \u00eates \u00e9tabli, en anglais, espagnol, fran\u00e7ais ou allemand. Ces informations seront n\u00e9cessaires pour remplir le formulaire.<\/p><p>La FPC en services temporaires et occasionnels dure 18 mois apr\u00e8s l'obtention de l'agr\u00e9ment.<\/p><p>QU'EST-CE QUI EST N\u00c9CESSAIRE ?<\/p><p>Documents<\/p><p>1_ Preuve de la nationalit\u00e9<br \/>2_ Preuve de qualifications formelles ou de comp\u00e9tences professionnelles<br \/>3_ Preuve de l'\u00e9tablissement l\u00e9gal<br \/>4_ Exp\u00e9rience professionnelle<br \/>5_ Preuve de la couverture d'assurance<br \/>6_ Preuve de l'honorabilit\u00e9, de la bonne conduite ou de l'absence de faillite<\/p><p><strong>QUEL EST LE CO\u00dbT TOTAL ?<\/strong><\/p><p>La proc\u00e9dure co\u00fbte 60 euros.<\/p><p>JURIDIQUE, REFUS, CONTESTATIONS, PLAINTES<\/p><p>L\u00e9gislation<\/p><p><span style=\"text-decoration: underline;\"><a href=\"https:\/\/files.dre.pt\/1s\/2019\/09\/18700\/0000300036.pdf\" target=\"_blank\" rel=\"noopener\">Loi n\u00b0 122\/2019, du 30 septembre<\/a><\/span>Article 5 : Cr\u00e9e l'Ordre des kin\u00e9sith\u00e9rapeutes et approuve le statut correspondant.<\/p><p><a href=\"https:\/\/dre.pt\/application\/file\/205931318\" target=\"_blank\" rel=\"noopener\"><span style=\"text-decoration: underline;\">R\u00e8glement 19\/2023<\/span> -<\/a>le r\u00e8glement d'enregistrement de l'Ordre des physioth\u00e9rapeutes et la d\u00e9claration de rectification du r\u00e8glement d'enregistrement - n\u00b0 580\/2021<\/p><p><a href=\"https:\/\/dre.pt\/application\/file\/205869771\" target=\"_blank\" rel=\"noopener\"><span style=\"text-decoration: underline;\">R\u00e8glement n\u00b0 16\/2023 - R\u00e8glement sur les cotisations et les taxes<\/span><\/a><u>:<\/u> \u00c9tablit le r\u00e8glement des honoraires de l'Ordre des physioth\u00e9rapeutes<\/p><p><span style=\"text-decoration: underline;\"><a href=\"https:\/\/data.dre.pt\/eli\/lei\/9\/2009\/p\/cons\/20170530\/pt\/html\" target=\"_blank\" rel=\"noopener\">Loi n\u00b0 9\/2009 du 4 mars dans sa formulation actuelle<\/a><\/span>Directive 2005\/36\/CE du Parlement europ\u00e9en et du Conseil du 7 septembre 2005 relative \u00e0 la reconnaissance des qualifications professionnelles : Transposition en droit national de la directive 2005\/36\/CE du Parlement europ\u00e9en et du Conseil du 7 septembre 2005 relative \u00e0 la reconnaissance des qualifications professionnelles<\/p><p>Motifs de refus<\/p><ul><li>Non-paiement de la taxe de demande\/rapport<\/li><li>Non-respect des exigences techniques<\/li><li>Le demandeur ne produit pas le(s) document(s) et\/ou l'information demand\u00e9(s), apr\u00e8s insistance de l'autorit\u00e9 comp\u00e9tente.<\/li><li>Le demandeur ne se pr\u00e9sente pas \u00e0 la formation ou \u00e0 l'\u00e9preuve d'aptitude, apr\u00e8s insistance de l'autorit\u00e9 comp\u00e9tente.<\/li><li>Le demandeur pr\u00e9sente de faux documents<\/li><li>Le demandeur retire sa demande.<\/li><\/ul><p>Moyens de contestation\/plainte aupr\u00e8s du M\u00e9diateur<\/p><ul><li><a href=\"https:\/\/ec.europa.eu\/solvit\/contact\/index_pt.htm#contact_pt\" target=\"_blank\" rel=\"noopener\"><span style=\"text-decoration: underline;\">Centre SOLVIT au Portugal<\/span><\/a><\/li><li>Engager une action en justice en vertu du droit national, conform\u00e9ment \u00e0 la <span style=\"text-decoration: underline;\"><a href=\"https:\/\/data.dre.pt\/eli\/lei\/9\/2009\/03\/04\/p\/dre\/pt\/html\" target=\"_blank\" rel=\"noopener\">Article 46 de la loi 9\/2009<\/a><\/span>dans son libell\u00e9 actuel, en cas d'absence de d\u00e9cision dans le d\u00e9lai imparti ;<\/li><li>D\u00e9poser une plainte aupr\u00e8s de la Cour de justice de l'Union europ\u00e9enne (CJUE), qui veille \u00e0 ce que le droit europ\u00e9en soit interpr\u00e9t\u00e9 et appliqu\u00e9 de la m\u00eame mani\u00e8re dans tous les pays de l'UE et \u00e0 ce que les institutions et les pays de l'UE respectent le droit europ\u00e9en.<\/li><\/ul><p><strong>Dipl\u00f4mes obtenus dans un pays hors de l'Union europ\u00e9enne<\/strong><\/p><p>Si vous avez acquis vos qualifications professionnelles dans un autre pays hors de l'Union europ\u00e9enne, vous devez remplir le formulaire sur notre site web (annexe 1) et soumettre les documents demand\u00e9s. Le processus sera ensuite analys\u00e9 et une d\u00e9cision sera prise. En cas d'approbation, une attestation sera d\u00e9livr\u00e9e, mentionnant la date d'approbation de la prestation temporaire ou occasionnelle approuv\u00e9e.<\/p><p><strong>Documents \u00e0 pr\u00e9senter :<\/strong><\/p><ul><li>Document d'identification<\/li><li>Certificat attestant de l'enregistrement professionnel et de la bonne conduite professionnelle<\/li><li>Certificat de qualification ou dipl\u00f4me avec traduction certifi\u00e9e<\/li><li>Document attestant de l'exp\u00e9rience professionnelle.<\/li><li>Preuve de la couverture de l'assurance responsabilit\u00e9 civile professionnelle<\/li><li>Un document prouvant que la prestation de services temporaires et occasionnels est en cours.<\/li><li>Formulaire de commande compl\u00e9t\u00e9 (annexe 2).<\/li><\/ul>\t\t\t\t\t\t\t\t<\/div>\n\t\t\t\t<\/div>\n\t\t\t\t\t<\/div>\n\t\t<\/div>\n\t\t\t\t\t<\/div>\n\t\t<\/section>\n\t\t<div class=\"elementor-element elementor-element-2b71e5d e-flex e-con-boxed e-con e-parent\" data-id=\"2b71e5d\" data-element_type=\"container\" data-e-type=\"container\">\n\t\t\t\t\t<div class=\"e-con-inner\">\n\t\t<div class=\"elementor-element elementor-element-6f3694a e-flex e-con-boxed e-con e-child\" data-id=\"6f3694a\" data-element_type=\"container\" data-e-type=\"container\">\n\t\t\t\t\t<div class=\"e-con-inner\">\n\t\t\t\t<div class=\"elementor-element elementor-element-bb51b46 elementor-widget elementor-widget-button\" data-id=\"bb51b46\" data-element_type=\"widget\" data-e-type=\"widget\" data-widget_type=\"button.default\">\n\t\t\t\t<div class=\"elementor-widget-container\">\n\t\t\t\t\t\t\t\t\t<div class=\"elementor-button-wrapper\">\n\t\t\t\t\t<a class=\"elementor-button elementor-button-link elementor-size-sm\" href=\"https:\/\/staging.ordemdosfisioterapeutas.pt\/fr\/mapa-balcao-unico\/\">\n\t\t\t\t\t\t<span class=\"elementor-button-content-wrapper\">\n\t\t\t\t\t\t<span class=\"elementor-button-icon\">\n\t\t\t\t<i aria-hidden=\"true\" class=\"fas fa-map-marked-alt\"><\/i>\t\t\t<\/span>\n\t\t\t\t\t\t\t\t\t<span class=\"elementor-button-text\">Carte du guichet unique<\/span>\n\t\t\t\t\t<\/span>\n\t\t\t\t\t<\/a>\n\t\t\t\t<\/div>\n\t\t\t\t\t\t\t\t<\/div>\n\t\t\t\t<\/div>\n\t\t\t\t\t<\/div>\n\t\t\t\t<\/div>\n\t\t\t\t\t<\/div>\n\t\t\t\t<\/div>\n\t\t\t\t<\/div>","protected":false},"excerpt":{"rendered":"<p>Dipl\u00f4mes universitaires obtenus dans l'Union europ\u00e9enne Si vous avez acquis vos dipl\u00f4mes professionnels dans un autre pays et que vous souhaitez exercer la profession de kin\u00e9sith\u00e9rapeute au Portugal de mani\u00e8re permanente, vous devez demander une carte professionnelle europ\u00e9enne (pour les citoyens ayant des dipl\u00f4mes professionnels et universitaires obtenus dans l'Union europ\u00e9enne). <a title=\"Physioth\u00e9rapeutes ayant obtenu des qualifications acad\u00e9miques en dehors du Portugal\" class=\"read-more\" href=\"https:\/\/staging.ordemdosfisioterapeutas.pt\/fr\/fisioterapeutas-com-habilitacoes-obtidas-fora-de-portugal\/\" aria-label=\"En savoir plus sur Physioth\u00e9rapeutes ayant obtenu des qualifications acad\u00e9miques en dehors du Portugal\">En savoir plus<\/a><\/p>","protected":false},"author":1,"featured_media":0,"parent":0,"menu_order":0,"comment_status":"closed","ping_status":"closed","template":"","meta":{"footnotes":""},"class_list":["post-5685","page","type-page","status-publish"],"_links":{"self":[{"href":"https:\/\/staging.ordemdosfisioterapeutas.pt\/fr\/wp-json\/wp\/v2\/pages\/5685","targetHints":{"allow":["GET"]}}],"collection":[{"href":"https:\/\/staging.ordemdosfisioterapeutas.pt\/fr\/wp-json\/wp\/v2\/pages"}],"about":[{"href":"https:\/\/staging.ordemdosfisioterapeutas.pt\/fr\/wp-json\/wp\/v2\/types\/page"}],"author":[{"embeddable":true,"href":"https:\/\/staging.ordemdosfisioterapeutas.pt\/fr\/wp-json\/wp\/v2\/users\/1"}],"replies":[{"embeddable":true,"href":"https:\/\/staging.ordemdosfisioterapeutas.pt\/fr\/wp-json\/wp\/v2\/comments?post=5685"}],"version-history":[{"count":0,"href":"https:\/\/staging.ordemdosfisioterapeutas.pt\/fr\/wp-json\/wp\/v2\/pages\/5685\/revisions"}],"wp:attachment":[{"href":"https:\/\/staging.ordemdosfisioterapeutas.pt\/fr\/wp-json\/wp\/v2\/media?parent=5685"}],"curies":[{"name":"wp","href":"https:\/\/api.w.org\/{rel}","templated":true}]}}