{"id":5811,"date":"2023-05-08T11:06:24","date_gmt":"2023-05-08T10:06:24","guid":{"rendered":"https:\/\/staging.ordemdosfisioterapeutas.pt\/?page_id=5811"},"modified":"2023-05-10T15:14:28","modified_gmt":"2023-05-10T14:14:28","slug":"formacao-pos-graduada","status":"publish","type":"page","link":"https:\/\/staging.ordemdosfisioterapeutas.pt\/fr\/formacao-pos-graduada\/","title":{"rendered":"Formation postuniversitaire"},"content":{"rendered":"<div data-elementor-type=\"wp-page\" data-elementor-id=\"5811\" class=\"elementor elementor-5811\" data-elementor-post-type=\"page\">\n\t\t\t\t\t\t<section class=\"elementor-section elementor-top-section elementor-element elementor-element-20a38a2 elementor-section-boxed elementor-section-height-default elementor-section-height-default\" data-id=\"20a38a2\" data-element_type=\"section\" data-e-type=\"section\">\n\t\t\t\t\t\t<div class=\"elementor-container elementor-column-gap-default\">\n\t\t\t\t\t<div class=\"elementor-column elementor-col-100 elementor-top-column elementor-element elementor-element-a045288\" data-id=\"a045288\" data-element_type=\"column\" data-e-type=\"column\">\n\t\t\t<div class=\"elementor-widget-wrap elementor-element-populated\">\n\t\t\t\t\t\t<div class=\"elementor-element elementor-element-f09d7ce elementor-widget elementor-widget-heading\" data-id=\"f09d7ce\" data-element_type=\"widget\" data-e-type=\"widget\" data-widget_type=\"heading.default\">\n\t\t\t\t<div class=\"elementor-widget-container\">\n\t\t\t\t\t<h2 class=\"elementor-heading-title elementor-size-default\">Ma\u00eetrise<\/h2>\t\t\t\t<\/div>\n\t\t\t\t<\/div>\n\t\t\t\t\t<\/div>\n\t\t<\/div>\n\t\t\t\t\t<\/div>\n\t\t<\/section>\n\t\t\t\t<section class=\"elementor-section elementor-top-section elementor-element elementor-element-b8e459c elementor-section-boxed elementor-section-height-default elementor-section-height-default\" data-id=\"b8e459c\" data-element_type=\"section\" data-e-type=\"section\">\n\t\t\t\t\t\t<div class=\"elementor-container elementor-column-gap-default\">\n\t\t\t\t\t<div class=\"elementor-column elementor-col-100 elementor-top-column elementor-element elementor-element-4b06869\" data-id=\"4b06869\" data-element_type=\"column\" data-e-type=\"column\">\n\t\t\t<div class=\"elementor-widget-wrap elementor-element-populated\">\n\t\t\t\t\t\t<div class=\"elementor-element elementor-element-a20908e elementor-widget elementor-widget-text-editor\" data-id=\"a20908e\" data-element_type=\"widget\" data-e-type=\"widget\" data-widget_type=\"text-editor.default\">\n\t\t\t\t<div class=\"elementor-widget-container\">\n\t\t\t\t\t\t\t\t\t<p>Cycles d'\u00e9tudes de ma\u00eetrise en physioth\u00e9rapie* :<\/p>\t\t\t\t\t\t\t\t<\/div>\n\t\t\t\t<\/div>\n\t\t\t\t<div class=\"elementor-element elementor-element-69a0698 elementor-widget elementor-widget-text-editor\" data-id=\"69a0698\" data-element_type=\"widget\" data-e-type=\"widget\" data-widget_type=\"text-editor.default\">\n\t\t\t\t<div class=\"elementor-widget-container\">\n\t\t\t\t\t\t\t\t\t<ul><li><a href=\"https:\/\/www.ua.pt\/pt\/course\/364\" target=\"_blank\" rel=\"noopener\"><span style=\"text-decoration: underline;\">Master en physioth\u00e9rapie<\/span><\/a> - Universit\u00e9 d'Aveiro, Coll\u00e8ge de sant\u00e9 d'Aveiro<br \/>Domaine de sp\u00e9cialisation en musculo-squelettique<br \/>Domaine d'expertise en pneumologie<br \/>Sp\u00e9cialisation en sport<br \/><span style=\"text-decoration: underline;\"><a href=\"https:\/\/a3es.pt\/pt\/resultados-acreditacao\/fisioterapia-37\" target=\"_blank\" rel=\"noopener\">Accr\u00e9ditation par l'A3ES<\/a><\/span> - Nombre total d'ECTS : 90<\/li><\/ul>\t\t\t\t\t\t\t\t<\/div>\n\t\t\t\t<\/div>\n\t\t\t\t<div class=\"elementor-element elementor-element-23ad654 elementor-widget elementor-widget-text-editor\" data-id=\"23ad654\" data-element_type=\"widget\" data-e-type=\"widget\" data-widget_type=\"text-editor.default\">\n\t\t\t\t<div class=\"elementor-widget-container\">\n\t\t\t\t\t\t\t\t\t<ul><li><a href=\"https:\/\/www.ipleiria.pt\/curso\/fisioterapia\/\" target=\"_blank\" rel=\"noopener\"><span style=\"text-decoration: underline;\">Master en physioth\u00e9rapie<\/span><\/a> - \u00c9cole de sant\u00e9 de l'Institut polytechnique de Leiria<br \/>Domaine d'expertise en physioth\u00e9rapie p\u00e9diatrique<br \/>Domaine de sp\u00e9cialisation en prescription physioth\u00e9rapeutique Exercice physique<br \/><span style=\"text-decoration: underline;\"><a href=\"https:\/\/www.a3es.pt\/pt\/resultados-acreditacao\/fisioterapia-47\" target=\"_blank\" rel=\"noopener\">Accr\u00e9ditation par l'A3ES<\/a><\/span> - Nombre total d'ECTS : 120<\/li><\/ul>\t\t\t\t\t\t\t\t<\/div>\n\t\t\t\t<\/div>\n\t\t\t\t<div class=\"elementor-element elementor-element-5ad739f elementor-widget elementor-widget-text-editor\" data-id=\"5ad739f\" data-element_type=\"widget\" data-e-type=\"widget\" data-widget_type=\"text-editor.default\">\n\t\t\t\t<div class=\"elementor-widget-container\">\n\t\t\t\t\t\t\t\t\t<ul><li><a href=\"https:\/\/www.ipp.pt\/ensino\/cursos\/mestrado\/ess\/649\" target=\"_blank\" rel=\"noopener\"><span style=\"text-decoration: underline;\">Ma\u00eetrise en physioth\u00e9rapie dermatofonctionnelle<\/span><\/a> - \u00c9cole de sant\u00e9 - \u00c9cole polytechnique de Porto<br \/><span style=\"text-decoration: underline;\"><a href=\"https:\/\/a3es.pt\/pt\/resultados-acreditacao\/fisioterapia-dermatofuncional\" target=\"_blank\" rel=\"noopener\">Accr\u00e9ditation par l'A3ES<\/a><\/span> - Nombre total d'ECTS : 120<\/li><\/ul>\t\t\t\t\t\t\t\t<\/div>\n\t\t\t\t<\/div>\n\t\t\t\t<div class=\"elementor-element elementor-element-4fa0565 elementor-widget elementor-widget-text-editor\" data-id=\"4fa0565\" data-element_type=\"widget\" data-e-type=\"widget\" data-widget_type=\"text-editor.default\">\n\t\t\t\t<div class=\"elementor-widget-container\">\n\t\t\t\t\t\t\t\t\t<ul><li><span style=\"text-decoration: underline;\"><a href=\"https:\/\/www.santamariasaude.pt\/mestrados\/mestrado-em-fisioterapia-em-condicoes-neuro-musculo-esqueleticas\/\" target=\"_blank\" rel=\"noopener\">Master en physioth\u00e9rapie dans le domaine des affections neuro-musculo-squelettiques<\/a><\/span> - \u00c9cole de sant\u00e9 de Santa Maria<br \/><a href=\"https:\/\/www.a3es.pt\/pt\/resultados-acreditacao\/mestrado-em-fisioterapia-em-condicoes-neuro-musculo-esqueleticas\" target=\"_blank\" rel=\"noopener\"><span style=\"text-decoration: underline;\">Accr\u00e9ditation par l'A3ES<\/span><\/a> - Nombre total d'ECTS : 90<\/li><\/ul>\t\t\t\t\t\t\t\t<\/div>\n\t\t\t\t<\/div>\n\t\t\t\t<div class=\"elementor-element elementor-element-affb2fc elementor-widget elementor-widget-text-editor\" data-id=\"affb2fc\" data-element_type=\"widget\" data-e-type=\"widget\" data-widget_type=\"text-editor.default\">\n\t\t\t\t<div class=\"elementor-widget-container\">\n\t\t\t\t\t\t\t\t\t<ul><li><a href=\"https:\/\/www.ess.ips.pt\/pr-tica-avan-ada-de-fisioterapia-em-neurologia\" target=\"_blank\" rel=\"noopener\"><span style=\"text-decoration: underline;\">Cours de ma\u00eetrise en pratique avanc\u00e9e de physioth\u00e9rapie neurologique<\/span><\/a> - \u00c9cole de sant\u00e9 de l'Institut polytechnique de Set\u00fabal<br \/><span style=\"text-decoration: underline;\"><a href=\"https:\/\/a3es.pt\/pt\/resultados-acreditacao\/mestrado-de-pratica-avancada-de-fisioterapia-em-neurologia\" target=\"_blank\" rel=\"noopener\">Accr\u00e9ditation par l'A3ES<\/a><\/span> - Nombre total d'ECTS : 90<\/li><\/ul>\t\t\t\t\t\t\t\t<\/div>\n\t\t\t\t<\/div>\n\t\t\t\t<div class=\"elementor-element elementor-element-dac1ee6 elementor-widget elementor-widget-text-editor\" data-id=\"dac1ee6\" data-element_type=\"widget\" data-e-type=\"widget\" data-widget_type=\"text-editor.default\">\n\t\t\t\t<div class=\"elementor-widget-container\">\n\t\t\t\t\t\t\t\t\t<ul><li><a href=\"https:\/\/www.ess.ips.pt\/cursos\/mestrados\/mfcme\" target=\"_blank\" rel=\"noopener\"><span style=\"text-decoration: underline;\">Ma\u00eetrise en physioth\u00e9rapie des troubles musculo-squelettiques<\/span><\/a> - Institut polytechnique de Set\u00fabal - \u00c9cole de sant\u00e9 ; Nouvelle Universit\u00e9 de Lisbonne - Facult\u00e9 des sciences m\u00e9dicales et \u00c9cole nationale de sant\u00e9 publique<br \/><a href=\"https:\/\/a3es.pt\/pt\/resultados-acreditacao\/fisioterapia-em-condicoes-musculo-esqueleticas\" target=\"_blank\" rel=\"noopener\"><span style=\"text-decoration: underline;\">Accr\u00e9ditation par l'A3ES<\/span><\/a> - Nombre total d'ECTS : 120<\/li><\/ul>\t\t\t\t\t\t\t\t<\/div>\n\t\t\t\t<\/div>\n\t\t\t\t<div class=\"elementor-element elementor-element-46059f7 elementor-widget elementor-widget-text-editor\" data-id=\"46059f7\" data-element_type=\"widget\" data-e-type=\"widget\" data-widget_type=\"text-editor.default\">\n\t\t\t\t<div class=\"elementor-widget-container\">\n\t\t\t\t\t\t\t\t\t<ul><li>Ma\u00eetrise en physioth\u00e9rapie - ESSAlcoit\u00e3o - Escola Superior de Sa\u00fade do Alcoit\u00e3o<br \/>Domaine de sp\u00e9cialisation en physioth\u00e9rapie neurofonctionnelle<br \/>Domaine de sp\u00e9cialisation en physioth\u00e9rapie des affections musculo-squelettiques<br \/>Domaine de sp\u00e9cialisation en physioth\u00e9rapie f\u00e9minine et pelvienne<br \/>Accr\u00e9dit\u00e9 par l'A3ES - Nombre total d'ECTS : 120<\/li><\/ul>\t\t\t\t\t\t\t\t<\/div>\n\t\t\t\t<\/div>\n\t\t\t\t<div class=\"elementor-element elementor-element-1f5d52d elementor-widget elementor-widget-text-editor\" data-id=\"1f5d52d\" data-element_type=\"widget\" data-e-type=\"widget\" data-widget_type=\"text-editor.default\">\n\t\t\t\t<div class=\"elementor-widget-container\">\n\t\t\t\t\t\t\t\t\t<ul><li><a href=\"https:\/\/www.cespu.pt\/ensino\/candidaturas\/candidaturas\/mestrado\/\" target=\"_blank\" rel=\"noopener\"><span style=\"text-decoration: underline;\">Cours de ma\u00eetrise en physioth\u00e9rapie<\/span><\/a> - Instituto Polit\u00e9cnico de Sa\u00fade do Norte - \u00c9cole sup\u00e9rieure des technologies de la sant\u00e9 T\u00e2mega e Sousa<br \/>Domaine de sp\u00e9cialisation : Dysfonctionnements cervicaux et temporomandibulaires<br \/>Domaine d'expertise en neurologie<br \/>Domaine d'expertise en cardiorespiratoire<br \/><a href=\"https:\/\/www.a3es.pt\/pt\/resultados-acreditacao\/fisioterapia-38\" target=\"_blank\" rel=\"noopener\"><span style=\"text-decoration: underline;\">Accr\u00e9ditation par l'A3ES<\/span><\/a> - Nombre total d'ECTS : 120<\/li><\/ul>\t\t\t\t\t\t\t\t<\/div>\n\t\t\t\t<\/div>\n\t\t\t\t<div class=\"elementor-element elementor-element-9396781 elementor-widget elementor-widget-text-editor\" data-id=\"9396781\" data-element_type=\"widget\" data-e-type=\"widget\" data-widget_type=\"text-editor.default\">\n\t\t\t\t<div class=\"elementor-widget-container\">\n\t\t\t\t\t\t\t\t\t<ul><li><a href=\"https:\/\/www.egasmoniz.com.pt\/courses\/mestrado-fisioterapia\" target=\"_blank\" rel=\"noopener\"><span style=\"text-decoration: underline;\">Master en physioth\u00e9rapie<\/span><\/a> - \u00c9cole sup\u00e9rieure de sant\u00e9 Egas Moniz<br \/>Domaine de sp\u00e9cialisation en physioth\u00e9rapie du sport<br \/>Domaine de sp\u00e9cialisation en physioth\u00e9rapie neuromusculosquelettique<br \/><a href=\"https:\/\/www.a3es.pt\/pt\/resultados-acreditacao\/fisioterapia-48\" target=\"_blank\" rel=\"noopener\"><span style=\"text-decoration: underline;\">Accr\u00e9ditation par l'A3ES<\/span><\/a> - Nombre total d'ECTS : 120<\/li><\/ul>\t\t\t\t\t\t\t\t<\/div>\n\t\t\t\t<\/div>\n\t\t\t\t<div class=\"elementor-element elementor-element-1231d5a elementor-widget elementor-widget-text-editor\" data-id=\"1231d5a\" data-element_type=\"widget\" data-e-type=\"widget\" data-widget_type=\"text-editor.default\">\n\t\t\t\t<div class=\"elementor-widget-container\">\n\t\t\t\t\t\t\t\t\t<ul><li><a href=\"https:\/\/www.estesc.ipc.pt\/index.php\/candidato\/candidaturas-a-mestrados\/fisioterapia\/\" target=\"_blank\" rel=\"noopener\"><span style=\"text-decoration: underline;\">Master en physioth\u00e9rapie<\/span><\/a> - Institut polytechnique de Coimbra - \u00c9cole de technologie de la sant\u00e9<br \/>Domaine de sp\u00e9cialisation : \u00e9valuation du mouvement et application clinique<br \/><a href=\"https:\/\/www.a3es.pt\/pt\/resultados-acreditacao\/fisioterapia-54\" target=\"_blank\" rel=\"noopener\"><span style=\"text-decoration: underline;\">Accr\u00e9ditation par l'A3ES<\/span><\/a> - Nombre total d'ECTS : 120<\/li><\/ul>\t\t\t\t\t\t\t\t<\/div>\n\t\t\t\t<\/div>\n\t\t\t\t<div class=\"elementor-element elementor-element-16365de elementor-widget elementor-widget-text-editor\" data-id=\"16365de\" data-element_type=\"widget\" data-e-type=\"widget\" data-widget_type=\"text-editor.default\">\n\t\t\t\t<div class=\"elementor-widget-container\">\n\t\t\t\t\t\t\t\t\t<ul><li><a href=\"https:\/\/www.estesl.ipl.pt\/estudar\/mestrados\/m-fisioterapia\" target=\"_blank\" rel=\"noopener\"><span style=\"text-decoration: underline;\">Master en physioth\u00e9rapie<\/span><\/a> - \u00c9cole de technologie de la sant\u00e9 de Lisbonne - Instituto Polit\u00e9cnico De Lisboa<br \/>Domaine de sp\u00e9cialisation de la physioth\u00e9rapie neurologique<br \/>Domaine de sp\u00e9cialisation du vieillissement actif et de la physioth\u00e9rapie<br \/>Domaine de sp\u00e9cialisation de la physioth\u00e9rapie dans la sant\u00e9 des femmes<br \/><a href=\"https:\/\/www.a3es.pt\/pt\/resultados-acreditacao\/fisioterapia-41\" target=\"_blank\" rel=\"noopener\"><span style=\"text-decoration: underline;\">Accr\u00e9ditation par l'A3ES<\/span><\/a> - Nombre total d'ECTS : 120<\/li><\/ul>\t\t\t\t\t\t\t\t<\/div>\n\t\t\t\t<\/div>\n\t\t\t\t<div class=\"elementor-element elementor-element-78b04fa elementor-widget elementor-widget-text-editor\" data-id=\"78b04fa\" data-element_type=\"widget\" data-e-type=\"widget\" data-widget_type=\"text-editor.default\">\n\t\t\t\t<div class=\"elementor-widget-container\">\n\t\t\t\t\t\t\t\t\t<ul><li><a href=\"https:\/\/ess.fernandopessoa.pt\/cursos\/mestrado-fisioterapia\/\" target=\"_blank\" rel=\"noopener\"><span style=\"text-decoration: underline;\">Ma\u00eetrise en physioth\u00e9rapie<\/span><\/a> - \u00c9cole de sant\u00e9 de la Fondation Fernando Pessoa<br \/>Domaine de sp\u00e9cialisation en physioth\u00e9rapie maternelle et infantile<br \/>Domaine de sp\u00e9cialisation en physioth\u00e9rapie Senescence<br \/>Domaine de sp\u00e9cialisation en physioth\u00e9rapie du sport<br \/><span style=\"text-decoration: underline;\"><a href=\"https:\/\/www.a3es.pt\/pt\/resultados-acreditacao\/fisioterapia-57\" target=\"_blank\" rel=\"noopener\">Accr\u00e9ditation par l'A3ES<\/a><\/span> - Nombre total d'ECTS : 120<\/li><\/ul>\t\t\t\t\t\t\t\t<\/div>\n\t\t\t\t<\/div>\n\t\t\t\t<div class=\"elementor-element elementor-element-226081d elementor-widget elementor-widget-text-editor\" data-id=\"226081d\" data-element_type=\"widget\" data-e-type=\"widget\" data-widget_type=\"text-editor.default\">\n\t\t\t\t<div class=\"elementor-widget-container\">\n\t\t\t\t\t\t\t\t\t<p>*Ceci correspond aux informations envoy\u00e9es par les institutions d'enseignement sup\u00e9rieur. Il peut y avoir des divergences occasionnelles ou des retards dans certaines mises \u00e0 jour des informations fournies sur cette page. L'Ordre des kin\u00e9sith\u00e9rapeutes n'en garantit pas l'exactitude et n'est pas responsable de la reproduction accidentelle de donn\u00e9es erron\u00e9es.<\/p>\t\t\t\t\t\t\t\t<\/div>\n\t\t\t\t<\/div>\n\t\t\t\t\t<\/div>\n\t\t<\/div>\n\t\t\t\t\t<\/div>\n\t\t<\/section>\n\t\t\t\t<\/div>","protected":false},"excerpt":{"rendered":"<p>Cycles d'\u00e9tudes de Master en Physioth\u00e9rapie* : Master en Physioth\u00e9rapie - Universidade De Aveiro, Escola Superior De Sa\u00fade De AveiroDomaine de sp\u00e9cialisation en Musculo-SquelettiqueDomaine de sp\u00e9cialisation en RespiratoireDomaine de sp\u00e9cialisation en SportAccr\u00e9ditation par A3ES - Nombre total d'ECTS : 90 Master en Physioth\u00e9rapie - Escola Superior de Sa\u00fade do Instituto Polit\u00e9cnico de LeiriaDomaine de sp\u00e9cialisation en Physioth\u00e9rapie - Escola Superior de Sa\u00fade do ... <a title=\"Formation postuniversitaire\" class=\"read-more\" href=\"https:\/\/staging.ordemdosfisioterapeutas.pt\/fr\/formacao-pos-graduada\/\" aria-label=\"En savoir plus sur Formation postgradu\u00e9e\">En savoir plus<\/a><\/p>","protected":false},"author":1,"featured_media":0,"parent":0,"menu_order":0,"comment_status":"closed","ping_status":"closed","template":"","meta":{"footnotes":""},"class_list":["post-5811","page","type-page","status-publish"],"_links":{"self":[{"href":"https:\/\/staging.ordemdosfisioterapeutas.pt\/fr\/wp-json\/wp\/v2\/pages\/5811","targetHints":{"allow":["GET"]}}],"collection":[{"href":"https:\/\/staging.ordemdosfisioterapeutas.pt\/fr\/wp-json\/wp\/v2\/pages"}],"about":[{"href":"https:\/\/staging.ordemdosfisioterapeutas.pt\/fr\/wp-json\/wp\/v2\/types\/page"}],"author":[{"embeddable":true,"href":"https:\/\/staging.ordemdosfisioterapeutas.pt\/fr\/wp-json\/wp\/v2\/users\/1"}],"replies":[{"embeddable":true,"href":"https:\/\/staging.ordemdosfisioterapeutas.pt\/fr\/wp-json\/wp\/v2\/comments?post=5811"}],"version-history":[{"count":0,"href":"https:\/\/staging.ordemdosfisioterapeutas.pt\/fr\/wp-json\/wp\/v2\/pages\/5811\/revisions"}],"wp:attachment":[{"href":"https:\/\/staging.ordemdosfisioterapeutas.pt\/fr\/wp-json\/wp\/v2\/media?parent=5811"}],"curies":[{"name":"wp","href":"https:\/\/api.w.org\/{rel}","templated":true}]}}