{"id":7074,"date":"2024-07-14T14:21:22","date_gmt":"2024-07-14T13:21:22","guid":{"rendered":"https:\/\/staging.ordemdosfisioterapeutas.pt\/?page_id=7074"},"modified":"2024-08-21T11:40:40","modified_gmt":"2024-08-21T10:40:40","slug":"dia-mundial-da-fisioterapia-2024","status":"publish","type":"page","link":"https:\/\/staging.ordemdosfisioterapeutas.pt\/fr\/dia-mundial-da-fisioterapia-2024\/","title":{"rendered":"Journ\u00e9e mondiale de la physioth\u00e9rapie 2024"},"content":{"rendered":"<div data-elementor-type=\"wp-page\" data-elementor-id=\"7074\" class=\"elementor elementor-7074\" data-elementor-post-type=\"page\">\n\t\t\t\t<div class=\"elementor-element elementor-element-53462b3 e-flex e-con-boxed e-con e-parent\" data-id=\"53462b3\" data-element_type=\"container\" data-e-type=\"container\">\n\t\t\t\t\t<div class=\"e-con-inner\">\n\t\t\t\t<div class=\"elementor-element elementor-element-a827ab9 elementor-widget elementor-widget-text-editor\" data-id=\"a827ab9\" data-element_type=\"widget\" data-e-type=\"widget\" data-widget_type=\"text-editor.default\">\n\t\t\t\t<div class=\"elementor-widget-container\">\n\t\t\t\t\t\t\t\t\t<p>La Journ\u00e9e mondiale de la physioth\u00e9rapie est c\u00e9l\u00e9br\u00e9e chaque ann\u00e9e depuis 1996, le 8 septembre, date \u00e0 laquelle la physioth\u00e9rapie mondiale actuelle a \u00e9t\u00e9 fond\u00e9e en 1951.<\/p><p>La Journ\u00e9e mondiale de la physioth\u00e9rapie est l'occasion de reconna\u00eetre le r\u00f4le important que joue la profession dans la sant\u00e9 et le bien-\u00eatre de la population en g\u00e9n\u00e9ral, et de promouvoir la profession aupr\u00e8s de ses utilisateurs et de ses communaut\u00e9s.<\/p><p>World Physiotherapy produit et met \u00e0 disposition du mat\u00e9riel graphique pour soutenir les physioth\u00e9rapeutes dans leurs activit\u00e9s, comme des brochures d'information, <em>affiches<\/em> e <em>banni\u00e8res<\/em>avec des traductions en plusieurs langues. L'Ordre des physioth\u00e9rapeutes est membre de World Physiotherapy depuis le d\u00e9but de l'ann\u00e9e 2023 et participe \u00e0 la traduction de ces documents.<\/p><p>Cette ann\u00e9e, la Journ\u00e9e mondiale de la physioth\u00e9rapie est consacr\u00e9e \u00e0 la lombalgie (lumbago) et au r\u00f4le de la physioth\u00e9rapie dans son traitement et sa pr\u00e9vention.<\/p>\t\t\t\t\t\t\t\t<\/div>\n\t\t\t\t<\/div>\n\t\t\t\t\t<\/div>\n\t\t\t\t<\/div>\n\t\t<div class=\"elementor-element elementor-element-0399732 e-flex e-con-boxed e-con e-parent\" data-id=\"0399732\" data-element_type=\"container\" data-e-type=\"container\">\n\t\t\t\t\t<div class=\"e-con-inner\">\n\t\t\t\t<div class=\"elementor-element elementor-element-1b35954 elementor-widget elementor-widget-heading\" data-id=\"1b35954\" data-element_type=\"widget\" data-e-type=\"widget\" data-widget_type=\"heading.default\">\n\t\t\t\t<div class=\"elementor-widget-container\">\n\t\t\t\t\t<h2 class=\"elementor-heading-title elementor-size-default\">D\u00e9pliants d'information<\/h2>\t\t\t\t<\/div>\n\t\t\t\t<\/div>\n\t\t\t\t\t<\/div>\n\t\t\t\t<\/div>\n\t\t<div class=\"elementor-element elementor-element-3bb1f39 e-grid e-con-boxed e-con e-parent\" data-id=\"3bb1f39\" data-element_type=\"container\" data-e-type=\"container\">\n\t\t\t\t\t<div class=\"e-con-inner\">\n\t\t\t\t<div class=\"elementor-element elementor-element-87a42d5 elementor-widget elementor-widget-image\" data-id=\"87a42d5\" data-element_type=\"widget\" data-e-type=\"widget\" data-widget_type=\"image.default\">\n\t\t\t\t<div class=\"elementor-widget-container\">\n\t\t\t\t\t\t\t\t\t\t\t\t\t\t\t\t<a href=\"https:\/\/ordemdosfisioterapeutas.pt\/wp-content\/uploads\/2024\/08\/WPTD2024-InfoSheet1-A4_PORTUGUESE-V2.pdf\" target=\"_blank\">\n\t\t\t\t\t\t\t<img decoding=\"async\" width=\"166\" height=\"233\" src=\"https:\/\/staging.ordemdosfisioterapeutas.pt\/wp-content\/uploads\/2024\/08\/WP2024_0000_flyer-1.png\" class=\"attachment-large size-large wp-image-7183\" alt=\"\" srcset=\"https:\/\/staging.ordemdosfisioterapeutas.pt\/wp-content\/uploads\/2024\/08\/WP2024_0000_flyer-1.png 166w, https:\/\/staging.ordemdosfisioterapeutas.pt\/wp-content\/uploads\/2024\/08\/WP2024_0000_flyer-1-9x12.png 9w\" sizes=\"(max-width: 166px) 100vw, 166px\" \/>\t\t\t\t\t\t\t\t<\/a>\n\t\t\t\t\t\t\t\t\t\t\t\t\t\t\t<\/div>\n\t\t\t\t<\/div>\n\t\t\t\t<div class=\"elementor-element elementor-element-6388e13 elementor-widget elementor-widget-image\" data-id=\"6388e13\" data-element_type=\"widget\" data-e-type=\"widget\" data-widget_type=\"image.default\">\n\t\t\t\t<div class=\"elementor-widget-container\">\n\t\t\t\t\t\t\t\t\t\t\t\t\t\t\t\t<a href=\"https:\/\/ordemdosfisioterapeutas.pt\/wp-content\/uploads\/2024\/08\/WPTD2024-InfoSheet2-A4_PORTUGUESE-V2.pdf\" target=\"_blank\">\n\t\t\t\t\t\t\t<img decoding=\"async\" width=\"166\" height=\"235\" src=\"https:\/\/staging.ordemdosfisioterapeutas.pt\/wp-content\/uploads\/2024\/08\/WP2024_0001_flyer-2.png\" class=\"attachment-large size-large wp-image-7184\" alt=\"\" srcset=\"https:\/\/staging.ordemdosfisioterapeutas.pt\/wp-content\/uploads\/2024\/08\/WP2024_0001_flyer-2.png 166w, https:\/\/staging.ordemdosfisioterapeutas.pt\/wp-content\/uploads\/2024\/08\/WP2024_0001_flyer-2-8x12.png 8w\" sizes=\"(max-width: 166px) 100vw, 166px\" \/>\t\t\t\t\t\t\t\t<\/a>\n\t\t\t\t\t\t\t\t\t\t\t\t\t\t\t<\/div>\n\t\t\t\t<\/div>\n\t\t\t\t<div class=\"elementor-element elementor-element-e73210e elementor-widget elementor-widget-image\" data-id=\"e73210e\" data-element_type=\"widget\" data-e-type=\"widget\" data-widget_type=\"image.default\">\n\t\t\t\t<div class=\"elementor-widget-container\">\n\t\t\t\t\t\t\t\t\t\t\t\t\t\t\t\t<a href=\"https:\/\/ordemdosfisioterapeutas.pt\/wp-content\/uploads\/2024\/08\/WPTD2024-InfoSheet3-A4_PORTUGUESE-V2.pdf\" target=\"_blank\">\n\t\t\t\t\t\t\t<img decoding=\"async\" width=\"166\" height=\"232\" src=\"https:\/\/staging.ordemdosfisioterapeutas.pt\/wp-content\/uploads\/2024\/08\/WP2024_0002_flyer-3.png\" class=\"attachment-large size-large wp-image-7185\" alt=\"\" srcset=\"https:\/\/staging.ordemdosfisioterapeutas.pt\/wp-content\/uploads\/2024\/08\/WP2024_0002_flyer-3.png 166w, https:\/\/staging.ordemdosfisioterapeutas.pt\/wp-content\/uploads\/2024\/08\/WP2024_0002_flyer-3-9x12.png 9w\" sizes=\"(max-width: 166px) 100vw, 166px\" \/>\t\t\t\t\t\t\t\t<\/a>\n\t\t\t\t\t\t\t\t\t\t\t\t\t\t\t<\/div>\n\t\t\t\t<\/div>\n\t\t\t\t<div class=\"elementor-element elementor-element-0243bc1 elementor-widget elementor-widget-image\" data-id=\"0243bc1\" data-element_type=\"widget\" data-e-type=\"widget\" data-widget_type=\"image.default\">\n\t\t\t\t<div class=\"elementor-widget-container\">\n\t\t\t\t\t\t\t\t\t\t\t\t\t\t\t\t<a href=\"https:\/\/ordemdosfisioterapeutas.pt\/wp-content\/uploads\/2024\/08\/WPTD2024-InfoSheet4-A4_PORTUGUESE-V2.pdf\" target=\"_blank\">\n\t\t\t\t\t\t\t<img loading=\"lazy\" decoding=\"async\" width=\"166\" height=\"231\" src=\"https:\/\/staging.ordemdosfisioterapeutas.pt\/wp-content\/uploads\/2024\/08\/WP2024_0003_flyer-4.png\" class=\"attachment-large size-large wp-image-7186\" alt=\"\" srcset=\"https:\/\/staging.ordemdosfisioterapeutas.pt\/wp-content\/uploads\/2024\/08\/WP2024_0003_flyer-4.png 166w, https:\/\/staging.ordemdosfisioterapeutas.pt\/wp-content\/uploads\/2024\/08\/WP2024_0003_flyer-4-9x12.png 9w\" sizes=\"(max-width: 166px) 100vw, 166px\" \/>\t\t\t\t\t\t\t\t<\/a>\n\t\t\t\t\t\t\t\t\t\t\t\t\t\t\t<\/div>\n\t\t\t\t<\/div>\n\t\t\t\t\t<\/div>\n\t\t\t\t<\/div>\n\t\t<div class=\"elementor-element elementor-element-d551025 e-flex e-con-boxed e-con e-parent\" data-id=\"d551025\" data-element_type=\"container\" data-e-type=\"container\">\n\t\t\t\t\t<div class=\"e-con-inner\">\n\t\t\t\t<div class=\"elementor-element elementor-element-5185300 elementor-widget elementor-widget-heading\" data-id=\"5185300\" data-element_type=\"widget\" data-e-type=\"widget\" data-widget_type=\"heading.default\">\n\t\t\t\t<div class=\"elementor-widget-container\">\n\t\t\t\t\t<h2 class=\"elementor-heading-title elementor-size-default\">Affiches<\/h2>\t\t\t\t<\/div>\n\t\t\t\t<\/div>\n\t\t\t\t\t<\/div>\n\t\t\t\t<\/div>\n\t\t<div class=\"elementor-element elementor-element-f51bb85 e-grid e-con-boxed e-con e-parent\" data-id=\"f51bb85\" data-element_type=\"container\" data-e-type=\"container\">\n\t\t\t\t\t<div class=\"e-con-inner\">\n\t\t\t\t<div class=\"elementor-element elementor-element-948586e elementor-widget elementor-widget-image\" data-id=\"948586e\" data-element_type=\"widget\" data-e-type=\"widget\" data-widget_type=\"image.default\">\n\t\t\t\t<div class=\"elementor-widget-container\">\n\t\t\t\t\t\t\t\t\t\t\t\t\t\t\t\t<a href=\"https:\/\/ordemdosfisioterapeutas.pt\/wp-content\/uploads\/2024\/08\/WPTD2024-Poster1-A4_web.pdf\" target=\"_blank\">\n\t\t\t\t\t\t\t<img loading=\"lazy\" decoding=\"async\" width=\"166\" height=\"231\" src=\"https:\/\/staging.ordemdosfisioterapeutas.pt\/wp-content\/uploads\/2024\/08\/WP2024_0004_poster-1.png\" class=\"attachment-large size-large wp-image-7187\" alt=\"\" srcset=\"https:\/\/staging.ordemdosfisioterapeutas.pt\/wp-content\/uploads\/2024\/08\/WP2024_0004_poster-1.png 166w, https:\/\/staging.ordemdosfisioterapeutas.pt\/wp-content\/uploads\/2024\/08\/WP2024_0004_poster-1-9x12.png 9w\" sizes=\"(max-width: 166px) 100vw, 166px\" \/>\t\t\t\t\t\t\t\t<\/a>\n\t\t\t\t\t\t\t\t\t\t\t\t\t\t\t<\/div>\n\t\t\t\t<\/div>\n\t\t\t\t<div class=\"elementor-element elementor-element-a4db841 elementor-widget elementor-widget-image\" data-id=\"a4db841\" data-element_type=\"widget\" data-e-type=\"widget\" data-widget_type=\"image.default\">\n\t\t\t\t<div class=\"elementor-widget-container\">\n\t\t\t\t\t\t\t\t\t\t\t\t\t\t\t\t<a href=\"https:\/\/ordemdosfisioterapeutas.pt\/wp-content\/uploads\/2024\/08\/WPTD2024-Poster2-A4_web.pdf\" target=\"_blank\">\n\t\t\t\t\t\t\t<img loading=\"lazy\" decoding=\"async\" width=\"166\" height=\"231\" src=\"https:\/\/staging.ordemdosfisioterapeutas.pt\/wp-content\/uploads\/2024\/08\/WP2024_0005_poster-2.png\" class=\"attachment-large size-large wp-image-7188\" alt=\"\" srcset=\"https:\/\/staging.ordemdosfisioterapeutas.pt\/wp-content\/uploads\/2024\/08\/WP2024_0005_poster-2.png 166w, https:\/\/staging.ordemdosfisioterapeutas.pt\/wp-content\/uploads\/2024\/08\/WP2024_0005_poster-2-9x12.png 9w\" sizes=\"(max-width: 166px) 100vw, 166px\" \/>\t\t\t\t\t\t\t\t<\/a>\n\t\t\t\t\t\t\t\t\t\t\t\t\t\t\t<\/div>\n\t\t\t\t<\/div>\n\t\t\t\t<div class=\"elementor-element elementor-element-32ccd01 elementor-widget elementor-widget-image\" data-id=\"32ccd01\" data-element_type=\"widget\" data-e-type=\"widget\" data-widget_type=\"image.default\">\n\t\t\t\t<div class=\"elementor-widget-container\">\n\t\t\t\t\t\t\t\t\t\t\t\t\t\t\t\t<a href=\"https:\/\/ordemdosfisioterapeutas.pt\/wp-content\/uploads\/2024\/08\/WPTD2024-Poster3-A4.pdf\" target=\"_blank\">\n\t\t\t\t\t\t\t<img loading=\"lazy\" decoding=\"async\" width=\"166\" height=\"232\" src=\"https:\/\/staging.ordemdosfisioterapeutas.pt\/wp-content\/uploads\/2024\/08\/WP2024_0006_poster-3.png\" class=\"attachment-large size-large wp-image-7189\" alt=\"\" srcset=\"https:\/\/staging.ordemdosfisioterapeutas.pt\/wp-content\/uploads\/2024\/08\/WP2024_0006_poster-3.png 166w, https:\/\/staging.ordemdosfisioterapeutas.pt\/wp-content\/uploads\/2024\/08\/WP2024_0006_poster-3-9x12.png 9w\" sizes=\"(max-width: 166px) 100vw, 166px\" \/>\t\t\t\t\t\t\t\t<\/a>\n\t\t\t\t\t\t\t\t\t\t\t\t\t\t\t<\/div>\n\t\t\t\t<\/div>\n\t\t\t\t\t<\/div>\n\t\t\t\t<\/div>\n\t\t<div class=\"elementor-element elementor-element-6750c2a e-flex e-con-boxed e-con e-parent\" data-id=\"6750c2a\" data-element_type=\"container\" data-e-type=\"container\">\n\t\t\t\t\t<div class=\"e-con-inner\">\n\t\t\t\t<div class=\"elementor-element elementor-element-249c2c2 elementor-widget elementor-widget-heading\" data-id=\"249c2c2\" data-element_type=\"widget\" data-e-type=\"widget\" data-widget_type=\"heading.default\">\n\t\t\t\t<div class=\"elementor-widget-container\">\n\t\t\t\t\t<h2 class=\"elementor-heading-title elementor-size-default\">Banni\u00e8res<\/h2>\t\t\t\t<\/div>\n\t\t\t\t<\/div>\n\t\t\t\t\t<\/div>\n\t\t\t\t<\/div>\n\t\t<div class=\"elementor-element elementor-element-559ae23 e-grid e-con-boxed e-con e-parent\" data-id=\"559ae23\" data-element_type=\"container\" data-e-type=\"container\">\n\t\t\t\t\t<div class=\"e-con-inner\">\n\t\t\t\t<div class=\"elementor-element elementor-element-3150ebc elementor-widget elementor-widget-image\" data-id=\"3150ebc\" data-element_type=\"widget\" data-e-type=\"widget\" data-widget_type=\"image.default\">\n\t\t\t\t<div class=\"elementor-widget-container\">\n\t\t\t\t\t\t\t\t\t\t\t\t\t\t\t\t<a href=\"https:\/\/ordemdosfisioterapeutas.pt\/wp-content\/uploads\/2024\/08\/WPTD2024-Rollerbanner1-800x2000-1.pdf\" target=\"_blank\">\n\t\t\t\t\t\t\t<img loading=\"lazy\" decoding=\"async\" width=\"164\" height=\"389\" src=\"https:\/\/staging.ordemdosfisioterapeutas.pt\/wp-content\/uploads\/2024\/08\/WP2024__0000_roll-up-1.png\" class=\"attachment-large size-large wp-image-7190\" alt=\"\" srcset=\"https:\/\/staging.ordemdosfisioterapeutas.pt\/wp-content\/uploads\/2024\/08\/WP2024__0000_roll-up-1.png 164w, https:\/\/staging.ordemdosfisioterapeutas.pt\/wp-content\/uploads\/2024\/08\/WP2024__0000_roll-up-1-126x300.png 126w, https:\/\/staging.ordemdosfisioterapeutas.pt\/wp-content\/uploads\/2024\/08\/WP2024__0000_roll-up-1-5x12.png 5w\" sizes=\"(max-width: 164px) 100vw, 164px\" \/>\t\t\t\t\t\t\t\t<\/a>\n\t\t\t\t\t\t\t\t\t\t\t\t\t\t\t<\/div>\n\t\t\t\t<\/div>\n\t\t\t\t<div class=\"elementor-element elementor-element-8e0dc17 elementor-widget elementor-widget-image\" data-id=\"8e0dc17\" data-element_type=\"widget\" data-e-type=\"widget\" data-widget_type=\"image.default\">\n\t\t\t\t<div class=\"elementor-widget-container\">\n\t\t\t\t\t\t\t\t\t\t\t\t\t\t\t\t<a href=\"https:\/\/ordemdosfisioterapeutas.pt\/wp-content\/uploads\/2024\/08\/WPTD2024-Rollerbanner2-800x2000-1.pdf\" target=\"_blank\">\n\t\t\t\t\t\t\t<img loading=\"lazy\" decoding=\"async\" width=\"164\" height=\"389\" src=\"https:\/\/staging.ordemdosfisioterapeutas.pt\/wp-content\/uploads\/2024\/08\/WP2024__0001_roll-up-2.png\" class=\"attachment-large size-large wp-image-7191\" alt=\"\" srcset=\"https:\/\/staging.ordemdosfisioterapeutas.pt\/wp-content\/uploads\/2024\/08\/WP2024__0001_roll-up-2.png 164w, https:\/\/staging.ordemdosfisioterapeutas.pt\/wp-content\/uploads\/2024\/08\/WP2024__0001_roll-up-2-126x300.png 126w, https:\/\/staging.ordemdosfisioterapeutas.pt\/wp-content\/uploads\/2024\/08\/WP2024__0001_roll-up-2-5x12.png 5w\" sizes=\"(max-width: 164px) 100vw, 164px\" \/>\t\t\t\t\t\t\t\t<\/a>\n\t\t\t\t\t\t\t\t\t\t\t\t\t\t\t<\/div>\n\t\t\t\t<\/div>\n\t\t\t\t\t<\/div>\n\t\t\t\t<\/div>\n\t\t<div class=\"elementor-element elementor-element-7f0ef3a e-flex e-con-boxed e-con e-parent\" data-id=\"7f0ef3a\" data-element_type=\"container\" data-e-type=\"container\">\n\t\t\t\t\t<div class=\"e-con-inner\">\n\t\t\t\t<div class=\"elementor-element elementor-element-ae12625 elementor-widget elementor-widget-heading\" data-id=\"ae12625\" data-element_type=\"widget\" data-e-type=\"widget\" data-widget_type=\"heading.default\">\n\t\t\t\t<div class=\"elementor-widget-container\">\n\t\t\t\t\t<h2 class=\"elementor-heading-title elementor-size-default\">La journ\u00e9e mondiale de la physioth\u00e9rapie en images<\/h2>\t\t\t\t<\/div>\n\t\t\t\t<\/div>\n\t\t\t\t<div class=\"elementor-element elementor-element-131c442 elementor-widget elementor-widget-text-editor\" data-id=\"131c442\" data-element_type=\"widget\" data-e-type=\"widget\" data-widget_type=\"text-editor.default\">\n\t\t\t\t<div class=\"elementor-widget-container\">\n\t\t\t\t\t\t\t\t\t<p>L'Ordre des kin\u00e9sith\u00e9rapeutes invite ses membres \u00e0 rejoindre l'initiative \"<strong>La journ\u00e9e mondiale de la physioth\u00e9rapie en images<\/strong>\"en partageant des photos illustrant les c\u00e9l\u00e9brations (jusqu'\u00e0 3 photos), accompagn\u00e9es d'une br\u00e8ve description de l'initiative, \u00e0 l'adresse \u00e9lectronique : <span style=\"text-decoration: underline;\"><a href=\"mailto:comunicacao@ordemdosfisioterapeutas.pt\">comunicacao@ordemdosfisioterapeutas.pt<\/a><\/span>pour une publication ult\u00e9rieure. Ils doivent \u00e9galement remplir une d\u00e9claration de cession du droit \u00e0 l'image, disponible \u00e0 l'adresse suivante <a href=\"https:\/\/ordemdosfisioterapeutas.pt\/wp-content\/uploads\/2024\/08\/Declaracao-Consentimento.pdf\" target=\"_blank\" rel=\"noopener\"><span style=\"text-decoration: underline;\">ici<\/span><\/a>.<\/p><p><strong>Note<\/strong>Il ne sera pas possible d'utiliser des images dans lesquelles les utilisateurs apparaissent, \u00e0 moins qu'ils ne donnent leur consentement en remplissant la d\u00e9claration.<\/p>\t\t\t\t\t\t\t\t<\/div>\n\t\t\t\t<\/div>\n\t\t\t\t\t<\/div>\n\t\t\t\t<\/div>\n\t\t\t\t<\/div>","protected":false},"excerpt":{"rendered":"<p>O Dia Mundial da Fisioterapia \u00e9 celebrado todos os anos, desde 1996, no dia 8 de setembro, correspondendo \u00e0 data da funda\u00e7\u00e3o da atual World Physiotherapy, em 1951. O Dia Mundial da Fisioterapia \u00e9 uma oportunidade para reconhecer o papel significativo que a profiss\u00e3o desempenha na sa\u00fade e no bem-estar da popula\u00e7\u00e3o em geral, e &#8230; <a title=\"Journ\u00e9e mondiale de la physioth\u00e9rapie 2024\" class=\"read-more\" href=\"https:\/\/staging.ordemdosfisioterapeutas.pt\/fr\/dia-mundial-da-fisioterapia-2024\/\" aria-label=\"En savoir plus sur Dia Mundial da Fisioterapia 2024\">En savoir plus<\/a><\/p>","protected":false},"author":1,"featured_media":0,"parent":0,"menu_order":0,"comment_status":"closed","ping_status":"closed","template":"","meta":{"footnotes":""},"class_list":["post-7074","page","type-page","status-publish"],"_links":{"self":[{"href":"https:\/\/staging.ordemdosfisioterapeutas.pt\/fr\/wp-json\/wp\/v2\/pages\/7074","targetHints":{"allow":["GET"]}}],"collection":[{"href":"https:\/\/staging.ordemdosfisioterapeutas.pt\/fr\/wp-json\/wp\/v2\/pages"}],"about":[{"href":"https:\/\/staging.ordemdosfisioterapeutas.pt\/fr\/wp-json\/wp\/v2\/types\/page"}],"author":[{"embeddable":true,"href":"https:\/\/staging.ordemdosfisioterapeutas.pt\/fr\/wp-json\/wp\/v2\/users\/1"}],"replies":[{"embeddable":true,"href":"https:\/\/staging.ordemdosfisioterapeutas.pt\/fr\/wp-json\/wp\/v2\/comments?post=7074"}],"version-history":[{"count":0,"href":"https:\/\/staging.ordemdosfisioterapeutas.pt\/fr\/wp-json\/wp\/v2\/pages\/7074\/revisions"}],"wp:attachment":[{"href":"https:\/\/staging.ordemdosfisioterapeutas.pt\/fr\/wp-json\/wp\/v2\/media?parent=7074"}],"curies":[{"name":"wp","href":"https:\/\/api.w.org\/{rel}","templated":true}]}}