{"id":7161,"date":"2024-08-18T19:29:28","date_gmt":"2024-08-18T18:29:28","guid":{"rendered":"https:\/\/staging.ordemdosfisioterapeutas.pt\/?page_id=7161"},"modified":"2024-08-18T19:30:48","modified_gmt":"2024-08-18T18:30:48","slug":"protocolos","status":"publish","type":"page","link":"https:\/\/staging.ordemdosfisioterapeutas.pt\/fr\/protocolos\/","title":{"rendered":"Protocoles"},"content":{"rendered":"<div data-elementor-type=\"wp-page\" data-elementor-id=\"7161\" class=\"elementor elementor-7161\" data-elementor-post-type=\"page\">\n\t\t\t\t<div class=\"elementor-element elementor-element-15470f6 e-flex e-con-boxed e-con e-parent\" data-id=\"15470f6\" data-element_type=\"container\" data-e-type=\"container\">\n\t\t\t\t\t<div class=\"e-con-inner\">\n\t\t\t\t<div class=\"elementor-element elementor-element-2a22371 elementor-widget elementor-widget-text-editor\" data-id=\"2a22371\" data-element_type=\"widget\" data-e-type=\"widget\" data-widget_type=\"text-editor.default\">\n\t\t\t\t<div class=\"elementor-widget-container\">\n\t\t\t\t\t\t\t\t\t<p>L'Ordre des kin\u00e9sith\u00e9rapeutes dispose de plusieurs protocoles institutionnels visant \u00e0 renforcer la coop\u00e9ration avec diverses organisations, tant nationales qu'internationales. Ces protocoles facilitent l'\u00e9change de connaissances, la r\u00e9alisation de projets communs et la promotion des bonnes pratiques en physioth\u00e9rapie. En \u00e9tablissant et en maintenant ces accords, l'Ordre s'assure que ses membres ont acc\u00e8s \u00e0 un vaste r\u00e9seau de ressources et d'opportunit\u00e9s qui contribuent au d\u00e9veloppement professionnel et \u00e0 l'am\u00e9lioration continue des services fournis \u00e0 la soci\u00e9t\u00e9. L'Ordre a conclu des protocoles avec les organisations suivantes :<\/p><ul><li><a href=\"https:\/\/www.ers.pt\/pt\/\"><span style=\"text-decoration: underline;\">Autorit\u00e9 de r\u00e9gulation de la sant\u00e9<\/span> <\/a>(ERS)<\/li><li><span style=\"text-decoration: underline;\"><a href=\"https:\/\/prociv.gov.pt\/pt\/home\/\">Autorit\u00e9 nationale d'urgence et de protection civile <\/a><\/span>(ANEPC)<\/li><li><span style=\"text-decoration: underline;\"><a href=\"https:\/\/www.chlc.min-saude.pt\/\">Unit\u00e9 sanitaire locale de S\u00e3o Jos\u00e9 <\/a><\/span>(ULS S\u00e3o Jos\u00e9)<\/li><\/ul>\t\t\t\t\t\t\t\t<\/div>\n\t\t\t\t<\/div>\n\t\t\t\t\t<\/div>\n\t\t\t\t<\/div>\n\t\t\t\t<\/div>","protected":false},"excerpt":{"rendered":"<p>L'Ordre des kin\u00e9sith\u00e9rapeutes dispose de plusieurs protocoles institutionnels visant \u00e0 renforcer la coop\u00e9ration avec diverses organisations, tant nationales qu'internationales. Ces protocoles facilitent l'\u00e9change de connaissances, la r\u00e9alisation de projets communs et la promotion des bonnes pratiques en physioth\u00e9rapie. En \u00e9tablissant et en maintenant ces accords, l'Ordre veille \u00e0 ce que ses membres aient acc\u00e8s \u00e0 ... <a title=\"Protocoles\" class=\"read-more\" href=\"https:\/\/staging.ordemdosfisioterapeutas.pt\/fr\/protocolos\/\" aria-label=\"En savoir plus sur Protocoles\">En savoir plus<\/a><\/p>","protected":false},"author":1,"featured_media":0,"parent":0,"menu_order":0,"comment_status":"closed","ping_status":"closed","template":"","meta":{"footnotes":""},"class_list":["post-7161","page","type-page","status-publish"],"_links":{"self":[{"href":"https:\/\/staging.ordemdosfisioterapeutas.pt\/fr\/wp-json\/wp\/v2\/pages\/7161","targetHints":{"allow":["GET"]}}],"collection":[{"href":"https:\/\/staging.ordemdosfisioterapeutas.pt\/fr\/wp-json\/wp\/v2\/pages"}],"about":[{"href":"https:\/\/staging.ordemdosfisioterapeutas.pt\/fr\/wp-json\/wp\/v2\/types\/page"}],"author":[{"embeddable":true,"href":"https:\/\/staging.ordemdosfisioterapeutas.pt\/fr\/wp-json\/wp\/v2\/users\/1"}],"replies":[{"embeddable":true,"href":"https:\/\/staging.ordemdosfisioterapeutas.pt\/fr\/wp-json\/wp\/v2\/comments?post=7161"}],"version-history":[{"count":0,"href":"https:\/\/staging.ordemdosfisioterapeutas.pt\/fr\/wp-json\/wp\/v2\/pages\/7161\/revisions"}],"wp:attachment":[{"href":"https:\/\/staging.ordemdosfisioterapeutas.pt\/fr\/wp-json\/wp\/v2\/media?parent=7161"}],"curies":[{"name":"wp","href":"https:\/\/api.w.org\/{rel}","templated":true}]}}