{"id":7431,"date":"2024-12-13T22:27:16","date_gmt":"2024-12-13T22:27:16","guid":{"rendered":"https:\/\/staging.ordemdosfisioterapeutas.pt\/?page_id=7431"},"modified":"2025-01-19T09:11:52","modified_gmt":"2025-01-19T09:11:52","slug":"areas-de-intervencao","status":"publish","type":"page","link":"https:\/\/staging.ordemdosfisioterapeutas.pt\/fr\/areas-de-intervencao\/","title":{"rendered":"Domaines d'intervention"},"content":{"rendered":"<div data-elementor-type=\"wp-page\" data-elementor-id=\"7431\" class=\"elementor elementor-7431\" data-elementor-post-type=\"page\">\n\t\t\t\t\t\t<section class=\"elementor-section elementor-top-section elementor-element elementor-element-07f3246 elementor-section-boxed elementor-section-height-default elementor-section-height-default\" data-id=\"07f3246\" data-element_type=\"section\" data-e-type=\"section\">\n\t\t\t\t\t\t<div class=\"elementor-container elementor-column-gap-default\">\n\t\t\t\t\t<div class=\"elementor-column elementor-col-100 elementor-top-column elementor-element elementor-element-0a4d599\" data-id=\"0a4d599\" data-element_type=\"column\" data-e-type=\"column\">\n\t\t\t<div class=\"elementor-widget-wrap elementor-element-populated\">\n\t\t\t\t\t\t<div class=\"elementor-element elementor-element-da1dae7 elementor-widget elementor-widget-text-editor\" data-id=\"da1dae7\" data-element_type=\"widget\" data-e-type=\"widget\" data-widget_type=\"text-editor.default\">\n\t\t\t\t<div class=\"elementor-widget-container\">\n\t\t\t\t\t\t\t\t\t<p>L'Ordre des kin\u00e9sith\u00e9rapeutes produit r\u00e9guli\u00e8rement des contenus \u00e0 destination des citoyens. Dans cet onglet, vous trouverez diff\u00e9rentes brochures d'information, r\u00e9parties dans les diff\u00e9rents domaines d'intervention correspondant aux groupes de travail de l'Ordre des kin\u00e9sith\u00e9rapeutes, ainsi que l'onglet \"OF institutionnel\", qui contient des informations sur l'Ordre.<\/p>\t\t\t\t\t\t\t\t<\/div>\n\t\t\t\t<\/div>\n\t\t\t\t<div class=\"elementor-element elementor-element-dada540 elementor-widget elementor-widget-n-accordion\" data-id=\"dada540\" data-element_type=\"widget\" data-e-type=\"widget\" data-settings=\"{&quot;default_state&quot;:&quot;all_collapsed&quot;,&quot;max_items_expended&quot;:&quot;one&quot;,&quot;n_accordion_animation_duration&quot;:{&quot;unit&quot;:&quot;ms&quot;,&quot;size&quot;:400,&quot;sizes&quot;:[]}}\" data-widget_type=\"nested-accordion.default\">\n\t\t\t\t<div class=\"elementor-widget-container\">\n\t\t\t\t\t\t\t<div class=\"e-n-accordion\" aria-label=\"Accord\u00e9on. Ouvrez les liens avec Enter ou Space, fermez-les avec Escape et naviguez avec les touches fl\u00e9ch\u00e9es.\">\n\t\t\t\t\t\t<details id=\"e-n-accordion-item-2290\" class=\"e-n-accordion-item\" >\n\t\t\t\t<summary class=\"e-n-accordion-item-title\" data-accordion-index=\"1\" tabindex=\"0\" aria-expanded=\"false\" aria-controls=\"e-n-accordion-item-2290\" >\n\t\t\t\t\t<span class='e-n-accordion-item-title-header'><div class=\"e-n-accordion-item-title-text\"> S\u00e9curit\u00e9 des patients <\/div><\/span>\n\t\t\t\t\t\t\t<span class='e-n-accordion-item-title-icon'>\n\t\t\t<span class='e-opened' ><i aria-hidden=\"true\" class=\"fas fa-minus\"><\/i><\/span>\n\t\t\t<span class='e-closed'><i aria-hidden=\"true\" class=\"fas fa-plus\"><\/i><\/span>\n\t\t<\/span>\n\n\t\t\t\t\t\t<\/summary>\n\t\t\t\t<div role=\"region\" aria-labelledby=\"e-n-accordion-item-2290\" class=\"elementor-element elementor-element-ec24453 e-con-full e-flex e-con e-child\" data-id=\"ec24453\" data-element_type=\"container\" data-e-type=\"container\">\n\t\t\t\t<div class=\"elementor-element elementor-element-3b4b86c elementor-widget elementor-widget-text-editor\" data-id=\"3b4b86c\" data-element_type=\"widget\" data-e-type=\"widget\" data-widget_type=\"text-editor.default\">\n\t\t\t\t<div class=\"elementor-widget-container\">\n\t\t\t\t\t\t\t\t\t<p>La physioth\u00e9rapie contribue activement \u00e0 la s\u00e9curit\u00e9 des patients en pr\u00e9venant les risques et en minimisant les dommages \u00e9vitables dans les soins de sant\u00e9. Avec des pratiques allant de la pr\u00e9vention des chutes \u00e0 la promotion d'environnements s\u00fbrs, les physioth\u00e9rapeutes jouent un r\u00f4le crucial dans la garantie de soins de sant\u00e9 de qualit\u00e9.<\/p><p>Brochure(s) sur la s\u00e9curit\u00e9 des patients<\/p>\t\t\t\t\t\t\t\t<\/div>\n\t\t\t\t<\/div>\n\t\t<div role=\"region\" aria-labelledby=\"e-n-accordion-item-2290\" class=\"elementor-element elementor-element-7ed9cda e-con-full e-grid e-con e-child\" data-id=\"7ed9cda\" data-element_type=\"container\" data-e-type=\"container\">\n\t\t\t\t<div class=\"elementor-element elementor-element-3a1fee4 elementor-widget elementor-widget-image\" data-id=\"3a1fee4\" data-element_type=\"widget\" data-e-type=\"widget\" data-widget_type=\"image.default\">\n\t\t\t\t<div class=\"elementor-widget-container\">\n\t\t\t\t\t\t\t\t\t\t\t\t\t\t\t\t<a href=\"https:\/\/ordemdosfisioterapeutas.pt\/wp-content\/uploads\/2024\/11\/Cuidados_Fisioterapia_Seguros_3.pdf\" target=\"_blank\">\n\t\t\t\t\t\t\t<img decoding=\"async\" width=\"175\" height=\"246\" src=\"https:\/\/staging.ordemdosfisioterapeutas.pt\/wp-content\/uploads\/2024\/11\/Flyer_0034_1_6.png\" class=\"attachment-large size-large wp-image-7331\" alt=\"\" srcset=\"https:\/\/staging.ordemdosfisioterapeutas.pt\/wp-content\/uploads\/2024\/11\/Flyer_0034_1_6.png 175w, https:\/\/staging.ordemdosfisioterapeutas.pt\/wp-content\/uploads\/2024\/11\/Flyer_0034_1_6-9x12.png 9w\" sizes=\"(max-width: 175px) 100vw, 175px\" \/>\t\t\t\t\t\t\t\t<\/a>\n\t\t\t\t\t\t\t\t\t\t\t\t\t\t\t<\/div>\n\t\t\t\t<\/div>\n\t\t\t\t<div class=\"elementor-element elementor-element-a369f07 elementor-widget elementor-widget-image\" data-id=\"a369f07\" data-element_type=\"widget\" data-e-type=\"widget\" data-widget_type=\"image.default\">\n\t\t\t\t<div class=\"elementor-widget-container\">\n\t\t\t\t\t\t\t\t\t\t\t\t\t\t\t\t<a href=\"https:\/\/ordemdosfisioterapeutas.pt\/wp-content\/uploads\/2024\/11\/Cuidados_Fisioterapia_Seguros_2.pdf\" target=\"_blank\">\n\t\t\t\t\t\t\t<img decoding=\"async\" width=\"176\" height=\"245\" src=\"https:\/\/staging.ordemdosfisioterapeutas.pt\/wp-content\/uploads\/2024\/11\/Flyer_0035_1_5.png\" class=\"attachment-large size-large wp-image-7332\" alt=\"\" srcset=\"https:\/\/staging.ordemdosfisioterapeutas.pt\/wp-content\/uploads\/2024\/11\/Flyer_0035_1_5.png 176w, https:\/\/staging.ordemdosfisioterapeutas.pt\/wp-content\/uploads\/2024\/11\/Flyer_0035_1_5-9x12.png 9w\" sizes=\"(max-width: 176px) 100vw, 176px\" \/>\t\t\t\t\t\t\t\t<\/a>\n\t\t\t\t\t\t\t\t\t\t\t\t\t\t\t<\/div>\n\t\t\t\t<\/div>\n\t\t\t\t<div class=\"elementor-element elementor-element-23b9135 elementor-widget elementor-widget-image\" data-id=\"23b9135\" data-element_type=\"widget\" data-e-type=\"widget\" data-widget_type=\"image.default\">\n\t\t\t\t<div class=\"elementor-widget-container\">\n\t\t\t\t\t\t\t\t\t\t\t\t\t\t\t\t<a href=\"https:\/\/ordemdosfisioterapeutas.pt\/wp-content\/uploads\/2024\/11\/Indentificacao-doente.pdf\" target=\"_blank\">\n\t\t\t\t\t\t\t<img decoding=\"async\" width=\"177\" height=\"246\" src=\"https:\/\/staging.ordemdosfisioterapeutas.pt\/wp-content\/uploads\/2024\/11\/Flyer_0036_1_4.png\" class=\"attachment-large size-large wp-image-7333\" alt=\"\" srcset=\"https:\/\/staging.ordemdosfisioterapeutas.pt\/wp-content\/uploads\/2024\/11\/Flyer_0036_1_4.png 177w, https:\/\/staging.ordemdosfisioterapeutas.pt\/wp-content\/uploads\/2024\/11\/Flyer_0036_1_4-9x12.png 9w\" sizes=\"(max-width: 177px) 100vw, 177px\" \/>\t\t\t\t\t\t\t\t<\/a>\n\t\t\t\t\t\t\t\t\t\t\t\t\t\t\t<\/div>\n\t\t\t\t<\/div>\n\t\t\t\t<div class=\"elementor-element elementor-element-9c7bbc9 elementor-widget elementor-widget-image\" data-id=\"9c7bbc9\" data-element_type=\"widget\" data-e-type=\"widget\" data-widget_type=\"image.default\">\n\t\t\t\t<div class=\"elementor-widget-container\">\n\t\t\t\t\t\t\t\t\t\t\t\t\t\t\t\t<a href=\"https:\/\/ordemdosfisioterapeutas.pt\/wp-content\/uploads\/2024\/11\/PREVENIR-QUEDAS.pdf\" target=\"_blank\">\n\t\t\t\t\t\t\t<img loading=\"lazy\" decoding=\"async\" width=\"175\" height=\"246\" src=\"https:\/\/staging.ordemdosfisioterapeutas.pt\/wp-content\/uploads\/2024\/11\/Flyer_0037_1_3.png\" class=\"attachment-large size-large wp-image-7334\" alt=\"\" srcset=\"https:\/\/staging.ordemdosfisioterapeutas.pt\/wp-content\/uploads\/2024\/11\/Flyer_0037_1_3.png 175w, https:\/\/staging.ordemdosfisioterapeutas.pt\/wp-content\/uploads\/2024\/11\/Flyer_0037_1_3-9x12.png 9w\" sizes=\"(max-width: 175px) 100vw, 175px\" \/>\t\t\t\t\t\t\t\t<\/a>\n\t\t\t\t\t\t\t\t\t\t\t\t\t\t\t<\/div>\n\t\t\t\t<\/div>\n\t\t\t\t<div class=\"elementor-element elementor-element-381caee elementor-widget elementor-widget-image\" data-id=\"381caee\" data-element_type=\"widget\" data-e-type=\"widget\" data-widget_type=\"image.default\">\n\t\t\t\t<div class=\"elementor-widget-container\">\n\t\t\t\t\t\t\t\t\t\t\t\t\t\t\t\t<a href=\"https:\/\/ordemdosfisioterapeutas.pt\/wp-content\/uploads\/2024\/11\/Cuidados_Fisioterapia_Seguros_1.pdf\" target=\"_blank\">\n\t\t\t\t\t\t\t<img loading=\"lazy\" decoding=\"async\" width=\"177\" height=\"246\" src=\"https:\/\/staging.ordemdosfisioterapeutas.pt\/wp-content\/uploads\/2024\/11\/Flyer_0038_1_2.png\" class=\"attachment-large size-large wp-image-7335\" alt=\"\" srcset=\"https:\/\/staging.ordemdosfisioterapeutas.pt\/wp-content\/uploads\/2024\/11\/Flyer_0038_1_2.png 177w, https:\/\/staging.ordemdosfisioterapeutas.pt\/wp-content\/uploads\/2024\/11\/Flyer_0038_1_2-9x12.png 9w\" sizes=\"(max-width: 177px) 100vw, 177px\" \/>\t\t\t\t\t\t\t\t<\/a>\n\t\t\t\t\t\t\t\t\t\t\t\t\t\t\t<\/div>\n\t\t\t\t<\/div>\n\t\t\t\t<div class=\"elementor-element elementor-element-74d1c1d elementor-widget elementor-widget-image\" data-id=\"74d1c1d\" data-element_type=\"widget\" data-e-type=\"widget\" data-widget_type=\"image.default\">\n\t\t\t\t<div class=\"elementor-widget-container\">\n\t\t\t\t\t\t\t\t\t\t\t\t\t\t\t\t<a href=\"https:\/\/ordemdosfisioterapeutas.pt\/wp-content\/uploads\/2024\/11\/5_Pilares_Seguranca_Doente.pdf\" target=\"_blank\">\n\t\t\t\t\t\t\t<img loading=\"lazy\" decoding=\"async\" width=\"173\" height=\"245\" src=\"https:\/\/staging.ordemdosfisioterapeutas.pt\/wp-content\/uploads\/2024\/11\/Flyer_0039_1_1.png\" class=\"attachment-large size-large wp-image-7336\" alt=\"\" srcset=\"https:\/\/staging.ordemdosfisioterapeutas.pt\/wp-content\/uploads\/2024\/11\/Flyer_0039_1_1.png 173w, https:\/\/staging.ordemdosfisioterapeutas.pt\/wp-content\/uploads\/2024\/11\/Flyer_0039_1_1-8x12.png 8w\" sizes=\"(max-width: 173px) 100vw, 173px\" \/>\t\t\t\t\t\t\t\t<\/a>\n\t\t\t\t\t\t\t\t\t\t\t\t\t\t\t<\/div>\n\t\t\t\t<\/div>\n\t\t\t\t<div class=\"elementor-element elementor-element-fe0cf1c elementor-widget elementor-widget-image\" data-id=\"fe0cf1c\" data-element_type=\"widget\" data-e-type=\"widget\" data-widget_type=\"image.default\">\n\t\t\t\t<div class=\"elementor-widget-container\">\n\t\t\t\t\t\t\t\t\t\t\t\t\t\t\t\t<a href=\"https:\/\/ordemdosfisioterapeutas.pt\/wp-content\/uploads\/2024\/11\/Seg_do_doente.pdf\" target=\"_blank\">\n\t\t\t\t\t\t\t<img loading=\"lazy\" decoding=\"async\" width=\"175\" height=\"246\" src=\"https:\/\/staging.ordemdosfisioterapeutas.pt\/wp-content\/uploads\/2024\/11\/Flyer_0040_1.png\" class=\"attachment-large size-large wp-image-7337\" alt=\"\" srcset=\"https:\/\/staging.ordemdosfisioterapeutas.pt\/wp-content\/uploads\/2024\/11\/Flyer_0040_1.png 175w, https:\/\/staging.ordemdosfisioterapeutas.pt\/wp-content\/uploads\/2024\/11\/Flyer_0040_1-9x12.png 9w\" sizes=\"(max-width: 175px) 100vw, 175px\" \/>\t\t\t\t\t\t\t\t<\/a>\n\t\t\t\t\t\t\t\t\t\t\t\t\t\t\t<\/div>\n\t\t\t\t<\/div>\n\t\t\t\t<div class=\"elementor-element elementor-element-af7f60b elementor-widget elementor-widget-image\" data-id=\"af7f60b\" data-element_type=\"widget\" data-e-type=\"widget\" data-widget_type=\"image.default\">\n\t\t\t\t<div class=\"elementor-widget-container\">\n\t\t\t\t\t\t\t\t\t\t\t\t\t\t\t\t<a href=\"https:\/\/ordemdosfisioterapeutas.pt\/wp-content\/uploads\/2024\/11\/Prevencao-Quedas-OF.pdf\" rel=\"nofollow\">\n\t\t\t\t\t\t\t<img loading=\"lazy\" decoding=\"async\" width=\"177\" height=\"246\" src=\"https:\/\/staging.ordemdosfisioterapeutas.pt\/wp-content\/uploads\/2024\/11\/Flyer_0041_1.png\" class=\"attachment-large size-large wp-image-7338\" alt=\"\" srcset=\"https:\/\/staging.ordemdosfisioterapeutas.pt\/wp-content\/uploads\/2024\/11\/Flyer_0041_1.png 177w, https:\/\/staging.ordemdosfisioterapeutas.pt\/wp-content\/uploads\/2024\/11\/Flyer_0041_1-9x12.png 9w\" sizes=\"(max-width: 177px) 100vw, 177px\" \/>\t\t\t\t\t\t\t\t<\/a>\n\t\t\t\t\t\t\t\t\t\t\t\t\t\t\t<\/div>\n\t\t\t\t<\/div>\n\t\t\t\t<\/div>\n\t\t\t\t<\/div>\n\t\t\t\t\t<\/details>\n\t\t\t\t\t\t<details id=\"e-n-accordion-item-2291\" class=\"e-n-accordion-item\" >\n\t\t\t\t<summary class=\"e-n-accordion-item-title\" data-accordion-index=\"2\" tabindex=\"-1\" aria-expanded=\"false\" aria-controls=\"e-n-accordion-item-2291\" >\n\t\t\t\t\t<span class='e-n-accordion-item-title-header'><div class=\"e-n-accordion-item-title-text\"> Physioth\u00e9rapie dans le sport <\/div><\/span>\n\t\t\t\t\t\t\t<span class='e-n-accordion-item-title-icon'>\n\t\t\t<span class='e-opened' ><i aria-hidden=\"true\" class=\"fas fa-minus\"><\/i><\/span>\n\t\t\t<span class='e-closed'><i aria-hidden=\"true\" class=\"fas fa-plus\"><\/i><\/span>\n\t\t<\/span>\n\n\t\t\t\t\t\t<\/summary>\n\t\t\t\t<div role=\"region\" aria-labelledby=\"e-n-accordion-item-2291\" class=\"elementor-element elementor-element-76bcc28 e-con-full e-flex e-con e-child\" data-id=\"76bcc28\" data-element_type=\"container\" data-e-type=\"container\">\n\t\t\t\t<div class=\"elementor-element elementor-element-1a36973 elementor-widget elementor-widget-text-editor\" data-id=\"1a36973\" data-element_type=\"widget\" data-e-type=\"widget\" data-widget_type=\"text-editor.default\">\n\t\t\t\t<div class=\"elementor-widget-container\">\n\t\t\t\t\t\t\t\t\t<p>La physioth\u00e9rapie sportive contribue \u00e0 la pr\u00e9vention des blessures, \u00e0 la r\u00e9\u00e9ducation et \u00e0 l'am\u00e9lioration des performances des athl\u00e8tes de tous \u00e2ges. Les physioth\u00e9rapeutes promeuvent la sant\u00e9 sportive, en optimisant les performances et en apportant un soutien continu aux athl\u00e8tes et aux \u00e9quipes.<\/p><p>Brochure(s) d'information sur la physioth\u00e9rapie dans le sport<\/p>\t\t\t\t\t\t\t\t<\/div>\n\t\t\t\t<\/div>\n\t\t<div role=\"region\" aria-labelledby=\"e-n-accordion-item-2291\" class=\"elementor-element elementor-element-190bf6d e-con-full e-grid e-con e-child\" data-id=\"190bf6d\" data-element_type=\"container\" data-e-type=\"container\">\n\t\t\t\t<div class=\"elementor-element elementor-element-36fe41a elementor-widget elementor-widget-image\" data-id=\"36fe41a\" data-element_type=\"widget\" data-e-type=\"widget\" data-widget_type=\"image.default\">\n\t\t\t\t<div class=\"elementor-widget-container\">\n\t\t\t\t\t\t\t\t\t\t\t\t\t\t\t\t<a href=\"https:\/\/ordemdosfisioterapeutas.pt\/wp-content\/uploads\/2024\/11\/fisioterapeuta-no-desporto.pdf\" target=\"_blank\">\n\t\t\t\t\t\t\t<img loading=\"lazy\" decoding=\"async\" width=\"176\" height=\"246\" src=\"https:\/\/staging.ordemdosfisioterapeutas.pt\/wp-content\/uploads\/2024\/11\/Flyer_0033_2.png\" class=\"attachment-large size-large wp-image-7339\" alt=\"\" srcset=\"https:\/\/staging.ordemdosfisioterapeutas.pt\/wp-content\/uploads\/2024\/11\/Flyer_0033_2.png 176w, https:\/\/staging.ordemdosfisioterapeutas.pt\/wp-content\/uploads\/2024\/11\/Flyer_0033_2-9x12.png 9w\" sizes=\"(max-width: 176px) 100vw, 176px\" \/>\t\t\t\t\t\t\t\t<\/a>\n\t\t\t\t\t\t\t\t\t\t\t\t\t\t\t<\/div>\n\t\t\t\t<\/div>\n\t\t\t\t<\/div>\n\t\t\t\t<\/div>\n\t\t\t\t\t<\/details>\n\t\t\t\t\t\t<details id=\"e-n-accordion-item-2292\" class=\"e-n-accordion-item\" >\n\t\t\t\t<summary class=\"e-n-accordion-item-title\" data-accordion-index=\"3\" tabindex=\"-1\" aria-expanded=\"false\" aria-controls=\"e-n-accordion-item-2292\" >\n\t\t\t\t\t<span class='e-n-accordion-item-title-header'><div class=\"e-n-accordion-item-title-text\"> Physioth\u00e9rapie en sant\u00e9 mentale <\/div><\/span>\n\t\t\t\t\t\t\t<span class='e-n-accordion-item-title-icon'>\n\t\t\t<span class='e-opened' ><i aria-hidden=\"true\" class=\"fas fa-minus\"><\/i><\/span>\n\t\t\t<span class='e-closed'><i aria-hidden=\"true\" class=\"fas fa-plus\"><\/i><\/span>\n\t\t<\/span>\n\n\t\t\t\t\t\t<\/summary>\n\t\t\t\t<div role=\"region\" aria-labelledby=\"e-n-accordion-item-2292\" class=\"elementor-element elementor-element-c4a754b e-con-full e-flex e-con e-child\" data-id=\"c4a754b\" data-element_type=\"container\" data-e-type=\"container\">\n\t\t\t\t<div class=\"elementor-element elementor-element-f93285c elementor-widget elementor-widget-text-editor\" data-id=\"f93285c\" data-element_type=\"widget\" data-e-type=\"widget\" data-widget_type=\"text-editor.default\">\n\t\t\t\t<div class=\"elementor-widget-container\">\n\t\t\t\t\t\t\t\t\t<p>La physioth\u00e9rapie en sant\u00e9 mentale se concentre sur le bien-\u00eatre \u00e9motionnel et physique, en utilisant l'exercice et le mouvement comme outils pour soulager les sympt\u00f4mes de l'anxi\u00e9t\u00e9, de la d\u00e9pression et d'autres conditions psychologiques. Cette intervention am\u00e9liore la fonctionnalit\u00e9 et la qualit\u00e9 de vie.<\/p><p>Brochure(s) d'information sur la physioth\u00e9rapie en sant\u00e9 mentale<\/p>\t\t\t\t\t\t\t\t<\/div>\n\t\t\t\t<\/div>\n\t\t<div role=\"region\" aria-labelledby=\"e-n-accordion-item-2292\" class=\"elementor-element elementor-element-e1ad968 e-con-full e-grid e-con e-child\" data-id=\"e1ad968\" data-element_type=\"container\" data-e-type=\"container\">\n\t\t\t\t<div class=\"elementor-element elementor-element-8b0eb97 elementor-widget elementor-widget-image\" data-id=\"8b0eb97\" data-element_type=\"widget\" data-e-type=\"widget\" data-widget_type=\"image.default\">\n\t\t\t\t<div class=\"elementor-widget-container\">\n\t\t\t\t\t\t\t\t\t\t\t\t\t\t\t\t<a href=\"https:\/\/ordemdosfisioterapeutas.pt\/wp-content\/uploads\/2024\/11\/fisioterapia-saude-mental.pdf\" target=\"_blank\">\n\t\t\t\t\t\t\t<img loading=\"lazy\" decoding=\"async\" width=\"177\" height=\"244\" src=\"https:\/\/staging.ordemdosfisioterapeutas.pt\/wp-content\/uploads\/2024\/11\/Flyer_0032_3.png\" class=\"attachment-large size-large wp-image-7340\" alt=\"\" srcset=\"https:\/\/staging.ordemdosfisioterapeutas.pt\/wp-content\/uploads\/2024\/11\/Flyer_0032_3.png 177w, https:\/\/staging.ordemdosfisioterapeutas.pt\/wp-content\/uploads\/2024\/11\/Flyer_0032_3-9x12.png 9w\" sizes=\"(max-width: 177px) 100vw, 177px\" \/>\t\t\t\t\t\t\t\t<\/a>\n\t\t\t\t\t\t\t\t\t\t\t\t\t\t\t<\/div>\n\t\t\t\t<\/div>\n\t\t\t\t<\/div>\n\t\t\t\t<\/div>\n\t\t\t\t\t<\/details>\n\t\t\t\t\t\t<details id=\"e-n-accordion-item-2293\" class=\"e-n-accordion-item\" >\n\t\t\t\t<summary class=\"e-n-accordion-item-title\" data-accordion-index=\"4\" tabindex=\"-1\" aria-expanded=\"false\" aria-controls=\"e-n-accordion-item-2293\" >\n\t\t\t\t\t<span class='e-n-accordion-item-title-header'><div class=\"e-n-accordion-item-title-text\"> Physioth\u00e9rapie en oncologie <\/div><\/span>\n\t\t\t\t\t\t\t<span class='e-n-accordion-item-title-icon'>\n\t\t\t<span class='e-opened' ><i aria-hidden=\"true\" class=\"fas fa-minus\"><\/i><\/span>\n\t\t\t<span class='e-closed'><i aria-hidden=\"true\" class=\"fas fa-plus\"><\/i><\/span>\n\t\t<\/span>\n\n\t\t\t\t\t\t<\/summary>\n\t\t\t\t<div role=\"region\" aria-labelledby=\"e-n-accordion-item-2293\" class=\"elementor-element elementor-element-5f1f599 e-flex e-con-boxed e-con e-child\" data-id=\"5f1f599\" data-element_type=\"container\" data-e-type=\"container\">\n\t\t\t\t\t<div class=\"e-con-inner\">\n\t\t\t\t<div class=\"elementor-element elementor-element-ee5a62f elementor-widget elementor-widget-text-editor\" data-id=\"ee5a62f\" data-element_type=\"widget\" data-e-type=\"widget\" data-widget_type=\"text-editor.default\">\n\t\t\t\t<div class=\"elementor-widget-container\">\n\t\t\t\t\t\t\t\t\t<p>La physioth\u00e9rapie oncologique soutient les patients atteints de cancer \u00e0 tous les stades de la maladie, en les aidant \u00e0 soulager les sympt\u00f4mes tels que la douleur et la fatigue, ainsi qu'\u00e0 am\u00e9liorer leur fonctionnalit\u00e9. L'objectif est d'am\u00e9liorer la qualit\u00e9 de vie et de faciliter le r\u00e9tablissement physique et \u00e9motionnel.<\/p><p>Brochure(s) d'information sur la physioth\u00e9rapie en oncologie<\/p>\t\t\t\t\t\t\t\t<\/div>\n\t\t\t\t<\/div>\n\t\t<div role=\"region\" aria-labelledby=\"e-n-accordion-item-2293\" class=\"elementor-element elementor-element-e2ddc9a e-con-full e-grid e-con e-child\" data-id=\"e2ddc9a\" data-element_type=\"container\" data-e-type=\"container\">\n\t\t\t\t<div class=\"elementor-element elementor-element-dd9f012 elementor-widget elementor-widget-image\" data-id=\"dd9f012\" data-element_type=\"widget\" data-e-type=\"widget\" data-widget_type=\"image.default\">\n\t\t\t\t<div class=\"elementor-widget-container\">\n\t\t\t\t\t\t\t\t\t\t\t\t\t\t\t\t<a href=\"https:\/\/ordemdosfisioterapeutas.pt\/wp-content\/uploads\/2024\/11\/fisioterapia-oncologia.pdf\" target=\"_blank\">\n\t\t\t\t\t\t\t<img loading=\"lazy\" decoding=\"async\" width=\"175\" height=\"246\" src=\"https:\/\/staging.ordemdosfisioterapeutas.pt\/wp-content\/uploads\/2024\/11\/Flyer_0031_4.png\" class=\"attachment-large size-large wp-image-7341\" alt=\"\" srcset=\"https:\/\/staging.ordemdosfisioterapeutas.pt\/wp-content\/uploads\/2024\/11\/Flyer_0031_4.png 175w, https:\/\/staging.ordemdosfisioterapeutas.pt\/wp-content\/uploads\/2024\/11\/Flyer_0031_4-9x12.png 9w\" sizes=\"(max-width: 175px) 100vw, 175px\" \/>\t\t\t\t\t\t\t\t<\/a>\n\t\t\t\t\t\t\t\t\t\t\t\t\t\t\t<\/div>\n\t\t\t\t<\/div>\n\t\t\t\t<\/div>\n\t\t\t\t\t<\/div>\n\t\t\t\t<\/div>\n\t\t\t\t\t<\/details>\n\t\t\t\t\t\t<details id=\"e-n-accordion-item-2294\" class=\"e-n-accordion-item\" >\n\t\t\t\t<summary class=\"e-n-accordion-item-title\" data-accordion-index=\"5\" tabindex=\"-1\" aria-expanded=\"false\" aria-controls=\"e-n-accordion-item-2294\" >\n\t\t\t\t\t<span class='e-n-accordion-item-title-header'><div class=\"e-n-accordion-item-title-text\"> Physioth\u00e9rapie en milieu aquatique <\/div><\/span>\n\t\t\t\t\t\t\t<span class='e-n-accordion-item-title-icon'>\n\t\t\t<span class='e-opened' ><i aria-hidden=\"true\" class=\"fas fa-minus\"><\/i><\/span>\n\t\t\t<span class='e-closed'><i aria-hidden=\"true\" class=\"fas fa-plus\"><\/i><\/span>\n\t\t<\/span>\n\n\t\t\t\t\t\t<\/summary>\n\t\t\t\t<div role=\"region\" aria-labelledby=\"e-n-accordion-item-2294\" class=\"elementor-element elementor-element-a8cc215 e-flex e-con-boxed e-con e-child\" data-id=\"a8cc215\" data-element_type=\"container\" data-e-type=\"container\">\n\t\t\t\t\t<div class=\"e-con-inner\">\n\t\t\t\t<div class=\"elementor-element elementor-element-0f0f988 elementor-widget elementor-widget-text-editor\" data-id=\"0f0f988\" data-element_type=\"widget\" data-e-type=\"widget\" data-widget_type=\"text-editor.default\">\n\t\t\t\t<div class=\"elementor-widget-container\">\n\t\t\t\t\t\t\t\t\t<p>La physioth\u00e9rapie aquatique utilise les propri\u00e9t\u00e9s de l'eau \u00e0 des fins de r\u00e9\u00e9ducation, de pr\u00e9vention et de promotion de la sant\u00e9. Adapt\u00e9e \u00e0 tous les \u00e2ges, cette approche th\u00e9rapeutique am\u00e9liore la fonctionnalit\u00e9 physique et la qualit\u00e9 de vie lors de s\u00e9ances individuelles ou en groupe.<\/p><p>Brochure(s) d'information sur la physioth\u00e9rapie aquatique<\/p>\t\t\t\t\t\t\t\t<\/div>\n\t\t\t\t<\/div>\n\t\t<div role=\"region\" aria-labelledby=\"e-n-accordion-item-2294\" class=\"elementor-element elementor-element-cc31be1 e-con-full e-grid e-con e-child\" data-id=\"cc31be1\" data-element_type=\"container\" data-e-type=\"container\">\n\t\t\t\t<div class=\"elementor-element elementor-element-4c8515c elementor-widget elementor-widget-image\" data-id=\"4c8515c\" data-element_type=\"widget\" data-e-type=\"widget\" data-widget_type=\"image.default\">\n\t\t\t\t<div class=\"elementor-widget-container\">\n\t\t\t\t\t\t\t\t\t\t\t\t\t\t\t\t<a href=\"https:\/\/ordemdosfisioterapeutas.pt\/wp-content\/uploads\/2024\/11\/Fisioterapia-Aquatica.pdf\" target=\"_blank\">\n\t\t\t\t\t\t\t<img loading=\"lazy\" decoding=\"async\" width=\"177\" height=\"242\" src=\"https:\/\/staging.ordemdosfisioterapeutas.pt\/wp-content\/uploads\/2024\/11\/Flyer_0030_5.png\" class=\"attachment-large size-large wp-image-7342\" alt=\"\" srcset=\"https:\/\/staging.ordemdosfisioterapeutas.pt\/wp-content\/uploads\/2024\/11\/Flyer_0030_5.png 177w, https:\/\/staging.ordemdosfisioterapeutas.pt\/wp-content\/uploads\/2024\/11\/Flyer_0030_5-9x12.png 9w\" sizes=\"(max-width: 177px) 100vw, 177px\" \/>\t\t\t\t\t\t\t\t<\/a>\n\t\t\t\t\t\t\t\t\t\t\t\t\t\t\t<\/div>\n\t\t\t\t<\/div>\n\t\t\t\t<\/div>\n\t\t\t\t\t<\/div>\n\t\t\t\t<\/div>\n\t\t\t\t\t<\/details>\n\t\t\t\t\t\t<details id=\"e-n-accordion-item-2295\" class=\"e-n-accordion-item\" >\n\t\t\t\t<summary class=\"e-n-accordion-item-title\" data-accordion-index=\"6\" tabindex=\"-1\" aria-expanded=\"false\" aria-controls=\"e-n-accordion-item-2295\" >\n\t\t\t\t\t<span class='e-n-accordion-item-title-header'><div class=\"e-n-accordion-item-title-text\"> Physioth\u00e9rapie dans les affections cardiorespiratoires et vasculaires <\/div><\/span>\n\t\t\t\t\t\t\t<span class='e-n-accordion-item-title-icon'>\n\t\t\t<span class='e-opened' ><i aria-hidden=\"true\" class=\"fas fa-minus\"><\/i><\/span>\n\t\t\t<span class='e-closed'><i aria-hidden=\"true\" class=\"fas fa-plus\"><\/i><\/span>\n\t\t<\/span>\n\n\t\t\t\t\t\t<\/summary>\n\t\t\t\t<div role=\"region\" aria-labelledby=\"e-n-accordion-item-2295\" class=\"elementor-element elementor-element-bc39d45 e-flex e-con-boxed e-con e-child\" data-id=\"bc39d45\" data-element_type=\"container\" data-e-type=\"container\">\n\t\t\t\t\t<div class=\"e-con-inner\">\n\t\t\t\t<div class=\"elementor-element elementor-element-71ababa elementor-widget elementor-widget-text-editor\" data-id=\"71ababa\" data-element_type=\"widget\" data-e-type=\"widget\" data-widget_type=\"text-editor.default\">\n\t\t\t\t<div class=\"elementor-widget-container\">\n\t\t\t\t\t\t\t\t\t<p>La physioth\u00e9rapie cardiorespiratoire et vasculaire am\u00e9liore la capacit\u00e9 fonctionnelle et l'autonomie des patients souffrant de troubles respiratoires et cardiovasculaires. Des interventions personnalis\u00e9es permettent de r\u00e9duire les sympt\u00f4mes, d'am\u00e9liorer la qualit\u00e9 de vie et de promouvoir la sant\u00e9 \u00e0 long terme.<\/p><p>Brochure(s) d'information sur la physioth\u00e9rapie cardiorespiratoire et vasculaire<\/p>\t\t\t\t\t\t\t\t<\/div>\n\t\t\t\t<\/div>\n\t\t<div role=\"region\" aria-labelledby=\"e-n-accordion-item-2295\" class=\"elementor-element elementor-element-39bc12f e-con-full e-grid e-con e-child\" data-id=\"39bc12f\" data-element_type=\"container\" data-e-type=\"container\">\n\t\t\t\t<div class=\"elementor-element elementor-element-59245f9 elementor-widget elementor-widget-image\" data-id=\"59245f9\" data-element_type=\"widget\" data-e-type=\"widget\" data-widget_type=\"image.default\">\n\t\t\t\t<div class=\"elementor-widget-container\">\n\t\t\t\t\t\t\t\t\t\t\t\t\t\t\t\t<a href=\"https:\/\/ordemdosfisioterapeutas.pt\/wp-content\/uploads\/2024\/11\/Fisioterapia-Cardiorrespiratoria-vascular.pdf\" target=\"_blank\">\n\t\t\t\t\t\t\t<img loading=\"lazy\" decoding=\"async\" width=\"175\" height=\"244\" src=\"https:\/\/staging.ordemdosfisioterapeutas.pt\/wp-content\/uploads\/2024\/11\/Flyer_0029_6.png\" class=\"attachment-large size-large wp-image-7344\" alt=\"\" srcset=\"https:\/\/staging.ordemdosfisioterapeutas.pt\/wp-content\/uploads\/2024\/11\/Flyer_0029_6.png 175w, https:\/\/staging.ordemdosfisioterapeutas.pt\/wp-content\/uploads\/2024\/11\/Flyer_0029_6-9x12.png 9w\" sizes=\"(max-width: 175px) 100vw, 175px\" \/>\t\t\t\t\t\t\t\t<\/a>\n\t\t\t\t\t\t\t\t\t\t\t\t\t\t\t<\/div>\n\t\t\t\t<\/div>\n\t\t\t\t<\/div>\n\t\t\t\t\t<\/div>\n\t\t\t\t<\/div>\n\t\t\t\t\t<\/details>\n\t\t\t\t\t\t<details id=\"e-n-accordion-item-2296\" class=\"e-n-accordion-item\" >\n\t\t\t\t<summary class=\"e-n-accordion-item-title\" data-accordion-index=\"7\" tabindex=\"-1\" aria-expanded=\"false\" aria-controls=\"e-n-accordion-item-2296\" >\n\t\t\t\t\t<span class='e-n-accordion-item-title-header'><div class=\"e-n-accordion-item-title-text\"> Physioth\u00e9rapie pour les femmes et la sant\u00e9 pelvienne <\/div><\/span>\n\t\t\t\t\t\t\t<span class='e-n-accordion-item-title-icon'>\n\t\t\t<span class='e-opened' ><i aria-hidden=\"true\" class=\"fas fa-minus\"><\/i><\/span>\n\t\t\t<span class='e-closed'><i aria-hidden=\"true\" class=\"fas fa-plus\"><\/i><\/span>\n\t\t<\/span>\n\n\t\t\t\t\t\t<\/summary>\n\t\t\t\t<div role=\"region\" aria-labelledby=\"e-n-accordion-item-2296\" class=\"elementor-element elementor-element-5726beb e-flex e-con-boxed e-con e-child\" data-id=\"5726beb\" data-element_type=\"container\" data-e-type=\"container\">\n\t\t\t\t\t<div class=\"e-con-inner\">\n\t\t\t\t<div class=\"elementor-element elementor-element-0883772 elementor-widget elementor-widget-text-editor\" data-id=\"0883772\" data-element_type=\"widget\" data-e-type=\"widget\" data-widget_type=\"text-editor.default\">\n\t\t\t\t<div class=\"elementor-widget-container\">\n\t\t\t\t\t\t\t\t\t<p>Ax\u00e9 sur les dysfonctionnements pelviens tout au long de la vie, ce domaine intervient dans des pathologies telles que les douleurs pelviennes, l'incontinence et le r\u00e9tablissement post-partum. Les physioth\u00e9rapeutes favorisent le bien-\u00eatre et aident \u00e0 g\u00e9rer les conditions qui affectent la qualit\u00e9 de vie.<\/p><p>Brochure(s) d'information sur la physioth\u00e9rapie dans le domaine de la sant\u00e9 pelvienne et f\u00e9minine<\/p>\t\t\t\t\t\t\t\t<\/div>\n\t\t\t\t<\/div>\n\t\t<div role=\"region\" aria-labelledby=\"e-n-accordion-item-2296\" class=\"elementor-element elementor-element-7ab3c5a e-con-full e-grid e-con e-child\" data-id=\"7ab3c5a\" data-element_type=\"container\" data-e-type=\"container\">\n\t\t\t\t<div class=\"elementor-element elementor-element-aea568f elementor-widget elementor-widget-image\" data-id=\"aea568f\" data-element_type=\"widget\" data-e-type=\"widget\" data-widget_type=\"image.default\">\n\t\t\t\t<div class=\"elementor-widget-container\">\n\t\t\t\t\t\t\t\t\t\t\t\t\t\t\t\t<a href=\"https:\/\/ordemdosfisioterapeutas.pt\/wp-content\/uploads\/2024\/11\/dor-lombar_gravidez_pos_parto.pdf\" target=\"_blank\">\n\t\t\t\t\t\t\t<img loading=\"lazy\" decoding=\"async\" width=\"177\" height=\"244\" src=\"https:\/\/staging.ordemdosfisioterapeutas.pt\/wp-content\/uploads\/2024\/11\/Flyer_0027_7_1.png\" class=\"attachment-large size-large wp-image-7345\" alt=\"\" srcset=\"https:\/\/staging.ordemdosfisioterapeutas.pt\/wp-content\/uploads\/2024\/11\/Flyer_0027_7_1.png 177w, https:\/\/staging.ordemdosfisioterapeutas.pt\/wp-content\/uploads\/2024\/11\/Flyer_0027_7_1-9x12.png 9w\" sizes=\"(max-width: 177px) 100vw, 177px\" \/>\t\t\t\t\t\t\t\t<\/a>\n\t\t\t\t\t\t\t\t\t\t\t\t\t\t\t<\/div>\n\t\t\t\t<\/div>\n\t\t\t\t<div class=\"elementor-element elementor-element-ad6556a elementor-widget elementor-widget-image\" data-id=\"ad6556a\" data-element_type=\"widget\" data-e-type=\"widget\" data-widget_type=\"image.default\">\n\t\t\t\t<div class=\"elementor-widget-container\">\n\t\t\t\t\t\t\t\t\t\t\t\t\t\t\t\t<a href=\"https:\/\/ordemdosfisioterapeutas.pt\/wp-content\/uploads\/2024\/11\/Fisioterapia-Saude-pelvica.pdf\" target=\"_blank\">\n\t\t\t\t\t\t\t<img loading=\"lazy\" decoding=\"async\" width=\"177\" height=\"240\" src=\"https:\/\/staging.ordemdosfisioterapeutas.pt\/wp-content\/uploads\/2024\/11\/Flyer_0028_7.png\" class=\"attachment-large size-large wp-image-7346\" alt=\"\" srcset=\"https:\/\/staging.ordemdosfisioterapeutas.pt\/wp-content\/uploads\/2024\/11\/Flyer_0028_7.png 177w, https:\/\/staging.ordemdosfisioterapeutas.pt\/wp-content\/uploads\/2024\/11\/Flyer_0028_7-9x12.png 9w\" sizes=\"(max-width: 177px) 100vw, 177px\" \/>\t\t\t\t\t\t\t\t<\/a>\n\t\t\t\t\t\t\t\t\t\t\t\t\t\t\t<\/div>\n\t\t\t\t<\/div>\n\t\t\t\t<\/div>\n\t\t\t\t\t<\/div>\n\t\t\t\t<\/div>\n\t\t\t\t\t<\/details>\n\t\t\t\t\t\t<details id=\"e-n-accordion-item-2297\" class=\"e-n-accordion-item\" >\n\t\t\t\t<summary class=\"e-n-accordion-item-title\" data-accordion-index=\"8\" tabindex=\"-1\" aria-expanded=\"false\" aria-controls=\"e-n-accordion-item-2297\" >\n\t\t\t\t\t<span class='e-n-accordion-item-title-header'><div class=\"e-n-accordion-item-title-text\"> Physioth\u00e9rapie dans les affections neurologiques <\/div><\/span>\n\t\t\t\t\t\t\t<span class='e-n-accordion-item-title-icon'>\n\t\t\t<span class='e-opened' ><i aria-hidden=\"true\" class=\"fas fa-minus\"><\/i><\/span>\n\t\t\t<span class='e-closed'><i aria-hidden=\"true\" class=\"fas fa-plus\"><\/i><\/span>\n\t\t<\/span>\n\n\t\t\t\t\t\t<\/summary>\n\t\t\t\t<div role=\"region\" aria-labelledby=\"e-n-accordion-item-2297\" class=\"elementor-element elementor-element-b2dc486 e-flex e-con-boxed e-con e-child\" data-id=\"b2dc486\" data-element_type=\"container\" data-e-type=\"container\">\n\t\t\t\t\t<div class=\"e-con-inner\">\n\t\t\t\t<div class=\"elementor-element elementor-element-0e12daa elementor-widget elementor-widget-text-editor\" data-id=\"0e12daa\" data-element_type=\"widget\" data-e-type=\"widget\" data-widget_type=\"text-editor.default\">\n\t\t\t\t<div class=\"elementor-widget-container\">\n\t\t\t\t\t\t\t\t\t<p>La physioth\u00e9rapie en neurologie r\u00e9habilite les patients atteints d'affections neurologiques telles que les accidents vasculaires c\u00e9r\u00e9braux, la maladie de Parkinson et la maladie d'Alzheimer, en les aidant \u00e0 restaurer leurs mouvements et leur fonctionnalit\u00e9. L'intervention vise l'autonomie et une meilleure qualit\u00e9 de vie.<\/p><p>Brochure(s) d'information sur la physioth\u00e9rapie en neurologie<\/p>\t\t\t\t\t\t\t\t<\/div>\n\t\t\t\t<\/div>\n\t\t<div role=\"region\" aria-labelledby=\"e-n-accordion-item-2297\" class=\"elementor-element elementor-element-4781970 e-con-full e-grid e-con e-child\" data-id=\"4781970\" data-element_type=\"container\" data-e-type=\"container\">\n\t\t\t\t<div class=\"elementor-element elementor-element-f1fb316 elementor-widget elementor-widget-image\" data-id=\"f1fb316\" data-element_type=\"widget\" data-e-type=\"widget\" data-widget_type=\"image.default\">\n\t\t\t\t<div class=\"elementor-widget-container\">\n\t\t\t\t\t\t\t\t\t\t\t\t\t\t\t\t<a href=\"https:\/\/ordemdosfisioterapeutas.pt\/wp-content\/uploads\/2024\/11\/Fisioterapia-em-neurologia.pdf\" target=\"_blank\">\n\t\t\t\t\t\t\t<img loading=\"lazy\" decoding=\"async\" width=\"177\" height=\"246\" src=\"https:\/\/staging.ordemdosfisioterapeutas.pt\/wp-content\/uploads\/2024\/11\/Flyer_0026_8.png\" class=\"attachment-large size-large wp-image-7347\" alt=\"\" srcset=\"https:\/\/staging.ordemdosfisioterapeutas.pt\/wp-content\/uploads\/2024\/11\/Flyer_0026_8.png 177w, https:\/\/staging.ordemdosfisioterapeutas.pt\/wp-content\/uploads\/2024\/11\/Flyer_0026_8-9x12.png 9w\" sizes=\"(max-width: 177px) 100vw, 177px\" \/>\t\t\t\t\t\t\t\t<\/a>\n\t\t\t\t\t\t\t\t\t\t\t\t\t\t\t<\/div>\n\t\t\t\t<\/div>\n\t\t\t\t<\/div>\n\t\t\t\t\t<\/div>\n\t\t\t\t<\/div>\n\t\t\t\t\t<\/details>\n\t\t\t\t\t\t<details id=\"e-n-accordion-item-2298\" class=\"e-n-accordion-item\" >\n\t\t\t\t<summary class=\"e-n-accordion-item-title\" data-accordion-index=\"9\" tabindex=\"-1\" aria-expanded=\"false\" aria-controls=\"e-n-accordion-item-2298\" >\n\t\t\t\t\t<span class='e-n-accordion-item-title-header'><div class=\"e-n-accordion-item-title-text\"> La physioth\u00e9rapie dans le contexte des urgences, des catastrophes et de l'action humanitaire <\/div><\/span>\n\t\t\t\t\t\t\t<span class='e-n-accordion-item-title-icon'>\n\t\t\t<span class='e-opened' ><i aria-hidden=\"true\" class=\"fas fa-minus\"><\/i><\/span>\n\t\t\t<span class='e-closed'><i aria-hidden=\"true\" class=\"fas fa-plus\"><\/i><\/span>\n\t\t<\/span>\n\n\t\t\t\t\t\t<\/summary>\n\t\t\t\t<div role=\"region\" aria-labelledby=\"e-n-accordion-item-2298\" class=\"elementor-element elementor-element-9961778 e-flex e-con-boxed e-con e-child\" data-id=\"9961778\" data-element_type=\"container\" data-e-type=\"container\">\n\t\t\t\t\t<div class=\"e-con-inner\">\n\t\t\t\t<div class=\"elementor-element elementor-element-b72f20e elementor-widget elementor-widget-text-editor\" data-id=\"b72f20e\" data-element_type=\"widget\" data-e-type=\"widget\" data-widget_type=\"text-editor.default\">\n\t\t\t\t<div class=\"elementor-widget-container\">\n\t\t\t\t\t\t\t\t\t<p>La physioth\u00e9rapie dans les situations d'urgence et de catastrophe est essentielle pour l'\u00e9valuation rapide des blessures, la r\u00e9\u00e9ducation physique et la pr\u00e9vention des complications telles que la thrombose ou les escarres. Ces professionnels font partie des \u00e9quipes m\u00e9dicales d'urgence pour garantir des r\u00e9ponses efficaces et dignes, en favorisant la r\u00e9cup\u00e9ration physique et le bien-\u00eatre psychologique des victimes dans des sc\u00e9narios critiques.<\/p><p>Brochure(s) d'information sur la physioth\u00e9rapie dans le contexte des urgences, des catastrophes et de l'action humanitaire<\/p>\t\t\t\t\t\t\t\t<\/div>\n\t\t\t\t<\/div>\n\t\t<div role=\"region\" aria-labelledby=\"e-n-accordion-item-2298\" class=\"elementor-element elementor-element-dfdb5c0 e-con-full e-grid e-con e-child\" data-id=\"dfdb5c0\" data-element_type=\"container\" data-e-type=\"container\">\n\t\t\t\t<div class=\"elementor-element elementor-element-5a0b6cc elementor-widget elementor-widget-image\" data-id=\"5a0b6cc\" data-element_type=\"widget\" data-e-type=\"widget\" data-widget_type=\"image.default\">\n\t\t\t\t<div class=\"elementor-widget-container\">\n\t\t\t\t\t\t\t\t\t\t\t\t\t\t\t\t<a href=\"https:\/\/ordemdosfisioterapeutas.pt\/wp-content\/uploads\/2024\/11\/cuidados-peregrinacao.pdf\" target=\"_blank\">\n\t\t\t\t\t\t\t<img loading=\"lazy\" decoding=\"async\" width=\"173\" height=\"246\" src=\"https:\/\/staging.ordemdosfisioterapeutas.pt\/wp-content\/uploads\/2024\/11\/Flyer_0024_9_1.png\" class=\"attachment-large size-large wp-image-7348\" alt=\"\" srcset=\"https:\/\/staging.ordemdosfisioterapeutas.pt\/wp-content\/uploads\/2024\/11\/Flyer_0024_9_1.png 173w, https:\/\/staging.ordemdosfisioterapeutas.pt\/wp-content\/uploads\/2024\/11\/Flyer_0024_9_1-8x12.png 8w\" sizes=\"(max-width: 173px) 100vw, 173px\" \/>\t\t\t\t\t\t\t\t<\/a>\n\t\t\t\t\t\t\t\t\t\t\t\t\t\t\t<\/div>\n\t\t\t\t<\/div>\n\t\t\t\t<div class=\"elementor-element elementor-element-9edfe21 elementor-widget elementor-widget-image\" data-id=\"9edfe21\" data-element_type=\"widget\" data-e-type=\"widget\" data-widget_type=\"image.default\">\n\t\t\t\t<div class=\"elementor-widget-container\">\n\t\t\t\t\t\t\t\t\t\t\t\t\t\t\t\t<a href=\"https:\/\/ordemdosfisioterapeutas.pt\/wp-content\/uploads\/2024\/11\/Fisioterapia-kit-emergencia-familiar.pdf\" target=\"_blank\">\n\t\t\t\t\t\t\t<img loading=\"lazy\" decoding=\"async\" width=\"177\" height=\"246\" src=\"https:\/\/staging.ordemdosfisioterapeutas.pt\/wp-content\/uploads\/2024\/11\/Flyer_0025_9.png\" class=\"attachment-large size-large wp-image-7349\" alt=\"\" srcset=\"https:\/\/staging.ordemdosfisioterapeutas.pt\/wp-content\/uploads\/2024\/11\/Flyer_0025_9.png 177w, https:\/\/staging.ordemdosfisioterapeutas.pt\/wp-content\/uploads\/2024\/11\/Flyer_0025_9-9x12.png 9w\" sizes=\"(max-width: 177px) 100vw, 177px\" \/>\t\t\t\t\t\t\t\t<\/a>\n\t\t\t\t\t\t\t\t\t\t\t\t\t\t\t<\/div>\n\t\t\t\t<\/div>\n\t\t\t\t<\/div>\n\t\t\t\t\t<\/div>\n\t\t\t\t<\/div>\n\t\t\t\t\t<\/details>\n\t\t\t\t\t\t<details id=\"e-n-accordion-item-2299\" class=\"e-n-accordion-item\" >\n\t\t\t\t<summary class=\"e-n-accordion-item-title\" data-accordion-index=\"10\" tabindex=\"-1\" aria-expanded=\"false\" aria-controls=\"e-n-accordion-item-2299\" >\n\t\t\t\t\t<span class='e-n-accordion-item-title-header'><div class=\"e-n-accordion-item-title-text\"> Physioth\u00e9rapie en p\u00e9diatrie <\/div><\/span>\n\t\t\t\t\t\t\t<span class='e-n-accordion-item-title-icon'>\n\t\t\t<span class='e-opened' ><i aria-hidden=\"true\" class=\"fas fa-minus\"><\/i><\/span>\n\t\t\t<span class='e-closed'><i aria-hidden=\"true\" class=\"fas fa-plus\"><\/i><\/span>\n\t\t<\/span>\n\n\t\t\t\t\t\t<\/summary>\n\t\t\t\t<div role=\"region\" aria-labelledby=\"e-n-accordion-item-2299\" class=\"elementor-element elementor-element-e547f1f e-flex e-con-boxed e-con e-child\" data-id=\"e547f1f\" data-element_type=\"container\" data-e-type=\"container\">\n\t\t\t\t\t<div class=\"e-con-inner\">\n\t\t\t\t<div class=\"elementor-element elementor-element-2f53f2b elementor-widget elementor-widget-text-editor\" data-id=\"2f53f2b\" data-element_type=\"widget\" data-e-type=\"widget\" data-widget_type=\"text-editor.default\">\n\t\t\t\t<div class=\"elementor-widget-container\">\n\t\t\t\t\t\t\t\t\t<p>La physioth\u00e9rapie p\u00e9diatrique traite les pathologies qui affectent le d\u00e9veloppement moteur des enfants, en utilisant des strat\u00e9gies ludiques et cr\u00e9atives. Elle se concentre sur la mobilit\u00e9, la fonctionnalit\u00e9 et la qualit\u00e9 de vie, avec la participation active des familles.<\/p><p>Brochure(s) d'information sur la physioth\u00e9rapie en p\u00e9diatrie<\/p>\t\t\t\t\t\t\t\t<\/div>\n\t\t\t\t<\/div>\n\t\t<div role=\"region\" aria-labelledby=\"e-n-accordion-item-2299\" class=\"elementor-element elementor-element-6c44da2 e-con-full e-grid e-con e-child\" data-id=\"6c44da2\" data-element_type=\"container\" data-e-type=\"container\">\n\t\t\t\t<div class=\"elementor-element elementor-element-4b52643 elementor-widget elementor-widget-image\" data-id=\"4b52643\" data-element_type=\"widget\" data-e-type=\"widget\" data-widget_type=\"image.default\">\n\t\t\t\t<div class=\"elementor-widget-container\">\n\t\t\t\t\t\t\t\t\t\t\t\t\t\t\t\t<a href=\"https:\/\/ordemdosfisioterapeutas.pt\/wp-content\/uploads\/2024\/11\/Fisioterapia-em-pediatria.pdf\" target=\"_blank\">\n\t\t\t\t\t\t\t<img loading=\"lazy\" decoding=\"async\" width=\"177\" height=\"246\" src=\"https:\/\/staging.ordemdosfisioterapeutas.pt\/wp-content\/uploads\/2024\/11\/Flyer_0023_10.png\" class=\"attachment-large size-large wp-image-7350\" alt=\"\" srcset=\"https:\/\/staging.ordemdosfisioterapeutas.pt\/wp-content\/uploads\/2024\/11\/Flyer_0023_10.png 177w, https:\/\/staging.ordemdosfisioterapeutas.pt\/wp-content\/uploads\/2024\/11\/Flyer_0023_10-9x12.png 9w\" sizes=\"(max-width: 177px) 100vw, 177px\" \/>\t\t\t\t\t\t\t\t<\/a>\n\t\t\t\t\t\t\t\t\t\t\t\t\t\t\t<\/div>\n\t\t\t\t<\/div>\n\t\t\t\t<\/div>\n\t\t\t\t\t<\/div>\n\t\t\t\t<\/div>\n\t\t\t\t\t<\/details>\n\t\t\t\t\t\t<details id=\"e-n-accordion-item-22910\" class=\"e-n-accordion-item\" >\n\t\t\t\t<summary class=\"e-n-accordion-item-title\" data-accordion-index=\"11\" tabindex=\"-1\" aria-expanded=\"false\" aria-controls=\"e-n-accordion-item-22910\" >\n\t\t\t\t\t<span class='e-n-accordion-item-title-header'><div class=\"e-n-accordion-item-title-text\"> Physioth\u00e9rapie dermatofonctionnelle <\/div><\/span>\n\t\t\t\t\t\t\t<span class='e-n-accordion-item-title-icon'>\n\t\t\t<span class='e-opened' ><i aria-hidden=\"true\" class=\"fas fa-minus\"><\/i><\/span>\n\t\t\t<span class='e-closed'><i aria-hidden=\"true\" class=\"fas fa-plus\"><\/i><\/span>\n\t\t<\/span>\n\n\t\t\t\t\t\t<\/summary>\n\t\t\t\t<div role=\"region\" aria-labelledby=\"e-n-accordion-item-22910\" class=\"elementor-element elementor-element-2b37164 e-flex e-con-boxed e-con e-child\" data-id=\"2b37164\" data-element_type=\"container\" data-e-type=\"container\">\n\t\t\t\t\t<div class=\"e-con-inner\">\n\t\t\t\t<div class=\"elementor-element elementor-element-8d5e81f elementor-widget elementor-widget-text-editor\" data-id=\"8d5e81f\" data-element_type=\"widget\" data-e-type=\"widget\" data-widget_type=\"text-editor.default\">\n\t\t\t\t<div class=\"elementor-widget-container\">\n\t\t\t\t\t\t\t\t\t<p>La physioth\u00e9rapie dermatofonctionnelle traite les dysfonctionnements du syst\u00e8me t\u00e9gumentaire, tels que les cicatrices et les br\u00fblures, en favorisant la r\u00e9cup\u00e9ration de la fonctionnalit\u00e9 et de l'estime de soi. Elle utilise des techniques avanc\u00e9es pour la r\u00e9\u00e9ducation pr\u00e9- et post-chirurgicale.<\/p><p>Brochure(s) d'information sur la physioth\u00e9rapie d\u00e9matofonctionnelle<\/p>\t\t\t\t\t\t\t\t<\/div>\n\t\t\t\t<\/div>\n\t\t<div role=\"region\" aria-labelledby=\"e-n-accordion-item-22910\" class=\"elementor-element elementor-element-49e2f78 e-con-full e-grid e-con e-child\" data-id=\"49e2f78\" data-element_type=\"container\" data-e-type=\"container\">\n\t\t\t\t<div class=\"elementor-element elementor-element-7885745 elementor-widget elementor-widget-image\" data-id=\"7885745\" data-element_type=\"widget\" data-e-type=\"widget\" data-widget_type=\"image.default\">\n\t\t\t\t<div class=\"elementor-widget-container\">\n\t\t\t\t\t\t\t\t\t\t\t\t\t\t\t\t<a href=\"https:\/\/ordemdosfisioterapeutas.pt\/wp-content\/uploads\/2024\/11\/Fisioterapia-dermatofuncional.pdf\" target=\"_blank\">\n\t\t\t\t\t\t\t<img loading=\"lazy\" decoding=\"async\" width=\"177\" height=\"246\" src=\"https:\/\/staging.ordemdosfisioterapeutas.pt\/wp-content\/uploads\/2024\/11\/Flyer_0022_11.png\" class=\"attachment-large size-large wp-image-7351\" alt=\"\" srcset=\"https:\/\/staging.ordemdosfisioterapeutas.pt\/wp-content\/uploads\/2024\/11\/Flyer_0022_11.png 177w, https:\/\/staging.ordemdosfisioterapeutas.pt\/wp-content\/uploads\/2024\/11\/Flyer_0022_11-9x12.png 9w\" sizes=\"(max-width: 177px) 100vw, 177px\" \/>\t\t\t\t\t\t\t\t<\/a>\n\t\t\t\t\t\t\t\t\t\t\t\t\t\t\t<\/div>\n\t\t\t\t<\/div>\n\t\t\t\t<\/div>\n\t\t\t\t\t<\/div>\n\t\t\t\t<\/div>\n\t\t\t\t\t<\/details>\n\t\t\t\t\t\t<details id=\"e-n-accordion-item-22911\" class=\"e-n-accordion-item\" >\n\t\t\t\t<summary class=\"e-n-accordion-item-title\" data-accordion-index=\"12\" tabindex=\"-1\" aria-expanded=\"false\" aria-controls=\"e-n-accordion-item-22911\" >\n\t\t\t\t\t<span class='e-n-accordion-item-title-header'><div class=\"e-n-accordion-item-title-text\"> Physioth\u00e9rapie en sant\u00e9 publique <\/div><\/span>\n\t\t\t\t\t\t\t<span class='e-n-accordion-item-title-icon'>\n\t\t\t<span class='e-opened' ><i aria-hidden=\"true\" class=\"fas fa-minus\"><\/i><\/span>\n\t\t\t<span class='e-closed'><i aria-hidden=\"true\" class=\"fas fa-plus\"><\/i><\/span>\n\t\t<\/span>\n\n\t\t\t\t\t\t<\/summary>\n\t\t\t\t<div role=\"region\" aria-labelledby=\"e-n-accordion-item-22911\" class=\"elementor-element elementor-element-a5f15c1 e-flex e-con-boxed e-con e-child\" data-id=\"a5f15c1\" data-element_type=\"container\" data-e-type=\"container\">\n\t\t\t\t\t<div class=\"e-con-inner\">\n\t\t\t\t<div class=\"elementor-element elementor-element-62c2fd0 elementor-widget elementor-widget-text-editor\" data-id=\"62c2fd0\" data-element_type=\"widget\" data-e-type=\"widget\" data-widget_type=\"text-editor.default\">\n\t\t\t\t<div class=\"elementor-widget-container\">\n\t\t\t\t\t\t\t\t\t<p>La physioth\u00e9rapie en sant\u00e9 publique promeut la sant\u00e9 des populations en pr\u00e9venant les maladies et en r\u00e9duisant les risques. Les physioth\u00e9rapeutes planifient et mettent en \u0153uvre des programmes d'activit\u00e9 physique et d'\u00e9ducation afin d'am\u00e9liorer la qualit\u00e9 des ann\u00e9es v\u00e9cues.<\/p><p>Brochure(s) d'information sur la physioth\u00e9rapie dans la sant\u00e9 publique<\/p>\t\t\t\t\t\t\t\t<\/div>\n\t\t\t\t<\/div>\n\t\t<div role=\"region\" aria-labelledby=\"e-n-accordion-item-22911\" class=\"elementor-element elementor-element-2df50c2 e-con-full e-grid e-con e-child\" data-id=\"2df50c2\" data-element_type=\"container\" data-e-type=\"container\">\n\t\t\t\t<div class=\"elementor-element elementor-element-2f0ae68 elementor-widget elementor-widget-image\" data-id=\"2f0ae68\" data-element_type=\"widget\" data-e-type=\"widget\" data-widget_type=\"image.default\">\n\t\t\t\t<div class=\"elementor-widget-container\">\n\t\t\t\t\t\t\t\t\t\t\t\t\t\t\t\t<a href=\"https:\/\/ordemdosfisioterapeutas.pt\/wp-content\/uploads\/2024\/11\/ativ_fisica_02.pdf\" target=\"_blank\">\n\t\t\t\t\t\t\t<img loading=\"lazy\" decoding=\"async\" width=\"177\" height=\"246\" src=\"https:\/\/staging.ordemdosfisioterapeutas.pt\/wp-content\/uploads\/2024\/11\/Flyer_0024_12_4.png\" class=\"attachment-large size-large wp-image-7392\" alt=\"\" srcset=\"https:\/\/staging.ordemdosfisioterapeutas.pt\/wp-content\/uploads\/2024\/11\/Flyer_0024_12_4.png 177w, https:\/\/staging.ordemdosfisioterapeutas.pt\/wp-content\/uploads\/2024\/11\/Flyer_0024_12_4-9x12.png 9w\" sizes=\"(max-width: 177px) 100vw, 177px\" \/>\t\t\t\t\t\t\t\t<\/a>\n\t\t\t\t\t\t\t\t\t\t\t\t\t\t\t<\/div>\n\t\t\t\t<\/div>\n\t\t\t\t<div class=\"elementor-element elementor-element-a0731d3 elementor-widget elementor-widget-image\" data-id=\"a0731d3\" data-element_type=\"widget\" data-e-type=\"widget\" data-widget_type=\"image.default\">\n\t\t\t\t<div class=\"elementor-widget-container\">\n\t\t\t\t\t\t\t\t\t\t\t\t\t\t\t\t<a href=\"https:\/\/ordemdosfisioterapeutas.pt\/wp-content\/uploads\/2024\/11\/ativ_fisica_03.pdf\" target=\"_blank\">\n\t\t\t\t\t\t\t<img loading=\"lazy\" decoding=\"async\" width=\"175\" height=\"246\" src=\"https:\/\/staging.ordemdosfisioterapeutas.pt\/wp-content\/uploads\/2024\/11\/Flyer_0025_12_3.png\" class=\"attachment-large size-large wp-image-7393\" alt=\"\" srcset=\"https:\/\/staging.ordemdosfisioterapeutas.pt\/wp-content\/uploads\/2024\/11\/Flyer_0025_12_3.png 175w, https:\/\/staging.ordemdosfisioterapeutas.pt\/wp-content\/uploads\/2024\/11\/Flyer_0025_12_3-9x12.png 9w\" sizes=\"(max-width: 175px) 100vw, 175px\" \/>\t\t\t\t\t\t\t\t<\/a>\n\t\t\t\t\t\t\t\t\t\t\t\t\t\t\t<\/div>\n\t\t\t\t<\/div>\n\t\t\t\t<div class=\"elementor-element elementor-element-a26c4fb elementor-widget elementor-widget-image\" data-id=\"a26c4fb\" data-element_type=\"widget\" data-e-type=\"widget\" data-widget_type=\"image.default\">\n\t\t\t\t<div class=\"elementor-widget-container\">\n\t\t\t\t\t\t\t\t\t\t\t\t\t\t\t\t<a href=\"https:\/\/ordemdosfisioterapeutas.pt\/wp-content\/uploads\/2024\/11\/ativ_fisica_04.pdf\" target=\"_blank\">\n\t\t\t\t\t\t\t<img loading=\"lazy\" decoding=\"async\" width=\"173\" height=\"246\" src=\"https:\/\/staging.ordemdosfisioterapeutas.pt\/wp-content\/uploads\/2024\/11\/Flyer_0026_12_2.png\" class=\"attachment-large size-large wp-image-7394\" alt=\"\" srcset=\"https:\/\/staging.ordemdosfisioterapeutas.pt\/wp-content\/uploads\/2024\/11\/Flyer_0026_12_2.png 173w, https:\/\/staging.ordemdosfisioterapeutas.pt\/wp-content\/uploads\/2024\/11\/Flyer_0026_12_2-8x12.png 8w\" sizes=\"(max-width: 173px) 100vw, 173px\" \/>\t\t\t\t\t\t\t\t<\/a>\n\t\t\t\t\t\t\t\t\t\t\t\t\t\t\t<\/div>\n\t\t\t\t<\/div>\n\t\t\t\t<div class=\"elementor-element elementor-element-172ea70 elementor-widget elementor-widget-image\" data-id=\"172ea70\" data-element_type=\"widget\" data-e-type=\"widget\" data-widget_type=\"image.default\">\n\t\t\t\t<div class=\"elementor-widget-container\">\n\t\t\t\t\t\t\t\t\t\t\t\t\t\t\t\t<a href=\"https:\/\/ordemdosfisioterapeutas.pt\/wp-content\/uploads\/2024\/11\/ativ_fisica_01.pdf\" target=\"_blank\">\n\t\t\t\t\t\t\t<img loading=\"lazy\" decoding=\"async\" width=\"174\" height=\"246\" src=\"https:\/\/staging.ordemdosfisioterapeutas.pt\/wp-content\/uploads\/2024\/11\/Flyer_0027_12_1.png\" class=\"attachment-large size-large wp-image-7395\" alt=\"\" srcset=\"https:\/\/staging.ordemdosfisioterapeutas.pt\/wp-content\/uploads\/2024\/11\/Flyer_0027_12_1.png 174w, https:\/\/staging.ordemdosfisioterapeutas.pt\/wp-content\/uploads\/2024\/11\/Flyer_0027_12_1-8x12.png 8w\" sizes=\"(max-width: 174px) 100vw, 174px\" \/>\t\t\t\t\t\t\t\t<\/a>\n\t\t\t\t\t\t\t\t\t\t\t\t\t\t\t<\/div>\n\t\t\t\t<\/div>\n\t\t\t\t<div class=\"elementor-element elementor-element-fdaacd9 elementor-widget elementor-widget-image\" data-id=\"fdaacd9\" data-element_type=\"widget\" data-e-type=\"widget\" data-widget_type=\"image.default\">\n\t\t\t\t<div class=\"elementor-widget-container\">\n\t\t\t\t\t\t\t\t\t\t\t\t\t\t\t\t<a href=\"https:\/\/ordemdosfisioterapeutas.pt\/wp-content\/uploads\/2024\/11\/Fisioterapia-em-saude-publica.pdf\" target=\"_blank\">\n\t\t\t\t\t\t\t<img loading=\"lazy\" decoding=\"async\" width=\"176\" height=\"246\" src=\"https:\/\/staging.ordemdosfisioterapeutas.pt\/wp-content\/uploads\/2024\/11\/Flyer_0028_12-1.png\" class=\"attachment-large size-large wp-image-7397\" alt=\"\" srcset=\"https:\/\/staging.ordemdosfisioterapeutas.pt\/wp-content\/uploads\/2024\/11\/Flyer_0028_12-1.png 176w, https:\/\/staging.ordemdosfisioterapeutas.pt\/wp-content\/uploads\/2024\/11\/Flyer_0028_12-1-9x12.png 9w\" sizes=\"(max-width: 176px) 100vw, 176px\" \/>\t\t\t\t\t\t\t\t<\/a>\n\t\t\t\t\t\t\t\t\t\t\t\t\t\t\t<\/div>\n\t\t\t\t<\/div>\n\t\t\t\t<\/div>\n\t\t\t\t\t<\/div>\n\t\t\t\t<\/div>\n\t\t\t\t\t<\/details>\n\t\t\t\t\t\t<details id=\"e-n-accordion-item-22912\" class=\"e-n-accordion-item\" >\n\t\t\t\t<summary class=\"e-n-accordion-item-title\" data-accordion-index=\"13\" tabindex=\"-1\" aria-expanded=\"false\" aria-controls=\"e-n-accordion-item-22912\" >\n\t\t\t\t\t<span class='e-n-accordion-item-title-header'><div class=\"e-n-accordion-item-title-text\"> Physioth\u00e9rapie dans le domaine de la sant\u00e9 au travail et de l'ergonomie <\/div><\/span>\n\t\t\t\t\t\t\t<span class='e-n-accordion-item-title-icon'>\n\t\t\t<span class='e-opened' ><i aria-hidden=\"true\" class=\"fas fa-minus\"><\/i><\/span>\n\t\t\t<span class='e-closed'><i aria-hidden=\"true\" class=\"fas fa-plus\"><\/i><\/span>\n\t\t<\/span>\n\n\t\t\t\t\t\t<\/summary>\n\t\t\t\t<div role=\"region\" aria-labelledby=\"e-n-accordion-item-22912\" class=\"elementor-element elementor-element-6c49f15 e-flex e-con-boxed e-con e-child\" data-id=\"6c49f15\" data-element_type=\"container\" data-e-type=\"container\">\n\t\t\t\t\t<div class=\"e-con-inner\">\n\t\t\t\t<div class=\"elementor-element elementor-element-e102dc4 elementor-widget elementor-widget-text-editor\" data-id=\"e102dc4\" data-element_type=\"widget\" data-e-type=\"widget\" data-widget_type=\"text-editor.default\">\n\t\t\t\t<div class=\"elementor-widget-container\">\n\t\t\t\t\t\t\t\t\t<p>La physioth\u00e9rapie dans le domaine de la sant\u00e9 au travail permet de pr\u00e9venir les blessures sur le lieu de travail et de promouvoir des environnements s\u00fbrs et sains. L'intervention r\u00e9duit l'absent\u00e9isme et am\u00e9liore la productivit\u00e9, garantissant le bien-\u00eatre des travailleurs.<\/p><p>Brochure(s) d'information sur la physioth\u00e9rapie dans le domaine de la sant\u00e9 au travail et de l'ergonomie<\/p>\t\t\t\t\t\t\t\t<\/div>\n\t\t\t\t<\/div>\n\t\t<div role=\"region\" aria-labelledby=\"e-n-accordion-item-22912\" class=\"elementor-element elementor-element-3de08e9 e-con-full e-grid e-con e-child\" data-id=\"3de08e9\" data-element_type=\"container\" data-e-type=\"container\">\n\t\t\t\t<div class=\"elementor-element elementor-element-2fd7ae4 elementor-widget elementor-widget-image\" data-id=\"2fd7ae4\" data-element_type=\"widget\" data-e-type=\"widget\" data-widget_type=\"image.default\">\n\t\t\t\t<div class=\"elementor-widget-container\">\n\t\t\t\t\t\t\t\t\t\t\t\t\t\t\t\t<a href=\"https:\/\/ordemdosfisioterapeutas.pt\/wp-content\/uploads\/2024\/11\/Fisioterapia-saude-ocupacional.pdf\" target=\"_blank\">\n\t\t\t\t\t\t\t<img loading=\"lazy\" decoding=\"async\" width=\"177\" height=\"244\" src=\"https:\/\/staging.ordemdosfisioterapeutas.pt\/wp-content\/uploads\/2024\/11\/Flyer_0020_13.png\" class=\"attachment-large size-large wp-image-7352\" alt=\"\" srcset=\"https:\/\/staging.ordemdosfisioterapeutas.pt\/wp-content\/uploads\/2024\/11\/Flyer_0020_13.png 177w, https:\/\/staging.ordemdosfisioterapeutas.pt\/wp-content\/uploads\/2024\/11\/Flyer_0020_13-9x12.png 9w\" sizes=\"(max-width: 177px) 100vw, 177px\" \/>\t\t\t\t\t\t\t\t<\/a>\n\t\t\t\t\t\t\t\t\t\t\t\t\t\t\t<\/div>\n\t\t\t\t<\/div>\n\t\t\t\t<\/div>\n\t\t\t\t\t<\/div>\n\t\t\t\t<\/div>\n\t\t\t\t\t<\/details>\n\t\t\t\t\t\t<details id=\"e-n-accordion-item-22913\" class=\"e-n-accordion-item\" >\n\t\t\t\t<summary class=\"e-n-accordion-item-title\" data-accordion-index=\"14\" tabindex=\"-1\" aria-expanded=\"false\" aria-controls=\"e-n-accordion-item-22913\" >\n\t\t\t\t\t<span class='e-n-accordion-item-title-header'><div class=\"e-n-accordion-item-title-text\"> Physioth\u00e9rapie pour les troubles musculo-squelettiques <\/div><\/span>\n\t\t\t\t\t\t\t<span class='e-n-accordion-item-title-icon'>\n\t\t\t<span class='e-opened' ><i aria-hidden=\"true\" class=\"fas fa-minus\"><\/i><\/span>\n\t\t\t<span class='e-closed'><i aria-hidden=\"true\" class=\"fas fa-plus\"><\/i><\/span>\n\t\t<\/span>\n\n\t\t\t\t\t\t<\/summary>\n\t\t\t\t<div role=\"region\" aria-labelledby=\"e-n-accordion-item-22913\" class=\"elementor-element elementor-element-a0f52ed e-flex e-con-boxed e-con e-child\" data-id=\"a0f52ed\" data-element_type=\"container\" data-e-type=\"container\">\n\t\t\t\t\t<div class=\"e-con-inner\">\n\t\t\t\t<div class=\"elementor-element elementor-element-c9b6faa elementor-widget elementor-widget-text-editor\" data-id=\"c9b6faa\" data-element_type=\"widget\" data-e-type=\"widget\" data-widget_type=\"text-editor.default\">\n\t\t\t\t<div class=\"elementor-widget-container\">\n\t\t\t\t\t\t\t\t\t<p>Ce domaine d'intervention traite les affections touchant les os, les muscles et les articulations, en favorisant la r\u00e9duction de la douleur et la r\u00e9cup\u00e9ration fonctionnelle. La physioth\u00e9rapie musculo-squelettique am\u00e9liore la mobilit\u00e9 et la qualit\u00e9 de vie \u00e0 tout \u00e2ge.<\/p><p>Brochure(s) d'information sur la physioth\u00e9rapie musculo-squelettique<\/p>\t\t\t\t\t\t\t\t<\/div>\n\t\t\t\t<\/div>\n\t\t<div role=\"region\" aria-labelledby=\"e-n-accordion-item-22913\" class=\"elementor-element elementor-element-ddae4a1 e-con-full e-grid e-con e-child\" data-id=\"ddae4a1\" data-element_type=\"container\" data-e-type=\"container\">\n\t\t\t\t<div class=\"elementor-element elementor-element-342bc88 elementor-widget elementor-widget-image\" data-id=\"342bc88\" data-element_type=\"widget\" data-e-type=\"widget\" data-widget_type=\"image.default\">\n\t\t\t\t<div class=\"elementor-widget-container\">\n\t\t\t\t\t\t\t\t\t\t\t\t\t\t\t\t<a href=\"https:\/\/ordemdosfisioterapeutas.pt\/wp-content\/uploads\/2024\/11\/WPTD2023-Rollerbanner1-800x2000-Final_PortugueseEuropean_0.pdf\" target=\"_blank\">\n\t\t\t\t\t\t\t<img loading=\"lazy\" decoding=\"async\" width=\"101\" height=\"246\" src=\"https:\/\/staging.ordemdosfisioterapeutas.pt\/wp-content\/uploads\/2024\/11\/Flyer_0005_14_14.png\" class=\"attachment-large size-large wp-image-7353\" alt=\"\" srcset=\"https:\/\/staging.ordemdosfisioterapeutas.pt\/wp-content\/uploads\/2024\/11\/Flyer_0005_14_14.png 101w, https:\/\/staging.ordemdosfisioterapeutas.pt\/wp-content\/uploads\/2024\/11\/Flyer_0005_14_14-5x12.png 5w\" sizes=\"(max-width: 101px) 100vw, 101px\" \/>\t\t\t\t\t\t\t\t<\/a>\n\t\t\t\t\t\t\t\t\t\t\t\t\t\t\t<\/div>\n\t\t\t\t<\/div>\n\t\t\t\t<div class=\"elementor-element elementor-element-2fa0c10 elementor-widget elementor-widget-image\" data-id=\"2fa0c10\" data-element_type=\"widget\" data-e-type=\"widget\" data-widget_type=\"image.default\">\n\t\t\t\t<div class=\"elementor-widget-container\">\n\t\t\t\t\t\t\t\t\t\t\t\t\t\t\t\t<a href=\"https:\/\/ordemdosfisioterapeutas.pt\/wp-content\/uploads\/2024\/11\/WPTD2024-Rollerbanner2-800x2000-1.pdf\" target=\"_blank\">\n\t\t\t\t\t\t\t<img loading=\"lazy\" decoding=\"async\" width=\"177\" height=\"246\" src=\"https:\/\/staging.ordemdosfisioterapeutas.pt\/wp-content\/uploads\/2024\/11\/Flyer_0005_14_15.png\" class=\"attachment-large size-large wp-image-7381\" alt=\"\" srcset=\"https:\/\/staging.ordemdosfisioterapeutas.pt\/wp-content\/uploads\/2024\/11\/Flyer_0005_14_15.png 177w, https:\/\/staging.ordemdosfisioterapeutas.pt\/wp-content\/uploads\/2024\/11\/Flyer_0005_14_15-9x12.png 9w\" sizes=\"(max-width: 177px) 100vw, 177px\" \/>\t\t\t\t\t\t\t\t<\/a>\n\t\t\t\t\t\t\t\t\t\t\t\t\t\t\t<\/div>\n\t\t\t\t<\/div>\n\t\t\t\t<div class=\"elementor-element elementor-element-617905b elementor-widget elementor-widget-image\" data-id=\"617905b\" data-element_type=\"widget\" data-e-type=\"widget\" data-widget_type=\"image.default\">\n\t\t\t\t<div class=\"elementor-widget-container\">\n\t\t\t\t\t\t\t\t\t\t\t\t\t\t\t\t<a href=\"https:\/\/ordemdosfisioterapeutas.pt\/wp-content\/uploads\/2024\/11\/WPTD2024-Rollerbanner1-800x2000-1.pdf\" target=\"_blank\">\n\t\t\t\t\t\t\t<img loading=\"lazy\" decoding=\"async\" width=\"177\" height=\"246\" src=\"https:\/\/staging.ordemdosfisioterapeutas.pt\/wp-content\/uploads\/2024\/11\/Flyer_0005_14_16.png\" class=\"attachment-large size-large wp-image-7382\" alt=\"\" srcset=\"https:\/\/staging.ordemdosfisioterapeutas.pt\/wp-content\/uploads\/2024\/11\/Flyer_0005_14_16.png 177w, https:\/\/staging.ordemdosfisioterapeutas.pt\/wp-content\/uploads\/2024\/11\/Flyer_0005_14_16-9x12.png 9w\" sizes=\"(max-width: 177px) 100vw, 177px\" \/>\t\t\t\t\t\t\t\t<\/a>\n\t\t\t\t\t\t\t\t\t\t\t\t\t\t\t<\/div>\n\t\t\t\t<\/div>\n\t\t\t\t<div class=\"elementor-element elementor-element-f456cfb elementor-widget elementor-widget-image\" data-id=\"f456cfb\" data-element_type=\"widget\" data-e-type=\"widget\" data-widget_type=\"image.default\">\n\t\t\t\t<div class=\"elementor-widget-container\">\n\t\t\t\t\t\t\t\t\t\t\t\t\t\t\t\t<a href=\"https:\/\/ordemdosfisioterapeutas.pt\/wp-content\/uploads\/2024\/11\/fazer-exercicio-com-artrite.pdf\" target=\"_blank\">\n\t\t\t\t\t\t\t<img loading=\"lazy\" decoding=\"async\" width=\"177\" height=\"246\" src=\"https:\/\/staging.ordemdosfisioterapeutas.pt\/wp-content\/uploads\/2024\/11\/Flyer_0005_14_17.png\" class=\"attachment-large size-large wp-image-7383\" alt=\"\" srcset=\"https:\/\/staging.ordemdosfisioterapeutas.pt\/wp-content\/uploads\/2024\/11\/Flyer_0005_14_17.png 177w, https:\/\/staging.ordemdosfisioterapeutas.pt\/wp-content\/uploads\/2024\/11\/Flyer_0005_14_17-9x12.png 9w\" sizes=\"(max-width: 177px) 100vw, 177px\" \/>\t\t\t\t\t\t\t\t<\/a>\n\t\t\t\t\t\t\t\t\t\t\t\t\t\t\t<\/div>\n\t\t\t\t<\/div>\n\t\t\t\t<div class=\"elementor-element elementor-element-f8fa148 elementor-widget elementor-widget-image\" data-id=\"f8fa148\" data-element_type=\"widget\" data-e-type=\"widget\" data-widget_type=\"image.default\">\n\t\t\t\t<div class=\"elementor-widget-container\">\n\t\t\t\t\t\t\t\t\t\t\t\t\t\t\t\t<a href=\"https:\/\/ordemdosfisioterapeutas.pt\/wp-content\/uploads\/2024\/11\/WPTD2023-Rollerbanner2-800x2000-Final_PortugueseEuropean_0.pdf\" target=\"_blank\">\n\t\t\t\t\t\t\t<img loading=\"lazy\" decoding=\"async\" width=\"103\" height=\"246\" src=\"https:\/\/staging.ordemdosfisioterapeutas.pt\/wp-content\/uploads\/2024\/11\/Flyer_0006_14_13.png\" class=\"attachment-large size-large wp-image-7354\" alt=\"\" srcset=\"https:\/\/staging.ordemdosfisioterapeutas.pt\/wp-content\/uploads\/2024\/11\/Flyer_0006_14_13.png 103w, https:\/\/staging.ordemdosfisioterapeutas.pt\/wp-content\/uploads\/2024\/11\/Flyer_0006_14_13-5x12.png 5w\" sizes=\"(max-width: 103px) 100vw, 103px\" \/>\t\t\t\t\t\t\t\t<\/a>\n\t\t\t\t\t\t\t\t\t\t\t\t\t\t\t<\/div>\n\t\t\t\t<\/div>\n\t\t\t\t<div class=\"elementor-element elementor-element-cd00990 elementor-widget elementor-widget-image\" data-id=\"cd00990\" data-element_type=\"widget\" data-e-type=\"widget\" data-widget_type=\"image.default\">\n\t\t\t\t<div class=\"elementor-widget-container\">\n\t\t\t\t\t\t\t\t\t\t\t\t\t\t\t\t<a href=\"https:\/\/ordemdosfisioterapeutas.pt\/wp-content\/uploads\/2024\/11\/WPTD2024-InfoSheet3-A4_PORTUGUESE-V2.pdf\" target=\"_blank\">\n\t\t\t\t\t\t\t<img loading=\"lazy\" decoding=\"async\" width=\"175\" height=\"246\" src=\"https:\/\/staging.ordemdosfisioterapeutas.pt\/wp-content\/uploads\/2024\/11\/Flyer_0007_14_12.png\" class=\"attachment-large size-large wp-image-7355\" alt=\"\" srcset=\"https:\/\/staging.ordemdosfisioterapeutas.pt\/wp-content\/uploads\/2024\/11\/Flyer_0007_14_12.png 175w, https:\/\/staging.ordemdosfisioterapeutas.pt\/wp-content\/uploads\/2024\/11\/Flyer_0007_14_12-9x12.png 9w\" sizes=\"(max-width: 175px) 100vw, 175px\" \/>\t\t\t\t\t\t\t\t<\/a>\n\t\t\t\t\t\t\t\t\t\t\t\t\t\t\t<\/div>\n\t\t\t\t<\/div>\n\t\t\t\t<div class=\"elementor-element elementor-element-bded7f7 elementor-widget elementor-widget-image\" data-id=\"bded7f7\" data-element_type=\"widget\" data-e-type=\"widget\" data-widget_type=\"image.default\">\n\t\t\t\t<div class=\"elementor-widget-container\">\n\t\t\t\t\t\t\t\t\t\t\t\t\t\t\t\t<a href=\"https:\/\/ordemdosfisioterapeutas.pt\/wp-content\/uploads\/2024\/11\/WPTD2024-InfoSheet4-A4_PORTUGUESE-V2.pdf\" target=\"_blank\">\n\t\t\t\t\t\t\t<img loading=\"lazy\" decoding=\"async\" width=\"177\" height=\"242\" src=\"https:\/\/staging.ordemdosfisioterapeutas.pt\/wp-content\/uploads\/2024\/11\/Flyer_0008_14_11.png\" class=\"attachment-large size-large wp-image-7359\" alt=\"\" srcset=\"https:\/\/staging.ordemdosfisioterapeutas.pt\/wp-content\/uploads\/2024\/11\/Flyer_0008_14_11.png 177w, https:\/\/staging.ordemdosfisioterapeutas.pt\/wp-content\/uploads\/2024\/11\/Flyer_0008_14_11-9x12.png 9w\" sizes=\"(max-width: 177px) 100vw, 177px\" \/>\t\t\t\t\t\t\t\t<\/a>\n\t\t\t\t\t\t\t\t\t\t\t\t\t\t\t<\/div>\n\t\t\t\t<\/div>\n\t\t\t\t<div class=\"elementor-element elementor-element-4ee67fb elementor-widget elementor-widget-image\" data-id=\"4ee67fb\" data-element_type=\"widget\" data-e-type=\"widget\" data-widget_type=\"image.default\">\n\t\t\t\t<div class=\"elementor-widget-container\">\n\t\t\t\t\t\t\t\t\t\t\t\t\t\t\t\t<a href=\"https:\/\/ordemdosfisioterapeutas.pt\/wp-content\/uploads\/2024\/11\/WPTD2024-Poster1-A4_web.pdf\" target=\"_blank\">\n\t\t\t\t\t\t\t<img loading=\"lazy\" decoding=\"async\" width=\"177\" height=\"244\" src=\"https:\/\/staging.ordemdosfisioterapeutas.pt\/wp-content\/uploads\/2024\/11\/Flyer_0009_14_10.png\" class=\"attachment-large size-large wp-image-7360\" alt=\"\" srcset=\"https:\/\/staging.ordemdosfisioterapeutas.pt\/wp-content\/uploads\/2024\/11\/Flyer_0009_14_10.png 177w, https:\/\/staging.ordemdosfisioterapeutas.pt\/wp-content\/uploads\/2024\/11\/Flyer_0009_14_10-9x12.png 9w\" sizes=\"(max-width: 177px) 100vw, 177px\" \/>\t\t\t\t\t\t\t\t<\/a>\n\t\t\t\t\t\t\t\t\t\t\t\t\t\t\t<\/div>\n\t\t\t\t<\/div>\n\t\t\t\t<div class=\"elementor-element elementor-element-6d9cb55 elementor-widget elementor-widget-image\" data-id=\"6d9cb55\" data-element_type=\"widget\" data-e-type=\"widget\" data-widget_type=\"image.default\">\n\t\t\t\t<div class=\"elementor-widget-container\">\n\t\t\t\t\t\t\t\t\t\t\t\t\t\t\t\t<a href=\"https:\/\/ordemdosfisioterapeutas.pt\/wp-content\/uploads\/2024\/11\/WPTD2024-Poster2-A4_web.pdf\" target=\"_blank\">\n\t\t\t\t\t\t\t<img loading=\"lazy\" decoding=\"async\" width=\"177\" height=\"246\" src=\"https:\/\/staging.ordemdosfisioterapeutas.pt\/wp-content\/uploads\/2024\/11\/Flyer_0010_14_9.png\" class=\"attachment-large size-large wp-image-7361\" alt=\"\" srcset=\"https:\/\/staging.ordemdosfisioterapeutas.pt\/wp-content\/uploads\/2024\/11\/Flyer_0010_14_9.png 177w, https:\/\/staging.ordemdosfisioterapeutas.pt\/wp-content\/uploads\/2024\/11\/Flyer_0010_14_9-9x12.png 9w\" sizes=\"(max-width: 177px) 100vw, 177px\" \/>\t\t\t\t\t\t\t\t<\/a>\n\t\t\t\t\t\t\t\t\t\t\t\t\t\t\t<\/div>\n\t\t\t\t<\/div>\n\t\t\t\t<div class=\"elementor-element elementor-element-61dd4d8 elementor-widget elementor-widget-image\" data-id=\"61dd4d8\" data-element_type=\"widget\" data-e-type=\"widget\" data-widget_type=\"image.default\">\n\t\t\t\t<div class=\"elementor-widget-container\">\n\t\t\t\t\t\t\t\t\t\t\t\t\t\t\t\t<a href=\"https:\/\/ordemdosfisioterapeutas.pt\/wp-content\/uploads\/2024\/11\/WPTD2024-Poster3-A4.pdf\" target=\"_blank\">\n\t\t\t\t\t\t\t<img loading=\"lazy\" decoding=\"async\" width=\"173\" height=\"245\" src=\"https:\/\/staging.ordemdosfisioterapeutas.pt\/wp-content\/uploads\/2024\/11\/Flyer_0011_14_8.png\" class=\"attachment-large size-large wp-image-7363\" alt=\"\" srcset=\"https:\/\/staging.ordemdosfisioterapeutas.pt\/wp-content\/uploads\/2024\/11\/Flyer_0011_14_8.png 173w, https:\/\/staging.ordemdosfisioterapeutas.pt\/wp-content\/uploads\/2024\/11\/Flyer_0011_14_8-8x12.png 8w\" sizes=\"(max-width: 173px) 100vw, 173px\" \/>\t\t\t\t\t\t\t\t<\/a>\n\t\t\t\t\t\t\t\t\t\t\t\t\t\t\t<\/div>\n\t\t\t\t<\/div>\n\t\t\t\t<div class=\"elementor-element elementor-element-4c2243a elementor-widget elementor-widget-image\" data-id=\"4c2243a\" data-element_type=\"widget\" data-e-type=\"widget\" data-widget_type=\"image.default\">\n\t\t\t\t<div class=\"elementor-widget-container\">\n\t\t\t\t\t\t\t\t\t\t\t\t\t\t\t\t<a href=\"https:\/\/ordemdosfisioterapeutas.pt\/wp-content\/uploads\/2024\/11\/WPTD2024-InfoSheet1-A4_PORTUGUESE-V2.pdf\" target=\"_blank\">\n\t\t\t\t\t\t\t<img loading=\"lazy\" decoding=\"async\" width=\"177\" height=\"242\" src=\"https:\/\/staging.ordemdosfisioterapeutas.pt\/wp-content\/uploads\/2024\/11\/Flyer_0012_14_7-1.png\" class=\"attachment-large size-large wp-image-7385\" alt=\"\" srcset=\"https:\/\/staging.ordemdosfisioterapeutas.pt\/wp-content\/uploads\/2024\/11\/Flyer_0012_14_7-1.png 177w, https:\/\/staging.ordemdosfisioterapeutas.pt\/wp-content\/uploads\/2024\/11\/Flyer_0012_14_7-1-9x12.png 9w\" sizes=\"(max-width: 177px) 100vw, 177px\" \/>\t\t\t\t\t\t\t\t<\/a>\n\t\t\t\t\t\t\t\t\t\t\t\t\t\t\t<\/div>\n\t\t\t\t<\/div>\n\t\t\t\t<div class=\"elementor-element elementor-element-fe6f953 elementor-widget elementor-widget-image\" data-id=\"fe6f953\" data-element_type=\"widget\" data-e-type=\"widget\" data-widget_type=\"image.default\">\n\t\t\t\t<div class=\"elementor-widget-container\">\n\t\t\t\t\t\t\t\t\t\t\t\t\t\t\t\t<a href=\"https:\/\/ordemdosfisioterapeutas.pt\/wp-content\/uploads\/2024\/11\/WPTD2024-InfoSheet2-A4_PORTUGUESE-V2.pdf\" target=\"_blank\">\n\t\t\t\t\t\t\t<img loading=\"lazy\" decoding=\"async\" width=\"177\" height=\"242\" src=\"https:\/\/staging.ordemdosfisioterapeutas.pt\/wp-content\/uploads\/2024\/11\/Flyer_0013_14_6.png\" class=\"attachment-large size-large wp-image-7365\" alt=\"\" srcset=\"https:\/\/staging.ordemdosfisioterapeutas.pt\/wp-content\/uploads\/2024\/11\/Flyer_0013_14_6.png 177w, https:\/\/staging.ordemdosfisioterapeutas.pt\/wp-content\/uploads\/2024\/11\/Flyer_0013_14_6-9x12.png 9w\" sizes=\"(max-width: 177px) 100vw, 177px\" \/>\t\t\t\t\t\t\t\t<\/a>\n\t\t\t\t\t\t\t\t\t\t\t\t\t\t\t<\/div>\n\t\t\t\t<\/div>\n\t\t\t\t<div class=\"elementor-element elementor-element-1737575 elementor-widget elementor-widget-image\" data-id=\"1737575\" data-element_type=\"widget\" data-e-type=\"widget\" data-widget_type=\"image.default\">\n\t\t\t\t<div class=\"elementor-widget-container\">\n\t\t\t\t\t\t\t\t\t\t\t\t\t\t\t\t<a href=\"https:\/\/ordemdosfisioterapeutas.pt\/wp-content\/uploads\/2024\/11\/ultrapassar-barreiras.pdf\" target=\"_blank\">\n\t\t\t\t\t\t\t<img loading=\"lazy\" decoding=\"async\" width=\"177\" height=\"242\" src=\"https:\/\/staging.ordemdosfisioterapeutas.pt\/wp-content\/uploads\/2024\/11\/Flyer_0014_14_5.png\" class=\"attachment-large size-large wp-image-7366\" alt=\"\" srcset=\"https:\/\/staging.ordemdosfisioterapeutas.pt\/wp-content\/uploads\/2024\/11\/Flyer_0014_14_5.png 177w, https:\/\/staging.ordemdosfisioterapeutas.pt\/wp-content\/uploads\/2024\/11\/Flyer_0014_14_5-9x12.png 9w\" sizes=\"(max-width: 177px) 100vw, 177px\" \/>\t\t\t\t\t\t\t\t<\/a>\n\t\t\t\t\t\t\t\t\t\t\t\t\t\t\t<\/div>\n\t\t\t\t<\/div>\n\t\t\t\t<div class=\"elementor-element elementor-element-18004a7 elementor-widget elementor-widget-image\" data-id=\"18004a7\" data-element_type=\"widget\" data-e-type=\"widget\" data-widget_type=\"image.default\">\n\t\t\t\t<div class=\"elementor-widget-container\">\n\t\t\t\t\t\t\t\t\t\t\t\t\t\t\t\t<a href=\"https:\/\/ordemdosfisioterapeutas.pt\/wp-content\/uploads\/2024\/11\/DCV-e-artrite-reumatoide.pdf\" target=\"_blank\">\n\t\t\t\t\t\t\t<img loading=\"lazy\" decoding=\"async\" width=\"177\" height=\"244\" src=\"https:\/\/staging.ordemdosfisioterapeutas.pt\/wp-content\/uploads\/2024\/11\/Flyer_0015_14_4.png\" class=\"attachment-large size-large wp-image-7367\" alt=\"\" srcset=\"https:\/\/staging.ordemdosfisioterapeutas.pt\/wp-content\/uploads\/2024\/11\/Flyer_0015_14_4.png 177w, https:\/\/staging.ordemdosfisioterapeutas.pt\/wp-content\/uploads\/2024\/11\/Flyer_0015_14_4-9x12.png 9w\" sizes=\"(max-width: 177px) 100vw, 177px\" \/>\t\t\t\t\t\t\t\t<\/a>\n\t\t\t\t\t\t\t\t\t\t\t\t\t\t\t<\/div>\n\t\t\t\t<\/div>\n\t\t\t\t<div class=\"elementor-element elementor-element-a69857f elementor-widget elementor-widget-image\" data-id=\"a69857f\" data-element_type=\"widget\" data-e-type=\"widget\" data-widget_type=\"image.default\">\n\t\t\t\t<div class=\"elementor-widget-container\">\n\t\t\t\t\t\t\t\t\t\t\t\t\t\t\t\t<a href=\"https:\/\/ordemdosfisioterapeutas.pt\/wp-content\/uploads\/2024\/11\/artrite-juvenil.pdf\" target=\"_blank\">\n\t\t\t\t\t\t\t<img loading=\"lazy\" decoding=\"async\" width=\"177\" height=\"244\" src=\"https:\/\/staging.ordemdosfisioterapeutas.pt\/wp-content\/uploads\/2024\/11\/Flyer_0016_14_3.png\" class=\"attachment-large size-large wp-image-7368\" alt=\"\" srcset=\"https:\/\/staging.ordemdosfisioterapeutas.pt\/wp-content\/uploads\/2024\/11\/Flyer_0016_14_3.png 177w, https:\/\/staging.ordemdosfisioterapeutas.pt\/wp-content\/uploads\/2024\/11\/Flyer_0016_14_3-9x12.png 9w\" sizes=\"(max-width: 177px) 100vw, 177px\" \/>\t\t\t\t\t\t\t\t<\/a>\n\t\t\t\t\t\t\t\t\t\t\t\t\t\t\t<\/div>\n\t\t\t\t<\/div>\n\t\t\t\t<div class=\"elementor-element elementor-element-f9509d1 elementor-widget elementor-widget-image\" data-id=\"f9509d1\" data-element_type=\"widget\" data-e-type=\"widget\" data-widget_type=\"image.default\">\n\t\t\t\t<div class=\"elementor-widget-container\">\n\t\t\t\t\t\t\t\t\t\t\t\t\t\t\t\t<a href=\"https:\/\/ordemdosfisioterapeutas.pt\/wp-content\/uploads\/2024\/11\/Fisioterapia-e-artrite.pdf\" target=\"_blank\">\n\t\t\t\t\t\t\t<img loading=\"lazy\" decoding=\"async\" width=\"177\" height=\"236\" src=\"https:\/\/staging.ordemdosfisioterapeutas.pt\/wp-content\/uploads\/2024\/11\/Flyer_0017_14_2.png\" class=\"attachment-large size-large wp-image-7369\" alt=\"\" srcset=\"https:\/\/staging.ordemdosfisioterapeutas.pt\/wp-content\/uploads\/2024\/11\/Flyer_0017_14_2.png 177w, https:\/\/staging.ordemdosfisioterapeutas.pt\/wp-content\/uploads\/2024\/11\/Flyer_0017_14_2-9x12.png 9w\" sizes=\"(max-width: 177px) 100vw, 177px\" \/>\t\t\t\t\t\t\t\t<\/a>\n\t\t\t\t\t\t\t\t\t\t\t\t\t\t\t<\/div>\n\t\t\t\t<\/div>\n\t\t\t\t<div class=\"elementor-element elementor-element-2f94251 elementor-widget elementor-widget-image\" data-id=\"2f94251\" data-element_type=\"widget\" data-e-type=\"widget\" data-widget_type=\"image.default\">\n\t\t\t\t<div class=\"elementor-widget-container\">\n\t\t\t\t\t\t\t\t\t\t\t\t\t\t\t\t<a href=\"https:\/\/ordemdosfisioterapeutas.pt\/wp-content\/uploads\/2024\/11\/Osteoartrose.pdf\" target=\"_blank\">\n\t\t\t\t\t\t\t<img loading=\"lazy\" decoding=\"async\" width=\"175\" height=\"246\" src=\"https:\/\/staging.ordemdosfisioterapeutas.pt\/wp-content\/uploads\/2024\/11\/Flyer_0018_14_1.png\" class=\"attachment-large size-large wp-image-7370\" alt=\"\" srcset=\"https:\/\/staging.ordemdosfisioterapeutas.pt\/wp-content\/uploads\/2024\/11\/Flyer_0018_14_1.png 175w, https:\/\/staging.ordemdosfisioterapeutas.pt\/wp-content\/uploads\/2024\/11\/Flyer_0018_14_1-9x12.png 9w\" sizes=\"(max-width: 175px) 100vw, 175px\" \/>\t\t\t\t\t\t\t\t<\/a>\n\t\t\t\t\t\t\t\t\t\t\t\t\t\t\t<\/div>\n\t\t\t\t<\/div>\n\t\t\t\t<div class=\"elementor-element elementor-element-252e2a7 elementor-widget elementor-widget-image\" data-id=\"252e2a7\" data-element_type=\"widget\" data-e-type=\"widget\" data-widget_type=\"image.default\">\n\t\t\t\t<div class=\"elementor-widget-container\">\n\t\t\t\t\t\t\t\t\t\t\t\t\t\t\t\t<a href=\"https:\/\/ordemdosfisioterapeutas.pt\/wp-content\/uploads\/2024\/11\/fisioterapia_musculo-esqueletica.pdf\" target=\"_blank\">\n\t\t\t\t\t\t\t<img loading=\"lazy\" decoding=\"async\" width=\"175\" height=\"246\" src=\"https:\/\/staging.ordemdosfisioterapeutas.pt\/wp-content\/uploads\/2024\/11\/Flyer_0019_14.png\" class=\"attachment-large size-large wp-image-7371\" alt=\"\" srcset=\"https:\/\/staging.ordemdosfisioterapeutas.pt\/wp-content\/uploads\/2024\/11\/Flyer_0019_14.png 175w, https:\/\/staging.ordemdosfisioterapeutas.pt\/wp-content\/uploads\/2024\/11\/Flyer_0019_14-9x12.png 9w\" sizes=\"(max-width: 175px) 100vw, 175px\" \/>\t\t\t\t\t\t\t\t<\/a>\n\t\t\t\t\t\t\t\t\t\t\t\t\t\t\t<\/div>\n\t\t\t\t<\/div>\n\t\t\t\t<\/div>\n\t\t\t\t\t<\/div>\n\t\t\t\t<\/div>\n\t\t\t\t\t<\/details>\n\t\t\t\t\t\t<details id=\"e-n-accordion-item-22914\" class=\"e-n-accordion-item\" >\n\t\t\t\t<summary class=\"e-n-accordion-item-title\" data-accordion-index=\"15\" tabindex=\"-1\" aria-expanded=\"false\" aria-controls=\"e-n-accordion-item-22914\" >\n\t\t\t\t\t<span class='e-n-accordion-item-title-header'><div class=\"e-n-accordion-item-title-text\"> Physioth\u00e9rapie pour les personnes amput\u00e9es <\/div><\/span>\n\t\t\t\t\t\t\t<span class='e-n-accordion-item-title-icon'>\n\t\t\t<span class='e-opened' ><i aria-hidden=\"true\" class=\"fas fa-minus\"><\/i><\/span>\n\t\t\t<span class='e-closed'><i aria-hidden=\"true\" class=\"fas fa-plus\"><\/i><\/span>\n\t\t<\/span>\n\n\t\t\t\t\t\t<\/summary>\n\t\t\t\t<div role=\"region\" aria-labelledby=\"e-n-accordion-item-22914\" class=\"elementor-element elementor-element-1b6a253 e-flex e-con-boxed e-con e-child\" data-id=\"1b6a253\" data-element_type=\"container\" data-e-type=\"container\">\n\t\t\t\t\t<div class=\"e-con-inner\">\n\t\t\t\t<div class=\"elementor-element elementor-element-032cad5 elementor-widget elementor-widget-text-editor\" data-id=\"032cad5\" data-element_type=\"widget\" data-e-type=\"widget\" data-widget_type=\"text-editor.default\">\n\t\t\t\t<div class=\"elementor-widget-container\">\n\t\t\t\t\t\t\t\t\t<p>Ax\u00e9 sur la r\u00e9adaptation des personnes amput\u00e9es, ce domaine contribue \u00e0 am\u00e9liorer la mobilit\u00e9 et la fonctionnalit\u00e9. Le physioth\u00e9rapeute favorise l'adaptation et la r\u00e9int\u00e9gration, en collaborant avec des \u00e9quipes multidisciplinaires pour r\u00e9pondre aux besoins sp\u00e9cifiques de chaque personne.<\/p><p>Brochure(s) sur la physioth\u00e9rapie pour les personnes amput\u00e9es<\/p>\t\t\t\t\t\t\t\t<\/div>\n\t\t\t\t<\/div>\n\t\t<div role=\"region\" aria-labelledby=\"e-n-accordion-item-22914\" class=\"elementor-element elementor-element-67712f6 e-con-full e-grid e-con e-child\" data-id=\"67712f6\" data-element_type=\"container\" data-e-type=\"container\">\n\t\t\t\t<div class=\"elementor-element elementor-element-3405c63 elementor-widget elementor-widget-image\" data-id=\"3405c63\" data-element_type=\"widget\" data-e-type=\"widget\" data-widget_type=\"image.default\">\n\t\t\t\t<div class=\"elementor-widget-container\">\n\t\t\t\t\t\t\t\t\t\t\t\t\t\t\t\t<a href=\"https:\/\/ordemdosfisioterapeutas.pt\/wp-content\/uploads\/2024\/11\/fisioterapia_amputacao.pdf\" target=\"_blank\">\n\t\t\t\t\t\t\t<img loading=\"lazy\" decoding=\"async\" width=\"175\" height=\"246\" src=\"https:\/\/staging.ordemdosfisioterapeutas.pt\/wp-content\/uploads\/2024\/11\/flyer_0000_15_1.png\" class=\"attachment-large size-large wp-image-7376\" alt=\"\" srcset=\"https:\/\/staging.ordemdosfisioterapeutas.pt\/wp-content\/uploads\/2024\/11\/flyer_0000_15_1.png 175w, https:\/\/staging.ordemdosfisioterapeutas.pt\/wp-content\/uploads\/2024\/11\/flyer_0000_15_1-9x12.png 9w\" sizes=\"(max-width: 175px) 100vw, 175px\" \/>\t\t\t\t\t\t\t\t<\/a>\n\t\t\t\t\t\t\t\t\t\t\t\t\t\t\t<\/div>\n\t\t\t\t<\/div>\n\t\t\t\t<\/div>\n\t\t\t\t\t<\/div>\n\t\t\t\t<\/div>\n\t\t\t\t\t<\/details>\n\t\t\t\t\t\t<details id=\"e-n-accordion-item-22915\" class=\"e-n-accordion-item\" >\n\t\t\t\t<summary class=\"e-n-accordion-item-title\" data-accordion-index=\"16\" tabindex=\"-1\" aria-expanded=\"false\" aria-controls=\"e-n-accordion-item-22915\" >\n\t\t\t\t\t<span class='e-n-accordion-item-title-header'><div class=\"e-n-accordion-item-title-text\"> La physioth\u00e9rapie dans le vieillissement <\/div><\/span>\n\t\t\t\t\t\t\t<span class='e-n-accordion-item-title-icon'>\n\t\t\t<span class='e-opened' ><i aria-hidden=\"true\" class=\"fas fa-minus\"><\/i><\/span>\n\t\t\t<span class='e-closed'><i aria-hidden=\"true\" class=\"fas fa-plus\"><\/i><\/span>\n\t\t<\/span>\n\n\t\t\t\t\t\t<\/summary>\n\t\t\t\t<div role=\"region\" aria-labelledby=\"e-n-accordion-item-22915\" class=\"elementor-element elementor-element-fd21b45 e-flex e-con-boxed e-con e-child\" data-id=\"fd21b45\" data-element_type=\"container\" data-e-type=\"container\">\n\t\t\t\t\t<div class=\"e-con-inner\">\n\t\t\t\t<div class=\"elementor-element elementor-element-69e9792 elementor-widget elementor-widget-text-editor\" data-id=\"69e9792\" data-element_type=\"widget\" data-e-type=\"widget\" data-widget_type=\"text-editor.default\">\n\t\t\t\t<div class=\"elementor-widget-container\">\n\t\t\t\t\t\t\t\t\t<p>La physioth\u00e9rapie dans le domaine du vieillissement favorise l'ind\u00e9pendance, la pr\u00e9vention des maladies et l'am\u00e9lioration de la fonctionnalit\u00e9 des personnes \u00e2g\u00e9es. Elle aide \u00e0 la mobilit\u00e9 et \u00e0 l'\u00e9quilibre, garantissant une vie active et saine.<\/p><p>Brochure(s) d'information sur la physioth\u00e9rapie dans le vieillissement<\/p>\t\t\t\t\t\t\t\t<\/div>\n\t\t\t\t<\/div>\n\t\t<div role=\"region\" aria-labelledby=\"e-n-accordion-item-22915\" class=\"elementor-element elementor-element-9d922d7 e-con-full e-grid e-con e-child\" data-id=\"9d922d7\" data-element_type=\"container\" data-e-type=\"container\">\n\t\t\t\t<div class=\"elementor-element elementor-element-007d866 elementor-widget elementor-widget-image\" data-id=\"007d866\" data-element_type=\"widget\" data-e-type=\"widget\" data-widget_type=\"image.default\">\n\t\t\t\t<div class=\"elementor-widget-container\">\n\t\t\t\t\t\t\t\t\t\t\t\t\t\t\t\t<a href=\"https:\/\/ordemdosfisioterapeutas.pt\/wp-content\/uploads\/2024\/11\/fisioterapia_Envelhecimento.pdf\" target=\"_blank\">\n\t\t\t\t\t\t\t<img loading=\"lazy\" decoding=\"async\" width=\"175\" height=\"246\" src=\"https:\/\/staging.ordemdosfisioterapeutas.pt\/wp-content\/uploads\/2024\/11\/flyer_0003_16.png\" class=\"attachment-large size-large wp-image-7377\" alt=\"\" srcset=\"https:\/\/staging.ordemdosfisioterapeutas.pt\/wp-content\/uploads\/2024\/11\/flyer_0003_16.png 175w, https:\/\/staging.ordemdosfisioterapeutas.pt\/wp-content\/uploads\/2024\/11\/flyer_0003_16-9x12.png 9w\" sizes=\"(max-width: 175px) 100vw, 175px\" \/>\t\t\t\t\t\t\t\t<\/a>\n\t\t\t\t\t\t\t\t\t\t\t\t\t\t\t<\/div>\n\t\t\t\t<\/div>\n\t\t\t\t<\/div>\n\t\t\t\t\t<\/div>\n\t\t\t\t<\/div>\n\t\t\t\t\t<\/details>\n\t\t\t\t\t\t<details id=\"e-n-accordion-item-22916\" class=\"e-n-accordion-item\" >\n\t\t\t\t<summary class=\"e-n-accordion-item-title\" data-accordion-index=\"17\" tabindex=\"-1\" aria-expanded=\"false\" aria-controls=\"e-n-accordion-item-22916\" >\n\t\t\t\t\t<span class='e-n-accordion-item-title-header'><div class=\"e-n-accordion-item-title-text\"> La physioth\u00e9rapie dans la douleur <\/div><\/span>\n\t\t\t\t\t\t\t<span class='e-n-accordion-item-title-icon'>\n\t\t\t<span class='e-opened' ><i aria-hidden=\"true\" class=\"fas fa-minus\"><\/i><\/span>\n\t\t\t<span class='e-closed'><i aria-hidden=\"true\" class=\"fas fa-plus\"><\/i><\/span>\n\t\t<\/span>\n\n\t\t\t\t\t\t<\/summary>\n\t\t\t\t<div role=\"region\" aria-labelledby=\"e-n-accordion-item-22916\" class=\"elementor-element elementor-element-c6b0e8f e-flex e-con-boxed e-con e-child\" data-id=\"c6b0e8f\" data-element_type=\"container\" data-e-type=\"container\">\n\t\t\t\t\t<div class=\"e-con-inner\">\n\t\t\t\t<div class=\"elementor-element elementor-element-0f3f786 elementor-widget elementor-widget-text-editor\" data-id=\"0f3f786\" data-element_type=\"widget\" data-e-type=\"widget\" data-widget_type=\"text-editor.default\">\n\t\t\t\t<div class=\"elementor-widget-container\">\n\t\t\t\t\t\t\t\t\t<p>La physioth\u00e9rapie de la douleur \u00e9value et traite diff\u00e9rents types de douleur, en utilisant des exercices th\u00e9rapeutiques et des techniques manuelles. Elle se concentre sur l'am\u00e9lioration de la capacit\u00e9 physique et de la qualit\u00e9 de vie, en r\u00e9duisant la douleur de mani\u00e8re personnalis\u00e9e.<\/p><p>Brochure(s) d'information sur la physioth\u00e9rapie de la douleur<\/p>\t\t\t\t\t\t\t\t<\/div>\n\t\t\t\t<\/div>\n\t\t<div role=\"region\" aria-labelledby=\"e-n-accordion-item-22916\" class=\"elementor-element elementor-element-5d8ca32 e-con-full e-grid e-con e-child\" data-id=\"5d8ca32\" data-element_type=\"container\" data-e-type=\"container\">\n\t\t\t\t<div class=\"elementor-element elementor-element-2f31306 elementor-widget elementor-widget-image\" data-id=\"2f31306\" data-element_type=\"widget\" data-e-type=\"widget\" data-widget_type=\"image.default\">\n\t\t\t\t<div class=\"elementor-widget-container\">\n\t\t\t\t\t\t\t\t\t\t\t\t\t\t\t\t<a href=\"https:\/\/ordemdosfisioterapeutas.pt\/wp-content\/uploads\/2024\/11\/fisioterapia_Dor.pdf\" target=\"_blank\">\n\t\t\t\t\t\t\t<img loading=\"lazy\" decoding=\"async\" width=\"177\" height=\"246\" src=\"https:\/\/staging.ordemdosfisioterapeutas.pt\/wp-content\/uploads\/2024\/11\/flyer_0002_17.png\" class=\"attachment-large size-large wp-image-7378\" alt=\"\" srcset=\"https:\/\/staging.ordemdosfisioterapeutas.pt\/wp-content\/uploads\/2024\/11\/flyer_0002_17.png 177w, https:\/\/staging.ordemdosfisioterapeutas.pt\/wp-content\/uploads\/2024\/11\/flyer_0002_17-9x12.png 9w\" sizes=\"(max-width: 177px) 100vw, 177px\" \/>\t\t\t\t\t\t\t\t<\/a>\n\t\t\t\t\t\t\t\t\t\t\t\t\t\t\t<\/div>\n\t\t\t\t<\/div>\n\t\t\t\t<\/div>\n\t\t\t\t\t<\/div>\n\t\t\t\t<\/div>\n\t\t\t\t\t<\/details>\n\t\t\t\t\t\t<details id=\"e-n-accordion-item-22917\" class=\"e-n-accordion-item\" >\n\t\t\t\t<summary class=\"e-n-accordion-item-title\" data-accordion-index=\"18\" tabindex=\"-1\" aria-expanded=\"false\" aria-controls=\"e-n-accordion-item-22917\" >\n\t\t\t\t\t<span class='e-n-accordion-item-title-header'><div class=\"e-n-accordion-item-title-text\"> Institutionnel OF <\/div><\/span>\n\t\t\t\t\t\t\t<span class='e-n-accordion-item-title-icon'>\n\t\t\t<span class='e-opened' ><i aria-hidden=\"true\" class=\"fas fa-minus\"><\/i><\/span>\n\t\t\t<span class='e-closed'><i aria-hidden=\"true\" class=\"fas fa-plus\"><\/i><\/span>\n\t\t<\/span>\n\n\t\t\t\t\t\t<\/summary>\n\t\t\t\t<div role=\"region\" aria-labelledby=\"e-n-accordion-item-22917\" class=\"elementor-element elementor-element-87a3a36 e-flex e-con-boxed e-con e-child\" data-id=\"87a3a36\" data-element_type=\"container\" data-e-type=\"container\">\n\t\t\t\t\t<div class=\"e-con-inner\">\n\t\t\t\t<div class=\"elementor-element elementor-element-c8e2fc5 elementor-widget elementor-widget-text-editor\" data-id=\"c8e2fc5\" data-element_type=\"widget\" data-e-type=\"widget\" data-widget_type=\"text-editor.default\">\n\t\t\t\t<div class=\"elementor-widget-container\">\n\t\t\t\t\t\t\t\t\t<p>Autres documents d'information<\/p>\t\t\t\t\t\t\t\t<\/div>\n\t\t\t\t<\/div>\n\t\t<div role=\"region\" aria-labelledby=\"e-n-accordion-item-22917\" class=\"elementor-element elementor-element-ac734c7 e-con-full e-grid e-con e-child\" data-id=\"ac734c7\" data-element_type=\"container\" data-e-type=\"container\">\n\t\t\t\t<div class=\"elementor-element elementor-element-5a178f7 elementor-widget elementor-widget-image\" data-id=\"5a178f7\" data-element_type=\"widget\" data-e-type=\"widget\" data-widget_type=\"image.default\">\n\t\t\t\t<div class=\"elementor-widget-container\">\n\t\t\t\t\t\t\t\t\t\t\t\t\t\t\t\t<a href=\"https:\/\/ordemdosfisioterapeutas.pt\/wp-content\/uploads\/2024\/11\/fisioterapia_prod_apoio.pdf\">\n\t\t\t\t\t\t\t<img loading=\"lazy\" decoding=\"async\" width=\"177\" height=\"246\" src=\"https:\/\/staging.ordemdosfisioterapeutas.pt\/wp-content\/uploads\/2024\/11\/flyer_0000_18_1.png\" class=\"attachment-large size-large wp-image-7379\" alt=\"\" srcset=\"https:\/\/staging.ordemdosfisioterapeutas.pt\/wp-content\/uploads\/2024\/11\/flyer_0000_18_1.png 177w, https:\/\/staging.ordemdosfisioterapeutas.pt\/wp-content\/uploads\/2024\/11\/flyer_0000_18_1-9x12.png 9w\" sizes=\"(max-width: 177px) 100vw, 177px\" \/>\t\t\t\t\t\t\t\t<\/a>\n\t\t\t\t\t\t\t\t\t\t\t\t\t\t\t<\/div>\n\t\t\t\t<\/div>\n\t\t\t\t<div class=\"elementor-element elementor-element-bca5e7c elementor-widget elementor-widget-image\" data-id=\"bca5e7c\" data-element_type=\"widget\" data-e-type=\"widget\" data-widget_type=\"image.default\">\n\t\t\t\t<div class=\"elementor-widget-container\">\n\t\t\t\t\t\t\t\t\t\t\t\t\t\t\t\t<a href=\"https:\/\/ordemdosfisioterapeutas.pt\/wp-content\/uploads\/2024\/11\/encontre_1_fisioterapeuta.pdf\" target=\"_blank\">\n\t\t\t\t\t\t\t<img loading=\"lazy\" decoding=\"async\" width=\"177\" height=\"245\" src=\"https:\/\/staging.ordemdosfisioterapeutas.pt\/wp-content\/uploads\/2024\/11\/flyer_0001_18.png\" class=\"attachment-large size-large wp-image-7380\" alt=\"\" srcset=\"https:\/\/staging.ordemdosfisioterapeutas.pt\/wp-content\/uploads\/2024\/11\/flyer_0001_18.png 177w, https:\/\/staging.ordemdosfisioterapeutas.pt\/wp-content\/uploads\/2024\/11\/flyer_0001_18-9x12.png 9w\" sizes=\"(max-width: 177px) 100vw, 177px\" \/>\t\t\t\t\t\t\t\t<\/a>\n\t\t\t\t\t\t\t\t\t\t\t\t\t\t\t<\/div>\n\t\t\t\t<\/div>\n\t\t\t\t<\/div>\n\t\t\t\t\t<\/div>\n\t\t\t\t<\/div>\n\t\t\t\t\t<\/details>\n\t\t\t\t\t<\/div>\n\t\t\t\t\t\t<\/div>\n\t\t\t\t<\/div>\n\t\t\t\t\t<\/div>\n\t\t<\/div>\n\t\t\t\t\t<\/div>\n\t\t<\/section>\n\t\t\t\t<\/div>","protected":false},"excerpt":{"rendered":"<p>L'Ordre des kin\u00e9sith\u00e9rapeutes produit r\u00e9guli\u00e8rement des contenus \u00e0 destination des citoyens. Dans cet onglet, vous trouverez diverses brochures d'information, r\u00e9parties dans les diff\u00e9rents domaines d'intervention correspondant aux groupes de travail de l'Ordre des kin\u00e9sith\u00e9rapeutes, ainsi que l'onglet \"OF institutionnel\" contenant des informations sur l'Ordre. S\u00e9curit\u00e9 des patients La physioth\u00e9rapie contribue activement \u00e0 la s\u00e9curit\u00e9 des patients. <a title=\"Domaines d&#039;intervention\" class=\"read-more\" href=\"https:\/\/staging.ordemdosfisioterapeutas.pt\/fr\/areas-de-intervencao\/\" aria-label=\"En savoir plus sur Zones d&#039;intervention\">En savoir plus<\/a><\/p>","protected":false},"author":1,"featured_media":0,"parent":0,"menu_order":0,"comment_status":"closed","ping_status":"closed","template":"","meta":{"footnotes":""},"class_list":["post-7431","page","type-page","status-publish"],"_links":{"self":[{"href":"https:\/\/staging.ordemdosfisioterapeutas.pt\/fr\/wp-json\/wp\/v2\/pages\/7431","targetHints":{"allow":["GET"]}}],"collection":[{"href":"https:\/\/staging.ordemdosfisioterapeutas.pt\/fr\/wp-json\/wp\/v2\/pages"}],"about":[{"href":"https:\/\/staging.ordemdosfisioterapeutas.pt\/fr\/wp-json\/wp\/v2\/types\/page"}],"author":[{"embeddable":true,"href":"https:\/\/staging.ordemdosfisioterapeutas.pt\/fr\/wp-json\/wp\/v2\/users\/1"}],"replies":[{"embeddable":true,"href":"https:\/\/staging.ordemdosfisioterapeutas.pt\/fr\/wp-json\/wp\/v2\/comments?post=7431"}],"version-history":[{"count":0,"href":"https:\/\/staging.ordemdosfisioterapeutas.pt\/fr\/wp-json\/wp\/v2\/pages\/7431\/revisions"}],"wp:attachment":[{"href":"https:\/\/staging.ordemdosfisioterapeutas.pt\/fr\/wp-json\/wp\/v2\/media?parent=7431"}],"curies":[{"name":"wp","href":"https:\/\/api.w.org\/{rel}","templated":true}]}}