{"id":7780,"date":"2025-07-05T19:47:06","date_gmt":"2025-07-05T18:47:06","guid":{"rendered":"https:\/\/staging.ordemdosfisioterapeutas.pt\/?page_id=7780"},"modified":"2025-07-05T20:51:23","modified_gmt":"2025-07-05T19:51:23","slug":"meo","status":"publish","type":"page","link":"https:\/\/staging.ordemdosfisioterapeutas.pt\/fr\/meo\/","title":{"rendered":"MEO"},"content":{"rendered":"<div data-elementor-type=\"wp-page\" data-elementor-id=\"7780\" class=\"elementor elementor-7780\" data-elementor-post-type=\"page\">\n\t\t\t\t<div class=\"elementor-element elementor-element-ac3f9cf e-grid e-con-boxed e-con e-parent\" data-id=\"ac3f9cf\" data-element_type=\"container\" data-e-type=\"container\">\n\t\t\t\t\t<div class=\"e-con-inner\">\n\t\t\t\t<div class=\"elementor-element elementor-element-88ea298 elementor-widget elementor-widget-image\" data-id=\"88ea298\" data-element_type=\"widget\" data-e-type=\"widget\" data-widget_type=\"image.default\">\n\t\t\t\t<div class=\"elementor-widget-container\">\n\t\t\t\t\t\t\t\t\t\t\t\t\t\t\t<img decoding=\"async\" src=\"https:\/\/staging.ordemdosfisioterapeutas.pt\/wp-content\/uploads\/elementor\/thumbs\/logo__0006_meo-1-r8bosrrc0tbbwd5r6pyojrm65q5v8s3m97ucntcbuo.png\" title=\"logo__0006_meo\" alt=\"logo__0006_meo\" loading=\"lazy\" \/>\t\t\t\t\t\t\t\t\t\t\t\t\t\t\t<\/div>\n\t\t\t\t<\/div>\n\t\t\t\t<div class=\"elementor-element elementor-element-b91c7d2 elementor-widget elementor-widget-image\" data-id=\"b91c7d2\" data-element_type=\"widget\" data-e-type=\"widget\" data-widget_type=\"image.default\">\n\t\t\t\t<div class=\"elementor-widget-container\">\n\t\t\t\t\t\t\t\t\t\t\t\t\t\t\t<img decoding=\"async\" src=\"https:\/\/staging.ordemdosfisioterapeutas.pt\/wp-content\/uploads\/elementor\/thumbs\/parcerias-r3dj0mpgpnwvlbcun4qd1nnlq32o4tf0m68b40m4g0.webp\" title=\"partenariats\" alt=\"parcerias\" loading=\"lazy\" \/>\t\t\t\t\t\t\t\t\t\t\t\t\t\t\t<\/div>\n\t\t\t\t<\/div>\n\t\t\t\t\t<\/div>\n\t\t\t\t<\/div>\n\t\t<div class=\"elementor-element elementor-element-1313b99 e-flex e-con-boxed e-con e-parent\" data-id=\"1313b99\" data-element_type=\"container\" data-e-type=\"container\">\n\t\t\t\t\t<div class=\"e-con-inner\">\n\t\t\t\t<div class=\"elementor-element elementor-element-5df2bbd elementor-widget elementor-widget-heading\" data-id=\"5df2bbd\" data-element_type=\"widget\" data-e-type=\"widget\" data-widget_type=\"heading.default\">\n\t\t\t\t<div class=\"elementor-widget-container\">\n\t\t\t\t\t<h2 class=\"elementor-heading-title elementor-size-default\">Description<\/h2>\t\t\t\t<\/div>\n\t\t\t\t<\/div>\n\t\t\t\t<div class=\"elementor-element elementor-element-4c7a300 elementor-widget elementor-widget-text-editor\" data-id=\"4c7a300\" data-element_type=\"widget\" data-e-type=\"widget\" data-widget_type=\"text-editor.default\">\n\t\t\t\t<div class=\"elementor-widget-container\">\n\t\t\t\t\t\t\t\t\t<p>MEO est l'une des principales entreprises de t\u00e9l\u00e9communications du Portugal, offrant des services de t\u00e9l\u00e9vision, d'internet, de t\u00e9l\u00e9phonie et des solutions professionnelles. Reconnue pour son innovation, la qualit\u00e9 de son r\u00e9seau et sa proximit\u00e9 avec ses clients, elle s'engage en faveur de la modernisation num\u00e9rique et de la responsabilit\u00e9 sociale. MEO contribue au d\u00e9veloppement \u00e9conomique, personnel et professionnel de la soci\u00e9t\u00e9. En mettant l'accent sur la durabilit\u00e9 et l'inclusion num\u00e9rique, elle vise \u00e0 \u00e9largir sa client\u00e8le, renfor\u00e7ant le r\u00f4le central des communications \u00e9lectroniques dans la transformation technologique du Portugal.<\/p>\t\t\t\t\t\t\t\t<\/div>\n\t\t\t\t<\/div>\n\t\t\t\t\t<\/div>\n\t\t\t\t<\/div>\n\t\t<div class=\"elementor-element elementor-element-f6642e2 condicoes e-flex e-con-boxed e-con e-parent\" data-id=\"f6642e2\" data-element_type=\"container\" data-e-type=\"container\">\n\t\t\t\t\t<div class=\"e-con-inner\">\n\t\t\t\t<div class=\"elementor-element elementor-element-06a5262 elementor-widget elementor-widget-heading\" data-id=\"06a5262\" data-element_type=\"widget\" data-e-type=\"widget\" data-widget_type=\"heading.default\">\n\t\t\t\t<div class=\"elementor-widget-container\">\n\t\t\t\t\t<h2 class=\"elementor-heading-title elementor-size-default\">Conditions<\/h2>\t\t\t\t<\/div>\n\t\t\t\t<\/div>\n\t\t\t\t<div class=\"elementor-element elementor-element-f9a6ce1 elementor-widget elementor-widget-text-editor\" data-id=\"f9a6ce1\" data-element_type=\"widget\" data-e-type=\"widget\" data-widget_type=\"text-editor.default\">\n\t\t\t\t<div class=\"elementor-widget-container\">\n\t\t\t\t\t\t\t\t\t<div class=\"ewa-rteLine\">R\u00e9duction sur la redevance mensuelle du service MEO pour les employ\u00e9s et leur famille (ascendants et descendants au premier degr\u00e9 et conjoint).<\/div><div class=\"ewa-rteLine\">Valable pour toutes les technologies disponibles : Fibre, ADSL et Satellite.<\/div><div class=\"ewa-rteLine\">Remise applicable pendant 24 mois<\/div><div class=\"ewa-rteLine\">Applicable \u00e0 :<\/div><div class=\"ewa-rteLine\">Nouveaux abonnements au service MEO<\/div><div class=\"ewa-rteLine\">Les clients existants, en ajoutant un service (TV, Internet, t\u00e9l\u00e9phonie fixe ou mobile) et en acceptant une nouvelle p\u00e9riode de fid\u00e9lit\u00e9 de 24 mois.<\/div><div class=\"ewa-rteLine\">La valeur de la r\u00e9duction d\u00e9pend du forfait souscrit et est bas\u00e9e sur la liste de prix en vigueur \u00e0 la date de la souscription.<\/div><div class=\"ewa-rteLine\">\u00a0<\/div><div class=\"ewa-rteLine\">Conditions d'adh\u00e9sion :<\/div><div class=\"ewa-rteLine\">\u00a0<\/div><div class=\"ewa-rteLine\">S'inscrire \u00e0 la facturation \u00e9lectronique<\/div><div class=\"ewa-rteLine\">Paiement par pr\u00e9l\u00e8vement automatique (SDD)<\/div><div class=\"ewa-rteLine\">\u00a0<\/div><div class=\"ewa-rteLine\">Vous pouvez vous inscrire \u00e0 la prestation MEO par le biais des canaux suivants :<\/div><div class=\"ewa-rteLine\">1. Service personnalis\u00e9 : Partenariats au 800 207 918 (gratuit pour les t\u00e9l\u00e9phones fixes mobiles, disponible les jours ouvrables entre 09h00 et 20h00).<\/div><div class=\"ewa-rteLine\">2. Courriel : parcerias@telecom.pt<\/div><div class=\"ewa-rteLine\">3. Responsables commerciaux de la cha\u00eene des partenariats, pr\u00e9sents dans les locaux du partenaire<\/div><div class=\"ewa-rteLine\">Au moment de l'adh\u00e9sion, le membre ou l'employ\u00e9 doit fournir \u00e0 MEO ses donn\u00e9es personnelles, \u00e0 savoir son nom, son num\u00e9ro de TVA, son num\u00e9ro de CC, son contact t\u00e9l\u00e9phonique et son num\u00e9ro de membre ou d'employ\u00e9.<\/div>\t\t\t\t\t\t\t\t<\/div>\n\t\t\t\t<\/div>\n\t\t\t\t\t<\/div>\n\t\t\t\t<\/div>\n\t\t\t\t<\/div>","protected":false},"excerpt":{"rendered":"<p>Descri\u00e7\u00e3o A MEO \u00e9 uma das principais empresas em telecomunica\u00e7\u00f5es em Portugal, oferecendo servi\u00e7os de televis\u00e3o, internet, telefone e solu\u00e7\u00f5es empresariais. Reconhecida pela inova\u00e7\u00e3o, qualidade de rede e proximidade com o cliente, aposta na moderniza\u00e7\u00e3o digital e responsabilidade social. A MEO contribui para o desenvolvimento econ\u00f3mico, pessoal e profissional da sociedade. Com foco na sustentabilidade &#8230; <a title=\"MEO\" class=\"read-more\" href=\"https:\/\/staging.ordemdosfisioterapeutas.pt\/fr\/meo\/\" aria-label=\"En savoir plus sur MEO\">En savoir plus<\/a><\/p>","protected":false},"author":1,"featured_media":0,"parent":0,"menu_order":0,"comment_status":"closed","ping_status":"closed","template":"","meta":{"footnotes":""},"class_list":["post-7780","page","type-page","status-publish"],"_links":{"self":[{"href":"https:\/\/staging.ordemdosfisioterapeutas.pt\/fr\/wp-json\/wp\/v2\/pages\/7780","targetHints":{"allow":["GET"]}}],"collection":[{"href":"https:\/\/staging.ordemdosfisioterapeutas.pt\/fr\/wp-json\/wp\/v2\/pages"}],"about":[{"href":"https:\/\/staging.ordemdosfisioterapeutas.pt\/fr\/wp-json\/wp\/v2\/types\/page"}],"author":[{"embeddable":true,"href":"https:\/\/staging.ordemdosfisioterapeutas.pt\/fr\/wp-json\/wp\/v2\/users\/1"}],"replies":[{"embeddable":true,"href":"https:\/\/staging.ordemdosfisioterapeutas.pt\/fr\/wp-json\/wp\/v2\/comments?post=7780"}],"version-history":[{"count":0,"href":"https:\/\/staging.ordemdosfisioterapeutas.pt\/fr\/wp-json\/wp\/v2\/pages\/7780\/revisions"}],"wp:attachment":[{"href":"https:\/\/staging.ordemdosfisioterapeutas.pt\/fr\/wp-json\/wp\/v2\/media?parent=7780"}],"curies":[{"name":"wp","href":"https:\/\/api.w.org\/{rel}","templated":true}]}}