{"id":832,"date":"2020-10-07T09:03:10","date_gmt":"2020-10-07T09:03:10","guid":{"rendered":"https:\/\/staging.ordemdosfisioterapeutas.pt\/?page_id=832"},"modified":"2024-12-02T16:43:28","modified_gmt":"2024-12-02T16:43:28","slug":"cidadao","status":"publish","type":"page","link":"https:\/\/staging.ordemdosfisioterapeutas.pt\/fr\/cidadao\/","title":{"rendered":"Citoyen"},"content":{"rendered":"<div data-elementor-type=\"wp-page\" data-elementor-id=\"832\" class=\"elementor elementor-832\" data-elementor-post-type=\"page\">\n\t\t\t\t\t\t<section class=\"elementor-section elementor-top-section elementor-element elementor-element-2dbf794 elementor-section-boxed elementor-section-height-default elementor-section-height-default\" data-id=\"2dbf794\" data-element_type=\"section\" data-e-type=\"section\">\n\t\t\t\t\t\t<div class=\"elementor-container elementor-column-gap-default\">\n\t\t\t\t\t<div class=\"elementor-column elementor-col-100 elementor-top-column elementor-element elementor-element-6be1ace\" data-id=\"6be1ace\" data-element_type=\"column\" data-e-type=\"column\">\n\t\t\t<div class=\"elementor-widget-wrap elementor-element-populated\">\n\t\t\t\t\t\t<div class=\"elementor-element elementor-element-887bda1 elementor-widget__width-initial elementor-fixed elementor-widget elementor-widget-button\" data-id=\"887bda1\" data-element_type=\"widget\" data-e-type=\"widget\" data-settings=\"{&quot;_position&quot;:&quot;fixed&quot;}\" data-widget_type=\"button.default\">\n\t\t\t\t<div class=\"elementor-widget-container\">\n\t\t\t\t\t\t\t\t\t<div class=\"elementor-button-wrapper\">\n\t\t\t\t\t<a class=\"elementor-button elementor-button-link elementor-size-sm\" href=\"#go2top\">\n\t\t\t\t\t\t<span class=\"elementor-button-content-wrapper\">\n\t\t\t\t\t\t<span class=\"elementor-button-icon\">\n\t\t\t\t<i aria-hidden=\"true\" class=\"fas fa-arrow-up\"><\/i>\t\t\t<\/span>\n\t\t\t\t\t\t\t\t\t<span class=\"elementor-button-text\">Retour au d\u00e9but de la page<\/span>\n\t\t\t\t\t<\/span>\n\t\t\t\t\t<\/a>\n\t\t\t\t<\/div>\n\t\t\t\t\t\t\t\t<\/div>\n\t\t\t\t<\/div>\n\t\t\t\t\t<\/div>\n\t\t<\/div>\n\t\t\t\t\t<\/div>\n\t\t<\/section>\n\t\t\t\t<section class=\"elementor-section elementor-top-section elementor-element elementor-element-095f4e6 elementor-section-boxed elementor-section-height-default elementor-section-height-default\" data-id=\"095f4e6\" data-element_type=\"section\" data-e-type=\"section\">\n\t\t\t\t\t\t<div class=\"elementor-container elementor-column-gap-default\">\n\t\t\t\t\t<div class=\"elementor-column elementor-col-100 elementor-top-column elementor-element elementor-element-fbc8d90\" data-id=\"fbc8d90\" data-element_type=\"column\" data-e-type=\"column\">\n\t\t\t<div class=\"elementor-widget-wrap elementor-element-populated\">\n\t\t\t\t\t\t<div class=\"elementor-element elementor-element-b23f8c8 elementor-widget elementor-widget-menu-anchor\" data-id=\"b23f8c8\" data-element_type=\"widget\" data-e-type=\"widget\" data-widget_type=\"menu-anchor.default\">\n\t\t\t\t<div class=\"elementor-widget-container\">\n\t\t\t\t\t\t\t<div class=\"elementor-menu-anchor\" id=\"go2top\"><\/div>\n\t\t\t\t\t\t<\/div>\n\t\t\t\t<\/div>\n\t\t\t\t<div class=\"elementor-element elementor-element-8fa9898 elementor-nav-menu__align-center elementor-nav-menu--dropdown-tablet elementor-nav-menu__text-align-aside elementor-nav-menu--toggle elementor-nav-menu--burger elementor-widget elementor-widget-nav-menu\" data-id=\"8fa9898\" data-element_type=\"widget\" data-e-type=\"widget\" data-settings=\"{&quot;layout&quot;:&quot;horizontal&quot;,&quot;submenu_icon&quot;:{&quot;value&quot;:&quot;&lt;i class=\\&quot;fas fa-caret-down\\&quot; aria-hidden=\\&quot;true\\&quot;&gt;&lt;\\\/i&gt;&quot;,&quot;library&quot;:&quot;fa-solid&quot;},&quot;toggle&quot;:&quot;burger&quot;}\" data-widget_type=\"nav-menu.default\">\n\t\t\t\t<div class=\"elementor-widget-container\">\n\t\t\t\t\t\t\t\t<nav aria-label=\"Menu\" class=\"elementor-nav-menu--main elementor-nav-menu__container elementor-nav-menu--layout-horizontal e--pointer-underline e--animation-fade\">\n\t\t\t\t<ul id=\"menu-1-8fa9898\" class=\"elementor-nav-menu\"><li class=\"menu-item menu-item-type-custom menu-item-object-custom menu-item-7280\"><a href=\"#oqueefisioterapia\" class=\"elementor-item elementor-item-anchor\">Qu'est-ce que la physioth\u00e9rapie ?<\/a><\/li>\n<li class=\"menu-item menu-item-type-custom menu-item-object-custom menu-item-has-children menu-item-7281\"><a href=\"#\" class=\"elementor-item elementor-item-anchor\">Domaines d'intervention<\/a>\n<ul class=\"sub-menu elementor-nav-menu--dropdown\">\n\t<li class=\"menu-item menu-item-type-custom menu-item-object-custom menu-item-7282\"><a href=\"#areasdeintervencao\" class=\"elementor-sub-item elementor-item-anchor\">S\u00e9curit\u00e9 des patients<\/a><\/li>\n\t<li class=\"menu-item menu-item-type-custom menu-item-object-custom menu-item-7283\"><a href=\"#fisioterapianodesporto\" class=\"elementor-sub-item elementor-item-anchor\">Physioth\u00e9rapie dans le sport<\/a><\/li>\n\t<li class=\"menu-item menu-item-type-custom menu-item-object-custom menu-item-7284\"><a href=\"#fisioterapiaemsaudemental\" class=\"elementor-sub-item elementor-item-anchor\">Physioth\u00e9rapie en sant\u00e9 mentale<\/a><\/li>\n\t<li class=\"menu-item menu-item-type-custom menu-item-object-custom menu-item-7285\"><a href=\"#fisioterapiaemoncologia\" class=\"elementor-sub-item elementor-item-anchor\">Physioth\u00e9rapie en oncologie<\/a><\/li>\n\t<li class=\"menu-item menu-item-type-custom menu-item-object-custom menu-item-7286\"><a href=\"#fisioterapiaaquatica\" class=\"elementor-sub-item elementor-item-anchor\">Physioth\u00e9rapie en milieu aquatique<\/a><\/li>\n\t<li class=\"menu-item menu-item-type-custom menu-item-object-custom menu-item-7287\"><a href=\"#fisioterapiacardiorrespiratoriaevascular\" class=\"elementor-sub-item elementor-item-anchor\">Physioth\u00e9rapie dans les affections cardiorespiratoires et vasculaires<\/a><\/li>\n\t<li class=\"menu-item menu-item-type-custom menu-item-object-custom menu-item-7288\"><a href=\"#fisioterapiaemsaudepelvicaedamulher\" class=\"elementor-sub-item elementor-item-anchor\">Physioth\u00e9rapie pour les femmes et la sant\u00e9 pelvienne<\/a><\/li>\n\t<li class=\"menu-item menu-item-type-custom menu-item-object-custom menu-item-7289\"><a href=\"#fisioterapiaemneurologia\" class=\"elementor-sub-item elementor-item-anchor\">Physioth\u00e9rapie dans les affections neurologiques<\/a><\/li>\n\t<li class=\"menu-item menu-item-type-custom menu-item-object-custom menu-item-7290\"><a href=\"#fisioterapiaemcontextodemergencia\" class=\"elementor-sub-item elementor-item-anchor\">La physioth\u00e9rapie dans le contexte des urgences, des catastrophes et de l'action humanitaire<\/a><\/li>\n\t<li class=\"menu-item menu-item-type-custom menu-item-object-custom menu-item-7291\"><a href=\"#fisioterapiaempediatria\" class=\"elementor-sub-item elementor-item-anchor\">Physioth\u00e9rapie en p\u00e9diatrie<\/a><\/li>\n\t<li class=\"menu-item menu-item-type-custom menu-item-object-custom menu-item-7292\"><a href=\"#fisioterapiadermtofuncional\" class=\"elementor-sub-item elementor-item-anchor\">Physioth\u00e9rapie dermatofonctionnelle<\/a><\/li>\n\t<li class=\"menu-item menu-item-type-custom menu-item-object-custom menu-item-7293\"><a href=\"#fisioterapiaemsaudepublica\" class=\"elementor-sub-item elementor-item-anchor\">Physioth\u00e9rapie en sant\u00e9 publique<\/a><\/li>\n\t<li class=\"menu-item menu-item-type-custom menu-item-object-custom menu-item-7294\"><a href=\"#fisioterapiaemsaudeocupacionaleergonomia\" class=\"elementor-sub-item elementor-item-anchor\">Physioth\u00e9rapie dans le domaine de la sant\u00e9 au travail et de l'ergonomie<\/a><\/li>\n\t<li class=\"menu-item menu-item-type-custom menu-item-object-custom menu-item-7295\"><a href=\"#fisioterapiamusculoesqueletica\" class=\"elementor-sub-item elementor-item-anchor\">Physioth\u00e9rapie pour les troubles musculo-squelettiques<\/a><\/li>\n\t<li class=\"menu-item menu-item-type-custom menu-item-object-custom menu-item-7296\"><a href=\"#fisioterapiaempessoascomamputacao\" class=\"elementor-sub-item elementor-item-anchor\">Physioth\u00e9rapie pour les personnes amput\u00e9es<\/a><\/li>\n\t<li class=\"menu-item menu-item-type-custom menu-item-object-custom menu-item-7297\"><a href=\"#fisioterapianoenvelhecimento\" class=\"elementor-sub-item elementor-item-anchor\">La physioth\u00e9rapie dans le vieillissement<\/a><\/li>\n\t<li class=\"menu-item menu-item-type-custom menu-item-object-custom menu-item-7298\"><a href=\"#fisioterapianador\" class=\"elementor-sub-item elementor-item-anchor\">La physioth\u00e9rapie dans la douleur<\/a><\/li>\n\t<li class=\"menu-item menu-item-type-custom menu-item-object-custom menu-item-7299\"><a href=\"#institucionalof\" class=\"elementor-sub-item elementor-item-anchor\">Institutionnel OF<\/a><\/li>\n<\/ul>\n<\/li>\n<li class=\"menu-item menu-item-type-custom menu-item-object-custom menu-item-7300\"><a href=\"#fisioterapeutasinscritosnaordem\" class=\"elementor-item elementor-item-anchor\">Physioth\u00e9rapeutes agr\u00e9\u00e9s<\/a><\/li>\n<li class=\"menu-item menu-item-type-custom menu-item-object-custom menu-item-7301\"><a href=\"#participacaoreclamacaodenuncia\" class=\"elementor-item elementor-item-anchor\">Participation, plainte ou rapport<\/a><\/li>\n<li class=\"menu-item menu-item-type-custom menu-item-object-custom menu-item-7302\"><a href=\"#faq\" class=\"elementor-item elementor-item-anchor\">Foire aux questions (FAQ)<\/a><\/li>\n<\/ul>\t\t\t<\/nav>\n\t\t\t\t\t<div class=\"elementor-menu-toggle\" role=\"button\" tabindex=\"0\" aria-label=\"Activer le menu\" aria-expanded=\"false\">\n\t\t\t<i aria-hidden=\"true\" role=\"presentation\" class=\"elementor-menu-toggle__icon--open eicon-menu-bar\"><\/i><i aria-hidden=\"true\" role=\"presentation\" class=\"elementor-menu-toggle__icon--close eicon-close\"><\/i>\t\t<\/div>\n\t\t\t\t\t<nav class=\"elementor-nav-menu--dropdown elementor-nav-menu__container\" aria-hidden=\"true\">\n\t\t\t\t<ul id=\"menu-2-8fa9898\" class=\"elementor-nav-menu\"><li class=\"menu-item menu-item-type-custom menu-item-object-custom menu-item-7280\"><a href=\"#oqueefisioterapia\" class=\"elementor-item elementor-item-anchor\" tabindex=\"-1\">Qu'est-ce que la physioth\u00e9rapie ?<\/a><\/li>\n<li class=\"menu-item menu-item-type-custom menu-item-object-custom menu-item-has-children menu-item-7281\"><a href=\"#\" class=\"elementor-item elementor-item-anchor\" tabindex=\"-1\">Domaines d'intervention<\/a>\n<ul class=\"sub-menu elementor-nav-menu--dropdown\">\n\t<li class=\"menu-item menu-item-type-custom menu-item-object-custom menu-item-7282\"><a href=\"#areasdeintervencao\" class=\"elementor-sub-item elementor-item-anchor\" tabindex=\"-1\">S\u00e9curit\u00e9 des patients<\/a><\/li>\n\t<li class=\"menu-item menu-item-type-custom menu-item-object-custom menu-item-7283\"><a href=\"#fisioterapianodesporto\" class=\"elementor-sub-item elementor-item-anchor\" tabindex=\"-1\">Physioth\u00e9rapie dans le sport<\/a><\/li>\n\t<li class=\"menu-item menu-item-type-custom menu-item-object-custom menu-item-7284\"><a href=\"#fisioterapiaemsaudemental\" class=\"elementor-sub-item elementor-item-anchor\" tabindex=\"-1\">Physioth\u00e9rapie en sant\u00e9 mentale<\/a><\/li>\n\t<li class=\"menu-item menu-item-type-custom menu-item-object-custom menu-item-7285\"><a href=\"#fisioterapiaemoncologia\" class=\"elementor-sub-item elementor-item-anchor\" tabindex=\"-1\">Physioth\u00e9rapie en oncologie<\/a><\/li>\n\t<li class=\"menu-item menu-item-type-custom menu-item-object-custom menu-item-7286\"><a href=\"#fisioterapiaaquatica\" class=\"elementor-sub-item elementor-item-anchor\" tabindex=\"-1\">Physioth\u00e9rapie en milieu aquatique<\/a><\/li>\n\t<li class=\"menu-item menu-item-type-custom menu-item-object-custom menu-item-7287\"><a href=\"#fisioterapiacardiorrespiratoriaevascular\" class=\"elementor-sub-item elementor-item-anchor\" tabindex=\"-1\">Physioth\u00e9rapie dans les affections cardiorespiratoires et vasculaires<\/a><\/li>\n\t<li class=\"menu-item menu-item-type-custom menu-item-object-custom menu-item-7288\"><a href=\"#fisioterapiaemsaudepelvicaedamulher\" class=\"elementor-sub-item elementor-item-anchor\" tabindex=\"-1\">Physioth\u00e9rapie pour les femmes et la sant\u00e9 pelvienne<\/a><\/li>\n\t<li class=\"menu-item menu-item-type-custom menu-item-object-custom menu-item-7289\"><a href=\"#fisioterapiaemneurologia\" class=\"elementor-sub-item elementor-item-anchor\" tabindex=\"-1\">Physioth\u00e9rapie dans les affections neurologiques<\/a><\/li>\n\t<li class=\"menu-item menu-item-type-custom menu-item-object-custom menu-item-7290\"><a href=\"#fisioterapiaemcontextodemergencia\" class=\"elementor-sub-item elementor-item-anchor\" tabindex=\"-1\">La physioth\u00e9rapie dans le contexte des urgences, des catastrophes et de l'action humanitaire<\/a><\/li>\n\t<li class=\"menu-item menu-item-type-custom menu-item-object-custom menu-item-7291\"><a href=\"#fisioterapiaempediatria\" class=\"elementor-sub-item elementor-item-anchor\" tabindex=\"-1\">Physioth\u00e9rapie en p\u00e9diatrie<\/a><\/li>\n\t<li class=\"menu-item menu-item-type-custom menu-item-object-custom menu-item-7292\"><a href=\"#fisioterapiadermtofuncional\" class=\"elementor-sub-item elementor-item-anchor\" tabindex=\"-1\">Physioth\u00e9rapie dermatofonctionnelle<\/a><\/li>\n\t<li class=\"menu-item menu-item-type-custom menu-item-object-custom menu-item-7293\"><a href=\"#fisioterapiaemsaudepublica\" class=\"elementor-sub-item elementor-item-anchor\" tabindex=\"-1\">Physioth\u00e9rapie en sant\u00e9 publique<\/a><\/li>\n\t<li class=\"menu-item menu-item-type-custom menu-item-object-custom menu-item-7294\"><a href=\"#fisioterapiaemsaudeocupacionaleergonomia\" class=\"elementor-sub-item elementor-item-anchor\" tabindex=\"-1\">Physioth\u00e9rapie dans le domaine de la sant\u00e9 au travail et de l'ergonomie<\/a><\/li>\n\t<li class=\"menu-item menu-item-type-custom menu-item-object-custom menu-item-7295\"><a href=\"#fisioterapiamusculoesqueletica\" class=\"elementor-sub-item elementor-item-anchor\" tabindex=\"-1\">Physioth\u00e9rapie pour les troubles musculo-squelettiques<\/a><\/li>\n\t<li class=\"menu-item menu-item-type-custom menu-item-object-custom menu-item-7296\"><a href=\"#fisioterapiaempessoascomamputacao\" class=\"elementor-sub-item elementor-item-anchor\" tabindex=\"-1\">Physioth\u00e9rapie pour les personnes amput\u00e9es<\/a><\/li>\n\t<li class=\"menu-item menu-item-type-custom menu-item-object-custom menu-item-7297\"><a href=\"#fisioterapianoenvelhecimento\" class=\"elementor-sub-item elementor-item-anchor\" tabindex=\"-1\">La physioth\u00e9rapie dans le vieillissement<\/a><\/li>\n\t<li class=\"menu-item menu-item-type-custom menu-item-object-custom menu-item-7298\"><a href=\"#fisioterapianador\" class=\"elementor-sub-item elementor-item-anchor\" tabindex=\"-1\">La physioth\u00e9rapie dans la douleur<\/a><\/li>\n\t<li class=\"menu-item menu-item-type-custom menu-item-object-custom menu-item-7299\"><a href=\"#institucionalof\" class=\"elementor-sub-item elementor-item-anchor\" tabindex=\"-1\">Institutionnel OF<\/a><\/li>\n<\/ul>\n<\/li>\n<li class=\"menu-item menu-item-type-custom menu-item-object-custom menu-item-7300\"><a href=\"#fisioterapeutasinscritosnaordem\" class=\"elementor-item elementor-item-anchor\" tabindex=\"-1\">Physioth\u00e9rapeutes agr\u00e9\u00e9s<\/a><\/li>\n<li class=\"menu-item menu-item-type-custom menu-item-object-custom menu-item-7301\"><a href=\"#participacaoreclamacaodenuncia\" class=\"elementor-item elementor-item-anchor\" tabindex=\"-1\">Participation, plainte ou rapport<\/a><\/li>\n<li class=\"menu-item menu-item-type-custom menu-item-object-custom menu-item-7302\"><a href=\"#faq\" class=\"elementor-item elementor-item-anchor\" tabindex=\"-1\">Foire aux questions (FAQ)<\/a><\/li>\n<\/ul>\t\t\t<\/nav>\n\t\t\t\t\t\t<\/div>\n\t\t\t\t<\/div>\n\t\t\t\t\t<\/div>\n\t\t<\/div>\n\t\t\t\t\t<\/div>\n\t\t<\/section>\n\t\t\t\t<section class=\"elementor-section elementor-top-section elementor-element elementor-element-a375036 elementor-section-boxed elementor-section-height-default elementor-section-height-default\" data-id=\"a375036\" data-element_type=\"section\" data-e-type=\"section\">\n\t\t\t\t\t\t<div class=\"elementor-container elementor-column-gap-default\">\n\t\t\t\t\t<div class=\"elementor-column elementor-col-100 elementor-top-column elementor-element elementor-element-6644678\" data-id=\"6644678\" data-element_type=\"column\" data-e-type=\"column\">\n\t\t\t<div class=\"elementor-widget-wrap elementor-element-populated\">\n\t\t\t\t\t\t<div class=\"elementor-element elementor-element-038b8c9 elementor-widget elementor-widget-menu-anchor\" data-id=\"038b8c9\" data-element_type=\"widget\" data-e-type=\"widget\" data-widget_type=\"menu-anchor.default\">\n\t\t\t\t<div class=\"elementor-widget-container\">\n\t\t\t\t\t\t\t<div class=\"elementor-menu-anchor\" id=\"oqueefisioterapia\"><\/div>\n\t\t\t\t\t\t<\/div>\n\t\t\t\t<\/div>\n\t\t\t\t<div class=\"elementor-element elementor-element-e9055f5 elementor-widget-divider--view-line elementor-widget elementor-widget-divider\" data-id=\"e9055f5\" data-element_type=\"widget\" data-e-type=\"widget\" data-widget_type=\"divider.default\">\n\t\t\t\t<div class=\"elementor-widget-container\">\n\t\t\t\t\t\t\t<div class=\"elementor-divider\">\n\t\t\t<span class=\"elementor-divider-separator\">\n\t\t\t\t\t\t<\/span>\n\t\t<\/div>\n\t\t\t\t\t\t<\/div>\n\t\t\t\t<\/div>\n\t\t\t\t<div class=\"elementor-element elementor-element-76fea92 elementor-widget elementor-widget-text-editor\" data-id=\"76fea92\" data-element_type=\"widget\" data-e-type=\"widget\" data-widget_type=\"text-editor.default\">\n\t\t\t\t<div class=\"elementor-widget-container\">\n\t\t\t\t\t\t\t\t\t<p>Cet espace a \u00e9t\u00e9 cr\u00e9\u00e9 pour rapprocher les citoyens des kin\u00e9sith\u00e9rapeutes en leur donnant acc\u00e8s \u00e0 des informations claires et fiables sur les diff\u00e9rents domaines d'activit\u00e9 de cette importante profession de sant\u00e9, ainsi qu'\u00e0 une liste de kin\u00e9sith\u00e9rapeutes agr\u00e9\u00e9s.<\/p>\t\t\t\t\t\t\t\t<\/div>\n\t\t\t\t<\/div>\n\t\t\t\t<div class=\"elementor-element elementor-element-dedabdb elementor-widget elementor-widget-heading\" data-id=\"dedabdb\" data-element_type=\"widget\" data-e-type=\"widget\" data-widget_type=\"heading.default\">\n\t\t\t\t<div class=\"elementor-widget-container\">\n\t\t\t\t\t<h2 class=\"elementor-heading-title elementor-size-default\">Qu'est-ce que la physioth\u00e9rapie ?<\/h2>\t\t\t\t<\/div>\n\t\t\t\t<\/div>\n\t\t\t\t<div class=\"elementor-element elementor-element-ce2d040 elementor-widget elementor-widget-text-editor\" data-id=\"ce2d040\" data-element_type=\"widget\" data-e-type=\"widget\" data-widget_type=\"text-editor.default\">\n\t\t\t\t<div class=\"elementor-widget-container\">\n\t\t\t\t\t\t\t\t\t<p>La physioth\u00e9rapie est d\u00e9finie comme l'\u00e9tude, la pr\u00e9vention, le diagnostic et le traitement des conditions de sant\u00e9 qui affectent les structures et les fonctions du syst\u00e8me de mouvement, ainsi que la fonctionnalit\u00e9 des personnes, des groupes ou des communaut\u00e9s, en tenant compte des cadres kin\u00e9siopathologiques et pathokin\u00e9siologiques. L'Ordre des physioth\u00e9rapeutes joue un r\u00f4le r\u00e9glementaire essentiel, en garantissant la qualit\u00e9 des services fournis, en prot\u00e9geant les int\u00e9r\u00eats des citoyens et en assurant la pratique \u00e9thique et comp\u00e9tente de la physioth\u00e9rapie au Portugal.<\/p>\t\t\t\t\t\t\t\t<\/div>\n\t\t\t\t<\/div>\n\t\t\t\t<div class=\"elementor-element elementor-element-b4b9a6d elementor-widget elementor-widget-heading\" data-id=\"b4b9a6d\" data-element_type=\"widget\" data-e-type=\"widget\" data-widget_type=\"heading.default\">\n\t\t\t\t<div class=\"elementor-widget-container\">\n\t\t\t\t\t<h2 class=\"elementor-heading-title elementor-size-default\">Domaines d'intervention<\/h2>\t\t\t\t<\/div>\n\t\t\t\t<\/div>\n\t\t\t\t<div class=\"elementor-element elementor-element-7a24dc2 elementor-widget elementor-widget-menu-anchor\" data-id=\"7a24dc2\" data-element_type=\"widget\" data-e-type=\"widget\" data-widget_type=\"menu-anchor.default\">\n\t\t\t\t<div class=\"elementor-widget-container\">\n\t\t\t\t\t\t\t<div class=\"elementor-menu-anchor\" id=\"segurancadodoente\"><\/div>\n\t\t\t\t\t\t<\/div>\n\t\t\t\t<\/div>\n\t\t\t\t<div class=\"elementor-element elementor-element-899d278 elementor-widget elementor-widget-heading\" data-id=\"899d278\" data-element_type=\"widget\" data-e-type=\"widget\" data-widget_type=\"heading.default\">\n\t\t\t\t<div class=\"elementor-widget-container\">\n\t\t\t\t\t<h2 class=\"elementor-heading-title elementor-size-default\">S\u00e9curit\u00e9 des patients\n<\/h2>\t\t\t\t<\/div>\n\t\t\t\t<\/div>\n\t\t\t\t<div class=\"elementor-element elementor-element-9f5195c elementor-widget elementor-widget-text-editor\" data-id=\"9f5195c\" data-element_type=\"widget\" data-e-type=\"widget\" data-widget_type=\"text-editor.default\">\n\t\t\t\t<div class=\"elementor-widget-container\">\n\t\t\t\t\t\t\t\t\t<p>La physioth\u00e9rapie contribue activement \u00e0 la s\u00e9curit\u00e9 des patients en pr\u00e9venant les risques et en minimisant les dommages \u00e9vitables dans les soins de sant\u00e9. Avec des pratiques allant de la pr\u00e9vention des chutes \u00e0 la promotion d'environnements s\u00fbrs, les physioth\u00e9rapeutes jouent un r\u00f4le crucial dans la garantie de soins de sant\u00e9 de qualit\u00e9.<\/p><p>Brochure(s) sur la s\u00e9curit\u00e9 des patients<\/p>\t\t\t\t\t\t\t\t<\/div>\n\t\t\t\t<\/div>\n\t\t<div class=\"elementor-element elementor-element-bcc134a e-grid e-con-boxed e-con e-parent\" data-id=\"bcc134a\" data-element_type=\"container\" data-e-type=\"container\">\n\t\t\t\t\t<div class=\"e-con-inner\">\n\t\t\t\t<div class=\"elementor-element elementor-element-7c23f8e elementor-widget elementor-widget-image\" data-id=\"7c23f8e\" data-element_type=\"widget\" data-e-type=\"widget\" data-widget_type=\"image.default\">\n\t\t\t\t<div class=\"elementor-widget-container\">\n\t\t\t\t\t\t\t\t\t\t\t\t\t\t\t\t<a href=\"https:\/\/ordemdosfisioterapeutas.pt\/wp-content\/uploads\/2024\/11\/Cuidados_Fisioterapia_Seguros_3.pdf\" target=\"_blank\">\n\t\t\t\t\t\t\t<img decoding=\"async\" width=\"175\" height=\"246\" src=\"https:\/\/staging.ordemdosfisioterapeutas.pt\/wp-content\/uploads\/2024\/11\/Flyer_0034_1_6.png\" class=\"attachment-large size-large wp-image-7331\" alt=\"\" srcset=\"https:\/\/staging.ordemdosfisioterapeutas.pt\/wp-content\/uploads\/2024\/11\/Flyer_0034_1_6.png 175w, https:\/\/staging.ordemdosfisioterapeutas.pt\/wp-content\/uploads\/2024\/11\/Flyer_0034_1_6-9x12.png 9w\" sizes=\"(max-width: 175px) 100vw, 175px\" \/>\t\t\t\t\t\t\t\t<\/a>\n\t\t\t\t\t\t\t\t\t\t\t\t\t\t\t<\/div>\n\t\t\t\t<\/div>\n\t\t\t\t<div class=\"elementor-element elementor-element-70d6f1e elementor-widget elementor-widget-image\" data-id=\"70d6f1e\" data-element_type=\"widget\" data-e-type=\"widget\" data-widget_type=\"image.default\">\n\t\t\t\t<div class=\"elementor-widget-container\">\n\t\t\t\t\t\t\t\t\t\t\t\t\t\t\t\t<a href=\"https:\/\/ordemdosfisioterapeutas.pt\/wp-content\/uploads\/2024\/11\/Cuidados_Fisioterapia_Seguros_2.pdf\" target=\"_blank\">\n\t\t\t\t\t\t\t<img decoding=\"async\" width=\"176\" height=\"245\" src=\"https:\/\/staging.ordemdosfisioterapeutas.pt\/wp-content\/uploads\/2024\/11\/Flyer_0035_1_5.png\" class=\"attachment-large size-large wp-image-7332\" alt=\"\" srcset=\"https:\/\/staging.ordemdosfisioterapeutas.pt\/wp-content\/uploads\/2024\/11\/Flyer_0035_1_5.png 176w, https:\/\/staging.ordemdosfisioterapeutas.pt\/wp-content\/uploads\/2024\/11\/Flyer_0035_1_5-9x12.png 9w\" sizes=\"(max-width: 176px) 100vw, 176px\" \/>\t\t\t\t\t\t\t\t<\/a>\n\t\t\t\t\t\t\t\t\t\t\t\t\t\t\t<\/div>\n\t\t\t\t<\/div>\n\t\t\t\t<div class=\"elementor-element elementor-element-a1df34b elementor-widget elementor-widget-image\" data-id=\"a1df34b\" data-element_type=\"widget\" data-e-type=\"widget\" data-widget_type=\"image.default\">\n\t\t\t\t<div class=\"elementor-widget-container\">\n\t\t\t\t\t\t\t\t\t\t\t\t\t\t\t\t<a href=\"https:\/\/ordemdosfisioterapeutas.pt\/wp-content\/uploads\/2024\/11\/Indentificacao-doente.pdf\" target=\"_blank\">\n\t\t\t\t\t\t\t<img decoding=\"async\" width=\"177\" height=\"246\" src=\"https:\/\/staging.ordemdosfisioterapeutas.pt\/wp-content\/uploads\/2024\/11\/Flyer_0036_1_4.png\" class=\"attachment-large size-large wp-image-7333\" alt=\"\" srcset=\"https:\/\/staging.ordemdosfisioterapeutas.pt\/wp-content\/uploads\/2024\/11\/Flyer_0036_1_4.png 177w, https:\/\/staging.ordemdosfisioterapeutas.pt\/wp-content\/uploads\/2024\/11\/Flyer_0036_1_4-9x12.png 9w\" sizes=\"(max-width: 177px) 100vw, 177px\" \/>\t\t\t\t\t\t\t\t<\/a>\n\t\t\t\t\t\t\t\t\t\t\t\t\t\t\t<\/div>\n\t\t\t\t<\/div>\n\t\t\t\t\t<\/div>\n\t\t\t\t<\/div>\n\t\t<div class=\"elementor-element elementor-element-2ad37e1 e-grid e-con-boxed e-con e-parent\" data-id=\"2ad37e1\" data-element_type=\"container\" data-e-type=\"container\">\n\t\t\t\t\t<div class=\"e-con-inner\">\n\t\t\t\t<div class=\"elementor-element elementor-element-6bdec4c elementor-widget elementor-widget-image\" data-id=\"6bdec4c\" data-element_type=\"widget\" data-e-type=\"widget\" data-widget_type=\"image.default\">\n\t\t\t\t<div class=\"elementor-widget-container\">\n\t\t\t\t\t\t\t\t\t\t\t\t\t\t\t\t<a href=\"https:\/\/ordemdosfisioterapeutas.pt\/wp-content\/uploads\/2024\/11\/PREVENIR-QUEDAS.pdf\" target=\"_blank\">\n\t\t\t\t\t\t\t<img loading=\"lazy\" decoding=\"async\" width=\"175\" height=\"246\" src=\"https:\/\/staging.ordemdosfisioterapeutas.pt\/wp-content\/uploads\/2024\/11\/Flyer_0037_1_3.png\" class=\"attachment-large size-large wp-image-7334\" alt=\"\" srcset=\"https:\/\/staging.ordemdosfisioterapeutas.pt\/wp-content\/uploads\/2024\/11\/Flyer_0037_1_3.png 175w, https:\/\/staging.ordemdosfisioterapeutas.pt\/wp-content\/uploads\/2024\/11\/Flyer_0037_1_3-9x12.png 9w\" sizes=\"(max-width: 175px) 100vw, 175px\" \/>\t\t\t\t\t\t\t\t<\/a>\n\t\t\t\t\t\t\t\t\t\t\t\t\t\t\t<\/div>\n\t\t\t\t<\/div>\n\t\t\t\t<div class=\"elementor-element elementor-element-1e15e2b elementor-widget elementor-widget-image\" data-id=\"1e15e2b\" data-element_type=\"widget\" data-e-type=\"widget\" data-widget_type=\"image.default\">\n\t\t\t\t<div class=\"elementor-widget-container\">\n\t\t\t\t\t\t\t\t\t\t\t\t\t\t\t\t<a href=\"https:\/\/ordemdosfisioterapeutas.pt\/wp-content\/uploads\/2024\/11\/Cuidados_Fisioterapia_Seguros_1.pdf\" target=\"_blank\">\n\t\t\t\t\t\t\t<img loading=\"lazy\" decoding=\"async\" width=\"177\" height=\"246\" src=\"https:\/\/staging.ordemdosfisioterapeutas.pt\/wp-content\/uploads\/2024\/11\/Flyer_0038_1_2.png\" class=\"attachment-large size-large wp-image-7335\" alt=\"\" srcset=\"https:\/\/staging.ordemdosfisioterapeutas.pt\/wp-content\/uploads\/2024\/11\/Flyer_0038_1_2.png 177w, https:\/\/staging.ordemdosfisioterapeutas.pt\/wp-content\/uploads\/2024\/11\/Flyer_0038_1_2-9x12.png 9w\" sizes=\"(max-width: 177px) 100vw, 177px\" \/>\t\t\t\t\t\t\t\t<\/a>\n\t\t\t\t\t\t\t\t\t\t\t\t\t\t\t<\/div>\n\t\t\t\t<\/div>\n\t\t\t\t<div class=\"elementor-element elementor-element-5a0ec45 elementor-widget elementor-widget-image\" data-id=\"5a0ec45\" data-element_type=\"widget\" data-e-type=\"widget\" data-widget_type=\"image.default\">\n\t\t\t\t<div class=\"elementor-widget-container\">\n\t\t\t\t\t\t\t\t\t\t\t\t\t\t\t\t<a href=\"https:\/\/ordemdosfisioterapeutas.pt\/wp-content\/uploads\/2024\/11\/5_Pilares_Seguranca_Doente.pdf\" target=\"_blank\">\n\t\t\t\t\t\t\t<img loading=\"lazy\" decoding=\"async\" width=\"173\" height=\"245\" src=\"https:\/\/staging.ordemdosfisioterapeutas.pt\/wp-content\/uploads\/2024\/11\/Flyer_0039_1_1.png\" class=\"attachment-large size-large wp-image-7336\" alt=\"\" srcset=\"https:\/\/staging.ordemdosfisioterapeutas.pt\/wp-content\/uploads\/2024\/11\/Flyer_0039_1_1.png 173w, https:\/\/staging.ordemdosfisioterapeutas.pt\/wp-content\/uploads\/2024\/11\/Flyer_0039_1_1-8x12.png 8w\" sizes=\"(max-width: 173px) 100vw, 173px\" \/>\t\t\t\t\t\t\t\t<\/a>\n\t\t\t\t\t\t\t\t\t\t\t\t\t\t\t<\/div>\n\t\t\t\t<\/div>\n\t\t\t\t\t<\/div>\n\t\t\t\t<\/div>\n\t\t<div class=\"elementor-element elementor-element-da05557 e-grid e-con-boxed e-con e-parent\" data-id=\"da05557\" data-element_type=\"container\" data-e-type=\"container\">\n\t\t\t\t\t<div class=\"e-con-inner\">\n\t\t\t\t<div class=\"elementor-element elementor-element-ded891c elementor-widget elementor-widget-image\" data-id=\"ded891c\" data-element_type=\"widget\" data-e-type=\"widget\" data-widget_type=\"image.default\">\n\t\t\t\t<div class=\"elementor-widget-container\">\n\t\t\t\t\t\t\t\t\t\t\t\t\t\t\t\t<a href=\"https:\/\/ordemdosfisioterapeutas.pt\/wp-content\/uploads\/2024\/11\/Seg_do_doente.pdf\" target=\"_blank\">\n\t\t\t\t\t\t\t<img loading=\"lazy\" decoding=\"async\" width=\"175\" height=\"246\" src=\"https:\/\/staging.ordemdosfisioterapeutas.pt\/wp-content\/uploads\/2024\/11\/Flyer_0040_1.png\" class=\"attachment-large size-large wp-image-7337\" alt=\"\" srcset=\"https:\/\/staging.ordemdosfisioterapeutas.pt\/wp-content\/uploads\/2024\/11\/Flyer_0040_1.png 175w, https:\/\/staging.ordemdosfisioterapeutas.pt\/wp-content\/uploads\/2024\/11\/Flyer_0040_1-9x12.png 9w\" sizes=\"(max-width: 175px) 100vw, 175px\" \/>\t\t\t\t\t\t\t\t<\/a>\n\t\t\t\t\t\t\t\t\t\t\t\t\t\t\t<\/div>\n\t\t\t\t<\/div>\n\t\t\t\t<div class=\"elementor-element elementor-element-f84781f elementor-widget elementor-widget-image\" data-id=\"f84781f\" data-element_type=\"widget\" data-e-type=\"widget\" data-widget_type=\"image.default\">\n\t\t\t\t<div class=\"elementor-widget-container\">\n\t\t\t\t\t\t\t\t\t\t\t\t\t\t\t\t<a href=\"https:\/\/ordemdosfisioterapeutas.pt\/wp-content\/uploads\/2024\/11\/Prevencao-Quedas-OF.pdf\" rel=\"nofollow\">\n\t\t\t\t\t\t\t<img loading=\"lazy\" decoding=\"async\" width=\"177\" height=\"246\" src=\"https:\/\/staging.ordemdosfisioterapeutas.pt\/wp-content\/uploads\/2024\/11\/Flyer_0041_1.png\" class=\"attachment-large size-large wp-image-7338\" alt=\"\" srcset=\"https:\/\/staging.ordemdosfisioterapeutas.pt\/wp-content\/uploads\/2024\/11\/Flyer_0041_1.png 177w, https:\/\/staging.ordemdosfisioterapeutas.pt\/wp-content\/uploads\/2024\/11\/Flyer_0041_1-9x12.png 9w\" sizes=\"(max-width: 177px) 100vw, 177px\" \/>\t\t\t\t\t\t\t\t<\/a>\n\t\t\t\t\t\t\t\t\t\t\t\t\t\t\t<\/div>\n\t\t\t\t<\/div>\n\t\t\t\t\t<\/div>\n\t\t\t\t<\/div>\n\t\t\t\t<div class=\"elementor-element elementor-element-5143902 elementor-widget elementor-widget-menu-anchor\" data-id=\"5143902\" data-element_type=\"widget\" data-e-type=\"widget\" data-widget_type=\"menu-anchor.default\">\n\t\t\t\t<div class=\"elementor-widget-container\">\n\t\t\t\t\t\t\t<div class=\"elementor-menu-anchor\" id=\"fisioterapianodesporto\"><\/div>\n\t\t\t\t\t\t<\/div>\n\t\t\t\t<\/div>\n\t\t\t\t<div class=\"elementor-element elementor-element-9ed74cd elementor-widget elementor-widget-heading\" data-id=\"9ed74cd\" data-element_type=\"widget\" data-e-type=\"widget\" data-widget_type=\"heading.default\">\n\t\t\t\t<div class=\"elementor-widget-container\">\n\t\t\t\t\t<h2 class=\"elementor-heading-title elementor-size-default\">Physioth\u00e9rapie dans le sport\n<\/h2>\t\t\t\t<\/div>\n\t\t\t\t<\/div>\n\t\t\t\t<div class=\"elementor-element elementor-element-b584270 elementor-widget elementor-widget-text-editor\" data-id=\"b584270\" data-element_type=\"widget\" data-e-type=\"widget\" data-widget_type=\"text-editor.default\">\n\t\t\t\t<div class=\"elementor-widget-container\">\n\t\t\t\t\t\t\t\t\t<p>La physioth\u00e9rapie sportive contribue \u00e0 la pr\u00e9vention des blessures, \u00e0 la r\u00e9\u00e9ducation et \u00e0 l'am\u00e9lioration des performances des athl\u00e8tes de tous \u00e2ges. Les physioth\u00e9rapeutes promeuvent la sant\u00e9 sportive, en optimisant les performances et en apportant un soutien continu aux athl\u00e8tes et aux \u00e9quipes.<\/p><p>Brochure(s) d'information sur la physioth\u00e9rapie dans le sport<\/p>\t\t\t\t\t\t\t\t<\/div>\n\t\t\t\t<\/div>\n\t\t<div class=\"elementor-element elementor-element-c031753 e-grid e-con-boxed e-con e-parent\" data-id=\"c031753\" data-element_type=\"container\" data-e-type=\"container\">\n\t\t\t\t\t<div class=\"e-con-inner\">\n\t\t\t\t<div class=\"elementor-element elementor-element-2fafa7e elementor-widget elementor-widget-image\" data-id=\"2fafa7e\" data-element_type=\"widget\" data-e-type=\"widget\" data-widget_type=\"image.default\">\n\t\t\t\t<div class=\"elementor-widget-container\">\n\t\t\t\t\t\t\t\t\t\t\t\t\t\t\t\t<a href=\"https:\/\/ordemdosfisioterapeutas.pt\/wp-content\/uploads\/2024\/11\/fisioterapeuta-no-desporto.pdf\" target=\"_blank\">\n\t\t\t\t\t\t\t<img loading=\"lazy\" decoding=\"async\" width=\"176\" height=\"246\" src=\"https:\/\/staging.ordemdosfisioterapeutas.pt\/wp-content\/uploads\/2024\/11\/Flyer_0033_2.png\" class=\"attachment-large size-large wp-image-7339\" alt=\"\" srcset=\"https:\/\/staging.ordemdosfisioterapeutas.pt\/wp-content\/uploads\/2024\/11\/Flyer_0033_2.png 176w, https:\/\/staging.ordemdosfisioterapeutas.pt\/wp-content\/uploads\/2024\/11\/Flyer_0033_2-9x12.png 9w\" sizes=\"(max-width: 176px) 100vw, 176px\" \/>\t\t\t\t\t\t\t\t<\/a>\n\t\t\t\t\t\t\t\t\t\t\t\t\t\t\t<\/div>\n\t\t\t\t<\/div>\n\t\t\t\t\t<\/div>\n\t\t\t\t<\/div>\n\t\t\t\t<div class=\"elementor-element elementor-element-70e8848 elementor-widget elementor-widget-menu-anchor\" data-id=\"70e8848\" data-element_type=\"widget\" data-e-type=\"widget\" data-widget_type=\"menu-anchor.default\">\n\t\t\t\t<div class=\"elementor-widget-container\">\n\t\t\t\t\t\t\t<div class=\"elementor-menu-anchor\" id=\"fisioterapiaemsaudemental\"><\/div>\n\t\t\t\t\t\t<\/div>\n\t\t\t\t<\/div>\n\t\t\t\t<div class=\"elementor-element elementor-element-e9c3e08 elementor-widget elementor-widget-heading\" data-id=\"e9c3e08\" data-element_type=\"widget\" data-e-type=\"widget\" data-widget_type=\"heading.default\">\n\t\t\t\t<div class=\"elementor-widget-container\">\n\t\t\t\t\t<h2 class=\"elementor-heading-title elementor-size-default\">Physioth\u00e9rapie en sant\u00e9 mentale\n<\/h2>\t\t\t\t<\/div>\n\t\t\t\t<\/div>\n\t\t\t\t<div class=\"elementor-element elementor-element-56c8ee4 elementor-widget elementor-widget-text-editor\" data-id=\"56c8ee4\" data-element_type=\"widget\" data-e-type=\"widget\" data-widget_type=\"text-editor.default\">\n\t\t\t\t<div class=\"elementor-widget-container\">\n\t\t\t\t\t\t\t\t\t<p>La physioth\u00e9rapie en sant\u00e9 mentale se concentre sur le bien-\u00eatre \u00e9motionnel et physique, en utilisant l'exercice et le mouvement comme outils pour soulager les sympt\u00f4mes de l'anxi\u00e9t\u00e9, de la d\u00e9pression et d'autres conditions psychologiques. Cette intervention am\u00e9liore la fonctionnalit\u00e9 et la qualit\u00e9 de vie.<\/p><p>Brochure(s) d'information sur la physioth\u00e9rapie en sant\u00e9 mentale<\/p>\t\t\t\t\t\t\t\t<\/div>\n\t\t\t\t<\/div>\n\t\t<div class=\"elementor-element elementor-element-88ab475 e-grid e-con-boxed e-con e-parent\" data-id=\"88ab475\" data-element_type=\"container\" data-e-type=\"container\">\n\t\t\t\t\t<div class=\"e-con-inner\">\n\t\t\t\t<div class=\"elementor-element elementor-element-a6b65ec elementor-widget elementor-widget-image\" data-id=\"a6b65ec\" data-element_type=\"widget\" data-e-type=\"widget\" data-widget_type=\"image.default\">\n\t\t\t\t<div class=\"elementor-widget-container\">\n\t\t\t\t\t\t\t\t\t\t\t\t\t\t\t\t<a href=\"https:\/\/ordemdosfisioterapeutas.pt\/wp-content\/uploads\/2024\/11\/fisioterapia-saude-mental.pdf\" target=\"_blank\">\n\t\t\t\t\t\t\t<img loading=\"lazy\" decoding=\"async\" width=\"177\" height=\"244\" src=\"https:\/\/staging.ordemdosfisioterapeutas.pt\/wp-content\/uploads\/2024\/11\/Flyer_0032_3.png\" class=\"attachment-large size-large wp-image-7340\" alt=\"\" srcset=\"https:\/\/staging.ordemdosfisioterapeutas.pt\/wp-content\/uploads\/2024\/11\/Flyer_0032_3.png 177w, https:\/\/staging.ordemdosfisioterapeutas.pt\/wp-content\/uploads\/2024\/11\/Flyer_0032_3-9x12.png 9w\" sizes=\"(max-width: 177px) 100vw, 177px\" \/>\t\t\t\t\t\t\t\t<\/a>\n\t\t\t\t\t\t\t\t\t\t\t\t\t\t\t<\/div>\n\t\t\t\t<\/div>\n\t\t\t\t\t<\/div>\n\t\t\t\t<\/div>\n\t\t\t\t<div class=\"elementor-element elementor-element-f9f120d elementor-widget elementor-widget-menu-anchor\" data-id=\"f9f120d\" data-element_type=\"widget\" data-e-type=\"widget\" data-widget_type=\"menu-anchor.default\">\n\t\t\t\t<div class=\"elementor-widget-container\">\n\t\t\t\t\t\t\t<div class=\"elementor-menu-anchor\" id=\"fisioterapiaemoncologia\"><\/div>\n\t\t\t\t\t\t<\/div>\n\t\t\t\t<\/div>\n\t\t\t\t<div class=\"elementor-element elementor-element-848a9d3 elementor-widget elementor-widget-heading\" data-id=\"848a9d3\" data-element_type=\"widget\" data-e-type=\"widget\" data-widget_type=\"heading.default\">\n\t\t\t\t<div class=\"elementor-widget-container\">\n\t\t\t\t\t<h2 class=\"elementor-heading-title elementor-size-default\">Physioth\u00e9rapie en oncologie\n<\/h2>\t\t\t\t<\/div>\n\t\t\t\t<\/div>\n\t\t\t\t<div class=\"elementor-element elementor-element-cb1c03e elementor-widget elementor-widget-text-editor\" data-id=\"cb1c03e\" data-element_type=\"widget\" data-e-type=\"widget\" data-widget_type=\"text-editor.default\">\n\t\t\t\t<div class=\"elementor-widget-container\">\n\t\t\t\t\t\t\t\t\t<p>La physioth\u00e9rapie oncologique soutient les patients atteints de cancer \u00e0 tous les stades de la maladie, en les aidant \u00e0 soulager les sympt\u00f4mes tels que la douleur et la fatigue, ainsi qu'\u00e0 am\u00e9liorer leur fonctionnalit\u00e9. L'objectif est d'am\u00e9liorer la qualit\u00e9 de vie et de faciliter le r\u00e9tablissement physique et \u00e9motionnel.<\/p><p>Brochure(s) d'information sur la physioth\u00e9rapie en oncologie<\/p>\t\t\t\t\t\t\t\t<\/div>\n\t\t\t\t<\/div>\n\t\t<div class=\"elementor-element elementor-element-53b74c7 e-grid e-con-boxed e-con e-parent\" data-id=\"53b74c7\" data-element_type=\"container\" data-e-type=\"container\">\n\t\t\t\t\t<div class=\"e-con-inner\">\n\t\t\t\t<div class=\"elementor-element elementor-element-2b1f494 elementor-widget elementor-widget-image\" data-id=\"2b1f494\" data-element_type=\"widget\" data-e-type=\"widget\" data-widget_type=\"image.default\">\n\t\t\t\t<div class=\"elementor-widget-container\">\n\t\t\t\t\t\t\t\t\t\t\t\t\t\t\t\t<a href=\"https:\/\/ordemdosfisioterapeutas.pt\/wp-content\/uploads\/2024\/11\/fisioterapia-oncologia.pdf\" target=\"_blank\">\n\t\t\t\t\t\t\t<img loading=\"lazy\" decoding=\"async\" width=\"175\" height=\"246\" src=\"https:\/\/staging.ordemdosfisioterapeutas.pt\/wp-content\/uploads\/2024\/11\/Flyer_0031_4.png\" class=\"attachment-large size-large wp-image-7341\" alt=\"\" srcset=\"https:\/\/staging.ordemdosfisioterapeutas.pt\/wp-content\/uploads\/2024\/11\/Flyer_0031_4.png 175w, https:\/\/staging.ordemdosfisioterapeutas.pt\/wp-content\/uploads\/2024\/11\/Flyer_0031_4-9x12.png 9w\" sizes=\"(max-width: 175px) 100vw, 175px\" \/>\t\t\t\t\t\t\t\t<\/a>\n\t\t\t\t\t\t\t\t\t\t\t\t\t\t\t<\/div>\n\t\t\t\t<\/div>\n\t\t\t\t\t<\/div>\n\t\t\t\t<\/div>\n\t\t\t\t<div class=\"elementor-element elementor-element-3f762ea elementor-widget elementor-widget-menu-anchor\" data-id=\"3f762ea\" data-element_type=\"widget\" data-e-type=\"widget\" data-widget_type=\"menu-anchor.default\">\n\t\t\t\t<div class=\"elementor-widget-container\">\n\t\t\t\t\t\t\t<div class=\"elementor-menu-anchor\" id=\"fisioterapiaaquatica\"><\/div>\n\t\t\t\t\t\t<\/div>\n\t\t\t\t<\/div>\n\t\t\t\t<div class=\"elementor-element elementor-element-821ac70 elementor-widget elementor-widget-heading\" data-id=\"821ac70\" data-element_type=\"widget\" data-e-type=\"widget\" data-widget_type=\"heading.default\">\n\t\t\t\t<div class=\"elementor-widget-container\">\n\t\t\t\t\t<h2 class=\"elementor-heading-title elementor-size-default\">Physioth\u00e9rapie en milieu aquatique<\/h2>\t\t\t\t<\/div>\n\t\t\t\t<\/div>\n\t\t\t\t<div class=\"elementor-element elementor-element-1ded316 elementor-widget elementor-widget-text-editor\" data-id=\"1ded316\" data-element_type=\"widget\" data-e-type=\"widget\" data-widget_type=\"text-editor.default\">\n\t\t\t\t<div class=\"elementor-widget-container\">\n\t\t\t\t\t\t\t\t\t<p>La physioth\u00e9rapie aquatique utilise les propri\u00e9t\u00e9s de l'eau \u00e0 des fins de r\u00e9\u00e9ducation, de pr\u00e9vention et de promotion de la sant\u00e9. Adapt\u00e9e \u00e0 tous les \u00e2ges, cette approche th\u00e9rapeutique am\u00e9liore la fonctionnalit\u00e9 physique et la qualit\u00e9 de vie lors de s\u00e9ances individuelles ou en groupe.<\/p><p>Brochure(s) d'information sur la physioth\u00e9rapie aquatique<\/p>\t\t\t\t\t\t\t\t<\/div>\n\t\t\t\t<\/div>\n\t\t<div class=\"elementor-element elementor-element-30f4e14 e-grid e-con-boxed e-con e-parent\" data-id=\"30f4e14\" data-element_type=\"container\" data-e-type=\"container\">\n\t\t\t\t\t<div class=\"e-con-inner\">\n\t\t\t\t<div class=\"elementor-element elementor-element-cde018c elementor-widget elementor-widget-image\" data-id=\"cde018c\" data-element_type=\"widget\" data-e-type=\"widget\" data-widget_type=\"image.default\">\n\t\t\t\t<div class=\"elementor-widget-container\">\n\t\t\t\t\t\t\t\t\t\t\t\t\t\t\t\t<a href=\"https:\/\/ordemdosfisioterapeutas.pt\/wp-content\/uploads\/2024\/11\/Fisioterapia-Aquatica.pdf\" target=\"_blank\">\n\t\t\t\t\t\t\t<img loading=\"lazy\" decoding=\"async\" width=\"177\" height=\"242\" src=\"https:\/\/staging.ordemdosfisioterapeutas.pt\/wp-content\/uploads\/2024\/11\/Flyer_0030_5.png\" class=\"attachment-large size-large wp-image-7342\" alt=\"\" srcset=\"https:\/\/staging.ordemdosfisioterapeutas.pt\/wp-content\/uploads\/2024\/11\/Flyer_0030_5.png 177w, https:\/\/staging.ordemdosfisioterapeutas.pt\/wp-content\/uploads\/2024\/11\/Flyer_0030_5-9x12.png 9w\" sizes=\"(max-width: 177px) 100vw, 177px\" \/>\t\t\t\t\t\t\t\t<\/a>\n\t\t\t\t\t\t\t\t\t\t\t\t\t\t\t<\/div>\n\t\t\t\t<\/div>\n\t\t\t\t\t<\/div>\n\t\t\t\t<\/div>\n\t\t\t\t<div class=\"elementor-element elementor-element-83684ff elementor-widget elementor-widget-menu-anchor\" data-id=\"83684ff\" data-element_type=\"widget\" data-e-type=\"widget\" data-widget_type=\"menu-anchor.default\">\n\t\t\t\t<div class=\"elementor-widget-container\">\n\t\t\t\t\t\t\t<div class=\"elementor-menu-anchor\" id=\"fisioterapiacardiorrespiratoriaevascular\"><\/div>\n\t\t\t\t\t\t<\/div>\n\t\t\t\t<\/div>\n\t\t\t\t<div class=\"elementor-element elementor-element-3484c92 elementor-widget elementor-widget-heading\" data-id=\"3484c92\" data-element_type=\"widget\" data-e-type=\"widget\" data-widget_type=\"heading.default\">\n\t\t\t\t<div class=\"elementor-widget-container\">\n\t\t\t\t\t<h2 class=\"elementor-heading-title elementor-size-default\">Physioth\u00e9rapie dans les affections cardiorespiratoires et vasculaires<\/h2>\t\t\t\t<\/div>\n\t\t\t\t<\/div>\n\t\t\t\t<div class=\"elementor-element elementor-element-1545c07 elementor-widget elementor-widget-text-editor\" data-id=\"1545c07\" data-element_type=\"widget\" data-e-type=\"widget\" data-widget_type=\"text-editor.default\">\n\t\t\t\t<div class=\"elementor-widget-container\">\n\t\t\t\t\t\t\t\t\t<p>La physioth\u00e9rapie cardiorespiratoire et vasculaire am\u00e9liore la capacit\u00e9 fonctionnelle et l'autonomie des patients souffrant de troubles respiratoires et cardiovasculaires. Des interventions personnalis\u00e9es permettent de r\u00e9duire les sympt\u00f4mes, d'am\u00e9liorer la qualit\u00e9 de vie et de promouvoir la sant\u00e9 \u00e0 long terme.<\/p><p>Brochure(s) d'information sur la physioth\u00e9rapie cardiorespiratoire et vasculaire<\/p>\t\t\t\t\t\t\t\t<\/div>\n\t\t\t\t<\/div>\n\t\t<div class=\"elementor-element elementor-element-f83f74d e-grid e-con-boxed e-con e-parent\" data-id=\"f83f74d\" data-element_type=\"container\" data-e-type=\"container\">\n\t\t\t\t\t<div class=\"e-con-inner\">\n\t\t\t\t<div class=\"elementor-element elementor-element-6af9b08 elementor-widget elementor-widget-image\" data-id=\"6af9b08\" data-element_type=\"widget\" data-e-type=\"widget\" data-widget_type=\"image.default\">\n\t\t\t\t<div class=\"elementor-widget-container\">\n\t\t\t\t\t\t\t\t\t\t\t\t\t\t\t\t<a href=\"https:\/\/ordemdosfisioterapeutas.pt\/wp-content\/uploads\/2024\/11\/Fisioterapia-Cardiorrespiratoria-vascular.pdf\" target=\"_blank\">\n\t\t\t\t\t\t\t<img loading=\"lazy\" decoding=\"async\" width=\"175\" height=\"244\" src=\"https:\/\/staging.ordemdosfisioterapeutas.pt\/wp-content\/uploads\/2024\/11\/Flyer_0029_6.png\" class=\"attachment-large size-large wp-image-7344\" alt=\"\" srcset=\"https:\/\/staging.ordemdosfisioterapeutas.pt\/wp-content\/uploads\/2024\/11\/Flyer_0029_6.png 175w, https:\/\/staging.ordemdosfisioterapeutas.pt\/wp-content\/uploads\/2024\/11\/Flyer_0029_6-9x12.png 9w\" sizes=\"(max-width: 175px) 100vw, 175px\" \/>\t\t\t\t\t\t\t\t<\/a>\n\t\t\t\t\t\t\t\t\t\t\t\t\t\t\t<\/div>\n\t\t\t\t<\/div>\n\t\t\t\t\t<\/div>\n\t\t\t\t<\/div>\n\t\t\t\t<div class=\"elementor-element elementor-element-2229c6c elementor-widget elementor-widget-menu-anchor\" data-id=\"2229c6c\" data-element_type=\"widget\" data-e-type=\"widget\" data-widget_type=\"menu-anchor.default\">\n\t\t\t\t<div class=\"elementor-widget-container\">\n\t\t\t\t\t\t\t<div class=\"elementor-menu-anchor\" id=\"fisioterapiaemsaudepelvicaedamulher\"><\/div>\n\t\t\t\t\t\t<\/div>\n\t\t\t\t<\/div>\n\t\t\t\t<div class=\"elementor-element elementor-element-afe21d5 elementor-widget elementor-widget-heading\" data-id=\"afe21d5\" data-element_type=\"widget\" data-e-type=\"widget\" data-widget_type=\"heading.default\">\n\t\t\t\t<div class=\"elementor-widget-container\">\n\t\t\t\t\t<h2 class=\"elementor-heading-title elementor-size-default\">Physioth\u00e9rapie pour les femmes et la sant\u00e9 pelvienne<\/h2>\t\t\t\t<\/div>\n\t\t\t\t<\/div>\n\t\t\t\t<div class=\"elementor-element elementor-element-ca47a92 elementor-widget elementor-widget-text-editor\" data-id=\"ca47a92\" data-element_type=\"widget\" data-e-type=\"widget\" data-widget_type=\"text-editor.default\">\n\t\t\t\t<div class=\"elementor-widget-container\">\n\t\t\t\t\t\t\t\t\t<p>Ax\u00e9 sur les dysfonctionnements pelviens tout au long de la vie, ce domaine intervient dans des pathologies telles que les douleurs pelviennes, l'incontinence et le r\u00e9tablissement post-partum. Les physioth\u00e9rapeutes favorisent le bien-\u00eatre et aident \u00e0 g\u00e9rer les conditions qui affectent la qualit\u00e9 de vie.<\/p><p>Brochure(s) d'information sur la physioth\u00e9rapie dans le domaine de la sant\u00e9 pelvienne et f\u00e9minine<\/p>\t\t\t\t\t\t\t\t<\/div>\n\t\t\t\t<\/div>\n\t\t<div class=\"elementor-element elementor-element-78a08dd e-grid e-con-boxed e-con e-parent\" data-id=\"78a08dd\" data-element_type=\"container\" data-e-type=\"container\">\n\t\t\t\t\t<div class=\"e-con-inner\">\n\t\t\t\t<div class=\"elementor-element elementor-element-a569226 elementor-widget elementor-widget-image\" data-id=\"a569226\" data-element_type=\"widget\" data-e-type=\"widget\" data-widget_type=\"image.default\">\n\t\t\t\t<div class=\"elementor-widget-container\">\n\t\t\t\t\t\t\t\t\t\t\t\t\t\t\t\t<a href=\"https:\/\/ordemdosfisioterapeutas.pt\/wp-content\/uploads\/2024\/11\/dor-lombar_gravidez_pos_parto.pdf\" target=\"_blank\">\n\t\t\t\t\t\t\t<img loading=\"lazy\" decoding=\"async\" width=\"177\" height=\"244\" src=\"https:\/\/staging.ordemdosfisioterapeutas.pt\/wp-content\/uploads\/2024\/11\/Flyer_0027_7_1.png\" class=\"attachment-large size-large wp-image-7345\" alt=\"\" srcset=\"https:\/\/staging.ordemdosfisioterapeutas.pt\/wp-content\/uploads\/2024\/11\/Flyer_0027_7_1.png 177w, https:\/\/staging.ordemdosfisioterapeutas.pt\/wp-content\/uploads\/2024\/11\/Flyer_0027_7_1-9x12.png 9w\" sizes=\"(max-width: 177px) 100vw, 177px\" \/>\t\t\t\t\t\t\t\t<\/a>\n\t\t\t\t\t\t\t\t\t\t\t\t\t\t\t<\/div>\n\t\t\t\t<\/div>\n\t\t\t\t<div class=\"elementor-element elementor-element-015c41b elementor-widget elementor-widget-image\" data-id=\"015c41b\" data-element_type=\"widget\" data-e-type=\"widget\" data-widget_type=\"image.default\">\n\t\t\t\t<div class=\"elementor-widget-container\">\n\t\t\t\t\t\t\t\t\t\t\t\t\t\t\t\t<a href=\"https:\/\/ordemdosfisioterapeutas.pt\/wp-content\/uploads\/2024\/11\/Fisioterapia-Saude-pelvica.pdf\" target=\"_blank\">\n\t\t\t\t\t\t\t<img loading=\"lazy\" decoding=\"async\" width=\"177\" height=\"240\" src=\"https:\/\/staging.ordemdosfisioterapeutas.pt\/wp-content\/uploads\/2024\/11\/Flyer_0028_7.png\" class=\"attachment-large size-large wp-image-7346\" alt=\"\" srcset=\"https:\/\/staging.ordemdosfisioterapeutas.pt\/wp-content\/uploads\/2024\/11\/Flyer_0028_7.png 177w, https:\/\/staging.ordemdosfisioterapeutas.pt\/wp-content\/uploads\/2024\/11\/Flyer_0028_7-9x12.png 9w\" sizes=\"(max-width: 177px) 100vw, 177px\" \/>\t\t\t\t\t\t\t\t<\/a>\n\t\t\t\t\t\t\t\t\t\t\t\t\t\t\t<\/div>\n\t\t\t\t<\/div>\n\t\t\t\t\t<\/div>\n\t\t\t\t<\/div>\n\t\t\t\t<div class=\"elementor-element elementor-element-6bcb69d elementor-widget elementor-widget-menu-anchor\" data-id=\"6bcb69d\" data-element_type=\"widget\" data-e-type=\"widget\" data-widget_type=\"menu-anchor.default\">\n\t\t\t\t<div class=\"elementor-widget-container\">\n\t\t\t\t\t\t\t<div class=\"elementor-menu-anchor\" id=\"fisioterapiaemneurologia\"><\/div>\n\t\t\t\t\t\t<\/div>\n\t\t\t\t<\/div>\n\t\t\t\t<div class=\"elementor-element elementor-element-d768d54 elementor-widget elementor-widget-heading\" data-id=\"d768d54\" data-element_type=\"widget\" data-e-type=\"widget\" data-widget_type=\"heading.default\">\n\t\t\t\t<div class=\"elementor-widget-container\">\n\t\t\t\t\t<h2 class=\"elementor-heading-title elementor-size-default\">Physioth\u00e9rapie dans les affections neurologiques<\/h2>\t\t\t\t<\/div>\n\t\t\t\t<\/div>\n\t\t\t\t<div class=\"elementor-element elementor-element-2ee8726 elementor-widget elementor-widget-text-editor\" data-id=\"2ee8726\" data-element_type=\"widget\" data-e-type=\"widget\" data-widget_type=\"text-editor.default\">\n\t\t\t\t<div class=\"elementor-widget-container\">\n\t\t\t\t\t\t\t\t\t<p>La physioth\u00e9rapie en neurologie r\u00e9habilite les patients atteints d'affections neurologiques telles que les accidents vasculaires c\u00e9r\u00e9braux, la maladie de Parkinson et la maladie d'Alzheimer, en les aidant \u00e0 restaurer leurs mouvements et leur fonctionnalit\u00e9. L'intervention vise l'autonomie et une meilleure qualit\u00e9 de vie.<\/p><p>Brochure(s) d'information sur la physioth\u00e9rapie en neurologie<\/p>\t\t\t\t\t\t\t\t<\/div>\n\t\t\t\t<\/div>\n\t\t<div class=\"elementor-element elementor-element-85f2cae e-grid e-con-boxed e-con e-parent\" data-id=\"85f2cae\" data-element_type=\"container\" data-e-type=\"container\">\n\t\t\t\t\t<div class=\"e-con-inner\">\n\t\t\t\t<div class=\"elementor-element elementor-element-006da37 elementor-widget elementor-widget-image\" data-id=\"006da37\" data-element_type=\"widget\" data-e-type=\"widget\" data-widget_type=\"image.default\">\n\t\t\t\t<div class=\"elementor-widget-container\">\n\t\t\t\t\t\t\t\t\t\t\t\t\t\t\t\t<a href=\"https:\/\/ordemdosfisioterapeutas.pt\/wp-content\/uploads\/2024\/11\/Fisioterapia-em-neurologia.pdf\" target=\"_blank\">\n\t\t\t\t\t\t\t<img loading=\"lazy\" decoding=\"async\" width=\"177\" height=\"246\" src=\"https:\/\/staging.ordemdosfisioterapeutas.pt\/wp-content\/uploads\/2024\/11\/Flyer_0026_8.png\" class=\"attachment-large size-large wp-image-7347\" alt=\"\" srcset=\"https:\/\/staging.ordemdosfisioterapeutas.pt\/wp-content\/uploads\/2024\/11\/Flyer_0026_8.png 177w, https:\/\/staging.ordemdosfisioterapeutas.pt\/wp-content\/uploads\/2024\/11\/Flyer_0026_8-9x12.png 9w\" sizes=\"(max-width: 177px) 100vw, 177px\" \/>\t\t\t\t\t\t\t\t<\/a>\n\t\t\t\t\t\t\t\t\t\t\t\t\t\t\t<\/div>\n\t\t\t\t<\/div>\n\t\t\t\t\t<\/div>\n\t\t\t\t<\/div>\n\t\t\t\t<div class=\"elementor-element elementor-element-32bc585 elementor-widget elementor-widget-menu-anchor\" data-id=\"32bc585\" data-element_type=\"widget\" data-e-type=\"widget\" data-widget_type=\"menu-anchor.default\">\n\t\t\t\t<div class=\"elementor-widget-container\">\n\t\t\t\t\t\t\t<div class=\"elementor-menu-anchor\" id=\"fisioterapiaemcontextodemergencia\"><\/div>\n\t\t\t\t\t\t<\/div>\n\t\t\t\t<\/div>\n\t\t\t\t<div class=\"elementor-element elementor-element-fee9401 elementor-widget elementor-widget-heading\" data-id=\"fee9401\" data-element_type=\"widget\" data-e-type=\"widget\" data-widget_type=\"heading.default\">\n\t\t\t\t<div class=\"elementor-widget-container\">\n\t\t\t\t\t<h2 class=\"elementor-heading-title elementor-size-default\">La physioth\u00e9rapie dans le contexte des urgences, des catastrophes et de l'action humanitaire<\/h2>\t\t\t\t<\/div>\n\t\t\t\t<\/div>\n\t\t\t\t<div class=\"elementor-element elementor-element-37a95e8 elementor-widget elementor-widget-text-editor\" data-id=\"37a95e8\" data-element_type=\"widget\" data-e-type=\"widget\" data-widget_type=\"text-editor.default\">\n\t\t\t\t<div class=\"elementor-widget-container\">\n\t\t\t\t\t\t\t\t\t<p>La physioth\u00e9rapie dans les situations d'urgence et de catastrophe est essentielle pour l'\u00e9valuation rapide des blessures, la r\u00e9\u00e9ducation physique et la pr\u00e9vention des complications telles que la thrombose ou les escarres. Ces professionnels font partie des \u00e9quipes m\u00e9dicales d'urgence pour garantir des r\u00e9ponses efficaces et dignes, en favorisant la r\u00e9cup\u00e9ration physique et le bien-\u00eatre psychologique des victimes dans des sc\u00e9narios critiques.<\/p><p>Brochure(s) d'information sur la physioth\u00e9rapie dans le contexte des urgences, des catastrophes et de l'action humanitaire<\/p>\t\t\t\t\t\t\t\t<\/div>\n\t\t\t\t<\/div>\n\t\t<div class=\"elementor-element elementor-element-67adb62 e-grid e-con-boxed e-con e-parent\" data-id=\"67adb62\" data-element_type=\"container\" data-e-type=\"container\">\n\t\t\t\t\t<div class=\"e-con-inner\">\n\t\t\t\t<div class=\"elementor-element elementor-element-0de2a09 elementor-widget elementor-widget-image\" data-id=\"0de2a09\" data-element_type=\"widget\" data-e-type=\"widget\" data-widget_type=\"image.default\">\n\t\t\t\t<div class=\"elementor-widget-container\">\n\t\t\t\t\t\t\t\t\t\t\t\t\t\t\t\t<a href=\"https:\/\/ordemdosfisioterapeutas.pt\/wp-content\/uploads\/2024\/11\/cuidados-peregrinacao.pdf\" target=\"_blank\">\n\t\t\t\t\t\t\t<img loading=\"lazy\" decoding=\"async\" width=\"173\" height=\"246\" src=\"https:\/\/staging.ordemdosfisioterapeutas.pt\/wp-content\/uploads\/2024\/11\/Flyer_0024_9_1.png\" class=\"attachment-large size-large wp-image-7348\" alt=\"\" srcset=\"https:\/\/staging.ordemdosfisioterapeutas.pt\/wp-content\/uploads\/2024\/11\/Flyer_0024_9_1.png 173w, https:\/\/staging.ordemdosfisioterapeutas.pt\/wp-content\/uploads\/2024\/11\/Flyer_0024_9_1-8x12.png 8w\" sizes=\"(max-width: 173px) 100vw, 173px\" \/>\t\t\t\t\t\t\t\t<\/a>\n\t\t\t\t\t\t\t\t\t\t\t\t\t\t\t<\/div>\n\t\t\t\t<\/div>\n\t\t\t\t<div class=\"elementor-element elementor-element-e603611 elementor-widget elementor-widget-image\" data-id=\"e603611\" data-element_type=\"widget\" data-e-type=\"widget\" data-widget_type=\"image.default\">\n\t\t\t\t<div class=\"elementor-widget-container\">\n\t\t\t\t\t\t\t\t\t\t\t\t\t\t\t\t<a href=\"https:\/\/ordemdosfisioterapeutas.pt\/wp-content\/uploads\/2024\/11\/Fisioterapia-kit-emergencia-familiar.pdf\" target=\"_blank\">\n\t\t\t\t\t\t\t<img loading=\"lazy\" decoding=\"async\" width=\"177\" height=\"246\" src=\"https:\/\/staging.ordemdosfisioterapeutas.pt\/wp-content\/uploads\/2024\/11\/Flyer_0025_9.png\" class=\"attachment-large size-large wp-image-7349\" alt=\"\" srcset=\"https:\/\/staging.ordemdosfisioterapeutas.pt\/wp-content\/uploads\/2024\/11\/Flyer_0025_9.png 177w, https:\/\/staging.ordemdosfisioterapeutas.pt\/wp-content\/uploads\/2024\/11\/Flyer_0025_9-9x12.png 9w\" sizes=\"(max-width: 177px) 100vw, 177px\" \/>\t\t\t\t\t\t\t\t<\/a>\n\t\t\t\t\t\t\t\t\t\t\t\t\t\t\t<\/div>\n\t\t\t\t<\/div>\n\t\t\t\t\t<\/div>\n\t\t\t\t<\/div>\n\t\t\t\t<div class=\"elementor-element elementor-element-2d8f336 elementor-widget elementor-widget-menu-anchor\" data-id=\"2d8f336\" data-element_type=\"widget\" data-e-type=\"widget\" data-widget_type=\"menu-anchor.default\">\n\t\t\t\t<div class=\"elementor-widget-container\">\n\t\t\t\t\t\t\t<div class=\"elementor-menu-anchor\" id=\"fisioterapiaempediatria\"><\/div>\n\t\t\t\t\t\t<\/div>\n\t\t\t\t<\/div>\n\t\t\t\t<div class=\"elementor-element elementor-element-6a42f2a elementor-widget elementor-widget-heading\" data-id=\"6a42f2a\" data-element_type=\"widget\" data-e-type=\"widget\" data-widget_type=\"heading.default\">\n\t\t\t\t<div class=\"elementor-widget-container\">\n\t\t\t\t\t<h2 class=\"elementor-heading-title elementor-size-default\">Physioth\u00e9rapie en p\u00e9diatrie<\/h2>\t\t\t\t<\/div>\n\t\t\t\t<\/div>\n\t\t\t\t<div class=\"elementor-element elementor-element-3a170e1 elementor-widget elementor-widget-text-editor\" data-id=\"3a170e1\" data-element_type=\"widget\" data-e-type=\"widget\" data-widget_type=\"text-editor.default\">\n\t\t\t\t<div class=\"elementor-widget-container\">\n\t\t\t\t\t\t\t\t\t<p>La physioth\u00e9rapie p\u00e9diatrique traite les pathologies qui affectent le d\u00e9veloppement moteur des enfants, en utilisant des strat\u00e9gies ludiques et cr\u00e9atives. Elle se concentre sur la mobilit\u00e9, la fonctionnalit\u00e9 et la qualit\u00e9 de vie, avec la participation active des familles.<\/p><p>Brochure(s) d'information sur la physioth\u00e9rapie en p\u00e9diatrie<\/p>\t\t\t\t\t\t\t\t<\/div>\n\t\t\t\t<\/div>\n\t\t<div class=\"elementor-element elementor-element-73d7631 e-grid e-con-boxed e-con e-parent\" data-id=\"73d7631\" data-element_type=\"container\" data-e-type=\"container\">\n\t\t\t\t\t<div class=\"e-con-inner\">\n\t\t\t\t<div class=\"elementor-element elementor-element-afa2d6d elementor-widget elementor-widget-image\" data-id=\"afa2d6d\" data-element_type=\"widget\" data-e-type=\"widget\" data-widget_type=\"image.default\">\n\t\t\t\t<div class=\"elementor-widget-container\">\n\t\t\t\t\t\t\t\t\t\t\t\t\t\t\t\t<a href=\"https:\/\/ordemdosfisioterapeutas.pt\/wp-content\/uploads\/2024\/11\/Fisioterapia-em-pediatria.pdf\" target=\"_blank\">\n\t\t\t\t\t\t\t<img loading=\"lazy\" decoding=\"async\" width=\"177\" height=\"246\" src=\"https:\/\/staging.ordemdosfisioterapeutas.pt\/wp-content\/uploads\/2024\/11\/Flyer_0023_10.png\" class=\"attachment-large size-large wp-image-7350\" alt=\"\" srcset=\"https:\/\/staging.ordemdosfisioterapeutas.pt\/wp-content\/uploads\/2024\/11\/Flyer_0023_10.png 177w, https:\/\/staging.ordemdosfisioterapeutas.pt\/wp-content\/uploads\/2024\/11\/Flyer_0023_10-9x12.png 9w\" sizes=\"(max-width: 177px) 100vw, 177px\" \/>\t\t\t\t\t\t\t\t<\/a>\n\t\t\t\t\t\t\t\t\t\t\t\t\t\t\t<\/div>\n\t\t\t\t<\/div>\n\t\t\t\t\t<\/div>\n\t\t\t\t<\/div>\n\t\t\t\t<div class=\"elementor-element elementor-element-d0f4e08 elementor-widget elementor-widget-menu-anchor\" data-id=\"d0f4e08\" data-element_type=\"widget\" data-e-type=\"widget\" data-widget_type=\"menu-anchor.default\">\n\t\t\t\t<div class=\"elementor-widget-container\">\n\t\t\t\t\t\t\t<div class=\"elementor-menu-anchor\" id=\"fisioterapiadermtofuncional\"><\/div>\n\t\t\t\t\t\t<\/div>\n\t\t\t\t<\/div>\n\t\t\t\t<div class=\"elementor-element elementor-element-988c5e9 elementor-widget elementor-widget-heading\" data-id=\"988c5e9\" data-element_type=\"widget\" data-e-type=\"widget\" data-widget_type=\"heading.default\">\n\t\t\t\t<div class=\"elementor-widget-container\">\n\t\t\t\t\t<h2 class=\"elementor-heading-title elementor-size-default\">Physioth\u00e9rapie dermatofonctionnelle<\/h2>\t\t\t\t<\/div>\n\t\t\t\t<\/div>\n\t\t\t\t<div class=\"elementor-element elementor-element-cb84087 elementor-widget elementor-widget-text-editor\" data-id=\"cb84087\" data-element_type=\"widget\" data-e-type=\"widget\" data-widget_type=\"text-editor.default\">\n\t\t\t\t<div class=\"elementor-widget-container\">\n\t\t\t\t\t\t\t\t\t<p>La physioth\u00e9rapie dermatofonctionnelle traite les dysfonctionnements du syst\u00e8me t\u00e9gumentaire, tels que les cicatrices et les br\u00fblures, en favorisant la r\u00e9cup\u00e9ration de la fonctionnalit\u00e9 et de l'estime de soi. Elle utilise des techniques avanc\u00e9es pour la r\u00e9\u00e9ducation pr\u00e9- et post-chirurgicale.<\/p><p>Brochure(s) d'information sur la physioth\u00e9rapie d\u00e9matofonctionnelle<\/p>\t\t\t\t\t\t\t\t<\/div>\n\t\t\t\t<\/div>\n\t\t<div class=\"elementor-element elementor-element-700a1d6 e-grid e-con-boxed e-con e-parent\" data-id=\"700a1d6\" data-element_type=\"container\" data-e-type=\"container\">\n\t\t\t\t\t<div class=\"e-con-inner\">\n\t\t\t\t<div class=\"elementor-element elementor-element-248ff8f elementor-widget elementor-widget-image\" data-id=\"248ff8f\" data-element_type=\"widget\" data-e-type=\"widget\" data-widget_type=\"image.default\">\n\t\t\t\t<div class=\"elementor-widget-container\">\n\t\t\t\t\t\t\t\t\t\t\t\t\t\t\t\t<a href=\"https:\/\/ordemdosfisioterapeutas.pt\/wp-content\/uploads\/2024\/11\/Fisioterapia-dermatofuncional.pdf\" target=\"_blank\">\n\t\t\t\t\t\t\t<img loading=\"lazy\" decoding=\"async\" width=\"177\" height=\"246\" src=\"https:\/\/staging.ordemdosfisioterapeutas.pt\/wp-content\/uploads\/2024\/11\/Flyer_0022_11.png\" class=\"attachment-large size-large wp-image-7351\" alt=\"\" srcset=\"https:\/\/staging.ordemdosfisioterapeutas.pt\/wp-content\/uploads\/2024\/11\/Flyer_0022_11.png 177w, https:\/\/staging.ordemdosfisioterapeutas.pt\/wp-content\/uploads\/2024\/11\/Flyer_0022_11-9x12.png 9w\" sizes=\"(max-width: 177px) 100vw, 177px\" \/>\t\t\t\t\t\t\t\t<\/a>\n\t\t\t\t\t\t\t\t\t\t\t\t\t\t\t<\/div>\n\t\t\t\t<\/div>\n\t\t\t\t\t<\/div>\n\t\t\t\t<\/div>\n\t\t\t\t<div class=\"elementor-element elementor-element-5f68ecc elementor-widget elementor-widget-menu-anchor\" data-id=\"5f68ecc\" data-element_type=\"widget\" data-e-type=\"widget\" data-widget_type=\"menu-anchor.default\">\n\t\t\t\t<div class=\"elementor-widget-container\">\n\t\t\t\t\t\t\t<div class=\"elementor-menu-anchor\" id=\"fisioterapiaemsaudepublica\"><\/div>\n\t\t\t\t\t\t<\/div>\n\t\t\t\t<\/div>\n\t\t\t\t<div class=\"elementor-element elementor-element-20f8d50 elementor-widget elementor-widget-heading\" data-id=\"20f8d50\" data-element_type=\"widget\" data-e-type=\"widget\" data-widget_type=\"heading.default\">\n\t\t\t\t<div class=\"elementor-widget-container\">\n\t\t\t\t\t<h2 class=\"elementor-heading-title elementor-size-default\">Physioth\u00e9rapie en sant\u00e9 publique<\/h2>\t\t\t\t<\/div>\n\t\t\t\t<\/div>\n\t\t\t\t<div class=\"elementor-element elementor-element-c480014 elementor-widget elementor-widget-text-editor\" data-id=\"c480014\" data-element_type=\"widget\" data-e-type=\"widget\" data-widget_type=\"text-editor.default\">\n\t\t\t\t<div class=\"elementor-widget-container\">\n\t\t\t\t\t\t\t\t\t<p>La physioth\u00e9rapie en sant\u00e9 publique promeut la sant\u00e9 des populations en pr\u00e9venant les maladies et en r\u00e9duisant les risques. Les physioth\u00e9rapeutes planifient et mettent en \u0153uvre des programmes d'activit\u00e9 physique et d'\u00e9ducation afin d'am\u00e9liorer la qualit\u00e9 des ann\u00e9es v\u00e9cues.<\/p><p>Brochure(s) d'information sur la physioth\u00e9rapie dans la sant\u00e9 publique<\/p>\t\t\t\t\t\t\t\t<\/div>\n\t\t\t\t<\/div>\n\t\t<div class=\"elementor-element elementor-element-709fece e-grid e-con-boxed e-con e-parent\" data-id=\"709fece\" data-element_type=\"container\" data-e-type=\"container\">\n\t\t\t\t\t<div class=\"e-con-inner\">\n\t\t\t\t<div class=\"elementor-element elementor-element-c7c7566 elementor-widget elementor-widget-image\" data-id=\"c7c7566\" data-element_type=\"widget\" data-e-type=\"widget\" data-widget_type=\"image.default\">\n\t\t\t\t<div class=\"elementor-widget-container\">\n\t\t\t\t\t\t\t\t\t\t\t\t\t\t\t\t<a href=\"https:\/\/ordemdosfisioterapeutas.pt\/wp-content\/uploads\/2024\/11\/ativ_fisica_02.pdf\" target=\"_blank\">\n\t\t\t\t\t\t\t<img loading=\"lazy\" decoding=\"async\" width=\"177\" height=\"246\" src=\"https:\/\/staging.ordemdosfisioterapeutas.pt\/wp-content\/uploads\/2024\/11\/Flyer_0024_12_4.png\" class=\"attachment-large size-large wp-image-7392\" alt=\"\" srcset=\"https:\/\/staging.ordemdosfisioterapeutas.pt\/wp-content\/uploads\/2024\/11\/Flyer_0024_12_4.png 177w, https:\/\/staging.ordemdosfisioterapeutas.pt\/wp-content\/uploads\/2024\/11\/Flyer_0024_12_4-9x12.png 9w\" sizes=\"(max-width: 177px) 100vw, 177px\" \/>\t\t\t\t\t\t\t\t<\/a>\n\t\t\t\t\t\t\t\t\t\t\t\t\t\t\t<\/div>\n\t\t\t\t<\/div>\n\t\t\t\t<div class=\"elementor-element elementor-element-d0e97cc elementor-widget elementor-widget-image\" data-id=\"d0e97cc\" data-element_type=\"widget\" data-e-type=\"widget\" data-widget_type=\"image.default\">\n\t\t\t\t<div class=\"elementor-widget-container\">\n\t\t\t\t\t\t\t\t\t\t\t\t\t\t\t\t<a href=\"https:\/\/ordemdosfisioterapeutas.pt\/wp-content\/uploads\/2024\/11\/ativ_fisica_03.pdf\" target=\"_blank\">\n\t\t\t\t\t\t\t<img loading=\"lazy\" decoding=\"async\" width=\"175\" height=\"246\" src=\"https:\/\/staging.ordemdosfisioterapeutas.pt\/wp-content\/uploads\/2024\/11\/Flyer_0025_12_3.png\" class=\"attachment-large size-large wp-image-7393\" alt=\"\" srcset=\"https:\/\/staging.ordemdosfisioterapeutas.pt\/wp-content\/uploads\/2024\/11\/Flyer_0025_12_3.png 175w, https:\/\/staging.ordemdosfisioterapeutas.pt\/wp-content\/uploads\/2024\/11\/Flyer_0025_12_3-9x12.png 9w\" sizes=\"(max-width: 175px) 100vw, 175px\" \/>\t\t\t\t\t\t\t\t<\/a>\n\t\t\t\t\t\t\t\t\t\t\t\t\t\t\t<\/div>\n\t\t\t\t<\/div>\n\t\t\t\t<div class=\"elementor-element elementor-element-175bc80 elementor-widget elementor-widget-image\" data-id=\"175bc80\" data-element_type=\"widget\" data-e-type=\"widget\" data-widget_type=\"image.default\">\n\t\t\t\t<div class=\"elementor-widget-container\">\n\t\t\t\t\t\t\t\t\t\t\t\t\t\t\t\t<a href=\"https:\/\/ordemdosfisioterapeutas.pt\/wp-content\/uploads\/2024\/11\/ativ_fisica_04.pdf\" target=\"_blank\">\n\t\t\t\t\t\t\t<img loading=\"lazy\" decoding=\"async\" width=\"173\" height=\"246\" src=\"https:\/\/staging.ordemdosfisioterapeutas.pt\/wp-content\/uploads\/2024\/11\/Flyer_0026_12_2.png\" class=\"attachment-large size-large wp-image-7394\" alt=\"\" srcset=\"https:\/\/staging.ordemdosfisioterapeutas.pt\/wp-content\/uploads\/2024\/11\/Flyer_0026_12_2.png 173w, https:\/\/staging.ordemdosfisioterapeutas.pt\/wp-content\/uploads\/2024\/11\/Flyer_0026_12_2-8x12.png 8w\" sizes=\"(max-width: 173px) 100vw, 173px\" \/>\t\t\t\t\t\t\t\t<\/a>\n\t\t\t\t\t\t\t\t\t\t\t\t\t\t\t<\/div>\n\t\t\t\t<\/div>\n\t\t\t\t\t<\/div>\n\t\t\t\t<\/div>\n\t\t<div class=\"elementor-element elementor-element-6dc4c3c e-grid e-con-boxed e-con e-parent\" data-id=\"6dc4c3c\" data-element_type=\"container\" data-e-type=\"container\">\n\t\t\t\t\t<div class=\"e-con-inner\">\n\t\t\t\t<div class=\"elementor-element elementor-element-56d472a elementor-widget elementor-widget-image\" data-id=\"56d472a\" data-element_type=\"widget\" data-e-type=\"widget\" data-widget_type=\"image.default\">\n\t\t\t\t<div class=\"elementor-widget-container\">\n\t\t\t\t\t\t\t\t\t\t\t\t\t\t\t\t<a href=\"https:\/\/ordemdosfisioterapeutas.pt\/wp-content\/uploads\/2024\/11\/ativ_fisica_01.pdf\" target=\"_blank\">\n\t\t\t\t\t\t\t<img loading=\"lazy\" decoding=\"async\" width=\"174\" height=\"246\" src=\"https:\/\/staging.ordemdosfisioterapeutas.pt\/wp-content\/uploads\/2024\/11\/Flyer_0027_12_1.png\" class=\"attachment-large size-large wp-image-7395\" alt=\"\" srcset=\"https:\/\/staging.ordemdosfisioterapeutas.pt\/wp-content\/uploads\/2024\/11\/Flyer_0027_12_1.png 174w, https:\/\/staging.ordemdosfisioterapeutas.pt\/wp-content\/uploads\/2024\/11\/Flyer_0027_12_1-8x12.png 8w\" sizes=\"(max-width: 174px) 100vw, 174px\" \/>\t\t\t\t\t\t\t\t<\/a>\n\t\t\t\t\t\t\t\t\t\t\t\t\t\t\t<\/div>\n\t\t\t\t<\/div>\n\t\t\t\t<div class=\"elementor-element elementor-element-3634e81 elementor-widget elementor-widget-image\" data-id=\"3634e81\" data-element_type=\"widget\" data-e-type=\"widget\" data-widget_type=\"image.default\">\n\t\t\t\t<div class=\"elementor-widget-container\">\n\t\t\t\t\t\t\t\t\t\t\t\t\t\t\t\t<a href=\"https:\/\/ordemdosfisioterapeutas.pt\/wp-content\/uploads\/2024\/11\/Fisioterapia-em-saude-publica.pdf\" target=\"_blank\">\n\t\t\t\t\t\t\t<img loading=\"lazy\" decoding=\"async\" width=\"176\" height=\"246\" src=\"https:\/\/staging.ordemdosfisioterapeutas.pt\/wp-content\/uploads\/2024\/11\/Flyer_0028_12-1.png\" class=\"attachment-large size-large wp-image-7397\" alt=\"\" srcset=\"https:\/\/staging.ordemdosfisioterapeutas.pt\/wp-content\/uploads\/2024\/11\/Flyer_0028_12-1.png 176w, https:\/\/staging.ordemdosfisioterapeutas.pt\/wp-content\/uploads\/2024\/11\/Flyer_0028_12-1-9x12.png 9w\" sizes=\"(max-width: 176px) 100vw, 176px\" \/>\t\t\t\t\t\t\t\t<\/a>\n\t\t\t\t\t\t\t\t\t\t\t\t\t\t\t<\/div>\n\t\t\t\t<\/div>\n\t\t\t\t\t<\/div>\n\t\t\t\t<\/div>\n\t\t\t\t<div class=\"elementor-element elementor-element-438ee13 elementor-widget elementor-widget-menu-anchor\" data-id=\"438ee13\" data-element_type=\"widget\" data-e-type=\"widget\" data-widget_type=\"menu-anchor.default\">\n\t\t\t\t<div class=\"elementor-widget-container\">\n\t\t\t\t\t\t\t<div class=\"elementor-menu-anchor\" id=\"fisioterapiaemsaudeocupacionaleergonomia\"><\/div>\n\t\t\t\t\t\t<\/div>\n\t\t\t\t<\/div>\n\t\t\t\t<div class=\"elementor-element elementor-element-0bb0e61 elementor-widget elementor-widget-heading\" data-id=\"0bb0e61\" data-element_type=\"widget\" data-e-type=\"widget\" data-widget_type=\"heading.default\">\n\t\t\t\t<div class=\"elementor-widget-container\">\n\t\t\t\t\t<h2 class=\"elementor-heading-title elementor-size-default\">Physioth\u00e9rapie dans le domaine de la sant\u00e9 au travail et de l'ergonomie<\/h2>\t\t\t\t<\/div>\n\t\t\t\t<\/div>\n\t\t\t\t<div class=\"elementor-element elementor-element-4ad5156 elementor-widget elementor-widget-text-editor\" data-id=\"4ad5156\" data-element_type=\"widget\" data-e-type=\"widget\" data-widget_type=\"text-editor.default\">\n\t\t\t\t<div class=\"elementor-widget-container\">\n\t\t\t\t\t\t\t\t\t<p>La physioth\u00e9rapie dans le domaine de la sant\u00e9 au travail permet de pr\u00e9venir les blessures sur le lieu de travail et de promouvoir des environnements s\u00fbrs et sains. L'intervention r\u00e9duit l'absent\u00e9isme et am\u00e9liore la productivit\u00e9, garantissant le bien-\u00eatre des travailleurs.<\/p><p>Brochure(s) d'information sur la physioth\u00e9rapie dans le domaine de la sant\u00e9 au travail et de l'ergonomie<\/p>\t\t\t\t\t\t\t\t<\/div>\n\t\t\t\t<\/div>\n\t\t<div class=\"elementor-element elementor-element-3ef3ea3 e-grid e-con-boxed e-con e-parent\" data-id=\"3ef3ea3\" data-element_type=\"container\" data-e-type=\"container\">\n\t\t\t\t\t<div class=\"e-con-inner\">\n\t\t\t\t<div class=\"elementor-element elementor-element-489ab66 elementor-widget elementor-widget-image\" data-id=\"489ab66\" data-element_type=\"widget\" data-e-type=\"widget\" data-widget_type=\"image.default\">\n\t\t\t\t<div class=\"elementor-widget-container\">\n\t\t\t\t\t\t\t\t\t\t\t\t\t\t\t\t<a href=\"https:\/\/ordemdosfisioterapeutas.pt\/wp-content\/uploads\/2024\/11\/Fisioterapia-saude-ocupacional.pdf\" target=\"_blank\">\n\t\t\t\t\t\t\t<img loading=\"lazy\" decoding=\"async\" width=\"177\" height=\"244\" src=\"https:\/\/staging.ordemdosfisioterapeutas.pt\/wp-content\/uploads\/2024\/11\/Flyer_0020_13.png\" class=\"attachment-large size-large wp-image-7352\" alt=\"\" srcset=\"https:\/\/staging.ordemdosfisioterapeutas.pt\/wp-content\/uploads\/2024\/11\/Flyer_0020_13.png 177w, https:\/\/staging.ordemdosfisioterapeutas.pt\/wp-content\/uploads\/2024\/11\/Flyer_0020_13-9x12.png 9w\" sizes=\"(max-width: 177px) 100vw, 177px\" \/>\t\t\t\t\t\t\t\t<\/a>\n\t\t\t\t\t\t\t\t\t\t\t\t\t\t\t<\/div>\n\t\t\t\t<\/div>\n\t\t\t\t\t<\/div>\n\t\t\t\t<\/div>\n\t\t\t\t<div class=\"elementor-element elementor-element-f827004 elementor-widget elementor-widget-menu-anchor\" data-id=\"f827004\" data-element_type=\"widget\" data-e-type=\"widget\" data-widget_type=\"menu-anchor.default\">\n\t\t\t\t<div class=\"elementor-widget-container\">\n\t\t\t\t\t\t\t<div class=\"elementor-menu-anchor\" id=\"fisioterapiamusculoesqueletica\"><\/div>\n\t\t\t\t\t\t<\/div>\n\t\t\t\t<\/div>\n\t\t\t\t<div class=\"elementor-element elementor-element-dbb0e79 elementor-widget elementor-widget-heading\" data-id=\"dbb0e79\" data-element_type=\"widget\" data-e-type=\"widget\" data-widget_type=\"heading.default\">\n\t\t\t\t<div class=\"elementor-widget-container\">\n\t\t\t\t\t<h2 class=\"elementor-heading-title elementor-size-default\">Physioth\u00e9rapie pour les troubles musculo-squelettiques<\/h2>\t\t\t\t<\/div>\n\t\t\t\t<\/div>\n\t\t\t\t<div class=\"elementor-element elementor-element-72b2a65 elementor-widget elementor-widget-text-editor\" data-id=\"72b2a65\" data-element_type=\"widget\" data-e-type=\"widget\" data-widget_type=\"text-editor.default\">\n\t\t\t\t<div class=\"elementor-widget-container\">\n\t\t\t\t\t\t\t\t\t<p>Ce domaine d'intervention traite les affections touchant les os, les muscles et les articulations, en favorisant la r\u00e9duction de la douleur et la r\u00e9cup\u00e9ration fonctionnelle. La physioth\u00e9rapie musculo-squelettique am\u00e9liore la mobilit\u00e9 et la qualit\u00e9 de vie \u00e0 tout \u00e2ge.<\/p><p>Brochure(s) d'information sur la physioth\u00e9rapie musculo-squelettique<\/p>\t\t\t\t\t\t\t\t<\/div>\n\t\t\t\t<\/div>\n\t\t<div class=\"elementor-element elementor-element-bd13b20 e-grid e-con-boxed e-con e-parent\" data-id=\"bd13b20\" data-element_type=\"container\" data-e-type=\"container\">\n\t\t\t\t\t<div class=\"e-con-inner\">\n\t\t\t\t<div class=\"elementor-element elementor-element-83d4046 elementor-widget elementor-widget-image\" data-id=\"83d4046\" data-element_type=\"widget\" data-e-type=\"widget\" data-widget_type=\"image.default\">\n\t\t\t\t<div class=\"elementor-widget-container\">\n\t\t\t\t\t\t\t\t\t\t\t\t\t\t\t\t<a href=\"https:\/\/ordemdosfisioterapeutas.pt\/wp-content\/uploads\/2024\/11\/WPTD2023-Rollerbanner1-800x2000-Final_PortugueseEuropean_0.pdf\" target=\"_blank\">\n\t\t\t\t\t\t\t<img loading=\"lazy\" decoding=\"async\" width=\"101\" height=\"246\" src=\"https:\/\/staging.ordemdosfisioterapeutas.pt\/wp-content\/uploads\/2024\/11\/Flyer_0005_14_14.png\" class=\"attachment-large size-large wp-image-7353\" alt=\"\" srcset=\"https:\/\/staging.ordemdosfisioterapeutas.pt\/wp-content\/uploads\/2024\/11\/Flyer_0005_14_14.png 101w, https:\/\/staging.ordemdosfisioterapeutas.pt\/wp-content\/uploads\/2024\/11\/Flyer_0005_14_14-5x12.png 5w\" sizes=\"(max-width: 101px) 100vw, 101px\" \/>\t\t\t\t\t\t\t\t<\/a>\n\t\t\t\t\t\t\t\t\t\t\t\t\t\t\t<\/div>\n\t\t\t\t<\/div>\n\t\t\t\t<div class=\"elementor-element elementor-element-1a3b0c4 elementor-widget elementor-widget-image\" data-id=\"1a3b0c4\" data-element_type=\"widget\" data-e-type=\"widget\" data-widget_type=\"image.default\">\n\t\t\t\t<div class=\"elementor-widget-container\">\n\t\t\t\t\t\t\t\t\t\t\t\t\t\t\t\t<a href=\"https:\/\/ordemdosfisioterapeutas.pt\/wp-content\/uploads\/2024\/11\/WPTD2024-Rollerbanner2-800x2000-1.pdf\" target=\"_blank\">\n\t\t\t\t\t\t\t<img loading=\"lazy\" decoding=\"async\" width=\"177\" height=\"246\" src=\"https:\/\/staging.ordemdosfisioterapeutas.pt\/wp-content\/uploads\/2024\/11\/Flyer_0005_14_15.png\" class=\"attachment-large size-large wp-image-7381\" alt=\"\" srcset=\"https:\/\/staging.ordemdosfisioterapeutas.pt\/wp-content\/uploads\/2024\/11\/Flyer_0005_14_15.png 177w, https:\/\/staging.ordemdosfisioterapeutas.pt\/wp-content\/uploads\/2024\/11\/Flyer_0005_14_15-9x12.png 9w\" sizes=\"(max-width: 177px) 100vw, 177px\" \/>\t\t\t\t\t\t\t\t<\/a>\n\t\t\t\t\t\t\t\t\t\t\t\t\t\t\t<\/div>\n\t\t\t\t<\/div>\n\t\t\t\t<div class=\"elementor-element elementor-element-6d1ac3e elementor-widget elementor-widget-image\" data-id=\"6d1ac3e\" data-element_type=\"widget\" data-e-type=\"widget\" data-widget_type=\"image.default\">\n\t\t\t\t<div class=\"elementor-widget-container\">\n\t\t\t\t\t\t\t\t\t\t\t\t\t\t\t\t<a href=\"https:\/\/ordemdosfisioterapeutas.pt\/wp-content\/uploads\/2024\/11\/WPTD2024-Rollerbanner1-800x2000-1.pdf\" target=\"_blank\">\n\t\t\t\t\t\t\t<img loading=\"lazy\" decoding=\"async\" width=\"177\" height=\"246\" src=\"https:\/\/staging.ordemdosfisioterapeutas.pt\/wp-content\/uploads\/2024\/11\/Flyer_0005_14_16.png\" class=\"attachment-large size-large wp-image-7382\" alt=\"\" srcset=\"https:\/\/staging.ordemdosfisioterapeutas.pt\/wp-content\/uploads\/2024\/11\/Flyer_0005_14_16.png 177w, https:\/\/staging.ordemdosfisioterapeutas.pt\/wp-content\/uploads\/2024\/11\/Flyer_0005_14_16-9x12.png 9w\" sizes=\"(max-width: 177px) 100vw, 177px\" \/>\t\t\t\t\t\t\t\t<\/a>\n\t\t\t\t\t\t\t\t\t\t\t\t\t\t\t<\/div>\n\t\t\t\t<\/div>\n\t\t\t\t\t<\/div>\n\t\t\t\t<\/div>\n\t\t<div class=\"elementor-element elementor-element-9fa89e4 e-grid e-con-boxed e-con e-parent\" data-id=\"9fa89e4\" data-element_type=\"container\" data-e-type=\"container\">\n\t\t\t\t\t<div class=\"e-con-inner\">\n\t\t\t\t<div class=\"elementor-element elementor-element-08539a3 elementor-widget elementor-widget-image\" data-id=\"08539a3\" data-element_type=\"widget\" data-e-type=\"widget\" data-widget_type=\"image.default\">\n\t\t\t\t<div class=\"elementor-widget-container\">\n\t\t\t\t\t\t\t\t\t\t\t\t\t\t\t\t<a href=\"https:\/\/ordemdosfisioterapeutas.pt\/wp-content\/uploads\/2024\/11\/fazer-exercicio-com-artrite.pdf\" target=\"_blank\">\n\t\t\t\t\t\t\t<img loading=\"lazy\" decoding=\"async\" width=\"177\" height=\"246\" src=\"https:\/\/staging.ordemdosfisioterapeutas.pt\/wp-content\/uploads\/2024\/11\/Flyer_0005_14_17.png\" class=\"attachment-large size-large wp-image-7383\" alt=\"\" srcset=\"https:\/\/staging.ordemdosfisioterapeutas.pt\/wp-content\/uploads\/2024\/11\/Flyer_0005_14_17.png 177w, https:\/\/staging.ordemdosfisioterapeutas.pt\/wp-content\/uploads\/2024\/11\/Flyer_0005_14_17-9x12.png 9w\" sizes=\"(max-width: 177px) 100vw, 177px\" \/>\t\t\t\t\t\t\t\t<\/a>\n\t\t\t\t\t\t\t\t\t\t\t\t\t\t\t<\/div>\n\t\t\t\t<\/div>\n\t\t\t\t<div class=\"elementor-element elementor-element-c9869cb elementor-widget elementor-widget-image\" data-id=\"c9869cb\" data-element_type=\"widget\" data-e-type=\"widget\" data-widget_type=\"image.default\">\n\t\t\t\t<div class=\"elementor-widget-container\">\n\t\t\t\t\t\t\t\t\t\t\t\t\t\t\t\t<a href=\"https:\/\/ordemdosfisioterapeutas.pt\/wp-content\/uploads\/2024\/11\/WPTD2023-Rollerbanner2-800x2000-Final_PortugueseEuropean_0.pdf\" target=\"_blank\">\n\t\t\t\t\t\t\t<img loading=\"lazy\" decoding=\"async\" width=\"103\" height=\"246\" src=\"https:\/\/staging.ordemdosfisioterapeutas.pt\/wp-content\/uploads\/2024\/11\/Flyer_0006_14_13.png\" class=\"attachment-large size-large wp-image-7354\" alt=\"\" srcset=\"https:\/\/staging.ordemdosfisioterapeutas.pt\/wp-content\/uploads\/2024\/11\/Flyer_0006_14_13.png 103w, https:\/\/staging.ordemdosfisioterapeutas.pt\/wp-content\/uploads\/2024\/11\/Flyer_0006_14_13-5x12.png 5w\" sizes=\"(max-width: 103px) 100vw, 103px\" \/>\t\t\t\t\t\t\t\t<\/a>\n\t\t\t\t\t\t\t\t\t\t\t\t\t\t\t<\/div>\n\t\t\t\t<\/div>\n\t\t\t\t<div class=\"elementor-element elementor-element-7bd5157 elementor-widget elementor-widget-image\" data-id=\"7bd5157\" data-element_type=\"widget\" data-e-type=\"widget\" data-widget_type=\"image.default\">\n\t\t\t\t<div class=\"elementor-widget-container\">\n\t\t\t\t\t\t\t\t\t\t\t\t\t\t\t\t<a href=\"https:\/\/ordemdosfisioterapeutas.pt\/wp-content\/uploads\/2024\/11\/WPTD2024-InfoSheet3-A4_PORTUGUESE-V2.pdf\" target=\"_blank\">\n\t\t\t\t\t\t\t<img loading=\"lazy\" decoding=\"async\" width=\"175\" height=\"246\" src=\"https:\/\/staging.ordemdosfisioterapeutas.pt\/wp-content\/uploads\/2024\/11\/Flyer_0007_14_12.png\" class=\"attachment-large size-large wp-image-7355\" alt=\"\" srcset=\"https:\/\/staging.ordemdosfisioterapeutas.pt\/wp-content\/uploads\/2024\/11\/Flyer_0007_14_12.png 175w, https:\/\/staging.ordemdosfisioterapeutas.pt\/wp-content\/uploads\/2024\/11\/Flyer_0007_14_12-9x12.png 9w\" sizes=\"(max-width: 175px) 100vw, 175px\" \/>\t\t\t\t\t\t\t\t<\/a>\n\t\t\t\t\t\t\t\t\t\t\t\t\t\t\t<\/div>\n\t\t\t\t<\/div>\n\t\t\t\t\t<\/div>\n\t\t\t\t<\/div>\n\t\t<div class=\"elementor-element elementor-element-c5e725d e-grid e-con-boxed e-con e-parent\" data-id=\"c5e725d\" data-element_type=\"container\" data-e-type=\"container\">\n\t\t\t\t\t<div class=\"e-con-inner\">\n\t\t\t\t<div class=\"elementor-element elementor-element-0856589 elementor-widget elementor-widget-image\" data-id=\"0856589\" data-element_type=\"widget\" data-e-type=\"widget\" data-widget_type=\"image.default\">\n\t\t\t\t<div class=\"elementor-widget-container\">\n\t\t\t\t\t\t\t\t\t\t\t\t\t\t\t\t<a href=\"https:\/\/ordemdosfisioterapeutas.pt\/wp-content\/uploads\/2024\/11\/WPTD2024-InfoSheet4-A4_PORTUGUESE-V2.pdf\" target=\"_blank\">\n\t\t\t\t\t\t\t<img loading=\"lazy\" decoding=\"async\" width=\"177\" height=\"242\" src=\"https:\/\/staging.ordemdosfisioterapeutas.pt\/wp-content\/uploads\/2024\/11\/Flyer_0008_14_11.png\" class=\"attachment-large size-large wp-image-7359\" alt=\"\" srcset=\"https:\/\/staging.ordemdosfisioterapeutas.pt\/wp-content\/uploads\/2024\/11\/Flyer_0008_14_11.png 177w, https:\/\/staging.ordemdosfisioterapeutas.pt\/wp-content\/uploads\/2024\/11\/Flyer_0008_14_11-9x12.png 9w\" sizes=\"(max-width: 177px) 100vw, 177px\" \/>\t\t\t\t\t\t\t\t<\/a>\n\t\t\t\t\t\t\t\t\t\t\t\t\t\t\t<\/div>\n\t\t\t\t<\/div>\n\t\t\t\t<div class=\"elementor-element elementor-element-a6fc94d elementor-widget elementor-widget-image\" data-id=\"a6fc94d\" data-element_type=\"widget\" data-e-type=\"widget\" data-widget_type=\"image.default\">\n\t\t\t\t<div class=\"elementor-widget-container\">\n\t\t\t\t\t\t\t\t\t\t\t\t\t\t\t\t<a href=\"https:\/\/ordemdosfisioterapeutas.pt\/wp-content\/uploads\/2024\/11\/WPTD2024-Poster1-A4_web.pdf\" target=\"_blank\">\n\t\t\t\t\t\t\t<img loading=\"lazy\" decoding=\"async\" width=\"177\" height=\"244\" src=\"https:\/\/staging.ordemdosfisioterapeutas.pt\/wp-content\/uploads\/2024\/11\/Flyer_0009_14_10.png\" class=\"attachment-large size-large wp-image-7360\" alt=\"\" srcset=\"https:\/\/staging.ordemdosfisioterapeutas.pt\/wp-content\/uploads\/2024\/11\/Flyer_0009_14_10.png 177w, https:\/\/staging.ordemdosfisioterapeutas.pt\/wp-content\/uploads\/2024\/11\/Flyer_0009_14_10-9x12.png 9w\" sizes=\"(max-width: 177px) 100vw, 177px\" \/>\t\t\t\t\t\t\t\t<\/a>\n\t\t\t\t\t\t\t\t\t\t\t\t\t\t\t<\/div>\n\t\t\t\t<\/div>\n\t\t\t\t<div class=\"elementor-element elementor-element-1831736 elementor-widget elementor-widget-image\" data-id=\"1831736\" data-element_type=\"widget\" data-e-type=\"widget\" data-widget_type=\"image.default\">\n\t\t\t\t<div class=\"elementor-widget-container\">\n\t\t\t\t\t\t\t\t\t\t\t\t\t\t\t\t<a href=\"https:\/\/ordemdosfisioterapeutas.pt\/wp-content\/uploads\/2024\/11\/WPTD2024-Poster2-A4_web.pdf\" target=\"_blank\">\n\t\t\t\t\t\t\t<img loading=\"lazy\" decoding=\"async\" width=\"177\" height=\"246\" src=\"https:\/\/staging.ordemdosfisioterapeutas.pt\/wp-content\/uploads\/2024\/11\/Flyer_0010_14_9.png\" class=\"attachment-large size-large wp-image-7361\" alt=\"\" srcset=\"https:\/\/staging.ordemdosfisioterapeutas.pt\/wp-content\/uploads\/2024\/11\/Flyer_0010_14_9.png 177w, https:\/\/staging.ordemdosfisioterapeutas.pt\/wp-content\/uploads\/2024\/11\/Flyer_0010_14_9-9x12.png 9w\" sizes=\"(max-width: 177px) 100vw, 177px\" \/>\t\t\t\t\t\t\t\t<\/a>\n\t\t\t\t\t\t\t\t\t\t\t\t\t\t\t<\/div>\n\t\t\t\t<\/div>\n\t\t\t\t\t<\/div>\n\t\t\t\t<\/div>\n\t\t<div class=\"elementor-element elementor-element-b7c3856 e-grid e-con-boxed e-con e-parent\" data-id=\"b7c3856\" data-element_type=\"container\" data-e-type=\"container\">\n\t\t\t\t\t<div class=\"e-con-inner\">\n\t\t\t\t<div class=\"elementor-element elementor-element-c987f78 elementor-widget elementor-widget-image\" data-id=\"c987f78\" data-element_type=\"widget\" data-e-type=\"widget\" data-widget_type=\"image.default\">\n\t\t\t\t<div class=\"elementor-widget-container\">\n\t\t\t\t\t\t\t\t\t\t\t\t\t\t\t\t<a href=\"https:\/\/ordemdosfisioterapeutas.pt\/wp-content\/uploads\/2024\/11\/WPTD2024-Poster3-A4.pdf\" target=\"_blank\">\n\t\t\t\t\t\t\t<img loading=\"lazy\" decoding=\"async\" width=\"173\" height=\"245\" src=\"https:\/\/staging.ordemdosfisioterapeutas.pt\/wp-content\/uploads\/2024\/11\/Flyer_0011_14_8.png\" class=\"attachment-large size-large wp-image-7363\" alt=\"\" srcset=\"https:\/\/staging.ordemdosfisioterapeutas.pt\/wp-content\/uploads\/2024\/11\/Flyer_0011_14_8.png 173w, https:\/\/staging.ordemdosfisioterapeutas.pt\/wp-content\/uploads\/2024\/11\/Flyer_0011_14_8-8x12.png 8w\" sizes=\"(max-width: 173px) 100vw, 173px\" \/>\t\t\t\t\t\t\t\t<\/a>\n\t\t\t\t\t\t\t\t\t\t\t\t\t\t\t<\/div>\n\t\t\t\t<\/div>\n\t\t\t\t<div class=\"elementor-element elementor-element-4291927 elementor-widget elementor-widget-image\" data-id=\"4291927\" data-element_type=\"widget\" data-e-type=\"widget\" data-widget_type=\"image.default\">\n\t\t\t\t<div class=\"elementor-widget-container\">\n\t\t\t\t\t\t\t\t\t\t\t\t\t\t\t\t<a href=\"https:\/\/ordemdosfisioterapeutas.pt\/wp-content\/uploads\/2024\/11\/WPTD2024-InfoSheet1-A4_PORTUGUESE-V2.pdf\" target=\"_blank\">\n\t\t\t\t\t\t\t<img loading=\"lazy\" decoding=\"async\" width=\"177\" height=\"242\" src=\"https:\/\/staging.ordemdosfisioterapeutas.pt\/wp-content\/uploads\/2024\/11\/Flyer_0012_14_7-1.png\" class=\"attachment-large size-large wp-image-7385\" alt=\"\" srcset=\"https:\/\/staging.ordemdosfisioterapeutas.pt\/wp-content\/uploads\/2024\/11\/Flyer_0012_14_7-1.png 177w, https:\/\/staging.ordemdosfisioterapeutas.pt\/wp-content\/uploads\/2024\/11\/Flyer_0012_14_7-1-9x12.png 9w\" sizes=\"(max-width: 177px) 100vw, 177px\" \/>\t\t\t\t\t\t\t\t<\/a>\n\t\t\t\t\t\t\t\t\t\t\t\t\t\t\t<\/div>\n\t\t\t\t<\/div>\n\t\t\t\t<div class=\"elementor-element elementor-element-9a89882 elementor-widget elementor-widget-image\" data-id=\"9a89882\" data-element_type=\"widget\" data-e-type=\"widget\" data-widget_type=\"image.default\">\n\t\t\t\t<div class=\"elementor-widget-container\">\n\t\t\t\t\t\t\t\t\t\t\t\t\t\t\t\t<a href=\"https:\/\/ordemdosfisioterapeutas.pt\/wp-content\/uploads\/2024\/11\/WPTD2024-InfoSheet2-A4_PORTUGUESE-V2.pdf\" target=\"_blank\">\n\t\t\t\t\t\t\t<img loading=\"lazy\" decoding=\"async\" width=\"177\" height=\"242\" src=\"https:\/\/staging.ordemdosfisioterapeutas.pt\/wp-content\/uploads\/2024\/11\/Flyer_0013_14_6.png\" class=\"attachment-large size-large wp-image-7365\" alt=\"\" srcset=\"https:\/\/staging.ordemdosfisioterapeutas.pt\/wp-content\/uploads\/2024\/11\/Flyer_0013_14_6.png 177w, https:\/\/staging.ordemdosfisioterapeutas.pt\/wp-content\/uploads\/2024\/11\/Flyer_0013_14_6-9x12.png 9w\" sizes=\"(max-width: 177px) 100vw, 177px\" \/>\t\t\t\t\t\t\t\t<\/a>\n\t\t\t\t\t\t\t\t\t\t\t\t\t\t\t<\/div>\n\t\t\t\t<\/div>\n\t\t\t\t\t<\/div>\n\t\t\t\t<\/div>\n\t\t<div class=\"elementor-element elementor-element-3e3d715 e-grid e-con-boxed e-con e-parent\" data-id=\"3e3d715\" data-element_type=\"container\" data-e-type=\"container\">\n\t\t\t\t\t<div class=\"e-con-inner\">\n\t\t\t\t<div class=\"elementor-element elementor-element-2f66043 elementor-widget elementor-widget-image\" data-id=\"2f66043\" data-element_type=\"widget\" data-e-type=\"widget\" data-widget_type=\"image.default\">\n\t\t\t\t<div class=\"elementor-widget-container\">\n\t\t\t\t\t\t\t\t\t\t\t\t\t\t\t\t<a href=\"https:\/\/ordemdosfisioterapeutas.pt\/wp-content\/uploads\/2024\/11\/ultrapassar-barreiras.pdf\" target=\"_blank\">\n\t\t\t\t\t\t\t<img loading=\"lazy\" decoding=\"async\" width=\"177\" height=\"242\" src=\"https:\/\/staging.ordemdosfisioterapeutas.pt\/wp-content\/uploads\/2024\/11\/Flyer_0014_14_5.png\" class=\"attachment-large size-large wp-image-7366\" alt=\"\" srcset=\"https:\/\/staging.ordemdosfisioterapeutas.pt\/wp-content\/uploads\/2024\/11\/Flyer_0014_14_5.png 177w, https:\/\/staging.ordemdosfisioterapeutas.pt\/wp-content\/uploads\/2024\/11\/Flyer_0014_14_5-9x12.png 9w\" sizes=\"(max-width: 177px) 100vw, 177px\" \/>\t\t\t\t\t\t\t\t<\/a>\n\t\t\t\t\t\t\t\t\t\t\t\t\t\t\t<\/div>\n\t\t\t\t<\/div>\n\t\t\t\t<div class=\"elementor-element elementor-element-8728d12 elementor-widget elementor-widget-image\" data-id=\"8728d12\" data-element_type=\"widget\" data-e-type=\"widget\" data-widget_type=\"image.default\">\n\t\t\t\t<div class=\"elementor-widget-container\">\n\t\t\t\t\t\t\t\t\t\t\t\t\t\t\t\t<a href=\"https:\/\/ordemdosfisioterapeutas.pt\/wp-content\/uploads\/2024\/11\/DCV-e-artrite-reumatoide.pdf\" target=\"_blank\">\n\t\t\t\t\t\t\t<img loading=\"lazy\" decoding=\"async\" width=\"177\" height=\"244\" src=\"https:\/\/staging.ordemdosfisioterapeutas.pt\/wp-content\/uploads\/2024\/11\/Flyer_0015_14_4.png\" class=\"attachment-large size-large wp-image-7367\" alt=\"\" srcset=\"https:\/\/staging.ordemdosfisioterapeutas.pt\/wp-content\/uploads\/2024\/11\/Flyer_0015_14_4.png 177w, https:\/\/staging.ordemdosfisioterapeutas.pt\/wp-content\/uploads\/2024\/11\/Flyer_0015_14_4-9x12.png 9w\" sizes=\"(max-width: 177px) 100vw, 177px\" \/>\t\t\t\t\t\t\t\t<\/a>\n\t\t\t\t\t\t\t\t\t\t\t\t\t\t\t<\/div>\n\t\t\t\t<\/div>\n\t\t\t\t<div class=\"elementor-element elementor-element-58f24fe elementor-widget elementor-widget-image\" data-id=\"58f24fe\" data-element_type=\"widget\" data-e-type=\"widget\" data-widget_type=\"image.default\">\n\t\t\t\t<div class=\"elementor-widget-container\">\n\t\t\t\t\t\t\t\t\t\t\t\t\t\t\t\t<a href=\"https:\/\/ordemdosfisioterapeutas.pt\/wp-content\/uploads\/2024\/11\/artrite-juvenil.pdf\" target=\"_blank\">\n\t\t\t\t\t\t\t<img loading=\"lazy\" decoding=\"async\" width=\"177\" height=\"244\" src=\"https:\/\/staging.ordemdosfisioterapeutas.pt\/wp-content\/uploads\/2024\/11\/Flyer_0016_14_3.png\" class=\"attachment-large size-large wp-image-7368\" alt=\"\" srcset=\"https:\/\/staging.ordemdosfisioterapeutas.pt\/wp-content\/uploads\/2024\/11\/Flyer_0016_14_3.png 177w, https:\/\/staging.ordemdosfisioterapeutas.pt\/wp-content\/uploads\/2024\/11\/Flyer_0016_14_3-9x12.png 9w\" sizes=\"(max-width: 177px) 100vw, 177px\" \/>\t\t\t\t\t\t\t\t<\/a>\n\t\t\t\t\t\t\t\t\t\t\t\t\t\t\t<\/div>\n\t\t\t\t<\/div>\n\t\t\t\t\t<\/div>\n\t\t\t\t<\/div>\n\t\t<div class=\"elementor-element elementor-element-e4dd6d2 e-grid e-con-boxed e-con e-parent\" data-id=\"e4dd6d2\" data-element_type=\"container\" data-e-type=\"container\">\n\t\t\t\t\t<div class=\"e-con-inner\">\n\t\t\t\t<div class=\"elementor-element elementor-element-3efe681 elementor-widget elementor-widget-image\" data-id=\"3efe681\" data-element_type=\"widget\" data-e-type=\"widget\" data-widget_type=\"image.default\">\n\t\t\t\t<div class=\"elementor-widget-container\">\n\t\t\t\t\t\t\t\t\t\t\t\t\t\t\t\t<a href=\"https:\/\/ordemdosfisioterapeutas.pt\/wp-content\/uploads\/2024\/11\/Fisioterapia-e-artrite.pdf\" target=\"_blank\">\n\t\t\t\t\t\t\t<img loading=\"lazy\" decoding=\"async\" width=\"177\" height=\"236\" src=\"https:\/\/staging.ordemdosfisioterapeutas.pt\/wp-content\/uploads\/2024\/11\/Flyer_0017_14_2.png\" class=\"attachment-large size-large wp-image-7369\" alt=\"\" srcset=\"https:\/\/staging.ordemdosfisioterapeutas.pt\/wp-content\/uploads\/2024\/11\/Flyer_0017_14_2.png 177w, https:\/\/staging.ordemdosfisioterapeutas.pt\/wp-content\/uploads\/2024\/11\/Flyer_0017_14_2-9x12.png 9w\" sizes=\"(max-width: 177px) 100vw, 177px\" \/>\t\t\t\t\t\t\t\t<\/a>\n\t\t\t\t\t\t\t\t\t\t\t\t\t\t\t<\/div>\n\t\t\t\t<\/div>\n\t\t\t\t<div class=\"elementor-element elementor-element-3d7df5c elementor-widget elementor-widget-image\" data-id=\"3d7df5c\" data-element_type=\"widget\" data-e-type=\"widget\" data-widget_type=\"image.default\">\n\t\t\t\t<div class=\"elementor-widget-container\">\n\t\t\t\t\t\t\t\t\t\t\t\t\t\t\t\t<a href=\"https:\/\/ordemdosfisioterapeutas.pt\/wp-content\/uploads\/2024\/11\/Osteoartrose.pdf\" target=\"_blank\">\n\t\t\t\t\t\t\t<img loading=\"lazy\" decoding=\"async\" width=\"175\" height=\"246\" src=\"https:\/\/staging.ordemdosfisioterapeutas.pt\/wp-content\/uploads\/2024\/11\/Flyer_0018_14_1.png\" class=\"attachment-large size-large wp-image-7370\" alt=\"\" srcset=\"https:\/\/staging.ordemdosfisioterapeutas.pt\/wp-content\/uploads\/2024\/11\/Flyer_0018_14_1.png 175w, https:\/\/staging.ordemdosfisioterapeutas.pt\/wp-content\/uploads\/2024\/11\/Flyer_0018_14_1-9x12.png 9w\" sizes=\"(max-width: 175px) 100vw, 175px\" \/>\t\t\t\t\t\t\t\t<\/a>\n\t\t\t\t\t\t\t\t\t\t\t\t\t\t\t<\/div>\n\t\t\t\t<\/div>\n\t\t\t\t<div class=\"elementor-element elementor-element-01ca540 elementor-widget elementor-widget-image\" data-id=\"01ca540\" data-element_type=\"widget\" data-e-type=\"widget\" data-widget_type=\"image.default\">\n\t\t\t\t<div class=\"elementor-widget-container\">\n\t\t\t\t\t\t\t\t\t\t\t\t\t\t\t\t<a href=\"https:\/\/ordemdosfisioterapeutas.pt\/wp-content\/uploads\/2024\/11\/fisioterapia_musculo-esqueletica.pdf\" target=\"_blank\">\n\t\t\t\t\t\t\t<img loading=\"lazy\" decoding=\"async\" width=\"175\" height=\"246\" src=\"https:\/\/staging.ordemdosfisioterapeutas.pt\/wp-content\/uploads\/2024\/11\/Flyer_0019_14.png\" class=\"attachment-large size-large wp-image-7371\" alt=\"\" srcset=\"https:\/\/staging.ordemdosfisioterapeutas.pt\/wp-content\/uploads\/2024\/11\/Flyer_0019_14.png 175w, https:\/\/staging.ordemdosfisioterapeutas.pt\/wp-content\/uploads\/2024\/11\/Flyer_0019_14-9x12.png 9w\" sizes=\"(max-width: 175px) 100vw, 175px\" \/>\t\t\t\t\t\t\t\t<\/a>\n\t\t\t\t\t\t\t\t\t\t\t\t\t\t\t<\/div>\n\t\t\t\t<\/div>\n\t\t\t\t\t<\/div>\n\t\t\t\t<\/div>\n\t\t\t\t<div class=\"elementor-element elementor-element-84db062 elementor-widget elementor-widget-menu-anchor\" data-id=\"84db062\" data-element_type=\"widget\" data-e-type=\"widget\" data-widget_type=\"menu-anchor.default\">\n\t\t\t\t<div class=\"elementor-widget-container\">\n\t\t\t\t\t\t\t<div class=\"elementor-menu-anchor\" id=\"fisioterapiaempessoascomamputacao\"><\/div>\n\t\t\t\t\t\t<\/div>\n\t\t\t\t<\/div>\n\t\t\t\t<div class=\"elementor-element elementor-element-79e9e3c elementor-widget elementor-widget-heading\" data-id=\"79e9e3c\" data-element_type=\"widget\" data-e-type=\"widget\" data-widget_type=\"heading.default\">\n\t\t\t\t<div class=\"elementor-widget-container\">\n\t\t\t\t\t<h2 class=\"elementor-heading-title elementor-size-default\">Physioth\u00e9rapie pour les personnes amput\u00e9es<\/h2>\t\t\t\t<\/div>\n\t\t\t\t<\/div>\n\t\t\t\t<div class=\"elementor-element elementor-element-4fae7ac elementor-widget elementor-widget-text-editor\" data-id=\"4fae7ac\" data-element_type=\"widget\" data-e-type=\"widget\" data-widget_type=\"text-editor.default\">\n\t\t\t\t<div class=\"elementor-widget-container\">\n\t\t\t\t\t\t\t\t\t<p>Ax\u00e9 sur la r\u00e9adaptation des personnes amput\u00e9es, ce domaine contribue \u00e0 am\u00e9liorer la mobilit\u00e9 et la fonctionnalit\u00e9. Le physioth\u00e9rapeute favorise l'adaptation et la r\u00e9int\u00e9gration, en collaborant avec des \u00e9quipes multidisciplinaires pour r\u00e9pondre aux besoins sp\u00e9cifiques de chaque personne.<\/p><p>Brochure(s) sur la physioth\u00e9rapie pour les personnes amput\u00e9es<\/p>\t\t\t\t\t\t\t\t<\/div>\n\t\t\t\t<\/div>\n\t\t<div class=\"elementor-element elementor-element-0ff2baa e-grid e-con-boxed e-con e-parent\" data-id=\"0ff2baa\" data-element_type=\"container\" data-e-type=\"container\">\n\t\t\t\t\t<div class=\"e-con-inner\">\n\t\t\t\t<div class=\"elementor-element elementor-element-8339e7d elementor-widget elementor-widget-image\" data-id=\"8339e7d\" data-element_type=\"widget\" data-e-type=\"widget\" data-widget_type=\"image.default\">\n\t\t\t\t<div class=\"elementor-widget-container\">\n\t\t\t\t\t\t\t\t\t\t\t\t\t\t\t\t<a href=\"https:\/\/ordemdosfisioterapeutas.pt\/wp-content\/uploads\/2024\/11\/fisioterapia_amputacao.pdf\" target=\"_blank\">\n\t\t\t\t\t\t\t<img loading=\"lazy\" decoding=\"async\" width=\"175\" height=\"246\" src=\"https:\/\/staging.ordemdosfisioterapeutas.pt\/wp-content\/uploads\/2024\/11\/flyer_0000_15_1.png\" class=\"attachment-large size-large wp-image-7376\" alt=\"\" srcset=\"https:\/\/staging.ordemdosfisioterapeutas.pt\/wp-content\/uploads\/2024\/11\/flyer_0000_15_1.png 175w, https:\/\/staging.ordemdosfisioterapeutas.pt\/wp-content\/uploads\/2024\/11\/flyer_0000_15_1-9x12.png 9w\" sizes=\"(max-width: 175px) 100vw, 175px\" \/>\t\t\t\t\t\t\t\t<\/a>\n\t\t\t\t\t\t\t\t\t\t\t\t\t\t\t<\/div>\n\t\t\t\t<\/div>\n\t\t\t\t\t<\/div>\n\t\t\t\t<\/div>\n\t\t\t\t<div class=\"elementor-element elementor-element-446e6d4 elementor-widget elementor-widget-menu-anchor\" data-id=\"446e6d4\" data-element_type=\"widget\" data-e-type=\"widget\" data-widget_type=\"menu-anchor.default\">\n\t\t\t\t<div class=\"elementor-widget-container\">\n\t\t\t\t\t\t\t<div class=\"elementor-menu-anchor\" id=\"fisioterapianoenvelhecimento\"><\/div>\n\t\t\t\t\t\t<\/div>\n\t\t\t\t<\/div>\n\t\t\t\t<div class=\"elementor-element elementor-element-73d4396 elementor-widget elementor-widget-heading\" data-id=\"73d4396\" data-element_type=\"widget\" data-e-type=\"widget\" data-widget_type=\"heading.default\">\n\t\t\t\t<div class=\"elementor-widget-container\">\n\t\t\t\t\t<h2 class=\"elementor-heading-title elementor-size-default\">La physioth\u00e9rapie dans le vieillissement<\/h2>\t\t\t\t<\/div>\n\t\t\t\t<\/div>\n\t\t\t\t<div class=\"elementor-element elementor-element-b4a942a elementor-widget elementor-widget-text-editor\" data-id=\"b4a942a\" data-element_type=\"widget\" data-e-type=\"widget\" data-widget_type=\"text-editor.default\">\n\t\t\t\t<div class=\"elementor-widget-container\">\n\t\t\t\t\t\t\t\t\t<p>La physioth\u00e9rapie dans le domaine du vieillissement favorise l'ind\u00e9pendance, la pr\u00e9vention des maladies et l'am\u00e9lioration de la fonctionnalit\u00e9 des personnes \u00e2g\u00e9es. Elle aide \u00e0 la mobilit\u00e9 et \u00e0 l'\u00e9quilibre, garantissant une vie active et saine.<\/p><p>Brochure(s) d'information sur la physioth\u00e9rapie dans le vieillissement<\/p>\t\t\t\t\t\t\t\t<\/div>\n\t\t\t\t<\/div>\n\t\t<div class=\"elementor-element elementor-element-af2c918 e-grid e-con-boxed e-con e-parent\" data-id=\"af2c918\" data-element_type=\"container\" data-e-type=\"container\">\n\t\t\t\t\t<div class=\"e-con-inner\">\n\t\t\t\t<div class=\"elementor-element elementor-element-47eb044 elementor-widget elementor-widget-image\" data-id=\"47eb044\" data-element_type=\"widget\" data-e-type=\"widget\" data-widget_type=\"image.default\">\n\t\t\t\t<div class=\"elementor-widget-container\">\n\t\t\t\t\t\t\t\t\t\t\t\t\t\t\t\t<a href=\"https:\/\/ordemdosfisioterapeutas.pt\/wp-content\/uploads\/2024\/11\/fisioterapia_Envelhecimento.pdf\" target=\"_blank\">\n\t\t\t\t\t\t\t<img loading=\"lazy\" decoding=\"async\" width=\"175\" height=\"246\" src=\"https:\/\/staging.ordemdosfisioterapeutas.pt\/wp-content\/uploads\/2024\/11\/flyer_0003_16.png\" class=\"attachment-large size-large wp-image-7377\" alt=\"\" srcset=\"https:\/\/staging.ordemdosfisioterapeutas.pt\/wp-content\/uploads\/2024\/11\/flyer_0003_16.png 175w, https:\/\/staging.ordemdosfisioterapeutas.pt\/wp-content\/uploads\/2024\/11\/flyer_0003_16-9x12.png 9w\" sizes=\"(max-width: 175px) 100vw, 175px\" \/>\t\t\t\t\t\t\t\t<\/a>\n\t\t\t\t\t\t\t\t\t\t\t\t\t\t\t<\/div>\n\t\t\t\t<\/div>\n\t\t\t\t\t<\/div>\n\t\t\t\t<\/div>\n\t\t\t\t<div class=\"elementor-element elementor-element-191d596 elementor-widget elementor-widget-menu-anchor\" data-id=\"191d596\" data-element_type=\"widget\" data-e-type=\"widget\" data-widget_type=\"menu-anchor.default\">\n\t\t\t\t<div class=\"elementor-widget-container\">\n\t\t\t\t\t\t\t<div class=\"elementor-menu-anchor\" id=\"fisioterapianador\"><\/div>\n\t\t\t\t\t\t<\/div>\n\t\t\t\t<\/div>\n\t\t\t\t<div class=\"elementor-element elementor-element-5e1ee57 elementor-widget elementor-widget-heading\" data-id=\"5e1ee57\" data-element_type=\"widget\" data-e-type=\"widget\" data-widget_type=\"heading.default\">\n\t\t\t\t<div class=\"elementor-widget-container\">\n\t\t\t\t\t<h2 class=\"elementor-heading-title elementor-size-default\">La physioth\u00e9rapie dans la douleur\n<\/h2>\t\t\t\t<\/div>\n\t\t\t\t<\/div>\n\t\t\t\t<div class=\"elementor-element elementor-element-62a911f elementor-widget elementor-widget-text-editor\" data-id=\"62a911f\" data-element_type=\"widget\" data-e-type=\"widget\" data-widget_type=\"text-editor.default\">\n\t\t\t\t<div class=\"elementor-widget-container\">\n\t\t\t\t\t\t\t\t\t<p>La physioth\u00e9rapie de la douleur \u00e9value et traite diff\u00e9rents types de douleur, en utilisant des exercices th\u00e9rapeutiques et des techniques manuelles. Elle se concentre sur l'am\u00e9lioration de la capacit\u00e9 physique et de la qualit\u00e9 de vie, en r\u00e9duisant la douleur de mani\u00e8re personnalis\u00e9e.<\/p><p>Brochure(s) d'information sur la physioth\u00e9rapie de la douleur<\/p>\t\t\t\t\t\t\t\t<\/div>\n\t\t\t\t<\/div>\n\t\t<div class=\"elementor-element elementor-element-96561c5 e-grid e-con-boxed e-con e-parent\" data-id=\"96561c5\" data-element_type=\"container\" data-e-type=\"container\">\n\t\t\t\t\t<div class=\"e-con-inner\">\n\t\t\t\t<div class=\"elementor-element elementor-element-292f7dc elementor-widget elementor-widget-image\" data-id=\"292f7dc\" data-element_type=\"widget\" data-e-type=\"widget\" data-widget_type=\"image.default\">\n\t\t\t\t<div class=\"elementor-widget-container\">\n\t\t\t\t\t\t\t\t\t\t\t\t\t\t\t\t<a href=\"https:\/\/ordemdosfisioterapeutas.pt\/wp-content\/uploads\/2024\/11\/fisioterapia_Dor.pdf\" target=\"_blank\">\n\t\t\t\t\t\t\t<img loading=\"lazy\" decoding=\"async\" width=\"177\" height=\"246\" src=\"https:\/\/staging.ordemdosfisioterapeutas.pt\/wp-content\/uploads\/2024\/11\/flyer_0002_17.png\" class=\"attachment-large size-large wp-image-7378\" alt=\"\" srcset=\"https:\/\/staging.ordemdosfisioterapeutas.pt\/wp-content\/uploads\/2024\/11\/flyer_0002_17.png 177w, https:\/\/staging.ordemdosfisioterapeutas.pt\/wp-content\/uploads\/2024\/11\/flyer_0002_17-9x12.png 9w\" sizes=\"(max-width: 177px) 100vw, 177px\" \/>\t\t\t\t\t\t\t\t<\/a>\n\t\t\t\t\t\t\t\t\t\t\t\t\t\t\t<\/div>\n\t\t\t\t<\/div>\n\t\t\t\t\t<\/div>\n\t\t\t\t<\/div>\n\t\t\t\t<div class=\"elementor-element elementor-element-67f262e elementor-widget elementor-widget-menu-anchor\" data-id=\"67f262e\" data-element_type=\"widget\" data-e-type=\"widget\" data-widget_type=\"menu-anchor.default\">\n\t\t\t\t<div class=\"elementor-widget-container\">\n\t\t\t\t\t\t\t<div class=\"elementor-menu-anchor\" id=\"institucionalof\"><\/div>\n\t\t\t\t\t\t<\/div>\n\t\t\t\t<\/div>\n\t\t\t\t<div class=\"elementor-element elementor-element-7f7a6b1 elementor-widget elementor-widget-heading\" data-id=\"7f7a6b1\" data-element_type=\"widget\" data-e-type=\"widget\" data-widget_type=\"heading.default\">\n\t\t\t\t<div class=\"elementor-widget-container\">\n\t\t\t\t\t<h2 class=\"elementor-heading-title elementor-size-default\">Institutionnel OF\n<\/h2>\t\t\t\t<\/div>\n\t\t\t\t<\/div>\n\t\t\t\t<div class=\"elementor-element elementor-element-75928b6 elementor-widget elementor-widget-text-editor\" data-id=\"75928b6\" data-element_type=\"widget\" data-e-type=\"widget\" data-widget_type=\"text-editor.default\">\n\t\t\t\t<div class=\"elementor-widget-container\">\n\t\t\t\t\t\t\t\t\t<p>Autres documents d'information<\/p>\t\t\t\t\t\t\t\t<\/div>\n\t\t\t\t<\/div>\n\t\t<div class=\"elementor-element elementor-element-e4b08eb e-grid e-con-boxed e-con e-parent\" data-id=\"e4b08eb\" data-element_type=\"container\" data-e-type=\"container\">\n\t\t\t\t\t<div class=\"e-con-inner\">\n\t\t\t\t<div class=\"elementor-element elementor-element-80625e2 elementor-widget elementor-widget-image\" data-id=\"80625e2\" data-element_type=\"widget\" data-e-type=\"widget\" data-widget_type=\"image.default\">\n\t\t\t\t<div class=\"elementor-widget-container\">\n\t\t\t\t\t\t\t\t\t\t\t\t\t\t\t\t<a href=\"https:\/\/ordemdosfisioterapeutas.pt\/wp-content\/uploads\/2024\/11\/fisioterapia_prod_apoio.pdf\">\n\t\t\t\t\t\t\t<img loading=\"lazy\" decoding=\"async\" width=\"177\" height=\"246\" src=\"https:\/\/staging.ordemdosfisioterapeutas.pt\/wp-content\/uploads\/2024\/11\/flyer_0000_18_1.png\" class=\"attachment-large size-large wp-image-7379\" alt=\"\" srcset=\"https:\/\/staging.ordemdosfisioterapeutas.pt\/wp-content\/uploads\/2024\/11\/flyer_0000_18_1.png 177w, https:\/\/staging.ordemdosfisioterapeutas.pt\/wp-content\/uploads\/2024\/11\/flyer_0000_18_1-9x12.png 9w\" sizes=\"(max-width: 177px) 100vw, 177px\" \/>\t\t\t\t\t\t\t\t<\/a>\n\t\t\t\t\t\t\t\t\t\t\t\t\t\t\t<\/div>\n\t\t\t\t<\/div>\n\t\t\t\t<div class=\"elementor-element elementor-element-00c112c elementor-widget elementor-widget-image\" data-id=\"00c112c\" data-element_type=\"widget\" data-e-type=\"widget\" data-widget_type=\"image.default\">\n\t\t\t\t<div class=\"elementor-widget-container\">\n\t\t\t\t\t\t\t\t\t\t\t\t\t\t\t\t<a href=\"https:\/\/ordemdosfisioterapeutas.pt\/wp-content\/uploads\/2024\/11\/encontre_1_fisioterapeuta.pdf\" target=\"_blank\">\n\t\t\t\t\t\t\t<img loading=\"lazy\" decoding=\"async\" width=\"177\" height=\"245\" src=\"https:\/\/staging.ordemdosfisioterapeutas.pt\/wp-content\/uploads\/2024\/11\/flyer_0001_18.png\" class=\"attachment-large size-large wp-image-7380\" alt=\"\" srcset=\"https:\/\/staging.ordemdosfisioterapeutas.pt\/wp-content\/uploads\/2024\/11\/flyer_0001_18.png 177w, https:\/\/staging.ordemdosfisioterapeutas.pt\/wp-content\/uploads\/2024\/11\/flyer_0001_18-9x12.png 9w\" sizes=\"(max-width: 177px) 100vw, 177px\" \/>\t\t\t\t\t\t\t\t<\/a>\n\t\t\t\t\t\t\t\t\t\t\t\t\t\t\t<\/div>\n\t\t\t\t<\/div>\n\t\t\t\t\t<\/div>\n\t\t\t\t<\/div>\n\t\t\t\t<div class=\"elementor-element elementor-element-652835e elementor-widget elementor-widget-menu-anchor\" data-id=\"652835e\" data-element_type=\"widget\" data-e-type=\"widget\" data-widget_type=\"menu-anchor.default\">\n\t\t\t\t<div class=\"elementor-widget-container\">\n\t\t\t\t\t\t\t<div class=\"elementor-menu-anchor\" id=\"fisioterapeutasinscritosnaordem\"><\/div>\n\t\t\t\t\t\t<\/div>\n\t\t\t\t<\/div>\n\t\t\t\t<div class=\"elementor-element elementor-element-a94c557 elementor-widget elementor-widget-heading\" data-id=\"a94c557\" data-element_type=\"widget\" data-e-type=\"widget\" data-widget_type=\"heading.default\">\n\t\t\t\t<div class=\"elementor-widget-container\">\n\t\t\t\t\t<h2 class=\"elementor-heading-title elementor-size-default\">Physioth\u00e9rapeutes agr\u00e9\u00e9s<\/h2>\t\t\t\t<\/div>\n\t\t\t\t<\/div>\n\t\t\t\t<div class=\"elementor-element elementor-element-d13084a elementor-widget elementor-widget-text-editor\" data-id=\"d13084a\" data-element_type=\"widget\" data-e-type=\"widget\" data-widget_type=\"text-editor.default\">\n\t\t\t\t<div class=\"elementor-widget-container\">\n\t\t\t\t\t\t\t\t\t<p>Annuaire des physioth\u00e9rapeutes<\/p><p>Trouvez un physioth\u00e9rapeute pr\u00e8s de chez vous.<\/p>\t\t\t\t\t\t\t\t<\/div>\n\t\t\t\t<\/div>\n\t\t\t\t<div class=\"elementor-element elementor-element-3d00a3e elementor-widget elementor-widget-button\" data-id=\"3d00a3e\" data-element_type=\"widget\" data-e-type=\"widget\" data-widget_type=\"button.default\">\n\t\t\t\t<div class=\"elementor-widget-container\">\n\t\t\t\t\t\t\t\t\t<div class=\"elementor-button-wrapper\">\n\t\t\t\t\t<a class=\"elementor-button elementor-button-link elementor-size-sm\" href=\"https:\/\/staging.ordemdosfisioterapeutas.pt\/fr\/encontre-um-fisioterapeuta\/\" target=\"_blank\">\n\t\t\t\t\t\t<span class=\"elementor-button-content-wrapper\">\n\t\t\t\t\t\t\t\t\t<span class=\"elementor-button-text\">Physioth\u00e9rapeutes agr\u00e9\u00e9s<\/span>\n\t\t\t\t\t<\/span>\n\t\t\t\t\t<\/a>\n\t\t\t\t<\/div>\n\t\t\t\t\t\t\t\t<\/div>\n\t\t\t\t<\/div>\n\t\t\t\t<div class=\"elementor-element elementor-element-ff680d8 elementor-widget elementor-widget-menu-anchor\" data-id=\"ff680d8\" data-element_type=\"widget\" data-e-type=\"widget\" data-widget_type=\"menu-anchor.default\">\n\t\t\t\t<div class=\"elementor-widget-container\">\n\t\t\t\t\t\t\t<div class=\"elementor-menu-anchor\" id=\"participacaoreclamacaodenuncia\"><\/div>\n\t\t\t\t\t\t<\/div>\n\t\t\t\t<\/div>\n\t\t\t\t<div class=\"elementor-element elementor-element-f9c4e6a elementor-widget elementor-widget-heading\" data-id=\"f9c4e6a\" data-element_type=\"widget\" data-e-type=\"widget\" data-widget_type=\"heading.default\">\n\t\t\t\t<div class=\"elementor-widget-container\">\n\t\t\t\t\t<h2 class=\"elementor-heading-title elementor-size-default\">Participation, plainte ou rapport<\/h2>\t\t\t\t<\/div>\n\t\t\t\t<\/div>\n\t\t<div class=\"elementor-element elementor-element-0acc3d3 e-grid e-con-boxed e-con e-parent\" data-id=\"0acc3d3\" data-element_type=\"container\" data-e-type=\"container\">\n\t\t\t\t\t<div class=\"e-con-inner\">\n\t\t\t\t<div class=\"elementor-element elementor-element-b1d867d elementor-widget elementor-widget-image\" data-id=\"b1d867d\" data-element_type=\"widget\" data-e-type=\"widget\" data-widget_type=\"image.default\">\n\t\t\t\t<div class=\"elementor-widget-container\">\n\t\t\t\t\t\t\t\t\t\t\t\t\t\t\t<img loading=\"lazy\" decoding=\"async\" width=\"400\" height=\"266\" src=\"https:\/\/staging.ordemdosfisioterapeutas.pt\/wp-content\/uploads\/2024\/12\/reclamacao_400.png\" class=\"attachment-large size-large wp-image-7407\" alt=\"\" srcset=\"https:\/\/staging.ordemdosfisioterapeutas.pt\/wp-content\/uploads\/2024\/12\/reclamacao_400.png 400w, https:\/\/staging.ordemdosfisioterapeutas.pt\/wp-content\/uploads\/2024\/12\/reclamacao_400-300x200.png 300w, https:\/\/staging.ordemdosfisioterapeutas.pt\/wp-content\/uploads\/2024\/12\/reclamacao_400-18x12.png 18w\" sizes=\"(max-width: 400px) 100vw, 400px\" \/>\t\t\t\t\t\t\t\t\t\t\t\t\t\t\t<\/div>\n\t\t\t\t<\/div>\n\t\t\t\t<div class=\"elementor-element elementor-element-9f302a5 elementor-widget elementor-widget-text-editor\" data-id=\"9f302a5\" data-element_type=\"widget\" data-e-type=\"widget\" data-widget_type=\"text-editor.default\">\n\t\t\t\t<div class=\"elementor-widget-container\">\n\t\t\t\t\t\t\t\t\t<p>Utilisez notre formulaire pour signaler toute situation concernant un physioth\u00e9rapeute qui, selon vous, ne respecte pas les normes \u00e9thiques et d\u00e9ontologiques de la profession.<\/p>\t\t\t\t\t\t\t\t<\/div>\n\t\t\t\t<\/div>\n\t\t\t\t\t<\/div>\n\t\t\t\t<\/div>\n\t\t\t\t<div class=\"elementor-element elementor-element-a63df34 elementor-widget elementor-widget-menu-anchor\" data-id=\"a63df34\" data-element_type=\"widget\" data-e-type=\"widget\" data-widget_type=\"menu-anchor.default\">\n\t\t\t\t<div class=\"elementor-widget-container\">\n\t\t\t\t\t\t\t<div class=\"elementor-menu-anchor\" id=\"faq\"><\/div>\n\t\t\t\t\t\t<\/div>\n\t\t\t\t<\/div>\n\t\t\t\t<div class=\"elementor-element elementor-element-63fc234 elementor-widget elementor-widget-heading\" data-id=\"63fc234\" data-element_type=\"widget\" data-e-type=\"widget\" data-widget_type=\"heading.default\">\n\t\t\t\t<div class=\"elementor-widget-container\">\n\t\t\t\t\t<h2 class=\"elementor-heading-title elementor-size-default\">Foire aux questions (FAQ)<\/h2>\t\t\t\t<\/div>\n\t\t\t\t<\/div>\n\t\t\t\t<div class=\"elementor-element elementor-element-54a269d elementor-widget elementor-widget-toggle\" data-id=\"54a269d\" data-element_type=\"widget\" data-e-type=\"widget\" data-widget_type=\"toggle.default\">\n\t\t\t\t<div class=\"elementor-widget-container\">\n\t\t\t\t\t\t\t<div class=\"elementor-toggle\">\n\t\t\t\t\t\t\t<div class=\"elementor-toggle-item\">\n\t\t\t\t\t<div id=\"elementor-tab-title-8871\" class=\"elementor-tab-title\" data-tab=\"1\" role=\"button\" aria-controls=\"elementor-tab-content-8871\" aria-expanded=\"false\">\n\t\t\t\t\t\t\t\t\t\t\t\t<span class=\"elementor-toggle-icon elementor-toggle-icon-left\" aria-hidden=\"true\">\n\t\t\t\t\t\t\t\t\t\t\t\t\t\t\t<span class=\"elementor-toggle-icon-closed\"><i class=\"fas fa-caret-right\"><\/i><\/span>\n\t\t\t\t\t\t\t\t<span class=\"elementor-toggle-icon-opened\"><i class=\"elementor-toggle-icon-opened fas fa-caret-up\"><\/i><\/span>\n\t\t\t\t\t\t\t\t\t\t\t\t\t<\/span>\n\t\t\t\t\t\t\t\t\t\t\t\t<a class=\"elementor-toggle-title\" tabindex=\"0\">Comment puis-je \u00eatre s\u00fbr que quelqu'un est vraiment un physioth\u00e9rapeute ?<\/a>\n\t\t\t\t\t<\/div>\n\n\t\t\t\t\t<div id=\"elementor-tab-content-8871\" class=\"elementor-tab-content elementor-clearfix\" data-tab=\"1\" role=\"region\" aria-labelledby=\"elementor-tab-title-8871\"><p>Tous les kin\u00e9sith\u00e9rapeutes sont titulaires d'une carte professionnelle d\u00e9livr\u00e9e par l'Ordre portugais des kin\u00e9sith\u00e9rapeutes. Si vous voulez savoir si une intervention a \u00e9t\u00e9 effectu\u00e9e par un kin\u00e9sith\u00e9rapeute d\u00fbment qualifi\u00e9, vous devez demander \u00e0 voir la carte professionnelle du kin\u00e9sith\u00e9rapeute.   L'OF conseille \u00e0 tous les citoyens de demander le certificat du physioth\u00e9rapeute lorsqu'ils commencent un traitement.<\/p><p>Vous pouvez \u00e9galement contacter votre physioth\u00e9rapeute \u00e0 l'adresse suivante <span style=\"text-decoration: underline;\"><a href=\"https:\/\/ordemdosfisioterapeutas.pt\/encontre-um-fisioterapeuta\/\" target=\"_blank\" rel=\"noopener\">Annuaire<\/a><\/span> sur le site de l'Ordre des kin\u00e9sith\u00e9rapeutes.<\/p><\/div>\n\t\t\t\t<\/div>\n\t\t\t\t\t\t\t<div class=\"elementor-toggle-item\">\n\t\t\t\t\t<div id=\"elementor-tab-title-8872\" class=\"elementor-tab-title\" data-tab=\"2\" role=\"button\" aria-controls=\"elementor-tab-content-8872\" aria-expanded=\"false\">\n\t\t\t\t\t\t\t\t\t\t\t\t<span class=\"elementor-toggle-icon elementor-toggle-icon-left\" aria-hidden=\"true\">\n\t\t\t\t\t\t\t\t\t\t\t\t\t\t\t<span class=\"elementor-toggle-icon-closed\"><i class=\"fas fa-caret-right\"><\/i><\/span>\n\t\t\t\t\t\t\t\t<span class=\"elementor-toggle-icon-opened\"><i class=\"elementor-toggle-icon-opened fas fa-caret-up\"><\/i><\/span>\n\t\t\t\t\t\t\t\t\t\t\t\t\t<\/span>\n\t\t\t\t\t\t\t\t\t\t\t\t<a class=\"elementor-toggle-title\" tabindex=\"0\">Que peut faire un physioth\u00e9rapeute pour moi ?<\/a>\n\t\t\t\t\t<\/div>\n\n\t\t\t\t\t<div id=\"elementor-tab-content-8872\" class=\"elementor-tab-content elementor-clearfix\" data-tab=\"2\" role=\"region\" aria-labelledby=\"elementor-tab-title-8872\"><p>Le physioth\u00e9rapeute vous aidera par des interventions physioth\u00e9rapeutiques sp\u00e9cifiques. Vous devez garder \u00e0 l'esprit que lorsque vous recherchez un physioth\u00e9rapeute agr\u00e9\u00e9, vous recherchez un professionnel de la sant\u00e9 d\u00fbment qualifi\u00e9, qui doit agir dans le respect des normes de qualit\u00e9 et faire l'objet d'une supervision stricte. <span style=\"text-decoration: underline;\"><a href=\"https:\/\/ordemdosfisioterapeutas.pt\/wp-content\/uploads\/2023\/05\/codigo-dre.pdf\" target=\"_blank\" rel=\"noopener\">Code de d\u00e9ontologie<\/a><\/span>, a <span style=\"text-decoration: underline;\"><a href=\"https:\/\/ordemdosfisioterapeutas.pt\/wp-content\/uploads\/2023\/05\/regulamento-disciplinar-dre.pdf\" target=\"_blank\" rel=\"noopener\">R\u00e8glement disciplinaire<\/a><\/span> et la garantie d'une assurance responsabilit\u00e9 professionnelle.<\/p><\/div>\n\t\t\t\t<\/div>\n\t\t\t\t\t\t\t<div class=\"elementor-toggle-item\">\n\t\t\t\t\t<div id=\"elementor-tab-title-8873\" class=\"elementor-tab-title\" data-tab=\"3\" role=\"button\" aria-controls=\"elementor-tab-content-8873\" aria-expanded=\"false\">\n\t\t\t\t\t\t\t\t\t\t\t\t<span class=\"elementor-toggle-icon elementor-toggle-icon-left\" aria-hidden=\"true\">\n\t\t\t\t\t\t\t\t\t\t\t\t\t\t\t<span class=\"elementor-toggle-icon-closed\"><i class=\"fas fa-caret-right\"><\/i><\/span>\n\t\t\t\t\t\t\t\t<span class=\"elementor-toggle-icon-opened\"><i class=\"elementor-toggle-icon-opened fas fa-caret-up\"><\/i><\/span>\n\t\t\t\t\t\t\t\t\t\t\t\t\t<\/span>\n\t\t\t\t\t\t\t\t\t\t\t\t<a class=\"elementor-toggle-title\" tabindex=\"0\">Les physioth\u00e9rapeutes peuvent-ils travailler dans d'autres domaines ?<\/a>\n\t\t\t\t\t<\/div>\n\n\t\t\t\t\t<div id=\"elementor-tab-content-8873\" class=\"elementor-tab-content elementor-clearfix\" data-tab=\"3\" role=\"region\" aria-labelledby=\"elementor-tab-title-8873\"><p>Oui, les physioth\u00e9rapeutes peuvent exercer une autre profession pour laquelle ils sont l\u00e9galement qualifi\u00e9s, \u00e0 condition de diff\u00e9rencier clairement l'activit\u00e9 professionnelle exerc\u00e9e \u00e0 tout moment.<\/p><\/div>\n\t\t\t\t<\/div>\n\t\t\t\t\t\t\t<div class=\"elementor-toggle-item\">\n\t\t\t\t\t<div id=\"elementor-tab-title-8874\" class=\"elementor-tab-title\" data-tab=\"4\" role=\"button\" aria-controls=\"elementor-tab-content-8874\" aria-expanded=\"false\">\n\t\t\t\t\t\t\t\t\t\t\t\t<span class=\"elementor-toggle-icon elementor-toggle-icon-left\" aria-hidden=\"true\">\n\t\t\t\t\t\t\t\t\t\t\t\t\t\t\t<span class=\"elementor-toggle-icon-closed\"><i class=\"fas fa-caret-right\"><\/i><\/span>\n\t\t\t\t\t\t\t\t<span class=\"elementor-toggle-icon-opened\"><i class=\"elementor-toggle-icon-opened fas fa-caret-up\"><\/i><\/span>\n\t\t\t\t\t\t\t\t\t\t\t\t\t<\/span>\n\t\t\t\t\t\t\t\t\t\t\t\t<a class=\"elementor-toggle-title\" tabindex=\"0\">Le kin\u00e9sith\u00e9rapeute peut-il effectuer des s\u00e9ances \u00e0 domicile ou au domicile de la personne qui le consulte ?<\/a>\n\t\t\t\t\t<\/div>\n\n\t\t\t\t\t<div id=\"elementor-tab-content-8874\" class=\"elementor-tab-content elementor-clearfix\" data-tab=\"4\" role=\"region\" aria-labelledby=\"elementor-tab-title-8874\"><p>Oui, tous les physioth\u00e9rapeutes l\u00e9galement qualifi\u00e9s pour pratiquer la physioth\u00e9rapie \u00e0 domicile peuvent effectuer des s\u00e9ances de physioth\u00e9rapie au domicile du patient. Les physioth\u00e9rapeutes ne peuvent pas effectuer de s\u00e9ances de physioth\u00e9rapie \u00e0 leur propre domicile, sauf s'ils disposent de locaux permettant l'acc\u00e8s \u00e0 des zones priv\u00e9es autonomes et d\u00fbment appropri\u00e9es.<\/p><\/div>\n\t\t\t\t<\/div>\n\t\t\t\t\t\t\t<div class=\"elementor-toggle-item\">\n\t\t\t\t\t<div id=\"elementor-tab-title-8875\" class=\"elementor-tab-title\" data-tab=\"5\" role=\"button\" aria-controls=\"elementor-tab-content-8875\" aria-expanded=\"false\">\n\t\t\t\t\t\t\t\t\t\t\t\t<span class=\"elementor-toggle-icon elementor-toggle-icon-left\" aria-hidden=\"true\">\n\t\t\t\t\t\t\t\t\t\t\t\t\t\t\t<span class=\"elementor-toggle-icon-closed\"><i class=\"fas fa-caret-right\"><\/i><\/span>\n\t\t\t\t\t\t\t\t<span class=\"elementor-toggle-icon-opened\"><i class=\"elementor-toggle-icon-opened fas fa-caret-up\"><\/i><\/span>\n\t\t\t\t\t\t\t\t\t\t\t\t\t<\/span>\n\t\t\t\t\t\t\t\t\t\t\t\t<a class=\"elementor-toggle-title\" tabindex=\"0\">Les physioth\u00e9rapeutes doivent-ils expliquer, lors de la premi\u00e8re s\u00e9ance de traitement, quelle m\u00e9thode ils utilisent et utiliseront tout au long de leur intervention ?<\/a>\n\t\t\t\t\t<\/div>\n\n\t\t\t\t\t<div id=\"elementor-tab-content-8875\" class=\"elementor-tab-content elementor-clearfix\" data-tab=\"5\" role=\"region\" aria-labelledby=\"elementor-tab-title-8875\"><p>Le physioth\u00e9rapeute a le devoir de fournir des \u00e9claircissements afin de permettre un choix \u00e9clair\u00e9 et l'utilisateur, ou la personne autoris\u00e9e \u00e0 le faire, a le droit d'\u00eatre inform\u00e9 du but et de la nature de l'intervention, le droit de consentir ou de constituer le droit de refuser l'intervention et de r\u00e9voquer le consentement.<\/p><p>l'article 11 du chapitre IX du code de d\u00e9ontologie des physioth\u00e9rapeutes, qui peut \u00eatre consult\u00e9 \u00e0 l'adresse suivante <span style=\"text-decoration: underline;\"><a href=\"https:\/\/ordemdosfisioterapeutas.pt\/wp-content\/uploads\/2023\/05\/codigo-dre.pdf\" target=\"_blank\" rel=\"noopener\">ici<\/a><\/span>Cet article est consacr\u00e9 au consentement \u00e9clair\u00e9 des utilisateurs.\u00a0<\/p><\/div>\n\t\t\t\t<\/div>\n\t\t\t\t\t\t\t<div class=\"elementor-toggle-item\">\n\t\t\t\t\t<div id=\"elementor-tab-title-8876\" class=\"elementor-tab-title\" data-tab=\"6\" role=\"button\" aria-controls=\"elementor-tab-content-8876\" aria-expanded=\"false\">\n\t\t\t\t\t\t\t\t\t\t\t\t<span class=\"elementor-toggle-icon elementor-toggle-icon-left\" aria-hidden=\"true\">\n\t\t\t\t\t\t\t\t\t\t\t\t\t\t\t<span class=\"elementor-toggle-icon-closed\"><i class=\"fas fa-caret-right\"><\/i><\/span>\n\t\t\t\t\t\t\t\t<span class=\"elementor-toggle-icon-opened\"><i class=\"elementor-toggle-icon-opened fas fa-caret-up\"><\/i><\/span>\n\t\t\t\t\t\t\t\t\t\t\t\t\t<\/span>\n\t\t\t\t\t\t\t\t\t\t\t\t<a class=\"elementor-toggle-title\" tabindex=\"0\">La physioth\u00e9rapie est-elle uniquement efficace pour traiter la douleur ?<\/a>\n\t\t\t\t\t<\/div>\n\n\t\t\t\t\t<div id=\"elementor-tab-content-8876\" class=\"elementor-tab-content elementor-clearfix\" data-tab=\"6\" role=\"region\" aria-labelledby=\"elementor-tab-title-8876\"><p>Les physioth\u00e9rapeutes travaillent dans diff\u00e9rents domaines d'intervention. La douleur est un sympt\u00f4me important pour le patient et le kin\u00e9sith\u00e9rapeute, qui doit \u00eatre pris en compte, mais ce n'est pas le seul. Les physioth\u00e9rapeutes travaillent \u00e9galement dans des situations cliniques o\u00f9 la douleur n'est pas pr\u00e9sente.<\/p><\/div>\n\t\t\t\t<\/div>\n\t\t\t\t\t\t\t<div class=\"elementor-toggle-item\">\n\t\t\t\t\t<div id=\"elementor-tab-title-8877\" class=\"elementor-tab-title\" data-tab=\"7\" role=\"button\" aria-controls=\"elementor-tab-content-8877\" aria-expanded=\"false\">\n\t\t\t\t\t\t\t\t\t\t\t\t<span class=\"elementor-toggle-icon elementor-toggle-icon-left\" aria-hidden=\"true\">\n\t\t\t\t\t\t\t\t\t\t\t\t\t\t\t<span class=\"elementor-toggle-icon-closed\"><i class=\"fas fa-caret-right\"><\/i><\/span>\n\t\t\t\t\t\t\t\t<span class=\"elementor-toggle-icon-opened\"><i class=\"elementor-toggle-icon-opened fas fa-caret-up\"><\/i><\/span>\n\t\t\t\t\t\t\t\t\t\t\t\t\t<\/span>\n\t\t\t\t\t\t\t\t\t\t\t\t<a class=\"elementor-toggle-title\" tabindex=\"0\">L'Ordre des physioth\u00e9rapeutes re\u00e7oit-il des plaintes du public ?<\/a>\n\t\t\t\t\t<\/div>\n\n\t\t\t\t\t<div id=\"elementor-tab-content-8877\" class=\"elementor-tab-content elementor-clearfix\" data-tab=\"7\" role=\"region\" aria-labelledby=\"elementor-tab-title-8877\"><p>Oui, l'une des fonctions statutaires de l'Ordre des kin\u00e9sith\u00e9rapeutes est de d\u00e9fendre les int\u00e9r\u00eats g\u00e9n\u00e9raux des utilisateurs des services fournis par ses membres, en garantissant et en faisant respecter le droit \u00e0 la sant\u00e9 des citoyens.<\/p><p>L'Ordre des kin\u00e9sith\u00e9rapeutes dispose d'un Conseil juridictionnel qui, entre autres comp\u00e9tences, peut instruire et juger des proc\u00e9dures disciplinaires \u00e0 l'encontre des membres de l'Ordre.<\/p><p>Il existe une proc\u00e9dure d'enregistrement et d'analyse de toutes les plaintes d\u00e9pos\u00e9es, en fonction de leur nature, qui n\u00e9cessite une r\u00e9ponse \u00e0 la personne ou \u00e0 l'entit\u00e9 qui a d\u00e9pos\u00e9 la plainte, ainsi que la saisine correspondante.<\/p><p>Si vous souhaitez soumettre un rapport\/une plainte concernant un physioth\u00e9rapeute, veuillez remplir le formulaire disponible. <span style=\"text-decoration: underline;\"><a href=\"https:\/\/staging.ordemdosfisioterapeutas.pt\/wp-content\/uploads\/2023\/10\/Formulario-Participacao-OF-2023_II_11_05_2023.pdf\" target=\"_blank\" rel=\"noopener\">ici<\/a><\/span> <i>et l'envoyer \u00e0 <span style=\"text-decoration: underline;\"><a href=\"mailto:geral@ordemdosfisioterapeutas.pt\" target=\"_blank\" rel=\"noopener\">geral@ordemdosfisioterapeutas.pt<\/a><\/span>.<\/i><\/p><\/div>\n\t\t\t\t<\/div>\n\t\t\t\t\t\t\t\t<\/div>\n\t\t\t\t\t\t<\/div>\n\t\t\t\t<\/div>\n\t\t\t\t\t<\/div>\n\t\t<\/div>\n\t\t\t\t\t<\/div>\n\t\t<\/section>\n\t\t\t\t<\/div>","protected":false},"excerpt":{"rendered":"<p>Back to top Cet espace a \u00e9t\u00e9 cr\u00e9\u00e9 pour rapprocher les citoyens des physioth\u00e9rapeutes, en favorisant l'acc\u00e8s \u00e0 des informations claires et fiables sur les diff\u00e9rents domaines d'activit\u00e9 de cette importante profession de sant\u00e9, \u00e0 une liste de physioth\u00e9rapeutes agr\u00e9\u00e9s Qu'est-ce que la physioth\u00e9rapie ? La physioth\u00e9rapie se d\u00e9finit comme l'\u00e9tude, la pr\u00e9vention, le diagnostic et la ... <a title=\"Citoyen\" class=\"read-more\" href=\"https:\/\/staging.ordemdosfisioterapeutas.pt\/fr\/cidadao\/\" aria-label=\"En savoir plus sur Citoyen\">En savoir plus<\/a><\/p>","protected":false},"author":1,"featured_media":0,"parent":0,"menu_order":0,"comment_status":"closed","ping_status":"closed","template":"","meta":{"footnotes":""},"class_list":["post-832","page","type-page","status-publish"],"_links":{"self":[{"href":"https:\/\/staging.ordemdosfisioterapeutas.pt\/fr\/wp-json\/wp\/v2\/pages\/832","targetHints":{"allow":["GET"]}}],"collection":[{"href":"https:\/\/staging.ordemdosfisioterapeutas.pt\/fr\/wp-json\/wp\/v2\/pages"}],"about":[{"href":"https:\/\/staging.ordemdosfisioterapeutas.pt\/fr\/wp-json\/wp\/v2\/types\/page"}],"author":[{"embeddable":true,"href":"https:\/\/staging.ordemdosfisioterapeutas.pt\/fr\/wp-json\/wp\/v2\/users\/1"}],"replies":[{"embeddable":true,"href":"https:\/\/staging.ordemdosfisioterapeutas.pt\/fr\/wp-json\/wp\/v2\/comments?post=832"}],"version-history":[{"count":0,"href":"https:\/\/staging.ordemdosfisioterapeutas.pt\/fr\/wp-json\/wp\/v2\/pages\/832\/revisions"}],"wp:attachment":[{"href":"https:\/\/staging.ordemdosfisioterapeutas.pt\/fr\/wp-json\/wp\/v2\/media?parent=832"}],"curies":[{"name":"wp","href":"https:\/\/api.w.org\/{rel}","templated":true}]}}