{"id":919,"date":"2020-10-07T13:53:58","date_gmt":"2020-10-07T13:53:58","guid":{"rendered":"https:\/\/staging.ordemdosfisioterapeutas.pt\/?page_id=919"},"modified":"2024-02-29T17:07:09","modified_gmt":"2024-02-29T17:07:09","slug":"inscricao-na-ordem-dos-fisioterapeutas","status":"publish","type":"page","link":"https:\/\/staging.ordemdosfisioterapeutas.pt\/fr\/inscricao-na-ordem-dos-fisioterapeutas\/","title":{"rendered":"Inscription \u00e0 l'Ordre des physioth\u00e9rapeutes"},"content":{"rendered":"<div data-elementor-type=\"wp-page\" data-elementor-id=\"919\" class=\"elementor elementor-919\" data-elementor-post-type=\"page\">\n\t\t\t\t\t\t<section class=\"elementor-section elementor-top-section elementor-element elementor-element-943f466 elementor-section-boxed elementor-section-height-default elementor-section-height-default\" data-id=\"943f466\" data-element_type=\"section\" data-e-type=\"section\">\n\t\t\t\t\t\t<div class=\"elementor-container elementor-column-gap-default\">\n\t\t\t\t\t<div class=\"elementor-column elementor-col-100 elementor-top-column elementor-element elementor-element-0ad4b55\" data-id=\"0ad4b55\" data-element_type=\"column\" data-e-type=\"column\">\n\t\t\t<div class=\"elementor-widget-wrap elementor-element-populated\">\n\t\t\t\t\t\t<div class=\"elementor-element elementor-element-01a0f9c elementor-widget elementor-widget-text-editor\" data-id=\"01a0f9c\" data-element_type=\"widget\" data-e-type=\"widget\" data-widget_type=\"text-editor.default\">\n\t\t\t\t<div class=\"elementor-widget-container\">\n\t\t\t\t\t\t\t\t\t<p>Depuis le 15 d\u00e9cembre 2021, l'Ordre est l'organisme comp\u00e9tent pour la reconnaissance des qualifications professionnelles des kin\u00e9sith\u00e9rapeutes form\u00e9s au Portugal et hors du Portugal, ainsi que pour la d\u00e9livrance de la carte professionnelle europ\u00e9enne.<\/p>\t\t\t\t\t\t\t\t<\/div>\n\t\t\t\t<\/div>\n\t\t\t\t\t<\/div>\n\t\t<\/div>\n\t\t\t\t\t<\/div>\n\t\t<\/section>\n\t\t<div class=\"elementor-element elementor-element-2cb5803 e-flex e-con-boxed e-con e-parent\" data-id=\"2cb5803\" data-element_type=\"container\" data-e-type=\"container\">\n\t\t\t\t\t<div class=\"e-con-inner\">\n\t\t\t\t<div class=\"elementor-element elementor-element-bc65ee7 elementor-widget elementor-widget-n-accordion\" data-id=\"bc65ee7\" data-element_type=\"widget\" data-e-type=\"widget\" data-settings=\"{&quot;default_state&quot;:&quot;all_collapsed&quot;,&quot;max_items_expended&quot;:&quot;one&quot;,&quot;n_accordion_animation_duration&quot;:{&quot;unit&quot;:&quot;ms&quot;,&quot;size&quot;:400,&quot;sizes&quot;:[]}}\" data-widget_type=\"nested-accordion.default\">\n\t\t\t\t<div class=\"elementor-widget-container\">\n\t\t\t\t\t\t\t<div class=\"e-n-accordion\" aria-label=\"Accord\u00e9on. Ouvrez les liens avec Enter ou Space, fermez-les avec Escape et naviguez avec les touches fl\u00e9ch\u00e9es.\">\n\t\t\t\t\t\t<details id=\"e-n-accordion-item-1970\" class=\"e-n-accordion-item\" >\n\t\t\t\t<summary class=\"e-n-accordion-item-title\" data-accordion-index=\"1\" tabindex=\"0\" aria-expanded=\"false\" aria-controls=\"e-n-accordion-item-1970\" >\n\t\t\t\t\t<span class='e-n-accordion-item-title-header'><div class=\"e-n-accordion-item-title-text\"> R\u00e9glementation applicable  <\/div><\/span>\n\t\t\t\t\t\t\t<span class='e-n-accordion-item-title-icon'>\n\t\t\t<span class='e-opened' ><i aria-hidden=\"true\" class=\"fas fa-minus\"><\/i><\/span>\n\t\t\t<span class='e-closed'><i aria-hidden=\"true\" class=\"fas fa-plus\"><\/i><\/span>\n\t\t<\/span>\n\n\t\t\t\t\t\t<\/summary>\n\t\t\t\t<div role=\"region\" aria-labelledby=\"e-n-accordion-item-1970\" class=\"elementor-element elementor-element-f8a9bcd e-con-full e-flex e-con e-child\" data-id=\"f8a9bcd\" data-element_type=\"container\" data-e-type=\"container\">\n\t\t\t\t<div class=\"elementor-element elementor-element-6aacfb8 elementor-widget elementor-widget-text-editor\" data-id=\"6aacfb8\" data-element_type=\"widget\" data-e-type=\"widget\" data-widget_type=\"text-editor.default\">\n\t\t\t\t<div class=\"elementor-widget-container\">\n\t\t\t\t\t\t\t\t\t<p><span style=\"text-decoration: underline;\"><a href=\"https:\/\/staging.ordemdosfisioterapeutas.pt\/wp-content\/uploads\/2021\/04\/3592021.pdf\">R\u00e8glement d'enregistrement - Di\u00e1rio da Rep\u00fablica<\/a><\/span><\/p><p><span style=\"text-decoration: underline;\"><a href=\"https:\/\/staging.ordemdosfisioterapeutas.pt\/wp-content\/uploads\/2021\/04\/3602021.pdf\">R\u00e8glement sur les taxes - Di\u00e1rio da Rep\u00fablica<\/a><\/span><\/p>\t\t\t\t\t\t\t\t<\/div>\n\t\t\t\t<\/div>\n\t\t\t\t<\/div>\n\t\t\t\t\t<\/details>\n\t\t\t\t\t\t<details id=\"e-n-accordion-item-1971\" class=\"e-n-accordion-item\" >\n\t\t\t\t<summary class=\"e-n-accordion-item-title\" data-accordion-index=\"2\" tabindex=\"-1\" aria-expanded=\"false\" aria-controls=\"e-n-accordion-item-1971\" >\n\t\t\t\t\t<span class='e-n-accordion-item-title-header'><div class=\"e-n-accordion-item-title-text\"> Documents requis pour l'inscription <\/div><\/span>\n\t\t\t\t\t\t\t<span class='e-n-accordion-item-title-icon'>\n\t\t\t<span class='e-opened' ><i aria-hidden=\"true\" class=\"fas fa-minus\"><\/i><\/span>\n\t\t\t<span class='e-closed'><i aria-hidden=\"true\" class=\"fas fa-plus\"><\/i><\/span>\n\t\t<\/span>\n\n\t\t\t\t\t\t<\/summary>\n\t\t\t\t<div role=\"region\" aria-labelledby=\"e-n-accordion-item-1971\" class=\"elementor-element elementor-element-93c8d3a e-con-full e-flex e-con e-child\" data-id=\"93c8d3a\" data-element_type=\"container\" data-e-type=\"container\">\n\t\t\t\t<div class=\"elementor-element elementor-element-78447bd elementor-widget elementor-widget-text-editor\" data-id=\"78447bd\" data-element_type=\"widget\" data-e-type=\"widget\" data-widget_type=\"text-editor.default\">\n\t\t\t\t<div class=\"elementor-widget-container\">\n\t\t\t\t\t\t\t\t\t<p><strong>Conditions d'inscription \u00e0 l'Ordre des physioth\u00e9rapeutes<\/strong><a href=\"#\"><br \/><\/a><\/p><p><span style=\"text-decoration: underline;\"><a href=\"https:\/\/staging.ordemdosfisioterapeutas.pt\/wp-content\/uploads\/2021\/04\/DocumentosNecessariosInscricao.pdf\" target=\"_blank\" rel=\"noopener\">Document ouvert<\/a><\/span><\/p><p><strong>Lecteur de cl\u00e9 ou de carte mobile<\/strong><\/p><p>Pour s'inscrire aupr\u00e8s de l'organisation, il est pr\u00e9f\u00e9rable de disposer d'une carte de citoyen avec une cl\u00e9 num\u00e9rique mobile activ\u00e9e ou d'un lecteur de carte de citoyen avec le code PIN correspondant.<\/p><p>Si vous n'avez pas de carte de citoyen et que vous poss\u00e9dez une carte d'identit\u00e9 \u00e0 vie, ou si vous \u00eates un ressortissant \u00e9tranger muni d'un passeport, vous pourrez acc\u00e9der au site en vous inscrivant manuellement.<\/p><p><a href=\"https:\/\/www.autenticacao.gov.pt\/web\/guest\/cmd-pedido-chave\" target=\"_blank\" rel=\"noopener\"><span style=\"text-decoration: underline;\">Voir ici<\/span><\/a> comment obtenir votre cl\u00e9 mobile.<\/p><p><strong>Certificat de casier judiciaire<\/strong><\/p><p>Pour obtenir le certificat de casier judiciaire, veuillez consulter le lien suivant :<\/p><p><span style=\"text-decoration: underline;\"><a href=\"https:\/\/registocriminal.justica.gov.pt\/\">https:\/\/registocriminal.justica.gov.pt\/<\/a><\/span><\/p><p>Vous devez choisir :<\/p><p><span style=\"text-decoration: underline;\">Type d'objectif :<\/span> Inscription aupr\u00e8s d'une organisation professionnelle<br \/><span style=\"text-decoration: underline;\">Objet :<\/span> Ordre des physioth\u00e9rapeutes <br \/><span style=\"text-decoration: underline;\">Poste\/cat\u00e9gorie :<\/span> Physioth\u00e9rapeute<br \/><span style=\"text-decoration: underline;\">Organisation\/entreprise :<\/span> Inscription \u00e0 l'Ordre des physioth\u00e9rapeutes - Loi 122\/2019, du 30 septembre<\/p><p><strong>Signature professionnelle<\/strong><\/p><p>La signature professionnelle est un \u00e9l\u00e9ment important qui appara\u00eetra sur la carte professionnelle. Le lien fournit un document \u00e0 cet effet, qui doit \u00eatre compl\u00e9t\u00e9 et envoy\u00e9 en format num\u00e9rique lors de la proc\u00e9dure d'inscription.<\/p><p><span style=\"text-decoration: underline;\"><a href=\"https:\/\/staging.ordemdosfisioterapeutas.pt\/wp-content\/uploads\/2021\/04\/formulario-assinatura.pdf\">Formulaire de signature<\/a><\/span><\/p>\t\t\t\t\t\t\t\t<\/div>\n\t\t\t\t<\/div>\n\t\t\t\t<\/div>\n\t\t\t\t\t<\/details>\n\t\t\t\t\t\t<details id=\"e-n-accordion-item-1972\" class=\"e-n-accordion-item\" >\n\t\t\t\t<summary class=\"e-n-accordion-item-title\" data-accordion-index=\"3\" tabindex=\"-1\" aria-expanded=\"false\" aria-controls=\"e-n-accordion-item-1972\" >\n\t\t\t\t\t<span class='e-n-accordion-item-title-header'><div class=\"e-n-accordion-item-title-text\"> Guides d'enregistrement \u00e9tape par \u00e9tape <\/div><\/span>\n\t\t\t\t\t\t\t<span class='e-n-accordion-item-title-icon'>\n\t\t\t<span class='e-opened' ><i aria-hidden=\"true\" class=\"fas fa-minus\"><\/i><\/span>\n\t\t\t<span class='e-closed'><i aria-hidden=\"true\" class=\"fas fa-plus\"><\/i><\/span>\n\t\t<\/span>\n\n\t\t\t\t\t\t<\/summary>\n\t\t\t\t<div role=\"region\" aria-labelledby=\"e-n-accordion-item-1972\" class=\"elementor-element elementor-element-b51143b e-con-full e-flex e-con e-child\" data-id=\"b51143b\" data-element_type=\"container\" data-e-type=\"container\">\n\t\t\t\t<div class=\"elementor-element elementor-element-d7828ee elementor-widget elementor-widget-text-editor\" data-id=\"d7828ee\" data-element_type=\"widget\" data-e-type=\"widget\" data-widget_type=\"text-editor.default\">\n\t\t\t\t<div class=\"elementor-widget-container\">\n\t\t\t\t\t\t\t\t\t<p><span style=\"text-decoration: underline;\"><a href=\"https:\/\/staging.ordemdosfisioterapeutas.pt\/wp-content\/uploads\/2021\/05\/guia-passopasso-nacionais-bacharelato-12017-12773.pdf\" target=\"_blank\" rel=\"noopener\">Physioth\u00e9rapeute dipl\u00f4m\u00e9 au Portugal avec une licence ( avant 1993 )<\/a><\/span><\/p><p><span style=\"text-decoration: underline;\"><a href=\"https:\/\/staging.ordemdosfisioterapeutas.pt\/wp-content\/uploads\/2021\/05\/guia-passopasso-nacionais-bietapica-12019-12772.pdf\" target=\"_blank\" rel=\"noopener\">Physioth\u00e9rapeute dipl\u00f4m\u00e9e au Portugal avec un dipl\u00f4me en bioth\u00e9rapie (1993-2008).<\/a><\/span><\/p><p><span style=\"text-decoration: underline;\"><a href=\"https:\/\/staging.ordemdosfisioterapeutas.pt\/wp-content\/uploads\/2021\/05\/guia-passopasso-nacionais-licenciatura-12015-12774.pdf\" target=\"_blank\" rel=\"noopener\">Physioth\u00e9rapeute dipl\u00f4m\u00e9 au Portugal ( apr\u00e8s 2008 )<\/a><\/span><\/p><p><span style=\"text-decoration: underline;\"><a href=\"https:\/\/staging.ordemdosfisioterapeutas.pt\/wp-content\/uploads\/2022\/03\/guia_passopasso_EU_EFTA1201612770-Final-com-CPE.pdf\" target=\"_blank\" rel=\"noopener\">Physioth\u00e9rapeute form\u00e9 dans un pays de l'UE\/AELE (avec CPE)<\/a><\/span><\/p><p><span style=\"text-decoration: underline;\"><a href=\"https:\/\/staging.ordemdosfisioterapeutas.pt\/wp-content\/uploads\/2022\/03\/guia_passopasso_EU_EFTA1201612770-Final-sem-CPE.pdf\" target=\"_blank\" rel=\"noopener\">Physioth\u00e9rapeute form\u00e9 dans un pays de l'UE\/AELE (sans CPE)<\/a><\/span><\/p><p><span style=\"text-decoration: underline;\"><a href=\"https:\/\/staging.ordemdosfisioterapeutas.pt\/wp-content\/uploads\/2021\/05\/guia-passopasso-estrangeirospaisesterceiros-12018-12771.pdf\" target=\"_blank\" rel=\"noopener\">Physioth\u00e9rapeute form\u00e9 dans un pays hors UE\/AELE<\/a><\/span><\/p>\t\t\t\t\t\t\t\t<\/div>\n\t\t\t\t<\/div>\n\t\t\t\t<div class=\"elementor-element elementor-element-d335746 elementor-widget elementor-widget-n-accordion\" data-id=\"d335746\" data-element_type=\"widget\" data-e-type=\"widget\" data-settings=\"{&quot;default_state&quot;:&quot;all_collapsed&quot;,&quot;max_items_expended&quot;:&quot;one&quot;,&quot;n_accordion_animation_duration&quot;:{&quot;unit&quot;:&quot;ms&quot;,&quot;size&quot;:400,&quot;sizes&quot;:[]}}\" data-widget_type=\"nested-accordion.default\">\n\t\t\t\t<div class=\"elementor-widget-container\">\n\t\t\t\t\t\t\t<div class=\"e-n-accordion\" aria-label=\"Accord\u00e9on. Ouvrez les liens avec Enter ou Space, fermez-les avec Escape et naviguez avec les touches fl\u00e9ch\u00e9es.\">\n\t\t\t\t\t\t<details id=\"e-n-accordion-item-2210\" class=\"e-n-accordion-item\" >\n\t\t\t\t<summary class=\"e-n-accordion-item-title\" data-accordion-index=\"1\" tabindex=\"0\" aria-expanded=\"false\" aria-controls=\"e-n-accordion-item-2210\" >\n\t\t\t\t\t<span class='e-n-accordion-item-title-header'><div class=\"e-n-accordion-item-title-text\"> Le Brexit <\/div><\/span>\n\t\t\t\t\t\t\t<span class='e-n-accordion-item-title-icon'>\n\t\t\t<span class='e-opened' ><i aria-hidden=\"true\" class=\"fas fa-minus\"><\/i><\/span>\n\t\t\t<span class='e-closed'><i aria-hidden=\"true\" class=\"fas fa-plus\"><\/i><\/span>\n\t\t<\/span>\n\n\t\t\t\t\t\t<\/summary>\n\t\t\t\t<div role=\"region region\" aria-labelledby=\"e-n-accordion-item-1972 e-n-accordion-item-2210\" class=\"elementor-element elementor-element-58ede94 e-con-full e-flex e-con e-child\" data-id=\"58ede94\" data-element_type=\"container\" data-e-type=\"container\">\n\t\t\t\t<div class=\"elementor-element elementor-element-e5bdca6 elementor-widget elementor-widget-text-editor\" data-id=\"e5bdca6\" data-element_type=\"widget\" data-e-type=\"widget\" data-widget_type=\"text-editor.default\">\n\t\t\t\t<div class=\"elementor-widget-container\">\n\t\t\t\t\t\t\t\t\t<p>Selon les informations fournies par la DGERT - Direction g\u00e9n\u00e9rale de l'emploi et des relations de travail, sur la reconnaissance des qualifications professionnelles acquises au Royaume-Uni, il est pr\u00e9cis\u00e9 que :<\/p><p>1 - Les qualifications obtenues au Royaume-Uni avant la fin de la p\u00e9riode de transition \u00e9tablie dans l'accord de retrait (avant le 1er janvier 2021) par les ressortissants de l'UE sont des qualifications de l'UE.<\/p><p>2 - Les r\u00e8gles et les r\u00e9gimes de reconnaissance de la directive 2005\/36\/CE s'appliquent \u00e0 la reconnaissance de ces qualifications, en particulier \u00e0 tous les types de qualifications couverts par la directive 2005\/36\/CE, sans limitation dans le temps.<\/p><p>Ainsi, les professionnels doivent soumettre la demande\u00a0<span style=\"text-decoration: underline;\"><a href=\"https:\/\/ordemdosfisioterapeutas.pt\/wp-content\/uploads\/2021\/05\/guia-passopasso-estrangeirospaisesterceiros-12018-12771.pdf\">Physioth\u00e9rapeute form\u00e9 dans un pays hors UE\/AELE<\/a><\/span><\/p><p>Pour ces demandeurs, les proc\u00e9dures et les crit\u00e8res utilis\u00e9s dans le cadre des directives europ\u00e9ennes actuelles sur la reconnaissance des dipl\u00f4mes seront appliqu\u00e9s, avec les adaptations n\u00e9cessaires.<\/p>\t\t\t\t\t\t\t\t<\/div>\n\t\t\t\t<\/div>\n\t\t\t\t<\/div>\n\t\t\t\t\t<\/details>\n\t\t\t\t\t<\/div>\n\t\t\t\t\t\t<\/div>\n\t\t\t\t<\/div>\n\t\t\t\t<\/div>\n\t\t\t\t\t<\/details>\n\t\t\t\t\t<\/div>\n\t\t\t\t\t\t<\/div>\n\t\t\t\t<\/div>\n\t\t\t\t<div class=\"elementor-element elementor-element-1388b11 elementor-widget elementor-widget-spacer\" data-id=\"1388b11\" data-element_type=\"widget\" data-e-type=\"widget\" data-widget_type=\"spacer.default\">\n\t\t\t\t<div class=\"elementor-widget-container\">\n\t\t\t\t\t\t\t<div class=\"elementor-spacer\">\n\t\t\t<div class=\"elementor-spacer-inner\"><\/div>\n\t\t<\/div>\n\t\t\t\t\t\t<\/div>\n\t\t\t\t<\/div>\n\t\t\t\t\t<\/div>\n\t\t\t\t<\/div>\n\t\t\t\t<section class=\"elementor-section elementor-top-section elementor-element elementor-element-613a75f6 elementor-section-boxed elementor-section-height-default elementor-section-height-default\" data-id=\"613a75f6\" data-element_type=\"section\" data-e-type=\"section\">\n\t\t\t\t\t\t<div class=\"elementor-container elementor-column-gap-default\">\n\t\t\t\t\t<div class=\"elementor-column elementor-col-100 elementor-top-column elementor-element elementor-element-535e1d22\" data-id=\"535e1d22\" data-element_type=\"column\" data-e-type=\"column\">\n\t\t\t<div class=\"elementor-widget-wrap elementor-element-populated\">\n\t\t\t\t\t\t<div class=\"elementor-element elementor-element-5ef91c98 elementor-widget elementor-widget-toggle\" data-id=\"5ef91c98\" data-element_type=\"widget\" data-e-type=\"widget\" data-widget_type=\"toggle.default\">\n\t\t\t\t<div class=\"elementor-widget-container\">\n\t\t\t\t\t\t\t<div class=\"elementor-toggle\">\n\t\t\t\t\t\t\t<div class=\"elementor-toggle-item\">\n\t\t\t\t\t<h2 id=\"elementor-tab-title-1591\" class=\"elementor-tab-title\" data-tab=\"1\" role=\"button\" aria-controls=\"elementor-tab-content-1591\" aria-expanded=\"false\">\n\t\t\t\t\t\t\t\t\t\t\t\t<span class=\"elementor-toggle-icon elementor-toggle-icon-left\" aria-hidden=\"true\">\n\t\t\t\t\t\t\t\t\t\t\t\t\t\t\t<span class=\"elementor-toggle-icon-closed\"><i class=\"fas fa-caret-right\"><\/i><\/span>\n\t\t\t\t\t\t\t\t<span class=\"elementor-toggle-icon-opened\"><i class=\"elementor-toggle-icon-opened fas fa-caret-up\"><\/i><\/span>\n\t\t\t\t\t\t\t\t\t\t\t\t\t<\/span>\n\t\t\t\t\t\t\t\t\t\t\t\t<a class=\"elementor-toggle-title\" tabindex=\"0\">R\u00e9glementation applicable <\/a>\n\t\t\t\t\t<\/h2>\n\n\t\t\t\t\t<div id=\"elementor-tab-content-1591\" class=\"elementor-tab-content elementor-clearfix\" data-tab=\"1\" role=\"region\" aria-labelledby=\"elementor-tab-title-1591\"><p><span style=\"text-decoration: underline;\"><a href=\"https:\/\/staging.ordemdosfisioterapeutas.pt\/wp-content\/uploads\/2021\/04\/3592021.pdf\">R\u00e8glement d'enregistrement - Di\u00e1rio da Rep\u00fablica<\/a><\/span><\/p><p><span style=\"text-decoration: underline;\"><a href=\"https:\/\/staging.ordemdosfisioterapeutas.pt\/wp-content\/uploads\/2021\/04\/3602021.pdf\">R\u00e8glement sur les taxes - Di\u00e1rio da Rep\u00fablica<\/a><\/span><\/p><\/div>\n\t\t\t\t<\/div>\n\t\t\t\t\t\t\t<div class=\"elementor-toggle-item\">\n\t\t\t\t\t<h2 id=\"elementor-tab-title-1592\" class=\"elementor-tab-title\" data-tab=\"2\" role=\"button\" aria-controls=\"elementor-tab-content-1592\" aria-expanded=\"false\">\n\t\t\t\t\t\t\t\t\t\t\t\t<span class=\"elementor-toggle-icon elementor-toggle-icon-left\" aria-hidden=\"true\">\n\t\t\t\t\t\t\t\t\t\t\t\t\t\t\t<span class=\"elementor-toggle-icon-closed\"><i class=\"fas fa-caret-right\"><\/i><\/span>\n\t\t\t\t\t\t\t\t<span class=\"elementor-toggle-icon-opened\"><i class=\"elementor-toggle-icon-opened fas fa-caret-up\"><\/i><\/span>\n\t\t\t\t\t\t\t\t\t\t\t\t\t<\/span>\n\t\t\t\t\t\t\t\t\t\t\t\t<a class=\"elementor-toggle-title\" tabindex=\"0\">Documents requis pour l'inscription<\/a>\n\t\t\t\t\t<\/h2>\n\n\t\t\t\t\t<div id=\"elementor-tab-content-1592\" class=\"elementor-tab-content elementor-clearfix\" data-tab=\"2\" role=\"region\" aria-labelledby=\"elementor-tab-title-1592\"><p><strong>Conditions d'inscription \u00e0 l'Ordre des physioth\u00e9rapeutes<\/strong><a href=\"#\"><br \/><\/a><\/p><p><span style=\"text-decoration: underline;\"><a href=\"https:\/\/staging.ordemdosfisioterapeutas.pt\/wp-content\/uploads\/2021\/04\/DocumentosNecessariosInscricao.pdf\" target=\"_blank\" rel=\"noopener\">Document ouvert<\/a><\/span><\/p><p><strong>Lecteur de cl\u00e9 ou de carte mobile<\/strong><\/p><p>Pour s'inscrire aupr\u00e8s de l'organisation, il est pr\u00e9f\u00e9rable de disposer d'une carte de citoyen avec une cl\u00e9 num\u00e9rique mobile activ\u00e9e ou d'un lecteur de carte de citoyen avec le code PIN correspondant.<\/p><p>Si vous n'avez pas de carte de citoyen et que vous poss\u00e9dez une carte d'identit\u00e9 \u00e0 vie, ou si vous \u00eates un ressortissant \u00e9tranger muni d'un passeport, vous pourrez acc\u00e9der au site en vous inscrivant manuellement.<\/p><p><a href=\"https:\/\/www.autenticacao.gov.pt\/web\/guest\/cmd-pedido-chave\" target=\"_blank\" rel=\"noopener\"><span style=\"text-decoration: underline;\">Voir ici<\/span><\/a> comment obtenir votre cl\u00e9 mobile.<\/p><p><strong>Certificat de casier judiciaire<\/strong><\/p><p>Pour obtenir le certificat de casier judiciaire, veuillez consulter le lien suivant :<\/p><p><span style=\"text-decoration: underline;\"><a href=\"https:\/\/registocriminal.justica.gov.pt\/\">https:\/\/registocriminal.justica.gov.pt\/<\/a><\/span><\/p><p>Vous devez choisir :<\/p><p><span style=\"text-decoration: underline;\">Type d'objectif :<\/span> Inscription aupr\u00e8s d'une organisation professionnelle<br \/><span style=\"text-decoration: underline;\">Objet :<\/span> Ordre des physioth\u00e9rapeutes <br \/><span style=\"text-decoration: underline;\">Poste\/cat\u00e9gorie :<\/span> Physioth\u00e9rapeute<br \/><span style=\"text-decoration: underline;\">Organisation\/entreprise :<\/span> Inscription \u00e0 l'Ordre des physioth\u00e9rapeutes - Loi 122\/2019, du 30 septembre<\/p><p><strong>Signature professionnelle<\/strong><\/p><p>La signature professionnelle est un \u00e9l\u00e9ment important qui appara\u00eetra sur la carte professionnelle. Le lien fournit un document \u00e0 cet effet, qui doit \u00eatre compl\u00e9t\u00e9 et envoy\u00e9 en format num\u00e9rique lors de la proc\u00e9dure d'inscription.<\/p><p><span style=\"text-decoration: underline;\"><a href=\"https:\/\/staging.ordemdosfisioterapeutas.pt\/wp-content\/uploads\/2021\/04\/formulario-assinatura.pdf\">Formulaire de signature<\/a><\/span><\/p><\/div>\n\t\t\t\t<\/div>\n\t\t\t\t\t\t\t<div class=\"elementor-toggle-item\">\n\t\t\t\t\t<h2 id=\"elementor-tab-title-1593\" class=\"elementor-tab-title\" data-tab=\"3\" role=\"button\" aria-controls=\"elementor-tab-content-1593\" aria-expanded=\"false\">\n\t\t\t\t\t\t\t\t\t\t\t\t<span class=\"elementor-toggle-icon elementor-toggle-icon-left\" aria-hidden=\"true\">\n\t\t\t\t\t\t\t\t\t\t\t\t\t\t\t<span class=\"elementor-toggle-icon-closed\"><i class=\"fas fa-caret-right\"><\/i><\/span>\n\t\t\t\t\t\t\t\t<span class=\"elementor-toggle-icon-opened\"><i class=\"elementor-toggle-icon-opened fas fa-caret-up\"><\/i><\/span>\n\t\t\t\t\t\t\t\t\t\t\t\t\t<\/span>\n\t\t\t\t\t\t\t\t\t\t\t\t<a class=\"elementor-toggle-title\" tabindex=\"0\">Guides d'enregistrement \u00e9tape par \u00e9tape<\/a>\n\t\t\t\t\t<\/h2>\n\n\t\t\t\t\t<div id=\"elementor-tab-content-1593\" class=\"elementor-tab-content elementor-clearfix\" data-tab=\"3\" role=\"region\" aria-labelledby=\"elementor-tab-title-1593\"><p><span style=\"text-decoration: underline;\"><a href=\"https:\/\/staging.ordemdosfisioterapeutas.pt\/wp-content\/uploads\/2021\/05\/guia-passopasso-nacionais-bacharelato-12017-12773.pdf\" target=\"_blank\" rel=\"noopener\">Physioth\u00e9rapeute dipl\u00f4m\u00e9 au Portugal avec une licence ( avant 1993 )<\/a><\/span><\/p><p><span style=\"text-decoration: underline;\"><a href=\"https:\/\/staging.ordemdosfisioterapeutas.pt\/wp-content\/uploads\/2021\/05\/guia-passopasso-nacionais-bietapica-12019-12772.pdf\" target=\"_blank\" rel=\"noopener\">Physioth\u00e9rapeute dipl\u00f4m\u00e9e au Portugal avec un dipl\u00f4me en bioth\u00e9rapie (1993-2008).<\/a><\/span><\/p><p><span style=\"text-decoration: underline;\"><a href=\"https:\/\/staging.ordemdosfisioterapeutas.pt\/wp-content\/uploads\/2021\/05\/guia-passopasso-nacionais-licenciatura-12015-12774.pdf\" target=\"_blank\" rel=\"noopener\">Physioth\u00e9rapeute dipl\u00f4m\u00e9 au Portugal ( apr\u00e8s 2008 )<\/a><\/span><\/p><p><span style=\"text-decoration: underline;\"><a href=\"https:\/\/staging.ordemdosfisioterapeutas.pt\/wp-content\/uploads\/2022\/03\/guia_passopasso_EU_EFTA1201612770-Final-com-CPE.pdf\" target=\"_blank\" rel=\"noopener\">Physioth\u00e9rapeute form\u00e9 dans un pays de l'UE\/AELE (avec CPE)<\/a><\/span><\/p><p><span style=\"text-decoration: underline;\"><a href=\"https:\/\/staging.ordemdosfisioterapeutas.pt\/wp-content\/uploads\/2022\/03\/guia_passopasso_EU_EFTA1201612770-Final-sem-CPE.pdf\" target=\"_blank\" rel=\"noopener\">Physioth\u00e9rapeute form\u00e9 dans un pays de l'UE\/AELE (sans CPE)<\/a><\/span><\/p><p><span style=\"text-decoration: underline;\"><a href=\"https:\/\/staging.ordemdosfisioterapeutas.pt\/wp-content\/uploads\/2021\/05\/guia-passopasso-estrangeirospaisesterceiros-12018-12771.pdf\" target=\"_blank\" rel=\"noopener\">Physioth\u00e9rapeute form\u00e9 dans un pays hors UE\/AELE<\/a><\/span><\/p><\/div>\n\t\t\t\t<\/div>\n\t\t\t\t\t\t\t\t<\/div>\n\t\t\t\t\t\t<\/div>\n\t\t\t\t<\/div>\n\t\t\t\t\t<\/div>\n\t\t<\/div>\n\t\t\t\t\t<\/div>\n\t\t<\/section>\n\t\t\t\t<section class=\"elementor-section elementor-top-section elementor-element elementor-element-4ca33027 elementor-section-boxed elementor-section-height-default elementor-section-height-default\" data-id=\"4ca33027\" data-element_type=\"section\" data-e-type=\"section\">\n\t\t\t\t\t\t<div class=\"elementor-container elementor-column-gap-default\">\n\t\t\t\t\t<div class=\"elementor-column elementor-col-50 elementor-top-column elementor-element elementor-element-153db081\" data-id=\"153db081\" data-element_type=\"column\" data-e-type=\"column\">\n\t\t\t<div class=\"elementor-widget-wrap elementor-element-populated\">\n\t\t\t\t\t\t<div class=\"elementor-element elementor-element-4607c161 elementor-align-left elementor-widget elementor-widget-button\" data-id=\"4607c161\" data-element_type=\"widget\" data-e-type=\"widget\" data-widget_type=\"button.default\">\n\t\t\t\t<div class=\"elementor-widget-container\">\n\t\t\t\t\t\t\t\t\t<div class=\"elementor-button-wrapper\">\n\t\t\t\t\t<a class=\"elementor-button elementor-button-link elementor-size-sm\" href=\"https:\/\/staging.ordemdosfisioterapeutas.pt\/fr\/erros-frequentes-preenchimento-requerimento-inscricao\/\">\n\t\t\t\t\t\t<span class=\"elementor-button-content-wrapper\">\n\t\t\t\t\t\t<span class=\"elementor-button-icon\">\n\t\t\t\t<i aria-hidden=\"true\" class=\"fas fa-pen-alt\"><\/i>\t\t\t<\/span>\n\t\t\t\t\t\t\t\t\t<span class=\"elementor-button-text\">Acc\u00e8s au formulaire d'inscription<\/span>\n\t\t\t\t\t<\/span>\n\t\t\t\t\t<\/a>\n\t\t\t\t<\/div>\n\t\t\t\t\t\t\t\t<\/div>\n\t\t\t\t<\/div>\n\t\t\t\t\t<\/div>\n\t\t<\/div>\n\t\t\t\t<div class=\"elementor-column elementor-col-50 elementor-top-column elementor-element elementor-element-3b3a8ef2\" data-id=\"3b3a8ef2\" data-element_type=\"column\" data-e-type=\"column\">\n\t\t\t<div class=\"elementor-widget-wrap elementor-element-populated\">\n\t\t\t\t\t\t<div class=\"elementor-element elementor-element-728e4945 elementor-icon-list--layout-traditional elementor-list-item-link-full_width elementor-widget elementor-widget-icon-list\" data-id=\"728e4945\" data-element_type=\"widget\" data-e-type=\"widget\" data-widget_type=\"icon-list.default\">\n\t\t\t\t<div class=\"elementor-widget-container\">\n\t\t\t\t\t\t\t<ul class=\"elementor-icon-list-items\">\n\t\t\t\t\t\t\t<li class=\"elementor-icon-list-item\">\n\t\t\t\t\t\t\t\t\t\t\t<a href=\"https:\/\/staging.ordemdosfisioterapeutas.pt\/wp-content\/uploads\/2021\/09\/caracterizacao-formulario.pdf\" target=\"_blank\">\n\n\t\t\t\t\t\t\t\t\t\t\t\t<span class=\"elementor-icon-list-icon\">\n\t\t\t\t\t\t\t<i aria-hidden=\"true\" class=\"fas fa-info-circle\"><\/i>\t\t\t\t\t\t<\/span>\n\t\t\t\t\t\t\t\t\t\t<span class=\"elementor-icon-list-text\">Caract\u00e9risation du formulaire de demande.<\/span>\n\t\t\t\t\t\t\t\t\t\t\t<\/a>\n\t\t\t\t\t\t\t\t\t<\/li>\n\t\t\t\t\t\t\t\t<li class=\"elementor-icon-list-item\">\n\t\t\t\t\t\t\t\t\t\t\t<a href=\"https:\/\/staging.ordemdosfisioterapeutas.pt\/fr\/encontre-um-fisioterapeuta\/\">\n\n\t\t\t\t\t\t\t\t\t\t\t\t<span class=\"elementor-icon-list-icon\">\n\t\t\t\t\t\t\t<i aria-hidden=\"true\" class=\"fas fa-info-circle\"><\/i>\t\t\t\t\t\t<\/span>\n\t\t\t\t\t\t\t\t\t\t<span class=\"elementor-icon-list-text\">Physioth\u00e9rapeutes agr\u00e9\u00e9s<\/span>\n\t\t\t\t\t\t\t\t\t\t\t<\/a>\n\t\t\t\t\t\t\t\t\t<\/li>\n\t\t\t\t\t\t\t\t<li class=\"elementor-icon-list-item\">\n\t\t\t\t\t\t\t\t\t\t\t<a href=\"https:\/\/staging.ordemdosfisioterapeutas.pt\/fr\/perguntas-frequentes\/#faq-inscricoes\">\n\n\t\t\t\t\t\t\t\t\t\t\t\t<span class=\"elementor-icon-list-icon\">\n\t\t\t\t\t\t\t<i aria-hidden=\"true\" class=\"fas fa-info-circle\"><\/i>\t\t\t\t\t\t<\/span>\n\t\t\t\t\t\t\t\t\t\t<span class=\"elementor-icon-list-text\">FAQ Inscription<\/span>\n\t\t\t\t\t\t\t\t\t\t\t<\/a>\n\t\t\t\t\t\t\t\t\t<\/li>\n\t\t\t\t\t\t<\/ul>\n\t\t\t\t\t\t<\/div>\n\t\t\t\t<\/div>\n\t\t\t\t\t<\/div>\n\t\t<\/div>\n\t\t\t\t\t<\/div>\n\t\t<\/section>\n\t\t\t\t<section class=\"elementor-section elementor-top-section elementor-element elementor-element-13511fd9 elementor-section-boxed elementor-section-height-default elementor-section-height-default\" data-id=\"13511fd9\" data-element_type=\"section\" data-e-type=\"section\">\n\t\t\t\t\t\t<div class=\"elementor-container elementor-column-gap-default\">\n\t\t\t\t\t<div class=\"elementor-column elementor-col-100 elementor-top-column elementor-element elementor-element-4c0665cf\" data-id=\"4c0665cf\" data-element_type=\"column\" data-e-type=\"column\">\n\t\t\t<div class=\"elementor-widget-wrap elementor-element-populated\">\n\t\t\t\t\t\t<div class=\"elementor-element elementor-element-2aadf378 elementor-widget elementor-widget-text-editor\" data-id=\"2aadf378\" data-element_type=\"widget\" data-e-type=\"widget\" data-widget_type=\"text-editor.default\">\n\t\t\t\t<div class=\"elementor-widget-container\">\n\t\t\t\t\t\t\t\t\t<p>Pour suivre votre processus de candidature, rendez-vous sur <strong>Formulaire d'inscription<\/strong> et cliquez sur l'option <strong>\u00c9tat du processus<\/strong>.<\/p>\t\t\t\t\t\t\t\t<\/div>\n\t\t\t\t<\/div>\n\t\t\t\t\t<\/div>\n\t\t<\/div>\n\t\t\t\t\t<\/div>\n\t\t<\/section>\n\t\t\t\t<\/div>","protected":false},"excerpt":{"rendered":"<p>Depuis le 15 d\u00e9cembre 2021, l'Ordre est l'autorit\u00e9 comp\u00e9tente pour la reconnaissance des qualifications professionnelles des kin\u00e9sith\u00e9rapeutes form\u00e9s au Portugal et hors du Portugal, ainsi que pour la d\u00e9livrance de la carte professionnelle europ\u00e9enne. R\u00e9glementation applicable R\u00e9glementation de l'enregistrement - Di\u00e1rio da Rep\u00fablica R\u00e9glementation des taxes - Di\u00e1rio da Rep\u00fablica Documents requis ... <a title=\"Inscription \u00e0 l&#039;Ordre des physioth\u00e9rapeutes\" class=\"read-more\" href=\"https:\/\/staging.ordemdosfisioterapeutas.pt\/fr\/inscricao-na-ordem-dos-fisioterapeutas\/\" aria-label=\"En savoir plus sur Inscription \u00e0 l&#039;Ordre des physioth\u00e9rapeutes\">En savoir plus<\/a><\/p>","protected":false},"author":1,"featured_media":0,"parent":0,"menu_order":0,"comment_status":"closed","ping_status":"closed","template":"","meta":{"footnotes":""},"class_list":["post-919","page","type-page","status-publish"],"_links":{"self":[{"href":"https:\/\/staging.ordemdosfisioterapeutas.pt\/fr\/wp-json\/wp\/v2\/pages\/919","targetHints":{"allow":["GET"]}}],"collection":[{"href":"https:\/\/staging.ordemdosfisioterapeutas.pt\/fr\/wp-json\/wp\/v2\/pages"}],"about":[{"href":"https:\/\/staging.ordemdosfisioterapeutas.pt\/fr\/wp-json\/wp\/v2\/types\/page"}],"author":[{"embeddable":true,"href":"https:\/\/staging.ordemdosfisioterapeutas.pt\/fr\/wp-json\/wp\/v2\/users\/1"}],"replies":[{"embeddable":true,"href":"https:\/\/staging.ordemdosfisioterapeutas.pt\/fr\/wp-json\/wp\/v2\/comments?post=919"}],"version-history":[{"count":0,"href":"https:\/\/staging.ordemdosfisioterapeutas.pt\/fr\/wp-json\/wp\/v2\/pages\/919\/revisions"}],"wp:attachment":[{"href":"https:\/\/staging.ordemdosfisioterapeutas.pt\/fr\/wp-json\/wp\/v2\/media?parent=919"}],"curies":[{"name":"wp","href":"https:\/\/api.w.org\/{rel}","templated":true}]}}